{"id":15,"date":"2020-09-08T15:34:12","date_gmt":"2020-09-08T13:34:12","guid":{"rendered":"https:\/\/djk-dom-minden.de\/football\/?page_id=15"},"modified":"2020-12-02T16:24:33","modified_gmt":"2020-12-02T15:24:33","slug":"news","status":"publish","type":"page","link":"https:\/\/djk-dom-minden.de\/football\/news\/","title":{"rendered":"News"},"content":{"rendered":"\t\t<div data-elementor-type=\"wp-page\" data-elementor-id=\"15\" class=\"elementor elementor-15\" data-elementor-post-type=\"page\">\n\t\t\t\t\t\t<section class=\"elementor-section elementor-top-section elementor-element elementor-element-aa1fa90 elementor-section-full_width elementor-section-height-default elementor-section-height-default\" data-id=\"aa1fa90\" data-element_type=\"section\">\n\t\t\t\t\t\t<div class=\"elementor-container elementor-column-gap-no\">\n\t\t\t\t\t<div class=\"elementor-column elementor-col-100 elementor-top-column elementor-element elementor-element-a13b901\" data-id=\"a13b901\" data-element_type=\"column\">\n\t\t\t<div class=\"elementor-widget-wrap elementor-element-populated\">\n\t\t\t\t\t\t<div class=\"elementor-element elementor-element-d83ff9a elementor-widget elementor-widget-global-news-slider\" data-id=\"d83ff9a\" data-element_type=\"widget\" data-widget_type=\"global-news-slider.default\">\n\t\t\t\t<div class=\"elementor-widget-container\">\n\t\t\t<div class=\"global-news-slider-container\" data-setup={\"slider_name\":\"fullslider69f1bc6f528c5\",\"autoplay\":false,\"autoplay_speed\":null,\"nav\":true,\"effect_in\":\"\",\"effect_out\":\"\",\"effect_text\":\"bounceInLeft\",\"effect_text_speed\":\"fast\",\"effect_text_delay\":\"delay-1s\",\"effect_text_repeat\":\"repeat-1\",\"dots\":true,\"iconPrev\":{\"value\":\"fas_fa-chevron-left\",\"library\":\"fa-solid\"},\"iconNext\":{\"value\":\"fas_fa-chevron-right\",\"library\":\"fa-solid\"}}><div class=\"global-news-slider owl-carousel fullslider69f1bc6f528c5\"><figure class=\"effect-jazz\"><img data-src=\"https:\/\/djk-dom-minden.de\/football\/minden-wolves\/wp-content\/uploads\/sites\/2\/2025\/09\/awaygame_bielefeld_00-100x33.jpg\" class=\"lazyload\" data-srcset=\"https:\/\/djk-dom-minden.de\/football\/minden-wolves\/wp-content\/uploads\/sites\/2\/2025\/09\/awaygame_bielefeld_00-300x98.jpg 300w, https:\/\/djk-dom-minden.de\/football\/minden-wolves\/wp-content\/uploads\/sites\/2\/2025\/09\/awaygame_bielefeld_00-1024x333.jpg 1024w, https:\/\/djk-dom-minden.de\/football\/minden-wolves\/wp-content\/uploads\/sites\/2\/2025\/09\/awaygame_bielefeld_00-150x150.jpg 150w, https:\/\/djk-dom-minden.de\/football\/minden-wolves\/wp-content\/uploads\/sites\/2\/2025\/09\/awaygame_bielefeld_00-768x250.jpg 768w, https:\/\/djk-dom-minden.de\/football\/minden-wolves\/wp-content\/uploads\/sites\/2\/2025\/09\/awaygame_bielefeld_00-1536x499.jpg 1536w, https:\/\/djk-dom-minden.de\/football\/minden-wolves\/wp-content\/uploads\/sites\/2\/2025\/09\/awaygame_bielefeld_00-1200x390.jpg 1200w, https:\/\/djk-dom-minden.de\/football\/minden-wolves\/wp-content\/uploads\/sites\/2\/2025\/09\/awaygame_bielefeld_00-1100x358.jpg 1100w, https:\/\/djk-dom-minden.de\/football\/minden-wolves\/wp-content\/uploads\/sites\/2\/2025\/09\/awaygame_bielefeld_00-1000x325.jpg 1000w, https:\/\/djk-dom-minden.de\/football\/minden-wolves\/wp-content\/uploads\/sites\/2\/2025\/09\/awaygame_bielefeld_00-900x293.jpg 900w, https:\/\/djk-dom-minden.de\/football\/minden-wolves\/wp-content\/uploads\/sites\/2\/2025\/09\/awaygame_bielefeld_00-800x260.jpg 800w, https:\/\/djk-dom-minden.de\/football\/minden-wolves\/wp-content\/uploads\/sites\/2\/2025\/09\/awaygame_bielefeld_00-700x228.jpg 700w, https:\/\/djk-dom-minden.de\/football\/minden-wolves\/wp-content\/uploads\/sites\/2\/2025\/09\/awaygame_bielefeld_00-600x195.jpg 600w, https:\/\/djk-dom-minden.de\/football\/minden-wolves\/wp-content\/uploads\/sites\/2\/2025\/09\/awaygame_bielefeld_00-500x163.jpg 500w, https:\/\/djk-dom-minden.de\/football\/minden-wolves\/wp-content\/uploads\/sites\/2\/2025\/09\/awaygame_bielefeld_00-400x130.jpg 400w, https:\/\/djk-dom-minden.de\/football\/minden-wolves\/wp-content\/uploads\/sites\/2\/2025\/09\/awaygame_bielefeld_00-300x98.jpg 300w, https:\/\/djk-dom-minden.de\/football\/minden-wolves\/wp-content\/uploads\/sites\/2\/2025\/09\/awaygame_bielefeld_00-200x65.jpg 200w, https:\/\/djk-dom-minden.de\/football\/minden-wolves\/wp-content\/uploads\/sites\/2\/2025\/09\/awaygame_bielefeld_00-100x33.jpg 100w\" data-sizes=\"auto\"\/><a href=\"https:\/\/djk-dom-minden.de\/football\/minden-wolves\/news\/dramatik-pur-2926-in-bielefeld-minden-wolves-sind-meister\" target=\"_self\"><figcaption><span class=\"title\"><p class=\"tag\">Dramatik pur: 29:26 in Bielefeld \u2013 Minden Wolves sind Meister!<\/p><\/span><span class=\"teaser_highlight\"><span class=\"teaser\"><p>Die Minden Wolves sind am Ziel. Als Aufsteiger sichern sie sich den Meistertitel in der Regionalliga. Jetzt geht es in die PlayOffs.<\/p><p><\/p><\/span><\/span><\/figcaption><\/a><\/figure><figure class=\"effect-jazz\"><img data-src=\"https:\/\/djk-dom-minden.de\/football\/wp-content\/uploads\/2024\/08\/djk-blickpunkt-04_24_03_00-100x33.jpg\" class=\"lazyload\" data-srcset=\"https:\/\/djk-dom-minden.de\/football\/wp-content\/uploads\/2024\/08\/djk-blickpunkt-04_24_03_00-300x98.jpg 300w, https:\/\/djk-dom-minden.de\/football\/wp-content\/uploads\/2024\/08\/djk-blickpunkt-04_24_03_00-1024x333.jpg 1024w, https:\/\/djk-dom-minden.de\/football\/wp-content\/uploads\/2024\/08\/djk-blickpunkt-04_24_03_00-150x150.jpg 150w, https:\/\/djk-dom-minden.de\/football\/wp-content\/uploads\/2024\/08\/djk-blickpunkt-04_24_03_00-768x250.jpg 768w, https:\/\/djk-dom-minden.de\/football\/wp-content\/uploads\/2024\/08\/djk-blickpunkt-04_24_03_00-1536x499.jpg 1536w, https:\/\/djk-dom-minden.de\/football\/wp-content\/uploads\/2024\/08\/djk-blickpunkt-04_24_03_00-1200x390.jpg 1200w, https:\/\/djk-dom-minden.de\/football\/wp-content\/uploads\/2024\/08\/djk-blickpunkt-04_24_03_00-1100x358.jpg 1100w, https:\/\/djk-dom-minden.de\/football\/wp-content\/uploads\/2024\/08\/djk-blickpunkt-04_24_03_00-1000x325.jpg 1000w, https:\/\/djk-dom-minden.de\/football\/wp-content\/uploads\/2024\/08\/djk-blickpunkt-04_24_03_00-900x293.jpg 900w, https:\/\/djk-dom-minden.de\/football\/wp-content\/uploads\/2024\/08\/djk-blickpunkt-04_24_03_00-800x260.jpg 800w, https:\/\/djk-dom-minden.de\/football\/wp-content\/uploads\/2024\/08\/djk-blickpunkt-04_24_03_00-700x228.jpg 700w, https:\/\/djk-dom-minden.de\/football\/wp-content\/uploads\/2024\/08\/djk-blickpunkt-04_24_03_00-600x195.jpg 600w, https:\/\/djk-dom-minden.de\/football\/wp-content\/uploads\/2024\/08\/djk-blickpunkt-04_24_03_00-500x163.jpg 500w, https:\/\/djk-dom-minden.de\/football\/wp-content\/uploads\/2024\/08\/djk-blickpunkt-04_24_03_00-400x130.jpg 400w, https:\/\/djk-dom-minden.de\/football\/wp-content\/uploads\/2024\/08\/djk-blickpunkt-04_24_03_00-300x98.jpg 300w, https:\/\/djk-dom-minden.de\/football\/wp-content\/uploads\/2024\/08\/djk-blickpunkt-04_24_03_00-200x65.jpg 200w, https:\/\/djk-dom-minden.de\/football\/wp-content\/uploads\/2024\/08\/djk-blickpunkt-04_24_03_00-100x33.jpg 100w\" data-sizes=\"auto\"\/><a href=\"https:\/\/djk-dom-minden.de\/football\/news\/bei-uns-hat-es-nie-einen-philosophie-wechsel-gegeben\" target=\"_self\"><figcaption><span class=\"title\"><p class=\"tag\">\u201eBei uns hat es nie einen Philosophie-Wechsel gegeben!\u201c<\/p><\/span><span class=\"teaser_highlight\"><span class=\"teaser\"><p>Die Minden Wolves wollen dauerhaft<\/p><p>von einer starken Jugend profitieren<\/p><\/span><\/span><\/figcaption><\/a><\/figure><figure class=\"effect-jazz\"><img data-src=\"https:\/\/djk-dom-minden.de\/football\/minden-wolves\/wp-content\/uploads\/sites\/2\/2025\/09\/vorschau-playoffs_hannover-100x33.jpg\" class=\"lazyload\" data-srcset=\"https:\/\/djk-dom-minden.de\/football\/minden-wolves\/wp-content\/uploads\/sites\/2\/2025\/09\/vorschau-playoffs_hannover-300x98.jpg 300w, https:\/\/djk-dom-minden.de\/football\/minden-wolves\/wp-content\/uploads\/sites\/2\/2025\/09\/vorschau-playoffs_hannover-1024x333.jpg 1024w, https:\/\/djk-dom-minden.de\/football\/minden-wolves\/wp-content\/uploads\/sites\/2\/2025\/09\/vorschau-playoffs_hannover-150x150.jpg 150w, https:\/\/djk-dom-minden.de\/football\/minden-wolves\/wp-content\/uploads\/sites\/2\/2025\/09\/vorschau-playoffs_hannover-768x250.jpg 768w, https:\/\/djk-dom-minden.de\/football\/minden-wolves\/wp-content\/uploads\/sites\/2\/2025\/09\/vorschau-playoffs_hannover-1536x499.jpg 1536w, https:\/\/djk-dom-minden.de\/football\/minden-wolves\/wp-content\/uploads\/sites\/2\/2025\/09\/vorschau-playoffs_hannover-1200x390.jpg 1200w, https:\/\/djk-dom-minden.de\/football\/minden-wolves\/wp-content\/uploads\/sites\/2\/2025\/09\/vorschau-playoffs_hannover-1100x358.jpg 1100w, https:\/\/djk-dom-minden.de\/football\/minden-wolves\/wp-content\/uploads\/sites\/2\/2025\/09\/vorschau-playoffs_hannover-1000x325.jpg 1000w, https:\/\/djk-dom-minden.de\/football\/minden-wolves\/wp-content\/uploads\/sites\/2\/2025\/09\/vorschau-playoffs_hannover-900x293.jpg 900w, https:\/\/djk-dom-minden.de\/football\/minden-wolves\/wp-content\/uploads\/sites\/2\/2025\/09\/vorschau-playoffs_hannover-800x260.jpg 800w, https:\/\/djk-dom-minden.de\/football\/minden-wolves\/wp-content\/uploads\/sites\/2\/2025\/09\/vorschau-playoffs_hannover-700x228.jpg 700w, https:\/\/djk-dom-minden.de\/football\/minden-wolves\/wp-content\/uploads\/sites\/2\/2025\/09\/vorschau-playoffs_hannover-600x195.jpg 600w, https:\/\/djk-dom-minden.de\/football\/minden-wolves\/wp-content\/uploads\/sites\/2\/2025\/09\/vorschau-playoffs_hannover-500x163.jpg 500w, https:\/\/djk-dom-minden.de\/football\/minden-wolves\/wp-content\/uploads\/sites\/2\/2025\/09\/vorschau-playoffs_hannover-400x130.jpg 400w, https:\/\/djk-dom-minden.de\/football\/minden-wolves\/wp-content\/uploads\/sites\/2\/2025\/09\/vorschau-playoffs_hannover-300x98.jpg 300w, https:\/\/djk-dom-minden.de\/football\/minden-wolves\/wp-content\/uploads\/sites\/2\/2025\/09\/vorschau-playoffs_hannover-200x65.jpg 200w, https:\/\/djk-dom-minden.de\/football\/minden-wolves\/wp-content\/uploads\/sites\/2\/2025\/09\/vorschau-playoffs_hannover-100x33.jpg 100w\" data-sizes=\"auto\"\/><a href=\"https:\/\/djk-dom-minden.de\/football\/minden-wolves\/news\/das-wolfsrudel-peilt-die-2-bundesliga-an\" target=\"_self\"><figcaption><span class=\"title\"><p class=\"tag\">Das Wolfsrudel peilt die 2. Bundesliga an<\/p><\/span><span class=\"teaser_highlight\"><span class=\"teaser\"><p>Offense-Coordinator und Quarterback Zachary Cavanaugh gibt in Bielefeld klare Anweisungen an seine Spieler. <\/p><p><\/p><\/span><\/span><\/figcaption><\/a><\/figure><figure class=\"effect-jazz\"><img data-src=\"https:\/\/djk-dom-minden.de\/football\/minden-wolves-cubs\/wp-content\/uploads\/sites\/3\/2023\/10\/djk-blickpunkt-okt-nov_2023_05_00-100x33.jpg\" class=\"lazyload\" data-srcset=\"https:\/\/djk-dom-minden.de\/football\/minden-wolves-cubs\/wp-content\/uploads\/sites\/3\/2023\/10\/djk-blickpunkt-okt-nov_2023_05_00-300x98.jpg 300w, https:\/\/djk-dom-minden.de\/football\/minden-wolves-cubs\/wp-content\/uploads\/sites\/3\/2023\/10\/djk-blickpunkt-okt-nov_2023_05_00-1024x333.jpg 1024w, https:\/\/djk-dom-minden.de\/football\/minden-wolves-cubs\/wp-content\/uploads\/sites\/3\/2023\/10\/djk-blickpunkt-okt-nov_2023_05_00-150x150.jpg 150w, https:\/\/djk-dom-minden.de\/football\/minden-wolves-cubs\/wp-content\/uploads\/sites\/3\/2023\/10\/djk-blickpunkt-okt-nov_2023_05_00-768x250.jpg 768w, https:\/\/djk-dom-minden.de\/football\/minden-wolves-cubs\/wp-content\/uploads\/sites\/3\/2023\/10\/djk-blickpunkt-okt-nov_2023_05_00-1536x499.jpg 1536w, https:\/\/djk-dom-minden.de\/football\/minden-wolves-cubs\/wp-content\/uploads\/sites\/3\/2023\/10\/djk-blickpunkt-okt-nov_2023_05_00-1200x390.jpg 1200w, https:\/\/djk-dom-minden.de\/football\/minden-wolves-cubs\/wp-content\/uploads\/sites\/3\/2023\/10\/djk-blickpunkt-okt-nov_2023_05_00-1100x358.jpg 1100w, https:\/\/djk-dom-minden.de\/football\/minden-wolves-cubs\/wp-content\/uploads\/sites\/3\/2023\/10\/djk-blickpunkt-okt-nov_2023_05_00-1000x325.jpg 1000w, https:\/\/djk-dom-minden.de\/football\/minden-wolves-cubs\/wp-content\/uploads\/sites\/3\/2023\/10\/djk-blickpunkt-okt-nov_2023_05_00-900x293.jpg 900w, https:\/\/djk-dom-minden.de\/football\/minden-wolves-cubs\/wp-content\/uploads\/sites\/3\/2023\/10\/djk-blickpunkt-okt-nov_2023_05_00-800x260.jpg 800w, https:\/\/djk-dom-minden.de\/football\/minden-wolves-cubs\/wp-content\/uploads\/sites\/3\/2023\/10\/djk-blickpunkt-okt-nov_2023_05_00-700x228.jpg 700w, https:\/\/djk-dom-minden.de\/football\/minden-wolves-cubs\/wp-content\/uploads\/sites\/3\/2023\/10\/djk-blickpunkt-okt-nov_2023_05_00-600x195.jpg 600w, https:\/\/djk-dom-minden.de\/football\/minden-wolves-cubs\/wp-content\/uploads\/sites\/3\/2023\/10\/djk-blickpunkt-okt-nov_2023_05_00-500x163.jpg 500w, https:\/\/djk-dom-minden.de\/football\/minden-wolves-cubs\/wp-content\/uploads\/sites\/3\/2023\/10\/djk-blickpunkt-okt-nov_2023_05_00-400x130.jpg 400w, https:\/\/djk-dom-minden.de\/football\/minden-wolves-cubs\/wp-content\/uploads\/sites\/3\/2023\/10\/djk-blickpunkt-okt-nov_2023_05_00-300x98.jpg 300w, https:\/\/djk-dom-minden.de\/football\/minden-wolves-cubs\/wp-content\/uploads\/sites\/3\/2023\/10\/djk-blickpunkt-okt-nov_2023_05_00-200x65.jpg 200w, https:\/\/djk-dom-minden.de\/football\/minden-wolves-cubs\/wp-content\/uploads\/sites\/3\/2023\/10\/djk-blickpunkt-okt-nov_2023_05_00-100x33.jpg 100w\" data-sizes=\"auto\"\/><a href=\"https:\/\/djk-dom-minden.de\/football\/minden-wolves-cubs\/news\/u13-eine-gelungene-heimpremiere\" target=\"_self\"><figcaption><span class=\"title\"><p class=\"tag\">U13 \u2013 Eine gelungene Heimpremiere<\/p><\/span><\/figcaption><\/a><\/figure><figure class=\"effect-jazz\"><img data-src=\"https:\/\/djk-dom-minden.de\/football\/wp-content\/uploads\/2022\/12\/minden-wolves-weserstadion-renovierung_teaser-100x33.jpg\" class=\"lazyload\" data-srcset=\"https:\/\/djk-dom-minden.de\/football\/wp-content\/uploads\/2022\/12\/minden-wolves-weserstadion-renovierung_teaser-300x98.jpg 300w, https:\/\/djk-dom-minden.de\/football\/wp-content\/uploads\/2022\/12\/minden-wolves-weserstadion-renovierung_teaser-1024x333.jpg 1024w, https:\/\/djk-dom-minden.de\/football\/wp-content\/uploads\/2022\/12\/minden-wolves-weserstadion-renovierung_teaser-150x150.jpg 150w, https:\/\/djk-dom-minden.de\/football\/wp-content\/uploads\/2022\/12\/minden-wolves-weserstadion-renovierung_teaser-768x250.jpg 768w, https:\/\/djk-dom-minden.de\/football\/wp-content\/uploads\/2022\/12\/minden-wolves-weserstadion-renovierung_teaser-1536x499.jpg 1536w, https:\/\/djk-dom-minden.de\/football\/wp-content\/uploads\/2022\/12\/minden-wolves-weserstadion-renovierung_teaser-1200x390.jpg 1200w, https:\/\/djk-dom-minden.de\/football\/wp-content\/uploads\/2022\/12\/minden-wolves-weserstadion-renovierung_teaser-1100x358.jpg 1100w, https:\/\/djk-dom-minden.de\/football\/wp-content\/uploads\/2022\/12\/minden-wolves-weserstadion-renovierung_teaser-1000x325.jpg 1000w, https:\/\/djk-dom-minden.de\/football\/wp-content\/uploads\/2022\/12\/minden-wolves-weserstadion-renovierung_teaser-900x293.jpg 900w, https:\/\/djk-dom-minden.de\/football\/wp-content\/uploads\/2022\/12\/minden-wolves-weserstadion-renovierung_teaser-800x260.jpg 800w, https:\/\/djk-dom-minden.de\/football\/wp-content\/uploads\/2022\/12\/minden-wolves-weserstadion-renovierung_teaser-700x228.jpg 700w, https:\/\/djk-dom-minden.de\/football\/wp-content\/uploads\/2022\/12\/minden-wolves-weserstadion-renovierung_teaser-600x195.jpg 600w, https:\/\/djk-dom-minden.de\/football\/wp-content\/uploads\/2022\/12\/minden-wolves-weserstadion-renovierung_teaser-500x163.jpg 500w, https:\/\/djk-dom-minden.de\/football\/wp-content\/uploads\/2022\/12\/minden-wolves-weserstadion-renovierung_teaser-400x130.jpg 400w, https:\/\/djk-dom-minden.de\/football\/wp-content\/uploads\/2022\/12\/minden-wolves-weserstadion-renovierung_teaser-300x98.jpg 300w, https:\/\/djk-dom-minden.de\/football\/wp-content\/uploads\/2022\/12\/minden-wolves-weserstadion-renovierung_teaser-200x65.jpg 200w, https:\/\/djk-dom-minden.de\/football\/wp-content\/uploads\/2022\/12\/minden-wolves-weserstadion-renovierung_teaser-100x33.jpg 100w\" data-sizes=\"auto\"\/><a href=\"https:\/\/djk-dom-minden.de\/football\/news\/einen-super-gau-abwenden\" target=\"_self\"><figcaption><span class=\"title\"><p class=\"tag\">Einen Super-GAU abwenden<\/p><\/span><span class=\"teaser_highlight\"><span class=\"teaser\"><p>Super-GAU <\/p><p>abwenden<\/p><\/span><\/span><\/figcaption><\/a><\/figure><figure class=\"effect-jazz\"><img data-src=\"https:\/\/djk-dom-minden.de\/football\/minden-wolves-cubs\/wp-content\/uploads\/sites\/3\/2024\/08\/djk-blickpunkt-04_24_04_00-100x33.jpg\" class=\"lazyload\" data-srcset=\"https:\/\/djk-dom-minden.de\/football\/minden-wolves-cubs\/wp-content\/uploads\/sites\/3\/2024\/08\/djk-blickpunkt-04_24_04_00-300x98.jpg 300w, https:\/\/djk-dom-minden.de\/football\/minden-wolves-cubs\/wp-content\/uploads\/sites\/3\/2024\/08\/djk-blickpunkt-04_24_04_00-1024x333.jpg 1024w, https:\/\/djk-dom-minden.de\/football\/minden-wolves-cubs\/wp-content\/uploads\/sites\/3\/2024\/08\/djk-blickpunkt-04_24_04_00-150x150.jpg 150w, https:\/\/djk-dom-minden.de\/football\/minden-wolves-cubs\/wp-content\/uploads\/sites\/3\/2024\/08\/djk-blickpunkt-04_24_04_00-768x250.jpg 768w, https:\/\/djk-dom-minden.de\/football\/minden-wolves-cubs\/wp-content\/uploads\/sites\/3\/2024\/08\/djk-blickpunkt-04_24_04_00-1536x499.jpg 1536w, https:\/\/djk-dom-minden.de\/football\/minden-wolves-cubs\/wp-content\/uploads\/sites\/3\/2024\/08\/djk-blickpunkt-04_24_04_00-1200x390.jpg 1200w, https:\/\/djk-dom-minden.de\/football\/minden-wolves-cubs\/wp-content\/uploads\/sites\/3\/2024\/08\/djk-blickpunkt-04_24_04_00-1100x358.jpg 1100w, https:\/\/djk-dom-minden.de\/football\/minden-wolves-cubs\/wp-content\/uploads\/sites\/3\/2024\/08\/djk-blickpunkt-04_24_04_00-1000x325.jpg 1000w, https:\/\/djk-dom-minden.de\/football\/minden-wolves-cubs\/wp-content\/uploads\/sites\/3\/2024\/08\/djk-blickpunkt-04_24_04_00-900x293.jpg 900w, https:\/\/djk-dom-minden.de\/football\/minden-wolves-cubs\/wp-content\/uploads\/sites\/3\/2024\/08\/djk-blickpunkt-04_24_04_00-800x260.jpg 800w, https:\/\/djk-dom-minden.de\/football\/minden-wolves-cubs\/wp-content\/uploads\/sites\/3\/2024\/08\/djk-blickpunkt-04_24_04_00-700x228.jpg 700w, https:\/\/djk-dom-minden.de\/football\/minden-wolves-cubs\/wp-content\/uploads\/sites\/3\/2024\/08\/djk-blickpunkt-04_24_04_00-600x195.jpg 600w, https:\/\/djk-dom-minden.de\/football\/minden-wolves-cubs\/wp-content\/uploads\/sites\/3\/2024\/08\/djk-blickpunkt-04_24_04_00-500x163.jpg 500w, https:\/\/djk-dom-minden.de\/football\/minden-wolves-cubs\/wp-content\/uploads\/sites\/3\/2024\/08\/djk-blickpunkt-04_24_04_00-400x130.jpg 400w, https:\/\/djk-dom-minden.de\/football\/minden-wolves-cubs\/wp-content\/uploads\/sites\/3\/2024\/08\/djk-blickpunkt-04_24_04_00-300x98.jpg 300w, https:\/\/djk-dom-minden.de\/football\/minden-wolves-cubs\/wp-content\/uploads\/sites\/3\/2024\/08\/djk-blickpunkt-04_24_04_00-200x65.jpg 200w, https:\/\/djk-dom-minden.de\/football\/minden-wolves-cubs\/wp-content\/uploads\/sites\/3\/2024\/08\/djk-blickpunkt-04_24_04_00-100x33.jpg 100w\" data-sizes=\"auto\"\/><a href=\"https:\/\/djk-dom-minden.de\/football\/minden-wolves-cubs\/news\/drei-eigenstaendige-jugendteams-mischen-sehr-gut-mit\" target=\"_self\"><figcaption><span class=\"title\"><p class=\"tag\">Drei eigenst\u00e4ndige Jugendteams mischen sehr gut mit<\/p><\/span><\/figcaption><\/a><\/figure><figure class=\"effect-jazz\"><img data-src=\"https:\/\/djk-dom-minden.de\/football\/wp-content\/uploads\/2023\/08\/wolves_sportdirektor_00-100x47.jpg\" class=\"lazyload\" data-srcset=\"https:\/\/djk-dom-minden.de\/football\/wp-content\/uploads\/2023\/08\/wolves_sportdirektor_00-300x141.jpg 300w, https:\/\/djk-dom-minden.de\/football\/wp-content\/uploads\/2023\/08\/wolves_sportdirektor_00-1024x480.jpg 1024w, https:\/\/djk-dom-minden.de\/football\/wp-content\/uploads\/2023\/08\/wolves_sportdirektor_00-150x150.jpg 150w, https:\/\/djk-dom-minden.de\/football\/wp-content\/uploads\/2023\/08\/wolves_sportdirektor_00-768x360.jpg 768w, https:\/\/djk-dom-minden.de\/football\/wp-content\/uploads\/2023\/08\/wolves_sportdirektor_00-1536x720.jpg 1536w, https:\/\/djk-dom-minden.de\/football\/wp-content\/uploads\/2023\/08\/wolves_sportdirektor_00-2048x960.jpg 2048w, https:\/\/djk-dom-minden.de\/football\/wp-content\/uploads\/2023\/08\/wolves_sportdirektor_00-1200x563.jpg 1200w, https:\/\/djk-dom-minden.de\/football\/wp-content\/uploads\/2023\/08\/wolves_sportdirektor_00-1100x516.jpg 1100w, https:\/\/djk-dom-minden.de\/football\/wp-content\/uploads\/2023\/08\/wolves_sportdirektor_00-1000x469.jpg 1000w, https:\/\/djk-dom-minden.de\/football\/wp-content\/uploads\/2023\/08\/wolves_sportdirektor_00-900x422.jpg 900w, https:\/\/djk-dom-minden.de\/football\/wp-content\/uploads\/2023\/08\/wolves_sportdirektor_00-800x375.jpg 800w, https:\/\/djk-dom-minden.de\/football\/wp-content\/uploads\/2023\/08\/wolves_sportdirektor_00-700x328.jpg 700w, https:\/\/djk-dom-minden.de\/football\/wp-content\/uploads\/2023\/08\/wolves_sportdirektor_00-600x281.jpg 600w, https:\/\/djk-dom-minden.de\/football\/wp-content\/uploads\/2023\/08\/wolves_sportdirektor_00-500x234.jpg 500w, https:\/\/djk-dom-minden.de\/football\/wp-content\/uploads\/2023\/08\/wolves_sportdirektor_00-400x188.jpg 400w, https:\/\/djk-dom-minden.de\/football\/wp-content\/uploads\/2023\/08\/wolves_sportdirektor_00-300x141.jpg 300w, https:\/\/djk-dom-minden.de\/football\/wp-content\/uploads\/2023\/08\/wolves_sportdirektor_00-200x94.jpg 200w, https:\/\/djk-dom-minden.de\/football\/wp-content\/uploads\/2023\/08\/wolves_sportdirektor_00-100x47.jpg 100w\" data-sizes=\"auto\"\/><a href=\"https:\/\/djk-dom-minden.de\/football\/news\/drei-fragen-an-sportdirektor-volker-krusche\" target=\"_self\"><figcaption><span class=\"title\"><p class=\"tag\">Drei Fragen an Sportdirektor Volker Krusche<\/p><\/span><span class=\"teaser_highlight\"><span class=\"teaser\"><p>Volker Krusche \u2013<\/p><p>im Interview<\/p><\/span><\/span><\/figcaption><\/a><\/figure><figure class=\"effect-jazz\"><img data-src=\"https:\/\/djk-dom-minden.de\/football\/flagfootball\/wp-content\/uploads\/sites\/4\/2022\/02\/flag-football_wolves_01-100x33.jpg\" class=\"lazyload\" data-srcset=\"https:\/\/djk-dom-minden.de\/football\/flagfootball\/wp-content\/uploads\/sites\/4\/2022\/02\/flag-football_wolves_01-300x98.jpg 300w, https:\/\/djk-dom-minden.de\/football\/flagfootball\/wp-content\/uploads\/sites\/4\/2022\/02\/flag-football_wolves_01-1024x333.jpg 1024w, https:\/\/djk-dom-minden.de\/football\/flagfootball\/wp-content\/uploads\/sites\/4\/2022\/02\/flag-football_wolves_01-150x150.jpg 150w, https:\/\/djk-dom-minden.de\/football\/flagfootball\/wp-content\/uploads\/sites\/4\/2022\/02\/flag-football_wolves_01-768x250.jpg 768w, https:\/\/djk-dom-minden.de\/football\/flagfootball\/wp-content\/uploads\/sites\/4\/2022\/02\/flag-football_wolves_01-1536x499.jpg 1536w, https:\/\/djk-dom-minden.de\/football\/flagfootball\/wp-content\/uploads\/sites\/4\/2022\/02\/flag-football_wolves_01-1200x390.jpg 1200w, https:\/\/djk-dom-minden.de\/football\/flagfootball\/wp-content\/uploads\/sites\/4\/2022\/02\/flag-football_wolves_01-1100x358.jpg 1100w, https:\/\/djk-dom-minden.de\/football\/flagfootball\/wp-content\/uploads\/sites\/4\/2022\/02\/flag-football_wolves_01-1000x325.jpg 1000w, https:\/\/djk-dom-minden.de\/football\/flagfootball\/wp-content\/uploads\/sites\/4\/2022\/02\/flag-football_wolves_01-900x293.jpg 900w, https:\/\/djk-dom-minden.de\/football\/flagfootball\/wp-content\/uploads\/sites\/4\/2022\/02\/flag-football_wolves_01-800x260.jpg 800w, https:\/\/djk-dom-minden.de\/football\/flagfootball\/wp-content\/uploads\/sites\/4\/2022\/02\/flag-football_wolves_01-700x228.jpg 700w, https:\/\/djk-dom-minden.de\/football\/flagfootball\/wp-content\/uploads\/sites\/4\/2022\/02\/flag-football_wolves_01-600x195.jpg 600w, https:\/\/djk-dom-minden.de\/football\/flagfootball\/wp-content\/uploads\/sites\/4\/2022\/02\/flag-football_wolves_01-500x163.jpg 500w, https:\/\/djk-dom-minden.de\/football\/flagfootball\/wp-content\/uploads\/sites\/4\/2022\/02\/flag-football_wolves_01-400x130.jpg 400w, https:\/\/djk-dom-minden.de\/football\/flagfootball\/wp-content\/uploads\/sites\/4\/2022\/02\/flag-football_wolves_01-300x98.jpg 300w, https:\/\/djk-dom-minden.de\/football\/flagfootball\/wp-content\/uploads\/sites\/4\/2022\/02\/flag-football_wolves_01-200x65.jpg 200w, https:\/\/djk-dom-minden.de\/football\/flagfootball\/wp-content\/uploads\/sites\/4\/2022\/02\/flag-football_wolves_01-100x33.jpg 100w\" data-sizes=\"auto\"\/><a href=\"https:\/\/djk-dom-minden.de\/football\/flagfootball\/news\/neu-flag-football-bei-den-wolves\" target=\"_self\"><figcaption><span class=\"title\"><p class=\"tag\">NEU: Flag Football bei den Wolves<\/p><\/span><span class=\"teaser_highlight\"><span class=\"teaser\"><p>NEU: Flag Football...<\/p><p>bei den Wolves<\/p><\/span><\/span><\/figcaption><\/a><\/figure><figure class=\"effect-jazz\"><img data-src=\"https:\/\/djk-dom-minden.de\/football\/minden-wolves-cubs\/wp-content\/uploads\/sites\/3\/2024\/10\/djk-blickpunkt-05_24_03_00-100x33.jpg\" class=\"lazyload\" data-srcset=\"https:\/\/djk-dom-minden.de\/football\/minden-wolves-cubs\/wp-content\/uploads\/sites\/3\/2024\/10\/djk-blickpunkt-05_24_03_00-300x98.jpg 300w, https:\/\/djk-dom-minden.de\/football\/minden-wolves-cubs\/wp-content\/uploads\/sites\/3\/2024\/10\/djk-blickpunkt-05_24_03_00-1024x333.jpg 1024w, https:\/\/djk-dom-minden.de\/football\/minden-wolves-cubs\/wp-content\/uploads\/sites\/3\/2024\/10\/djk-blickpunkt-05_24_03_00-150x150.jpg 150w, https:\/\/djk-dom-minden.de\/football\/minden-wolves-cubs\/wp-content\/uploads\/sites\/3\/2024\/10\/djk-blickpunkt-05_24_03_00-768x250.jpg 768w, https:\/\/djk-dom-minden.de\/football\/minden-wolves-cubs\/wp-content\/uploads\/sites\/3\/2024\/10\/djk-blickpunkt-05_24_03_00-1536x499.jpg 1536w, https:\/\/djk-dom-minden.de\/football\/minden-wolves-cubs\/wp-content\/uploads\/sites\/3\/2024\/10\/djk-blickpunkt-05_24_03_00-1200x390.jpg 1200w, https:\/\/djk-dom-minden.de\/football\/minden-wolves-cubs\/wp-content\/uploads\/sites\/3\/2024\/10\/djk-blickpunkt-05_24_03_00-1100x358.jpg 1100w, https:\/\/djk-dom-minden.de\/football\/minden-wolves-cubs\/wp-content\/uploads\/sites\/3\/2024\/10\/djk-blickpunkt-05_24_03_00-1000x325.jpg 1000w, https:\/\/djk-dom-minden.de\/football\/minden-wolves-cubs\/wp-content\/uploads\/sites\/3\/2024\/10\/djk-blickpunkt-05_24_03_00-900x293.jpg 900w, https:\/\/djk-dom-minden.de\/football\/minden-wolves-cubs\/wp-content\/uploads\/sites\/3\/2024\/10\/djk-blickpunkt-05_24_03_00-800x260.jpg 800w, https:\/\/djk-dom-minden.de\/football\/minden-wolves-cubs\/wp-content\/uploads\/sites\/3\/2024\/10\/djk-blickpunkt-05_24_03_00-700x228.jpg 700w, https:\/\/djk-dom-minden.de\/football\/minden-wolves-cubs\/wp-content\/uploads\/sites\/3\/2024\/10\/djk-blickpunkt-05_24_03_00-600x195.jpg 600w, https:\/\/djk-dom-minden.de\/football\/minden-wolves-cubs\/wp-content\/uploads\/sites\/3\/2024\/10\/djk-blickpunkt-05_24_03_00-500x163.jpg 500w, https:\/\/djk-dom-minden.de\/football\/minden-wolves-cubs\/wp-content\/uploads\/sites\/3\/2024\/10\/djk-blickpunkt-05_24_03_00-400x130.jpg 400w, https:\/\/djk-dom-minden.de\/football\/minden-wolves-cubs\/wp-content\/uploads\/sites\/3\/2024\/10\/djk-blickpunkt-05_24_03_00-300x98.jpg 300w, https:\/\/djk-dom-minden.de\/football\/minden-wolves-cubs\/wp-content\/uploads\/sites\/3\/2024\/10\/djk-blickpunkt-05_24_03_00-200x65.jpg 200w, https:\/\/djk-dom-minden.de\/football\/minden-wolves-cubs\/wp-content\/uploads\/sites\/3\/2024\/10\/djk-blickpunkt-05_24_03_00-100x33.jpg 100w\" data-sizes=\"auto\"\/><a href=\"https:\/\/djk-dom-minden.de\/football\/minden-wolves-cubs\/news\/neue-fuehrung-in-der-jugend\" target=\"_self\"><figcaption><span class=\"title\"><p class=\"tag\">Neue F\u00fchrung in der Jugend<\/p><\/span><\/figcaption><\/a><\/figure><figure class=\"effect-jazz\"><img data-src=\"https:\/\/djk-dom-minden.de\/football\/flagfootball\/wp-content\/uploads\/sites\/4\/2025\/05\/flag-greta-keerl_00-100x33.jpg\" class=\"lazyload\" data-srcset=\"https:\/\/djk-dom-minden.de\/football\/flagfootball\/wp-content\/uploads\/sites\/4\/2025\/05\/flag-greta-keerl_00-300x98.jpg 300w, https:\/\/djk-dom-minden.de\/football\/flagfootball\/wp-content\/uploads\/sites\/4\/2025\/05\/flag-greta-keerl_00-1024x333.jpg 1024w, https:\/\/djk-dom-minden.de\/football\/flagfootball\/wp-content\/uploads\/sites\/4\/2025\/05\/flag-greta-keerl_00-150x150.jpg 150w, https:\/\/djk-dom-minden.de\/football\/flagfootball\/wp-content\/uploads\/sites\/4\/2025\/05\/flag-greta-keerl_00-768x250.jpg 768w, https:\/\/djk-dom-minden.de\/football\/flagfootball\/wp-content\/uploads\/sites\/4\/2025\/05\/flag-greta-keerl_00-1536x499.jpg 1536w, https:\/\/djk-dom-minden.de\/football\/flagfootball\/wp-content\/uploads\/sites\/4\/2025\/05\/flag-greta-keerl_00-1200x390.jpg 1200w, https:\/\/djk-dom-minden.de\/football\/flagfootball\/wp-content\/uploads\/sites\/4\/2025\/05\/flag-greta-keerl_00-1100x358.jpg 1100w, https:\/\/djk-dom-minden.de\/football\/flagfootball\/wp-content\/uploads\/sites\/4\/2025\/05\/flag-greta-keerl_00-1000x325.jpg 1000w, https:\/\/djk-dom-minden.de\/football\/flagfootball\/wp-content\/uploads\/sites\/4\/2025\/05\/flag-greta-keerl_00-900x293.jpg 900w, https:\/\/djk-dom-minden.de\/football\/flagfootball\/wp-content\/uploads\/sites\/4\/2025\/05\/flag-greta-keerl_00-800x260.jpg 800w, https:\/\/djk-dom-minden.de\/football\/flagfootball\/wp-content\/uploads\/sites\/4\/2025\/05\/flag-greta-keerl_00-700x228.jpg 700w, https:\/\/djk-dom-minden.de\/football\/flagfootball\/wp-content\/uploads\/sites\/4\/2025\/05\/flag-greta-keerl_00-600x195.jpg 600w, https:\/\/djk-dom-minden.de\/football\/flagfootball\/wp-content\/uploads\/sites\/4\/2025\/05\/flag-greta-keerl_00-500x163.jpg 500w, https:\/\/djk-dom-minden.de\/football\/flagfootball\/wp-content\/uploads\/sites\/4\/2025\/05\/flag-greta-keerl_00-400x130.jpg 400w, https:\/\/djk-dom-minden.de\/football\/flagfootball\/wp-content\/uploads\/sites\/4\/2025\/05\/flag-greta-keerl_00-300x98.jpg 300w, https:\/\/djk-dom-minden.de\/football\/flagfootball\/wp-content\/uploads\/sites\/4\/2025\/05\/flag-greta-keerl_00-200x65.jpg 200w, https:\/\/djk-dom-minden.de\/football\/flagfootball\/wp-content\/uploads\/sites\/4\/2025\/05\/flag-greta-keerl_00-100x33.jpg 100w\" data-sizes=\"auto\"\/><a href=\"https:\/\/djk-dom-minden.de\/football\/flagfootball\/news\/greta-hat-uns-komplett-von-den-socken-gehauen\" target=\"_self\"><figcaption><span class=\"title\"><p class=\"tag\">\u201eGreta hat uns komplett von den Socken gehauen!\u201c<\/p><\/span><span class=\"teaser_highlight\"><span class=\"teaser\"><p>Die Olympischen Spiele 2028 in Los Angeles <\/p><p>sind ein Ziel von Greta Keerl von den Minden Wolves. <\/p><\/span><\/span><\/figcaption><\/a><\/figure><figure class=\"effect-jazz\"><img data-src=\"https:\/\/djk-dom-minden.de\/football\/minden-wolves-cubs\/wp-content\/uploads\/sites\/3\/2023\/07\/blickpunkt-aug-sep_2023_05_00-100x33.jpg\" class=\"lazyload\" data-srcset=\"https:\/\/djk-dom-minden.de\/football\/minden-wolves-cubs\/wp-content\/uploads\/sites\/3\/2023\/07\/blickpunkt-aug-sep_2023_05_00-300x98.jpg 300w, https:\/\/djk-dom-minden.de\/football\/minden-wolves-cubs\/wp-content\/uploads\/sites\/3\/2023\/07\/blickpunkt-aug-sep_2023_05_00-1024x333.jpg 1024w, https:\/\/djk-dom-minden.de\/football\/minden-wolves-cubs\/wp-content\/uploads\/sites\/3\/2023\/07\/blickpunkt-aug-sep_2023_05_00-150x150.jpg 150w, https:\/\/djk-dom-minden.de\/football\/minden-wolves-cubs\/wp-content\/uploads\/sites\/3\/2023\/07\/blickpunkt-aug-sep_2023_05_00-768x250.jpg 768w, https:\/\/djk-dom-minden.de\/football\/minden-wolves-cubs\/wp-content\/uploads\/sites\/3\/2023\/07\/blickpunkt-aug-sep_2023_05_00-1536x499.jpg 1536w, https:\/\/djk-dom-minden.de\/football\/minden-wolves-cubs\/wp-content\/uploads\/sites\/3\/2023\/07\/blickpunkt-aug-sep_2023_05_00-1200x390.jpg 1200w, https:\/\/djk-dom-minden.de\/football\/minden-wolves-cubs\/wp-content\/uploads\/sites\/3\/2023\/07\/blickpunkt-aug-sep_2023_05_00-1100x358.jpg 1100w, https:\/\/djk-dom-minden.de\/football\/minden-wolves-cubs\/wp-content\/uploads\/sites\/3\/2023\/07\/blickpunkt-aug-sep_2023_05_00-1000x325.jpg 1000w, https:\/\/djk-dom-minden.de\/football\/minden-wolves-cubs\/wp-content\/uploads\/sites\/3\/2023\/07\/blickpunkt-aug-sep_2023_05_00-900x293.jpg 900w, https:\/\/djk-dom-minden.de\/football\/minden-wolves-cubs\/wp-content\/uploads\/sites\/3\/2023\/07\/blickpunkt-aug-sep_2023_05_00-800x260.jpg 800w, https:\/\/djk-dom-minden.de\/football\/minden-wolves-cubs\/wp-content\/uploads\/sites\/3\/2023\/07\/blickpunkt-aug-sep_2023_05_00-700x228.jpg 700w, https:\/\/djk-dom-minden.de\/football\/minden-wolves-cubs\/wp-content\/uploads\/sites\/3\/2023\/07\/blickpunkt-aug-sep_2023_05_00-600x195.jpg 600w, https:\/\/djk-dom-minden.de\/football\/minden-wolves-cubs\/wp-content\/uploads\/sites\/3\/2023\/07\/blickpunkt-aug-sep_2023_05_00-500x163.jpg 500w, https:\/\/djk-dom-minden.de\/football\/minden-wolves-cubs\/wp-content\/uploads\/sites\/3\/2023\/07\/blickpunkt-aug-sep_2023_05_00-400x130.jpg 400w, https:\/\/djk-dom-minden.de\/football\/minden-wolves-cubs\/wp-content\/uploads\/sites\/3\/2023\/07\/blickpunkt-aug-sep_2023_05_00-300x98.jpg 300w, https:\/\/djk-dom-minden.de\/football\/minden-wolves-cubs\/wp-content\/uploads\/sites\/3\/2023\/07\/blickpunkt-aug-sep_2023_05_00-200x65.jpg 200w, https:\/\/djk-dom-minden.de\/football\/minden-wolves-cubs\/wp-content\/uploads\/sites\/3\/2023\/07\/blickpunkt-aug-sep_2023_05_00-100x33.jpg 100w\" data-sizes=\"auto\"\/><a href=\"https:\/\/djk-dom-minden.de\/football\/minden-wolves-cubs\/news\/auf-kurs-vizemeisterschaft\" target=\"_self\"><figcaption><span class=\"title\"><p class=\"tag\">Auf Kurs Vizemeisterschaft<\/p><\/span><\/figcaption><\/a><\/figure><figure class=\"effect-jazz\"><img data-src=\"https:\/\/djk-dom-minden.de\/football\/minden-wolves\/wp-content\/uploads\/sites\/2\/2025\/09\/awaygame_playoff_hannover_00-100x33.jpg\" class=\"lazyload\" data-srcset=\"https:\/\/djk-dom-minden.de\/football\/minden-wolves\/wp-content\/uploads\/sites\/2\/2025\/09\/awaygame_playoff_hannover_00-300x98.jpg 300w, https:\/\/djk-dom-minden.de\/football\/minden-wolves\/wp-content\/uploads\/sites\/2\/2025\/09\/awaygame_playoff_hannover_00-1024x333.jpg 1024w, https:\/\/djk-dom-minden.de\/football\/minden-wolves\/wp-content\/uploads\/sites\/2\/2025\/09\/awaygame_playoff_hannover_00-150x150.jpg 150w, https:\/\/djk-dom-minden.de\/football\/minden-wolves\/wp-content\/uploads\/sites\/2\/2025\/09\/awaygame_playoff_hannover_00-768x250.jpg 768w, https:\/\/djk-dom-minden.de\/football\/minden-wolves\/wp-content\/uploads\/sites\/2\/2025\/09\/awaygame_playoff_hannover_00-1536x499.jpg 1536w, https:\/\/djk-dom-minden.de\/football\/minden-wolves\/wp-content\/uploads\/sites\/2\/2025\/09\/awaygame_playoff_hannover_00-1200x390.jpg 1200w, https:\/\/djk-dom-minden.de\/football\/minden-wolves\/wp-content\/uploads\/sites\/2\/2025\/09\/awaygame_playoff_hannover_00-1100x358.jpg 1100w, https:\/\/djk-dom-minden.de\/football\/minden-wolves\/wp-content\/uploads\/sites\/2\/2025\/09\/awaygame_playoff_hannover_00-1000x325.jpg 1000w, https:\/\/djk-dom-minden.de\/football\/minden-wolves\/wp-content\/uploads\/sites\/2\/2025\/09\/awaygame_playoff_hannover_00-900x293.jpg 900w, https:\/\/djk-dom-minden.de\/football\/minden-wolves\/wp-content\/uploads\/sites\/2\/2025\/09\/awaygame_playoff_hannover_00-800x260.jpg 800w, https:\/\/djk-dom-minden.de\/football\/minden-wolves\/wp-content\/uploads\/sites\/2\/2025\/09\/awaygame_playoff_hannover_00-700x228.jpg 700w, https:\/\/djk-dom-minden.de\/football\/minden-wolves\/wp-content\/uploads\/sites\/2\/2025\/09\/awaygame_playoff_hannover_00-600x195.jpg 600w, https:\/\/djk-dom-minden.de\/football\/minden-wolves\/wp-content\/uploads\/sites\/2\/2025\/09\/awaygame_playoff_hannover_00-500x163.jpg 500w, https:\/\/djk-dom-minden.de\/football\/minden-wolves\/wp-content\/uploads\/sites\/2\/2025\/09\/awaygame_playoff_hannover_00-400x130.jpg 400w, https:\/\/djk-dom-minden.de\/football\/minden-wolves\/wp-content\/uploads\/sites\/2\/2025\/09\/awaygame_playoff_hannover_00-300x98.jpg 300w, https:\/\/djk-dom-minden.de\/football\/minden-wolves\/wp-content\/uploads\/sites\/2\/2025\/09\/awaygame_playoff_hannover_00-200x65.jpg 200w, https:\/\/djk-dom-minden.de\/football\/minden-wolves\/wp-content\/uploads\/sites\/2\/2025\/09\/awaygame_playoff_hannover_00-100x33.jpg 100w\" data-sizes=\"auto\"\/><a href=\"https:\/\/djk-dom-minden.de\/football\/minden-wolves\/news\/tuer-zur-2-bundesliga-steht-ganz-weit-offen\" target=\"_self\"><figcaption><span class=\"title\"><p class=\"tag\">T\u00fcr zur 2. Bundesliga steht ganz weit offen<\/p><\/span><span class=\"teaser_highlight\"><span class=\"teaser\"><p>Nur selten brachte die Mindener Defense Hannovers Angreifer fr\u00fchzeitig zu Fall. So musste es die Wolves-Offense richten. Und sie tat es.<\/p><p><\/p><\/span><\/span><\/figcaption><\/a><\/figure><figure class=\"effect-jazz\"><img data-src=\"https:\/\/djk-dom-minden.de\/football\/minden-wolves-cubs\/wp-content\/uploads\/sites\/3\/2023\/08\/cubs-u19-gameday_00-100x33.jpg\" class=\"lazyload\" data-srcset=\"https:\/\/djk-dom-minden.de\/football\/minden-wolves-cubs\/wp-content\/uploads\/sites\/3\/2023\/08\/cubs-u19-gameday_00-300x98.jpg 300w, https:\/\/djk-dom-minden.de\/football\/minden-wolves-cubs\/wp-content\/uploads\/sites\/3\/2023\/08\/cubs-u19-gameday_00-1024x333.jpg 1024w, https:\/\/djk-dom-minden.de\/football\/minden-wolves-cubs\/wp-content\/uploads\/sites\/3\/2023\/08\/cubs-u19-gameday_00-150x150.jpg 150w, https:\/\/djk-dom-minden.de\/football\/minden-wolves-cubs\/wp-content\/uploads\/sites\/3\/2023\/08\/cubs-u19-gameday_00-768x250.jpg 768w, https:\/\/djk-dom-minden.de\/football\/minden-wolves-cubs\/wp-content\/uploads\/sites\/3\/2023\/08\/cubs-u19-gameday_00-1536x499.jpg 1536w, https:\/\/djk-dom-minden.de\/football\/minden-wolves-cubs\/wp-content\/uploads\/sites\/3\/2023\/08\/cubs-u19-gameday_00-1200x390.jpg 1200w, https:\/\/djk-dom-minden.de\/football\/minden-wolves-cubs\/wp-content\/uploads\/sites\/3\/2023\/08\/cubs-u19-gameday_00-1100x358.jpg 1100w, https:\/\/djk-dom-minden.de\/football\/minden-wolves-cubs\/wp-content\/uploads\/sites\/3\/2023\/08\/cubs-u19-gameday_00-1000x325.jpg 1000w, https:\/\/djk-dom-minden.de\/football\/minden-wolves-cubs\/wp-content\/uploads\/sites\/3\/2023\/08\/cubs-u19-gameday_00-900x293.jpg 900w, https:\/\/djk-dom-minden.de\/football\/minden-wolves-cubs\/wp-content\/uploads\/sites\/3\/2023\/08\/cubs-u19-gameday_00-800x260.jpg 800w, https:\/\/djk-dom-minden.de\/football\/minden-wolves-cubs\/wp-content\/uploads\/sites\/3\/2023\/08\/cubs-u19-gameday_00-700x228.jpg 700w, https:\/\/djk-dom-minden.de\/football\/minden-wolves-cubs\/wp-content\/uploads\/sites\/3\/2023\/08\/cubs-u19-gameday_00-600x195.jpg 600w, https:\/\/djk-dom-minden.de\/football\/minden-wolves-cubs\/wp-content\/uploads\/sites\/3\/2023\/08\/cubs-u19-gameday_00-500x163.jpg 500w, https:\/\/djk-dom-minden.de\/football\/minden-wolves-cubs\/wp-content\/uploads\/sites\/3\/2023\/08\/cubs-u19-gameday_00-400x130.jpg 400w, https:\/\/djk-dom-minden.de\/football\/minden-wolves-cubs\/wp-content\/uploads\/sites\/3\/2023\/08\/cubs-u19-gameday_00-300x98.jpg 300w, https:\/\/djk-dom-minden.de\/football\/minden-wolves-cubs\/wp-content\/uploads\/sites\/3\/2023\/08\/cubs-u19-gameday_00-200x65.jpg 200w, https:\/\/djk-dom-minden.de\/football\/minden-wolves-cubs\/wp-content\/uploads\/sites\/3\/2023\/08\/cubs-u19-gameday_00-100x33.jpg 100w\" data-sizes=\"auto\"\/><a href=\"https:\/\/djk-dom-minden.de\/football\/minden-wolves-cubs\/news\/am-ende-fehlt-nur-die-kirsche-auf-der-torte\" target=\"_self\"><figcaption><span class=\"title\"><p class=\"tag\">Am Ende fehlt nur die Kirsche auf der Torte<\/p><\/span><span class=\"teaser_highlight\"><span class=\"teaser\"><p>Minden Wolves Cubs \u2013<\/p><p>verpasster Titel <\/p><\/span><\/span><\/figcaption><\/a><\/figure><figure class=\"effect-jazz\"><img data-src=\"https:\/\/djk-dom-minden.de\/football\/wp-content\/uploads\/2024\/08\/awaygame_wolves-hawks-2024_00-100x33.jpg\" class=\"lazyload\" data-srcset=\"https:\/\/djk-dom-minden.de\/football\/wp-content\/uploads\/2024\/08\/awaygame_wolves-hawks-2024_00-300x98.jpg 300w, https:\/\/djk-dom-minden.de\/football\/wp-content\/uploads\/2024\/08\/awaygame_wolves-hawks-2024_00-1024x333.jpg 1024w, https:\/\/djk-dom-minden.de\/football\/wp-content\/uploads\/2024\/08\/awaygame_wolves-hawks-2024_00-150x150.jpg 150w, https:\/\/djk-dom-minden.de\/football\/wp-content\/uploads\/2024\/08\/awaygame_wolves-hawks-2024_00-768x250.jpg 768w, https:\/\/djk-dom-minden.de\/football\/wp-content\/uploads\/2024\/08\/awaygame_wolves-hawks-2024_00-1536x499.jpg 1536w, https:\/\/djk-dom-minden.de\/football\/wp-content\/uploads\/2024\/08\/awaygame_wolves-hawks-2024_00-1200x390.jpg 1200w, https:\/\/djk-dom-minden.de\/football\/wp-content\/uploads\/2024\/08\/awaygame_wolves-hawks-2024_00-1100x358.jpg 1100w, https:\/\/djk-dom-minden.de\/football\/wp-content\/uploads\/2024\/08\/awaygame_wolves-hawks-2024_00-1000x325.jpg 1000w, https:\/\/djk-dom-minden.de\/football\/wp-content\/uploads\/2024\/08\/awaygame_wolves-hawks-2024_00-900x293.jpg 900w, https:\/\/djk-dom-minden.de\/football\/wp-content\/uploads\/2024\/08\/awaygame_wolves-hawks-2024_00-800x260.jpg 800w, https:\/\/djk-dom-minden.de\/football\/wp-content\/uploads\/2024\/08\/awaygame_wolves-hawks-2024_00-700x228.jpg 700w, https:\/\/djk-dom-minden.de\/football\/wp-content\/uploads\/2024\/08\/awaygame_wolves-hawks-2024_00-600x195.jpg 600w, https:\/\/djk-dom-minden.de\/football\/wp-content\/uploads\/2024\/08\/awaygame_wolves-hawks-2024_00-500x163.jpg 500w, https:\/\/djk-dom-minden.de\/football\/wp-content\/uploads\/2024\/08\/awaygame_wolves-hawks-2024_00-400x130.jpg 400w, https:\/\/djk-dom-minden.de\/football\/wp-content\/uploads\/2024\/08\/awaygame_wolves-hawks-2024_00-300x98.jpg 300w, https:\/\/djk-dom-minden.de\/football\/wp-content\/uploads\/2024\/08\/awaygame_wolves-hawks-2024_00-200x65.jpg 200w, https:\/\/djk-dom-minden.de\/football\/wp-content\/uploads\/2024\/08\/awaygame_wolves-hawks-2024_00-100x33.jpg 100w\" data-sizes=\"auto\"\/><a href=\"https:\/\/djk-dom-minden.de\/football\/news\/mit-dem-neunten-sieg-vorzeitig-die-meisterschaft-feiern\" target=\"_self\"><figcaption><span class=\"title\"><p class=\"tag\">Mit dem neunten Sieg vorzeitig die Meisterschaft feiern<\/p><\/span><span class=\"teaser_highlight\"><span class=\"teaser\"><p>Wolves wollen <\/p><p>den Regionalliga-Aufstieg perfekt machen<\/p><\/span><\/span><\/figcaption><\/a><\/figure><figure class=\"effect-jazz\"><img data-src=\"https:\/\/djk-dom-minden.de\/football\/cheerleading\/wp-content\/uploads\/sites\/5\/2024\/04\/djk-blickpunkt-02_24_07_00-100x33.jpg\" class=\"lazyload\" data-srcset=\"https:\/\/djk-dom-minden.de\/football\/cheerleading\/wp-content\/uploads\/sites\/5\/2024\/04\/djk-blickpunkt-02_24_07_00-300x98.jpg 300w, https:\/\/djk-dom-minden.de\/football\/cheerleading\/wp-content\/uploads\/sites\/5\/2024\/04\/djk-blickpunkt-02_24_07_00-1024x333.jpg 1024w, https:\/\/djk-dom-minden.de\/football\/cheerleading\/wp-content\/uploads\/sites\/5\/2024\/04\/djk-blickpunkt-02_24_07_00-150x150.jpg 150w, https:\/\/djk-dom-minden.de\/football\/cheerleading\/wp-content\/uploads\/sites\/5\/2024\/04\/djk-blickpunkt-02_24_07_00-768x250.jpg 768w, https:\/\/djk-dom-minden.de\/football\/cheerleading\/wp-content\/uploads\/sites\/5\/2024\/04\/djk-blickpunkt-02_24_07_00-1536x499.jpg 1536w, https:\/\/djk-dom-minden.de\/football\/cheerleading\/wp-content\/uploads\/sites\/5\/2024\/04\/djk-blickpunkt-02_24_07_00-1200x390.jpg 1200w, https:\/\/djk-dom-minden.de\/football\/cheerleading\/wp-content\/uploads\/sites\/5\/2024\/04\/djk-blickpunkt-02_24_07_00-1100x358.jpg 1100w, https:\/\/djk-dom-minden.de\/football\/cheerleading\/wp-content\/uploads\/sites\/5\/2024\/04\/djk-blickpunkt-02_24_07_00-1000x325.jpg 1000w, https:\/\/djk-dom-minden.de\/football\/cheerleading\/wp-content\/uploads\/sites\/5\/2024\/04\/djk-blickpunkt-02_24_07_00-900x293.jpg 900w, https:\/\/djk-dom-minden.de\/football\/cheerleading\/wp-content\/uploads\/sites\/5\/2024\/04\/djk-blickpunkt-02_24_07_00-800x260.jpg 800w, https:\/\/djk-dom-minden.de\/football\/cheerleading\/wp-content\/uploads\/sites\/5\/2024\/04\/djk-blickpunkt-02_24_07_00-700x228.jpg 700w, https:\/\/djk-dom-minden.de\/football\/cheerleading\/wp-content\/uploads\/sites\/5\/2024\/04\/djk-blickpunkt-02_24_07_00-600x195.jpg 600w, https:\/\/djk-dom-minden.de\/football\/cheerleading\/wp-content\/uploads\/sites\/5\/2024\/04\/djk-blickpunkt-02_24_07_00-500x163.jpg 500w, https:\/\/djk-dom-minden.de\/football\/cheerleading\/wp-content\/uploads\/sites\/5\/2024\/04\/djk-blickpunkt-02_24_07_00-400x130.jpg 400w, https:\/\/djk-dom-minden.de\/football\/cheerleading\/wp-content\/uploads\/sites\/5\/2024\/04\/djk-blickpunkt-02_24_07_00-300x98.jpg 300w, https:\/\/djk-dom-minden.de\/football\/cheerleading\/wp-content\/uploads\/sites\/5\/2024\/04\/djk-blickpunkt-02_24_07_00-200x65.jpg 200w, https:\/\/djk-dom-minden.de\/football\/cheerleading\/wp-content\/uploads\/sites\/5\/2024\/04\/djk-blickpunkt-02_24_07_00-100x33.jpg 100w\" data-sizes=\"auto\"\/><a href=\"https:\/\/djk-dom-minden.de\/football\/cheerleading\/news\/auftritt-in-neuem-look\" target=\"_self\"><figcaption><span class=\"title\"><p class=\"tag\">Auftritt in neuem Look<\/p><\/span><span class=\"teaser_highlight\"><span class=\"teaser\"><p>Cheerleading \u2013 <\/p><p>Auftritt in neuem Look <\/p><\/span><\/span><\/figcaption><\/a><\/figure><figure class=\"effect-jazz\"><img data-src=\"https:\/\/djk-dom-minden.de\/football\/wp-content\/uploads\/2024\/10\/djk-blickpunkt-05_24_02_00-100x33.jpg\" class=\"lazyload\" data-srcset=\"https:\/\/djk-dom-minden.de\/football\/wp-content\/uploads\/2024\/10\/djk-blickpunkt-05_24_02_00-300x98.jpg 300w, https:\/\/djk-dom-minden.de\/football\/wp-content\/uploads\/2024\/10\/djk-blickpunkt-05_24_02_00-1024x333.jpg 1024w, https:\/\/djk-dom-minden.de\/football\/wp-content\/uploads\/2024\/10\/djk-blickpunkt-05_24_02_00-150x150.jpg 150w, https:\/\/djk-dom-minden.de\/football\/wp-content\/uploads\/2024\/10\/djk-blickpunkt-05_24_02_00-768x250.jpg 768w, https:\/\/djk-dom-minden.de\/football\/wp-content\/uploads\/2024\/10\/djk-blickpunkt-05_24_02_00-1536x499.jpg 1536w, https:\/\/djk-dom-minden.de\/football\/wp-content\/uploads\/2024\/10\/djk-blickpunkt-05_24_02_00-1200x390.jpg 1200w, https:\/\/djk-dom-minden.de\/football\/wp-content\/uploads\/2024\/10\/djk-blickpunkt-05_24_02_00-1100x358.jpg 1100w, https:\/\/djk-dom-minden.de\/football\/wp-content\/uploads\/2024\/10\/djk-blickpunkt-05_24_02_00-1000x325.jpg 1000w, https:\/\/djk-dom-minden.de\/football\/wp-content\/uploads\/2024\/10\/djk-blickpunkt-05_24_02_00-900x293.jpg 900w, https:\/\/djk-dom-minden.de\/football\/wp-content\/uploads\/2024\/10\/djk-blickpunkt-05_24_02_00-800x260.jpg 800w, https:\/\/djk-dom-minden.de\/football\/wp-content\/uploads\/2024\/10\/djk-blickpunkt-05_24_02_00-700x228.jpg 700w, https:\/\/djk-dom-minden.de\/football\/wp-content\/uploads\/2024\/10\/djk-blickpunkt-05_24_02_00-600x195.jpg 600w, https:\/\/djk-dom-minden.de\/football\/wp-content\/uploads\/2024\/10\/djk-blickpunkt-05_24_02_00-500x163.jpg 500w, https:\/\/djk-dom-minden.de\/football\/wp-content\/uploads\/2024\/10\/djk-blickpunkt-05_24_02_00-400x130.jpg 400w, https:\/\/djk-dom-minden.de\/football\/wp-content\/uploads\/2024\/10\/djk-blickpunkt-05_24_02_00-300x98.jpg 300w, https:\/\/djk-dom-minden.de\/football\/wp-content\/uploads\/2024\/10\/djk-blickpunkt-05_24_02_00-200x65.jpg 200w, https:\/\/djk-dom-minden.de\/football\/wp-content\/uploads\/2024\/10\/djk-blickpunkt-05_24_02_00-100x33.jpg 100w\" data-sizes=\"auto\"\/><a href=\"https:\/\/djk-dom-minden.de\/football\/news\/das-haben-wir-uns-in-unseren-kuehnsten-traeumen-nicht-vorstellen-koennen\" target=\"_self\"><figcaption><span class=\"title\"><p class=\"tag\">\u201eDas haben wir uns in unseren k\u00fchnsten Tr\u00e4umen nicht vorstellen k\u00f6nnen\u201c<\/p><\/span><\/figcaption><\/a><\/figure><figure class=\"effect-jazz\"><img data-src=\"https:\/\/djk-dom-minden.de\/football\/minden-wolves\/wp-content\/uploads\/sites\/2\/2025\/09\/gameday_hannover_00-100x33.jpg\" class=\"lazyload\" data-srcset=\"https:\/\/djk-dom-minden.de\/football\/minden-wolves\/wp-content\/uploads\/sites\/2\/2025\/09\/gameday_hannover_00-300x98.jpg 300w, https:\/\/djk-dom-minden.de\/football\/minden-wolves\/wp-content\/uploads\/sites\/2\/2025\/09\/gameday_hannover_00-1024x333.jpg 1024w, https:\/\/djk-dom-minden.de\/football\/minden-wolves\/wp-content\/uploads\/sites\/2\/2025\/09\/gameday_hannover_00-150x150.jpg 150w, https:\/\/djk-dom-minden.de\/football\/minden-wolves\/wp-content\/uploads\/sites\/2\/2025\/09\/gameday_hannover_00-768x250.jpg 768w, https:\/\/djk-dom-minden.de\/football\/minden-wolves\/wp-content\/uploads\/sites\/2\/2025\/09\/gameday_hannover_00-1536x499.jpg 1536w, https:\/\/djk-dom-minden.de\/football\/minden-wolves\/wp-content\/uploads\/sites\/2\/2025\/09\/gameday_hannover_00-1200x390.jpg 1200w, https:\/\/djk-dom-minden.de\/football\/minden-wolves\/wp-content\/uploads\/sites\/2\/2025\/09\/gameday_hannover_00-1100x358.jpg 1100w, https:\/\/djk-dom-minden.de\/football\/minden-wolves\/wp-content\/uploads\/sites\/2\/2025\/09\/gameday_hannover_00-1000x325.jpg 1000w, https:\/\/djk-dom-minden.de\/football\/minden-wolves\/wp-content\/uploads\/sites\/2\/2025\/09\/gameday_hannover_00-900x293.jpg 900w, https:\/\/djk-dom-minden.de\/football\/minden-wolves\/wp-content\/uploads\/sites\/2\/2025\/09\/gameday_hannover_00-800x260.jpg 800w, https:\/\/djk-dom-minden.de\/football\/minden-wolves\/wp-content\/uploads\/sites\/2\/2025\/09\/gameday_hannover_00-700x228.jpg 700w, https:\/\/djk-dom-minden.de\/football\/minden-wolves\/wp-content\/uploads\/sites\/2\/2025\/09\/gameday_hannover_00-600x195.jpg 600w, https:\/\/djk-dom-minden.de\/football\/minden-wolves\/wp-content\/uploads\/sites\/2\/2025\/09\/gameday_hannover_00-500x163.jpg 500w, https:\/\/djk-dom-minden.de\/football\/minden-wolves\/wp-content\/uploads\/sites\/2\/2025\/09\/gameday_hannover_00-400x130.jpg 400w, https:\/\/djk-dom-minden.de\/football\/minden-wolves\/wp-content\/uploads\/sites\/2\/2025\/09\/gameday_hannover_00-300x98.jpg 300w, https:\/\/djk-dom-minden.de\/football\/minden-wolves\/wp-content\/uploads\/sites\/2\/2025\/09\/gameday_hannover_00-200x65.jpg 200w, https:\/\/djk-dom-minden.de\/football\/minden-wolves\/wp-content\/uploads\/sites\/2\/2025\/09\/gameday_hannover_00-100x33.jpg 100w\" data-sizes=\"auto\"\/><a href=\"https:\/\/djk-dom-minden.de\/football\/minden-wolves\/news\/wolves-zittern-sich-in-die-2-bundesliga\" target=\"_self\"><figcaption><span class=\"title\"><p class=\"tag\">Wolves zittern sich in die 2. Bundesliga<\/p><\/span><span class=\"teaser_highlight\"><span class=\"teaser\"><p>Vor ihren 2.500 Fans bejubeln Headcoach Phil Gamble (Mitte mit Pokal) uns seine Jungs den Aufstieg in die GFL2.<\/p><p><\/p><\/span><\/span><\/figcaption><\/a><\/figure><figure class=\"effect-jazz\"><img data-src=\"https:\/\/djk-dom-minden.de\/football\/cheerleading\/wp-content\/uploads\/sites\/5\/2023\/01\/cheerleader_probetraining-100x33.jpg\" class=\"lazyload\" data-srcset=\"https:\/\/djk-dom-minden.de\/football\/cheerleading\/wp-content\/uploads\/sites\/5\/2023\/01\/cheerleader_probetraining-300x98.jpg 300w, https:\/\/djk-dom-minden.de\/football\/cheerleading\/wp-content\/uploads\/sites\/5\/2023\/01\/cheerleader_probetraining-1024x333.jpg 1024w, https:\/\/djk-dom-minden.de\/football\/cheerleading\/wp-content\/uploads\/sites\/5\/2023\/01\/cheerleader_probetraining-150x150.jpg 150w, https:\/\/djk-dom-minden.de\/football\/cheerleading\/wp-content\/uploads\/sites\/5\/2023\/01\/cheerleader_probetraining-768x250.jpg 768w, https:\/\/djk-dom-minden.de\/football\/cheerleading\/wp-content\/uploads\/sites\/5\/2023\/01\/cheerleader_probetraining-1536x499.jpg 1536w, https:\/\/djk-dom-minden.de\/football\/cheerleading\/wp-content\/uploads\/sites\/5\/2023\/01\/cheerleader_probetraining-1200x390.jpg 1200w, https:\/\/djk-dom-minden.de\/football\/cheerleading\/wp-content\/uploads\/sites\/5\/2023\/01\/cheerleader_probetraining-1100x358.jpg 1100w, https:\/\/djk-dom-minden.de\/football\/cheerleading\/wp-content\/uploads\/sites\/5\/2023\/01\/cheerleader_probetraining-1000x325.jpg 1000w, https:\/\/djk-dom-minden.de\/football\/cheerleading\/wp-content\/uploads\/sites\/5\/2023\/01\/cheerleader_probetraining-900x293.jpg 900w, https:\/\/djk-dom-minden.de\/football\/cheerleading\/wp-content\/uploads\/sites\/5\/2023\/01\/cheerleader_probetraining-800x260.jpg 800w, https:\/\/djk-dom-minden.de\/football\/cheerleading\/wp-content\/uploads\/sites\/5\/2023\/01\/cheerleader_probetraining-700x228.jpg 700w, https:\/\/djk-dom-minden.de\/football\/cheerleading\/wp-content\/uploads\/sites\/5\/2023\/01\/cheerleader_probetraining-600x195.jpg 600w, https:\/\/djk-dom-minden.de\/football\/cheerleading\/wp-content\/uploads\/sites\/5\/2023\/01\/cheerleader_probetraining-500x163.jpg 500w, https:\/\/djk-dom-minden.de\/football\/cheerleading\/wp-content\/uploads\/sites\/5\/2023\/01\/cheerleader_probetraining-400x130.jpg 400w, https:\/\/djk-dom-minden.de\/football\/cheerleading\/wp-content\/uploads\/sites\/5\/2023\/01\/cheerleader_probetraining-300x98.jpg 300w, https:\/\/djk-dom-minden.de\/football\/cheerleading\/wp-content\/uploads\/sites\/5\/2023\/01\/cheerleader_probetraining-200x65.jpg 200w, https:\/\/djk-dom-minden.de\/football\/cheerleading\/wp-content\/uploads\/sites\/5\/2023\/01\/cheerleader_probetraining-100x33.jpg 100w\" data-sizes=\"auto\"\/><a href=\"https:\/\/djk-dom-minden.de\/football\/cheerleading\/news\/akrobatik-bodenturnen-und-tanz-zu-einer-tollen-mischung-vereinigt\" target=\"_self\"><figcaption><span class=\"title\"><p class=\"tag\">Akrobatik, Bodenturnen und Tanz zu einer tollen Mischung vereinigt<\/p><\/span><span class=\"teaser_highlight\"><span class=\"teaser\"><p>NEU Cheerleading<\/p><p>\u201eBlue Heat\u201c<\/p><\/span><\/span><\/figcaption><\/a><\/figure><figure class=\"effect-jazz\"><img data-src=\"https:\/\/djk-dom-minden.de\/football\/minden-wolves\/wp-content\/uploads\/sites\/2\/2025\/09\/vorschau_hannover_00-100x33.jpg\" class=\"lazyload\" data-srcset=\"https:\/\/djk-dom-minden.de\/football\/minden-wolves\/wp-content\/uploads\/sites\/2\/2025\/09\/vorschau_hannover_00-300x98.jpg 300w, https:\/\/djk-dom-minden.de\/football\/minden-wolves\/wp-content\/uploads\/sites\/2\/2025\/09\/vorschau_hannover_00-1024x333.jpg 1024w, https:\/\/djk-dom-minden.de\/football\/minden-wolves\/wp-content\/uploads\/sites\/2\/2025\/09\/vorschau_hannover_00-150x150.jpg 150w, https:\/\/djk-dom-minden.de\/football\/minden-wolves\/wp-content\/uploads\/sites\/2\/2025\/09\/vorschau_hannover_00-768x250.jpg 768w, https:\/\/djk-dom-minden.de\/football\/minden-wolves\/wp-content\/uploads\/sites\/2\/2025\/09\/vorschau_hannover_00-1536x499.jpg 1536w, https:\/\/djk-dom-minden.de\/football\/minden-wolves\/wp-content\/uploads\/sites\/2\/2025\/09\/vorschau_hannover_00-1200x390.jpg 1200w, https:\/\/djk-dom-minden.de\/football\/minden-wolves\/wp-content\/uploads\/sites\/2\/2025\/09\/vorschau_hannover_00-1100x358.jpg 1100w, https:\/\/djk-dom-minden.de\/football\/minden-wolves\/wp-content\/uploads\/sites\/2\/2025\/09\/vorschau_hannover_00-1000x325.jpg 1000w, https:\/\/djk-dom-minden.de\/football\/minden-wolves\/wp-content\/uploads\/sites\/2\/2025\/09\/vorschau_hannover_00-900x293.jpg 900w, https:\/\/djk-dom-minden.de\/football\/minden-wolves\/wp-content\/uploads\/sites\/2\/2025\/09\/vorschau_hannover_00-800x260.jpg 800w, https:\/\/djk-dom-minden.de\/football\/minden-wolves\/wp-content\/uploads\/sites\/2\/2025\/09\/vorschau_hannover_00-700x228.jpg 700w, https:\/\/djk-dom-minden.de\/football\/minden-wolves\/wp-content\/uploads\/sites\/2\/2025\/09\/vorschau_hannover_00-600x195.jpg 600w, https:\/\/djk-dom-minden.de\/football\/minden-wolves\/wp-content\/uploads\/sites\/2\/2025\/09\/vorschau_hannover_00-500x163.jpg 500w, https:\/\/djk-dom-minden.de\/football\/minden-wolves\/wp-content\/uploads\/sites\/2\/2025\/09\/vorschau_hannover_00-400x130.jpg 400w, https:\/\/djk-dom-minden.de\/football\/minden-wolves\/wp-content\/uploads\/sites\/2\/2025\/09\/vorschau_hannover_00-300x98.jpg 300w, https:\/\/djk-dom-minden.de\/football\/minden-wolves\/wp-content\/uploads\/sites\/2\/2025\/09\/vorschau_hannover_00-200x65.jpg 200w, https:\/\/djk-dom-minden.de\/football\/minden-wolves\/wp-content\/uploads\/sites\/2\/2025\/09\/vorschau_hannover_00-100x33.jpg 100w\" data-sizes=\"auto\"\/><a href=\"https:\/\/djk-dom-minden.de\/football\/minden-wolves\/news\/die-tuer-zur-2-bundesliga-steht-den-wolves-weit-offen\" target=\"_self\"><figcaption><span class=\"title\"><p class=\"tag\">Die T\u00fcr zur 2. Bundesliga steht den Wolves weit offen<\/p><\/span><span class=\"teaser_highlight\"><span class=\"teaser\"><p> Die Mindener Defense ist, wie hier im Hinspiel, gegen die Offense der Grizzlies gefordert<\/p><p><\/p><\/span><\/span><\/figcaption><\/a><\/figure><\/div><\/div>\t\t<\/div>\n\t\t\t\t<\/div>\n\t\t\t\t\t<\/div>\n\t\t<\/div>\n\t\t\t\t\t<\/div>\n\t\t<\/section>\n\t\t\t\t<section class=\"elementor-section elementor-top-section elementor-element elementor-element-abadf78 elementor-section-full_width elementor-section-height-default elementor-section-height-default\" data-id=\"abadf78\" data-element_type=\"section\">\n\t\t\t\t\t\t<div class=\"elementor-container elementor-column-gap-no\">\n\t\t\t\t\t<div class=\"elementor-column elementor-col-33 elementor-top-column elementor-element elementor-element-4a4cf70\" data-id=\"4a4cf70\" data-element_type=\"column\" data-settings=\"{&quot;background_background&quot;:&quot;gradient&quot;}\">\n\t\t\t<div class=\"elementor-widget-wrap elementor-element-populated\">\n\t\t\t\t\t<div class=\"elementor-background-overlay\"><\/div>\n\t\t\t\t\t\t<div class=\"elementor-element elementor-element-c8e8d65 elementor-widget elementor-widget-template\" data-id=\"c8e8d65\" data-element_type=\"widget\" data-widget_type=\"template.default\">\n\t\t\t\t<div class=\"elementor-widget-container\">\n\t\t\t\t\t<div class=\"elementor-template\">\n\t\t\t\t\t<div data-elementor-type=\"section\" data-elementor-id=\"119\" class=\"elementor elementor-119\" data-elementor-post-type=\"elementor_library\">\n\t\t\t\t\t<section class=\"elementor-section elementor-inner-section elementor-element elementor-element-c8ef375 elementor-section-full_width elementor-section-content-middle elementor-section-height-default elementor-section-height-default\" data-id=\"c8ef375\" data-element_type=\"section\">\n\t\t\t\t\t\t<div class=\"elementor-container elementor-column-gap-no\">\n\t\t\t\t\t<div class=\"elementor-column elementor-col-50 elementor-inner-column elementor-element elementor-element-26dbc64b\" data-id=\"26dbc64b\" data-element_type=\"column\">\n\t\t\t<div class=\"elementor-widget-wrap elementor-element-populated\">\n\t\t\t\t\t\t<div class=\"elementor-element elementor-element-f88c2ad elementor-widget elementor-widget-heading\" data-id=\"f88c2ad\" data-element_type=\"widget\" data-widget_type=\"heading.default\">\n\t\t\t\t<div class=\"elementor-widget-container\">\n\t\t\t<h2 class=\"elementor-heading-title elementor-size-default\">Blickpunkt<\/h2>\t\t<\/div>\n\t\t\t\t<\/div>\n\t\t\t\t<div class=\"elementor-element elementor-element-56c83d46 elementor-widget elementor-widget-global-magazine-download\" data-id=\"56c83d46\" data-element_type=\"widget\" data-widget_type=\"global-magazine-download.default\">\n\t\t\t\t<div class=\"elementor-widget-container\">\n\t\t\t<div class=\"magazine-download-button\"><a href=\"https:\/\/djk-dom-minden.de\/wp-content\/uploads\/2025\/01\/blickpunkt-dez-jan-2024-web.pdf\" target=\"_blank\">Jetzt downloaden<\/a><\/div>\t\t<\/div>\n\t\t\t\t<\/div>\n\t\t\t\t\t<\/div>\n\t\t<\/div>\n\t\t\t\t<div class=\"elementor-column elementor-col-50 elementor-inner-column elementor-element elementor-element-400adfee\" data-id=\"400adfee\" data-element_type=\"column\">\n\t\t\t<div class=\"elementor-widget-wrap elementor-element-populated\">\n\t\t\t\t\t\t<div class=\"elementor-element elementor-element-4bdceaf5 elementor-widget elementor-widget-djk_logo\" data-id=\"4bdceaf5\" data-element_type=\"widget\" data-widget_type=\"djk_logo.default\">\n\t\t\t\t<div class=\"elementor-widget-container\">\n\t\t\t<div class=\"logo\"><img decoding=\"async\" src=\"https:\/\/djk-dom-minden.de\/football\/wp-content\/uploads\/2020\/09\/DJKLogo.svg\" alt=\"\" title=\"DJKLogo\"><\/div>\t\t<\/div>\n\t\t\t\t<\/div>\n\t\t\t\t\t<\/div>\n\t\t<\/div>\n\t\t\t\t\t<\/div>\n\t\t<\/section>\n\t\t\t\t<\/div>\n\t\t\t\t<\/div>\n\t\t\t\t<\/div>\n\t\t\t\t<\/div>\n\t\t\t\t\t<\/div>\n\t\t<\/div>\n\t\t\t\t<div class=\"elementor-column elementor-col-33 elementor-top-column elementor-element elementor-element-8f97601\" data-id=\"8f97601\" data-element_type=\"column\" data-settings=\"{&quot;background_background&quot;:&quot;classic&quot;}\">\n\t\t\t<div class=\"elementor-widget-wrap elementor-element-populated\">\n\t\t\t\t\t\t<div class=\"elementor-element elementor-element-2dfb2ad elementor-widget elementor-widget-template\" data-id=\"2dfb2ad\" data-element_type=\"widget\" data-widget_type=\"template.default\">\n\t\t\t\t<div class=\"elementor-widget-container\">\n\t\t\t\t\t<div class=\"elementor-template\">\n\t\t\t\t\t<div data-elementor-type=\"section\" data-elementor-id=\"122\" class=\"elementor elementor-122\" data-elementor-post-type=\"elementor_library\">\n\t\t\t\t\t<section class=\"elementor-section elementor-inner-section elementor-element elementor-element-49785808 elementor-section-full_width elementor-section-content-middle elementor-section-height-default elementor-section-height-default\" data-id=\"49785808\" data-element_type=\"section\">\n\t\t\t\t\t\t<div class=\"elementor-container elementor-column-gap-no\">\n\t\t\t\t\t<div class=\"elementor-column elementor-col-50 elementor-inner-column elementor-element elementor-element-42b32004\" data-id=\"42b32004\" data-element_type=\"column\" data-settings=\"{&quot;background_background&quot;:&quot;classic&quot;}\">\n\t\t\t<div class=\"elementor-widget-wrap elementor-element-populated\">\n\t\t\t\t\t\t<div class=\"elementor-element elementor-element-562c9c9b elementor-widget elementor-widget-heading\" data-id=\"562c9c9b\" data-element_type=\"widget\" data-widget_type=\"heading.default\">\n\t\t\t\t<div class=\"elementor-widget-container\">\n\t\t\t<h2 class=\"elementor-heading-title elementor-size-default\">Zeltlager<\/h2>\t\t<\/div>\n\t\t\t\t<\/div>\n\t\t\t\t<div class=\"elementor-element elementor-element-c17541e elementor-align-left elementor-tablet-align-center elementor-widget elementor-widget-button\" data-id=\"c17541e\" data-element_type=\"widget\" data-widget_type=\"button.default\">\n\t\t\t\t<div class=\"elementor-widget-container\">\n\t\t\t\t\t\t\t<div class=\"elementor-button-wrapper\">\n\t\t\t\t\t<a class=\"elementor-button elementor-button-link elementor-size-sm\" href=\"https:\/\/djk-dom-minden.de\/zeltlager\/veranstaltungen\/\" target=\"_blank\">\n\t\t\t\t\t\t<span class=\"elementor-button-content-wrapper\">\n\t\t\t\t\t\t\t\t\t<span class=\"elementor-button-text\">Jetzt anmelden<\/span>\n\t\t\t\t\t<\/span>\n\t\t\t\t\t<\/a>\n\t\t\t\t<\/div>\n\t\t\t\t\t\t<\/div>\n\t\t\t\t<\/div>\n\t\t\t\t\t<\/div>\n\t\t<\/div>\n\t\t\t\t<div class=\"elementor-column elementor-col-50 elementor-inner-column elementor-element elementor-element-1953ab38\" data-id=\"1953ab38\" data-element_type=\"column\">\n\t\t\t<div class=\"elementor-widget-wrap\">\n\t\t\t\t\t\t\t<\/div>\n\t\t<\/div>\n\t\t\t\t\t<\/div>\n\t\t<\/section>\n\t\t\t\t<\/div>\n\t\t\t\t<\/div>\n\t\t\t\t<\/div>\n\t\t\t\t<\/div>\n\t\t\t\t\t<\/div>\n\t\t<\/div>\n\t\t\t\t<div class=\"elementor-column elementor-col-33 elementor-top-column elementor-element elementor-element-26cc7d0\" data-id=\"26cc7d0\" data-element_type=\"column\" data-settings=\"{&quot;background_background&quot;:&quot;classic&quot;}\">\n\t\t\t<div class=\"elementor-widget-wrap elementor-element-populated\">\n\t\t\t\t\t\t<div class=\"elementor-element elementor-element-cbfc178 elementor-widget elementor-widget-template\" data-id=\"cbfc178\" data-element_type=\"widget\" data-widget_type=\"template.default\">\n\t\t\t\t<div class=\"elementor-widget-container\">\n\t\t\t\t\t<div class=\"elementor-template\">\n\t\t\t\t\t<div data-elementor-type=\"section\" data-elementor-id=\"125\" class=\"elementor elementor-125\" data-elementor-post-type=\"elementor_library\">\n\t\t\t\t\t<section class=\"elementor-section elementor-inner-section elementor-element elementor-element-1b88ceb9 elementor-section-full_width elementor-section-content-middle elementor-section-height-default elementor-section-height-default\" data-id=\"1b88ceb9\" data-element_type=\"section\" data-settings=\"{&quot;background_background&quot;:&quot;classic&quot;}\">\n\t\t\t\t\t\t<div class=\"elementor-container elementor-column-gap-no\">\n\t\t\t\t\t<div class=\"elementor-column elementor-col-50 elementor-inner-column elementor-element elementor-element-62546a5\" data-id=\"62546a5\" data-element_type=\"column\">\n\t\t\t<div class=\"elementor-widget-wrap elementor-element-populated\">\n\t\t\t\t\t\t<div class=\"elementor-element elementor-element-e3d4e84 elementor-widget elementor-widget-global-members\" data-id=\"e3d4e84\" data-element_type=\"widget\" data-widget_type=\"global-members.default\">\n\t\t\t\t<div class=\"elementor-widget-container\">\n\t\t\t<div class=\"members-container\"><div class=\"members_headline\"><h2>1939<\/h2><\/div><\/div>\t\t<\/div>\n\t\t\t\t<\/div>\n\t\t\t\t<div class=\"elementor-element elementor-element-438c86d1 elementor-widget elementor-widget-heading\" data-id=\"438c86d1\" data-element_type=\"widget\" data-widget_type=\"heading.default\">\n\t\t\t\t<div class=\"elementor-widget-container\">\n\t\t\t<h2 class=\"elementor-heading-title elementor-size-default\">Mitglieder<\/h2>\t\t<\/div>\n\t\t\t\t<\/div>\n\t\t\t\t\t<\/div>\n\t\t<\/div>\n\t\t\t\t<div class=\"elementor-column elementor-col-50 elementor-inner-column elementor-element elementor-element-5ecd7681\" data-id=\"5ecd7681\" data-element_type=\"column\" data-settings=\"{&quot;background_background&quot;:&quot;classic&quot;}\">\n\t\t\t<div class=\"elementor-widget-wrap elementor-element-populated\">\n\t\t\t\t\t\t<div class=\"elementor-element elementor-element-51866234 elementor-align-left elementor-tablet-align-center elementor-mobile-align-center elementor-widget elementor-widget-button\" data-id=\"51866234\" data-element_type=\"widget\" data-widget_type=\"button.default\">\n\t\t\t\t<div class=\"elementor-widget-container\">\n\t\t\t\t\t\t\t<div class=\"elementor-button-wrapper\">\n\t\t\t\t\t<a class=\"elementor-button elementor-button-link elementor-size-sm\" href=\"https:\/\/djk-dom-minden.de\/aufnahmeantrag\/\">\n\t\t\t\t\t\t<span class=\"elementor-button-content-wrapper\">\n\t\t\t\t\t\t\t\t\t<span class=\"elementor-button-text\">Jetzt Mitglied werden<\/span>\n\t\t\t\t\t<\/span>\n\t\t\t\t\t<\/a>\n\t\t\t\t<\/div>\n\t\t\t\t\t\t<\/div>\n\t\t\t\t<\/div>\n\t\t\t\t\t<\/div>\n\t\t<\/div>\n\t\t\t\t\t<\/div>\n\t\t<\/section>\n\t\t\t\t<\/div>\n\t\t\t\t<\/div>\n\t\t\t\t<\/div>\n\t\t\t\t<\/div>\n\t\t\t\t\t<\/div>\n\t\t<\/div>\n\t\t\t\t\t<\/div>\n\t\t<\/section>\n\t\t\t\t<section class=\"elementor-section elementor-top-section elementor-element elementor-element-ad7ada7 elementor-section-full_width elementor-section-height-default elementor-section-height-default\" data-id=\"ad7ada7\" data-element_type=\"section\">\n\t\t\t\t\t\t<div class=\"elementor-container elementor-column-gap-no\">\n\t\t\t\t\t<div class=\"elementor-column elementor-col-100 elementor-top-column elementor-element elementor-element-626e252\" data-id=\"626e252\" data-element_type=\"column\">\n\t\t\t<div class=\"elementor-widget-wrap elementor-element-populated\">\n\t\t\t\t\t\t<div class=\"elementor-element elementor-element-2921edc elementor-widget elementor-widget-heading\" data-id=\"2921edc\" data-element_type=\"widget\" data-widget_type=\"heading.default\">\n\t\t\t\t<div class=\"elementor-widget-container\">\n\t\t\t<h1 class=\"elementor-heading-title elementor-size-default\">Aktuelle News<\/h1>\t\t<\/div>\n\t\t\t\t<\/div>\n\t\t\t\t<div class=\"elementor-element elementor-element-1eb9c6a elementor-widget elementor-widget-global-news-overview\" data-id=\"1eb9c6a\" data-element_type=\"widget\" data-widget_type=\"global-news-overview.default\">\n\t\t\t\t<div class=\"elementor-widget-container\">\n\t\t\t<div class=\"grid\"><figure class=\"effect-jazz\"><img data-src=\"https:\/\/djk-dom-minden.de\/football\/wp-content\/uploads\/2024\/08\/djk-blickpunkt-04_24_03_00-100x33.jpg\" class=\"lazyload\" data-srcset=\"https:\/\/djk-dom-minden.de\/football\/wp-content\/uploads\/2024\/08\/djk-blickpunkt-04_24_03_00-300x98.jpg 300w, https:\/\/djk-dom-minden.de\/football\/wp-content\/uploads\/2024\/08\/djk-blickpunkt-04_24_03_00-1024x333.jpg 1024w, https:\/\/djk-dom-minden.de\/football\/wp-content\/uploads\/2024\/08\/djk-blickpunkt-04_24_03_00-150x150.jpg 150w, https:\/\/djk-dom-minden.de\/football\/wp-content\/uploads\/2024\/08\/djk-blickpunkt-04_24_03_00-768x250.jpg 768w, https:\/\/djk-dom-minden.de\/football\/wp-content\/uploads\/2024\/08\/djk-blickpunkt-04_24_03_00-1536x499.jpg 1536w, https:\/\/djk-dom-minden.de\/football\/wp-content\/uploads\/2024\/08\/djk-blickpunkt-04_24_03_00-1200x390.jpg 1200w, https:\/\/djk-dom-minden.de\/football\/wp-content\/uploads\/2024\/08\/djk-blickpunkt-04_24_03_00-1100x358.jpg 1100w, https:\/\/djk-dom-minden.de\/football\/wp-content\/uploads\/2024\/08\/djk-blickpunkt-04_24_03_00-1000x325.jpg 1000w, https:\/\/djk-dom-minden.de\/football\/wp-content\/uploads\/2024\/08\/djk-blickpunkt-04_24_03_00-900x293.jpg 900w, https:\/\/djk-dom-minden.de\/football\/wp-content\/uploads\/2024\/08\/djk-blickpunkt-04_24_03_00-800x260.jpg 800w, https:\/\/djk-dom-minden.de\/football\/wp-content\/uploads\/2024\/08\/djk-blickpunkt-04_24_03_00-700x228.jpg 700w, https:\/\/djk-dom-minden.de\/football\/wp-content\/uploads\/2024\/08\/djk-blickpunkt-04_24_03_00-600x195.jpg 600w, https:\/\/djk-dom-minden.de\/football\/wp-content\/uploads\/2024\/08\/djk-blickpunkt-04_24_03_00-500x163.jpg 500w, https:\/\/djk-dom-minden.de\/football\/wp-content\/uploads\/2024\/08\/djk-blickpunkt-04_24_03_00-400x130.jpg 400w, https:\/\/djk-dom-minden.de\/football\/wp-content\/uploads\/2024\/08\/djk-blickpunkt-04_24_03_00-300x98.jpg 300w, https:\/\/djk-dom-minden.de\/football\/wp-content\/uploads\/2024\/08\/djk-blickpunkt-04_24_03_00-200x65.jpg 200w, https:\/\/djk-dom-minden.de\/football\/wp-content\/uploads\/2024\/08\/djk-blickpunkt-04_24_03_00-100x33.jpg 100w\" data-sizes=\"auto\"\/><a href=\"https:\/\/djk-dom-minden.de\/football\/news\/bei-uns-hat-es-nie-einen-philosophie-wechsel-gegeben\" target=\"_self\"><figcaption><div class=\"fig-item\"><span class=\"title\"><h3>\u201eBei uns hat es nie einen Philosophie-Wechsel...<\/h3><\/span><span class=\"date\"><h5>19.08.2024<\/h5><\/span><\/div><\/figcaption><\/a><\/figure><figure class=\"effect-jazz\"><img data-src=\"https:\/\/djk-dom-minden.de\/football\/wp-content\/uploads\/2020\/07\/football_teaser-1-100x33.jpg\" class=\"lazyload\" data-srcset=\"https:\/\/djk-dom-minden.de\/football\/wp-content\/uploads\/2020\/07\/football_teaser-1-300x98.jpg 300w, https:\/\/djk-dom-minden.de\/football\/wp-content\/uploads\/2020\/07\/football_teaser-1-1024x333.jpg 1024w, https:\/\/djk-dom-minden.de\/football\/wp-content\/uploads\/2020\/07\/football_teaser-1-150x150.jpg 150w, https:\/\/djk-dom-minden.de\/football\/wp-content\/uploads\/2020\/07\/football_teaser-1-768x250.jpg 768w, https:\/\/djk-dom-minden.de\/football\/wp-content\/uploads\/2020\/07\/football_teaser-1-1536x499.jpg 1536w, https:\/\/djk-dom-minden.de\/football\/wp-content\/uploads\/2020\/07\/football_teaser-1-1200x390.jpg 1200w, https:\/\/djk-dom-minden.de\/football\/wp-content\/uploads\/2020\/07\/football_teaser-1-1100x358.jpg 1100w, https:\/\/djk-dom-minden.de\/football\/wp-content\/uploads\/2020\/07\/football_teaser-1-1000x325.jpg 1000w, https:\/\/djk-dom-minden.de\/football\/wp-content\/uploads\/2020\/07\/football_teaser-1-900x293.jpg 900w, https:\/\/djk-dom-minden.de\/football\/wp-content\/uploads\/2020\/07\/football_teaser-1-800x260.jpg 800w, https:\/\/djk-dom-minden.de\/football\/wp-content\/uploads\/2020\/07\/football_teaser-1-700x228.jpg 700w, https:\/\/djk-dom-minden.de\/football\/wp-content\/uploads\/2020\/07\/football_teaser-1-600x195.jpg 600w, https:\/\/djk-dom-minden.de\/football\/wp-content\/uploads\/2020\/07\/football_teaser-1-500x163.jpg 500w, https:\/\/djk-dom-minden.de\/football\/wp-content\/uploads\/2020\/07\/football_teaser-1-400x130.jpg 400w, https:\/\/djk-dom-minden.de\/football\/wp-content\/uploads\/2020\/07\/football_teaser-1-300x98.jpg 300w, https:\/\/djk-dom-minden.de\/football\/wp-content\/uploads\/2020\/07\/football_teaser-1-200x65.jpg 200w, https:\/\/djk-dom-minden.de\/football\/wp-content\/uploads\/2020\/07\/football_teaser-1-100x33.jpg 100w\" data-sizes=\"auto\"\/><a href=\"https:\/\/djk-dom-minden.de\/football\/news\/football-mit-phil-gamble\" target=\"_self\"><figcaption><div class=\"fig-item\"><span class=\"title\"><h3>Football mit Phil Gamble<\/h3><\/span><span class=\"date\"><h5>25.07.2020<\/h5><\/span><\/div><\/figcaption><\/a><\/figure><figure class=\"effect-jazz\"><img data-src=\"https:\/\/djk-dom-minden.de\/football\/minden-wolves\/wp-content\/uploads\/sites\/2\/2025\/09\/awaygame_playoff_hannover_00-100x33.jpg\" class=\"lazyload\" data-srcset=\"https:\/\/djk-dom-minden.de\/football\/minden-wolves\/wp-content\/uploads\/sites\/2\/2025\/09\/awaygame_playoff_hannover_00-300x98.jpg 300w, https:\/\/djk-dom-minden.de\/football\/minden-wolves\/wp-content\/uploads\/sites\/2\/2025\/09\/awaygame_playoff_hannover_00-1024x333.jpg 1024w, https:\/\/djk-dom-minden.de\/football\/minden-wolves\/wp-content\/uploads\/sites\/2\/2025\/09\/awaygame_playoff_hannover_00-150x150.jpg 150w, https:\/\/djk-dom-minden.de\/football\/minden-wolves\/wp-content\/uploads\/sites\/2\/2025\/09\/awaygame_playoff_hannover_00-768x250.jpg 768w, https:\/\/djk-dom-minden.de\/football\/minden-wolves\/wp-content\/uploads\/sites\/2\/2025\/09\/awaygame_playoff_hannover_00-1536x499.jpg 1536w, https:\/\/djk-dom-minden.de\/football\/minden-wolves\/wp-content\/uploads\/sites\/2\/2025\/09\/awaygame_playoff_hannover_00-1200x390.jpg 1200w, https:\/\/djk-dom-minden.de\/football\/minden-wolves\/wp-content\/uploads\/sites\/2\/2025\/09\/awaygame_playoff_hannover_00-1100x358.jpg 1100w, https:\/\/djk-dom-minden.de\/football\/minden-wolves\/wp-content\/uploads\/sites\/2\/2025\/09\/awaygame_playoff_hannover_00-1000x325.jpg 1000w, https:\/\/djk-dom-minden.de\/football\/minden-wolves\/wp-content\/uploads\/sites\/2\/2025\/09\/awaygame_playoff_hannover_00-900x293.jpg 900w, https:\/\/djk-dom-minden.de\/football\/minden-wolves\/wp-content\/uploads\/sites\/2\/2025\/09\/awaygame_playoff_hannover_00-800x260.jpg 800w, https:\/\/djk-dom-minden.de\/football\/minden-wolves\/wp-content\/uploads\/sites\/2\/2025\/09\/awaygame_playoff_hannover_00-700x228.jpg 700w, https:\/\/djk-dom-minden.de\/football\/minden-wolves\/wp-content\/uploads\/sites\/2\/2025\/09\/awaygame_playoff_hannover_00-600x195.jpg 600w, https:\/\/djk-dom-minden.de\/football\/minden-wolves\/wp-content\/uploads\/sites\/2\/2025\/09\/awaygame_playoff_hannover_00-500x163.jpg 500w, https:\/\/djk-dom-minden.de\/football\/minden-wolves\/wp-content\/uploads\/sites\/2\/2025\/09\/awaygame_playoff_hannover_00-400x130.jpg 400w, https:\/\/djk-dom-minden.de\/football\/minden-wolves\/wp-content\/uploads\/sites\/2\/2025\/09\/awaygame_playoff_hannover_00-300x98.jpg 300w, https:\/\/djk-dom-minden.de\/football\/minden-wolves\/wp-content\/uploads\/sites\/2\/2025\/09\/awaygame_playoff_hannover_00-200x65.jpg 200w, https:\/\/djk-dom-minden.de\/football\/minden-wolves\/wp-content\/uploads\/sites\/2\/2025\/09\/awaygame_playoff_hannover_00-100x33.jpg 100w\" data-sizes=\"auto\"\/><a href=\"https:\/\/djk-dom-minden.de\/football\/minden-wolves\/news\/tuer-zur-2-bundesliga-steht-ganz-weit-offen\" target=\"_self\"><figcaption><div class=\"fig-item\"><span class=\"title\"><h3>T\u00fcr zur 2. Bundesliga steht ganz...<\/h3><\/span><span class=\"date\"><h5>15.09.2025<\/h5><\/span><\/div><\/figcaption><\/a><\/figure><figure class=\"effect-jazz\"><img data-src=\"https:\/\/djk-dom-minden.de\/football\/minden-wolves-cubs\/wp-content\/uploads\/sites\/3\/2022\/09\/wolves-cubs_teaser-100x33.jpg\" class=\"lazyload\" data-srcset=\"https:\/\/djk-dom-minden.de\/football\/minden-wolves-cubs\/wp-content\/uploads\/sites\/3\/2022\/09\/wolves-cubs_teaser-300x98.jpg 300w, https:\/\/djk-dom-minden.de\/football\/minden-wolves-cubs\/wp-content\/uploads\/sites\/3\/2022\/09\/wolves-cubs_teaser-1024x333.jpg 1024w, https:\/\/djk-dom-minden.de\/football\/minden-wolves-cubs\/wp-content\/uploads\/sites\/3\/2022\/09\/wolves-cubs_teaser-150x150.jpg 150w, https:\/\/djk-dom-minden.de\/football\/minden-wolves-cubs\/wp-content\/uploads\/sites\/3\/2022\/09\/wolves-cubs_teaser-768x250.jpg 768w, https:\/\/djk-dom-minden.de\/football\/minden-wolves-cubs\/wp-content\/uploads\/sites\/3\/2022\/09\/wolves-cubs_teaser-1536x499.jpg 1536w, https:\/\/djk-dom-minden.de\/football\/minden-wolves-cubs\/wp-content\/uploads\/sites\/3\/2022\/09\/wolves-cubs_teaser-1200x390.jpg 1200w, https:\/\/djk-dom-minden.de\/football\/minden-wolves-cubs\/wp-content\/uploads\/sites\/3\/2022\/09\/wolves-cubs_teaser-1100x358.jpg 1100w, https:\/\/djk-dom-minden.de\/football\/minden-wolves-cubs\/wp-content\/uploads\/sites\/3\/2022\/09\/wolves-cubs_teaser-1000x325.jpg 1000w, https:\/\/djk-dom-minden.de\/football\/minden-wolves-cubs\/wp-content\/uploads\/sites\/3\/2022\/09\/wolves-cubs_teaser-900x293.jpg 900w, https:\/\/djk-dom-minden.de\/football\/minden-wolves-cubs\/wp-content\/uploads\/sites\/3\/2022\/09\/wolves-cubs_teaser-800x260.jpg 800w, https:\/\/djk-dom-minden.de\/football\/minden-wolves-cubs\/wp-content\/uploads\/sites\/3\/2022\/09\/wolves-cubs_teaser-700x228.jpg 700w, https:\/\/djk-dom-minden.de\/football\/minden-wolves-cubs\/wp-content\/uploads\/sites\/3\/2022\/09\/wolves-cubs_teaser-600x195.jpg 600w, https:\/\/djk-dom-minden.de\/football\/minden-wolves-cubs\/wp-content\/uploads\/sites\/3\/2022\/09\/wolves-cubs_teaser-500x163.jpg 500w, https:\/\/djk-dom-minden.de\/football\/minden-wolves-cubs\/wp-content\/uploads\/sites\/3\/2022\/09\/wolves-cubs_teaser-400x130.jpg 400w, https:\/\/djk-dom-minden.de\/football\/minden-wolves-cubs\/wp-content\/uploads\/sites\/3\/2022\/09\/wolves-cubs_teaser-300x98.jpg 300w, https:\/\/djk-dom-minden.de\/football\/minden-wolves-cubs\/wp-content\/uploads\/sites\/3\/2022\/09\/wolves-cubs_teaser-200x65.jpg 200w, https:\/\/djk-dom-minden.de\/football\/minden-wolves-cubs\/wp-content\/uploads\/sites\/3\/2022\/09\/wolves-cubs_teaser-100x33.jpg 100w\" data-sizes=\"auto\"\/><a href=\"https:\/\/djk-dom-minden.de\/football\/minden-wolves-cubs\/news\/die-titelhoffnung-lebt-noch\" target=\"_self\"><figcaption><div class=\"fig-item\"><span class=\"title\"><h3>Die Titelhoffnung lebt noch<\/h3><\/span><span class=\"date\"><h5>02.09.2022<\/h5><\/span><\/div><\/figcaption><\/a><\/figure><figure class=\"effect-jazz\"><img data-src=\"https:\/\/djk-dom-minden.de\/football\/minden-wolves\/wp-content\/uploads\/sites\/2\/2025\/03\/coach_zimmermann_00-100x33.jpg\" class=\"lazyload\" data-srcset=\"https:\/\/djk-dom-minden.de\/football\/minden-wolves\/wp-content\/uploads\/sites\/2\/2025\/03\/coach_zimmermann_00-300x98.jpg 300w, https:\/\/djk-dom-minden.de\/football\/minden-wolves\/wp-content\/uploads\/sites\/2\/2025\/03\/coach_zimmermann_00-1024x333.jpg 1024w, https:\/\/djk-dom-minden.de\/football\/minden-wolves\/wp-content\/uploads\/sites\/2\/2025\/03\/coach_zimmermann_00-150x150.jpg 150w, https:\/\/djk-dom-minden.de\/football\/minden-wolves\/wp-content\/uploads\/sites\/2\/2025\/03\/coach_zimmermann_00-768x250.jpg 768w, https:\/\/djk-dom-minden.de\/football\/minden-wolves\/wp-content\/uploads\/sites\/2\/2025\/03\/coach_zimmermann_00-1536x499.jpg 1536w, https:\/\/djk-dom-minden.de\/football\/minden-wolves\/wp-content\/uploads\/sites\/2\/2025\/03\/coach_zimmermann_00-1200x390.jpg 1200w, https:\/\/djk-dom-minden.de\/football\/minden-wolves\/wp-content\/uploads\/sites\/2\/2025\/03\/coach_zimmermann_00-1100x358.jpg 1100w, https:\/\/djk-dom-minden.de\/football\/minden-wolves\/wp-content\/uploads\/sites\/2\/2025\/03\/coach_zimmermann_00-1000x325.jpg 1000w, https:\/\/djk-dom-minden.de\/football\/minden-wolves\/wp-content\/uploads\/sites\/2\/2025\/03\/coach_zimmermann_00-900x293.jpg 900w, https:\/\/djk-dom-minden.de\/football\/minden-wolves\/wp-content\/uploads\/sites\/2\/2025\/03\/coach_zimmermann_00-800x260.jpg 800w, https:\/\/djk-dom-minden.de\/football\/minden-wolves\/wp-content\/uploads\/sites\/2\/2025\/03\/coach_zimmermann_00-700x228.jpg 700w, https:\/\/djk-dom-minden.de\/football\/minden-wolves\/wp-content\/uploads\/sites\/2\/2025\/03\/coach_zimmermann_00-600x195.jpg 600w, https:\/\/djk-dom-minden.de\/football\/minden-wolves\/wp-content\/uploads\/sites\/2\/2025\/03\/coach_zimmermann_00-500x163.jpg 500w, https:\/\/djk-dom-minden.de\/football\/minden-wolves\/wp-content\/uploads\/sites\/2\/2025\/03\/coach_zimmermann_00-400x130.jpg 400w, https:\/\/djk-dom-minden.de\/football\/minden-wolves\/wp-content\/uploads\/sites\/2\/2025\/03\/coach_zimmermann_00-300x98.jpg 300w, https:\/\/djk-dom-minden.de\/football\/minden-wolves\/wp-content\/uploads\/sites\/2\/2025\/03\/coach_zimmermann_00-200x65.jpg 200w, https:\/\/djk-dom-minden.de\/football\/minden-wolves\/wp-content\/uploads\/sites\/2\/2025\/03\/coach_zimmermann_00-100x33.jpg 100w\" data-sizes=\"auto\"\/><a href=\"https:\/\/djk-dom-minden.de\/football\/minden-wolves\/news\/viel-fachwissen-fuer-das-juengste-nachwuchsprojekt\" target=\"_self\"><figcaption><div class=\"fig-item\"><span class=\"title\"><h3>Viel Fachwissen f\u00fcr das j\u00fcngste...<\/h3><\/span><span class=\"date\"><h5>19.03.2025<\/h5><\/span><\/div><\/figcaption><\/a><\/figure><figure class=\"effect-jazz\"><img data-src=\"https:\/\/djk-dom-minden.de\/football\/wp-content\/uploads\/2024\/10\/djk-blickpunkt-05_24_02_00-100x33.jpg\" class=\"lazyload\" data-srcset=\"https:\/\/djk-dom-minden.de\/football\/wp-content\/uploads\/2024\/10\/djk-blickpunkt-05_24_02_00-300x98.jpg 300w, https:\/\/djk-dom-minden.de\/football\/wp-content\/uploads\/2024\/10\/djk-blickpunkt-05_24_02_00-1024x333.jpg 1024w, https:\/\/djk-dom-minden.de\/football\/wp-content\/uploads\/2024\/10\/djk-blickpunkt-05_24_02_00-150x150.jpg 150w, https:\/\/djk-dom-minden.de\/football\/wp-content\/uploads\/2024\/10\/djk-blickpunkt-05_24_02_00-768x250.jpg 768w, https:\/\/djk-dom-minden.de\/football\/wp-content\/uploads\/2024\/10\/djk-blickpunkt-05_24_02_00-1536x499.jpg 1536w, https:\/\/djk-dom-minden.de\/football\/wp-content\/uploads\/2024\/10\/djk-blickpunkt-05_24_02_00-1200x390.jpg 1200w, https:\/\/djk-dom-minden.de\/football\/wp-content\/uploads\/2024\/10\/djk-blickpunkt-05_24_02_00-1100x358.jpg 1100w, https:\/\/djk-dom-minden.de\/football\/wp-content\/uploads\/2024\/10\/djk-blickpunkt-05_24_02_00-1000x325.jpg 1000w, https:\/\/djk-dom-minden.de\/football\/wp-content\/uploads\/2024\/10\/djk-blickpunkt-05_24_02_00-900x293.jpg 900w, https:\/\/djk-dom-minden.de\/football\/wp-content\/uploads\/2024\/10\/djk-blickpunkt-05_24_02_00-800x260.jpg 800w, https:\/\/djk-dom-minden.de\/football\/wp-content\/uploads\/2024\/10\/djk-blickpunkt-05_24_02_00-700x228.jpg 700w, https:\/\/djk-dom-minden.de\/football\/wp-content\/uploads\/2024\/10\/djk-blickpunkt-05_24_02_00-600x195.jpg 600w, https:\/\/djk-dom-minden.de\/football\/wp-content\/uploads\/2024\/10\/djk-blickpunkt-05_24_02_00-500x163.jpg 500w, https:\/\/djk-dom-minden.de\/football\/wp-content\/uploads\/2024\/10\/djk-blickpunkt-05_24_02_00-400x130.jpg 400w, https:\/\/djk-dom-minden.de\/football\/wp-content\/uploads\/2024\/10\/djk-blickpunkt-05_24_02_00-300x98.jpg 300w, https:\/\/djk-dom-minden.de\/football\/wp-content\/uploads\/2024\/10\/djk-blickpunkt-05_24_02_00-200x65.jpg 200w, https:\/\/djk-dom-minden.de\/football\/wp-content\/uploads\/2024\/10\/djk-blickpunkt-05_24_02_00-100x33.jpg 100w\" data-sizes=\"auto\"\/><a href=\"https:\/\/djk-dom-minden.de\/football\/news\/das-haben-wir-uns-in-unseren-kuehnsten-traeumen-nicht-vorstellen-koennen\" target=\"_self\"><figcaption><div class=\"fig-item\"><span class=\"title\"><h3>\u201eDas haben wir uns in unseren...<\/h3><\/span><span class=\"date\"><h5>28.10.2024<\/h5><\/span><\/div><\/figcaption><\/a><\/figure><figure class=\"effect-jazz\"><img data-src=\"https:\/\/djk-dom-minden.de\/football\/wp-content\/uploads\/2021\/09\/GameDay_2021_08_9149-100x47.jpg\" class=\"lazyload\" data-srcset=\"https:\/\/djk-dom-minden.de\/football\/wp-content\/uploads\/2021\/09\/GameDay_2021_08_9149-300x141.jpg 300w, https:\/\/djk-dom-minden.de\/football\/wp-content\/uploads\/2021\/09\/GameDay_2021_08_9149-150x150.jpg 150w, https:\/\/djk-dom-minden.de\/football\/wp-content\/uploads\/2021\/09\/GameDay_2021_08_9149-768x360.jpg 768w, https:\/\/djk-dom-minden.de\/football\/wp-content\/uploads\/2021\/09\/GameDay_2021_08_9149-900x422.jpg 900w, https:\/\/djk-dom-minden.de\/football\/wp-content\/uploads\/2021\/09\/GameDay_2021_08_9149-800x375.jpg 800w, https:\/\/djk-dom-minden.de\/football\/wp-content\/uploads\/2021\/09\/GameDay_2021_08_9149-700x328.jpg 700w, https:\/\/djk-dom-minden.de\/football\/wp-content\/uploads\/2021\/09\/GameDay_2021_08_9149-600x281.jpg 600w, https:\/\/djk-dom-minden.de\/football\/wp-content\/uploads\/2021\/09\/GameDay_2021_08_9149-500x234.jpg 500w, https:\/\/djk-dom-minden.de\/football\/wp-content\/uploads\/2021\/09\/GameDay_2021_08_9149-400x188.jpg 400w, https:\/\/djk-dom-minden.de\/football\/wp-content\/uploads\/2021\/09\/GameDay_2021_08_9149-300x141.jpg 300w, https:\/\/djk-dom-minden.de\/football\/wp-content\/uploads\/2021\/09\/GameDay_2021_08_9149-200x94.jpg 200w, https:\/\/djk-dom-minden.de\/football\/wp-content\/uploads\/2021\/09\/GameDay_2021_08_9149-100x47.jpg 100w\" data-sizes=\"auto\"\/><a href=\"https:\/\/djk-dom-minden.de\/football\/news\/auswaerts-beweisen\" target=\"_self\"><figcaption><div class=\"fig-item\"><span class=\"title\"><h3>Ausw\u00e4rts beweisen<\/h3><\/span><span class=\"date\"><h5>02.09.2021<\/h5><\/span><\/div><\/figcaption><\/a><\/figure><figure class=\"effect-jazz\"><img data-src=\"https:\/\/djk-dom-minden.de\/football\/minden-wolves\/wp-content\/uploads\/sites\/2\/2025\/02\/neuzugang_wolves_00a-100x33.jpg\" class=\"lazyload\" data-srcset=\"https:\/\/djk-dom-minden.de\/football\/minden-wolves\/wp-content\/uploads\/sites\/2\/2025\/02\/neuzugang_wolves_00a-300x98.jpg 300w, https:\/\/djk-dom-minden.de\/football\/minden-wolves\/wp-content\/uploads\/sites\/2\/2025\/02\/neuzugang_wolves_00a-1024x333.jpg 1024w, https:\/\/djk-dom-minden.de\/football\/minden-wolves\/wp-content\/uploads\/sites\/2\/2025\/02\/neuzugang_wolves_00a-150x150.jpg 150w, https:\/\/djk-dom-minden.de\/football\/minden-wolves\/wp-content\/uploads\/sites\/2\/2025\/02\/neuzugang_wolves_00a-768x250.jpg 768w, https:\/\/djk-dom-minden.de\/football\/minden-wolves\/wp-content\/uploads\/sites\/2\/2025\/02\/neuzugang_wolves_00a-1536x499.jpg 1536w, https:\/\/djk-dom-minden.de\/football\/minden-wolves\/wp-content\/uploads\/sites\/2\/2025\/02\/neuzugang_wolves_00a-1200x390.jpg 1200w, https:\/\/djk-dom-minden.de\/football\/minden-wolves\/wp-content\/uploads\/sites\/2\/2025\/02\/neuzugang_wolves_00a-1100x358.jpg 1100w, https:\/\/djk-dom-minden.de\/football\/minden-wolves\/wp-content\/uploads\/sites\/2\/2025\/02\/neuzugang_wolves_00a-1000x325.jpg 1000w, https:\/\/djk-dom-minden.de\/football\/minden-wolves\/wp-content\/uploads\/sites\/2\/2025\/02\/neuzugang_wolves_00a-900x293.jpg 900w, https:\/\/djk-dom-minden.de\/football\/minden-wolves\/wp-content\/uploads\/sites\/2\/2025\/02\/neuzugang_wolves_00a-800x260.jpg 800w, https:\/\/djk-dom-minden.de\/football\/minden-wolves\/wp-content\/uploads\/sites\/2\/2025\/02\/neuzugang_wolves_00a-700x228.jpg 700w, https:\/\/djk-dom-minden.de\/football\/minden-wolves\/wp-content\/uploads\/sites\/2\/2025\/02\/neuzugang_wolves_00a-600x195.jpg 600w, https:\/\/djk-dom-minden.de\/football\/minden-wolves\/wp-content\/uploads\/sites\/2\/2025\/02\/neuzugang_wolves_00a-500x163.jpg 500w, https:\/\/djk-dom-minden.de\/football\/minden-wolves\/wp-content\/uploads\/sites\/2\/2025\/02\/neuzugang_wolves_00a-400x130.jpg 400w, https:\/\/djk-dom-minden.de\/football\/minden-wolves\/wp-content\/uploads\/sites\/2\/2025\/02\/neuzugang_wolves_00a-300x98.jpg 300w, https:\/\/djk-dom-minden.de\/football\/minden-wolves\/wp-content\/uploads\/sites\/2\/2025\/02\/neuzugang_wolves_00a-200x65.jpg 200w, https:\/\/djk-dom-minden.de\/football\/minden-wolves\/wp-content\/uploads\/sites\/2\/2025\/02\/neuzugang_wolves_00a-100x33.jpg 100w\" data-sizes=\"auto\"\/><a href=\"https:\/\/djk-dom-minden.de\/football\/minden-wolves\/news\/die-minden-wolves-sind-mir-besonders-ins-auge-gefallen\" target=\"_self\"><figcaption><div class=\"fig-item\"><span class=\"title\"><h3>\u201eDie Minden Wolves sind mir besonders...<\/h3><\/span><span class=\"date\"><h5>25.02.2025<\/h5><\/span><\/div><\/figcaption><\/a><\/figure><figure class=\"effect-jazz\"><img data-src=\"https:\/\/djk-dom-minden.de\/football\/wp-content\/uploads\/2023\/08\/wolves_sportdirektor_00-100x47.jpg\" class=\"lazyload\" data-srcset=\"https:\/\/djk-dom-minden.de\/football\/wp-content\/uploads\/2023\/08\/wolves_sportdirektor_00-300x141.jpg 300w, https:\/\/djk-dom-minden.de\/football\/wp-content\/uploads\/2023\/08\/wolves_sportdirektor_00-1024x480.jpg 1024w, https:\/\/djk-dom-minden.de\/football\/wp-content\/uploads\/2023\/08\/wolves_sportdirektor_00-150x150.jpg 150w, https:\/\/djk-dom-minden.de\/football\/wp-content\/uploads\/2023\/08\/wolves_sportdirektor_00-768x360.jpg 768w, https:\/\/djk-dom-minden.de\/football\/wp-content\/uploads\/2023\/08\/wolves_sportdirektor_00-1536x720.jpg 1536w, https:\/\/djk-dom-minden.de\/football\/wp-content\/uploads\/2023\/08\/wolves_sportdirektor_00-2048x960.jpg 2048w, https:\/\/djk-dom-minden.de\/football\/wp-content\/uploads\/2023\/08\/wolves_sportdirektor_00-1200x563.jpg 1200w, https:\/\/djk-dom-minden.de\/football\/wp-content\/uploads\/2023\/08\/wolves_sportdirektor_00-1100x516.jpg 1100w, https:\/\/djk-dom-minden.de\/football\/wp-content\/uploads\/2023\/08\/wolves_sportdirektor_00-1000x469.jpg 1000w, https:\/\/djk-dom-minden.de\/football\/wp-content\/uploads\/2023\/08\/wolves_sportdirektor_00-900x422.jpg 900w, https:\/\/djk-dom-minden.de\/football\/wp-content\/uploads\/2023\/08\/wolves_sportdirektor_00-800x375.jpg 800w, https:\/\/djk-dom-minden.de\/football\/wp-content\/uploads\/2023\/08\/wolves_sportdirektor_00-700x328.jpg 700w, https:\/\/djk-dom-minden.de\/football\/wp-content\/uploads\/2023\/08\/wolves_sportdirektor_00-600x281.jpg 600w, https:\/\/djk-dom-minden.de\/football\/wp-content\/uploads\/2023\/08\/wolves_sportdirektor_00-500x234.jpg 500w, https:\/\/djk-dom-minden.de\/football\/wp-content\/uploads\/2023\/08\/wolves_sportdirektor_00-400x188.jpg 400w, https:\/\/djk-dom-minden.de\/football\/wp-content\/uploads\/2023\/08\/wolves_sportdirektor_00-300x141.jpg 300w, https:\/\/djk-dom-minden.de\/football\/wp-content\/uploads\/2023\/08\/wolves_sportdirektor_00-200x94.jpg 200w, https:\/\/djk-dom-minden.de\/football\/wp-content\/uploads\/2023\/08\/wolves_sportdirektor_00-100x47.jpg 100w\" data-sizes=\"auto\"\/><a href=\"https:\/\/djk-dom-minden.de\/football\/news\/drei-fragen-an-sportdirektor-volker-krusche\" target=\"_self\"><figcaption><div class=\"fig-item\"><span class=\"title\"><h3>Drei Fragen an Sportdirektor Volker...<\/h3><\/span><span class=\"date\"><h5>30.08.2023<\/h5><\/span><\/div><\/figcaption><\/a><\/figure><figure class=\"effect-jazz\"><img data-src=\"https:\/\/djk-dom-minden.de\/football\/minden-wolves-cubs\/wp-content\/uploads\/sites\/3\/2024\/10\/djk-blickpunkt-05_24_03_00-100x33.jpg\" class=\"lazyload\" data-srcset=\"https:\/\/djk-dom-minden.de\/football\/minden-wolves-cubs\/wp-content\/uploads\/sites\/3\/2024\/10\/djk-blickpunkt-05_24_03_00-300x98.jpg 300w, https:\/\/djk-dom-minden.de\/football\/minden-wolves-cubs\/wp-content\/uploads\/sites\/3\/2024\/10\/djk-blickpunkt-05_24_03_00-1024x333.jpg 1024w, https:\/\/djk-dom-minden.de\/football\/minden-wolves-cubs\/wp-content\/uploads\/sites\/3\/2024\/10\/djk-blickpunkt-05_24_03_00-150x150.jpg 150w, https:\/\/djk-dom-minden.de\/football\/minden-wolves-cubs\/wp-content\/uploads\/sites\/3\/2024\/10\/djk-blickpunkt-05_24_03_00-768x250.jpg 768w, https:\/\/djk-dom-minden.de\/football\/minden-wolves-cubs\/wp-content\/uploads\/sites\/3\/2024\/10\/djk-blickpunkt-05_24_03_00-1536x499.jpg 1536w, https:\/\/djk-dom-minden.de\/football\/minden-wolves-cubs\/wp-content\/uploads\/sites\/3\/2024\/10\/djk-blickpunkt-05_24_03_00-1200x390.jpg 1200w, https:\/\/djk-dom-minden.de\/football\/minden-wolves-cubs\/wp-content\/uploads\/sites\/3\/2024\/10\/djk-blickpunkt-05_24_03_00-1100x358.jpg 1100w, https:\/\/djk-dom-minden.de\/football\/minden-wolves-cubs\/wp-content\/uploads\/sites\/3\/2024\/10\/djk-blickpunkt-05_24_03_00-1000x325.jpg 1000w, https:\/\/djk-dom-minden.de\/football\/minden-wolves-cubs\/wp-content\/uploads\/sites\/3\/2024\/10\/djk-blickpunkt-05_24_03_00-900x293.jpg 900w, https:\/\/djk-dom-minden.de\/football\/minden-wolves-cubs\/wp-content\/uploads\/sites\/3\/2024\/10\/djk-blickpunkt-05_24_03_00-800x260.jpg 800w, https:\/\/djk-dom-minden.de\/football\/minden-wolves-cubs\/wp-content\/uploads\/sites\/3\/2024\/10\/djk-blickpunkt-05_24_03_00-700x228.jpg 700w, https:\/\/djk-dom-minden.de\/football\/minden-wolves-cubs\/wp-content\/uploads\/sites\/3\/2024\/10\/djk-blickpunkt-05_24_03_00-600x195.jpg 600w, https:\/\/djk-dom-minden.de\/football\/minden-wolves-cubs\/wp-content\/uploads\/sites\/3\/2024\/10\/djk-blickpunkt-05_24_03_00-500x163.jpg 500w, https:\/\/djk-dom-minden.de\/football\/minden-wolves-cubs\/wp-content\/uploads\/sites\/3\/2024\/10\/djk-blickpunkt-05_24_03_00-400x130.jpg 400w, https:\/\/djk-dom-minden.de\/football\/minden-wolves-cubs\/wp-content\/uploads\/sites\/3\/2024\/10\/djk-blickpunkt-05_24_03_00-300x98.jpg 300w, https:\/\/djk-dom-minden.de\/football\/minden-wolves-cubs\/wp-content\/uploads\/sites\/3\/2024\/10\/djk-blickpunkt-05_24_03_00-200x65.jpg 200w, https:\/\/djk-dom-minden.de\/football\/minden-wolves-cubs\/wp-content\/uploads\/sites\/3\/2024\/10\/djk-blickpunkt-05_24_03_00-100x33.jpg 100w\" data-sizes=\"auto\"\/><a href=\"https:\/\/djk-dom-minden.de\/football\/minden-wolves-cubs\/news\/neue-fuehrung-in-der-jugend\" target=\"_self\"><figcaption><div class=\"fig-item\"><span class=\"title\"><h3>Neue F\u00fchrung in der Jugend<\/h3><\/span><span class=\"date\"><h5>21.10.2024<\/h5><\/span><\/div><\/figcaption><\/a><\/figure><figure class=\"effect-jazz\"><img data-src=\"https:\/\/djk-dom-minden.de\/football\/minden-wolves\/wp-content\/uploads\/sites\/2\/2025\/05\/awaygame_troisdorf_00-100x33.jpg\" class=\"lazyload\" data-srcset=\"https:\/\/djk-dom-minden.de\/football\/minden-wolves\/wp-content\/uploads\/sites\/2\/2025\/05\/awaygame_troisdorf_00-300x98.jpg 300w, https:\/\/djk-dom-minden.de\/football\/minden-wolves\/wp-content\/uploads\/sites\/2\/2025\/05\/awaygame_troisdorf_00-1024x333.jpg 1024w, https:\/\/djk-dom-minden.de\/football\/minden-wolves\/wp-content\/uploads\/sites\/2\/2025\/05\/awaygame_troisdorf_00-150x150.jpg 150w, https:\/\/djk-dom-minden.de\/football\/minden-wolves\/wp-content\/uploads\/sites\/2\/2025\/05\/awaygame_troisdorf_00-768x250.jpg 768w, https:\/\/djk-dom-minden.de\/football\/minden-wolves\/wp-content\/uploads\/sites\/2\/2025\/05\/awaygame_troisdorf_00-1536x499.jpg 1536w, https:\/\/djk-dom-minden.de\/football\/minden-wolves\/wp-content\/uploads\/sites\/2\/2025\/05\/awaygame_troisdorf_00-1200x390.jpg 1200w, https:\/\/djk-dom-minden.de\/football\/minden-wolves\/wp-content\/uploads\/sites\/2\/2025\/05\/awaygame_troisdorf_00-1100x358.jpg 1100w, https:\/\/djk-dom-minden.de\/football\/minden-wolves\/wp-content\/uploads\/sites\/2\/2025\/05\/awaygame_troisdorf_00-1000x325.jpg 1000w, https:\/\/djk-dom-minden.de\/football\/minden-wolves\/wp-content\/uploads\/sites\/2\/2025\/05\/awaygame_troisdorf_00-900x293.jpg 900w, https:\/\/djk-dom-minden.de\/football\/minden-wolves\/wp-content\/uploads\/sites\/2\/2025\/05\/awaygame_troisdorf_00-800x260.jpg 800w, https:\/\/djk-dom-minden.de\/football\/minden-wolves\/wp-content\/uploads\/sites\/2\/2025\/05\/awaygame_troisdorf_00-700x228.jpg 700w, https:\/\/djk-dom-minden.de\/football\/minden-wolves\/wp-content\/uploads\/sites\/2\/2025\/05\/awaygame_troisdorf_00-600x195.jpg 600w, https:\/\/djk-dom-minden.de\/football\/minden-wolves\/wp-content\/uploads\/sites\/2\/2025\/05\/awaygame_troisdorf_00-500x163.jpg 500w, https:\/\/djk-dom-minden.de\/football\/minden-wolves\/wp-content\/uploads\/sites\/2\/2025\/05\/awaygame_troisdorf_00-400x130.jpg 400w, https:\/\/djk-dom-minden.de\/football\/minden-wolves\/wp-content\/uploads\/sites\/2\/2025\/05\/awaygame_troisdorf_00-300x98.jpg 300w, https:\/\/djk-dom-minden.de\/football\/minden-wolves\/wp-content\/uploads\/sites\/2\/2025\/05\/awaygame_troisdorf_00-200x65.jpg 200w, https:\/\/djk-dom-minden.de\/football\/minden-wolves\/wp-content\/uploads\/sites\/2\/2025\/05\/awaygame_troisdorf_00-100x33.jpg 100w\" data-sizes=\"auto\"\/><a href=\"https:\/\/djk-dom-minden.de\/football\/minden-wolves\/news\/fletcher-comeback-wie-die-meisterschaft-gefeiert\" target=\"_self\"><figcaption><div class=\"fig-item\"><span class=\"title\"><h3>Fletcher-Comeback wie die Meisterschaft...<\/h3><\/span><span class=\"date\"><h5>06.05.2025<\/h5><\/span><\/div><\/figcaption><\/a><\/figure><figure class=\"effect-jazz\"><img data-src=\"https:\/\/djk-dom-minden.de\/football\/minden-wolves\/wp-content\/uploads\/sites\/2\/2025\/09\/vorschau_muenster_00-100x33.jpg\" class=\"lazyload\" data-srcset=\"https:\/\/djk-dom-minden.de\/football\/minden-wolves\/wp-content\/uploads\/sites\/2\/2025\/09\/vorschau_muenster_00-300x98.jpg 300w, https:\/\/djk-dom-minden.de\/football\/minden-wolves\/wp-content\/uploads\/sites\/2\/2025\/09\/vorschau_muenster_00-1024x333.jpg 1024w, https:\/\/djk-dom-minden.de\/football\/minden-wolves\/wp-content\/uploads\/sites\/2\/2025\/09\/vorschau_muenster_00-150x150.jpg 150w, https:\/\/djk-dom-minden.de\/football\/minden-wolves\/wp-content\/uploads\/sites\/2\/2025\/09\/vorschau_muenster_00-768x250.jpg 768w, https:\/\/djk-dom-minden.de\/football\/minden-wolves\/wp-content\/uploads\/sites\/2\/2025\/09\/vorschau_muenster_00-1536x499.jpg 1536w, https:\/\/djk-dom-minden.de\/football\/minden-wolves\/wp-content\/uploads\/sites\/2\/2025\/09\/vorschau_muenster_00-1200x390.jpg 1200w, https:\/\/djk-dom-minden.de\/football\/minden-wolves\/wp-content\/uploads\/sites\/2\/2025\/09\/vorschau_muenster_00-1100x358.jpg 1100w, https:\/\/djk-dom-minden.de\/football\/minden-wolves\/wp-content\/uploads\/sites\/2\/2025\/09\/vorschau_muenster_00-1000x325.jpg 1000w, https:\/\/djk-dom-minden.de\/football\/minden-wolves\/wp-content\/uploads\/sites\/2\/2025\/09\/vorschau_muenster_00-900x293.jpg 900w, https:\/\/djk-dom-minden.de\/football\/minden-wolves\/wp-content\/uploads\/sites\/2\/2025\/09\/vorschau_muenster_00-800x260.jpg 800w, https:\/\/djk-dom-minden.de\/football\/minden-wolves\/wp-content\/uploads\/sites\/2\/2025\/09\/vorschau_muenster_00-700x228.jpg 700w, https:\/\/djk-dom-minden.de\/football\/minden-wolves\/wp-content\/uploads\/sites\/2\/2025\/09\/vorschau_muenster_00-600x195.jpg 600w, https:\/\/djk-dom-minden.de\/football\/minden-wolves\/wp-content\/uploads\/sites\/2\/2025\/09\/vorschau_muenster_00-500x163.jpg 500w, https:\/\/djk-dom-minden.de\/football\/minden-wolves\/wp-content\/uploads\/sites\/2\/2025\/09\/vorschau_muenster_00-400x130.jpg 400w, https:\/\/djk-dom-minden.de\/football\/minden-wolves\/wp-content\/uploads\/sites\/2\/2025\/09\/vorschau_muenster_00-300x98.jpg 300w, https:\/\/djk-dom-minden.de\/football\/minden-wolves\/wp-content\/uploads\/sites\/2\/2025\/09\/vorschau_muenster_00-200x65.jpg 200w, https:\/\/djk-dom-minden.de\/football\/minden-wolves\/wp-content\/uploads\/sites\/2\/2025\/09\/vorschau_muenster_00-100x33.jpg 100w\" data-sizes=\"auto\"\/><a href=\"https:\/\/djk-dom-minden.de\/football\/minden-wolves\/news\/mit-einem-sieg-das-finale-furioso-perfekt-machen\" target=\"_self\"><figcaption><div class=\"fig-item\"><span class=\"title\"><h3>Mit einem Sieg das \u201eFinale Furioso\u201c...<\/h3><\/span><span class=\"date\"><h5>27.08.2025<\/h5><\/span><\/div><\/figcaption><\/a><\/figure><figure class=\"effect-jazz\"><img data-src=\"https:\/\/djk-dom-minden.de\/football\/minden-wolves\/wp-content\/uploads\/sites\/2\/2025\/09\/vorschau-playoffs_hannover-100x33.jpg\" class=\"lazyload\" data-srcset=\"https:\/\/djk-dom-minden.de\/football\/minden-wolves\/wp-content\/uploads\/sites\/2\/2025\/09\/vorschau-playoffs_hannover-300x98.jpg 300w, https:\/\/djk-dom-minden.de\/football\/minden-wolves\/wp-content\/uploads\/sites\/2\/2025\/09\/vorschau-playoffs_hannover-1024x333.jpg 1024w, https:\/\/djk-dom-minden.de\/football\/minden-wolves\/wp-content\/uploads\/sites\/2\/2025\/09\/vorschau-playoffs_hannover-150x150.jpg 150w, https:\/\/djk-dom-minden.de\/football\/minden-wolves\/wp-content\/uploads\/sites\/2\/2025\/09\/vorschau-playoffs_hannover-768x250.jpg 768w, https:\/\/djk-dom-minden.de\/football\/minden-wolves\/wp-content\/uploads\/sites\/2\/2025\/09\/vorschau-playoffs_hannover-1536x499.jpg 1536w, https:\/\/djk-dom-minden.de\/football\/minden-wolves\/wp-content\/uploads\/sites\/2\/2025\/09\/vorschau-playoffs_hannover-1200x390.jpg 1200w, https:\/\/djk-dom-minden.de\/football\/minden-wolves\/wp-content\/uploads\/sites\/2\/2025\/09\/vorschau-playoffs_hannover-1100x358.jpg 1100w, https:\/\/djk-dom-minden.de\/football\/minden-wolves\/wp-content\/uploads\/sites\/2\/2025\/09\/vorschau-playoffs_hannover-1000x325.jpg 1000w, https:\/\/djk-dom-minden.de\/football\/minden-wolves\/wp-content\/uploads\/sites\/2\/2025\/09\/vorschau-playoffs_hannover-900x293.jpg 900w, https:\/\/djk-dom-minden.de\/football\/minden-wolves\/wp-content\/uploads\/sites\/2\/2025\/09\/vorschau-playoffs_hannover-800x260.jpg 800w, https:\/\/djk-dom-minden.de\/football\/minden-wolves\/wp-content\/uploads\/sites\/2\/2025\/09\/vorschau-playoffs_hannover-700x228.jpg 700w, https:\/\/djk-dom-minden.de\/football\/minden-wolves\/wp-content\/uploads\/sites\/2\/2025\/09\/vorschau-playoffs_hannover-600x195.jpg 600w, https:\/\/djk-dom-minden.de\/football\/minden-wolves\/wp-content\/uploads\/sites\/2\/2025\/09\/vorschau-playoffs_hannover-500x163.jpg 500w, https:\/\/djk-dom-minden.de\/football\/minden-wolves\/wp-content\/uploads\/sites\/2\/2025\/09\/vorschau-playoffs_hannover-400x130.jpg 400w, https:\/\/djk-dom-minden.de\/football\/minden-wolves\/wp-content\/uploads\/sites\/2\/2025\/09\/vorschau-playoffs_hannover-300x98.jpg 300w, https:\/\/djk-dom-minden.de\/football\/minden-wolves\/wp-content\/uploads\/sites\/2\/2025\/09\/vorschau-playoffs_hannover-200x65.jpg 200w, https:\/\/djk-dom-minden.de\/football\/minden-wolves\/wp-content\/uploads\/sites\/2\/2025\/09\/vorschau-playoffs_hannover-100x33.jpg 100w\" data-sizes=\"auto\"\/><a href=\"https:\/\/djk-dom-minden.de\/football\/minden-wolves\/news\/das-wolfsrudel-peilt-die-2-bundesliga-an\" target=\"_self\"><figcaption><div class=\"fig-item\"><span class=\"title\"><h3>Das Wolfsrudel peilt die 2. Bundesliga...<\/h3><\/span><span class=\"date\"><h5>10.09.2025<\/h5><\/span><\/div><\/figcaption><\/a><\/figure><figure class=\"effect-jazz\"><img data-src=\"https:\/\/djk-dom-minden.de\/football\/wp-content\/uploads\/2021\/06\/tryout_mw_final_DJK-100x32.jpg\" class=\"lazyload\" data-srcset=\"https:\/\/djk-dom-minden.de\/football\/wp-content\/uploads\/2021\/06\/tryout_mw_final_DJK-300x97.jpg 300w, https:\/\/djk-dom-minden.de\/football\/wp-content\/uploads\/2021\/06\/tryout_mw_final_DJK-1024x333.jpg 1024w, https:\/\/djk-dom-minden.de\/football\/wp-content\/uploads\/2021\/06\/tryout_mw_final_DJK-150x150.jpg 150w, https:\/\/djk-dom-minden.de\/football\/wp-content\/uploads\/2021\/06\/tryout_mw_final_DJK-768x250.jpg 768w, https:\/\/djk-dom-minden.de\/football\/wp-content\/uploads\/2021\/06\/tryout_mw_final_DJK-1536x499.jpg 1536w, https:\/\/djk-dom-minden.de\/football\/wp-content\/uploads\/2021\/06\/tryout_mw_final_DJK-2048x665.jpg 2048w, https:\/\/djk-dom-minden.de\/football\/wp-content\/uploads\/2021\/06\/tryout_mw_final_DJK-1200x390.jpg 1200w, https:\/\/djk-dom-minden.de\/football\/wp-content\/uploads\/2021\/06\/tryout_mw_final_DJK-1100x357.jpg 1100w, https:\/\/djk-dom-minden.de\/football\/wp-content\/uploads\/2021\/06\/tryout_mw_final_DJK-1000x325.jpg 1000w, https:\/\/djk-dom-minden.de\/football\/wp-content\/uploads\/2021\/06\/tryout_mw_final_DJK-900x292.jpg 900w, https:\/\/djk-dom-minden.de\/football\/wp-content\/uploads\/2021\/06\/tryout_mw_final_DJK-800x260.jpg 800w, https:\/\/djk-dom-minden.de\/football\/wp-content\/uploads\/2021\/06\/tryout_mw_final_DJK-700x227.jpg 700w, https:\/\/djk-dom-minden.de\/football\/wp-content\/uploads\/2021\/06\/tryout_mw_final_DJK-600x195.jpg 600w, https:\/\/djk-dom-minden.de\/football\/wp-content\/uploads\/2021\/06\/tryout_mw_final_DJK-500x162.jpg 500w, https:\/\/djk-dom-minden.de\/football\/wp-content\/uploads\/2021\/06\/tryout_mw_final_DJK-400x130.jpg 400w, https:\/\/djk-dom-minden.de\/football\/wp-content\/uploads\/2021\/06\/tryout_mw_final_DJK-300x97.jpg 300w, https:\/\/djk-dom-minden.de\/football\/wp-content\/uploads\/2021\/06\/tryout_mw_final_DJK-200x65.jpg 200w, https:\/\/djk-dom-minden.de\/football\/wp-content\/uploads\/2021\/06\/tryout_mw_final_DJK-100x32.jpg 100w\" data-sizes=\"auto\"\/><a href=\"https:\/\/djk-dom-minden.de\/football\/news\/american-football-tryout-juni-2021\" target=\"_self\"><figcaption><div class=\"fig-item\"><span class=\"title\"><h3>American Football Tryout Juni 2021...<\/h3><\/span><span class=\"date\"><h5>23.06.2021<\/h5><\/span><\/div><\/figcaption><\/a><\/figure><figure class=\"effect-jazz\"><img data-src=\"https:\/\/djk-dom-minden.de\/football\/wp-content\/uploads\/2021\/10\/Tryout_Minden-Wolves_Cubs-100x47.jpg\" class=\"lazyload\" data-srcset=\"https:\/\/djk-dom-minden.de\/football\/wp-content\/uploads\/2021\/10\/Tryout_Minden-Wolves_Cubs-300x141.jpg 300w, https:\/\/djk-dom-minden.de\/football\/wp-content\/uploads\/2021\/10\/Tryout_Minden-Wolves_Cubs-1024x480.jpg 1024w, https:\/\/djk-dom-minden.de\/football\/wp-content\/uploads\/2021\/10\/Tryout_Minden-Wolves_Cubs-150x150.jpg 150w, https:\/\/djk-dom-minden.de\/football\/wp-content\/uploads\/2021\/10\/Tryout_Minden-Wolves_Cubs-768x360.jpg 768w, https:\/\/djk-dom-minden.de\/football\/wp-content\/uploads\/2021\/10\/Tryout_Minden-Wolves_Cubs-1536x720.jpg 1536w, https:\/\/djk-dom-minden.de\/football\/wp-content\/uploads\/2021\/10\/Tryout_Minden-Wolves_Cubs-2048x960.jpg 2048w, https:\/\/djk-dom-minden.de\/football\/wp-content\/uploads\/2021\/10\/Tryout_Minden-Wolves_Cubs-1200x563.jpg 1200w, https:\/\/djk-dom-minden.de\/football\/wp-content\/uploads\/2021\/10\/Tryout_Minden-Wolves_Cubs-1100x516.jpg 1100w, https:\/\/djk-dom-minden.de\/football\/wp-content\/uploads\/2021\/10\/Tryout_Minden-Wolves_Cubs-1000x469.jpg 1000w, https:\/\/djk-dom-minden.de\/football\/wp-content\/uploads\/2021\/10\/Tryout_Minden-Wolves_Cubs-900x422.jpg 900w, https:\/\/djk-dom-minden.de\/football\/wp-content\/uploads\/2021\/10\/Tryout_Minden-Wolves_Cubs-800x375.jpg 800w, https:\/\/djk-dom-minden.de\/football\/wp-content\/uploads\/2021\/10\/Tryout_Minden-Wolves_Cubs-700x328.jpg 700w, https:\/\/djk-dom-minden.de\/football\/wp-content\/uploads\/2021\/10\/Tryout_Minden-Wolves_Cubs-600x281.jpg 600w, https:\/\/djk-dom-minden.de\/football\/wp-content\/uploads\/2021\/10\/Tryout_Minden-Wolves_Cubs-500x234.jpg 500w, https:\/\/djk-dom-minden.de\/football\/wp-content\/uploads\/2021\/10\/Tryout_Minden-Wolves_Cubs-400x188.jpg 400w, https:\/\/djk-dom-minden.de\/football\/wp-content\/uploads\/2021\/10\/Tryout_Minden-Wolves_Cubs-300x141.jpg 300w, https:\/\/djk-dom-minden.de\/football\/wp-content\/uploads\/2021\/10\/Tryout_Minden-Wolves_Cubs-200x94.jpg 200w, https:\/\/djk-dom-minden.de\/football\/wp-content\/uploads\/2021\/10\/Tryout_Minden-Wolves_Cubs-100x47.jpg 100w\" data-sizes=\"auto\"\/><a href=\"https:\/\/djk-dom-minden.de\/football\/news\/tryout-november-2021\" target=\"_self\"><figcaption><div class=\"fig-item\"><span class=\"title\"><h3>Tryout November 2021<\/h3><\/span><span class=\"date\"><h5>29.10.2021<\/h5><\/span><\/div><\/figcaption><\/a><\/figure><figure class=\"effect-jazz\"><img data-src=\"https:\/\/djk-dom-minden.de\/football\/minden-wolves-cubs\/wp-content\/uploads\/sites\/3\/2023\/10\/djk-blickpunkt-okt-nov_2023_05_00-100x33.jpg\" class=\"lazyload\" data-srcset=\"https:\/\/djk-dom-minden.de\/football\/minden-wolves-cubs\/wp-content\/uploads\/sites\/3\/2023\/10\/djk-blickpunkt-okt-nov_2023_05_00-300x98.jpg 300w, https:\/\/djk-dom-minden.de\/football\/minden-wolves-cubs\/wp-content\/uploads\/sites\/3\/2023\/10\/djk-blickpunkt-okt-nov_2023_05_00-1024x333.jpg 1024w, https:\/\/djk-dom-minden.de\/football\/minden-wolves-cubs\/wp-content\/uploads\/sites\/3\/2023\/10\/djk-blickpunkt-okt-nov_2023_05_00-150x150.jpg 150w, https:\/\/djk-dom-minden.de\/football\/minden-wolves-cubs\/wp-content\/uploads\/sites\/3\/2023\/10\/djk-blickpunkt-okt-nov_2023_05_00-768x250.jpg 768w, https:\/\/djk-dom-minden.de\/football\/minden-wolves-cubs\/wp-content\/uploads\/sites\/3\/2023\/10\/djk-blickpunkt-okt-nov_2023_05_00-1536x499.jpg 1536w, https:\/\/djk-dom-minden.de\/football\/minden-wolves-cubs\/wp-content\/uploads\/sites\/3\/2023\/10\/djk-blickpunkt-okt-nov_2023_05_00-1200x390.jpg 1200w, https:\/\/djk-dom-minden.de\/football\/minden-wolves-cubs\/wp-content\/uploads\/sites\/3\/2023\/10\/djk-blickpunkt-okt-nov_2023_05_00-1100x358.jpg 1100w, https:\/\/djk-dom-minden.de\/football\/minden-wolves-cubs\/wp-content\/uploads\/sites\/3\/2023\/10\/djk-blickpunkt-okt-nov_2023_05_00-1000x325.jpg 1000w, https:\/\/djk-dom-minden.de\/football\/minden-wolves-cubs\/wp-content\/uploads\/sites\/3\/2023\/10\/djk-blickpunkt-okt-nov_2023_05_00-900x293.jpg 900w, https:\/\/djk-dom-minden.de\/football\/minden-wolves-cubs\/wp-content\/uploads\/sites\/3\/2023\/10\/djk-blickpunkt-okt-nov_2023_05_00-800x260.jpg 800w, https:\/\/djk-dom-minden.de\/football\/minden-wolves-cubs\/wp-content\/uploads\/sites\/3\/2023\/10\/djk-blickpunkt-okt-nov_2023_05_00-700x228.jpg 700w, https:\/\/djk-dom-minden.de\/football\/minden-wolves-cubs\/wp-content\/uploads\/sites\/3\/2023\/10\/djk-blickpunkt-okt-nov_2023_05_00-600x195.jpg 600w, https:\/\/djk-dom-minden.de\/football\/minden-wolves-cubs\/wp-content\/uploads\/sites\/3\/2023\/10\/djk-blickpunkt-okt-nov_2023_05_00-500x163.jpg 500w, https:\/\/djk-dom-minden.de\/football\/minden-wolves-cubs\/wp-content\/uploads\/sites\/3\/2023\/10\/djk-blickpunkt-okt-nov_2023_05_00-400x130.jpg 400w, https:\/\/djk-dom-minden.de\/football\/minden-wolves-cubs\/wp-content\/uploads\/sites\/3\/2023\/10\/djk-blickpunkt-okt-nov_2023_05_00-300x98.jpg 300w, https:\/\/djk-dom-minden.de\/football\/minden-wolves-cubs\/wp-content\/uploads\/sites\/3\/2023\/10\/djk-blickpunkt-okt-nov_2023_05_00-200x65.jpg 200w, https:\/\/djk-dom-minden.de\/football\/minden-wolves-cubs\/wp-content\/uploads\/sites\/3\/2023\/10\/djk-blickpunkt-okt-nov_2023_05_00-100x33.jpg 100w\" data-sizes=\"auto\"\/><a href=\"https:\/\/djk-dom-minden.de\/football\/minden-wolves-cubs\/news\/u13-eine-gelungene-heimpremiere\" target=\"_self\"><figcaption><div class=\"fig-item\"><span class=\"title\"><h3>U13 \u2013 Eine gelungene Heimpremiere...<\/h3><\/span><span class=\"date\"><h5>13.10.2023<\/h5><\/span><\/div><\/figcaption><\/a><\/figure><figure class=\"effect-jazz\"><img data-src=\"https:\/\/djk-dom-minden.de\/football\/minden-wolves-cubs\/wp-content\/uploads\/sites\/3\/2023\/08\/cubs-u19-gameday_00-100x33.jpg\" class=\"lazyload\" data-srcset=\"https:\/\/djk-dom-minden.de\/football\/minden-wolves-cubs\/wp-content\/uploads\/sites\/3\/2023\/08\/cubs-u19-gameday_00-300x98.jpg 300w, https:\/\/djk-dom-minden.de\/football\/minden-wolves-cubs\/wp-content\/uploads\/sites\/3\/2023\/08\/cubs-u19-gameday_00-1024x333.jpg 1024w, https:\/\/djk-dom-minden.de\/football\/minden-wolves-cubs\/wp-content\/uploads\/sites\/3\/2023\/08\/cubs-u19-gameday_00-150x150.jpg 150w, https:\/\/djk-dom-minden.de\/football\/minden-wolves-cubs\/wp-content\/uploads\/sites\/3\/2023\/08\/cubs-u19-gameday_00-768x250.jpg 768w, https:\/\/djk-dom-minden.de\/football\/minden-wolves-cubs\/wp-content\/uploads\/sites\/3\/2023\/08\/cubs-u19-gameday_00-1536x499.jpg 1536w, https:\/\/djk-dom-minden.de\/football\/minden-wolves-cubs\/wp-content\/uploads\/sites\/3\/2023\/08\/cubs-u19-gameday_00-1200x390.jpg 1200w, https:\/\/djk-dom-minden.de\/football\/minden-wolves-cubs\/wp-content\/uploads\/sites\/3\/2023\/08\/cubs-u19-gameday_00-1100x358.jpg 1100w, https:\/\/djk-dom-minden.de\/football\/minden-wolves-cubs\/wp-content\/uploads\/sites\/3\/2023\/08\/cubs-u19-gameday_00-1000x325.jpg 1000w, https:\/\/djk-dom-minden.de\/football\/minden-wolves-cubs\/wp-content\/uploads\/sites\/3\/2023\/08\/cubs-u19-gameday_00-900x293.jpg 900w, https:\/\/djk-dom-minden.de\/football\/minden-wolves-cubs\/wp-content\/uploads\/sites\/3\/2023\/08\/cubs-u19-gameday_00-800x260.jpg 800w, https:\/\/djk-dom-minden.de\/football\/minden-wolves-cubs\/wp-content\/uploads\/sites\/3\/2023\/08\/cubs-u19-gameday_00-700x228.jpg 700w, https:\/\/djk-dom-minden.de\/football\/minden-wolves-cubs\/wp-content\/uploads\/sites\/3\/2023\/08\/cubs-u19-gameday_00-600x195.jpg 600w, https:\/\/djk-dom-minden.de\/football\/minden-wolves-cubs\/wp-content\/uploads\/sites\/3\/2023\/08\/cubs-u19-gameday_00-500x163.jpg 500w, https:\/\/djk-dom-minden.de\/football\/minden-wolves-cubs\/wp-content\/uploads\/sites\/3\/2023\/08\/cubs-u19-gameday_00-400x130.jpg 400w, https:\/\/djk-dom-minden.de\/football\/minden-wolves-cubs\/wp-content\/uploads\/sites\/3\/2023\/08\/cubs-u19-gameday_00-300x98.jpg 300w, https:\/\/djk-dom-minden.de\/football\/minden-wolves-cubs\/wp-content\/uploads\/sites\/3\/2023\/08\/cubs-u19-gameday_00-200x65.jpg 200w, https:\/\/djk-dom-minden.de\/football\/minden-wolves-cubs\/wp-content\/uploads\/sites\/3\/2023\/08\/cubs-u19-gameday_00-100x33.jpg 100w\" data-sizes=\"auto\"\/><a href=\"https:\/\/djk-dom-minden.de\/football\/minden-wolves-cubs\/news\/am-ende-fehlt-nur-die-kirsche-auf-der-torte\" target=\"_self\"><figcaption><div class=\"fig-item\"><span class=\"title\"><h3>Am Ende fehlt nur die Kirsche auf...<\/h3><\/span><span class=\"date\"><h5>16.08.2023<\/h5><\/span><\/div><\/figcaption><\/a><\/figure><figure class=\"effect-jazz\"><img data-src=\"https:\/\/djk-dom-minden.de\/football\/minden-wolves\/wp-content\/uploads\/sites\/2\/2025\/06\/vorschau-awaygame_essen_00-100x33.jpg\" class=\"lazyload\" data-srcset=\"https:\/\/djk-dom-minden.de\/football\/minden-wolves\/wp-content\/uploads\/sites\/2\/2025\/06\/vorschau-awaygame_essen_00-300x98.jpg 300w, https:\/\/djk-dom-minden.de\/football\/minden-wolves\/wp-content\/uploads\/sites\/2\/2025\/06\/vorschau-awaygame_essen_00-1024x333.jpg 1024w, https:\/\/djk-dom-minden.de\/football\/minden-wolves\/wp-content\/uploads\/sites\/2\/2025\/06\/vorschau-awaygame_essen_00-150x150.jpg 150w, https:\/\/djk-dom-minden.de\/football\/minden-wolves\/wp-content\/uploads\/sites\/2\/2025\/06\/vorschau-awaygame_essen_00-768x250.jpg 768w, https:\/\/djk-dom-minden.de\/football\/minden-wolves\/wp-content\/uploads\/sites\/2\/2025\/06\/vorschau-awaygame_essen_00-1536x499.jpg 1536w, https:\/\/djk-dom-minden.de\/football\/minden-wolves\/wp-content\/uploads\/sites\/2\/2025\/06\/vorschau-awaygame_essen_00-1200x390.jpg 1200w, https:\/\/djk-dom-minden.de\/football\/minden-wolves\/wp-content\/uploads\/sites\/2\/2025\/06\/vorschau-awaygame_essen_00-1100x358.jpg 1100w, https:\/\/djk-dom-minden.de\/football\/minden-wolves\/wp-content\/uploads\/sites\/2\/2025\/06\/vorschau-awaygame_essen_00-1000x325.jpg 1000w, https:\/\/djk-dom-minden.de\/football\/minden-wolves\/wp-content\/uploads\/sites\/2\/2025\/06\/vorschau-awaygame_essen_00-900x293.jpg 900w, https:\/\/djk-dom-minden.de\/football\/minden-wolves\/wp-content\/uploads\/sites\/2\/2025\/06\/vorschau-awaygame_essen_00-800x260.jpg 800w, https:\/\/djk-dom-minden.de\/football\/minden-wolves\/wp-content\/uploads\/sites\/2\/2025\/06\/vorschau-awaygame_essen_00-700x228.jpg 700w, https:\/\/djk-dom-minden.de\/football\/minden-wolves\/wp-content\/uploads\/sites\/2\/2025\/06\/vorschau-awaygame_essen_00-600x195.jpg 600w, https:\/\/djk-dom-minden.de\/football\/minden-wolves\/wp-content\/uploads\/sites\/2\/2025\/06\/vorschau-awaygame_essen_00-500x163.jpg 500w, https:\/\/djk-dom-minden.de\/football\/minden-wolves\/wp-content\/uploads\/sites\/2\/2025\/06\/vorschau-awaygame_essen_00-400x130.jpg 400w, https:\/\/djk-dom-minden.de\/football\/minden-wolves\/wp-content\/uploads\/sites\/2\/2025\/06\/vorschau-awaygame_essen_00-300x98.jpg 300w, https:\/\/djk-dom-minden.de\/football\/minden-wolves\/wp-content\/uploads\/sites\/2\/2025\/06\/vorschau-awaygame_essen_00-200x65.jpg 200w, https:\/\/djk-dom-minden.de\/football\/minden-wolves\/wp-content\/uploads\/sites\/2\/2025\/06\/vorschau-awaygame_essen_00-100x33.jpg 100w\" data-sizes=\"auto\"\/><a href=\"https:\/\/djk-dom-minden.de\/football\/minden-wolves\/news\/den-bulldogs-unbedingt-auf-den-fersen-bleiben\" target=\"_self\"><figcaption><div class=\"fig-item\"><span class=\"title\"><h3>Den Bulldogs unbedingt auf den Fersen...<\/h3><\/span><span class=\"date\"><h5>20.06.2025<\/h5><\/span><\/div><\/figcaption><\/a><\/figure><figure class=\"effect-jazz\"><img data-src=\"https:\/\/djk-dom-minden.de\/football\/wp-content\/uploads\/2024\/08\/awaygame_wolves-hawks-2024_00-100x33.jpg\" class=\"lazyload\" data-srcset=\"https:\/\/djk-dom-minden.de\/football\/wp-content\/uploads\/2024\/08\/awaygame_wolves-hawks-2024_00-300x98.jpg 300w, https:\/\/djk-dom-minden.de\/football\/wp-content\/uploads\/2024\/08\/awaygame_wolves-hawks-2024_00-1024x333.jpg 1024w, https:\/\/djk-dom-minden.de\/football\/wp-content\/uploads\/2024\/08\/awaygame_wolves-hawks-2024_00-150x150.jpg 150w, https:\/\/djk-dom-minden.de\/football\/wp-content\/uploads\/2024\/08\/awaygame_wolves-hawks-2024_00-768x250.jpg 768w, https:\/\/djk-dom-minden.de\/football\/wp-content\/uploads\/2024\/08\/awaygame_wolves-hawks-2024_00-1536x499.jpg 1536w, https:\/\/djk-dom-minden.de\/football\/wp-content\/uploads\/2024\/08\/awaygame_wolves-hawks-2024_00-1200x390.jpg 1200w, https:\/\/djk-dom-minden.de\/football\/wp-content\/uploads\/2024\/08\/awaygame_wolves-hawks-2024_00-1100x358.jpg 1100w, https:\/\/djk-dom-minden.de\/football\/wp-content\/uploads\/2024\/08\/awaygame_wolves-hawks-2024_00-1000x325.jpg 1000w, https:\/\/djk-dom-minden.de\/football\/wp-content\/uploads\/2024\/08\/awaygame_wolves-hawks-2024_00-900x293.jpg 900w, https:\/\/djk-dom-minden.de\/football\/wp-content\/uploads\/2024\/08\/awaygame_wolves-hawks-2024_00-800x260.jpg 800w, https:\/\/djk-dom-minden.de\/football\/wp-content\/uploads\/2024\/08\/awaygame_wolves-hawks-2024_00-700x228.jpg 700w, https:\/\/djk-dom-minden.de\/football\/wp-content\/uploads\/2024\/08\/awaygame_wolves-hawks-2024_00-600x195.jpg 600w, https:\/\/djk-dom-minden.de\/football\/wp-content\/uploads\/2024\/08\/awaygame_wolves-hawks-2024_00-500x163.jpg 500w, https:\/\/djk-dom-minden.de\/football\/wp-content\/uploads\/2024\/08\/awaygame_wolves-hawks-2024_00-400x130.jpg 400w, https:\/\/djk-dom-minden.de\/football\/wp-content\/uploads\/2024\/08\/awaygame_wolves-hawks-2024_00-300x98.jpg 300w, https:\/\/djk-dom-minden.de\/football\/wp-content\/uploads\/2024\/08\/awaygame_wolves-hawks-2024_00-200x65.jpg 200w, https:\/\/djk-dom-minden.de\/football\/wp-content\/uploads\/2024\/08\/awaygame_wolves-hawks-2024_00-100x33.jpg 100w\" data-sizes=\"auto\"\/><a href=\"https:\/\/djk-dom-minden.de\/football\/news\/mit-dem-neunten-sieg-vorzeitig-die-meisterschaft-feiern\" target=\"_self\"><figcaption><div class=\"fig-item\"><span class=\"title\"><h3>Mit dem neunten Sieg vorzeitig die...<\/h3><\/span><span class=\"date\"><h5>23.08.2024<\/h5><\/span><\/div><\/figcaption><\/a><\/figure><figure class=\"effect-jazz\"><img data-src=\"https:\/\/djk-dom-minden.de\/football\/minden-wolves\/wp-content\/uploads\/sites\/2\/2025\/04\/gameday-grizzlies_00-100x33.jpg\" class=\"lazyload\" data-srcset=\"https:\/\/djk-dom-minden.de\/football\/minden-wolves\/wp-content\/uploads\/sites\/2\/2025\/04\/gameday-grizzlies_00-300x98.jpg 300w, https:\/\/djk-dom-minden.de\/football\/minden-wolves\/wp-content\/uploads\/sites\/2\/2025\/04\/gameday-grizzlies_00-1024x333.jpg 1024w, https:\/\/djk-dom-minden.de\/football\/minden-wolves\/wp-content\/uploads\/sites\/2\/2025\/04\/gameday-grizzlies_00-150x150.jpg 150w, https:\/\/djk-dom-minden.de\/football\/minden-wolves\/wp-content\/uploads\/sites\/2\/2025\/04\/gameday-grizzlies_00-768x250.jpg 768w, https:\/\/djk-dom-minden.de\/football\/minden-wolves\/wp-content\/uploads\/sites\/2\/2025\/04\/gameday-grizzlies_00-1536x499.jpg 1536w, https:\/\/djk-dom-minden.de\/football\/minden-wolves\/wp-content\/uploads\/sites\/2\/2025\/04\/gameday-grizzlies_00-1200x390.jpg 1200w, https:\/\/djk-dom-minden.de\/football\/minden-wolves\/wp-content\/uploads\/sites\/2\/2025\/04\/gameday-grizzlies_00-1100x358.jpg 1100w, https:\/\/djk-dom-minden.de\/football\/minden-wolves\/wp-content\/uploads\/sites\/2\/2025\/04\/gameday-grizzlies_00-1000x325.jpg 1000w, https:\/\/djk-dom-minden.de\/football\/minden-wolves\/wp-content\/uploads\/sites\/2\/2025\/04\/gameday-grizzlies_00-900x293.jpg 900w, https:\/\/djk-dom-minden.de\/football\/minden-wolves\/wp-content\/uploads\/sites\/2\/2025\/04\/gameday-grizzlies_00-800x260.jpg 800w, https:\/\/djk-dom-minden.de\/football\/minden-wolves\/wp-content\/uploads\/sites\/2\/2025\/04\/gameday-grizzlies_00-700x228.jpg 700w, https:\/\/djk-dom-minden.de\/football\/minden-wolves\/wp-content\/uploads\/sites\/2\/2025\/04\/gameday-grizzlies_00-600x195.jpg 600w, https:\/\/djk-dom-minden.de\/football\/minden-wolves\/wp-content\/uploads\/sites\/2\/2025\/04\/gameday-grizzlies_00-500x163.jpg 500w, https:\/\/djk-dom-minden.de\/football\/minden-wolves\/wp-content\/uploads\/sites\/2\/2025\/04\/gameday-grizzlies_00-400x130.jpg 400w, https:\/\/djk-dom-minden.de\/football\/minden-wolves\/wp-content\/uploads\/sites\/2\/2025\/04\/gameday-grizzlies_00-300x98.jpg 300w, https:\/\/djk-dom-minden.de\/football\/minden-wolves\/wp-content\/uploads\/sites\/2\/2025\/04\/gameday-grizzlies_00-200x65.jpg 200w, https:\/\/djk-dom-minden.de\/football\/minden-wolves\/wp-content\/uploads\/sites\/2\/2025\/04\/gameday-grizzlies_00-100x33.jpg 100w\" data-sizes=\"auto\"\/><a href=\"https:\/\/djk-dom-minden.de\/football\/minden-wolves\/news\/generalprobe-fuer-das-topspiel-gegen-solingen-geglueckt\" target=\"_self\"><figcaption><div class=\"fig-item\"><span class=\"title\"><h3>Generalprobe f\u00fcr das Topspiel gegen...<\/h3><\/span><span class=\"date\"><h5>13.04.2025<\/h5><\/span><\/div><\/figcaption><\/a><\/figure><figure class=\"effect-jazz\"><img data-src=\"https:\/\/djk-dom-minden.de\/football\/minden-wolves\/wp-content\/uploads\/sites\/2\/2025\/04\/ali-omar_00-100x33.jpg\" class=\"lazyload\" data-srcset=\"https:\/\/djk-dom-minden.de\/football\/minden-wolves\/wp-content\/uploads\/sites\/2\/2025\/04\/ali-omar_00-300x98.jpg 300w, https:\/\/djk-dom-minden.de\/football\/minden-wolves\/wp-content\/uploads\/sites\/2\/2025\/04\/ali-omar_00-1024x333.jpg 1024w, https:\/\/djk-dom-minden.de\/football\/minden-wolves\/wp-content\/uploads\/sites\/2\/2025\/04\/ali-omar_00-150x150.jpg 150w, https:\/\/djk-dom-minden.de\/football\/minden-wolves\/wp-content\/uploads\/sites\/2\/2025\/04\/ali-omar_00-768x250.jpg 768w, https:\/\/djk-dom-minden.de\/football\/minden-wolves\/wp-content\/uploads\/sites\/2\/2025\/04\/ali-omar_00-1536x499.jpg 1536w, https:\/\/djk-dom-minden.de\/football\/minden-wolves\/wp-content\/uploads\/sites\/2\/2025\/04\/ali-omar_00-1200x390.jpg 1200w, https:\/\/djk-dom-minden.de\/football\/minden-wolves\/wp-content\/uploads\/sites\/2\/2025\/04\/ali-omar_00-1100x358.jpg 1100w, https:\/\/djk-dom-minden.de\/football\/minden-wolves\/wp-content\/uploads\/sites\/2\/2025\/04\/ali-omar_00-1000x325.jpg 1000w, https:\/\/djk-dom-minden.de\/football\/minden-wolves\/wp-content\/uploads\/sites\/2\/2025\/04\/ali-omar_00-900x293.jpg 900w, https:\/\/djk-dom-minden.de\/football\/minden-wolves\/wp-content\/uploads\/sites\/2\/2025\/04\/ali-omar_00-800x260.jpg 800w, https:\/\/djk-dom-minden.de\/football\/minden-wolves\/wp-content\/uploads\/sites\/2\/2025\/04\/ali-omar_00-700x228.jpg 700w, https:\/\/djk-dom-minden.de\/football\/minden-wolves\/wp-content\/uploads\/sites\/2\/2025\/04\/ali-omar_00-600x195.jpg 600w, https:\/\/djk-dom-minden.de\/football\/minden-wolves\/wp-content\/uploads\/sites\/2\/2025\/04\/ali-omar_00-500x163.jpg 500w, https:\/\/djk-dom-minden.de\/football\/minden-wolves\/wp-content\/uploads\/sites\/2\/2025\/04\/ali-omar_00-400x130.jpg 400w, https:\/\/djk-dom-minden.de\/football\/minden-wolves\/wp-content\/uploads\/sites\/2\/2025\/04\/ali-omar_00-300x98.jpg 300w, https:\/\/djk-dom-minden.de\/football\/minden-wolves\/wp-content\/uploads\/sites\/2\/2025\/04\/ali-omar_00-200x65.jpg 200w, https:\/\/djk-dom-minden.de\/football\/minden-wolves\/wp-content\/uploads\/sites\/2\/2025\/04\/ali-omar_00-100x33.jpg 100w\" data-sizes=\"auto\"\/><a href=\"https:\/\/djk-dom-minden.de\/football\/minden-wolves\/news\/ali-omar-auf-dem-sprung-in-die-nationalmannschaft\" target=\"_self\"><figcaption><div class=\"fig-item\"><span class=\"title\"><h3>Ali Omar auf dem Sprung in die Nationalmannschaft...<\/h3><\/span><span class=\"date\"><h5>06.04.2025<\/h5><\/span><\/div><\/figcaption><\/a><\/figure><figure class=\"effect-jazz\"><img data-src=\"https:\/\/djk-dom-minden.de\/football\/minden-wolves\/wp-content\/uploads\/sites\/2\/2025\/07\/awaygame_falcons-100x33.jpg\" class=\"lazyload\" data-srcset=\"https:\/\/djk-dom-minden.de\/football\/minden-wolves\/wp-content\/uploads\/sites\/2\/2025\/07\/awaygame_falcons-300x98.jpg 300w, https:\/\/djk-dom-minden.de\/football\/minden-wolves\/wp-content\/uploads\/sites\/2\/2025\/07\/awaygame_falcons-1024x333.jpg 1024w, https:\/\/djk-dom-minden.de\/football\/minden-wolves\/wp-content\/uploads\/sites\/2\/2025\/07\/awaygame_falcons-150x150.jpg 150w, https:\/\/djk-dom-minden.de\/football\/minden-wolves\/wp-content\/uploads\/sites\/2\/2025\/07\/awaygame_falcons-768x250.jpg 768w, https:\/\/djk-dom-minden.de\/football\/minden-wolves\/wp-content\/uploads\/sites\/2\/2025\/07\/awaygame_falcons-1536x499.jpg 1536w, https:\/\/djk-dom-minden.de\/football\/minden-wolves\/wp-content\/uploads\/sites\/2\/2025\/07\/awaygame_falcons-1200x390.jpg 1200w, https:\/\/djk-dom-minden.de\/football\/minden-wolves\/wp-content\/uploads\/sites\/2\/2025\/07\/awaygame_falcons-1100x358.jpg 1100w, https:\/\/djk-dom-minden.de\/football\/minden-wolves\/wp-content\/uploads\/sites\/2\/2025\/07\/awaygame_falcons-1000x325.jpg 1000w, https:\/\/djk-dom-minden.de\/football\/minden-wolves\/wp-content\/uploads\/sites\/2\/2025\/07\/awaygame_falcons-900x293.jpg 900w, https:\/\/djk-dom-minden.de\/football\/minden-wolves\/wp-content\/uploads\/sites\/2\/2025\/07\/awaygame_falcons-800x260.jpg 800w, https:\/\/djk-dom-minden.de\/football\/minden-wolves\/wp-content\/uploads\/sites\/2\/2025\/07\/awaygame_falcons-700x228.jpg 700w, https:\/\/djk-dom-minden.de\/football\/minden-wolves\/wp-content\/uploads\/sites\/2\/2025\/07\/awaygame_falcons-600x195.jpg 600w, https:\/\/djk-dom-minden.de\/football\/minden-wolves\/wp-content\/uploads\/sites\/2\/2025\/07\/awaygame_falcons-500x163.jpg 500w, https:\/\/djk-dom-minden.de\/football\/minden-wolves\/wp-content\/uploads\/sites\/2\/2025\/07\/awaygame_falcons-400x130.jpg 400w, https:\/\/djk-dom-minden.de\/football\/minden-wolves\/wp-content\/uploads\/sites\/2\/2025\/07\/awaygame_falcons-300x98.jpg 300w, https:\/\/djk-dom-minden.de\/football\/minden-wolves\/wp-content\/uploads\/sites\/2\/2025\/07\/awaygame_falcons-200x65.jpg 200w, https:\/\/djk-dom-minden.de\/football\/minden-wolves\/wp-content\/uploads\/sites\/2\/2025\/07\/awaygame_falcons-100x33.jpg 100w\" data-sizes=\"auto\"\/><a href=\"https:\/\/djk-dom-minden.de\/football\/minden-wolves\/news\/auch-im-laufspiel-sind-die-woelfe-nicht-aufzuhalten\" target=\"_self\"><figcaption><div class=\"fig-item\"><span class=\"title\"><h3>Auch im Laufspiel sind die \u201eW\u00f6lfe\u201c...<\/h3><\/span><span class=\"date\"><h5>07.07.2025<\/h5><\/span><\/div><\/figcaption><\/a><\/figure><figure class=\"effect-jazz\"><img data-src=\"https:\/\/djk-dom-minden.de\/football\/minden-wolves\/wp-content\/uploads\/sites\/2\/2025\/03\/neuzugang_wolves_00b-100x33.jpg\" class=\"lazyload\" data-srcset=\"https:\/\/djk-dom-minden.de\/football\/minden-wolves\/wp-content\/uploads\/sites\/2\/2025\/03\/neuzugang_wolves_00b-300x98.jpg 300w, https:\/\/djk-dom-minden.de\/football\/minden-wolves\/wp-content\/uploads\/sites\/2\/2025\/03\/neuzugang_wolves_00b-1024x333.jpg 1024w, https:\/\/djk-dom-minden.de\/football\/minden-wolves\/wp-content\/uploads\/sites\/2\/2025\/03\/neuzugang_wolves_00b-150x150.jpg 150w, https:\/\/djk-dom-minden.de\/football\/minden-wolves\/wp-content\/uploads\/sites\/2\/2025\/03\/neuzugang_wolves_00b-768x250.jpg 768w, https:\/\/djk-dom-minden.de\/football\/minden-wolves\/wp-content\/uploads\/sites\/2\/2025\/03\/neuzugang_wolves_00b-1536x499.jpg 1536w, https:\/\/djk-dom-minden.de\/football\/minden-wolves\/wp-content\/uploads\/sites\/2\/2025\/03\/neuzugang_wolves_00b-1200x390.jpg 1200w, https:\/\/djk-dom-minden.de\/football\/minden-wolves\/wp-content\/uploads\/sites\/2\/2025\/03\/neuzugang_wolves_00b-1100x358.jpg 1100w, https:\/\/djk-dom-minden.de\/football\/minden-wolves\/wp-content\/uploads\/sites\/2\/2025\/03\/neuzugang_wolves_00b-1000x325.jpg 1000w, https:\/\/djk-dom-minden.de\/football\/minden-wolves\/wp-content\/uploads\/sites\/2\/2025\/03\/neuzugang_wolves_00b-900x293.jpg 900w, https:\/\/djk-dom-minden.de\/football\/minden-wolves\/wp-content\/uploads\/sites\/2\/2025\/03\/neuzugang_wolves_00b-800x260.jpg 800w, https:\/\/djk-dom-minden.de\/football\/minden-wolves\/wp-content\/uploads\/sites\/2\/2025\/03\/neuzugang_wolves_00b-700x228.jpg 700w, https:\/\/djk-dom-minden.de\/football\/minden-wolves\/wp-content\/uploads\/sites\/2\/2025\/03\/neuzugang_wolves_00b-600x195.jpg 600w, https:\/\/djk-dom-minden.de\/football\/minden-wolves\/wp-content\/uploads\/sites\/2\/2025\/03\/neuzugang_wolves_00b-500x163.jpg 500w, https:\/\/djk-dom-minden.de\/football\/minden-wolves\/wp-content\/uploads\/sites\/2\/2025\/03\/neuzugang_wolves_00b-400x130.jpg 400w, https:\/\/djk-dom-minden.de\/football\/minden-wolves\/wp-content\/uploads\/sites\/2\/2025\/03\/neuzugang_wolves_00b-300x98.jpg 300w, https:\/\/djk-dom-minden.de\/football\/minden-wolves\/wp-content\/uploads\/sites\/2\/2025\/03\/neuzugang_wolves_00b-200x65.jpg 200w, https:\/\/djk-dom-minden.de\/football\/minden-wolves\/wp-content\/uploads\/sites\/2\/2025\/03\/neuzugang_wolves_00b-100x33.jpg 100w\" data-sizes=\"auto\"\/><a href=\"https:\/\/djk-dom-minden.de\/football\/minden-wolves\/news\/phil-gamble-setzt-auf-die-vielseitigkeit-zweier-neuer\" target=\"_self\"><figcaption><div class=\"fig-item\"><span class=\"title\"><h3>Phil Gamble setzt auf die Vielseitigkeit...<\/h3><\/span><span class=\"date\"><h5>12.03.2025<\/h5><\/span><\/div><\/figcaption><\/a><\/figure><figure class=\"effect-jazz\"><img data-src=\"https:\/\/djk-dom-minden.de\/football\/minden-wolves\/wp-content\/uploads\/sites\/2\/2025\/09\/awaygame_bielefeld_00-100x33.jpg\" class=\"lazyload\" data-srcset=\"https:\/\/djk-dom-minden.de\/football\/minden-wolves\/wp-content\/uploads\/sites\/2\/2025\/09\/awaygame_bielefeld_00-300x98.jpg 300w, https:\/\/djk-dom-minden.de\/football\/minden-wolves\/wp-content\/uploads\/sites\/2\/2025\/09\/awaygame_bielefeld_00-1024x333.jpg 1024w, https:\/\/djk-dom-minden.de\/football\/minden-wolves\/wp-content\/uploads\/sites\/2\/2025\/09\/awaygame_bielefeld_00-150x150.jpg 150w, https:\/\/djk-dom-minden.de\/football\/minden-wolves\/wp-content\/uploads\/sites\/2\/2025\/09\/awaygame_bielefeld_00-768x250.jpg 768w, https:\/\/djk-dom-minden.de\/football\/minden-wolves\/wp-content\/uploads\/sites\/2\/2025\/09\/awaygame_bielefeld_00-1536x499.jpg 1536w, https:\/\/djk-dom-minden.de\/football\/minden-wolves\/wp-content\/uploads\/sites\/2\/2025\/09\/awaygame_bielefeld_00-1200x390.jpg 1200w, https:\/\/djk-dom-minden.de\/football\/minden-wolves\/wp-content\/uploads\/sites\/2\/2025\/09\/awaygame_bielefeld_00-1100x358.jpg 1100w, https:\/\/djk-dom-minden.de\/football\/minden-wolves\/wp-content\/uploads\/sites\/2\/2025\/09\/awaygame_bielefeld_00-1000x325.jpg 1000w, https:\/\/djk-dom-minden.de\/football\/minden-wolves\/wp-content\/uploads\/sites\/2\/2025\/09\/awaygame_bielefeld_00-900x293.jpg 900w, https:\/\/djk-dom-minden.de\/football\/minden-wolves\/wp-content\/uploads\/sites\/2\/2025\/09\/awaygame_bielefeld_00-800x260.jpg 800w, https:\/\/djk-dom-minden.de\/football\/minden-wolves\/wp-content\/uploads\/sites\/2\/2025\/09\/awaygame_bielefeld_00-700x228.jpg 700w, https:\/\/djk-dom-minden.de\/football\/minden-wolves\/wp-content\/uploads\/sites\/2\/2025\/09\/awaygame_bielefeld_00-600x195.jpg 600w, https:\/\/djk-dom-minden.de\/football\/minden-wolves\/wp-content\/uploads\/sites\/2\/2025\/09\/awaygame_bielefeld_00-500x163.jpg 500w, https:\/\/djk-dom-minden.de\/football\/minden-wolves\/wp-content\/uploads\/sites\/2\/2025\/09\/awaygame_bielefeld_00-400x130.jpg 400w, https:\/\/djk-dom-minden.de\/football\/minden-wolves\/wp-content\/uploads\/sites\/2\/2025\/09\/awaygame_bielefeld_00-300x98.jpg 300w, https:\/\/djk-dom-minden.de\/football\/minden-wolves\/wp-content\/uploads\/sites\/2\/2025\/09\/awaygame_bielefeld_00-200x65.jpg 200w, https:\/\/djk-dom-minden.de\/football\/minden-wolves\/wp-content\/uploads\/sites\/2\/2025\/09\/awaygame_bielefeld_00-100x33.jpg 100w\" data-sizes=\"auto\"\/><a href=\"https:\/\/djk-dom-minden.de\/football\/minden-wolves\/news\/dramatik-pur-2926-in-bielefeld-minden-wolves-sind-meister\" target=\"_self\"><figcaption><div class=\"fig-item\"><span class=\"title\"><h3>Dramatik pur: 29:26 in Bielefeld...<\/h3><\/span><span class=\"date\"><h5>08.09.2025<\/h5><\/span><\/div><\/figcaption><\/a><\/figure><figure class=\"effect-jazz\"><img data-src=\"https:\/\/djk-dom-minden.de\/football\/minden-wolves\/wp-content\/uploads\/sites\/2\/2025\/06\/awaygame_essen_00-100x33.jpg\" class=\"lazyload\" data-srcset=\"https:\/\/djk-dom-minden.de\/football\/minden-wolves\/wp-content\/uploads\/sites\/2\/2025\/06\/awaygame_essen_00-300x98.jpg 300w, https:\/\/djk-dom-minden.de\/football\/minden-wolves\/wp-content\/uploads\/sites\/2\/2025\/06\/awaygame_essen_00-1024x333.jpg 1024w, https:\/\/djk-dom-minden.de\/football\/minden-wolves\/wp-content\/uploads\/sites\/2\/2025\/06\/awaygame_essen_00-150x150.jpg 150w, https:\/\/djk-dom-minden.de\/football\/minden-wolves\/wp-content\/uploads\/sites\/2\/2025\/06\/awaygame_essen_00-768x250.jpg 768w, https:\/\/djk-dom-minden.de\/football\/minden-wolves\/wp-content\/uploads\/sites\/2\/2025\/06\/awaygame_essen_00-1536x499.jpg 1536w, https:\/\/djk-dom-minden.de\/football\/minden-wolves\/wp-content\/uploads\/sites\/2\/2025\/06\/awaygame_essen_00-1200x390.jpg 1200w, https:\/\/djk-dom-minden.de\/football\/minden-wolves\/wp-content\/uploads\/sites\/2\/2025\/06\/awaygame_essen_00-1100x358.jpg 1100w, https:\/\/djk-dom-minden.de\/football\/minden-wolves\/wp-content\/uploads\/sites\/2\/2025\/06\/awaygame_essen_00-1000x325.jpg 1000w, https:\/\/djk-dom-minden.de\/football\/minden-wolves\/wp-content\/uploads\/sites\/2\/2025\/06\/awaygame_essen_00-900x293.jpg 900w, https:\/\/djk-dom-minden.de\/football\/minden-wolves\/wp-content\/uploads\/sites\/2\/2025\/06\/awaygame_essen_00-800x260.jpg 800w, https:\/\/djk-dom-minden.de\/football\/minden-wolves\/wp-content\/uploads\/sites\/2\/2025\/06\/awaygame_essen_00-700x228.jpg 700w, https:\/\/djk-dom-minden.de\/football\/minden-wolves\/wp-content\/uploads\/sites\/2\/2025\/06\/awaygame_essen_00-600x195.jpg 600w, https:\/\/djk-dom-minden.de\/football\/minden-wolves\/wp-content\/uploads\/sites\/2\/2025\/06\/awaygame_essen_00-500x163.jpg 500w, https:\/\/djk-dom-minden.de\/football\/minden-wolves\/wp-content\/uploads\/sites\/2\/2025\/06\/awaygame_essen_00-400x130.jpg 400w, https:\/\/djk-dom-minden.de\/football\/minden-wolves\/wp-content\/uploads\/sites\/2\/2025\/06\/awaygame_essen_00-300x98.jpg 300w, https:\/\/djk-dom-minden.de\/football\/minden-wolves\/wp-content\/uploads\/sites\/2\/2025\/06\/awaygame_essen_00-200x65.jpg 200w, https:\/\/djk-dom-minden.de\/football\/minden-wolves\/wp-content\/uploads\/sites\/2\/2025\/06\/awaygame_essen_00-100x33.jpg 100w\" data-sizes=\"auto\"\/><a href=\"https:\/\/djk-dom-minden.de\/football\/minden-wolves\/news\/rekordjagd-64-punkte-nach-06-halbzeitrueckstand\" target=\"_self\"><figcaption><div class=\"fig-item\"><span class=\"title\"><h3>Rekordjagd: 64 Punkte nach 0:6-Halbzeitr\u00fcckstand...<\/h3><\/span><span class=\"date\"><h5>23.06.2025<\/h5><\/span><\/div><\/figcaption><\/a><\/figure><figure class=\"effect-jazz\"><img data-src=\"https:\/\/djk-dom-minden.de\/football\/minden-wolves\/wp-content\/uploads\/sites\/2\/2025\/09\/vorschau_bielefeld_00-100x33.jpg\" class=\"lazyload\" data-srcset=\"https:\/\/djk-dom-minden.de\/football\/minden-wolves\/wp-content\/uploads\/sites\/2\/2025\/09\/vorschau_bielefeld_00-300x98.jpg 300w, https:\/\/djk-dom-minden.de\/football\/minden-wolves\/wp-content\/uploads\/sites\/2\/2025\/09\/vorschau_bielefeld_00-1024x333.jpg 1024w, https:\/\/djk-dom-minden.de\/football\/minden-wolves\/wp-content\/uploads\/sites\/2\/2025\/09\/vorschau_bielefeld_00-150x150.jpg 150w, https:\/\/djk-dom-minden.de\/football\/minden-wolves\/wp-content\/uploads\/sites\/2\/2025\/09\/vorschau_bielefeld_00-768x250.jpg 768w, https:\/\/djk-dom-minden.de\/football\/minden-wolves\/wp-content\/uploads\/sites\/2\/2025\/09\/vorschau_bielefeld_00-1536x499.jpg 1536w, https:\/\/djk-dom-minden.de\/football\/minden-wolves\/wp-content\/uploads\/sites\/2\/2025\/09\/vorschau_bielefeld_00-1200x390.jpg 1200w, https:\/\/djk-dom-minden.de\/football\/minden-wolves\/wp-content\/uploads\/sites\/2\/2025\/09\/vorschau_bielefeld_00-1100x358.jpg 1100w, https:\/\/djk-dom-minden.de\/football\/minden-wolves\/wp-content\/uploads\/sites\/2\/2025\/09\/vorschau_bielefeld_00-1000x325.jpg 1000w, https:\/\/djk-dom-minden.de\/football\/minden-wolves\/wp-content\/uploads\/sites\/2\/2025\/09\/vorschau_bielefeld_00-900x293.jpg 900w, https:\/\/djk-dom-minden.de\/football\/minden-wolves\/wp-content\/uploads\/sites\/2\/2025\/09\/vorschau_bielefeld_00-800x260.jpg 800w, https:\/\/djk-dom-minden.de\/football\/minden-wolves\/wp-content\/uploads\/sites\/2\/2025\/09\/vorschau_bielefeld_00-700x228.jpg 700w, https:\/\/djk-dom-minden.de\/football\/minden-wolves\/wp-content\/uploads\/sites\/2\/2025\/09\/vorschau_bielefeld_00-600x195.jpg 600w, https:\/\/djk-dom-minden.de\/football\/minden-wolves\/wp-content\/uploads\/sites\/2\/2025\/09\/vorschau_bielefeld_00-500x163.jpg 500w, https:\/\/djk-dom-minden.de\/football\/minden-wolves\/wp-content\/uploads\/sites\/2\/2025\/09\/vorschau_bielefeld_00-400x130.jpg 400w, https:\/\/djk-dom-minden.de\/football\/minden-wolves\/wp-content\/uploads\/sites\/2\/2025\/09\/vorschau_bielefeld_00-300x98.jpg 300w, https:\/\/djk-dom-minden.de\/football\/minden-wolves\/wp-content\/uploads\/sites\/2\/2025\/09\/vorschau_bielefeld_00-200x65.jpg 200w, https:\/\/djk-dom-minden.de\/football\/minden-wolves\/wp-content\/uploads\/sites\/2\/2025\/09\/vorschau_bielefeld_00-100x33.jpg 100w\" data-sizes=\"auto\"\/><a href=\"https:\/\/djk-dom-minden.de\/football\/minden-wolves\/news\/nur-der-derby-sieger-darf-am-ende-jubeln\" target=\"_self\"><figcaption><div class=\"fig-item\"><span class=\"title\"><h3>Nur der Derby-Sieger darf am Ende...<\/h3><\/span><span class=\"date\"><h5>02.09.2025<\/h5><\/span><\/div><\/figcaption><\/a><\/figure><figure class=\"effect-jazz\"><img data-src=\"https:\/\/djk-dom-minden.de\/football\/minden-wolves\/wp-content\/uploads\/sites\/2\/2025\/04\/neuzugang_05_00-100x33.jpg\" class=\"lazyload\" data-srcset=\"https:\/\/djk-dom-minden.de\/football\/minden-wolves\/wp-content\/uploads\/sites\/2\/2025\/04\/neuzugang_05_00-300x98.jpg 300w, https:\/\/djk-dom-minden.de\/football\/minden-wolves\/wp-content\/uploads\/sites\/2\/2025\/04\/neuzugang_05_00-1024x333.jpg 1024w, https:\/\/djk-dom-minden.de\/football\/minden-wolves\/wp-content\/uploads\/sites\/2\/2025\/04\/neuzugang_05_00-150x150.jpg 150w, https:\/\/djk-dom-minden.de\/football\/minden-wolves\/wp-content\/uploads\/sites\/2\/2025\/04\/neuzugang_05_00-768x250.jpg 768w, https:\/\/djk-dom-minden.de\/football\/minden-wolves\/wp-content\/uploads\/sites\/2\/2025\/04\/neuzugang_05_00-1536x499.jpg 1536w, https:\/\/djk-dom-minden.de\/football\/minden-wolves\/wp-content\/uploads\/sites\/2\/2025\/04\/neuzugang_05_00-1200x390.jpg 1200w, https:\/\/djk-dom-minden.de\/football\/minden-wolves\/wp-content\/uploads\/sites\/2\/2025\/04\/neuzugang_05_00-1100x358.jpg 1100w, https:\/\/djk-dom-minden.de\/football\/minden-wolves\/wp-content\/uploads\/sites\/2\/2025\/04\/neuzugang_05_00-1000x325.jpg 1000w, https:\/\/djk-dom-minden.de\/football\/minden-wolves\/wp-content\/uploads\/sites\/2\/2025\/04\/neuzugang_05_00-900x293.jpg 900w, https:\/\/djk-dom-minden.de\/football\/minden-wolves\/wp-content\/uploads\/sites\/2\/2025\/04\/neuzugang_05_00-800x260.jpg 800w, https:\/\/djk-dom-minden.de\/football\/minden-wolves\/wp-content\/uploads\/sites\/2\/2025\/04\/neuzugang_05_00-700x228.jpg 700w, https:\/\/djk-dom-minden.de\/football\/minden-wolves\/wp-content\/uploads\/sites\/2\/2025\/04\/neuzugang_05_00-600x195.jpg 600w, https:\/\/djk-dom-minden.de\/football\/minden-wolves\/wp-content\/uploads\/sites\/2\/2025\/04\/neuzugang_05_00-500x163.jpg 500w, https:\/\/djk-dom-minden.de\/football\/minden-wolves\/wp-content\/uploads\/sites\/2\/2025\/04\/neuzugang_05_00-400x130.jpg 400w, https:\/\/djk-dom-minden.de\/football\/minden-wolves\/wp-content\/uploads\/sites\/2\/2025\/04\/neuzugang_05_00-300x98.jpg 300w, https:\/\/djk-dom-minden.de\/football\/minden-wolves\/wp-content\/uploads\/sites\/2\/2025\/04\/neuzugang_05_00-200x65.jpg 200w, https:\/\/djk-dom-minden.de\/football\/minden-wolves\/wp-content\/uploads\/sites\/2\/2025\/04\/neuzugang_05_00-100x33.jpg 100w\" data-sizes=\"auto\"\/><a href=\"https:\/\/djk-dom-minden.de\/football\/minden-wolves\/news\/gamble-findet-zwei-talente-aus-grossbritannien-fuer-die-o-line\" target=\"_self\"><figcaption><div class=\"fig-item\"><span class=\"title\"><h3>Gamble findet zwei Talente aus Gro\u00dfbritannien...<\/h3><\/span><span class=\"date\"><h5>24.03.2025<\/h5><\/span><\/div><\/figcaption><\/a><\/figure><figure class=\"effect-jazz\"><img data-src=\"https:\/\/djk-dom-minden.de\/football\/minden-wolves-cubs\/wp-content\/uploads\/sites\/3\/2020\/10\/news-Cubs-aufbau-100x47.jpg\" class=\"lazyload\" data-srcset=\"https:\/\/djk-dom-minden.de\/football\/minden-wolves-cubs\/wp-content\/uploads\/sites\/3\/2020\/10\/news-Cubs-aufbau-300x141.jpg 300w, https:\/\/djk-dom-minden.de\/football\/minden-wolves-cubs\/wp-content\/uploads\/sites\/3\/2020\/10\/news-Cubs-aufbau-1024x480.jpg 1024w, https:\/\/djk-dom-minden.de\/football\/minden-wolves-cubs\/wp-content\/uploads\/sites\/3\/2020\/10\/news-Cubs-aufbau-150x150.jpg 150w, https:\/\/djk-dom-minden.de\/football\/minden-wolves-cubs\/wp-content\/uploads\/sites\/3\/2020\/10\/news-Cubs-aufbau-768x360.jpg 768w, https:\/\/djk-dom-minden.de\/football\/minden-wolves-cubs\/wp-content\/uploads\/sites\/3\/2020\/10\/news-Cubs-aufbau-1536x720.jpg 1536w, https:\/\/djk-dom-minden.de\/football\/minden-wolves-cubs\/wp-content\/uploads\/sites\/3\/2020\/10\/news-Cubs-aufbau-1200x563.jpg 1200w, https:\/\/djk-dom-minden.de\/football\/minden-wolves-cubs\/wp-content\/uploads\/sites\/3\/2020\/10\/news-Cubs-aufbau-1100x516.jpg 1100w, https:\/\/djk-dom-minden.de\/football\/minden-wolves-cubs\/wp-content\/uploads\/sites\/3\/2020\/10\/news-Cubs-aufbau-1000x469.jpg 1000w, https:\/\/djk-dom-minden.de\/football\/minden-wolves-cubs\/wp-content\/uploads\/sites\/3\/2020\/10\/news-Cubs-aufbau-900x422.jpg 900w, https:\/\/djk-dom-minden.de\/football\/minden-wolves-cubs\/wp-content\/uploads\/sites\/3\/2020\/10\/news-Cubs-aufbau-800x375.jpg 800w, https:\/\/djk-dom-minden.de\/football\/minden-wolves-cubs\/wp-content\/uploads\/sites\/3\/2020\/10\/news-Cubs-aufbau-700x328.jpg 700w, https:\/\/djk-dom-minden.de\/football\/minden-wolves-cubs\/wp-content\/uploads\/sites\/3\/2020\/10\/news-Cubs-aufbau-600x281.jpg 600w, https:\/\/djk-dom-minden.de\/football\/minden-wolves-cubs\/wp-content\/uploads\/sites\/3\/2020\/10\/news-Cubs-aufbau-500x234.jpg 500w, https:\/\/djk-dom-minden.de\/football\/minden-wolves-cubs\/wp-content\/uploads\/sites\/3\/2020\/10\/news-Cubs-aufbau-400x188.jpg 400w, https:\/\/djk-dom-minden.de\/football\/minden-wolves-cubs\/wp-content\/uploads\/sites\/3\/2020\/10\/news-Cubs-aufbau-300x141.jpg 300w, https:\/\/djk-dom-minden.de\/football\/minden-wolves-cubs\/wp-content\/uploads\/sites\/3\/2020\/10\/news-Cubs-aufbau-200x94.jpg 200w, https:\/\/djk-dom-minden.de\/football\/minden-wolves-cubs\/wp-content\/uploads\/sites\/3\/2020\/10\/news-Cubs-aufbau-100x47.jpg 100w\" data-sizes=\"auto\"\/><a href=\"https:\/\/djk-dom-minden.de\/football\/minden-wolves-cubs\/news\/minden-wolves-cubs-nachwuchs-gesucht\" target=\"_self\"><figcaption><div class=\"fig-item\"><span class=\"title\"><h3>Minden Wolves Cubs - Nachwuchs gesucht...<\/h3><\/span><span class=\"date\"><h5>06.07.2020<\/h5><\/span><\/div><\/figcaption><\/a><\/figure><figure class=\"effect-jazz\"><img data-src=\"https:\/\/djk-dom-minden.de\/football\/minden-wolves-cubs\/wp-content\/uploads\/sites\/3\/2021\/09\/U19_GameDay_94-100x47.jpg\" class=\"lazyload\" data-srcset=\"https:\/\/djk-dom-minden.de\/football\/minden-wolves-cubs\/wp-content\/uploads\/sites\/3\/2021\/09\/U19_GameDay_94-300x141.jpg 300w, https:\/\/djk-dom-minden.de\/football\/minden-wolves-cubs\/wp-content\/uploads\/sites\/3\/2021\/09\/U19_GameDay_94-150x150.jpg 150w, https:\/\/djk-dom-minden.de\/football\/minden-wolves-cubs\/wp-content\/uploads\/sites\/3\/2021\/09\/U19_GameDay_94-768x360.jpg 768w, https:\/\/djk-dom-minden.de\/football\/minden-wolves-cubs\/wp-content\/uploads\/sites\/3\/2021\/09\/U19_GameDay_94-900x422.jpg 900w, https:\/\/djk-dom-minden.de\/football\/minden-wolves-cubs\/wp-content\/uploads\/sites\/3\/2021\/09\/U19_GameDay_94-800x375.jpg 800w, https:\/\/djk-dom-minden.de\/football\/minden-wolves-cubs\/wp-content\/uploads\/sites\/3\/2021\/09\/U19_GameDay_94-700x328.jpg 700w, https:\/\/djk-dom-minden.de\/football\/minden-wolves-cubs\/wp-content\/uploads\/sites\/3\/2021\/09\/U19_GameDay_94-600x281.jpg 600w, https:\/\/djk-dom-minden.de\/football\/minden-wolves-cubs\/wp-content\/uploads\/sites\/3\/2021\/09\/U19_GameDay_94-500x234.jpg 500w, https:\/\/djk-dom-minden.de\/football\/minden-wolves-cubs\/wp-content\/uploads\/sites\/3\/2021\/09\/U19_GameDay_94-400x188.jpg 400w, https:\/\/djk-dom-minden.de\/football\/minden-wolves-cubs\/wp-content\/uploads\/sites\/3\/2021\/09\/U19_GameDay_94-300x141.jpg 300w, https:\/\/djk-dom-minden.de\/football\/minden-wolves-cubs\/wp-content\/uploads\/sites\/3\/2021\/09\/U19_GameDay_94-200x94.jpg 200w, https:\/\/djk-dom-minden.de\/football\/minden-wolves-cubs\/wp-content\/uploads\/sites\/3\/2021\/09\/U19_GameDay_94-100x47.jpg 100w\" data-sizes=\"auto\"\/><a href=\"https:\/\/djk-dom-minden.de\/football\/minden-wolves-cubs\/news\/ein-einstand-nach-mass\" target=\"_self\"><figcaption><div class=\"fig-item\"><span class=\"title\"><h3>Ein Einstand nach Ma\u00df<\/h3><\/span><span class=\"date\"><h5>07.09.2021<\/h5><\/span><\/div><\/figcaption><\/a><\/figure><figure class=\"effect-jazz\"><img data-src=\"https:\/\/djk-dom-minden.de\/football\/minden-wolves\/wp-content\/uploads\/sites\/2\/2025\/07\/gameday-crocodiles_00-100x33.jpg\" class=\"lazyload\" data-srcset=\"https:\/\/djk-dom-minden.de\/football\/minden-wolves\/wp-content\/uploads\/sites\/2\/2025\/07\/gameday-crocodiles_00-300x98.jpg 300w, https:\/\/djk-dom-minden.de\/football\/minden-wolves\/wp-content\/uploads\/sites\/2\/2025\/07\/gameday-crocodiles_00-1024x333.jpg 1024w, https:\/\/djk-dom-minden.de\/football\/minden-wolves\/wp-content\/uploads\/sites\/2\/2025\/07\/gameday-crocodiles_00-150x150.jpg 150w, https:\/\/djk-dom-minden.de\/football\/minden-wolves\/wp-content\/uploads\/sites\/2\/2025\/07\/gameday-crocodiles_00-768x250.jpg 768w, https:\/\/djk-dom-minden.de\/football\/minden-wolves\/wp-content\/uploads\/sites\/2\/2025\/07\/gameday-crocodiles_00-1536x499.jpg 1536w, https:\/\/djk-dom-minden.de\/football\/minden-wolves\/wp-content\/uploads\/sites\/2\/2025\/07\/gameday-crocodiles_00-1200x390.jpg 1200w, https:\/\/djk-dom-minden.de\/football\/minden-wolves\/wp-content\/uploads\/sites\/2\/2025\/07\/gameday-crocodiles_00-1100x358.jpg 1100w, https:\/\/djk-dom-minden.de\/football\/minden-wolves\/wp-content\/uploads\/sites\/2\/2025\/07\/gameday-crocodiles_00-1000x325.jpg 1000w, https:\/\/djk-dom-minden.de\/football\/minden-wolves\/wp-content\/uploads\/sites\/2\/2025\/07\/gameday-crocodiles_00-900x293.jpg 900w, https:\/\/djk-dom-minden.de\/football\/minden-wolves\/wp-content\/uploads\/sites\/2\/2025\/07\/gameday-crocodiles_00-800x260.jpg 800w, https:\/\/djk-dom-minden.de\/football\/minden-wolves\/wp-content\/uploads\/sites\/2\/2025\/07\/gameday-crocodiles_00-700x228.jpg 700w, https:\/\/djk-dom-minden.de\/football\/minden-wolves\/wp-content\/uploads\/sites\/2\/2025\/07\/gameday-crocodiles_00-600x195.jpg 600w, https:\/\/djk-dom-minden.de\/football\/minden-wolves\/wp-content\/uploads\/sites\/2\/2025\/07\/gameday-crocodiles_00-500x163.jpg 500w, https:\/\/djk-dom-minden.de\/football\/minden-wolves\/wp-content\/uploads\/sites\/2\/2025\/07\/gameday-crocodiles_00-400x130.jpg 400w, https:\/\/djk-dom-minden.de\/football\/minden-wolves\/wp-content\/uploads\/sites\/2\/2025\/07\/gameday-crocodiles_00-300x98.jpg 300w, https:\/\/djk-dom-minden.de\/football\/minden-wolves\/wp-content\/uploads\/sites\/2\/2025\/07\/gameday-crocodiles_00-200x65.jpg 200w, https:\/\/djk-dom-minden.de\/football\/minden-wolves\/wp-content\/uploads\/sites\/2\/2025\/07\/gameday-crocodiles_00-100x33.jpg 100w\" data-sizes=\"auto\"\/><a href=\"https:\/\/djk-dom-minden.de\/football\/minden-wolves\/news\/1-400-football-fans-begeistert-vom-offensive-spektakel\" target=\"_self\"><figcaption><div class=\"fig-item\"><span class=\"title\"><h3>1.400 Football-Fans begeistert vom...<\/h3><\/span><span class=\"date\"><h5>14.07.2025<\/h5><\/span><\/div><\/figcaption><\/a><\/figure><figure class=\"effect-jazz\"><img data-src=\"https:\/\/djk-dom-minden.de\/football\/minden-wolves\/wp-content\/uploads\/sites\/2\/2025\/09\/gameday_essen_00-100x33.jpg\" class=\"lazyload\" data-srcset=\"https:\/\/djk-dom-minden.de\/football\/minden-wolves\/wp-content\/uploads\/sites\/2\/2025\/09\/gameday_essen_00-300x98.jpg 300w, https:\/\/djk-dom-minden.de\/football\/minden-wolves\/wp-content\/uploads\/sites\/2\/2025\/09\/gameday_essen_00-1024x333.jpg 1024w, https:\/\/djk-dom-minden.de\/football\/minden-wolves\/wp-content\/uploads\/sites\/2\/2025\/09\/gameday_essen_00-150x150.jpg 150w, https:\/\/djk-dom-minden.de\/football\/minden-wolves\/wp-content\/uploads\/sites\/2\/2025\/09\/gameday_essen_00-768x250.jpg 768w, https:\/\/djk-dom-minden.de\/football\/minden-wolves\/wp-content\/uploads\/sites\/2\/2025\/09\/gameday_essen_00-1536x499.jpg 1536w, https:\/\/djk-dom-minden.de\/football\/minden-wolves\/wp-content\/uploads\/sites\/2\/2025\/09\/gameday_essen_00-1200x390.jpg 1200w, https:\/\/djk-dom-minden.de\/football\/minden-wolves\/wp-content\/uploads\/sites\/2\/2025\/09\/gameday_essen_00-1100x358.jpg 1100w, https:\/\/djk-dom-minden.de\/football\/minden-wolves\/wp-content\/uploads\/sites\/2\/2025\/09\/gameday_essen_00-1000x325.jpg 1000w, https:\/\/djk-dom-minden.de\/football\/minden-wolves\/wp-content\/uploads\/sites\/2\/2025\/09\/gameday_essen_00-900x293.jpg 900w, https:\/\/djk-dom-minden.de\/football\/minden-wolves\/wp-content\/uploads\/sites\/2\/2025\/09\/gameday_essen_00-800x260.jpg 800w, https:\/\/djk-dom-minden.de\/football\/minden-wolves\/wp-content\/uploads\/sites\/2\/2025\/09\/gameday_essen_00-700x228.jpg 700w, https:\/\/djk-dom-minden.de\/football\/minden-wolves\/wp-content\/uploads\/sites\/2\/2025\/09\/gameday_essen_00-600x195.jpg 600w, https:\/\/djk-dom-minden.de\/football\/minden-wolves\/wp-content\/uploads\/sites\/2\/2025\/09\/gameday_essen_00-500x163.jpg 500w, https:\/\/djk-dom-minden.de\/football\/minden-wolves\/wp-content\/uploads\/sites\/2\/2025\/09\/gameday_essen_00-400x130.jpg 400w, https:\/\/djk-dom-minden.de\/football\/minden-wolves\/wp-content\/uploads\/sites\/2\/2025\/09\/gameday_essen_00-300x98.jpg 300w, https:\/\/djk-dom-minden.de\/football\/minden-wolves\/wp-content\/uploads\/sites\/2\/2025\/09\/gameday_essen_00-200x65.jpg 200w, https:\/\/djk-dom-minden.de\/football\/minden-wolves\/wp-content\/uploads\/sites\/2\/2025\/09\/gameday_essen_00-100x33.jpg 100w\" data-sizes=\"auto\"\/><a href=\"https:\/\/djk-dom-minden.de\/football\/minden-wolves\/news\/nach-ueberragendem-start-lief-nicht-mehr-viel-zusammen\" target=\"_self\"><figcaption><div class=\"fig-item\"><span class=\"title\"><h3>Nach \u00fcberragendem Start lief nicht...<\/h3><\/span><span class=\"date\"><h5>24.08.2025<\/h5><\/span><\/div><\/figcaption><\/a><\/figure><figure class=\"effect-jazz\"><img data-src=\"https:\/\/djk-dom-minden.de\/football\/minden-wolves\/wp-content\/uploads\/sites\/2\/2025\/09\/gameday_hannover_00-100x33.jpg\" class=\"lazyload\" data-srcset=\"https:\/\/djk-dom-minden.de\/football\/minden-wolves\/wp-content\/uploads\/sites\/2\/2025\/09\/gameday_hannover_00-300x98.jpg 300w, https:\/\/djk-dom-minden.de\/football\/minden-wolves\/wp-content\/uploads\/sites\/2\/2025\/09\/gameday_hannover_00-1024x333.jpg 1024w, https:\/\/djk-dom-minden.de\/football\/minden-wolves\/wp-content\/uploads\/sites\/2\/2025\/09\/gameday_hannover_00-150x150.jpg 150w, https:\/\/djk-dom-minden.de\/football\/minden-wolves\/wp-content\/uploads\/sites\/2\/2025\/09\/gameday_hannover_00-768x250.jpg 768w, https:\/\/djk-dom-minden.de\/football\/minden-wolves\/wp-content\/uploads\/sites\/2\/2025\/09\/gameday_hannover_00-1536x499.jpg 1536w, https:\/\/djk-dom-minden.de\/football\/minden-wolves\/wp-content\/uploads\/sites\/2\/2025\/09\/gameday_hannover_00-1200x390.jpg 1200w, https:\/\/djk-dom-minden.de\/football\/minden-wolves\/wp-content\/uploads\/sites\/2\/2025\/09\/gameday_hannover_00-1100x358.jpg 1100w, https:\/\/djk-dom-minden.de\/football\/minden-wolves\/wp-content\/uploads\/sites\/2\/2025\/09\/gameday_hannover_00-1000x325.jpg 1000w, https:\/\/djk-dom-minden.de\/football\/minden-wolves\/wp-content\/uploads\/sites\/2\/2025\/09\/gameday_hannover_00-900x293.jpg 900w, https:\/\/djk-dom-minden.de\/football\/minden-wolves\/wp-content\/uploads\/sites\/2\/2025\/09\/gameday_hannover_00-800x260.jpg 800w, https:\/\/djk-dom-minden.de\/football\/minden-wolves\/wp-content\/uploads\/sites\/2\/2025\/09\/gameday_hannover_00-700x228.jpg 700w, https:\/\/djk-dom-minden.de\/football\/minden-wolves\/wp-content\/uploads\/sites\/2\/2025\/09\/gameday_hannover_00-600x195.jpg 600w, https:\/\/djk-dom-minden.de\/football\/minden-wolves\/wp-content\/uploads\/sites\/2\/2025\/09\/gameday_hannover_00-500x163.jpg 500w, https:\/\/djk-dom-minden.de\/football\/minden-wolves\/wp-content\/uploads\/sites\/2\/2025\/09\/gameday_hannover_00-400x130.jpg 400w, https:\/\/djk-dom-minden.de\/football\/minden-wolves\/wp-content\/uploads\/sites\/2\/2025\/09\/gameday_hannover_00-300x98.jpg 300w, https:\/\/djk-dom-minden.de\/football\/minden-wolves\/wp-content\/uploads\/sites\/2\/2025\/09\/gameday_hannover_00-200x65.jpg 200w, https:\/\/djk-dom-minden.de\/football\/minden-wolves\/wp-content\/uploads\/sites\/2\/2025\/09\/gameday_hannover_00-100x33.jpg 100w\" data-sizes=\"auto\"\/><a href=\"https:\/\/djk-dom-minden.de\/football\/minden-wolves\/news\/wolves-zittern-sich-in-die-2-bundesliga\" target=\"_self\"><figcaption><div class=\"fig-item\"><span class=\"title\"><h3>Wolves zittern sich in die 2. Bundesliga...<\/h3><\/span><span class=\"date\"><h5>29.09.2025<\/h5><\/span><\/div><\/figcaption><\/a><\/figure><figure class=\"effect-jazz\"><img data-src=\"https:\/\/djk-dom-minden.de\/football\/minden-wolves\/wp-content\/uploads\/sites\/2\/2025\/04\/01-cancelled-100x47.jpg\" class=\"lazyload\" data-srcset=\"https:\/\/djk-dom-minden.de\/football\/minden-wolves\/wp-content\/uploads\/sites\/2\/2025\/04\/01-cancelled-300x141.jpg 300w, https:\/\/djk-dom-minden.de\/football\/minden-wolves\/wp-content\/uploads\/sites\/2\/2025\/04\/01-cancelled-1024x480.jpg 1024w, https:\/\/djk-dom-minden.de\/football\/minden-wolves\/wp-content\/uploads\/sites\/2\/2025\/04\/01-cancelled-150x150.jpg 150w, https:\/\/djk-dom-minden.de\/football\/minden-wolves\/wp-content\/uploads\/sites\/2\/2025\/04\/01-cancelled-768x360.jpg 768w, https:\/\/djk-dom-minden.de\/football\/minden-wolves\/wp-content\/uploads\/sites\/2\/2025\/04\/01-cancelled-1536x720.jpg 1536w, https:\/\/djk-dom-minden.de\/football\/minden-wolves\/wp-content\/uploads\/sites\/2\/2025\/04\/01-cancelled-2048x960.jpg 2048w, https:\/\/djk-dom-minden.de\/football\/minden-wolves\/wp-content\/uploads\/sites\/2\/2025\/04\/01-cancelled-1200x563.jpg 1200w, https:\/\/djk-dom-minden.de\/football\/minden-wolves\/wp-content\/uploads\/sites\/2\/2025\/04\/01-cancelled-1100x516.jpg 1100w, https:\/\/djk-dom-minden.de\/football\/minden-wolves\/wp-content\/uploads\/sites\/2\/2025\/04\/01-cancelled-1000x469.jpg 1000w, https:\/\/djk-dom-minden.de\/football\/minden-wolves\/wp-content\/uploads\/sites\/2\/2025\/04\/01-cancelled-900x422.jpg 900w, https:\/\/djk-dom-minden.de\/football\/minden-wolves\/wp-content\/uploads\/sites\/2\/2025\/04\/01-cancelled-800x375.jpg 800w, https:\/\/djk-dom-minden.de\/football\/minden-wolves\/wp-content\/uploads\/sites\/2\/2025\/04\/01-cancelled-700x328.jpg 700w, https:\/\/djk-dom-minden.de\/football\/minden-wolves\/wp-content\/uploads\/sites\/2\/2025\/04\/01-cancelled-600x281.jpg 600w, https:\/\/djk-dom-minden.de\/football\/minden-wolves\/wp-content\/uploads\/sites\/2\/2025\/04\/01-cancelled-500x234.jpg 500w, https:\/\/djk-dom-minden.de\/football\/minden-wolves\/wp-content\/uploads\/sites\/2\/2025\/04\/01-cancelled-400x188.jpg 400w, https:\/\/djk-dom-minden.de\/football\/minden-wolves\/wp-content\/uploads\/sites\/2\/2025\/04\/01-cancelled-300x141.jpg 300w, https:\/\/djk-dom-minden.de\/football\/minden-wolves\/wp-content\/uploads\/sites\/2\/2025\/04\/01-cancelled-200x94.jpg 200w, https:\/\/djk-dom-minden.de\/football\/minden-wolves\/wp-content\/uploads\/sites\/2\/2025\/04\/01-cancelled-100x47.jpg 100w\" data-sizes=\"auto\"\/><a href=\"https:\/\/djk-dom-minden.de\/football\/minden-wolves\/news\/der-erste-auftritt-verschiebt-sich-um-eine-woche\" target=\"_self\"><figcaption><div class=\"fig-item\"><span class=\"title\"><h3>Der erste Auftritt verschiebt sich...<\/h3><\/span><span class=\"date\"><h5>01.04.2025<\/h5><\/span><\/div><\/figcaption><\/a><\/figure><figure class=\"effect-jazz\"><img data-src=\"https:\/\/djk-dom-minden.de\/football\/minden-wolves-cubs\/wp-content\/uploads\/sites\/3\/2022\/04\/minden-wolves-U19_nachwuchsteams_teaser-100x33.jpg\" class=\"lazyload\" data-srcset=\"https:\/\/djk-dom-minden.de\/football\/minden-wolves-cubs\/wp-content\/uploads\/sites\/3\/2022\/04\/minden-wolves-U19_nachwuchsteams_teaser-300x98.jpg 300w, https:\/\/djk-dom-minden.de\/football\/minden-wolves-cubs\/wp-content\/uploads\/sites\/3\/2022\/04\/minden-wolves-U19_nachwuchsteams_teaser-1024x333.jpg 1024w, https:\/\/djk-dom-minden.de\/football\/minden-wolves-cubs\/wp-content\/uploads\/sites\/3\/2022\/04\/minden-wolves-U19_nachwuchsteams_teaser-150x150.jpg 150w, https:\/\/djk-dom-minden.de\/football\/minden-wolves-cubs\/wp-content\/uploads\/sites\/3\/2022\/04\/minden-wolves-U19_nachwuchsteams_teaser-768x250.jpg 768w, https:\/\/djk-dom-minden.de\/football\/minden-wolves-cubs\/wp-content\/uploads\/sites\/3\/2022\/04\/minden-wolves-U19_nachwuchsteams_teaser-1536x499.jpg 1536w, https:\/\/djk-dom-minden.de\/football\/minden-wolves-cubs\/wp-content\/uploads\/sites\/3\/2022\/04\/minden-wolves-U19_nachwuchsteams_teaser-1200x390.jpg 1200w, https:\/\/djk-dom-minden.de\/football\/minden-wolves-cubs\/wp-content\/uploads\/sites\/3\/2022\/04\/minden-wolves-U19_nachwuchsteams_teaser-1100x358.jpg 1100w, https:\/\/djk-dom-minden.de\/football\/minden-wolves-cubs\/wp-content\/uploads\/sites\/3\/2022\/04\/minden-wolves-U19_nachwuchsteams_teaser-1000x325.jpg 1000w, https:\/\/djk-dom-minden.de\/football\/minden-wolves-cubs\/wp-content\/uploads\/sites\/3\/2022\/04\/minden-wolves-U19_nachwuchsteams_teaser-900x293.jpg 900w, https:\/\/djk-dom-minden.de\/football\/minden-wolves-cubs\/wp-content\/uploads\/sites\/3\/2022\/04\/minden-wolves-U19_nachwuchsteams_teaser-800x260.jpg 800w, https:\/\/djk-dom-minden.de\/football\/minden-wolves-cubs\/wp-content\/uploads\/sites\/3\/2022\/04\/minden-wolves-U19_nachwuchsteams_teaser-700x228.jpg 700w, https:\/\/djk-dom-minden.de\/football\/minden-wolves-cubs\/wp-content\/uploads\/sites\/3\/2022\/04\/minden-wolves-U19_nachwuchsteams_teaser-600x195.jpg 600w, https:\/\/djk-dom-minden.de\/football\/minden-wolves-cubs\/wp-content\/uploads\/sites\/3\/2022\/04\/minden-wolves-U19_nachwuchsteams_teaser-500x163.jpg 500w, https:\/\/djk-dom-minden.de\/football\/minden-wolves-cubs\/wp-content\/uploads\/sites\/3\/2022\/04\/minden-wolves-U19_nachwuchsteams_teaser-400x130.jpg 400w, https:\/\/djk-dom-minden.de\/football\/minden-wolves-cubs\/wp-content\/uploads\/sites\/3\/2022\/04\/minden-wolves-U19_nachwuchsteams_teaser-300x98.jpg 300w, https:\/\/djk-dom-minden.de\/football\/minden-wolves-cubs\/wp-content\/uploads\/sites\/3\/2022\/04\/minden-wolves-U19_nachwuchsteams_teaser-200x65.jpg 200w, https:\/\/djk-dom-minden.de\/football\/minden-wolves-cubs\/wp-content\/uploads\/sites\/3\/2022\/04\/minden-wolves-U19_nachwuchsteams_teaser-100x33.jpg 100w\" data-sizes=\"auto\"\/><a href=\"https:\/\/djk-dom-minden.de\/football\/minden-wolves-cubs\/news\/zwei-nachwuchsteams-starten-in-der-neuen-saison-fuer-die-wolves\" target=\"_self\"><figcaption><div class=\"fig-item\"><span class=\"title\"><h3>Zwei Nachwuchsteams starten in der...<\/h3><\/span><span class=\"date\"><h5>05.04.2022<\/h5><\/span><\/div><\/figcaption><\/a><\/figure><figure class=\"effect-jazz\"><img data-src=\"https:\/\/djk-dom-minden.de\/football\/wp-content\/uploads\/2022\/12\/minden-wolves-weserstadion-renovierung_teaser-100x33.jpg\" class=\"lazyload\" data-srcset=\"https:\/\/djk-dom-minden.de\/football\/wp-content\/uploads\/2022\/12\/minden-wolves-weserstadion-renovierung_teaser-300x98.jpg 300w, https:\/\/djk-dom-minden.de\/football\/wp-content\/uploads\/2022\/12\/minden-wolves-weserstadion-renovierung_teaser-1024x333.jpg 1024w, https:\/\/djk-dom-minden.de\/football\/wp-content\/uploads\/2022\/12\/minden-wolves-weserstadion-renovierung_teaser-150x150.jpg 150w, https:\/\/djk-dom-minden.de\/football\/wp-content\/uploads\/2022\/12\/minden-wolves-weserstadion-renovierung_teaser-768x250.jpg 768w, https:\/\/djk-dom-minden.de\/football\/wp-content\/uploads\/2022\/12\/minden-wolves-weserstadion-renovierung_teaser-1536x499.jpg 1536w, https:\/\/djk-dom-minden.de\/football\/wp-content\/uploads\/2022\/12\/minden-wolves-weserstadion-renovierung_teaser-1200x390.jpg 1200w, https:\/\/djk-dom-minden.de\/football\/wp-content\/uploads\/2022\/12\/minden-wolves-weserstadion-renovierung_teaser-1100x358.jpg 1100w, https:\/\/djk-dom-minden.de\/football\/wp-content\/uploads\/2022\/12\/minden-wolves-weserstadion-renovierung_teaser-1000x325.jpg 1000w, https:\/\/djk-dom-minden.de\/football\/wp-content\/uploads\/2022\/12\/minden-wolves-weserstadion-renovierung_teaser-900x293.jpg 900w, https:\/\/djk-dom-minden.de\/football\/wp-content\/uploads\/2022\/12\/minden-wolves-weserstadion-renovierung_teaser-800x260.jpg 800w, https:\/\/djk-dom-minden.de\/football\/wp-content\/uploads\/2022\/12\/minden-wolves-weserstadion-renovierung_teaser-700x228.jpg 700w, https:\/\/djk-dom-minden.de\/football\/wp-content\/uploads\/2022\/12\/minden-wolves-weserstadion-renovierung_teaser-600x195.jpg 600w, https:\/\/djk-dom-minden.de\/football\/wp-content\/uploads\/2022\/12\/minden-wolves-weserstadion-renovierung_teaser-500x163.jpg 500w, https:\/\/djk-dom-minden.de\/football\/wp-content\/uploads\/2022\/12\/minden-wolves-weserstadion-renovierung_teaser-400x130.jpg 400w, https:\/\/djk-dom-minden.de\/football\/wp-content\/uploads\/2022\/12\/minden-wolves-weserstadion-renovierung_teaser-300x98.jpg 300w, https:\/\/djk-dom-minden.de\/football\/wp-content\/uploads\/2022\/12\/minden-wolves-weserstadion-renovierung_teaser-200x65.jpg 200w, https:\/\/djk-dom-minden.de\/football\/wp-content\/uploads\/2022\/12\/minden-wolves-weserstadion-renovierung_teaser-100x33.jpg 100w\" data-sizes=\"auto\"\/><a href=\"https:\/\/djk-dom-minden.de\/football\/news\/einen-super-gau-abwenden\" target=\"_self\"><figcaption><div class=\"fig-item\"><span class=\"title\"><h3>Einen Super-GAU abwenden<\/h3><\/span><span class=\"date\"><h5>13.12.2022<\/h5><\/span><\/div><\/figcaption><\/a><\/figure><figure class=\"effect-jazz\"><img data-src=\"https:\/\/djk-dom-minden.de\/football\/minden-wolves\/wp-content\/uploads\/sites\/2\/2025\/03\/neuzugang_wolves_00d-100x33.jpg\" class=\"lazyload\" data-srcset=\"https:\/\/djk-dom-minden.de\/football\/minden-wolves\/wp-content\/uploads\/sites\/2\/2025\/03\/neuzugang_wolves_00d-300x98.jpg 300w, https:\/\/djk-dom-minden.de\/football\/minden-wolves\/wp-content\/uploads\/sites\/2\/2025\/03\/neuzugang_wolves_00d-1024x333.jpg 1024w, https:\/\/djk-dom-minden.de\/football\/minden-wolves\/wp-content\/uploads\/sites\/2\/2025\/03\/neuzugang_wolves_00d-150x150.jpg 150w, https:\/\/djk-dom-minden.de\/football\/minden-wolves\/wp-content\/uploads\/sites\/2\/2025\/03\/neuzugang_wolves_00d-768x250.jpg 768w, https:\/\/djk-dom-minden.de\/football\/minden-wolves\/wp-content\/uploads\/sites\/2\/2025\/03\/neuzugang_wolves_00d-1536x499.jpg 1536w, https:\/\/djk-dom-minden.de\/football\/minden-wolves\/wp-content\/uploads\/sites\/2\/2025\/03\/neuzugang_wolves_00d-1200x390.jpg 1200w, https:\/\/djk-dom-minden.de\/football\/minden-wolves\/wp-content\/uploads\/sites\/2\/2025\/03\/neuzugang_wolves_00d-1100x358.jpg 1100w, https:\/\/djk-dom-minden.de\/football\/minden-wolves\/wp-content\/uploads\/sites\/2\/2025\/03\/neuzugang_wolves_00d-1000x325.jpg 1000w, https:\/\/djk-dom-minden.de\/football\/minden-wolves\/wp-content\/uploads\/sites\/2\/2025\/03\/neuzugang_wolves_00d-900x293.jpg 900w, https:\/\/djk-dom-minden.de\/football\/minden-wolves\/wp-content\/uploads\/sites\/2\/2025\/03\/neuzugang_wolves_00d-800x260.jpg 800w, https:\/\/djk-dom-minden.de\/football\/minden-wolves\/wp-content\/uploads\/sites\/2\/2025\/03\/neuzugang_wolves_00d-700x228.jpg 700w, https:\/\/djk-dom-minden.de\/football\/minden-wolves\/wp-content\/uploads\/sites\/2\/2025\/03\/neuzugang_wolves_00d-600x195.jpg 600w, https:\/\/djk-dom-minden.de\/football\/minden-wolves\/wp-content\/uploads\/sites\/2\/2025\/03\/neuzugang_wolves_00d-500x163.jpg 500w, https:\/\/djk-dom-minden.de\/football\/minden-wolves\/wp-content\/uploads\/sites\/2\/2025\/03\/neuzugang_wolves_00d-400x130.jpg 400w, https:\/\/djk-dom-minden.de\/football\/minden-wolves\/wp-content\/uploads\/sites\/2\/2025\/03\/neuzugang_wolves_00d-300x98.jpg 300w, https:\/\/djk-dom-minden.de\/football\/minden-wolves\/wp-content\/uploads\/sites\/2\/2025\/03\/neuzugang_wolves_00d-200x65.jpg 200w, https:\/\/djk-dom-minden.de\/football\/minden-wolves\/wp-content\/uploads\/sites\/2\/2025\/03\/neuzugang_wolves_00d-100x33.jpg 100w\" data-sizes=\"auto\"\/><a href=\"https:\/\/djk-dom-minden.de\/football\/minden-wolves\/news\/aus-dem-adler-horst-in-die-wolfs-hoehle\" target=\"_self\"><figcaption><div class=\"fig-item\"><span class=\"title\"><h3>Aus dem Adler-Horst in die Wolfs-H\u00f6hle...<\/h3><\/span><span class=\"date\"><h5>19.03.2025<\/h5><\/span><\/div><\/figcaption><\/a><\/figure><figure class=\"effect-jazz\"><img data-src=\"https:\/\/djk-dom-minden.de\/football\/minden-wolves-cubs\/wp-content\/uploads\/sites\/3\/2020\/10\/IMG_69430-100x75.jpg\" class=\"lazyload\" data-srcset=\"https:\/\/djk-dom-minden.de\/football\/minden-wolves-cubs\/wp-content\/uploads\/sites\/3\/2020\/10\/IMG_69430-300x225.jpg 300w, https:\/\/djk-dom-minden.de\/football\/minden-wolves-cubs\/wp-content\/uploads\/sites\/3\/2020\/10\/IMG_69430-1024x768.jpg 1024w, https:\/\/djk-dom-minden.de\/football\/minden-wolves-cubs\/wp-content\/uploads\/sites\/3\/2020\/10\/IMG_69430-150x150.jpg 150w, https:\/\/djk-dom-minden.de\/football\/minden-wolves-cubs\/wp-content\/uploads\/sites\/3\/2020\/10\/IMG_69430-768x576.jpg 768w, https:\/\/djk-dom-minden.de\/football\/minden-wolves-cubs\/wp-content\/uploads\/sites\/3\/2020\/10\/IMG_69430-1536x1152.jpg 1536w, https:\/\/djk-dom-minden.de\/football\/minden-wolves-cubs\/wp-content\/uploads\/sites\/3\/2020\/10\/IMG_69430-2048x1536.jpg 2048w, https:\/\/djk-dom-minden.de\/football\/minden-wolves-cubs\/wp-content\/uploads\/sites\/3\/2020\/10\/IMG_69430-1100x825.jpg 1100w, https:\/\/djk-dom-minden.de\/football\/minden-wolves-cubs\/wp-content\/uploads\/sites\/3\/2020\/10\/IMG_69430-1000x750.jpg 1000w, https:\/\/djk-dom-minden.de\/football\/minden-wolves-cubs\/wp-content\/uploads\/sites\/3\/2020\/10\/IMG_69430-900x675.jpg 900w, https:\/\/djk-dom-minden.de\/football\/minden-wolves-cubs\/wp-content\/uploads\/sites\/3\/2020\/10\/IMG_69430-800x600.jpg 800w, https:\/\/djk-dom-minden.de\/football\/minden-wolves-cubs\/wp-content\/uploads\/sites\/3\/2020\/10\/IMG_69430-700x525.jpg 700w, https:\/\/djk-dom-minden.de\/football\/minden-wolves-cubs\/wp-content\/uploads\/sites\/3\/2020\/10\/IMG_69430-600x450.jpg 600w, https:\/\/djk-dom-minden.de\/football\/minden-wolves-cubs\/wp-content\/uploads\/sites\/3\/2020\/10\/IMG_69430-500x375.jpg 500w, https:\/\/djk-dom-minden.de\/football\/minden-wolves-cubs\/wp-content\/uploads\/sites\/3\/2020\/10\/IMG_69430-400x300.jpg 400w, https:\/\/djk-dom-minden.de\/football\/minden-wolves-cubs\/wp-content\/uploads\/sites\/3\/2020\/10\/IMG_69430-300x225.jpg 300w, https:\/\/djk-dom-minden.de\/football\/minden-wolves-cubs\/wp-content\/uploads\/sites\/3\/2020\/10\/IMG_69430-200x150.jpg 200w, https:\/\/djk-dom-minden.de\/football\/minden-wolves-cubs\/wp-content\/uploads\/sites\/3\/2020\/10\/IMG_69430-100x75.jpg 100w\" data-sizes=\"auto\"\/><a href=\"https:\/\/djk-dom-minden.de\/football\/minden-wolves-cubs\/news\/minden-wolves-cubs-tryout-camp-2020\" target=\"_self\"><figcaption><div class=\"fig-item\"><span class=\"title\"><h3>Minden Wolves Cubs - TryOut Camp...<\/h3><\/span><span class=\"date\"><h5>05.08.2020<\/h5><\/span><\/div><\/figcaption><\/a><\/figure><figure class=\"effect-jazz\"><img data-src=\"https:\/\/djk-dom-minden.de\/football\/minden-wolves\/wp-content\/uploads\/sites\/2\/2025\/09\/gameday_muenster_00-100x33.jpg\" class=\"lazyload\" data-srcset=\"https:\/\/djk-dom-minden.de\/football\/minden-wolves\/wp-content\/uploads\/sites\/2\/2025\/09\/gameday_muenster_00-300x98.jpg 300w, https:\/\/djk-dom-minden.de\/football\/minden-wolves\/wp-content\/uploads\/sites\/2\/2025\/09\/gameday_muenster_00-1024x333.jpg 1024w, https:\/\/djk-dom-minden.de\/football\/minden-wolves\/wp-content\/uploads\/sites\/2\/2025\/09\/gameday_muenster_00-150x150.jpg 150w, https:\/\/djk-dom-minden.de\/football\/minden-wolves\/wp-content\/uploads\/sites\/2\/2025\/09\/gameday_muenster_00-768x250.jpg 768w, https:\/\/djk-dom-minden.de\/football\/minden-wolves\/wp-content\/uploads\/sites\/2\/2025\/09\/gameday_muenster_00-1536x499.jpg 1536w, https:\/\/djk-dom-minden.de\/football\/minden-wolves\/wp-content\/uploads\/sites\/2\/2025\/09\/gameday_muenster_00-1200x390.jpg 1200w, https:\/\/djk-dom-minden.de\/football\/minden-wolves\/wp-content\/uploads\/sites\/2\/2025\/09\/gameday_muenster_00-1100x358.jpg 1100w, https:\/\/djk-dom-minden.de\/football\/minden-wolves\/wp-content\/uploads\/sites\/2\/2025\/09\/gameday_muenster_00-1000x325.jpg 1000w, https:\/\/djk-dom-minden.de\/football\/minden-wolves\/wp-content\/uploads\/sites\/2\/2025\/09\/gameday_muenster_00-900x293.jpg 900w, https:\/\/djk-dom-minden.de\/football\/minden-wolves\/wp-content\/uploads\/sites\/2\/2025\/09\/gameday_muenster_00-800x260.jpg 800w, https:\/\/djk-dom-minden.de\/football\/minden-wolves\/wp-content\/uploads\/sites\/2\/2025\/09\/gameday_muenster_00-700x228.jpg 700w, https:\/\/djk-dom-minden.de\/football\/minden-wolves\/wp-content\/uploads\/sites\/2\/2025\/09\/gameday_muenster_00-600x195.jpg 600w, https:\/\/djk-dom-minden.de\/football\/minden-wolves\/wp-content\/uploads\/sites\/2\/2025\/09\/gameday_muenster_00-500x163.jpg 500w, https:\/\/djk-dom-minden.de\/football\/minden-wolves\/wp-content\/uploads\/sites\/2\/2025\/09\/gameday_muenster_00-400x130.jpg 400w, https:\/\/djk-dom-minden.de\/football\/minden-wolves\/wp-content\/uploads\/sites\/2\/2025\/09\/gameday_muenster_00-300x98.jpg 300w, https:\/\/djk-dom-minden.de\/football\/minden-wolves\/wp-content\/uploads\/sites\/2\/2025\/09\/gameday_muenster_00-200x65.jpg 200w, https:\/\/djk-dom-minden.de\/football\/minden-wolves\/wp-content\/uploads\/sites\/2\/2025\/09\/gameday_muenster_00-100x33.jpg 100w\" data-sizes=\"auto\"\/><a href=\"https:\/\/djk-dom-minden.de\/football\/minden-wolves\/news\/die-defense-muss-vor-dem-finale-deutlich-zulegen\" target=\"_self\"><figcaption><div class=\"fig-item\"><span class=\"title\"><h3>Die Defense muss vor dem Finale...<\/h3><\/span><span class=\"date\"><h5>01.09.2025<\/h5><\/span><\/div><\/figcaption><\/a><\/figure><figure class=\"effect-jazz\"><img data-src=\"https:\/\/djk-dom-minden.de\/football\/minden-wolves-cubs\/wp-content\/uploads\/sites\/3\/2023\/07\/blickpunkt-aug-sep_2023_05_00-100x33.jpg\" class=\"lazyload\" data-srcset=\"https:\/\/djk-dom-minden.de\/football\/minden-wolves-cubs\/wp-content\/uploads\/sites\/3\/2023\/07\/blickpunkt-aug-sep_2023_05_00-300x98.jpg 300w, https:\/\/djk-dom-minden.de\/football\/minden-wolves-cubs\/wp-content\/uploads\/sites\/3\/2023\/07\/blickpunkt-aug-sep_2023_05_00-1024x333.jpg 1024w, https:\/\/djk-dom-minden.de\/football\/minden-wolves-cubs\/wp-content\/uploads\/sites\/3\/2023\/07\/blickpunkt-aug-sep_2023_05_00-150x150.jpg 150w, https:\/\/djk-dom-minden.de\/football\/minden-wolves-cubs\/wp-content\/uploads\/sites\/3\/2023\/07\/blickpunkt-aug-sep_2023_05_00-768x250.jpg 768w, https:\/\/djk-dom-minden.de\/football\/minden-wolves-cubs\/wp-content\/uploads\/sites\/3\/2023\/07\/blickpunkt-aug-sep_2023_05_00-1536x499.jpg 1536w, https:\/\/djk-dom-minden.de\/football\/minden-wolves-cubs\/wp-content\/uploads\/sites\/3\/2023\/07\/blickpunkt-aug-sep_2023_05_00-1200x390.jpg 1200w, https:\/\/djk-dom-minden.de\/football\/minden-wolves-cubs\/wp-content\/uploads\/sites\/3\/2023\/07\/blickpunkt-aug-sep_2023_05_00-1100x358.jpg 1100w, https:\/\/djk-dom-minden.de\/football\/minden-wolves-cubs\/wp-content\/uploads\/sites\/3\/2023\/07\/blickpunkt-aug-sep_2023_05_00-1000x325.jpg 1000w, https:\/\/djk-dom-minden.de\/football\/minden-wolves-cubs\/wp-content\/uploads\/sites\/3\/2023\/07\/blickpunkt-aug-sep_2023_05_00-900x293.jpg 900w, https:\/\/djk-dom-minden.de\/football\/minden-wolves-cubs\/wp-content\/uploads\/sites\/3\/2023\/07\/blickpunkt-aug-sep_2023_05_00-800x260.jpg 800w, https:\/\/djk-dom-minden.de\/football\/minden-wolves-cubs\/wp-content\/uploads\/sites\/3\/2023\/07\/blickpunkt-aug-sep_2023_05_00-700x228.jpg 700w, https:\/\/djk-dom-minden.de\/football\/minden-wolves-cubs\/wp-content\/uploads\/sites\/3\/2023\/07\/blickpunkt-aug-sep_2023_05_00-600x195.jpg 600w, https:\/\/djk-dom-minden.de\/football\/minden-wolves-cubs\/wp-content\/uploads\/sites\/3\/2023\/07\/blickpunkt-aug-sep_2023_05_00-500x163.jpg 500w, https:\/\/djk-dom-minden.de\/football\/minden-wolves-cubs\/wp-content\/uploads\/sites\/3\/2023\/07\/blickpunkt-aug-sep_2023_05_00-400x130.jpg 400w, https:\/\/djk-dom-minden.de\/football\/minden-wolves-cubs\/wp-content\/uploads\/sites\/3\/2023\/07\/blickpunkt-aug-sep_2023_05_00-300x98.jpg 300w, https:\/\/djk-dom-minden.de\/football\/minden-wolves-cubs\/wp-content\/uploads\/sites\/3\/2023\/07\/blickpunkt-aug-sep_2023_05_00-200x65.jpg 200w, https:\/\/djk-dom-minden.de\/football\/minden-wolves-cubs\/wp-content\/uploads\/sites\/3\/2023\/07\/blickpunkt-aug-sep_2023_05_00-100x33.jpg 100w\" data-sizes=\"auto\"\/><a href=\"https:\/\/djk-dom-minden.de\/football\/minden-wolves-cubs\/news\/auf-kurs-vizemeisterschaft\" target=\"_self\"><figcaption><div class=\"fig-item\"><span class=\"title\"><h3>Auf Kurs Vizemeisterschaft<\/h3><\/span><span class=\"date\"><h5>28.07.2023<\/h5><\/span><\/div><\/figcaption><\/a><\/figure><figure class=\"effect-jazz\"><img data-src=\"https:\/\/djk-dom-minden.de\/football\/wp-content\/uploads\/2021\/11\/Player-of-the-Year-100x71.jpg\" class=\"lazyload\" data-srcset=\"https:\/\/djk-dom-minden.de\/football\/wp-content\/uploads\/2021\/11\/Player-of-the-Year-300x214.jpg 300w, https:\/\/djk-dom-minden.de\/football\/wp-content\/uploads\/2021\/11\/Player-of-the-Year-1024x731.jpg 1024w, https:\/\/djk-dom-minden.de\/football\/wp-content\/uploads\/2021\/11\/Player-of-the-Year-150x150.jpg 150w, https:\/\/djk-dom-minden.de\/football\/wp-content\/uploads\/2021\/11\/Player-of-the-Year-768x548.jpg 768w, https:\/\/djk-dom-minden.de\/football\/wp-content\/uploads\/2021\/11\/Player-of-the-Year-1536x1096.jpg 1536w, https:\/\/djk-dom-minden.de\/football\/wp-content\/uploads\/2021\/11\/Player-of-the-Year-2048x1462.jpg 2048w, https:\/\/djk-dom-minden.de\/football\/wp-content\/uploads\/2021\/11\/Player-of-the-Year-1200x856.jpg 1200w, https:\/\/djk-dom-minden.de\/football\/wp-content\/uploads\/2021\/11\/Player-of-the-Year-1100x785.jpg 1100w, https:\/\/djk-dom-minden.de\/football\/wp-content\/uploads\/2021\/11\/Player-of-the-Year-1000x714.jpg 1000w, https:\/\/djk-dom-minden.de\/football\/wp-content\/uploads\/2021\/11\/Player-of-the-Year-900x642.jpg 900w, https:\/\/djk-dom-minden.de\/football\/wp-content\/uploads\/2021\/11\/Player-of-the-Year-800x571.jpg 800w, https:\/\/djk-dom-minden.de\/football\/wp-content\/uploads\/2021\/11\/Player-of-the-Year-700x500.jpg 700w, https:\/\/djk-dom-minden.de\/football\/wp-content\/uploads\/2021\/11\/Player-of-the-Year-600x428.jpg 600w, https:\/\/djk-dom-minden.de\/football\/wp-content\/uploads\/2021\/11\/Player-of-the-Year-500x357.jpg 500w, https:\/\/djk-dom-minden.de\/football\/wp-content\/uploads\/2021\/11\/Player-of-the-Year-400x285.jpg 400w, https:\/\/djk-dom-minden.de\/football\/wp-content\/uploads\/2021\/11\/Player-of-the-Year-300x214.jpg 300w, https:\/\/djk-dom-minden.de\/football\/wp-content\/uploads\/2021\/11\/Player-of-the-Year-200x143.jpg 200w, https:\/\/djk-dom-minden.de\/football\/wp-content\/uploads\/2021\/11\/Player-of-the-Year-100x71.jpg 100w\" data-sizes=\"auto\"\/><a href=\"https:\/\/djk-dom-minden.de\/football\/news\/jandrik-schlumbohm-player-of-the-year\" target=\"_self\"><figcaption><div class=\"fig-item\"><span class=\"title\"><h3>Jandrik Schlumbohm Player of the...<\/h3><\/span><span class=\"date\"><h5>15.11.2021<\/h5><\/span><\/div><\/figcaption><\/a><\/figure><figure class=\"effect-jazz\"><img data-src=\"https:\/\/djk-dom-minden.de\/football\/minden-wolves\/wp-content\/uploads\/sites\/2\/2025\/06\/nationalmannschaft_00-100x33.jpg\" class=\"lazyload\" data-srcset=\"https:\/\/djk-dom-minden.de\/football\/minden-wolves\/wp-content\/uploads\/sites\/2\/2025\/06\/nationalmannschaft_00-300x98.jpg 300w, https:\/\/djk-dom-minden.de\/football\/minden-wolves\/wp-content\/uploads\/sites\/2\/2025\/06\/nationalmannschaft_00-1024x333.jpg 1024w, https:\/\/djk-dom-minden.de\/football\/minden-wolves\/wp-content\/uploads\/sites\/2\/2025\/06\/nationalmannschaft_00-150x150.jpg 150w, https:\/\/djk-dom-minden.de\/football\/minden-wolves\/wp-content\/uploads\/sites\/2\/2025\/06\/nationalmannschaft_00-768x250.jpg 768w, https:\/\/djk-dom-minden.de\/football\/minden-wolves\/wp-content\/uploads\/sites\/2\/2025\/06\/nationalmannschaft_00-1536x499.jpg 1536w, https:\/\/djk-dom-minden.de\/football\/minden-wolves\/wp-content\/uploads\/sites\/2\/2025\/06\/nationalmannschaft_00-1200x390.jpg 1200w, https:\/\/djk-dom-minden.de\/football\/minden-wolves\/wp-content\/uploads\/sites\/2\/2025\/06\/nationalmannschaft_00-1100x358.jpg 1100w, https:\/\/djk-dom-minden.de\/football\/minden-wolves\/wp-content\/uploads\/sites\/2\/2025\/06\/nationalmannschaft_00-1000x325.jpg 1000w, https:\/\/djk-dom-minden.de\/football\/minden-wolves\/wp-content\/uploads\/sites\/2\/2025\/06\/nationalmannschaft_00-900x293.jpg 900w, https:\/\/djk-dom-minden.de\/football\/minden-wolves\/wp-content\/uploads\/sites\/2\/2025\/06\/nationalmannschaft_00-800x260.jpg 800w, https:\/\/djk-dom-minden.de\/football\/minden-wolves\/wp-content\/uploads\/sites\/2\/2025\/06\/nationalmannschaft_00-700x228.jpg 700w, https:\/\/djk-dom-minden.de\/football\/minden-wolves\/wp-content\/uploads\/sites\/2\/2025\/06\/nationalmannschaft_00-600x195.jpg 600w, https:\/\/djk-dom-minden.de\/football\/minden-wolves\/wp-content\/uploads\/sites\/2\/2025\/06\/nationalmannschaft_00-500x163.jpg 500w, https:\/\/djk-dom-minden.de\/football\/minden-wolves\/wp-content\/uploads\/sites\/2\/2025\/06\/nationalmannschaft_00-400x130.jpg 400w, https:\/\/djk-dom-minden.de\/football\/minden-wolves\/wp-content\/uploads\/sites\/2\/2025\/06\/nationalmannschaft_00-300x98.jpg 300w, https:\/\/djk-dom-minden.de\/football\/minden-wolves\/wp-content\/uploads\/sites\/2\/2025\/06\/nationalmannschaft_00-200x65.jpg 200w, https:\/\/djk-dom-minden.de\/football\/minden-wolves\/wp-content\/uploads\/sites\/2\/2025\/06\/nationalmannschaft_00-100x33.jpg 100w\" data-sizes=\"auto\"\/><a href=\"https:\/\/djk-dom-minden.de\/football\/minden-wolves\/news\/zwei-woelfe-auf-dem-weg-zu-den-olympischen-spielen\" target=\"_self\"><figcaption><div class=\"fig-item\"><span class=\"title\"><h3>Zwei W\u00f6lfe auf dem Weg zu den Olympischen...<\/h3><\/span><span class=\"date\"><h5>17.06.2025<\/h5><\/span><\/div><\/figcaption><\/a><\/figure><figure class=\"effect-jazz\"><img data-src=\"https:\/\/djk-dom-minden.de\/football\/minden-wolves\/wp-content\/uploads\/sites\/2\/2025\/04\/gameday_solingen_00-100x33.jpg\" class=\"lazyload\" data-srcset=\"https:\/\/djk-dom-minden.de\/football\/minden-wolves\/wp-content\/uploads\/sites\/2\/2025\/04\/gameday_solingen_00-300x98.jpg 300w, https:\/\/djk-dom-minden.de\/football\/minden-wolves\/wp-content\/uploads\/sites\/2\/2025\/04\/gameday_solingen_00-1024x333.jpg 1024w, https:\/\/djk-dom-minden.de\/football\/minden-wolves\/wp-content\/uploads\/sites\/2\/2025\/04\/gameday_solingen_00-150x150.jpg 150w, https:\/\/djk-dom-minden.de\/football\/minden-wolves\/wp-content\/uploads\/sites\/2\/2025\/04\/gameday_solingen_00-768x250.jpg 768w, https:\/\/djk-dom-minden.de\/football\/minden-wolves\/wp-content\/uploads\/sites\/2\/2025\/04\/gameday_solingen_00-1536x499.jpg 1536w, https:\/\/djk-dom-minden.de\/football\/minden-wolves\/wp-content\/uploads\/sites\/2\/2025\/04\/gameday_solingen_00-1200x390.jpg 1200w, https:\/\/djk-dom-minden.de\/football\/minden-wolves\/wp-content\/uploads\/sites\/2\/2025\/04\/gameday_solingen_00-1100x358.jpg 1100w, https:\/\/djk-dom-minden.de\/football\/minden-wolves\/wp-content\/uploads\/sites\/2\/2025\/04\/gameday_solingen_00-1000x325.jpg 1000w, https:\/\/djk-dom-minden.de\/football\/minden-wolves\/wp-content\/uploads\/sites\/2\/2025\/04\/gameday_solingen_00-900x293.jpg 900w, https:\/\/djk-dom-minden.de\/football\/minden-wolves\/wp-content\/uploads\/sites\/2\/2025\/04\/gameday_solingen_00-800x260.jpg 800w, https:\/\/djk-dom-minden.de\/football\/minden-wolves\/wp-content\/uploads\/sites\/2\/2025\/04\/gameday_solingen_00-700x228.jpg 700w, https:\/\/djk-dom-minden.de\/football\/minden-wolves\/wp-content\/uploads\/sites\/2\/2025\/04\/gameday_solingen_00-600x195.jpg 600w, https:\/\/djk-dom-minden.de\/football\/minden-wolves\/wp-content\/uploads\/sites\/2\/2025\/04\/gameday_solingen_00-500x163.jpg 500w, https:\/\/djk-dom-minden.de\/football\/minden-wolves\/wp-content\/uploads\/sites\/2\/2025\/04\/gameday_solingen_00-400x130.jpg 400w, https:\/\/djk-dom-minden.de\/football\/minden-wolves\/wp-content\/uploads\/sites\/2\/2025\/04\/gameday_solingen_00-300x98.jpg 300w, https:\/\/djk-dom-minden.de\/football\/minden-wolves\/wp-content\/uploads\/sites\/2\/2025\/04\/gameday_solingen_00-200x65.jpg 200w, https:\/\/djk-dom-minden.de\/football\/minden-wolves\/wp-content\/uploads\/sites\/2\/2025\/04\/gameday_solingen_00-100x33.jpg 100w\" data-sizes=\"auto\"\/><a href=\"https:\/\/djk-dom-minden.de\/football\/minden-wolves\/news\/haben-ein-echtes-statement-fuer-die-liga-gesetzt\" target=\"_self\"><figcaption><div class=\"fig-item\"><span class=\"title\"><h3>\u201eHaben ein echtes Statement f\u00fcr...<\/h3><\/span><span class=\"date\"><h5>28.04.2025<\/h5><\/span><\/div><\/figcaption><\/a><\/figure><figure class=\"effect-jazz\"><img data-src=\"https:\/\/djk-dom-minden.de\/football\/minden-wolves\/wp-content\/uploads\/sites\/2\/2025\/04\/vorschau_solingen_00-100x33.jpg\" class=\"lazyload\" data-srcset=\"https:\/\/djk-dom-minden.de\/football\/minden-wolves\/wp-content\/uploads\/sites\/2\/2025\/04\/vorschau_solingen_00-300x98.jpg 300w, https:\/\/djk-dom-minden.de\/football\/minden-wolves\/wp-content\/uploads\/sites\/2\/2025\/04\/vorschau_solingen_00-1024x333.jpg 1024w, https:\/\/djk-dom-minden.de\/football\/minden-wolves\/wp-content\/uploads\/sites\/2\/2025\/04\/vorschau_solingen_00-150x150.jpg 150w, https:\/\/djk-dom-minden.de\/football\/minden-wolves\/wp-content\/uploads\/sites\/2\/2025\/04\/vorschau_solingen_00-768x250.jpg 768w, https:\/\/djk-dom-minden.de\/football\/minden-wolves\/wp-content\/uploads\/sites\/2\/2025\/04\/vorschau_solingen_00-1536x499.jpg 1536w, https:\/\/djk-dom-minden.de\/football\/minden-wolves\/wp-content\/uploads\/sites\/2\/2025\/04\/vorschau_solingen_00-1200x390.jpg 1200w, https:\/\/djk-dom-minden.de\/football\/minden-wolves\/wp-content\/uploads\/sites\/2\/2025\/04\/vorschau_solingen_00-1100x358.jpg 1100w, https:\/\/djk-dom-minden.de\/football\/minden-wolves\/wp-content\/uploads\/sites\/2\/2025\/04\/vorschau_solingen_00-1000x325.jpg 1000w, https:\/\/djk-dom-minden.de\/football\/minden-wolves\/wp-content\/uploads\/sites\/2\/2025\/04\/vorschau_solingen_00-900x293.jpg 900w, https:\/\/djk-dom-minden.de\/football\/minden-wolves\/wp-content\/uploads\/sites\/2\/2025\/04\/vorschau_solingen_00-800x260.jpg 800w, https:\/\/djk-dom-minden.de\/football\/minden-wolves\/wp-content\/uploads\/sites\/2\/2025\/04\/vorschau_solingen_00-700x228.jpg 700w, https:\/\/djk-dom-minden.de\/football\/minden-wolves\/wp-content\/uploads\/sites\/2\/2025\/04\/vorschau_solingen_00-600x195.jpg 600w, https:\/\/djk-dom-minden.de\/football\/minden-wolves\/wp-content\/uploads\/sites\/2\/2025\/04\/vorschau_solingen_00-500x163.jpg 500w, https:\/\/djk-dom-minden.de\/football\/minden-wolves\/wp-content\/uploads\/sites\/2\/2025\/04\/vorschau_solingen_00-400x130.jpg 400w, https:\/\/djk-dom-minden.de\/football\/minden-wolves\/wp-content\/uploads\/sites\/2\/2025\/04\/vorschau_solingen_00-300x98.jpg 300w, https:\/\/djk-dom-minden.de\/football\/minden-wolves\/wp-content\/uploads\/sites\/2\/2025\/04\/vorschau_solingen_00-200x65.jpg 200w, https:\/\/djk-dom-minden.de\/football\/minden-wolves\/wp-content\/uploads\/sites\/2\/2025\/04\/vorschau_solingen_00-100x33.jpg 100w\" data-sizes=\"auto\"\/><a href=\"https:\/\/djk-dom-minden.de\/football\/minden-wolves\/news\/appell-an-die-fans-lasst-uns-die-2000er-marke-knacken\" target=\"_self\"><figcaption><div class=\"fig-item\"><span class=\"title\"><h3>Appell an die Fans: \u201eLasst uns...<\/h3><\/span><span class=\"date\"><h5>19.04.2025<\/h5><\/span><\/div><\/figcaption><\/a><\/figure><figure class=\"effect-jazz\"><img data-src=\"https:\/\/djk-dom-minden.de\/football\/flagfootball\/wp-content\/uploads\/sites\/4\/2025\/05\/flag-greta-keerl_00-100x33.jpg\" class=\"lazyload\" data-srcset=\"https:\/\/djk-dom-minden.de\/football\/flagfootball\/wp-content\/uploads\/sites\/4\/2025\/05\/flag-greta-keerl_00-300x98.jpg 300w, https:\/\/djk-dom-minden.de\/football\/flagfootball\/wp-content\/uploads\/sites\/4\/2025\/05\/flag-greta-keerl_00-1024x333.jpg 1024w, https:\/\/djk-dom-minden.de\/football\/flagfootball\/wp-content\/uploads\/sites\/4\/2025\/05\/flag-greta-keerl_00-150x150.jpg 150w, https:\/\/djk-dom-minden.de\/football\/flagfootball\/wp-content\/uploads\/sites\/4\/2025\/05\/flag-greta-keerl_00-768x250.jpg 768w, https:\/\/djk-dom-minden.de\/football\/flagfootball\/wp-content\/uploads\/sites\/4\/2025\/05\/flag-greta-keerl_00-1536x499.jpg 1536w, https:\/\/djk-dom-minden.de\/football\/flagfootball\/wp-content\/uploads\/sites\/4\/2025\/05\/flag-greta-keerl_00-1200x390.jpg 1200w, https:\/\/djk-dom-minden.de\/football\/flagfootball\/wp-content\/uploads\/sites\/4\/2025\/05\/flag-greta-keerl_00-1100x358.jpg 1100w, https:\/\/djk-dom-minden.de\/football\/flagfootball\/wp-content\/uploads\/sites\/4\/2025\/05\/flag-greta-keerl_00-1000x325.jpg 1000w, https:\/\/djk-dom-minden.de\/football\/flagfootball\/wp-content\/uploads\/sites\/4\/2025\/05\/flag-greta-keerl_00-900x293.jpg 900w, https:\/\/djk-dom-minden.de\/football\/flagfootball\/wp-content\/uploads\/sites\/4\/2025\/05\/flag-greta-keerl_00-800x260.jpg 800w, https:\/\/djk-dom-minden.de\/football\/flagfootball\/wp-content\/uploads\/sites\/4\/2025\/05\/flag-greta-keerl_00-700x228.jpg 700w, https:\/\/djk-dom-minden.de\/football\/flagfootball\/wp-content\/uploads\/sites\/4\/2025\/05\/flag-greta-keerl_00-600x195.jpg 600w, https:\/\/djk-dom-minden.de\/football\/flagfootball\/wp-content\/uploads\/sites\/4\/2025\/05\/flag-greta-keerl_00-500x163.jpg 500w, https:\/\/djk-dom-minden.de\/football\/flagfootball\/wp-content\/uploads\/sites\/4\/2025\/05\/flag-greta-keerl_00-400x130.jpg 400w, https:\/\/djk-dom-minden.de\/football\/flagfootball\/wp-content\/uploads\/sites\/4\/2025\/05\/flag-greta-keerl_00-300x98.jpg 300w, https:\/\/djk-dom-minden.de\/football\/flagfootball\/wp-content\/uploads\/sites\/4\/2025\/05\/flag-greta-keerl_00-200x65.jpg 200w, https:\/\/djk-dom-minden.de\/football\/flagfootball\/wp-content\/uploads\/sites\/4\/2025\/05\/flag-greta-keerl_00-100x33.jpg 100w\" data-sizes=\"auto\"\/><a href=\"https:\/\/djk-dom-minden.de\/football\/flagfootball\/news\/greta-hat-uns-komplett-von-den-socken-gehauen\" target=\"_self\"><figcaption><div class=\"fig-item\"><span class=\"title\"><h3>\u201eGreta hat uns komplett von den...<\/h3><\/span><span class=\"date\"><h5>20.05.2025<\/h5><\/span><\/div><\/figcaption><\/a><\/figure><figure class=\"effect-jazz\"><img data-src=\"https:\/\/djk-dom-minden.de\/football\/minden-wolves\/wp-content\/uploads\/sites\/2\/2025\/09\/vorschau_hannover_00-100x33.jpg\" class=\"lazyload\" data-srcset=\"https:\/\/djk-dom-minden.de\/football\/minden-wolves\/wp-content\/uploads\/sites\/2\/2025\/09\/vorschau_hannover_00-300x98.jpg 300w, https:\/\/djk-dom-minden.de\/football\/minden-wolves\/wp-content\/uploads\/sites\/2\/2025\/09\/vorschau_hannover_00-1024x333.jpg 1024w, https:\/\/djk-dom-minden.de\/football\/minden-wolves\/wp-content\/uploads\/sites\/2\/2025\/09\/vorschau_hannover_00-150x150.jpg 150w, https:\/\/djk-dom-minden.de\/football\/minden-wolves\/wp-content\/uploads\/sites\/2\/2025\/09\/vorschau_hannover_00-768x250.jpg 768w, https:\/\/djk-dom-minden.de\/football\/minden-wolves\/wp-content\/uploads\/sites\/2\/2025\/09\/vorschau_hannover_00-1536x499.jpg 1536w, https:\/\/djk-dom-minden.de\/football\/minden-wolves\/wp-content\/uploads\/sites\/2\/2025\/09\/vorschau_hannover_00-1200x390.jpg 1200w, https:\/\/djk-dom-minden.de\/football\/minden-wolves\/wp-content\/uploads\/sites\/2\/2025\/09\/vorschau_hannover_00-1100x358.jpg 1100w, https:\/\/djk-dom-minden.de\/football\/minden-wolves\/wp-content\/uploads\/sites\/2\/2025\/09\/vorschau_hannover_00-1000x325.jpg 1000w, https:\/\/djk-dom-minden.de\/football\/minden-wolves\/wp-content\/uploads\/sites\/2\/2025\/09\/vorschau_hannover_00-900x293.jpg 900w, https:\/\/djk-dom-minden.de\/football\/minden-wolves\/wp-content\/uploads\/sites\/2\/2025\/09\/vorschau_hannover_00-800x260.jpg 800w, https:\/\/djk-dom-minden.de\/football\/minden-wolves\/wp-content\/uploads\/sites\/2\/2025\/09\/vorschau_hannover_00-700x228.jpg 700w, https:\/\/djk-dom-minden.de\/football\/minden-wolves\/wp-content\/uploads\/sites\/2\/2025\/09\/vorschau_hannover_00-600x195.jpg 600w, https:\/\/djk-dom-minden.de\/football\/minden-wolves\/wp-content\/uploads\/sites\/2\/2025\/09\/vorschau_hannover_00-500x163.jpg 500w, https:\/\/djk-dom-minden.de\/football\/minden-wolves\/wp-content\/uploads\/sites\/2\/2025\/09\/vorschau_hannover_00-400x130.jpg 400w, https:\/\/djk-dom-minden.de\/football\/minden-wolves\/wp-content\/uploads\/sites\/2\/2025\/09\/vorschau_hannover_00-300x98.jpg 300w, https:\/\/djk-dom-minden.de\/football\/minden-wolves\/wp-content\/uploads\/sites\/2\/2025\/09\/vorschau_hannover_00-200x65.jpg 200w, https:\/\/djk-dom-minden.de\/football\/minden-wolves\/wp-content\/uploads\/sites\/2\/2025\/09\/vorschau_hannover_00-100x33.jpg 100w\" data-sizes=\"auto\"\/><a href=\"https:\/\/djk-dom-minden.de\/football\/minden-wolves\/news\/die-tuer-zur-2-bundesliga-steht-den-wolves-weit-offen\" target=\"_self\"><figcaption><div class=\"fig-item\"><span class=\"title\"><h3>Die T\u00fcr zur 2. Bundesliga steht...<\/h3><\/span><span class=\"date\"><h5>25.09.2025<\/h5><\/span><\/div><\/figcaption><\/a><\/figure><figure class=\"effect-jazz\"><img data-src=\"https:\/\/djk-dom-minden.de\/football\/minden-wolves\/wp-content\/uploads\/sites\/2\/2025\/09\/vorschau_falcons_00-100x33.jpg\" class=\"lazyload\" data-srcset=\"https:\/\/djk-dom-minden.de\/football\/minden-wolves\/wp-content\/uploads\/sites\/2\/2025\/09\/vorschau_falcons_00-300x98.jpg 300w, https:\/\/djk-dom-minden.de\/football\/minden-wolves\/wp-content\/uploads\/sites\/2\/2025\/09\/vorschau_falcons_00-1024x333.jpg 1024w, https:\/\/djk-dom-minden.de\/football\/minden-wolves\/wp-content\/uploads\/sites\/2\/2025\/09\/vorschau_falcons_00-150x150.jpg 150w, https:\/\/djk-dom-minden.de\/football\/minden-wolves\/wp-content\/uploads\/sites\/2\/2025\/09\/vorschau_falcons_00-768x250.jpg 768w, https:\/\/djk-dom-minden.de\/football\/minden-wolves\/wp-content\/uploads\/sites\/2\/2025\/09\/vorschau_falcons_00-1536x499.jpg 1536w, https:\/\/djk-dom-minden.de\/football\/minden-wolves\/wp-content\/uploads\/sites\/2\/2025\/09\/vorschau_falcons_00-1200x390.jpg 1200w, https:\/\/djk-dom-minden.de\/football\/minden-wolves\/wp-content\/uploads\/sites\/2\/2025\/09\/vorschau_falcons_00-1100x358.jpg 1100w, https:\/\/djk-dom-minden.de\/football\/minden-wolves\/wp-content\/uploads\/sites\/2\/2025\/09\/vorschau_falcons_00-1000x325.jpg 1000w, https:\/\/djk-dom-minden.de\/football\/minden-wolves\/wp-content\/uploads\/sites\/2\/2025\/09\/vorschau_falcons_00-900x293.jpg 900w, https:\/\/djk-dom-minden.de\/football\/minden-wolves\/wp-content\/uploads\/sites\/2\/2025\/09\/vorschau_falcons_00-800x260.jpg 800w, https:\/\/djk-dom-minden.de\/football\/minden-wolves\/wp-content\/uploads\/sites\/2\/2025\/09\/vorschau_falcons_00-700x228.jpg 700w, https:\/\/djk-dom-minden.de\/football\/minden-wolves\/wp-content\/uploads\/sites\/2\/2025\/09\/vorschau_falcons_00-600x195.jpg 600w, https:\/\/djk-dom-minden.de\/football\/minden-wolves\/wp-content\/uploads\/sites\/2\/2025\/09\/vorschau_falcons_00-500x163.jpg 500w, https:\/\/djk-dom-minden.de\/football\/minden-wolves\/wp-content\/uploads\/sites\/2\/2025\/09\/vorschau_falcons_00-400x130.jpg 400w, https:\/\/djk-dom-minden.de\/football\/minden-wolves\/wp-content\/uploads\/sites\/2\/2025\/09\/vorschau_falcons_00-300x98.jpg 300w, https:\/\/djk-dom-minden.de\/football\/minden-wolves\/wp-content\/uploads\/sites\/2\/2025\/09\/vorschau_falcons_00-200x65.jpg 200w, https:\/\/djk-dom-minden.de\/football\/minden-wolves\/wp-content\/uploads\/sites\/2\/2025\/09\/vorschau_falcons_00-100x33.jpg 100w\" data-sizes=\"auto\"\/><a href=\"https:\/\/djk-dom-minden.de\/football\/minden-wolves\/news\/ein-aufsteiger-darf-keinen-gegner-unterschaetzen\" target=\"_self\"><figcaption><div class=\"fig-item\"><span class=\"title\"><h3>Ein Aufsteiger darf keinen Gegner...<\/h3><\/span><span class=\"date\"><h5>01.07.2025<\/h5><\/span><\/div><\/figcaption><\/a><\/figure><figure class=\"effect-jazz\"><img data-src=\"https:\/\/djk-dom-minden.de\/football\/cheerleading\/wp-content\/uploads\/sites\/5\/2024\/04\/djk-blickpunkt-02_24_07_00-100x33.jpg\" class=\"lazyload\" data-srcset=\"https:\/\/djk-dom-minden.de\/football\/cheerleading\/wp-content\/uploads\/sites\/5\/2024\/04\/djk-blickpunkt-02_24_07_00-300x98.jpg 300w, https:\/\/djk-dom-minden.de\/football\/cheerleading\/wp-content\/uploads\/sites\/5\/2024\/04\/djk-blickpunkt-02_24_07_00-1024x333.jpg 1024w, https:\/\/djk-dom-minden.de\/football\/cheerleading\/wp-content\/uploads\/sites\/5\/2024\/04\/djk-blickpunkt-02_24_07_00-150x150.jpg 150w, https:\/\/djk-dom-minden.de\/football\/cheerleading\/wp-content\/uploads\/sites\/5\/2024\/04\/djk-blickpunkt-02_24_07_00-768x250.jpg 768w, https:\/\/djk-dom-minden.de\/football\/cheerleading\/wp-content\/uploads\/sites\/5\/2024\/04\/djk-blickpunkt-02_24_07_00-1536x499.jpg 1536w, https:\/\/djk-dom-minden.de\/football\/cheerleading\/wp-content\/uploads\/sites\/5\/2024\/04\/djk-blickpunkt-02_24_07_00-1200x390.jpg 1200w, https:\/\/djk-dom-minden.de\/football\/cheerleading\/wp-content\/uploads\/sites\/5\/2024\/04\/djk-blickpunkt-02_24_07_00-1100x358.jpg 1100w, https:\/\/djk-dom-minden.de\/football\/cheerleading\/wp-content\/uploads\/sites\/5\/2024\/04\/djk-blickpunkt-02_24_07_00-1000x325.jpg 1000w, https:\/\/djk-dom-minden.de\/football\/cheerleading\/wp-content\/uploads\/sites\/5\/2024\/04\/djk-blickpunkt-02_24_07_00-900x293.jpg 900w, https:\/\/djk-dom-minden.de\/football\/cheerleading\/wp-content\/uploads\/sites\/5\/2024\/04\/djk-blickpunkt-02_24_07_00-800x260.jpg 800w, https:\/\/djk-dom-minden.de\/football\/cheerleading\/wp-content\/uploads\/sites\/5\/2024\/04\/djk-blickpunkt-02_24_07_00-700x228.jpg 700w, https:\/\/djk-dom-minden.de\/football\/cheerleading\/wp-content\/uploads\/sites\/5\/2024\/04\/djk-blickpunkt-02_24_07_00-600x195.jpg 600w, https:\/\/djk-dom-minden.de\/football\/cheerleading\/wp-content\/uploads\/sites\/5\/2024\/04\/djk-blickpunkt-02_24_07_00-500x163.jpg 500w, https:\/\/djk-dom-minden.de\/football\/cheerleading\/wp-content\/uploads\/sites\/5\/2024\/04\/djk-blickpunkt-02_24_07_00-400x130.jpg 400w, https:\/\/djk-dom-minden.de\/football\/cheerleading\/wp-content\/uploads\/sites\/5\/2024\/04\/djk-blickpunkt-02_24_07_00-300x98.jpg 300w, https:\/\/djk-dom-minden.de\/football\/cheerleading\/wp-content\/uploads\/sites\/5\/2024\/04\/djk-blickpunkt-02_24_07_00-200x65.jpg 200w, https:\/\/djk-dom-minden.de\/football\/cheerleading\/wp-content\/uploads\/sites\/5\/2024\/04\/djk-blickpunkt-02_24_07_00-100x33.jpg 100w\" data-sizes=\"auto\"\/><a href=\"https:\/\/djk-dom-minden.de\/football\/cheerleading\/news\/auftritt-in-neuem-look\" target=\"_self\"><figcaption><div class=\"fig-item\"><span class=\"title\"><h3>Auftritt in neuem Look<\/h3><\/span><span class=\"date\"><h5>05.04.2024<\/h5><\/span><\/div><\/figcaption><\/a><\/figure><figure class=\"effect-jazz\"><img data-src=\"https:\/\/djk-dom-minden.de\/football\/minden-wolves\/wp-content\/uploads\/sites\/2\/2025\/05\/gameday-bulldogs_00-100x33.jpg\" class=\"lazyload\" data-srcset=\"https:\/\/djk-dom-minden.de\/football\/minden-wolves\/wp-content\/uploads\/sites\/2\/2025\/05\/gameday-bulldogs_00-300x98.jpg 300w, https:\/\/djk-dom-minden.de\/football\/minden-wolves\/wp-content\/uploads\/sites\/2\/2025\/05\/gameday-bulldogs_00-1024x333.jpg 1024w, https:\/\/djk-dom-minden.de\/football\/minden-wolves\/wp-content\/uploads\/sites\/2\/2025\/05\/gameday-bulldogs_00-150x150.jpg 150w, https:\/\/djk-dom-minden.de\/football\/minden-wolves\/wp-content\/uploads\/sites\/2\/2025\/05\/gameday-bulldogs_00-768x250.jpg 768w, https:\/\/djk-dom-minden.de\/football\/minden-wolves\/wp-content\/uploads\/sites\/2\/2025\/05\/gameday-bulldogs_00-1536x499.jpg 1536w, https:\/\/djk-dom-minden.de\/football\/minden-wolves\/wp-content\/uploads\/sites\/2\/2025\/05\/gameday-bulldogs_00-1200x390.jpg 1200w, https:\/\/djk-dom-minden.de\/football\/minden-wolves\/wp-content\/uploads\/sites\/2\/2025\/05\/gameday-bulldogs_00-1100x358.jpg 1100w, https:\/\/djk-dom-minden.de\/football\/minden-wolves\/wp-content\/uploads\/sites\/2\/2025\/05\/gameday-bulldogs_00-1000x325.jpg 1000w, https:\/\/djk-dom-minden.de\/football\/minden-wolves\/wp-content\/uploads\/sites\/2\/2025\/05\/gameday-bulldogs_00-900x293.jpg 900w, https:\/\/djk-dom-minden.de\/football\/minden-wolves\/wp-content\/uploads\/sites\/2\/2025\/05\/gameday-bulldogs_00-800x260.jpg 800w, https:\/\/djk-dom-minden.de\/football\/minden-wolves\/wp-content\/uploads\/sites\/2\/2025\/05\/gameday-bulldogs_00-700x228.jpg 700w, https:\/\/djk-dom-minden.de\/football\/minden-wolves\/wp-content\/uploads\/sites\/2\/2025\/05\/gameday-bulldogs_00-600x195.jpg 600w, https:\/\/djk-dom-minden.de\/football\/minden-wolves\/wp-content\/uploads\/sites\/2\/2025\/05\/gameday-bulldogs_00-500x163.jpg 500w, https:\/\/djk-dom-minden.de\/football\/minden-wolves\/wp-content\/uploads\/sites\/2\/2025\/05\/gameday-bulldogs_00-400x130.jpg 400w, https:\/\/djk-dom-minden.de\/football\/minden-wolves\/wp-content\/uploads\/sites\/2\/2025\/05\/gameday-bulldogs_00-300x98.jpg 300w, https:\/\/djk-dom-minden.de\/football\/minden-wolves\/wp-content\/uploads\/sites\/2\/2025\/05\/gameday-bulldogs_00-200x65.jpg 200w, https:\/\/djk-dom-minden.de\/football\/minden-wolves\/wp-content\/uploads\/sites\/2\/2025\/05\/gameday-bulldogs_00-100x33.jpg 100w\" data-sizes=\"auto\"\/><a href=\"https:\/\/djk-dom-minden.de\/football\/minden-wolves\/news\/doppeltes-drama-in-den-letzten-30-sekunden\" target=\"_self\"><figcaption><div class=\"fig-item\"><span class=\"title\"><h3>Doppeltes Drama in den letzten 30...<\/h3><\/span><span class=\"date\"><h5>20.05.2025<\/h5><\/span><\/div><\/figcaption><\/a><\/figure><figure class=\"effect-jazz\"><img data-src=\"https:\/\/djk-dom-minden.de\/football\/minden-wolves-cubs\/wp-content\/uploads\/sites\/3\/2024\/08\/djk-blickpunkt-04_24_04_00-100x33.jpg\" class=\"lazyload\" data-srcset=\"https:\/\/djk-dom-minden.de\/football\/minden-wolves-cubs\/wp-content\/uploads\/sites\/3\/2024\/08\/djk-blickpunkt-04_24_04_00-300x98.jpg 300w, https:\/\/djk-dom-minden.de\/football\/minden-wolves-cubs\/wp-content\/uploads\/sites\/3\/2024\/08\/djk-blickpunkt-04_24_04_00-1024x333.jpg 1024w, https:\/\/djk-dom-minden.de\/football\/minden-wolves-cubs\/wp-content\/uploads\/sites\/3\/2024\/08\/djk-blickpunkt-04_24_04_00-150x150.jpg 150w, https:\/\/djk-dom-minden.de\/football\/minden-wolves-cubs\/wp-content\/uploads\/sites\/3\/2024\/08\/djk-blickpunkt-04_24_04_00-768x250.jpg 768w, https:\/\/djk-dom-minden.de\/football\/minden-wolves-cubs\/wp-content\/uploads\/sites\/3\/2024\/08\/djk-blickpunkt-04_24_04_00-1536x499.jpg 1536w, https:\/\/djk-dom-minden.de\/football\/minden-wolves-cubs\/wp-content\/uploads\/sites\/3\/2024\/08\/djk-blickpunkt-04_24_04_00-1200x390.jpg 1200w, https:\/\/djk-dom-minden.de\/football\/minden-wolves-cubs\/wp-content\/uploads\/sites\/3\/2024\/08\/djk-blickpunkt-04_24_04_00-1100x358.jpg 1100w, https:\/\/djk-dom-minden.de\/football\/minden-wolves-cubs\/wp-content\/uploads\/sites\/3\/2024\/08\/djk-blickpunkt-04_24_04_00-1000x325.jpg 1000w, https:\/\/djk-dom-minden.de\/football\/minden-wolves-cubs\/wp-content\/uploads\/sites\/3\/2024\/08\/djk-blickpunkt-04_24_04_00-900x293.jpg 900w, https:\/\/djk-dom-minden.de\/football\/minden-wolves-cubs\/wp-content\/uploads\/sites\/3\/2024\/08\/djk-blickpunkt-04_24_04_00-800x260.jpg 800w, https:\/\/djk-dom-minden.de\/football\/minden-wolves-cubs\/wp-content\/uploads\/sites\/3\/2024\/08\/djk-blickpunkt-04_24_04_00-700x228.jpg 700w, https:\/\/djk-dom-minden.de\/football\/minden-wolves-cubs\/wp-content\/uploads\/sites\/3\/2024\/08\/djk-blickpunkt-04_24_04_00-600x195.jpg 600w, https:\/\/djk-dom-minden.de\/football\/minden-wolves-cubs\/wp-content\/uploads\/sites\/3\/2024\/08\/djk-blickpunkt-04_24_04_00-500x163.jpg 500w, https:\/\/djk-dom-minden.de\/football\/minden-wolves-cubs\/wp-content\/uploads\/sites\/3\/2024\/08\/djk-blickpunkt-04_24_04_00-400x130.jpg 400w, https:\/\/djk-dom-minden.de\/football\/minden-wolves-cubs\/wp-content\/uploads\/sites\/3\/2024\/08\/djk-blickpunkt-04_24_04_00-300x98.jpg 300w, https:\/\/djk-dom-minden.de\/football\/minden-wolves-cubs\/wp-content\/uploads\/sites\/3\/2024\/08\/djk-blickpunkt-04_24_04_00-200x65.jpg 200w, https:\/\/djk-dom-minden.de\/football\/minden-wolves-cubs\/wp-content\/uploads\/sites\/3\/2024\/08\/djk-blickpunkt-04_24_04_00-100x33.jpg 100w\" data-sizes=\"auto\"\/><a href=\"https:\/\/djk-dom-minden.de\/football\/minden-wolves-cubs\/news\/drei-eigenstaendige-jugendteams-mischen-sehr-gut-mit\" target=\"_self\"><figcaption><div class=\"fig-item\"><span class=\"title\"><h3>Drei eigenst\u00e4ndige Jugendteams...<\/h3><\/span><span class=\"date\"><h5>26.08.2024<\/h5><\/span><\/div><\/figcaption><\/a><\/figure><figure class=\"effect-jazz\"><img data-src=\"https:\/\/djk-dom-minden.de\/football\/cheerleading\/wp-content\/uploads\/sites\/5\/2023\/01\/cheerleader_probetraining-100x33.jpg\" class=\"lazyload\" data-srcset=\"https:\/\/djk-dom-minden.de\/football\/cheerleading\/wp-content\/uploads\/sites\/5\/2023\/01\/cheerleader_probetraining-300x98.jpg 300w, https:\/\/djk-dom-minden.de\/football\/cheerleading\/wp-content\/uploads\/sites\/5\/2023\/01\/cheerleader_probetraining-1024x333.jpg 1024w, https:\/\/djk-dom-minden.de\/football\/cheerleading\/wp-content\/uploads\/sites\/5\/2023\/01\/cheerleader_probetraining-150x150.jpg 150w, https:\/\/djk-dom-minden.de\/football\/cheerleading\/wp-content\/uploads\/sites\/5\/2023\/01\/cheerleader_probetraining-768x250.jpg 768w, https:\/\/djk-dom-minden.de\/football\/cheerleading\/wp-content\/uploads\/sites\/5\/2023\/01\/cheerleader_probetraining-1536x499.jpg 1536w, https:\/\/djk-dom-minden.de\/football\/cheerleading\/wp-content\/uploads\/sites\/5\/2023\/01\/cheerleader_probetraining-1200x390.jpg 1200w, https:\/\/djk-dom-minden.de\/football\/cheerleading\/wp-content\/uploads\/sites\/5\/2023\/01\/cheerleader_probetraining-1100x358.jpg 1100w, https:\/\/djk-dom-minden.de\/football\/cheerleading\/wp-content\/uploads\/sites\/5\/2023\/01\/cheerleader_probetraining-1000x325.jpg 1000w, https:\/\/djk-dom-minden.de\/football\/cheerleading\/wp-content\/uploads\/sites\/5\/2023\/01\/cheerleader_probetraining-900x293.jpg 900w, https:\/\/djk-dom-minden.de\/football\/cheerleading\/wp-content\/uploads\/sites\/5\/2023\/01\/cheerleader_probetraining-800x260.jpg 800w, https:\/\/djk-dom-minden.de\/football\/cheerleading\/wp-content\/uploads\/sites\/5\/2023\/01\/cheerleader_probetraining-700x228.jpg 700w, https:\/\/djk-dom-minden.de\/football\/cheerleading\/wp-content\/uploads\/sites\/5\/2023\/01\/cheerleader_probetraining-600x195.jpg 600w, https:\/\/djk-dom-minden.de\/football\/cheerleading\/wp-content\/uploads\/sites\/5\/2023\/01\/cheerleader_probetraining-500x163.jpg 500w, https:\/\/djk-dom-minden.de\/football\/cheerleading\/wp-content\/uploads\/sites\/5\/2023\/01\/cheerleader_probetraining-400x130.jpg 400w, https:\/\/djk-dom-minden.de\/football\/cheerleading\/wp-content\/uploads\/sites\/5\/2023\/01\/cheerleader_probetraining-300x98.jpg 300w, https:\/\/djk-dom-minden.de\/football\/cheerleading\/wp-content\/uploads\/sites\/5\/2023\/01\/cheerleader_probetraining-200x65.jpg 200w, https:\/\/djk-dom-minden.de\/football\/cheerleading\/wp-content\/uploads\/sites\/5\/2023\/01\/cheerleader_probetraining-100x33.jpg 100w\" data-sizes=\"auto\"\/><a href=\"https:\/\/djk-dom-minden.de\/football\/cheerleading\/news\/akrobatik-bodenturnen-und-tanz-zu-einer-tollen-mischung-vereinigt\" target=\"_self\"><figcaption><div class=\"fig-item\"><span class=\"title\"><h3>Akrobatik, Bodenturnen und Tanz...<\/h3><\/span><span class=\"date\"><h5>12.01.2023<\/h5><\/span><\/div><\/figcaption><\/a><\/figure><figure class=\"effect-jazz\"><img data-src=\"https:\/\/djk-dom-minden.de\/football\/minden-wolves-cubs\/wp-content\/uploads\/sites\/3\/2023\/07\/blickpunkt-aug-sep_2023_04_00-100x33.jpg\" class=\"lazyload\" data-srcset=\"https:\/\/djk-dom-minden.de\/football\/minden-wolves-cubs\/wp-content\/uploads\/sites\/3\/2023\/07\/blickpunkt-aug-sep_2023_04_00-300x98.jpg 300w, https:\/\/djk-dom-minden.de\/football\/minden-wolves-cubs\/wp-content\/uploads\/sites\/3\/2023\/07\/blickpunkt-aug-sep_2023_04_00-1024x333.jpg 1024w, https:\/\/djk-dom-minden.de\/football\/minden-wolves-cubs\/wp-content\/uploads\/sites\/3\/2023\/07\/blickpunkt-aug-sep_2023_04_00-150x150.jpg 150w, https:\/\/djk-dom-minden.de\/football\/minden-wolves-cubs\/wp-content\/uploads\/sites\/3\/2023\/07\/blickpunkt-aug-sep_2023_04_00-768x250.jpg 768w, https:\/\/djk-dom-minden.de\/football\/minden-wolves-cubs\/wp-content\/uploads\/sites\/3\/2023\/07\/blickpunkt-aug-sep_2023_04_00-1536x499.jpg 1536w, https:\/\/djk-dom-minden.de\/football\/minden-wolves-cubs\/wp-content\/uploads\/sites\/3\/2023\/07\/blickpunkt-aug-sep_2023_04_00-1200x390.jpg 1200w, https:\/\/djk-dom-minden.de\/football\/minden-wolves-cubs\/wp-content\/uploads\/sites\/3\/2023\/07\/blickpunkt-aug-sep_2023_04_00-1100x358.jpg 1100w, https:\/\/djk-dom-minden.de\/football\/minden-wolves-cubs\/wp-content\/uploads\/sites\/3\/2023\/07\/blickpunkt-aug-sep_2023_04_00-1000x325.jpg 1000w, https:\/\/djk-dom-minden.de\/football\/minden-wolves-cubs\/wp-content\/uploads\/sites\/3\/2023\/07\/blickpunkt-aug-sep_2023_04_00-900x293.jpg 900w, https:\/\/djk-dom-minden.de\/football\/minden-wolves-cubs\/wp-content\/uploads\/sites\/3\/2023\/07\/blickpunkt-aug-sep_2023_04_00-800x260.jpg 800w, https:\/\/djk-dom-minden.de\/football\/minden-wolves-cubs\/wp-content\/uploads\/sites\/3\/2023\/07\/blickpunkt-aug-sep_2023_04_00-700x228.jpg 700w, https:\/\/djk-dom-minden.de\/football\/minden-wolves-cubs\/wp-content\/uploads\/sites\/3\/2023\/07\/blickpunkt-aug-sep_2023_04_00-600x195.jpg 600w, https:\/\/djk-dom-minden.de\/football\/minden-wolves-cubs\/wp-content\/uploads\/sites\/3\/2023\/07\/blickpunkt-aug-sep_2023_04_00-500x163.jpg 500w, https:\/\/djk-dom-minden.de\/football\/minden-wolves-cubs\/wp-content\/uploads\/sites\/3\/2023\/07\/blickpunkt-aug-sep_2023_04_00-400x130.jpg 400w, https:\/\/djk-dom-minden.de\/football\/minden-wolves-cubs\/wp-content\/uploads\/sites\/3\/2023\/07\/blickpunkt-aug-sep_2023_04_00-300x98.jpg 300w, https:\/\/djk-dom-minden.de\/football\/minden-wolves-cubs\/wp-content\/uploads\/sites\/3\/2023\/07\/blickpunkt-aug-sep_2023_04_00-200x65.jpg 200w, https:\/\/djk-dom-minden.de\/football\/minden-wolves-cubs\/wp-content\/uploads\/sites\/3\/2023\/07\/blickpunkt-aug-sep_2023_04_00-100x33.jpg 100w\" data-sizes=\"auto\"\/><a href=\"https:\/\/djk-dom-minden.de\/football\/minden-wolves-cubs\/news\/endspiel-im-weserstadion\" target=\"_self\"><figcaption><div class=\"fig-item\"><span class=\"title\"><h3>\u201eEndspiel\u201c  im Weserstadion...<\/h3><\/span><span class=\"date\"><h5>27.07.2023<\/h5><\/span><\/div><\/figcaption><\/a><\/figure><figure class=\"effect-jazz\"><img data-src=\"https:\/\/djk-dom-minden.de\/football\/minden-wolves\/wp-content\/uploads\/sites\/2\/2025\/04\/vorschau-grizzlies-100x33.jpg\" class=\"lazyload\" data-srcset=\"https:\/\/djk-dom-minden.de\/football\/minden-wolves\/wp-content\/uploads\/sites\/2\/2025\/04\/vorschau-grizzlies-300x98.jpg 300w, https:\/\/djk-dom-minden.de\/football\/minden-wolves\/wp-content\/uploads\/sites\/2\/2025\/04\/vorschau-grizzlies-1024x333.jpg 1024w, https:\/\/djk-dom-minden.de\/football\/minden-wolves\/wp-content\/uploads\/sites\/2\/2025\/04\/vorschau-grizzlies-150x150.jpg 150w, https:\/\/djk-dom-minden.de\/football\/minden-wolves\/wp-content\/uploads\/sites\/2\/2025\/04\/vorschau-grizzlies-768x250.jpg 768w, https:\/\/djk-dom-minden.de\/football\/minden-wolves\/wp-content\/uploads\/sites\/2\/2025\/04\/vorschau-grizzlies-1536x499.jpg 1536w, https:\/\/djk-dom-minden.de\/football\/minden-wolves\/wp-content\/uploads\/sites\/2\/2025\/04\/vorschau-grizzlies-1200x390.jpg 1200w, https:\/\/djk-dom-minden.de\/football\/minden-wolves\/wp-content\/uploads\/sites\/2\/2025\/04\/vorschau-grizzlies-1100x358.jpg 1100w, https:\/\/djk-dom-minden.de\/football\/minden-wolves\/wp-content\/uploads\/sites\/2\/2025\/04\/vorschau-grizzlies-1000x325.jpg 1000w, https:\/\/djk-dom-minden.de\/football\/minden-wolves\/wp-content\/uploads\/sites\/2\/2025\/04\/vorschau-grizzlies-900x293.jpg 900w, https:\/\/djk-dom-minden.de\/football\/minden-wolves\/wp-content\/uploads\/sites\/2\/2025\/04\/vorschau-grizzlies-800x260.jpg 800w, https:\/\/djk-dom-minden.de\/football\/minden-wolves\/wp-content\/uploads\/sites\/2\/2025\/04\/vorschau-grizzlies-700x228.jpg 700w, https:\/\/djk-dom-minden.de\/football\/minden-wolves\/wp-content\/uploads\/sites\/2\/2025\/04\/vorschau-grizzlies-600x195.jpg 600w, https:\/\/djk-dom-minden.de\/football\/minden-wolves\/wp-content\/uploads\/sites\/2\/2025\/04\/vorschau-grizzlies-500x163.jpg 500w, https:\/\/djk-dom-minden.de\/football\/minden-wolves\/wp-content\/uploads\/sites\/2\/2025\/04\/vorschau-grizzlies-400x130.jpg 400w, https:\/\/djk-dom-minden.de\/football\/minden-wolves\/wp-content\/uploads\/sites\/2\/2025\/04\/vorschau-grizzlies-300x98.jpg 300w, https:\/\/djk-dom-minden.de\/football\/minden-wolves\/wp-content\/uploads\/sites\/2\/2025\/04\/vorschau-grizzlies-200x65.jpg 200w, https:\/\/djk-dom-minden.de\/football\/minden-wolves\/wp-content\/uploads\/sites\/2\/2025\/04\/vorschau-grizzlies-100x33.jpg 100w\" data-sizes=\"auto\"\/><a href=\"https:\/\/djk-dom-minden.de\/football\/minden-wolves\/news\/phil-gamble-wir-wollen-sehen-wo-wir-stehen\" target=\"_self\"><figcaption><div class=\"fig-item\"><span class=\"title\"><h3>Phil Gamble: \u201eWir wollen sehen,...<\/h3><\/span><span class=\"date\"><h5>10.04.2025<\/h5><\/span><\/div><\/figcaption><\/a><\/figure><figure class=\"effect-jazz\"><img data-src=\"https:\/\/djk-dom-minden.de\/football\/minden-wolves-cubs\/wp-content\/uploads\/sites\/3\/2022\/05\/U19_minden-wolves-cubs_teaser-100x33.jpg\" class=\"lazyload\" data-srcset=\"https:\/\/djk-dom-minden.de\/football\/minden-wolves-cubs\/wp-content\/uploads\/sites\/3\/2022\/05\/U19_minden-wolves-cubs_teaser-300x98.jpg 300w, https:\/\/djk-dom-minden.de\/football\/minden-wolves-cubs\/wp-content\/uploads\/sites\/3\/2022\/05\/U19_minden-wolves-cubs_teaser-1024x333.jpg 1024w, https:\/\/djk-dom-minden.de\/football\/minden-wolves-cubs\/wp-content\/uploads\/sites\/3\/2022\/05\/U19_minden-wolves-cubs_teaser-150x150.jpg 150w, https:\/\/djk-dom-minden.de\/football\/minden-wolves-cubs\/wp-content\/uploads\/sites\/3\/2022\/05\/U19_minden-wolves-cubs_teaser-768x250.jpg 768w, https:\/\/djk-dom-minden.de\/football\/minden-wolves-cubs\/wp-content\/uploads\/sites\/3\/2022\/05\/U19_minden-wolves-cubs_teaser-1536x499.jpg 1536w, https:\/\/djk-dom-minden.de\/football\/minden-wolves-cubs\/wp-content\/uploads\/sites\/3\/2022\/05\/U19_minden-wolves-cubs_teaser-1200x390.jpg 1200w, https:\/\/djk-dom-minden.de\/football\/minden-wolves-cubs\/wp-content\/uploads\/sites\/3\/2022\/05\/U19_minden-wolves-cubs_teaser-1100x358.jpg 1100w, https:\/\/djk-dom-minden.de\/football\/minden-wolves-cubs\/wp-content\/uploads\/sites\/3\/2022\/05\/U19_minden-wolves-cubs_teaser-1000x325.jpg 1000w, https:\/\/djk-dom-minden.de\/football\/minden-wolves-cubs\/wp-content\/uploads\/sites\/3\/2022\/05\/U19_minden-wolves-cubs_teaser-900x293.jpg 900w, https:\/\/djk-dom-minden.de\/football\/minden-wolves-cubs\/wp-content\/uploads\/sites\/3\/2022\/05\/U19_minden-wolves-cubs_teaser-800x260.jpg 800w, https:\/\/djk-dom-minden.de\/football\/minden-wolves-cubs\/wp-content\/uploads\/sites\/3\/2022\/05\/U19_minden-wolves-cubs_teaser-700x228.jpg 700w, https:\/\/djk-dom-minden.de\/football\/minden-wolves-cubs\/wp-content\/uploads\/sites\/3\/2022\/05\/U19_minden-wolves-cubs_teaser-600x195.jpg 600w, https:\/\/djk-dom-minden.de\/football\/minden-wolves-cubs\/wp-content\/uploads\/sites\/3\/2022\/05\/U19_minden-wolves-cubs_teaser-500x163.jpg 500w, https:\/\/djk-dom-minden.de\/football\/minden-wolves-cubs\/wp-content\/uploads\/sites\/3\/2022\/05\/U19_minden-wolves-cubs_teaser-400x130.jpg 400w, https:\/\/djk-dom-minden.de\/football\/minden-wolves-cubs\/wp-content\/uploads\/sites\/3\/2022\/05\/U19_minden-wolves-cubs_teaser-300x98.jpg 300w, https:\/\/djk-dom-minden.de\/football\/minden-wolves-cubs\/wp-content\/uploads\/sites\/3\/2022\/05\/U19_minden-wolves-cubs_teaser-200x65.jpg 200w, https:\/\/djk-dom-minden.de\/football\/minden-wolves-cubs\/wp-content\/uploads\/sites\/3\/2022\/05\/U19_minden-wolves-cubs_teaser-100x33.jpg 100w\" data-sizes=\"auto\"\/><a href=\"https:\/\/djk-dom-minden.de\/football\/minden-wolves-cubs\/news\/ein-echter-wow-effekt\" target=\"_self\"><figcaption><div class=\"fig-item\"><span class=\"title\"><h3>Ein echter Wow-Effekt<\/h3><\/span><span class=\"date\"><h5>16.05.2022<\/h5><\/span><\/div><\/figcaption><\/a><\/figure><figure class=\"effect-jazz\"><img data-src=\"https:\/\/djk-dom-minden.de\/football\/flagfootball\/wp-content\/uploads\/sites\/4\/2022\/02\/flag-football_wolves_01-100x33.jpg\" class=\"lazyload\" data-srcset=\"https:\/\/djk-dom-minden.de\/football\/flagfootball\/wp-content\/uploads\/sites\/4\/2022\/02\/flag-football_wolves_01-300x98.jpg 300w, https:\/\/djk-dom-minden.de\/football\/flagfootball\/wp-content\/uploads\/sites\/4\/2022\/02\/flag-football_wolves_01-1024x333.jpg 1024w, https:\/\/djk-dom-minden.de\/football\/flagfootball\/wp-content\/uploads\/sites\/4\/2022\/02\/flag-football_wolves_01-150x150.jpg 150w, https:\/\/djk-dom-minden.de\/football\/flagfootball\/wp-content\/uploads\/sites\/4\/2022\/02\/flag-football_wolves_01-768x250.jpg 768w, https:\/\/djk-dom-minden.de\/football\/flagfootball\/wp-content\/uploads\/sites\/4\/2022\/02\/flag-football_wolves_01-1536x499.jpg 1536w, https:\/\/djk-dom-minden.de\/football\/flagfootball\/wp-content\/uploads\/sites\/4\/2022\/02\/flag-football_wolves_01-1200x390.jpg 1200w, https:\/\/djk-dom-minden.de\/football\/flagfootball\/wp-content\/uploads\/sites\/4\/2022\/02\/flag-football_wolves_01-1100x358.jpg 1100w, https:\/\/djk-dom-minden.de\/football\/flagfootball\/wp-content\/uploads\/sites\/4\/2022\/02\/flag-football_wolves_01-1000x325.jpg 1000w, https:\/\/djk-dom-minden.de\/football\/flagfootball\/wp-content\/uploads\/sites\/4\/2022\/02\/flag-football_wolves_01-900x293.jpg 900w, https:\/\/djk-dom-minden.de\/football\/flagfootball\/wp-content\/uploads\/sites\/4\/2022\/02\/flag-football_wolves_01-800x260.jpg 800w, https:\/\/djk-dom-minden.de\/football\/flagfootball\/wp-content\/uploads\/sites\/4\/2022\/02\/flag-football_wolves_01-700x228.jpg 700w, https:\/\/djk-dom-minden.de\/football\/flagfootball\/wp-content\/uploads\/sites\/4\/2022\/02\/flag-football_wolves_01-600x195.jpg 600w, https:\/\/djk-dom-minden.de\/football\/flagfootball\/wp-content\/uploads\/sites\/4\/2022\/02\/flag-football_wolves_01-500x163.jpg 500w, https:\/\/djk-dom-minden.de\/football\/flagfootball\/wp-content\/uploads\/sites\/4\/2022\/02\/flag-football_wolves_01-400x130.jpg 400w, https:\/\/djk-dom-minden.de\/football\/flagfootball\/wp-content\/uploads\/sites\/4\/2022\/02\/flag-football_wolves_01-300x98.jpg 300w, https:\/\/djk-dom-minden.de\/football\/flagfootball\/wp-content\/uploads\/sites\/4\/2022\/02\/flag-football_wolves_01-200x65.jpg 200w, https:\/\/djk-dom-minden.de\/football\/flagfootball\/wp-content\/uploads\/sites\/4\/2022\/02\/flag-football_wolves_01-100x33.jpg 100w\" data-sizes=\"auto\"\/><a href=\"https:\/\/djk-dom-minden.de\/football\/flagfootball\/news\/neu-flag-football-bei-den-wolves\" target=\"_self\"><figcaption><div class=\"fig-item\"><span class=\"title\"><h3>NEU: Flag Football bei den Wolves...<\/h3><\/span><span class=\"date\"><h5>22.02.2022<\/h5><\/span><\/div><\/figcaption><\/a><\/figure><figure class=\"effect-jazz\"><img data-src=\"https:\/\/djk-dom-minden.de\/football\/minden-wolves\/wp-content\/uploads\/sites\/2\/2025\/09\/vorschau_essen_00-100x33.jpg\" class=\"lazyload\" data-srcset=\"https:\/\/djk-dom-minden.de\/football\/minden-wolves\/wp-content\/uploads\/sites\/2\/2025\/09\/vorschau_essen_00-300x98.jpg 300w, https:\/\/djk-dom-minden.de\/football\/minden-wolves\/wp-content\/uploads\/sites\/2\/2025\/09\/vorschau_essen_00-1024x333.jpg 1024w, https:\/\/djk-dom-minden.de\/football\/minden-wolves\/wp-content\/uploads\/sites\/2\/2025\/09\/vorschau_essen_00-150x150.jpg 150w, https:\/\/djk-dom-minden.de\/football\/minden-wolves\/wp-content\/uploads\/sites\/2\/2025\/09\/vorschau_essen_00-768x250.jpg 768w, https:\/\/djk-dom-minden.de\/football\/minden-wolves\/wp-content\/uploads\/sites\/2\/2025\/09\/vorschau_essen_00-1536x499.jpg 1536w, https:\/\/djk-dom-minden.de\/football\/minden-wolves\/wp-content\/uploads\/sites\/2\/2025\/09\/vorschau_essen_00-1200x390.jpg 1200w, https:\/\/djk-dom-minden.de\/football\/minden-wolves\/wp-content\/uploads\/sites\/2\/2025\/09\/vorschau_essen_00-1100x358.jpg 1100w, https:\/\/djk-dom-minden.de\/football\/minden-wolves\/wp-content\/uploads\/sites\/2\/2025\/09\/vorschau_essen_00-1000x325.jpg 1000w, https:\/\/djk-dom-minden.de\/football\/minden-wolves\/wp-content\/uploads\/sites\/2\/2025\/09\/vorschau_essen_00-900x293.jpg 900w, https:\/\/djk-dom-minden.de\/football\/minden-wolves\/wp-content\/uploads\/sites\/2\/2025\/09\/vorschau_essen_00-800x260.jpg 800w, https:\/\/djk-dom-minden.de\/football\/minden-wolves\/wp-content\/uploads\/sites\/2\/2025\/09\/vorschau_essen_00-700x228.jpg 700w, https:\/\/djk-dom-minden.de\/football\/minden-wolves\/wp-content\/uploads\/sites\/2\/2025\/09\/vorschau_essen_00-600x195.jpg 600w, https:\/\/djk-dom-minden.de\/football\/minden-wolves\/wp-content\/uploads\/sites\/2\/2025\/09\/vorschau_essen_00-500x163.jpg 500w, https:\/\/djk-dom-minden.de\/football\/minden-wolves\/wp-content\/uploads\/sites\/2\/2025\/09\/vorschau_essen_00-400x130.jpg 400w, https:\/\/djk-dom-minden.de\/football\/minden-wolves\/wp-content\/uploads\/sites\/2\/2025\/09\/vorschau_essen_00-300x98.jpg 300w, https:\/\/djk-dom-minden.de\/football\/minden-wolves\/wp-content\/uploads\/sites\/2\/2025\/09\/vorschau_essen_00-200x65.jpg 200w, https:\/\/djk-dom-minden.de\/football\/minden-wolves\/wp-content\/uploads\/sites\/2\/2025\/09\/vorschau_essen_00-100x33.jpg 100w\" data-sizes=\"auto\"\/><a href=\"https:\/\/djk-dom-minden.de\/football\/minden-wolves\/news\/erst-zum-football-dann-zum-open-air-festival\" target=\"_self\"><figcaption><div class=\"fig-item\"><span class=\"title\"><h3>Erst zum Football, dann zum Open...<\/h3><\/span><span class=\"date\"><h5>19.08.2025<\/h5><\/span><\/div><\/figcaption><\/a><\/figure><figure class=\"effect-jazz\"><img data-src=\"https:\/\/djk-dom-minden.de\/football\/minden-wolves\/wp-content\/uploads\/sites\/2\/2025\/09\/vorschau_crocodiles-100x33.jpg\" class=\"lazyload\" data-srcset=\"https:\/\/djk-dom-minden.de\/football\/minden-wolves\/wp-content\/uploads\/sites\/2\/2025\/09\/vorschau_crocodiles-300x98.jpg 300w, https:\/\/djk-dom-minden.de\/football\/minden-wolves\/wp-content\/uploads\/sites\/2\/2025\/09\/vorschau_crocodiles-1024x333.jpg 1024w, https:\/\/djk-dom-minden.de\/football\/minden-wolves\/wp-content\/uploads\/sites\/2\/2025\/09\/vorschau_crocodiles-150x150.jpg 150w, https:\/\/djk-dom-minden.de\/football\/minden-wolves\/wp-content\/uploads\/sites\/2\/2025\/09\/vorschau_crocodiles-768x250.jpg 768w, https:\/\/djk-dom-minden.de\/football\/minden-wolves\/wp-content\/uploads\/sites\/2\/2025\/09\/vorschau_crocodiles-1536x499.jpg 1536w, https:\/\/djk-dom-minden.de\/football\/minden-wolves\/wp-content\/uploads\/sites\/2\/2025\/09\/vorschau_crocodiles-1200x390.jpg 1200w, https:\/\/djk-dom-minden.de\/football\/minden-wolves\/wp-content\/uploads\/sites\/2\/2025\/09\/vorschau_crocodiles-1100x358.jpg 1100w, https:\/\/djk-dom-minden.de\/football\/minden-wolves\/wp-content\/uploads\/sites\/2\/2025\/09\/vorschau_crocodiles-1000x325.jpg 1000w, https:\/\/djk-dom-minden.de\/football\/minden-wolves\/wp-content\/uploads\/sites\/2\/2025\/09\/vorschau_crocodiles-900x293.jpg 900w, https:\/\/djk-dom-minden.de\/football\/minden-wolves\/wp-content\/uploads\/sites\/2\/2025\/09\/vorschau_crocodiles-800x260.jpg 800w, https:\/\/djk-dom-minden.de\/football\/minden-wolves\/wp-content\/uploads\/sites\/2\/2025\/09\/vorschau_crocodiles-700x228.jpg 700w, https:\/\/djk-dom-minden.de\/football\/minden-wolves\/wp-content\/uploads\/sites\/2\/2025\/09\/vorschau_crocodiles-600x195.jpg 600w, https:\/\/djk-dom-minden.de\/football\/minden-wolves\/wp-content\/uploads\/sites\/2\/2025\/09\/vorschau_crocodiles-500x163.jpg 500w, https:\/\/djk-dom-minden.de\/football\/minden-wolves\/wp-content\/uploads\/sites\/2\/2025\/09\/vorschau_crocodiles-400x130.jpg 400w, https:\/\/djk-dom-minden.de\/football\/minden-wolves\/wp-content\/uploads\/sites\/2\/2025\/09\/vorschau_crocodiles-300x98.jpg 300w, https:\/\/djk-dom-minden.de\/football\/minden-wolves\/wp-content\/uploads\/sites\/2\/2025\/09\/vorschau_crocodiles-200x65.jpg 200w, https:\/\/djk-dom-minden.de\/football\/minden-wolves\/wp-content\/uploads\/sites\/2\/2025\/09\/vorschau_crocodiles-100x33.jpg 100w\" data-sizes=\"auto\"\/><a href=\"https:\/\/djk-dom-minden.de\/football\/minden-wolves\/news\/mit-einem-heimsieg-in-die-sommerpause-gehen\" target=\"_self\"><figcaption><div class=\"fig-item\"><span class=\"title\"><h3>Mit einem Heimsieg in die Sommerpause...<\/h3><\/span><span class=\"date\"><h5>10.07.2025<\/h5><\/span><\/div><\/figcaption><\/a><\/figure><\/div>\t\t<\/div>\n\t\t\t\t<\/div>\n\t\t\t\t\t<\/div>\n\t\t<\/div>\n\t\t\t\t\t<\/div>\n\t\t<\/section>\n\t\t\t\t<section class=\"elementor-section elementor-top-section elementor-element elementor-element-2d54188 elementor-section-full_width elementor-section-height-default elementor-section-height-default\" data-id=\"2d54188\" data-element_type=\"section\">\n\t\t\t\t\t\t<div class=\"elementor-container elementor-column-gap-default\">\n\t\t\t\t\t<div class=\"elementor-column elementor-col-33 elementor-top-column elementor-element elementor-element-d4a146a\" data-id=\"d4a146a\" data-element_type=\"column\">\n\t\t\t<div class=\"elementor-widget-wrap elementor-element-populated\">\n\t\t\t\t\t\t<div class=\"elementor-element elementor-element-b3375e9 elementor-widget elementor-widget-image\" data-id=\"b3375e9\" data-element_type=\"widget\" data-widget_type=\"image.default\">\n\t\t\t\t<div class=\"elementor-widget-container\">\n\t\t\t\t\t\t\t\t\t\t\t\t\t<img fetchpriority=\"high\" decoding=\"async\" width=\"1024\" height=\"683\" src=\"https:\/\/djk-dom-minden.de\/football\/wp-content\/uploads\/2020\/11\/DJK_Hands-1024x683.jpg\" class=\"attachment-large size-large wp-image-109\" alt=\"\" srcset=\"https:\/\/djk-dom-minden.de\/football\/wp-content\/uploads\/2020\/11\/DJK_Hands-1024x683.jpg 1024w, https:\/\/djk-dom-minden.de\/football\/wp-content\/uploads\/2020\/11\/DJK_Hands-300x200.jpg 300w, https:\/\/djk-dom-minden.de\/football\/wp-content\/uploads\/2020\/11\/DJK_Hands-768x512.jpg 768w, https:\/\/djk-dom-minden.de\/football\/wp-content\/uploads\/2020\/11\/DJK_Hands-1536x1024.jpg 1536w, https:\/\/djk-dom-minden.de\/football\/wp-content\/uploads\/2020\/11\/DJK_Hands-1200x800.jpg 1200w, https:\/\/djk-dom-minden.de\/football\/wp-content\/uploads\/2020\/11\/DJK_Hands-1100x733.jpg 1100w, https:\/\/djk-dom-minden.de\/football\/wp-content\/uploads\/2020\/11\/DJK_Hands-1000x667.jpg 1000w, https:\/\/djk-dom-minden.de\/football\/wp-content\/uploads\/2020\/11\/DJK_Hands-900x600.jpg 900w, https:\/\/djk-dom-minden.de\/football\/wp-content\/uploads\/2020\/11\/DJK_Hands-800x533.jpg 800w, https:\/\/djk-dom-minden.de\/football\/wp-content\/uploads\/2020\/11\/DJK_Hands-700x467.jpg 700w, https:\/\/djk-dom-minden.de\/football\/wp-content\/uploads\/2020\/11\/DJK_Hands-600x400.jpg 600w, https:\/\/djk-dom-minden.de\/football\/wp-content\/uploads\/2020\/11\/DJK_Hands-500x333.jpg 500w, https:\/\/djk-dom-minden.de\/football\/wp-content\/uploads\/2020\/11\/DJK_Hands-400x267.jpg 400w, https:\/\/djk-dom-minden.de\/football\/wp-content\/uploads\/2020\/11\/DJK_Hands-200x133.jpg 200w, https:\/\/djk-dom-minden.de\/football\/wp-content\/uploads\/2020\/11\/DJK_Hands-100x67.jpg 100w, https:\/\/djk-dom-minden.de\/football\/wp-content\/uploads\/2020\/11\/DJK_Hands.jpg 1920w\" sizes=\"(max-width: 1024px) 100vw, 1024px\" \/>\t\t\t\t\t\t\t\t\t\t\t\t\t<\/div>\n\t\t\t\t<\/div>\n\t\t\t\t<div class=\"elementor-element elementor-element-e90dc71 elementor-widget elementor-widget-heading\" data-id=\"e90dc71\" data-element_type=\"widget\" data-widget_type=\"heading.default\">\n\t\t\t\t<div class=\"elementor-widget-container\">\n\t\t\t<h2 class=\"elementor-heading-title elementor-size-default\">Wir bieten mehr als das<\/h2>\t\t<\/div>\n\t\t\t\t<\/div>\n\t\t\t\t<div class=\"elementor-element elementor-element-d25c371 elementor-widget elementor-widget-text-editor\" data-id=\"d25c371\" data-element_type=\"widget\" data-widget_type=\"text-editor.default\">\n\t\t\t\t<div class=\"elementor-widget-container\">\n\t\t\t\t\t\t\t<p>Die DJK Dom Minden bietet ein vielseitiges Kursangebot f\u00fcr alle Altersgruppen, z.B. R\u00fcckenschule, Badminton, Fu\u00dfball, American Football, Tanzen, Kinderturnen, Nordic-Walking und vieles mehr. Wir stelle verschiedene R\u00e4umlichkeiten, wie Turnhallen der Stadt, Kegelbahnen und das Haus am Dom zur Verf\u00fcgung. Sie erm\u00f6glicht Gruppenleitern und -leiterinnen die Weiterbildung auf Pfarr-, Dekanats- und Di\u00f6zesanebene sowie in katholischen Sportschulen und Weiterbildungsst\u00e4tten. Sie stellt Sportger\u00e4te, Literatur und Werkmaterial zur Verf\u00fcgung.<\/p>\t\t\t\t\t\t<\/div>\n\t\t\t\t<\/div>\n\t\t\t\t\t<\/div>\n\t\t<\/div>\n\t\t\t\t<div class=\"elementor-column elementor-col-33 elementor-top-column elementor-element elementor-element-0e1c606\" data-id=\"0e1c606\" data-element_type=\"column\">\n\t\t\t<div class=\"elementor-widget-wrap elementor-element-populated\">\n\t\t\t\t\t\t<div class=\"elementor-element elementor-element-6d89ed6 elementor-widget elementor-widget-image\" data-id=\"6d89ed6\" data-element_type=\"widget\" data-widget_type=\"image.default\">\n\t\t\t\t<div class=\"elementor-widget-container\">\n\t\t\t\t\t\t\t\t\t\t\t\t\t<img decoding=\"async\" width=\"1024\" height=\"683\" src=\"https:\/\/djk-dom-minden.de\/football\/wp-content\/uploads\/2020\/11\/DJK_Kinder_springen-1024x683.jpg\" class=\"attachment-large size-large wp-image-110\" alt=\"\" srcset=\"https:\/\/djk-dom-minden.de\/football\/wp-content\/uploads\/2020\/11\/DJK_Kinder_springen-1024x683.jpg 1024w, https:\/\/djk-dom-minden.de\/football\/wp-content\/uploads\/2020\/11\/DJK_Kinder_springen-300x200.jpg 300w, https:\/\/djk-dom-minden.de\/football\/wp-content\/uploads\/2020\/11\/DJK_Kinder_springen-768x512.jpg 768w, https:\/\/djk-dom-minden.de\/football\/wp-content\/uploads\/2020\/11\/DJK_Kinder_springen-1200x800.jpg 1200w, https:\/\/djk-dom-minden.de\/football\/wp-content\/uploads\/2020\/11\/DJK_Kinder_springen-1100x733.jpg 1100w, https:\/\/djk-dom-minden.de\/football\/wp-content\/uploads\/2020\/11\/DJK_Kinder_springen-1000x667.jpg 1000w, https:\/\/djk-dom-minden.de\/football\/wp-content\/uploads\/2020\/11\/DJK_Kinder_springen-900x600.jpg 900w, https:\/\/djk-dom-minden.de\/football\/wp-content\/uploads\/2020\/11\/DJK_Kinder_springen-800x533.jpg 800w, https:\/\/djk-dom-minden.de\/football\/wp-content\/uploads\/2020\/11\/DJK_Kinder_springen-700x467.jpg 700w, https:\/\/djk-dom-minden.de\/football\/wp-content\/uploads\/2020\/11\/DJK_Kinder_springen-600x400.jpg 600w, https:\/\/djk-dom-minden.de\/football\/wp-content\/uploads\/2020\/11\/DJK_Kinder_springen-500x333.jpg 500w, https:\/\/djk-dom-minden.de\/football\/wp-content\/uploads\/2020\/11\/DJK_Kinder_springen-400x267.jpg 400w, https:\/\/djk-dom-minden.de\/football\/wp-content\/uploads\/2020\/11\/DJK_Kinder_springen-200x133.jpg 200w, https:\/\/djk-dom-minden.de\/football\/wp-content\/uploads\/2020\/11\/DJK_Kinder_springen-100x67.jpg 100w, https:\/\/djk-dom-minden.de\/football\/wp-content\/uploads\/2020\/11\/DJK_Kinder_springen.jpg 1440w\" sizes=\"(max-width: 1024px) 100vw, 1024px\" \/>\t\t\t\t\t\t\t\t\t\t\t\t\t<\/div>\n\t\t\t\t<\/div>\n\t\t\t\t<div class=\"elementor-element elementor-element-2fcd6e9 elementor-widget elementor-widget-heading\" data-id=\"2fcd6e9\" data-element_type=\"widget\" data-widget_type=\"heading.default\">\n\t\t\t\t<div class=\"elementor-widget-container\">\n\t\t\t<h2 class=\"elementor-heading-title elementor-size-default\">Jugendarbeit ist uns wichtig<\/h2>\t\t<\/div>\n\t\t\t\t<\/div>\n\t\t\t\t<div class=\"elementor-element elementor-element-afa5fdd elementor-widget elementor-widget-text-editor\" data-id=\"afa5fdd\" data-element_type=\"widget\" data-widget_type=\"text-editor.default\">\n\t\t\t\t<div class=\"elementor-widget-container\">\n\t\t\t\t\t\t\t<p>In der Kinder- und Jugendarbeit wird viel Wert auf drei Gruppen gelegt: die Kids, die Youngsters und die Jugendgruppe. Mit diesen drei Gruppen werden alle Altersklassen abgedeckt. F\u00fcr jeden ist etwas dabei. Einmal im Monat treffen sich die Kinder und Jugendlichen und haben zusammen viel Spa\u00df bei verschiedenen Aktionen. Da die Sch\u00fcler wegen des Ganztags keine Zeit mehr haben, an w\u00f6chentlichen Gruppenstunden teilzunehmen, wurden diese Treffen eingef\u00fchrt.\u00a0<\/p>\t\t\t\t\t\t<\/div>\n\t\t\t\t<\/div>\n\t\t\t\t\t<\/div>\n\t\t<\/div>\n\t\t\t\t<div class=\"elementor-column elementor-col-33 elementor-top-column elementor-element elementor-element-c977b69\" data-id=\"c977b69\" data-element_type=\"column\">\n\t\t\t<div class=\"elementor-widget-wrap elementor-element-populated\">\n\t\t\t\t\t\t<div class=\"elementor-element elementor-element-36cab0a elementor-widget elementor-widget-image\" data-id=\"36cab0a\" data-element_type=\"widget\" data-widget_type=\"image.default\">\n\t\t\t\t<div class=\"elementor-widget-container\">\n\t\t\t\t\t\t\t\t\t\t\t\t\t<img decoding=\"async\" width=\"1024\" height=\"1024\" src=\"https:\/\/djk-dom-minden.de\/football\/wp-content\/uploads\/2020\/09\/DJKLogo.svg\" class=\"attachment-large size-large wp-image-26\" alt=\"\" \/>\t\t\t\t\t\t\t\t\t\t\t\t\t<\/div>\n\t\t\t\t<\/div>\n\t\t\t\t<div class=\"elementor-element elementor-element-9b2ebac elementor-widget elementor-widget-heading\" data-id=\"9b2ebac\" data-element_type=\"widget\" data-widget_type=\"heading.default\">\n\t\t\t\t<div class=\"elementor-widget-container\">\n\t\t\t<h2 class=\"elementor-heading-title elementor-size-default\">Wer sind wir<\/h2>\t\t<\/div>\n\t\t\t\t<\/div>\n\t\t\t\t<div class=\"elementor-element elementor-element-2cb66f0 elementor-widget elementor-widget-text-editor\" data-id=\"2cb66f0\" data-element_type=\"widget\" data-widget_type=\"text-editor.default\">\n\t\t\t\t<div class=\"elementor-widget-container\">\n\t\t\t\t\t\t\t<p>Dank der Unterst\u00fctzung durch unsere zahlreichen Sponsoren k\u00f6nnen wir jedem Vereinsmitglied Leistungen anbieten: Kostenlose Nutzung aller DJK-Gruppen durch geschulte \u00dcbungsleiter. Faire Mitgliedsbeitr\u00e4ge, gegebenenfalls Nachl\u00e4sse bei Notlagen. Verg\u00fcnstigungen bei Veranstaltungen der DJK Dom Minden. Verg\u00fcnstigungen bei Veranstaltungen der Kooperationspartner.<br \/>Aus- und Weiterbildungsm\u00f6glichkeiten. Au\u00dferdem Angebote der Aus\u00fcbung eines freiwilligen sozialen Jahr (FSJ) und Praktika im Verein.<\/p>\t\t\t\t\t\t<\/div>\n\t\t\t\t<\/div>\n\t\t\t\t\t<\/div>\n\t\t<\/div>\n\t\t\t\t\t<\/div>\n\t\t<\/section>\n\t\t\t\t<\/div>\n\t\t","protected":false},"excerpt":{"rendered":"<p>Football mit Phil Gamble Minden Wolves Tryout Aktuelle News Football mit Phil Gamble&#8230; 25.07.2020 Wir bieten mehr als das Die DJK Dom Minden bietet ein vielseitiges Kursangebot f\u00fcr alle Altersgruppen, z.B. R\u00fcckenschule, Badminton, Fu\u00dfball, American Football, Tanzen, Kinderturnen, Nordic-Walking und vieles mehr. Wir stelle verschiedene R\u00e4umlichkeiten, wie Turnhallen der Stadt, Kegelbahnen und das Haus am [&hellip;]<\/p>\n","protected":false},"author":2,"featured_media":0,"parent":0,"menu_order":0,"comment_status":"closed","ping_status":"closed","template":"","meta":{"inline_featured_image":false,"footnotes":""},"class_list":["post-15","page","type-page","status-publish","hentry"],"_links":{"self":[{"href":"https:\/\/djk-dom-minden.de\/football\/wp-json\/wp\/v2\/pages\/15","targetHints":{"allow":["GET"]}}],"collection":[{"href":"https:\/\/djk-dom-minden.de\/football\/wp-json\/wp\/v2\/pages"}],"about":[{"href":"https:\/\/djk-dom-minden.de\/football\/wp-json\/wp\/v2\/types\/page"}],"author":[{"embeddable":true,"href":"https:\/\/djk-dom-minden.de\/football\/wp-json\/wp\/v2\/users\/2"}],"replies":[{"embeddable":true,"href":"https:\/\/djk-dom-minden.de\/football\/wp-json\/wp\/v2\/comments?post=15"}],"version-history":[{"count":20,"href":"https:\/\/djk-dom-minden.de\/football\/wp-json\/wp\/v2\/pages\/15\/revisions"}],"predecessor-version":[{"id":272,"href":"https:\/\/djk-dom-minden.de\/football\/wp-json\/wp\/v2\/pages\/15\/revisions\/272"}],"wp:attachment":[{"href":"https:\/\/djk-dom-minden.de\/football\/wp-json\/wp\/v2\/media?parent=15"}],"curies":[{"name":"wp","href":"https:\/\/api.w.org\/{rel}","templated":true}]}}