{"id":328,"date":"2023-09-30T11:47:32","date_gmt":"2023-09-30T09:47:32","guid":{"rendered":"https:\/\/djk-dom-minden.de\/ligafussball\/e-jugend\/?page_id=328"},"modified":"2023-09-30T11:48:18","modified_gmt":"2023-09-30T09:48:18","slug":"e-jugend-ii-saison","status":"publish","type":"page","link":"https:\/\/djk-dom-minden.de\/ligafussball\/e-jugend\/e-jugend-ii-saison\/","title":{"rendered":"E-Jugend II Saison"},"content":{"rendered":"\t\t<div data-elementor-type=\"wp-page\" data-elementor-id=\"328\" class=\"elementor elementor-328\" data-elementor-post-type=\"page\">\n\t\t\t\t\t\t<section class=\"elementor-section elementor-top-section elementor-element elementor-element-272ee51 elementor-section-full_width elementor-section-height-default elementor-section-height-default\" data-id=\"272ee51\" data-element_type=\"section\">\n\t\t\t\t\t\t<div class=\"elementor-container elementor-column-gap-no\">\n\t\t\t\t\t<div class=\"elementor-column elementor-col-100 elementor-top-column elementor-element elementor-element-a14bb2c\" data-id=\"a14bb2c\" data-element_type=\"column\">\n\t\t\t<div class=\"elementor-widget-wrap elementor-element-populated\">\n\t\t\t\t\t\t<div class=\"elementor-element elementor-element-6ad653d elementor-widget elementor-widget-global-news-slider\" data-id=\"6ad653d\" data-element_type=\"widget\" data-widget_type=\"global-news-slider.default\">\n\t\t\t\t<div class=\"elementor-widget-container\">\n\t\t\t<div class=\"global-news-slider-container\" data-setup={\"slider_name\":\"fullslider69f249095c040\",\"autoplay\":false,\"autoplay_speed\":null,\"nav\":true,\"effect_in\":\"\",\"effect_out\":\"\",\"effect_text\":\"bounceInLeft\",\"effect_text_speed\":\"fast\",\"effect_text_delay\":\"delay-1s\",\"effect_text_repeat\":\"repeat-1\",\"dots\":true,\"iconPrev\":{\"value\":\"fas_fa-chevron-left\",\"library\":\"fa-solid\"},\"iconNext\":{\"value\":\"fas_fa-chevron-right\",\"library\":\"fa-solid\"}}><div class=\"global-news-slider owl-carousel fullslider69f249095c040\"><figure class=\"effect-jazz\"><img data-src=\"https:\/\/djk-dom-minden.de\/ligafussball\/e-jugend\/wp-content\/uploads\/sites\/2\/2020\/08\/fussball_teaser-100x33.jpg\" class=\"lazyload\" data-srcset=\"https:\/\/djk-dom-minden.de\/ligafussball\/e-jugend\/wp-content\/uploads\/sites\/2\/2020\/08\/fussball_teaser-300x98.jpg 300w, https:\/\/djk-dom-minden.de\/ligafussball\/e-jugend\/wp-content\/uploads\/sites\/2\/2020\/08\/fussball_teaser-1024x333.jpg 1024w, https:\/\/djk-dom-minden.de\/ligafussball\/e-jugend\/wp-content\/uploads\/sites\/2\/2020\/08\/fussball_teaser-150x150.jpg 150w, https:\/\/djk-dom-minden.de\/ligafussball\/e-jugend\/wp-content\/uploads\/sites\/2\/2020\/08\/fussball_teaser-768x250.jpg 768w, https:\/\/djk-dom-minden.de\/ligafussball\/e-jugend\/wp-content\/uploads\/sites\/2\/2020\/08\/fussball_teaser-1536x499.jpg 1536w, https:\/\/djk-dom-minden.de\/ligafussball\/e-jugend\/wp-content\/uploads\/sites\/2\/2020\/08\/fussball_teaser-1200x390.jpg 1200w, https:\/\/djk-dom-minden.de\/ligafussball\/e-jugend\/wp-content\/uploads\/sites\/2\/2020\/08\/fussball_teaser-1100x358.jpg 1100w, https:\/\/djk-dom-minden.de\/ligafussball\/e-jugend\/wp-content\/uploads\/sites\/2\/2020\/08\/fussball_teaser-1000x325.jpg 1000w, https:\/\/djk-dom-minden.de\/ligafussball\/e-jugend\/wp-content\/uploads\/sites\/2\/2020\/08\/fussball_teaser-900x293.jpg 900w, https:\/\/djk-dom-minden.de\/ligafussball\/e-jugend\/wp-content\/uploads\/sites\/2\/2020\/08\/fussball_teaser-800x260.jpg 800w, https:\/\/djk-dom-minden.de\/ligafussball\/e-jugend\/wp-content\/uploads\/sites\/2\/2020\/08\/fussball_teaser-700x228.jpg 700w, https:\/\/djk-dom-minden.de\/ligafussball\/e-jugend\/wp-content\/uploads\/sites\/2\/2020\/08\/fussball_teaser-600x195.jpg 600w, https:\/\/djk-dom-minden.de\/ligafussball\/e-jugend\/wp-content\/uploads\/sites\/2\/2020\/08\/fussball_teaser-500x163.jpg 500w, https:\/\/djk-dom-minden.de\/ligafussball\/e-jugend\/wp-content\/uploads\/sites\/2\/2020\/08\/fussball_teaser-400x130.jpg 400w, https:\/\/djk-dom-minden.de\/ligafussball\/e-jugend\/wp-content\/uploads\/sites\/2\/2020\/08\/fussball_teaser-300x98.jpg 300w, https:\/\/djk-dom-minden.de\/ligafussball\/e-jugend\/wp-content\/uploads\/sites\/2\/2020\/08\/fussball_teaser-200x65.jpg 200w, https:\/\/djk-dom-minden.de\/ligafussball\/e-jugend\/wp-content\/uploads\/sites\/2\/2020\/08\/fussball_teaser-100x33.jpg 100w\" data-sizes=\"auto\"\/><a href=\"https:\/\/djk-dom-minden.de\/ligafussball\/e-jugend\/news\/e-jugend-fussballmannschaft\" target=\"_self\"><figcaption><span class=\"title\"><p class=\"tag\">E-Jugend Fu\u00dfballmannschaft<\/p><\/span><span class=\"teaser_highlight\"><span class=\"teaser\"><p>E-Jugend<\/p><p>Trainingsstart!<\/p><\/span><\/span><\/figcaption><\/a><\/figure><figure class=\"effect-jazz\"><img data-src=\"https:\/\/djk-dom-minden.de\/ligafussball\/e-jugend\/wp-content\/uploads\/sites\/2\/2020\/11\/E-Jugend_2020-100x55.jpeg\" class=\"lazyload\" data-srcset=\"https:\/\/djk-dom-minden.de\/ligafussball\/e-jugend\/wp-content\/uploads\/sites\/2\/2020\/11\/E-Jugend_2020-300x166.jpeg 300w, https:\/\/djk-dom-minden.de\/ligafussball\/e-jugend\/wp-content\/uploads\/sites\/2\/2020\/11\/E-Jugend_2020-1024x566.jpeg 1024w, https:\/\/djk-dom-minden.de\/ligafussball\/e-jugend\/wp-content\/uploads\/sites\/2\/2020\/11\/E-Jugend_2020-150x150.jpeg 150w, https:\/\/djk-dom-minden.de\/ligafussball\/e-jugend\/wp-content\/uploads\/sites\/2\/2020\/11\/E-Jugend_2020-768x425.jpeg 768w, https:\/\/djk-dom-minden.de\/ligafussball\/e-jugend\/wp-content\/uploads\/sites\/2\/2020\/11\/E-Jugend_2020-1536x849.jpeg 1536w, https:\/\/djk-dom-minden.de\/ligafussball\/e-jugend\/wp-content\/uploads\/sites\/2\/2020\/11\/E-Jugend_2020-2048x1132.jpeg 2048w, https:\/\/djk-dom-minden.de\/ligafussball\/e-jugend\/wp-content\/uploads\/sites\/2\/2020\/11\/E-Jugend_2020-1200x663.jpeg 1200w, https:\/\/djk-dom-minden.de\/ligafussball\/e-jugend\/wp-content\/uploads\/sites\/2\/2020\/11\/E-Jugend_2020-1100x608.jpeg 1100w, https:\/\/djk-dom-minden.de\/ligafussball\/e-jugend\/wp-content\/uploads\/sites\/2\/2020\/11\/E-Jugend_2020-1000x553.jpeg 1000w, https:\/\/djk-dom-minden.de\/ligafussball\/e-jugend\/wp-content\/uploads\/sites\/2\/2020\/11\/E-Jugend_2020-900x497.jpeg 900w, https:\/\/djk-dom-minden.de\/ligafussball\/e-jugend\/wp-content\/uploads\/sites\/2\/2020\/11\/E-Jugend_2020-800x442.jpeg 800w, https:\/\/djk-dom-minden.de\/ligafussball\/e-jugend\/wp-content\/uploads\/sites\/2\/2020\/11\/E-Jugend_2020-700x387.jpeg 700w, https:\/\/djk-dom-minden.de\/ligafussball\/e-jugend\/wp-content\/uploads\/sites\/2\/2020\/11\/E-Jugend_2020-600x332.jpeg 600w, https:\/\/djk-dom-minden.de\/ligafussball\/e-jugend\/wp-content\/uploads\/sites\/2\/2020\/11\/E-Jugend_2020-500x276.jpeg 500w, https:\/\/djk-dom-minden.de\/ligafussball\/e-jugend\/wp-content\/uploads\/sites\/2\/2020\/11\/E-Jugend_2020-400x221.jpeg 400w, https:\/\/djk-dom-minden.de\/ligafussball\/e-jugend\/wp-content\/uploads\/sites\/2\/2020\/11\/E-Jugend_2020-300x166.jpeg 300w, https:\/\/djk-dom-minden.de\/ligafussball\/e-jugend\/wp-content\/uploads\/sites\/2\/2020\/11\/E-Jugend_2020-200x111.jpeg 200w, https:\/\/djk-dom-minden.de\/ligafussball\/e-jugend\/wp-content\/uploads\/sites\/2\/2020\/11\/E-Jugend_2020-100x55.jpeg 100w\" data-sizes=\"auto\"\/><a href=\"https:\/\/djk-dom-minden.de\/ligafussball\/e-jugend\/news\/startschuss-fu%cc%88r-die-e-jugend\" target=\"_self\"><figcaption><span class=\"title\"><p class=\"tag\">Startschuss fu\u0308r die E-Jugend<\/p><\/span><\/figcaption><\/a><\/figure><figure class=\"effect-jazz\"><img data-src=\"https:\/\/djk-dom-minden.de\/ligafussball\/e-jugend\/wp-content\/uploads\/sites\/2\/2020\/08\/fussball_teaser-100x33.jpg\" class=\"lazyload\" data-srcset=\"https:\/\/djk-dom-minden.de\/ligafussball\/e-jugend\/wp-content\/uploads\/sites\/2\/2020\/08\/fussball_teaser-300x98.jpg 300w, https:\/\/djk-dom-minden.de\/ligafussball\/e-jugend\/wp-content\/uploads\/sites\/2\/2020\/08\/fussball_teaser-1024x333.jpg 1024w, https:\/\/djk-dom-minden.de\/ligafussball\/e-jugend\/wp-content\/uploads\/sites\/2\/2020\/08\/fussball_teaser-150x150.jpg 150w, https:\/\/djk-dom-minden.de\/ligafussball\/e-jugend\/wp-content\/uploads\/sites\/2\/2020\/08\/fussball_teaser-768x250.jpg 768w, https:\/\/djk-dom-minden.de\/ligafussball\/e-jugend\/wp-content\/uploads\/sites\/2\/2020\/08\/fussball_teaser-1536x499.jpg 1536w, https:\/\/djk-dom-minden.de\/ligafussball\/e-jugend\/wp-content\/uploads\/sites\/2\/2020\/08\/fussball_teaser-1200x390.jpg 1200w, https:\/\/djk-dom-minden.de\/ligafussball\/e-jugend\/wp-content\/uploads\/sites\/2\/2020\/08\/fussball_teaser-1100x358.jpg 1100w, https:\/\/djk-dom-minden.de\/ligafussball\/e-jugend\/wp-content\/uploads\/sites\/2\/2020\/08\/fussball_teaser-1000x325.jpg 1000w, https:\/\/djk-dom-minden.de\/ligafussball\/e-jugend\/wp-content\/uploads\/sites\/2\/2020\/08\/fussball_teaser-900x293.jpg 900w, https:\/\/djk-dom-minden.de\/ligafussball\/e-jugend\/wp-content\/uploads\/sites\/2\/2020\/08\/fussball_teaser-800x260.jpg 800w, https:\/\/djk-dom-minden.de\/ligafussball\/e-jugend\/wp-content\/uploads\/sites\/2\/2020\/08\/fussball_teaser-700x228.jpg 700w, https:\/\/djk-dom-minden.de\/ligafussball\/e-jugend\/wp-content\/uploads\/sites\/2\/2020\/08\/fussball_teaser-600x195.jpg 600w, https:\/\/djk-dom-minden.de\/ligafussball\/e-jugend\/wp-content\/uploads\/sites\/2\/2020\/08\/fussball_teaser-500x163.jpg 500w, https:\/\/djk-dom-minden.de\/ligafussball\/e-jugend\/wp-content\/uploads\/sites\/2\/2020\/08\/fussball_teaser-400x130.jpg 400w, https:\/\/djk-dom-minden.de\/ligafussball\/e-jugend\/wp-content\/uploads\/sites\/2\/2020\/08\/fussball_teaser-300x98.jpg 300w, https:\/\/djk-dom-minden.de\/ligafussball\/e-jugend\/wp-content\/uploads\/sites\/2\/2020\/08\/fussball_teaser-200x65.jpg 200w, https:\/\/djk-dom-minden.de\/ligafussball\/e-jugend\/wp-content\/uploads\/sites\/2\/2020\/08\/fussball_teaser-100x33.jpg 100w\" data-sizes=\"auto\"\/><a href=\"https:\/\/djk-dom-minden.de\/ligafussball\/e-jugend\/news\/gruendung-e-jugend-fussballmannschaft\" target=\"_self\"><figcaption><span class=\"title\"><p class=\"tag\">Gr\u00fcndung E-Jugend Fu\u00dfballmannschaft<\/p><\/span><span class=\"teaser_highlight\"><span class=\"teaser\"><p>E-Jugend<\/p><p>Gr\u00fcndung...<\/p><\/span><\/span><\/figcaption><\/a><\/figure><\/div><\/div>\t\t<\/div>\n\t\t\t\t<\/div>\n\t\t\t\t\t<\/div>\n\t\t<\/div>\n\t\t\t\t\t<\/div>\n\t\t<\/section>\n\t\t\t\t<section class=\"elementor-section elementor-top-section elementor-element elementor-element-22d3e8f elementor-section-full_width elementor-section-height-default elementor-section-height-default\" data-id=\"22d3e8f\" data-element_type=\"section\">\n\t\t\t\t\t\t<div class=\"elementor-container elementor-column-gap-no\">\n\t\t\t\t\t<div class=\"elementor-column elementor-col-50 elementor-top-column elementor-element elementor-element-8eb6b93\" data-id=\"8eb6b93\" data-element_type=\"column\">\n\t\t\t<div class=\"elementor-widget-wrap elementor-element-populated\">\n\t\t\t\t\t\t<div class=\"elementor-element elementor-element-9bc4e86 elementor-widget elementor-widget-heading\" data-id=\"9bc4e86\" data-element_type=\"widget\" data-widget_type=\"heading.default\">\n\t\t\t\t<div class=\"elementor-widget-container\">\n\t\t\t<h1 class=\"elementor-heading-title elementor-size-default\">E-Jugend Saison 2023<\/h1>\t\t<\/div>\n\t\t\t\t<\/div>\n\t\t\t\t<div class=\"elementor-element elementor-element-f3712b8 elementor-widget elementor-widget-text-editor\" data-id=\"f3712b8\" data-element_type=\"widget\" data-widget_type=\"text-editor.default\">\n\t\t\t\t<div class=\"elementor-widget-container\">\n\t\t\t\t\t\t\t<p><strong>E-Junioren II<br \/><\/strong><\/p>\t\t\t\t\t\t<\/div>\n\t\t\t\t<\/div>\n\t\t\t\t<section class=\"elementor-section elementor-inner-section elementor-element elementor-element-52ea93f elementor-section-boxed elementor-section-height-default elementor-section-height-default\" data-id=\"52ea93f\" data-element_type=\"section\">\n\t\t\t\t\t\t<div class=\"elementor-container elementor-column-gap-default\">\n\t\t\t\t\t<div class=\"elementor-column elementor-col-100 elementor-inner-column elementor-element elementor-element-5efc63a\" data-id=\"5efc63a\" data-element_type=\"column\">\n\t\t\t<div class=\"elementor-widget-wrap elementor-element-populated\">\n\t\t\t\t\t\t<div class=\"elementor-element elementor-element-b6beeb7 elementor-widget elementor-widget-html\" data-id=\"b6beeb7\" data-element_type=\"widget\" data-widget_type=\"html.default\">\n\t\t\t\t<div class=\"elementor-widget-container\">\n\t\t\t<script type=\"text\/javascript\"\r\n\t\tsrc=\"https:\/\/www.fussball.de\/static\/layout\/fbde2\/egm\/\/js\/widget2.js\">\r\n\t<\/script>\r\n<div id=\"widget1\"><\/div>\r\n\t<script type=\"text\/javascript\">\r\n\t\tnew fussballdeWidgetAPI().showWidget('widget1', '02MG8D1974000000VUM1DNPEVUF0NFQ2');\r\n\t<\/script>\t\t<\/div>\n\t\t\t\t<\/div>\n\t\t\t\t\t<\/div>\n\t\t<\/div>\n\t\t\t\t\t<\/div>\n\t\t<\/section>\n\t\t\t\t\t<\/div>\n\t\t<\/div>\n\t\t\t\t<div class=\"elementor-column elementor-col-50 elementor-top-column elementor-element elementor-element-f486b09\" data-id=\"f486b09\" data-element_type=\"column\" data-settings=\"{&quot;background_background&quot;:&quot;classic&quot;}\">\n\t\t\t<div class=\"elementor-widget-wrap elementor-element-populated\">\n\t\t\t\t\t\t<div class=\"elementor-element elementor-element-04e661b elementor-widget elementor-widget-global-contacts\" data-id=\"04e661b\" data-element_type=\"widget\" data-widget_type=\"global-contacts.default\">\n\t\t\t\t<div class=\"elementor-widget-container\">\n\t\t\t<div class=\"contact-container\"><div class=\"contacts_headline\"><h2>Ansprechpartner E-Jugend<\/h2><\/div><div class=\"contacts_item\"><div class=\"contacts_name\">Nazmi Shala<\/div><div class=\"contacts_mobile\">Mobil: 0152\/34361332<\/div><\/div><\/div>\t\t<\/div>\n\t\t\t\t<\/div>\n\t\t\t\t<div class=\"elementor-element elementor-element-3af7179 elementor-widget elementor-widget-global-contacts\" data-id=\"3af7179\" data-element_type=\"widget\" data-widget_type=\"global-contacts.default\">\n\t\t\t\t<div class=\"elementor-widget-container\">\n\t\t\t<div class=\"contact-container\"><div class=\"contacts_headline\"><h2>Stellvertretung<\/h2><\/div><div class=\"contacts_item\"><div class=\"contacts_name\">Tobias Speer<\/div><div class=\"contacts_mobile\">Mobil: 0157\/88723775<\/div><\/div><\/div>\t\t<\/div>\n\t\t\t\t<\/div>\n\t\t\t\t<div class=\"elementor-element elementor-element-cca37e9 elementor-widget elementor-widget-global-contacts\" data-id=\"cca37e9\" data-element_type=\"widget\" data-widget_type=\"global-contacts.default\">\n\t\t\t\t<div class=\"elementor-widget-container\">\n\t\t\t<div class=\"contact-container\"><div class=\"contacts_headline\"><h2>Ansprechpartner E2-Jugend<\/h2><\/div><div class=\"contacts_item\"><div class=\"contacts_name\">Nazmi Shala<\/div><div class=\"contacts_mobile\">Mobil: 0152\/34361332<\/div><\/div><\/div>\t\t<\/div>\n\t\t\t\t<\/div>\n\t\t\t\t<div class=\"elementor-element elementor-element-9acb5cc elementor-widget elementor-widget-global-contacts\" data-id=\"9acb5cc\" data-element_type=\"widget\" data-widget_type=\"global-contacts.default\">\n\t\t\t\t<div class=\"elementor-widget-container\">\n\t\t\t<div class=\"contact-container\"><div class=\"contacts_headline\"><h2>Stellvertretung<\/h2><\/div><div class=\"contacts_item\"><div class=\"contacts_name\">Tobias Speer<\/div><div class=\"contacts_mobile\">Mobil: 0157\/88723775<\/div><\/div><\/div>\t\t<\/div>\n\t\t\t\t<\/div>\n\t\t\t\t<div class=\"elementor-element elementor-element-f3c51df elementor-widget elementor-widget-global-meeting-overview\" data-id=\"f3c51df\" data-element_type=\"widget\" data-widget_type=\"global-meeting-overview.default\">\n\t\t\t\t<div class=\"elementor-widget-container\">\n\t\t\t<div class=\"meeting-grid\"><div class=\"meeting-grid-tabs\"><div class=\"meeting-grid-tab\"><input type=\"checkbox\" checked=\"checked\" id=\"chck1-69f249095fc1a\" \/><label class=\"meeting-grid-tab-label\" for=\"chck1-69f249095fc1a\"><span class=\"meeting-header\"><p>04.05.2026<\/p><p>E2-Jugend<\/p><\/span><\/label><div class=\"meeting-grid-tab-content\"><div class=\"meeting-grid-tab-content-output\"><div class=\"time\"><div class=\"meeting_date\"><p>Datum:<\/p><p>04.05.2026<\/p><\/div><div class=\"start_time\"><p>Start:<\/p><p>16:45 Uhr<\/p><\/div><div class=\"end_time\"><p>Ende:<\/p><p>18:00 Uhr<\/p><\/div><div class=\"age_range\"><p>Geeignet f\u00fcr:<\/p><p>9 - 10 Jahre<\/p><\/div><div class=\"meeting_point\"><p>Ort:<\/p><p>Kunstrasenplatz Z\u00e4hringerallee<\/p><\/div><\/div><div class=\"contact\"><div class=\"contact_name\"><p>Leiter:<\/p><p>Damian Sliwinski<\/p><\/div><div class=\"contact_mobile\"><p>Mobil:<\/p><p>0176\/62588127<\/p><\/div><\/div><\/div><\/div><\/div><div class=\"meeting-grid-tab\"><input type=\"checkbox\"  id=\"chck2-69f249095fc1a\" \/><label class=\"meeting-grid-tab-label\" for=\"chck2-69f249095fc1a\"><span class=\"meeting-header\"><p>30.04.2026<\/p><p>E2-Jugend<\/p><\/span><\/label><div class=\"meeting-grid-tab-content\"><div class=\"meeting-grid-tab-content-output\"><div class=\"time\"><div class=\"meeting_date\"><p>Datum:<\/p><p>30.04.2026<\/p><\/div><div class=\"start_time\"><p>Start:<\/p><p>17:00 Uhr<\/p><\/div><div class=\"end_time\"><p>Ende:<\/p><p>19:00 Uhr<\/p><\/div><div class=\"age_range\"><p>Geeignet f\u00fcr:<\/p><p>9 - 10 Jahre<\/p><\/div><div class=\"meeting_point\"><p>Ort:<\/p><p>Ratsplatz<\/p><\/div><\/div><div class=\"contact\"><div class=\"contact_name\"><p>Leiter:<\/p><p>Damian Sliwinski<\/p><\/div><div class=\"contact_mobile\"><p>Mobil:<\/p><p>0176\/62588127<\/p><\/div><\/div><\/div><\/div><\/div><\/div><\/div>\t\t<\/div>\n\t\t\t\t<\/div>\n\t\t\t\t<section class=\"elementor-section elementor-inner-section elementor-element elementor-element-4f33d43 elementor-section-full_width elementor-hidden-tablet elementor-hidden-phone elementor-section-height-default elementor-section-height-default\" data-id=\"4f33d43\" data-element_type=\"section\">\n\t\t\t\t\t\t<div class=\"elementor-container elementor-column-gap-no\">\n\t\t\t\t\t<div class=\"elementor-column elementor-col-100 elementor-inner-column elementor-element elementor-element-a9f0671\" data-id=\"a9f0671\" data-element_type=\"column\" data-settings=\"{&quot;background_background&quot;:&quot;classic&quot;}\">\n\t\t\t<div class=\"elementor-widget-wrap elementor-element-populated\">\n\t\t\t\t\t\t<div class=\"elementor-element elementor-element-2329dd8 elementor-widget elementor-widget-heading\" data-id=\"2329dd8\" data-element_type=\"widget\" data-widget_type=\"heading.default\">\n\t\t\t\t<div class=\"elementor-widget-container\">\n\t\t\t<h2 class=\"elementor-heading-title elementor-size-default\">Social Media<\/h2>\t\t<\/div>\n\t\t\t\t<\/div>\n\t\t\t\t<div class=\"elementor-element elementor-element-14abbf3 elementor-widget elementor-widget-text-editor\" data-id=\"14abbf3\" data-element_type=\"widget\" data-widget_type=\"text-editor.default\">\n\t\t\t\t<div class=\"elementor-widget-container\">\n\t\t\t\t\t\t\t<p>Teile diesen Newsbeitrag mit Deinen Freunden.<\/p>\t\t\t\t\t\t<\/div>\n\t\t\t\t<\/div>\n\t\t\t\t<div class=\"elementor-element elementor-element-8c40cf7 elementor-widget elementor-widget-shortcode\" data-id=\"8c40cf7\" data-element_type=\"widget\" data-widget_type=\"shortcode.default\">\n\t\t\t\t<div class=\"elementor-widget-container\">\n\t\t\t\t\t<div class=\"elementor-shortcode\"><div class=\"shariff shariff-align-left shariff-widget-align-left\"><ul class=\"shariff-buttons theme-round orientation-horizontal buttonsize-medium\"><li class=\"shariff-button mastodon shariff-nocustomcolor\" style=\"background-color:#563ACC;border-radius:50%\"><a href=\"https:\/\/s2f.kytta.dev\/?text=E-Jugend%20II%20Saison https%3A%2F%2Fdjk-dom-minden.de%2Fligafussball%2Fe-jugend%2Fe-jugend-ii-saison%2F\" title=\"Bei Mastodon teilen\" aria-label=\"Bei Mastodon teilen\" role=\"button\" rel=\"noopener nofollow\" class=\"shariff-link\" style=\";border-radius:50%; background-color:#6364FF; color:#fff\" target=\"_blank\"><span class=\"shariff-icon\" style=\"\"><svg width=\"75\" height=\"79\" viewBox=\"0 0 75 79\" fill=\"none\" xmlns=\"http:\/\/www.w3.org\/2000\/svg\"><path d=\"M37.813-.025C32.462-.058 27.114.13 21.79.598c-8.544.621-17.214 5.58-20.203 13.931C-1.12 23.318.408 32.622.465 41.65c.375 7.316.943 14.78 3.392 21.73 4.365 9.465 14.781 14.537 24.782 15.385 7.64.698 15.761-.213 22.517-4.026a54.1 54.1 0 0 0 .01-6.232c-6.855 1.316-14.101 2.609-21.049 1.074-3.883-.88-6.876-4.237-7.25-8.215-1.53-3.988 3.78-.43 5.584-.883 9.048 1.224 18.282.776 27.303-.462 7.044-.837 14.26-4.788 16.65-11.833 2.263-6.135 1.215-12.79 1.698-19.177.06-3.84.09-7.692-.262-11.52C72.596 7.844 63.223.981 53.834.684a219.453 219.453 0 0 0-16.022-.71zm11.294 12.882c5.5-.067 10.801 4.143 11.67 9.653.338 1.48.471 3 .471 4.515v21.088h-8.357c-.07-7.588.153-15.182-.131-22.765-.587-4.368-7.04-5.747-9.672-2.397-2.422 3.04-1.47 7.155-1.67 10.735v6.392h-8.307c-.146-4.996.359-10.045-.404-15.002-1.108-4.218-7.809-5.565-10.094-1.666-1.685 3.046-.712 6.634-.976 9.936v14.767h-8.354c.109-8.165-.238-16.344.215-24.5.674-5.346 5.095-10.389 10.676-10.627 4.902-.739 10.103 2.038 12.053 6.631.375 1.435 1.76 1.932 1.994.084 1.844-3.704 5.501-6.739 9.785-6.771.367-.044.735-.068 1.101-.073z\"\/><defs><linearGradient id=\"paint0_linear_549_34\" x1=\"37.0692\" y1=\"0\" x2=\"37.0692\" y2=\"79\" gradientUnits=\"userSpaceOnUse\"><stop stop-color=\"#6364FF\"\/><stop offset=\"1\" stop-color=\"#563ACC\"\/><\/linearGradient><\/defs><\/svg><\/span><\/a><\/li><li class=\"shariff-button facebook shariff-nocustomcolor\" style=\"background-color:#4273c8;border-radius:50%\"><a href=\"https:\/\/www.facebook.com\/sharer\/sharer.php?u=https%3A%2F%2Fdjk-dom-minden.de%2Fligafussball%2Fe-jugend%2Fe-jugend-ii-saison%2F\" title=\"Bei Facebook teilen\" aria-label=\"Bei Facebook teilen\" role=\"button\" rel=\"nofollow\" class=\"shariff-link\" style=\";border-radius:50%; background-color:#3b5998; color:#fff\" target=\"_blank\"><span class=\"shariff-icon\" style=\"\"><svg width=\"32px\" height=\"20px\" xmlns=\"http:\/\/www.w3.org\/2000\/svg\" viewBox=\"0 0 18 32\"><path fill=\"#3b5998\" d=\"M17.1 0.2v4.7h-2.8q-1.5 0-2.1 0.6t-0.5 1.9v3.4h5.2l-0.7 5.3h-4.5v13.6h-5.5v-13.6h-4.5v-5.3h4.5v-3.9q0-3.3 1.9-5.2t5-1.8q2.6 0 4.1 0.2z\"\/><\/svg><\/span><\/a><\/li><li class=\"shariff-button linkedin shariff-nocustomcolor\" style=\"background-color:#1488bf;border-radius:50%\"><a href=\"https:\/\/www.linkedin.com\/sharing\/share-offsite\/?url=https%3A%2F%2Fdjk-dom-minden.de%2Fligafussball%2Fe-jugend%2Fe-jugend-ii-saison%2F\" title=\"Bei LinkedIn teilen\" aria-label=\"Bei LinkedIn teilen\" role=\"button\" rel=\"noopener nofollow\" class=\"shariff-link\" style=\";border-radius:50%; background-color:#0077b5; color:#fff\" target=\"_blank\"><span class=\"shariff-icon\" style=\"\"><svg width=\"32px\" height=\"20px\" xmlns=\"http:\/\/www.w3.org\/2000\/svg\" viewBox=\"0 0 27 32\"><path fill=\"#0077b5\" d=\"M6.2 11.2v17.7h-5.9v-17.7h5.9zM6.6 5.7q0 1.3-0.9 2.2t-2.4 0.9h0q-1.5 0-2.4-0.9t-0.9-2.2 0.9-2.2 2.4-0.9 2.4 0.9 0.9 2.2zM27.4 18.7v10.1h-5.9v-9.5q0-1.9-0.7-2.9t-2.3-1.1q-1.1 0-1.9 0.6t-1.2 1.5q-0.2 0.5-0.2 1.4v9.9h-5.9q0-7.1 0-11.6t0-5.3l0-0.9h5.9v2.6h0q0.4-0.6 0.7-1t1-0.9 1.6-0.8 2-0.3q3 0 4.9 2t1.9 6z\"\/><\/svg><\/span><\/a><\/li><li class=\"shariff-button info shariff-nocustomcolor\" style=\"background-color:#eee;border-radius:50%\"><a href=\"http:\/\/ct.de\/-2467514\" title=\"Weitere Informationen\" aria-label=\"Weitere Informationen\" role=\"button\" rel=\"noopener \" class=\"shariff-link\" style=\";border-radius:50%; background-color:#fff; color:#fff\" target=\"_blank\"><span class=\"shariff-icon\" style=\"\"><svg width=\"32px\" height=\"20px\" xmlns=\"http:\/\/www.w3.org\/2000\/svg\" viewBox=\"0 0 11 32\"><path fill=\"#999\" d=\"M11.4 24v2.3q0 0.5-0.3 0.8t-0.8 0.4h-9.1q-0.5 0-0.8-0.4t-0.4-0.8v-2.3q0-0.5 0.4-0.8t0.8-0.4h1.1v-6.8h-1.1q-0.5 0-0.8-0.4t-0.4-0.8v-2.3q0-0.5 0.4-0.8t0.8-0.4h6.8q0.5 0 0.8 0.4t0.4 0.8v10.3h1.1q0.5 0 0.8 0.4t0.3 0.8zM9.2 3.4v3.4q0 0.5-0.4 0.8t-0.8 0.4h-4.6q-0.4 0-0.8-0.4t-0.4-0.8v-3.4q0-0.4 0.4-0.8t0.8-0.4h4.6q0.5 0 0.8 0.4t0.4 0.8z\"\/><\/svg><\/span><\/a><\/li><\/ul><\/div><\/div>\n\t\t\t\t<\/div>\n\t\t\t\t<\/div>\n\t\t\t\t\t<\/div>\n\t\t<\/div>\n\t\t\t\t\t<\/div>\n\t\t<\/section>\n\t\t\t\t<section class=\"elementor-section elementor-inner-section elementor-element elementor-element-b8ae144 elementor-section-full_width elementor-hidden-desktop elementor-section-height-default elementor-section-height-default\" data-id=\"b8ae144\" data-element_type=\"section\">\n\t\t\t\t\t\t<div class=\"elementor-container elementor-column-gap-no\">\n\t\t\t\t\t<div class=\"elementor-column elementor-col-100 elementor-inner-column elementor-element elementor-element-23a6862 elementor-hidden-desktop\" data-id=\"23a6862\" data-element_type=\"column\" data-settings=\"{&quot;background_background&quot;:&quot;classic&quot;}\">\n\t\t\t<div class=\"elementor-widget-wrap elementor-element-populated\">\n\t\t\t\t\t\t<div class=\"elementor-element elementor-element-d5e6d89 elementor-widget elementor-widget-heading\" data-id=\"d5e6d89\" data-element_type=\"widget\" data-widget_type=\"heading.default\">\n\t\t\t\t<div class=\"elementor-widget-container\">\n\t\t\t<h2 class=\"elementor-heading-title elementor-size-default\">Social Media<\/h2>\t\t<\/div>\n\t\t\t\t<\/div>\n\t\t\t\t<div class=\"elementor-element elementor-element-77b8970 elementor-widget elementor-widget-text-editor\" data-id=\"77b8970\" data-element_type=\"widget\" data-widget_type=\"text-editor.default\">\n\t\t\t\t<div class=\"elementor-widget-container\">\n\t\t\t\t\t\t\t<p>Teile diesen Newsbeitrag mit Deinen Freunden.<\/p>\t\t\t\t\t\t<\/div>\n\t\t\t\t<\/div>\n\t\t\t\t<div class=\"elementor-element elementor-element-f0cf12a elementor-widget elementor-widget-shortcode\" data-id=\"f0cf12a\" data-element_type=\"widget\" data-widget_type=\"shortcode.default\">\n\t\t\t\t<div class=\"elementor-widget-container\">\n\t\t\t\t\t<div class=\"elementor-shortcode\"><div class=\"shariff shariff-align-left shariff-widget-align-left\"><ul class=\"shariff-buttons theme-round orientation-horizontal buttonsize-medium\"><li class=\"shariff-button mastodon shariff-nocustomcolor\" style=\"background-color:#563ACC;border-radius:50%\"><a href=\"https:\/\/s2f.kytta.dev\/?text=E-Jugend%20II%20Saison https%3A%2F%2Fdjk-dom-minden.de%2Fligafussball%2Fe-jugend%2Fe-jugend-ii-saison%2F\" title=\"Bei Mastodon teilen\" aria-label=\"Bei Mastodon teilen\" role=\"button\" rel=\"noopener nofollow\" class=\"shariff-link\" style=\";border-radius:50%; background-color:#6364FF; color:#fff\" target=\"_blank\"><span class=\"shariff-icon\" style=\"\"><svg width=\"75\" height=\"79\" viewBox=\"0 0 75 79\" fill=\"none\" xmlns=\"http:\/\/www.w3.org\/2000\/svg\"><path d=\"M37.813-.025C32.462-.058 27.114.13 21.79.598c-8.544.621-17.214 5.58-20.203 13.931C-1.12 23.318.408 32.622.465 41.65c.375 7.316.943 14.78 3.392 21.73 4.365 9.465 14.781 14.537 24.782 15.385 7.64.698 15.761-.213 22.517-4.026a54.1 54.1 0 0 0 .01-6.232c-6.855 1.316-14.101 2.609-21.049 1.074-3.883-.88-6.876-4.237-7.25-8.215-1.53-3.988 3.78-.43 5.584-.883 9.048 1.224 18.282.776 27.303-.462 7.044-.837 14.26-4.788 16.65-11.833 2.263-6.135 1.215-12.79 1.698-19.177.06-3.84.09-7.692-.262-11.52C72.596 7.844 63.223.981 53.834.684a219.453 219.453 0 0 0-16.022-.71zm11.294 12.882c5.5-.067 10.801 4.143 11.67 9.653.338 1.48.471 3 .471 4.515v21.088h-8.357c-.07-7.588.153-15.182-.131-22.765-.587-4.368-7.04-5.747-9.672-2.397-2.422 3.04-1.47 7.155-1.67 10.735v6.392h-8.307c-.146-4.996.359-10.045-.404-15.002-1.108-4.218-7.809-5.565-10.094-1.666-1.685 3.046-.712 6.634-.976 9.936v14.767h-8.354c.109-8.165-.238-16.344.215-24.5.674-5.346 5.095-10.389 10.676-10.627 4.902-.739 10.103 2.038 12.053 6.631.375 1.435 1.76 1.932 1.994.084 1.844-3.704 5.501-6.739 9.785-6.771.367-.044.735-.068 1.101-.073z\"\/><defs><linearGradient id=\"paint0_linear_549_34\" x1=\"37.0692\" y1=\"0\" x2=\"37.0692\" y2=\"79\" gradientUnits=\"userSpaceOnUse\"><stop stop-color=\"#6364FF\"\/><stop offset=\"1\" stop-color=\"#563ACC\"\/><\/linearGradient><\/defs><\/svg><\/span><\/a><\/li><li class=\"shariff-button facebook shariff-nocustomcolor\" style=\"background-color:#4273c8;border-radius:50%\"><a href=\"https:\/\/www.facebook.com\/sharer\/sharer.php?u=https%3A%2F%2Fdjk-dom-minden.de%2Fligafussball%2Fe-jugend%2Fe-jugend-ii-saison%2F\" title=\"Bei Facebook teilen\" aria-label=\"Bei Facebook teilen\" role=\"button\" rel=\"nofollow\" class=\"shariff-link\" style=\";border-radius:50%; background-color:#3b5998; color:#fff\" target=\"_blank\"><span class=\"shariff-icon\" style=\"\"><svg width=\"32px\" height=\"20px\" xmlns=\"http:\/\/www.w3.org\/2000\/svg\" viewBox=\"0 0 18 32\"><path fill=\"#3b5998\" d=\"M17.1 0.2v4.7h-2.8q-1.5 0-2.1 0.6t-0.5 1.9v3.4h5.2l-0.7 5.3h-4.5v13.6h-5.5v-13.6h-4.5v-5.3h4.5v-3.9q0-3.3 1.9-5.2t5-1.8q2.6 0 4.1 0.2z\"\/><\/svg><\/span><\/a><\/li><li class=\"shariff-button linkedin shariff-nocustomcolor\" style=\"background-color:#1488bf;border-radius:50%\"><a href=\"https:\/\/www.linkedin.com\/sharing\/share-offsite\/?url=https%3A%2F%2Fdjk-dom-minden.de%2Fligafussball%2Fe-jugend%2Fe-jugend-ii-saison%2F\" title=\"Bei LinkedIn teilen\" aria-label=\"Bei LinkedIn teilen\" role=\"button\" rel=\"noopener nofollow\" class=\"shariff-link\" style=\";border-radius:50%; background-color:#0077b5; color:#fff\" target=\"_blank\"><span class=\"shariff-icon\" style=\"\"><svg width=\"32px\" height=\"20px\" xmlns=\"http:\/\/www.w3.org\/2000\/svg\" viewBox=\"0 0 27 32\"><path fill=\"#0077b5\" d=\"M6.2 11.2v17.7h-5.9v-17.7h5.9zM6.6 5.7q0 1.3-0.9 2.2t-2.4 0.9h0q-1.5 0-2.4-0.9t-0.9-2.2 0.9-2.2 2.4-0.9 2.4 0.9 0.9 2.2zM27.4 18.7v10.1h-5.9v-9.5q0-1.9-0.7-2.9t-2.3-1.1q-1.1 0-1.9 0.6t-1.2 1.5q-0.2 0.5-0.2 1.4v9.9h-5.9q0-7.1 0-11.6t0-5.3l0-0.9h5.9v2.6h0q0.4-0.6 0.7-1t1-0.9 1.6-0.8 2-0.3q3 0 4.9 2t1.9 6z\"\/><\/svg><\/span><\/a><\/li><li class=\"shariff-button info shariff-nocustomcolor\" style=\"background-color:#eee;border-radius:50%\"><a href=\"http:\/\/ct.de\/-2467514\" title=\"Weitere Informationen\" aria-label=\"Weitere Informationen\" role=\"button\" rel=\"noopener \" class=\"shariff-link\" style=\";border-radius:50%; background-color:#fff; color:#fff\" target=\"_blank\"><span class=\"shariff-icon\" style=\"\"><svg width=\"32px\" height=\"20px\" xmlns=\"http:\/\/www.w3.org\/2000\/svg\" viewBox=\"0 0 11 32\"><path fill=\"#999\" d=\"M11.4 24v2.3q0 0.5-0.3 0.8t-0.8 0.4h-9.1q-0.5 0-0.8-0.4t-0.4-0.8v-2.3q0-0.5 0.4-0.8t0.8-0.4h1.1v-6.8h-1.1q-0.5 0-0.8-0.4t-0.4-0.8v-2.3q0-0.5 0.4-0.8t0.8-0.4h6.8q0.5 0 0.8 0.4t0.4 0.8v10.3h1.1q0.5 0 0.8 0.4t0.3 0.8zM9.2 3.4v3.4q0 0.5-0.4 0.8t-0.8 0.4h-4.6q-0.4 0-0.8-0.4t-0.4-0.8v-3.4q0-0.4 0.4-0.8t0.8-0.4h4.6q0.5 0 0.8 0.4t0.4 0.8z\"\/><\/svg><\/span><\/a><\/li><\/ul><\/div><\/div>\n\t\t\t\t<\/div>\n\t\t\t\t<\/div>\n\t\t\t\t\t<\/div>\n\t\t<\/div>\n\t\t\t\t\t<\/div>\n\t\t<\/section>\n\t\t\t\t\t<\/div>\n\t\t<\/div>\n\t\t\t\t\t<\/div>\n\t\t<\/section>\n\t\t\t\t<section class=\"elementor-section elementor-top-section elementor-element elementor-element-7cc84c8 elementor-section-full_width elementor-section-height-default elementor-section-height-default\" data-id=\"7cc84c8\" data-element_type=\"section\">\n\t\t\t\t\t\t<div class=\"elementor-container elementor-column-gap-default\">\n\t\t\t\t\t<div class=\"elementor-column elementor-col-33 elementor-top-column elementor-element elementor-element-084b6b7\" data-id=\"084b6b7\" data-element_type=\"column\">\n\t\t\t<div class=\"elementor-widget-wrap elementor-element-populated\">\n\t\t\t\t\t\t<div class=\"elementor-element elementor-element-b256e38 elementor-widget elementor-widget-image\" data-id=\"b256e38\" data-element_type=\"widget\" data-widget_type=\"image.default\">\n\t\t\t\t<div class=\"elementor-widget-container\">\n\t\t\t\t\t\t\t\t\t\t\t\t\t<img fetchpriority=\"high\" decoding=\"async\" width=\"1024\" height=\"683\" src=\"https:\/\/djk-dom-minden.de\/ligafussball\/e-jugend\/wp-content\/uploads\/sites\/2\/2020\/11\/DJK_Hands-1024x683.jpg\" class=\"attachment-large size-large wp-image-96\" alt=\"\" srcset=\"https:\/\/djk-dom-minden.de\/ligafussball\/e-jugend\/wp-content\/uploads\/sites\/2\/2020\/11\/DJK_Hands-1024x683.jpg 1024w, https:\/\/djk-dom-minden.de\/ligafussball\/e-jugend\/wp-content\/uploads\/sites\/2\/2020\/11\/DJK_Hands-300x200.jpg 300w, https:\/\/djk-dom-minden.de\/ligafussball\/e-jugend\/wp-content\/uploads\/sites\/2\/2020\/11\/DJK_Hands-768x512.jpg 768w, https:\/\/djk-dom-minden.de\/ligafussball\/e-jugend\/wp-content\/uploads\/sites\/2\/2020\/11\/DJK_Hands-1536x1024.jpg 1536w, https:\/\/djk-dom-minden.de\/ligafussball\/e-jugend\/wp-content\/uploads\/sites\/2\/2020\/11\/DJK_Hands-1200x800.jpg 1200w, https:\/\/djk-dom-minden.de\/ligafussball\/e-jugend\/wp-content\/uploads\/sites\/2\/2020\/11\/DJK_Hands-1100x733.jpg 1100w, https:\/\/djk-dom-minden.de\/ligafussball\/e-jugend\/wp-content\/uploads\/sites\/2\/2020\/11\/DJK_Hands-1000x667.jpg 1000w, https:\/\/djk-dom-minden.de\/ligafussball\/e-jugend\/wp-content\/uploads\/sites\/2\/2020\/11\/DJK_Hands-900x600.jpg 900w, https:\/\/djk-dom-minden.de\/ligafussball\/e-jugend\/wp-content\/uploads\/sites\/2\/2020\/11\/DJK_Hands-800x533.jpg 800w, https:\/\/djk-dom-minden.de\/ligafussball\/e-jugend\/wp-content\/uploads\/sites\/2\/2020\/11\/DJK_Hands-700x467.jpg 700w, https:\/\/djk-dom-minden.de\/ligafussball\/e-jugend\/wp-content\/uploads\/sites\/2\/2020\/11\/DJK_Hands-600x400.jpg 600w, https:\/\/djk-dom-minden.de\/ligafussball\/e-jugend\/wp-content\/uploads\/sites\/2\/2020\/11\/DJK_Hands-500x333.jpg 500w, https:\/\/djk-dom-minden.de\/ligafussball\/e-jugend\/wp-content\/uploads\/sites\/2\/2020\/11\/DJK_Hands-400x267.jpg 400w, https:\/\/djk-dom-minden.de\/ligafussball\/e-jugend\/wp-content\/uploads\/sites\/2\/2020\/11\/DJK_Hands-200x133.jpg 200w, https:\/\/djk-dom-minden.de\/ligafussball\/e-jugend\/wp-content\/uploads\/sites\/2\/2020\/11\/DJK_Hands-100x67.jpg 100w, https:\/\/djk-dom-minden.de\/ligafussball\/e-jugend\/wp-content\/uploads\/sites\/2\/2020\/11\/DJK_Hands.jpg 1920w\" sizes=\"(max-width: 1024px) 100vw, 1024px\" \/>\t\t\t\t\t\t\t\t\t\t\t\t\t<\/div>\n\t\t\t\t<\/div>\n\t\t\t\t<div class=\"elementor-element elementor-element-26142d3 elementor-widget elementor-widget-heading\" data-id=\"26142d3\" data-element_type=\"widget\" data-widget_type=\"heading.default\">\n\t\t\t\t<div class=\"elementor-widget-container\">\n\t\t\t<h2 class=\"elementor-heading-title elementor-size-default\">Wir bieten mehr als das<\/h2>\t\t<\/div>\n\t\t\t\t<\/div>\n\t\t\t\t<div class=\"elementor-element elementor-element-cda760b elementor-widget elementor-widget-text-editor\" data-id=\"cda760b\" data-element_type=\"widget\" data-widget_type=\"text-editor.default\">\n\t\t\t\t<div class=\"elementor-widget-container\">\n\t\t\t\t\t\t\t<p>Die DJK Dom Minden bietet ein vielseitiges Kursangebot f\u00fcr alle Altersgruppen, z.B. R\u00fcckenschule, Badminton, Fu\u00dfball, American Football, Tanzen, Kinderturnen, Nordic-Walking und vieles mehr. Wir stelle verschiedene R\u00e4umlichkeiten, wie Turnhallen der Stadt, Kegelbahnen und das Haus am Dom zur Verf\u00fcgung. Sie erm\u00f6glicht Gruppenleitern und -leiterinnen die Weiterbildung auf Pfarr-, Dekanats- und Di\u00f6zesanebene sowie in katholischen Sportschulen und Weiterbildungsst\u00e4tten. Sie stellt Sportger\u00e4te, Literatur und Werkmaterial zur Verf\u00fcgung.<\/p>\t\t\t\t\t\t<\/div>\n\t\t\t\t<\/div>\n\t\t\t\t\t<\/div>\n\t\t<\/div>\n\t\t\t\t<div class=\"elementor-column elementor-col-33 elementor-top-column elementor-element elementor-element-965490f\" data-id=\"965490f\" data-element_type=\"column\">\n\t\t\t<div class=\"elementor-widget-wrap elementor-element-populated\">\n\t\t\t\t\t\t<div class=\"elementor-element elementor-element-4bb5662 elementor-widget elementor-widget-image\" data-id=\"4bb5662\" data-element_type=\"widget\" data-widget_type=\"image.default\">\n\t\t\t\t<div class=\"elementor-widget-container\">\n\t\t\t\t\t\t\t\t\t\t\t\t\t<img decoding=\"async\" width=\"1024\" height=\"683\" src=\"https:\/\/djk-dom-minden.de\/ligafussball\/e-jugend\/wp-content\/uploads\/sites\/2\/2020\/11\/DJK_Kinder_springen-1024x683.jpg\" class=\"attachment-large size-large wp-image-97\" alt=\"\" srcset=\"https:\/\/djk-dom-minden.de\/ligafussball\/e-jugend\/wp-content\/uploads\/sites\/2\/2020\/11\/DJK_Kinder_springen-1024x683.jpg 1024w, https:\/\/djk-dom-minden.de\/ligafussball\/e-jugend\/wp-content\/uploads\/sites\/2\/2020\/11\/DJK_Kinder_springen-300x200.jpg 300w, https:\/\/djk-dom-minden.de\/ligafussball\/e-jugend\/wp-content\/uploads\/sites\/2\/2020\/11\/DJK_Kinder_springen-768x512.jpg 768w, https:\/\/djk-dom-minden.de\/ligafussball\/e-jugend\/wp-content\/uploads\/sites\/2\/2020\/11\/DJK_Kinder_springen-1200x800.jpg 1200w, https:\/\/djk-dom-minden.de\/ligafussball\/e-jugend\/wp-content\/uploads\/sites\/2\/2020\/11\/DJK_Kinder_springen-1100x733.jpg 1100w, https:\/\/djk-dom-minden.de\/ligafussball\/e-jugend\/wp-content\/uploads\/sites\/2\/2020\/11\/DJK_Kinder_springen-1000x667.jpg 1000w, https:\/\/djk-dom-minden.de\/ligafussball\/e-jugend\/wp-content\/uploads\/sites\/2\/2020\/11\/DJK_Kinder_springen-900x600.jpg 900w, https:\/\/djk-dom-minden.de\/ligafussball\/e-jugend\/wp-content\/uploads\/sites\/2\/2020\/11\/DJK_Kinder_springen-800x533.jpg 800w, https:\/\/djk-dom-minden.de\/ligafussball\/e-jugend\/wp-content\/uploads\/sites\/2\/2020\/11\/DJK_Kinder_springen-700x467.jpg 700w, https:\/\/djk-dom-minden.de\/ligafussball\/e-jugend\/wp-content\/uploads\/sites\/2\/2020\/11\/DJK_Kinder_springen-600x400.jpg 600w, https:\/\/djk-dom-minden.de\/ligafussball\/e-jugend\/wp-content\/uploads\/sites\/2\/2020\/11\/DJK_Kinder_springen-500x333.jpg 500w, https:\/\/djk-dom-minden.de\/ligafussball\/e-jugend\/wp-content\/uploads\/sites\/2\/2020\/11\/DJK_Kinder_springen-400x267.jpg 400w, https:\/\/djk-dom-minden.de\/ligafussball\/e-jugend\/wp-content\/uploads\/sites\/2\/2020\/11\/DJK_Kinder_springen-200x133.jpg 200w, https:\/\/djk-dom-minden.de\/ligafussball\/e-jugend\/wp-content\/uploads\/sites\/2\/2020\/11\/DJK_Kinder_springen-100x67.jpg 100w, https:\/\/djk-dom-minden.de\/ligafussball\/e-jugend\/wp-content\/uploads\/sites\/2\/2020\/11\/DJK_Kinder_springen.jpg 1440w\" sizes=\"(max-width: 1024px) 100vw, 1024px\" \/>\t\t\t\t\t\t\t\t\t\t\t\t\t<\/div>\n\t\t\t\t<\/div>\n\t\t\t\t<div class=\"elementor-element elementor-element-183ce98 elementor-widget elementor-widget-heading\" data-id=\"183ce98\" data-element_type=\"widget\" data-widget_type=\"heading.default\">\n\t\t\t\t<div class=\"elementor-widget-container\">\n\t\t\t<h2 class=\"elementor-heading-title elementor-size-default\">Jugendarbeit ist uns wichtig<\/h2>\t\t<\/div>\n\t\t\t\t<\/div>\n\t\t\t\t<div class=\"elementor-element elementor-element-c1a16b2 elementor-widget elementor-widget-text-editor\" data-id=\"c1a16b2\" data-element_type=\"widget\" data-widget_type=\"text-editor.default\">\n\t\t\t\t<div class=\"elementor-widget-container\">\n\t\t\t\t\t\t\t<p>In der Kinder- und Jugendarbeit wird viel Wert auf drei Gruppen gelegt: die Kids, die Youngsters und die Jugendgruppe. Mit diesen drei Gruppen werden alle Altersklassen abgedeckt. F\u00fcr jeden ist etwas dabei. Einmal im Monat treffen sich die Kinder und Jugendlichen und haben zusammen viel Spa\u00df bei verschiedenen Aktionen. Da die Sch\u00fcler wegen des Ganztags keine Zeit mehr haben, an w\u00f6chentlichen Gruppenstunden teilzunehmen, wurden diese Treffen eingef\u00fchrt.\u00a0<\/p>\t\t\t\t\t\t<\/div>\n\t\t\t\t<\/div>\n\t\t\t\t\t<\/div>\n\t\t<\/div>\n\t\t\t\t<div class=\"elementor-column elementor-col-33 elementor-top-column elementor-element elementor-element-12526b9\" data-id=\"12526b9\" data-element_type=\"column\">\n\t\t\t<div class=\"elementor-widget-wrap elementor-element-populated\">\n\t\t\t\t\t\t<div class=\"elementor-element elementor-element-5580ff0 elementor-widget elementor-widget-image\" data-id=\"5580ff0\" data-element_type=\"widget\" data-widget_type=\"image.default\">\n\t\t\t\t<div class=\"elementor-widget-container\">\n\t\t\t\t\t\t\t\t\t\t\t\t\t<img decoding=\"async\" width=\"1024\" height=\"1024\" src=\"https:\/\/djk-dom-minden.de\/ligafussball\/e-jugend\/wp-content\/uploads\/sites\/2\/2020\/09\/DJKLogo.svg\" class=\"attachment-large size-large wp-image-24\" alt=\"\" \/>\t\t\t\t\t\t\t\t\t\t\t\t\t<\/div>\n\t\t\t\t<\/div>\n\t\t\t\t<div class=\"elementor-element elementor-element-bc03b23 elementor-widget elementor-widget-heading\" data-id=\"bc03b23\" data-element_type=\"widget\" data-widget_type=\"heading.default\">\n\t\t\t\t<div class=\"elementor-widget-container\">\n\t\t\t<h2 class=\"elementor-heading-title elementor-size-default\">Wer sind wir<\/h2>\t\t<\/div>\n\t\t\t\t<\/div>\n\t\t\t\t<div class=\"elementor-element elementor-element-e4513fe elementor-widget elementor-widget-text-editor\" data-id=\"e4513fe\" data-element_type=\"widget\" data-widget_type=\"text-editor.default\">\n\t\t\t\t<div class=\"elementor-widget-container\">\n\t\t\t\t\t\t\t<p>Dank der Unterst\u00fctzung durch unsere zahlreichen Sponsoren k\u00f6nnen wir jedem Vereinsmitglied Leistungen anbieten: Kostenlose Nutzung aller DJK-Gruppen durch geschulte \u00dcbungsleiter. Faire Mitgliedsbeitr\u00e4ge, gegebenenfalls Nachl\u00e4sse bei Notlagen. Verg\u00fcnstigungen bei Veranstaltungen der DJK Dom Minden. Verg\u00fcnstigungen bei Veranstaltungen der Kooperationspartner.<br \/>Aus- und Weiterbildungsm\u00f6glichkeiten. Au\u00dferdem Angebote der Aus\u00fcbung eines freiwilligen sozialen Jahr (FSJ) und Praktika im Verein.<\/p>\t\t\t\t\t\t<\/div>\n\t\t\t\t<\/div>\n\t\t\t\t\t<\/div>\n\t\t<\/div>\n\t\t\t\t\t<\/div>\n\t\t<\/section>\n\t\t\t\t<\/div>\n\t\t","protected":false},"excerpt":{"rendered":"<p>Startschuss fu\u0308r die E-Jugend E-Jugend Fu\u00dfballmannschaft E-Jugend Trainingsstart! Gr\u00fcndung E-Jugend Fu\u00dfballmannschaft E-Jugend Gr\u00fcndung&#8230; E-Jugend Saison 2023 E-Junioren II Ansprechpartner E-Jugend Nazmi ShalaMobil: 0152\/34361332 Stellvertretung Tobias SpeerMobil: 0157\/88723775 Ansprechpartner E2-Jugend Nazmi ShalaMobil: 0152\/34361332 Stellvertretung Tobias SpeerMobil: 0157\/88723775 05.10.2023 E-Jugend Datum: 05.10.2023 Start: 17:00 Uhr Ende: 18:30 Uhr Geeignet f\u00fcr: 9 &#8211; 10 Jahre Ort: Sportplatz Hahler [&hellip;]<\/p>\n","protected":false},"author":4,"featured_media":0,"parent":0,"menu_order":0,"comment_status":"closed","ping_status":"closed","template":"","meta":{"inline_featured_image":false,"footnotes":""},"class_list":["post-328","page","type-page","status-publish","hentry"],"_links":{"self":[{"href":"https:\/\/djk-dom-minden.de\/ligafussball\/e-jugend\/wp-json\/wp\/v2\/pages\/328","targetHints":{"allow":["GET"]}}],"collection":[{"href":"https:\/\/djk-dom-minden.de\/ligafussball\/e-jugend\/wp-json\/wp\/v2\/pages"}],"about":[{"href":"https:\/\/djk-dom-minden.de\/ligafussball\/e-jugend\/wp-json\/wp\/v2\/types\/page"}],"author":[{"embeddable":true,"href":"https:\/\/djk-dom-minden.de\/ligafussball\/e-jugend\/wp-json\/wp\/v2\/users\/4"}],"replies":[{"embeddable":true,"href":"https:\/\/djk-dom-minden.de\/ligafussball\/e-jugend\/wp-json\/wp\/v2\/comments?post=328"}],"version-history":[{"count":7,"href":"https:\/\/djk-dom-minden.de\/ligafussball\/e-jugend\/wp-json\/wp\/v2\/pages\/328\/revisions"}],"predecessor-version":[{"id":335,"href":"https:\/\/djk-dom-minden.de\/ligafussball\/e-jugend\/wp-json\/wp\/v2\/pages\/328\/revisions\/335"}],"wp:attachment":[{"href":"https:\/\/djk-dom-minden.de\/ligafussball\/e-jugend\/wp-json\/wp\/v2\/media?parent=328"}],"curies":[{"name":"wp","href":"https:\/\/api.w.org\/{rel}","templated":true}]}}