{"id":6,"date":"2020-07-14T11:34:49","date_gmt":"2020-07-14T09:34:49","guid":{"rendered":"https:\/\/djk-dom-minden.de\/minichor\/?page_id=6"},"modified":"2024-10-17T09:36:35","modified_gmt":"2024-10-17T07:36:35","slug":"startseite","status":"publish","type":"page","link":"https:\/\/djk-dom-minden.de\/minichor\/","title":{"rendered":"Startseite"},"content":{"rendered":"\t\t<div data-elementor-type=\"wp-page\" data-elementor-id=\"6\" class=\"elementor elementor-6\" data-elementor-post-type=\"page\">\n\t\t\t\t\t\t<section class=\"elementor-section elementor-top-section elementor-element elementor-element-6ca805e elementor-section-full_width elementor-section-height-default elementor-section-height-default\" data-id=\"6ca805e\" data-element_type=\"section\">\n\t\t\t\t\t\t<div class=\"elementor-container elementor-column-gap-no\">\n\t\t\t\t\t<div class=\"elementor-column elementor-col-100 elementor-top-column elementor-element elementor-element-f1756da\" data-id=\"f1756da\" data-element_type=\"column\">\n\t\t\t<div class=\"elementor-widget-wrap elementor-element-populated\">\n\t\t\t\t\t\t<div class=\"elementor-element elementor-element-746f45d elementor-widget elementor-widget-global-news-slider\" data-id=\"746f45d\" data-element_type=\"widget\" data-widget_type=\"global-news-slider.default\">\n\t\t\t\t<div class=\"elementor-widget-container\">\n\t\t\t<div class=\"global-news-slider-container\" data-setup={\"slider_name\":\"fullslider69f5c18b27933\",\"autoplay\":false,\"autoplay_speed\":null,\"nav\":true,\"effect_in\":\"\",\"effect_out\":\"\",\"effect_text\":\"bounceInLeft\",\"effect_text_speed\":\"fast\",\"effect_text_delay\":\"delay-1s\",\"effect_text_repeat\":\"repeat-1\",\"dots\":true,\"iconPrev\":{\"value\":\"fas_fa-chevron-left\",\"library\":\"fa-solid\"},\"iconNext\":{\"value\":\"fas_fa-chevron-right\",\"library\":\"fa-solid\"}}><div class=\"global-news-slider owl-carousel fullslider69f5c18b27933\"><figure class=\"effect-jazz\"><img data-src=\"https:\/\/djk-dom-minden.de\/minichor\/wp-content\/uploads\/2020\/09\/Minichor_2016_Advenssingen_4887-100x63.jpg\" class=\"lazyload\" data-srcset=\"https:\/\/djk-dom-minden.de\/minichor\/wp-content\/uploads\/2020\/09\/Minichor_2016_Advenssingen_4887-300x189.jpg 300w, https:\/\/djk-dom-minden.de\/minichor\/wp-content\/uploads\/2020\/09\/Minichor_2016_Advenssingen_4887-150x150.jpg 150w, https:\/\/djk-dom-minden.de\/minichor\/wp-content\/uploads\/2020\/09\/Minichor_2016_Advenssingen_4887-768x484.jpg 768w, https:\/\/djk-dom-minden.de\/minichor\/wp-content\/uploads\/2020\/09\/Minichor_2016_Advenssingen_4887-900x567.jpg 900w, https:\/\/djk-dom-minden.de\/minichor\/wp-content\/uploads\/2020\/09\/Minichor_2016_Advenssingen_4887-800x504.jpg 800w, https:\/\/djk-dom-minden.de\/minichor\/wp-content\/uploads\/2020\/09\/Minichor_2016_Advenssingen_4887-700x441.jpg 700w, https:\/\/djk-dom-minden.de\/minichor\/wp-content\/uploads\/2020\/09\/Minichor_2016_Advenssingen_4887-600x378.jpg 600w, https:\/\/djk-dom-minden.de\/minichor\/wp-content\/uploads\/2020\/09\/Minichor_2016_Advenssingen_4887-500x315.jpg 500w, https:\/\/djk-dom-minden.de\/minichor\/wp-content\/uploads\/2020\/09\/Minichor_2016_Advenssingen_4887-400x252.jpg 400w, https:\/\/djk-dom-minden.de\/minichor\/wp-content\/uploads\/2020\/09\/Minichor_2016_Advenssingen_4887-300x189.jpg 300w, https:\/\/djk-dom-minden.de\/minichor\/wp-content\/uploads\/2020\/09\/Minichor_2016_Advenssingen_4887-200x126.jpg 200w, https:\/\/djk-dom-minden.de\/minichor\/wp-content\/uploads\/2020\/09\/Minichor_2016_Advenssingen_4887-100x63.jpg 100w\" data-sizes=\"auto\"\/><a href=\"https:\/\/djk-dom-minden.de\/minichor\/news\/adventssingen-2016-mit-unseren-choeren\" target=\"_self\"><figcaption><span class=\"title\"><p class=\"tag\">Adventssingen 2016 mit unseren Ch\u00f6ren<\/p><\/span><\/figcaption><\/a><\/figure><\/div><\/div>\t\t<\/div>\n\t\t\t\t<\/div>\n\t\t\t\t\t<\/div>\n\t\t<\/div>\n\t\t\t\t\t<\/div>\n\t\t<\/section>\n\t\t\t\t<section class=\"elementor-section elementor-top-section elementor-element elementor-element-1d4481ac elementor-section-full_width elementor-section-height-default elementor-section-height-default\" data-id=\"1d4481ac\" data-element_type=\"section\">\n\t\t\t\t\t\t<div class=\"elementor-container elementor-column-gap-no\">\n\t\t\t\t\t<div class=\"elementor-column elementor-col-50 elementor-top-column elementor-element elementor-element-2a3f3d6d\" data-id=\"2a3f3d6d\" data-element_type=\"column\">\n\t\t\t<div class=\"elementor-widget-wrap elementor-element-populated\">\n\t\t\t\t\t\t<div class=\"elementor-element elementor-element-5be7d43d elementor-widget elementor-widget-heading\" data-id=\"5be7d43d\" data-element_type=\"widget\" data-widget_type=\"heading.default\">\n\t\t\t\t<div class=\"elementor-widget-container\">\n\t\t\t<h1 class=\"elementor-heading-title elementor-size-default\">Mini Chor<\/h1>\t\t<\/div>\n\t\t\t\t<\/div>\n\t\t\t\t<div class=\"elementor-element elementor-element-469a2188 elementor-widget elementor-widget-text-editor\" data-id=\"469a2188\" data-element_type=\"widget\" data-widget_type=\"text-editor.default\">\n\t\t\t\t<div class=\"elementor-widget-container\">\n\t\t\t\t\t\t\t<p>In den DJK-Kinderg\u00e4rten bieten wir w\u00e4hrend der Betreuungszeit f\u00fcr Kinder im Alter von 4 \u2013 6 Jahren musikalische Fr\u00fcherziehung an. Der Mini-Chor wird wegen der Gruppengr\u00f6\u00dfen und Orten in Mini-Gruppen von I bis VI aufgeteilt.\u00a0<\/p>\t\t\t\t\t\t<\/div>\n\t\t\t\t<\/div>\n\t\t\t\t<div class=\"elementor-element elementor-element-61c2c9d6 elementor-widget elementor-widget-heading\" data-id=\"61c2c9d6\" data-element_type=\"widget\" data-widget_type=\"heading.default\">\n\t\t\t\t<div class=\"elementor-widget-container\">\n\t\t\t<h1 class=\"elementor-heading-title elementor-size-default\">Aktuelle News<\/h1>\t\t<\/div>\n\t\t\t\t<\/div>\n\t\t\t\t<div class=\"elementor-element elementor-element-708229a9 elementor-widget elementor-widget-global-news-overview\" data-id=\"708229a9\" data-element_type=\"widget\" data-widget_type=\"global-news-overview.default\">\n\t\t\t\t<div class=\"elementor-widget-container\">\n\t\t\t<div class=\"grid\"><figure class=\"effect-jazz\"><img data-src=\"https:\/\/djk-dom-minden.de\/minichor\/wp-content\/uploads\/2020\/09\/Minichor_2016_Advenssingen_4887-100x63.jpg\" class=\"lazyload\" data-srcset=\"https:\/\/djk-dom-minden.de\/minichor\/wp-content\/uploads\/2020\/09\/Minichor_2016_Advenssingen_4887-300x189.jpg 300w, https:\/\/djk-dom-minden.de\/minichor\/wp-content\/uploads\/2020\/09\/Minichor_2016_Advenssingen_4887-150x150.jpg 150w, https:\/\/djk-dom-minden.de\/minichor\/wp-content\/uploads\/2020\/09\/Minichor_2016_Advenssingen_4887-768x484.jpg 768w, https:\/\/djk-dom-minden.de\/minichor\/wp-content\/uploads\/2020\/09\/Minichor_2016_Advenssingen_4887-900x567.jpg 900w, https:\/\/djk-dom-minden.de\/minichor\/wp-content\/uploads\/2020\/09\/Minichor_2016_Advenssingen_4887-800x504.jpg 800w, https:\/\/djk-dom-minden.de\/minichor\/wp-content\/uploads\/2020\/09\/Minichor_2016_Advenssingen_4887-700x441.jpg 700w, https:\/\/djk-dom-minden.de\/minichor\/wp-content\/uploads\/2020\/09\/Minichor_2016_Advenssingen_4887-600x378.jpg 600w, https:\/\/djk-dom-minden.de\/minichor\/wp-content\/uploads\/2020\/09\/Minichor_2016_Advenssingen_4887-500x315.jpg 500w, https:\/\/djk-dom-minden.de\/minichor\/wp-content\/uploads\/2020\/09\/Minichor_2016_Advenssingen_4887-400x252.jpg 400w, https:\/\/djk-dom-minden.de\/minichor\/wp-content\/uploads\/2020\/09\/Minichor_2016_Advenssingen_4887-300x189.jpg 300w, https:\/\/djk-dom-minden.de\/minichor\/wp-content\/uploads\/2020\/09\/Minichor_2016_Advenssingen_4887-200x126.jpg 200w, https:\/\/djk-dom-minden.de\/minichor\/wp-content\/uploads\/2020\/09\/Minichor_2016_Advenssingen_4887-100x63.jpg 100w\" data-sizes=\"auto\"\/><a href=\"https:\/\/djk-dom-minden.de\/minichor\/news\/adventssingen-2016-mit-unseren-choeren\" target=\"_self\"><figcaption><div class=\"fig-item\"><span class=\"title\"><h3>Adventssingen 2016 mit unseren Ch\u00f6ren...<\/h3><\/span><span class=\"date\"><h5>29.12.2016<\/h5><\/span><\/div><\/figcaption><\/a><\/figure><\/div>\t\t<\/div>\n\t\t\t\t<\/div>\n\t\t\t\t<div class=\"elementor-element elementor-element-3555337 elementor-widget elementor-widget-heading\" data-id=\"3555337\" data-element_type=\"widget\" data-widget_type=\"heading.default\">\n\t\t\t\t<div class=\"elementor-widget-container\">\n\t\t\t<h1 class=\"elementor-heading-title elementor-size-default\">Aktuelle Veranstaltungen<\/h1>\t\t<\/div>\n\t\t\t\t<\/div>\n\t\t\t\t<div class=\"elementor-element elementor-element-22111b4 elementor-widget elementor-widget-global-events-overview\" data-id=\"22111b4\" data-element_type=\"widget\" data-widget_type=\"global-events-overview.default\">\n\t\t\t\t<div class=\"elementor-widget-container\">\n\t\t\t<div class=\"grid\"><figure class=\"effect-jazz\"><img decoding=\"async\" src=\"https:\/\/djk-dom-minden.de\/minichor\/wp-content\/uploads\/2020\/12\/Strohhalme_HG_01.jpg\"\/><figcaption><div class=\"fig-item\"><span class=\"title\"><h3>Aktuell keine Veranstaltungen geplant...<\/h3><\/span><\/div><\/figcaption><\/figure><\/div>\t\t<\/div>\n\t\t\t\t<\/div>\n\t\t\t\t\t<\/div>\n\t\t<\/div>\n\t\t\t\t<div class=\"elementor-column elementor-col-50 elementor-top-column elementor-element elementor-element-a044c5e\" data-id=\"a044c5e\" data-element_type=\"column\" data-settings=\"{&quot;background_background&quot;:&quot;classic&quot;}\">\n\t\t\t<div class=\"elementor-widget-wrap elementor-element-populated\">\n\t\t\t\t\t\t<div class=\"elementor-element elementor-element-a652143 elementor-widget elementor-widget-global-contacts\" data-id=\"a652143\" data-element_type=\"widget\" data-widget_type=\"global-contacts.default\">\n\t\t\t\t<div class=\"elementor-widget-container\">\n\t\t\t<div class=\"contact-container\"><div class=\"contacts_headline\"><h2>Ansprechpartner<\/h2><\/div><div class=\"contacts_item\"><div class=\"contacts_name\">DJK-Gesch\u00e4ftsstelle<\/div><div class=\"contacts_phone\">Telefon: 0571\/83764500<\/div><div class=\"contacts_mail\">E-Mail: info@djk-dom-minden.de<\/div><\/div><\/div>\t\t<\/div>\n\t\t\t\t<\/div>\n\t\t\t\t<section class=\"elementor-section elementor-inner-section elementor-element elementor-element-ded5965 elementor-section-full_width elementor-hidden-tablet elementor-hidden-phone elementor-section-height-default elementor-section-height-default\" data-id=\"ded5965\" data-element_type=\"section\">\n\t\t\t\t\t\t<div class=\"elementor-container elementor-column-gap-no\">\n\t\t\t\t\t<div class=\"elementor-column elementor-col-100 elementor-inner-column elementor-element elementor-element-8886392\" data-id=\"8886392\" data-element_type=\"column\" data-settings=\"{&quot;background_background&quot;:&quot;classic&quot;}\">\n\t\t\t<div class=\"elementor-widget-wrap elementor-element-populated\">\n\t\t\t\t\t\t<div class=\"elementor-element elementor-element-02204dd elementor-widget elementor-widget-heading\" data-id=\"02204dd\" data-element_type=\"widget\" data-widget_type=\"heading.default\">\n\t\t\t\t<div class=\"elementor-widget-container\">\n\t\t\t<h2 class=\"elementor-heading-title elementor-size-default\">Social Media<\/h2>\t\t<\/div>\n\t\t\t\t<\/div>\n\t\t\t\t<div class=\"elementor-element elementor-element-79d4ca1 elementor-widget elementor-widget-text-editor\" data-id=\"79d4ca1\" data-element_type=\"widget\" data-widget_type=\"text-editor.default\">\n\t\t\t\t<div class=\"elementor-widget-container\">\n\t\t\t\t\t\t\t<p>Teile diesen Newsbeitrag mit Deinen Freunden.<\/p>\t\t\t\t\t\t<\/div>\n\t\t\t\t<\/div>\n\t\t\t\t<div class=\"elementor-element elementor-element-e0607b6 elementor-widget elementor-widget-shortcode\" data-id=\"e0607b6\" data-element_type=\"widget\" data-widget_type=\"shortcode.default\">\n\t\t\t\t<div class=\"elementor-widget-container\">\n\t\t\t\t\t<div class=\"elementor-shortcode\"><div class=\"shariff shariff-align-left shariff-widget-align-left\"><ul class=\"shariff-buttons theme-round orientation-horizontal buttonsize-medium\"><li class=\"shariff-button twitter shariff-nocustomcolor\" style=\"background-color:#595959;border-radius:50%\"><a href=\"https:\/\/twitter.com\/share?url=https%3A%2F%2Fdjk-dom-minden.de%2Fminichor%2F&text=Startseite\" title=\"Bei X teilen\" aria-label=\"Bei X teilen\" role=\"button\" rel=\"noopener nofollow\" class=\"shariff-link\" style=\";border-radius:50%; background-color:#000; color:#fff\" target=\"_blank\"><span class=\"shariff-icon\" style=\"\"><svg width=\"32px\" height=\"20px\" xmlns=\"http:\/\/www.w3.org\/2000\/svg\" viewBox=\"0 0 24 24\"><path fill=\"#000\" d=\"M14.258 10.152L23.176 0h-2.113l-7.747 8.813L7.133 0H0l9.352 13.328L0 23.973h2.113l8.176-9.309 6.531 9.309h7.133zm-2.895 3.293l-.949-1.328L2.875 1.56h3.246l6.086 8.523.945 1.328 7.91 11.078h-3.246zm0 0\"\/><\/svg><\/span><\/a><\/li><li class=\"shariff-button facebook shariff-nocustomcolor\" style=\"background-color:#4273c8;border-radius:50%\"><a href=\"https:\/\/www.facebook.com\/sharer\/sharer.php?u=https%3A%2F%2Fdjk-dom-minden.de%2Fminichor%2F\" title=\"Bei Facebook teilen\" aria-label=\"Bei Facebook teilen\" role=\"button\" rel=\"nofollow\" class=\"shariff-link\" style=\";border-radius:50%; background-color:#3b5998; color:#fff\" target=\"_blank\"><span class=\"shariff-icon\" style=\"\"><svg width=\"32px\" height=\"20px\" xmlns=\"http:\/\/www.w3.org\/2000\/svg\" viewBox=\"0 0 18 32\"><path fill=\"#3b5998\" d=\"M17.1 0.2v4.7h-2.8q-1.5 0-2.1 0.6t-0.5 1.9v3.4h5.2l-0.7 5.3h-4.5v13.6h-5.5v-13.6h-4.5v-5.3h4.5v-3.9q0-3.3 1.9-5.2t5-1.8q2.6 0 4.1 0.2z\"\/><\/svg><\/span><\/a><\/li><li class=\"shariff-button whatsapp shariff-nocustomcolor\" style=\"background-color:#5cbe4a;border-radius:50%\"><a href=\"https:\/\/api.whatsapp.com\/send?text=https%3A%2F%2Fdjk-dom-minden.de%2Fminichor%2F%20Startseite\" title=\"Bei Whatsapp teilen\" aria-label=\"Bei Whatsapp teilen\" role=\"button\" rel=\"noopener nofollow\" class=\"shariff-link\" style=\";border-radius:50%; background-color:#34af23; color:#fff\" target=\"_blank\"><span class=\"shariff-icon\" style=\"\"><svg width=\"32px\" height=\"20px\" xmlns=\"http:\/\/www.w3.org\/2000\/svg\" viewBox=\"0 0 32 32\"><path fill=\"#34af23\" d=\"M17.6 17.4q0.2 0 1.7 0.8t1.6 0.9q0 0.1 0 0.3 0 0.6-0.3 1.4-0.3 0.7-1.3 1.2t-1.8 0.5q-1 0-3.4-1.1-1.7-0.8-3-2.1t-2.6-3.3q-1.3-1.9-1.3-3.5v-0.1q0.1-1.6 1.3-2.8 0.4-0.4 0.9-0.4 0.1 0 0.3 0t0.3 0q0.3 0 0.5 0.1t0.3 0.5q0.1 0.4 0.6 1.6t0.4 1.3q0 0.4-0.6 1t-0.6 0.8q0 0.1 0.1 0.3 0.6 1.3 1.8 2.4 1 0.9 2.7 1.8 0.2 0.1 0.4 0.1 0.3 0 1-0.9t0.9-0.9zM14 26.9q2.3 0 4.3-0.9t3.6-2.4 2.4-3.6 0.9-4.3-0.9-4.3-2.4-3.6-3.6-2.4-4.3-0.9-4.3 0.9-3.6 2.4-2.4 3.6-0.9 4.3q0 3.6 2.1 6.6l-1.4 4.2 4.3-1.4q2.8 1.9 6.2 1.9zM14 2.2q2.7 0 5.2 1.1t4.3 2.9 2.9 4.3 1.1 5.2-1.1 5.2-2.9 4.3-4.3 2.9-5.2 1.1q-3.5 0-6.5-1.7l-7.4 2.4 2.4-7.2q-1.9-3.2-1.9-6.9 0-2.7 1.1-5.2t2.9-4.3 4.3-2.9 5.2-1.1z\"\/><\/svg><\/span><\/a><\/li><\/ul><\/div><\/div>\n\t\t\t\t<\/div>\n\t\t\t\t<\/div>\n\t\t\t\t\t<\/div>\n\t\t<\/div>\n\t\t\t\t\t<\/div>\n\t\t<\/section>\n\t\t\t\t<section class=\"elementor-section elementor-inner-section elementor-element elementor-element-51c0259 elementor-section-full_width elementor-hidden-desktop elementor-section-height-default elementor-section-height-default\" data-id=\"51c0259\" data-element_type=\"section\">\n\t\t\t\t\t\t<div class=\"elementor-container elementor-column-gap-no\">\n\t\t\t\t\t<div class=\"elementor-column elementor-col-100 elementor-inner-column elementor-element elementor-element-0445c56\" data-id=\"0445c56\" data-element_type=\"column\" data-settings=\"{&quot;background_background&quot;:&quot;classic&quot;}\">\n\t\t\t<div class=\"elementor-widget-wrap elementor-element-populated\">\n\t\t\t\t\t\t<div class=\"elementor-element elementor-element-8717a19 elementor-widget elementor-widget-heading\" data-id=\"8717a19\" data-element_type=\"widget\" data-widget_type=\"heading.default\">\n\t\t\t\t<div class=\"elementor-widget-container\">\n\t\t\t<h2 class=\"elementor-heading-title elementor-size-default\">Social Media<\/h2>\t\t<\/div>\n\t\t\t\t<\/div>\n\t\t\t\t<div class=\"elementor-element elementor-element-3528fed elementor-widget elementor-widget-text-editor\" data-id=\"3528fed\" data-element_type=\"widget\" data-widget_type=\"text-editor.default\">\n\t\t\t\t<div class=\"elementor-widget-container\">\n\t\t\t\t\t\t\t<p>Teile diesen Newsbeitrag mit Deinen Freunden.<\/p>\t\t\t\t\t\t<\/div>\n\t\t\t\t<\/div>\n\t\t\t\t<div class=\"elementor-element elementor-element-569d17d elementor-widget elementor-widget-shortcode\" data-id=\"569d17d\" data-element_type=\"widget\" data-widget_type=\"shortcode.default\">\n\t\t\t\t<div class=\"elementor-widget-container\">\n\t\t\t\t\t<div class=\"elementor-shortcode\"><div class=\"shariff shariff-align-left shariff-widget-align-left\"><ul class=\"shariff-buttons theme-round orientation-horizontal buttonsize-medium\"><li class=\"shariff-button twitter shariff-nocustomcolor\" style=\"background-color:#595959;border-radius:50%\"><a href=\"https:\/\/twitter.com\/share?url=https%3A%2F%2Fdjk-dom-minden.de%2Fminichor%2F&text=Startseite\" title=\"Bei X teilen\" aria-label=\"Bei X teilen\" role=\"button\" rel=\"noopener nofollow\" class=\"shariff-link\" style=\";border-radius:50%; background-color:#000; color:#fff\" target=\"_blank\"><span class=\"shariff-icon\" style=\"\"><svg width=\"32px\" height=\"20px\" xmlns=\"http:\/\/www.w3.org\/2000\/svg\" viewBox=\"0 0 24 24\"><path fill=\"#000\" d=\"M14.258 10.152L23.176 0h-2.113l-7.747 8.813L7.133 0H0l9.352 13.328L0 23.973h2.113l8.176-9.309 6.531 9.309h7.133zm-2.895 3.293l-.949-1.328L2.875 1.56h3.246l6.086 8.523.945 1.328 7.91 11.078h-3.246zm0 0\"\/><\/svg><\/span><\/a><\/li><li class=\"shariff-button facebook shariff-nocustomcolor\" style=\"background-color:#4273c8;border-radius:50%\"><a href=\"https:\/\/www.facebook.com\/sharer\/sharer.php?u=https%3A%2F%2Fdjk-dom-minden.de%2Fminichor%2F\" title=\"Bei Facebook teilen\" aria-label=\"Bei Facebook teilen\" role=\"button\" rel=\"nofollow\" class=\"shariff-link\" style=\";border-radius:50%; background-color:#3b5998; color:#fff\" target=\"_blank\"><span class=\"shariff-icon\" style=\"\"><svg width=\"32px\" height=\"20px\" xmlns=\"http:\/\/www.w3.org\/2000\/svg\" viewBox=\"0 0 18 32\"><path fill=\"#3b5998\" d=\"M17.1 0.2v4.7h-2.8q-1.5 0-2.1 0.6t-0.5 1.9v3.4h5.2l-0.7 5.3h-4.5v13.6h-5.5v-13.6h-4.5v-5.3h4.5v-3.9q0-3.3 1.9-5.2t5-1.8q2.6 0 4.1 0.2z\"\/><\/svg><\/span><\/a><\/li><li class=\"shariff-button whatsapp shariff-nocustomcolor\" style=\"background-color:#5cbe4a;border-radius:50%\"><a href=\"https:\/\/api.whatsapp.com\/send?text=https%3A%2F%2Fdjk-dom-minden.de%2Fminichor%2F%20Startseite\" title=\"Bei Whatsapp teilen\" aria-label=\"Bei Whatsapp teilen\" role=\"button\" rel=\"noopener nofollow\" class=\"shariff-link\" style=\";border-radius:50%; background-color:#34af23; color:#fff\" target=\"_blank\"><span class=\"shariff-icon\" style=\"\"><svg width=\"32px\" height=\"20px\" xmlns=\"http:\/\/www.w3.org\/2000\/svg\" viewBox=\"0 0 32 32\"><path fill=\"#34af23\" d=\"M17.6 17.4q0.2 0 1.7 0.8t1.6 0.9q0 0.1 0 0.3 0 0.6-0.3 1.4-0.3 0.7-1.3 1.2t-1.8 0.5q-1 0-3.4-1.1-1.7-0.8-3-2.1t-2.6-3.3q-1.3-1.9-1.3-3.5v-0.1q0.1-1.6 1.3-2.8 0.4-0.4 0.9-0.4 0.1 0 0.3 0t0.3 0q0.3 0 0.5 0.1t0.3 0.5q0.1 0.4 0.6 1.6t0.4 1.3q0 0.4-0.6 1t-0.6 0.8q0 0.1 0.1 0.3 0.6 1.3 1.8 2.4 1 0.9 2.7 1.8 0.2 0.1 0.4 0.1 0.3 0 1-0.9t0.9-0.9zM14 26.9q2.3 0 4.3-0.9t3.6-2.4 2.4-3.6 0.9-4.3-0.9-4.3-2.4-3.6-3.6-2.4-4.3-0.9-4.3 0.9-3.6 2.4-2.4 3.6-0.9 4.3q0 3.6 2.1 6.6l-1.4 4.2 4.3-1.4q2.8 1.9 6.2 1.9zM14 2.2q2.7 0 5.2 1.1t4.3 2.9 2.9 4.3 1.1 5.2-1.1 5.2-2.9 4.3-4.3 2.9-5.2 1.1q-3.5 0-6.5-1.7l-7.4 2.4 2.4-7.2q-1.9-3.2-1.9-6.9 0-2.7 1.1-5.2t2.9-4.3 4.3-2.9 5.2-1.1z\"\/><\/svg><\/span><\/a><\/li><\/ul><\/div><\/div>\n\t\t\t\t<\/div>\n\t\t\t\t<\/div>\n\t\t\t\t\t<\/div>\n\t\t<\/div>\n\t\t\t\t\t<\/div>\n\t\t<\/section>\n\t\t\t\t\t<\/div>\n\t\t<\/div>\n\t\t\t\t\t<\/div>\n\t\t<\/section>\n\t\t\t\t<section class=\"elementor-section elementor-top-section elementor-element elementor-element-6766fc2 elementor-section-full_width elementor-section-height-default elementor-section-height-default\" data-id=\"6766fc2\" data-element_type=\"section\">\n\t\t\t\t\t\t<div class=\"elementor-container elementor-column-gap-default\">\n\t\t\t\t\t<div class=\"elementor-column elementor-col-33 elementor-top-column elementor-element elementor-element-4f13c02\" data-id=\"4f13c02\" data-element_type=\"column\">\n\t\t\t<div class=\"elementor-widget-wrap elementor-element-populated\">\n\t\t\t\t\t\t<div class=\"elementor-element elementor-element-545a421 elementor-widget elementor-widget-image\" data-id=\"545a421\" data-element_type=\"widget\" data-widget_type=\"image.default\">\n\t\t\t\t<div class=\"elementor-widget-container\">\n\t\t\t\t\t\t\t\t\t\t\t\t\t<img fetchpriority=\"high\" decoding=\"async\" width=\"1024\" height=\"683\" src=\"https:\/\/djk-dom-minden.de\/minichor\/wp-content\/uploads\/2020\/10\/DJK_Hands-1024x683.jpg\" class=\"attachment-large size-large wp-image-106\" alt=\"\" srcset=\"https:\/\/djk-dom-minden.de\/minichor\/wp-content\/uploads\/2020\/10\/DJK_Hands-1024x683.jpg 1024w, https:\/\/djk-dom-minden.de\/minichor\/wp-content\/uploads\/2020\/10\/DJK_Hands-300x200.jpg 300w, https:\/\/djk-dom-minden.de\/minichor\/wp-content\/uploads\/2020\/10\/DJK_Hands-768x512.jpg 768w, https:\/\/djk-dom-minden.de\/minichor\/wp-content\/uploads\/2020\/10\/DJK_Hands-1536x1024.jpg 1536w, https:\/\/djk-dom-minden.de\/minichor\/wp-content\/uploads\/2020\/10\/DJK_Hands-1200x800.jpg 1200w, https:\/\/djk-dom-minden.de\/minichor\/wp-content\/uploads\/2020\/10\/DJK_Hands-1100x733.jpg 1100w, https:\/\/djk-dom-minden.de\/minichor\/wp-content\/uploads\/2020\/10\/DJK_Hands-1000x667.jpg 1000w, https:\/\/djk-dom-minden.de\/minichor\/wp-content\/uploads\/2020\/10\/DJK_Hands-900x600.jpg 900w, https:\/\/djk-dom-minden.de\/minichor\/wp-content\/uploads\/2020\/10\/DJK_Hands-800x533.jpg 800w, https:\/\/djk-dom-minden.de\/minichor\/wp-content\/uploads\/2020\/10\/DJK_Hands-700x467.jpg 700w, https:\/\/djk-dom-minden.de\/minichor\/wp-content\/uploads\/2020\/10\/DJK_Hands-600x400.jpg 600w, https:\/\/djk-dom-minden.de\/minichor\/wp-content\/uploads\/2020\/10\/DJK_Hands-500x333.jpg 500w, https:\/\/djk-dom-minden.de\/minichor\/wp-content\/uploads\/2020\/10\/DJK_Hands-400x267.jpg 400w, https:\/\/djk-dom-minden.de\/minichor\/wp-content\/uploads\/2020\/10\/DJK_Hands-200x133.jpg 200w, https:\/\/djk-dom-minden.de\/minichor\/wp-content\/uploads\/2020\/10\/DJK_Hands-100x67.jpg 100w, https:\/\/djk-dom-minden.de\/minichor\/wp-content\/uploads\/2020\/10\/DJK_Hands.jpg 1920w\" sizes=\"(max-width: 1024px) 100vw, 1024px\" \/>\t\t\t\t\t\t\t\t\t\t\t\t\t<\/div>\n\t\t\t\t<\/div>\n\t\t\t\t<div class=\"elementor-element elementor-element-6d6ab25 elementor-widget elementor-widget-heading\" data-id=\"6d6ab25\" data-element_type=\"widget\" data-widget_type=\"heading.default\">\n\t\t\t\t<div class=\"elementor-widget-container\">\n\t\t\t<h2 class=\"elementor-heading-title elementor-size-default\">Wir bieten mehr als das<\/h2>\t\t<\/div>\n\t\t\t\t<\/div>\n\t\t\t\t<div class=\"elementor-element elementor-element-9abd74d elementor-widget elementor-widget-text-editor\" data-id=\"9abd74d\" data-element_type=\"widget\" data-widget_type=\"text-editor.default\">\n\t\t\t\t<div class=\"elementor-widget-container\">\n\t\t\t\t\t\t\t<p>Die DJK Dom Minden bietet ein vielseitiges Kursangebot f\u00fcr alle Altersgruppen, z.B. R\u00fcckenschule, Badminton, Fu\u00dfball, American Football, Tanzen, Kinderturnen, Nordic-Walking und vieles mehr. Wir stelle verschiedene R\u00e4umlichkeiten, wie Turnhallen der Stadt, Kegelbahnen und das Haus am Dom zur Verf\u00fcgung. Sie erm\u00f6glicht Gruppenleitern und -leiterinnen die Weiterbildung auf Pfarr-, Dekanats- und Di\u00f6zesanebene sowie in katholischen Sportschulen und Weiterbildungsst\u00e4tten. Sie stellt Sportger\u00e4te, Literatur und Werkmaterial zur Verf\u00fcgung.<\/p>\t\t\t\t\t\t<\/div>\n\t\t\t\t<\/div>\n\t\t\t\t\t<\/div>\n\t\t<\/div>\n\t\t\t\t<div class=\"elementor-column elementor-col-33 elementor-top-column elementor-element elementor-element-ce9f48e\" data-id=\"ce9f48e\" data-element_type=\"column\">\n\t\t\t<div class=\"elementor-widget-wrap elementor-element-populated\">\n\t\t\t\t\t\t<div class=\"elementor-element elementor-element-99b19f2 elementor-widget elementor-widget-image\" data-id=\"99b19f2\" data-element_type=\"widget\" data-widget_type=\"image.default\">\n\t\t\t\t<div class=\"elementor-widget-container\">\n\t\t\t\t\t\t\t\t\t\t\t\t\t<img decoding=\"async\" width=\"1024\" height=\"683\" src=\"https:\/\/djk-dom-minden.de\/minichor\/wp-content\/uploads\/2020\/10\/DJK_Kinder_springen-1024x683.jpg\" class=\"attachment-large size-large wp-image-107\" alt=\"\" srcset=\"https:\/\/djk-dom-minden.de\/minichor\/wp-content\/uploads\/2020\/10\/DJK_Kinder_springen-1024x683.jpg 1024w, https:\/\/djk-dom-minden.de\/minichor\/wp-content\/uploads\/2020\/10\/DJK_Kinder_springen-300x200.jpg 300w, https:\/\/djk-dom-minden.de\/minichor\/wp-content\/uploads\/2020\/10\/DJK_Kinder_springen-768x512.jpg 768w, https:\/\/djk-dom-minden.de\/minichor\/wp-content\/uploads\/2020\/10\/DJK_Kinder_springen-1200x800.jpg 1200w, https:\/\/djk-dom-minden.de\/minichor\/wp-content\/uploads\/2020\/10\/DJK_Kinder_springen-1100x733.jpg 1100w, https:\/\/djk-dom-minden.de\/minichor\/wp-content\/uploads\/2020\/10\/DJK_Kinder_springen-1000x667.jpg 1000w, https:\/\/djk-dom-minden.de\/minichor\/wp-content\/uploads\/2020\/10\/DJK_Kinder_springen-900x600.jpg 900w, https:\/\/djk-dom-minden.de\/minichor\/wp-content\/uploads\/2020\/10\/DJK_Kinder_springen-800x533.jpg 800w, https:\/\/djk-dom-minden.de\/minichor\/wp-content\/uploads\/2020\/10\/DJK_Kinder_springen-700x467.jpg 700w, https:\/\/djk-dom-minden.de\/minichor\/wp-content\/uploads\/2020\/10\/DJK_Kinder_springen-600x400.jpg 600w, https:\/\/djk-dom-minden.de\/minichor\/wp-content\/uploads\/2020\/10\/DJK_Kinder_springen-500x333.jpg 500w, https:\/\/djk-dom-minden.de\/minichor\/wp-content\/uploads\/2020\/10\/DJK_Kinder_springen-400x267.jpg 400w, https:\/\/djk-dom-minden.de\/minichor\/wp-content\/uploads\/2020\/10\/DJK_Kinder_springen-200x133.jpg 200w, https:\/\/djk-dom-minden.de\/minichor\/wp-content\/uploads\/2020\/10\/DJK_Kinder_springen-100x67.jpg 100w, https:\/\/djk-dom-minden.de\/minichor\/wp-content\/uploads\/2020\/10\/DJK_Kinder_springen.jpg 1440w\" sizes=\"(max-width: 1024px) 100vw, 1024px\" \/>\t\t\t\t\t\t\t\t\t\t\t\t\t<\/div>\n\t\t\t\t<\/div>\n\t\t\t\t<div class=\"elementor-element elementor-element-97f8b14 elementor-widget elementor-widget-heading\" data-id=\"97f8b14\" data-element_type=\"widget\" data-widget_type=\"heading.default\">\n\t\t\t\t<div class=\"elementor-widget-container\">\n\t\t\t<h2 class=\"elementor-heading-title elementor-size-default\">Jugendarbeit ist uns wichtig<\/h2>\t\t<\/div>\n\t\t\t\t<\/div>\n\t\t\t\t<div class=\"elementor-element elementor-element-d9a2bbb elementor-widget elementor-widget-text-editor\" data-id=\"d9a2bbb\" data-element_type=\"widget\" data-widget_type=\"text-editor.default\">\n\t\t\t\t<div class=\"elementor-widget-container\">\n\t\t\t\t\t\t\t<p>In der Kinder- und Jugendarbeit wird viel Wert auf drei Gruppen gelegt: die Kids, die Youngsters und die Jugendgruppe. Mit diesen drei Gruppen werden alle Altersklassen abgedeckt. F\u00fcr jeden ist etwas dabei. Einmal im Monat treffen sich die Kinder und Jugendlichen und haben zusammen viel Spa\u00df bei verschiedenen Aktionen. Da die Sch\u00fcler wegen des Ganztags keine Zeit mehr haben, an w\u00f6chentlichen Gruppenstunden teilzunehmen, wurden diese Treffen eingef\u00fchrt.\u00a0<\/p>\t\t\t\t\t\t<\/div>\n\t\t\t\t<\/div>\n\t\t\t\t\t<\/div>\n\t\t<\/div>\n\t\t\t\t<div class=\"elementor-column elementor-col-33 elementor-top-column elementor-element elementor-element-a496dd0\" data-id=\"a496dd0\" data-element_type=\"column\">\n\t\t\t<div class=\"elementor-widget-wrap elementor-element-populated\">\n\t\t\t\t\t\t<div class=\"elementor-element elementor-element-f58f96c elementor-widget elementor-widget-image\" data-id=\"f58f96c\" data-element_type=\"widget\" data-widget_type=\"image.default\">\n\t\t\t\t<div class=\"elementor-widget-container\">\n\t\t\t\t\t\t\t\t\t\t\t\t\t<img decoding=\"async\" width=\"1024\" height=\"1024\" src=\"https:\/\/djk-dom-minden.de\/minichor\/wp-content\/uploads\/2020\/09\/DJK_Logo.svg\" class=\"attachment-large size-large wp-image-21\" alt=\"\" \/>\t\t\t\t\t\t\t\t\t\t\t\t\t<\/div>\n\t\t\t\t<\/div>\n\t\t\t\t<div class=\"elementor-element elementor-element-3713ff2 elementor-widget elementor-widget-heading\" data-id=\"3713ff2\" data-element_type=\"widget\" data-widget_type=\"heading.default\">\n\t\t\t\t<div class=\"elementor-widget-container\">\n\t\t\t<h2 class=\"elementor-heading-title elementor-size-default\">Wer sind wir<\/h2>\t\t<\/div>\n\t\t\t\t<\/div>\n\t\t\t\t<div class=\"elementor-element elementor-element-394e4f2 elementor-widget elementor-widget-text-editor\" data-id=\"394e4f2\" data-element_type=\"widget\" data-widget_type=\"text-editor.default\">\n\t\t\t\t<div class=\"elementor-widget-container\">\n\t\t\t\t\t\t\t<p>Dank der Unterst\u00fctzung durch unsere zahlreichen Sponsoren k\u00f6nnen wir jedem Vereinsmitglied Leistungen anbieten: Kostenlose Nutzung aller DJK-Gruppen durch geschulte \u00dcbungsleiter. Faire Mitgliedsbeitr\u00e4ge, gegebenenfalls Nachl\u00e4sse bei Notlagen. Verg\u00fcnstigungen bei Veranstaltungen der DJK Dom Minden. Verg\u00fcnstigungen bei Veranstaltungen der Kooperationspartner.<br \/>Aus- und Weiterbildungsm\u00f6glichkeiten. Au\u00dferdem Angebote der Aus\u00fcbung eines freiwilligen sozialen Jahr (FSJ) und Praktika im Verein.<\/p>\t\t\t\t\t\t<\/div>\n\t\t\t\t<\/div>\n\t\t\t\t\t<\/div>\n\t\t<\/div>\n\t\t\t\t\t<\/div>\n\t\t<\/section>\n\t\t\t\t<\/div>\n\t\t","protected":false},"excerpt":{"rendered":"<p>Adventssingen 2016 mit unseren Ch\u00f6ren Mini Chor In den DJK-Kinderg\u00e4rten bieten wir w\u00e4hrend der Betreuungszeit f\u00fcr Kinder im Alter von 4 \u2013 6 Jahren musikalische Fr\u00fcherziehung an. Der Mini-Chor wird wegen der Gruppengr\u00f6\u00dfen und Orten in Mini-Gruppen von I bis VI aufgeteilt.\u00a0 Aktuelle News Adventssingen 2016 mit unseren Ch\u00f6ren&#8230; 29.12.2016 Aktuelle Veranstaltungen Aktuell keine Veranstaltungen [&hellip;]<\/p>\n","protected":false},"author":1,"featured_media":0,"parent":0,"menu_order":0,"comment_status":"closed","ping_status":"closed","template":"","meta":{"inline_featured_image":false,"footnotes":""},"class_list":["post-6","page","type-page","status-publish","hentry"],"_links":{"self":[{"href":"https:\/\/djk-dom-minden.de\/minichor\/wp-json\/wp\/v2\/pages\/6","targetHints":{"allow":["GET"]}}],"collection":[{"href":"https:\/\/djk-dom-minden.de\/minichor\/wp-json\/wp\/v2\/pages"}],"about":[{"href":"https:\/\/djk-dom-minden.de\/minichor\/wp-json\/wp\/v2\/types\/page"}],"author":[{"embeddable":true,"href":"https:\/\/djk-dom-minden.de\/minichor\/wp-json\/wp\/v2\/users\/1"}],"replies":[{"embeddable":true,"href":"https:\/\/djk-dom-minden.de\/minichor\/wp-json\/wp\/v2\/comments?post=6"}],"version-history":[{"count":57,"href":"https:\/\/djk-dom-minden.de\/minichor\/wp-json\/wp\/v2\/pages\/6\/revisions"}],"predecessor-version":[{"id":323,"href":"https:\/\/djk-dom-minden.de\/minichor\/wp-json\/wp\/v2\/pages\/6\/revisions\/323"}],"wp:attachment":[{"href":"https:\/\/djk-dom-minden.de\/minichor\/wp-json\/wp\/v2\/media?parent=6"}],"curies":[{"name":"wp","href":"https:\/\/api.w.org\/{rel}","templated":true}]}}