{"id":34,"date":"2020-09-09T09:33:08","date_gmt":"2020-09-09T07:33:08","guid":{"rendered":"https:\/\/djk-dom-minden.de\/second-hand\/?page_id=34"},"modified":"2020-12-01T13:13:04","modified_gmt":"2020-12-01T12:13:04","slug":"news","status":"publish","type":"page","link":"https:\/\/djk-dom-minden.de\/second-hand\/news\/","title":{"rendered":"News"},"content":{"rendered":"\t\t<div data-elementor-type=\"wp-page\" data-elementor-id=\"34\" class=\"elementor elementor-34\" data-elementor-post-type=\"page\">\n\t\t\t\t\t\t<section class=\"elementor-section elementor-top-section elementor-element elementor-element-995428d elementor-section-full_width elementor-section-height-default elementor-section-height-default\" data-id=\"995428d\" data-element_type=\"section\">\n\t\t\t\t\t\t<div class=\"elementor-container elementor-column-gap-no\">\n\t\t\t\t\t<div class=\"elementor-column elementor-col-100 elementor-top-column elementor-element elementor-element-f6c3d83\" data-id=\"f6c3d83\" data-element_type=\"column\">\n\t\t\t<div class=\"elementor-widget-wrap elementor-element-populated\">\n\t\t\t\t\t\t<div class=\"elementor-element elementor-element-1c1ec8e elementor-widget elementor-widget-global-news-slider\" data-id=\"1c1ec8e\" data-element_type=\"widget\" data-widget_type=\"global-news-slider.default\">\n\t\t\t\t<div class=\"elementor-widget-container\">\n\t\t\t<div class=\"global-news-slider-container\" data-setup={\"slider_name\":\"fullslider69f4472f6b843\",\"autoplay\":false,\"autoplay_speed\":null,\"nav\":true,\"effect_in\":\"\",\"effect_out\":\"\",\"effect_text\":\"bounceInLeft\",\"effect_text_speed\":\"fast\",\"effect_text_delay\":\"delay-1s\",\"effect_text_repeat\":\"repeat-1\",\"dots\":true,\"iconPrev\":{\"value\":\"fas_fa-chevron-left\",\"library\":\"fa-solid\"},\"iconNext\":{\"value\":\"fas_fa-chevron-right\",\"library\":\"fa-solid\"}}><div class=\"global-news-slider owl-carousel fullslider69f4472f6b843\"><figure class=\"effect-jazz\"><img data-src=\"https:\/\/djk-dom-minden.de\/second-hand\/wp-content\/uploads\/2014\/01\/secondhandbasar_teaser-100x33.jpg\" class=\"lazyload\" data-srcset=\"https:\/\/djk-dom-minden.de\/second-hand\/wp-content\/uploads\/2014\/01\/secondhandbasar_teaser-300x98.jpg 300w, https:\/\/djk-dom-minden.de\/second-hand\/wp-content\/uploads\/2014\/01\/secondhandbasar_teaser-1024x333.jpg 1024w, https:\/\/djk-dom-minden.de\/second-hand\/wp-content\/uploads\/2014\/01\/secondhandbasar_teaser-150x150.jpg 150w, https:\/\/djk-dom-minden.de\/second-hand\/wp-content\/uploads\/2014\/01\/secondhandbasar_teaser-768x250.jpg 768w, https:\/\/djk-dom-minden.de\/second-hand\/wp-content\/uploads\/2014\/01\/secondhandbasar_teaser-1536x499.jpg 1536w, https:\/\/djk-dom-minden.de\/second-hand\/wp-content\/uploads\/2014\/01\/secondhandbasar_teaser-1200x390.jpg 1200w, https:\/\/djk-dom-minden.de\/second-hand\/wp-content\/uploads\/2014\/01\/secondhandbasar_teaser-1100x358.jpg 1100w, https:\/\/djk-dom-minden.de\/second-hand\/wp-content\/uploads\/2014\/01\/secondhandbasar_teaser-1000x325.jpg 1000w, https:\/\/djk-dom-minden.de\/second-hand\/wp-content\/uploads\/2014\/01\/secondhandbasar_teaser-900x293.jpg 900w, https:\/\/djk-dom-minden.de\/second-hand\/wp-content\/uploads\/2014\/01\/secondhandbasar_teaser-800x260.jpg 800w, https:\/\/djk-dom-minden.de\/second-hand\/wp-content\/uploads\/2014\/01\/secondhandbasar_teaser-700x228.jpg 700w, https:\/\/djk-dom-minden.de\/second-hand\/wp-content\/uploads\/2014\/01\/secondhandbasar_teaser-600x195.jpg 600w, https:\/\/djk-dom-minden.de\/second-hand\/wp-content\/uploads\/2014\/01\/secondhandbasar_teaser-500x163.jpg 500w, https:\/\/djk-dom-minden.de\/second-hand\/wp-content\/uploads\/2014\/01\/secondhandbasar_teaser-400x130.jpg 400w, https:\/\/djk-dom-minden.de\/second-hand\/wp-content\/uploads\/2014\/01\/secondhandbasar_teaser-300x98.jpg 300w, https:\/\/djk-dom-minden.de\/second-hand\/wp-content\/uploads\/2014\/01\/secondhandbasar_teaser-200x65.jpg 200w, https:\/\/djk-dom-minden.de\/second-hand\/wp-content\/uploads\/2014\/01\/secondhandbasar_teaser-100x33.jpg 100w\" data-sizes=\"auto\"\/><a href=\"https:\/\/djk-dom-minden.de\/second-hand\/news\/basar56\" target=\"_self\"><figcaption><span class=\"title\"><p class=\"tag\">56. Second-Hand Basar<\/p><\/span><span class=\"teaser_highlight\"><span class=\"teaser\"><p>Second-Hand-Basar<\/p><p>am 04.09.2021<\/p><\/span><\/span><\/figcaption><\/a><\/figure><figure class=\"effect-jazz\"><img data-src=\"https:\/\/djk-dom-minden.de\/second-hand\/wp-content\/uploads\/2015\/09\/46Secondhandbasar-2015-51-100x67.jpeg\" class=\"lazyload\" data-srcset=\"https:\/\/djk-dom-minden.de\/second-hand\/wp-content\/uploads\/2015\/09\/46Secondhandbasar-2015-51-300x200.jpeg 300w, https:\/\/djk-dom-minden.de\/second-hand\/wp-content\/uploads\/2015\/09\/46Secondhandbasar-2015-51-150x150.jpeg 150w, https:\/\/djk-dom-minden.de\/second-hand\/wp-content\/uploads\/2015\/09\/46Secondhandbasar-2015-51-600x399.jpeg 600w, https:\/\/djk-dom-minden.de\/second-hand\/wp-content\/uploads\/2015\/09\/46Secondhandbasar-2015-51-500x333.jpeg 500w, https:\/\/djk-dom-minden.de\/second-hand\/wp-content\/uploads\/2015\/09\/46Secondhandbasar-2015-51-400x266.jpeg 400w, https:\/\/djk-dom-minden.de\/second-hand\/wp-content\/uploads\/2015\/09\/46Secondhandbasar-2015-51-300x200.jpeg 300w, https:\/\/djk-dom-minden.de\/second-hand\/wp-content\/uploads\/2015\/09\/46Secondhandbasar-2015-51-200x133.jpeg 200w, https:\/\/djk-dom-minden.de\/second-hand\/wp-content\/uploads\/2015\/09\/46Secondhandbasar-2015-51-100x67.jpeg 100w\" data-sizes=\"auto\"\/><a href=\"https:\/\/djk-dom-minden.de\/second-hand\/news\/58-second-hand-basar\" target=\"_self\"><figcaption><span class=\"title\"><p class=\"tag\">58. Second Hand Basar<\/p><\/span><span class=\"teaser_highlight\"><span class=\"teaser\"><p>\u201cRund ums Kind\u201d<\/p><p><\/p><\/span><\/span><\/figcaption><\/a><\/figure><figure class=\"effect-jazz\"><img data-src=\"https:\/\/djk-dom-minden.de\/second-hand\/wp-content\/uploads\/2015\/09\/46Secondhandbasar-2015-111-100x67.jpeg\" class=\"lazyload\" data-srcset=\"https:\/\/djk-dom-minden.de\/second-hand\/wp-content\/uploads\/2015\/09\/46Secondhandbasar-2015-111-300x200.jpeg 300w, https:\/\/djk-dom-minden.de\/second-hand\/wp-content\/uploads\/2015\/09\/46Secondhandbasar-2015-111-150x150.jpeg 150w, https:\/\/djk-dom-minden.de\/second-hand\/wp-content\/uploads\/2015\/09\/46Secondhandbasar-2015-111-600x399.jpeg 600w, https:\/\/djk-dom-minden.de\/second-hand\/wp-content\/uploads\/2015\/09\/46Secondhandbasar-2015-111-500x333.jpeg 500w, https:\/\/djk-dom-minden.de\/second-hand\/wp-content\/uploads\/2015\/09\/46Secondhandbasar-2015-111-400x266.jpeg 400w, https:\/\/djk-dom-minden.de\/second-hand\/wp-content\/uploads\/2015\/09\/46Secondhandbasar-2015-111-300x200.jpeg 300w, https:\/\/djk-dom-minden.de\/second-hand\/wp-content\/uploads\/2015\/09\/46Secondhandbasar-2015-111-200x133.jpeg 200w, https:\/\/djk-dom-minden.de\/second-hand\/wp-content\/uploads\/2015\/09\/46Secondhandbasar-2015-111-100x67.jpeg 100w\" data-sizes=\"auto\"\/><a href=\"https:\/\/djk-dom-minden.de\/second-hand\/news\/61-second-hand-basar\" target=\"_self\"><figcaption><span class=\"title\"><p class=\"tag\">61. Second Hand Basar<\/p><\/span><span class=\"teaser_highlight\"><span class=\"teaser\"><p>\u201eRund ums Kind\u201c<\/p><p><\/p><\/span><\/span><\/figcaption><\/a><\/figure><figure class=\"effect-jazz\"><img data-src=\"https:\/\/djk-dom-minden.de\/second-hand\/wp-content\/uploads\/2015\/09\/46Secondhandbasar-2015-111-100x67.jpeg\" class=\"lazyload\" data-srcset=\"https:\/\/djk-dom-minden.de\/second-hand\/wp-content\/uploads\/2015\/09\/46Secondhandbasar-2015-111-300x200.jpeg 300w, https:\/\/djk-dom-minden.de\/second-hand\/wp-content\/uploads\/2015\/09\/46Secondhandbasar-2015-111-150x150.jpeg 150w, https:\/\/djk-dom-minden.de\/second-hand\/wp-content\/uploads\/2015\/09\/46Secondhandbasar-2015-111-600x399.jpeg 600w, https:\/\/djk-dom-minden.de\/second-hand\/wp-content\/uploads\/2015\/09\/46Secondhandbasar-2015-111-500x333.jpeg 500w, https:\/\/djk-dom-minden.de\/second-hand\/wp-content\/uploads\/2015\/09\/46Secondhandbasar-2015-111-400x266.jpeg 400w, https:\/\/djk-dom-minden.de\/second-hand\/wp-content\/uploads\/2015\/09\/46Secondhandbasar-2015-111-300x200.jpeg 300w, https:\/\/djk-dom-minden.de\/second-hand\/wp-content\/uploads\/2015\/09\/46Secondhandbasar-2015-111-200x133.jpeg 200w, https:\/\/djk-dom-minden.de\/second-hand\/wp-content\/uploads\/2015\/09\/46Secondhandbasar-2015-111-100x67.jpeg 100w\" data-sizes=\"auto\"\/><a href=\"https:\/\/djk-dom-minden.de\/second-hand\/news\/59-second-hand-basar\" target=\"_self\"><figcaption><span class=\"title\"><p class=\"tag\">59. Second Hand Basar<\/p><\/span><span class=\"teaser_highlight\"><span class=\"teaser\"><p>Second Hand Basar<\/p><p>Rund ums Kind<\/p><\/span><\/span><\/figcaption><\/a><\/figure><figure class=\"effect-jazz\"><img data-src=\"https:\/\/djk-dom-minden.de\/second-hand\/wp-content\/uploads\/2022\/01\/Second-Hand-Basar-57-e1643105218743-100x26.jpg\" class=\"lazyload\" data-srcset=\"https:\/\/djk-dom-minden.de\/second-hand\/wp-content\/uploads\/2022\/01\/Second-Hand-Basar-57-e1643105218743-300x79.jpg 300w, https:\/\/djk-dom-minden.de\/second-hand\/wp-content\/uploads\/2022\/01\/Second-Hand-Basar-57-e1643105218743-1024x271.jpg 1024w, https:\/\/djk-dom-minden.de\/second-hand\/wp-content\/uploads\/2022\/01\/Second-Hand-Basar-57-e1643105218743-150x150.jpg 150w, https:\/\/djk-dom-minden.de\/second-hand\/wp-content\/uploads\/2022\/01\/Second-Hand-Basar-57-e1643105218743-768x203.jpg 768w, https:\/\/djk-dom-minden.de\/second-hand\/wp-content\/uploads\/2022\/01\/Second-Hand-Basar-57-1086x1536.jpg 1086w, https:\/\/djk-dom-minden.de\/second-hand\/wp-content\/uploads\/2022\/01\/Second-Hand-Basar-57-e1643105218743-1100x291.jpg 1100w, https:\/\/djk-dom-minden.de\/second-hand\/wp-content\/uploads\/2022\/01\/Second-Hand-Basar-57-e1643105218743-1000x265.jpg 1000w, https:\/\/djk-dom-minden.de\/second-hand\/wp-content\/uploads\/2022\/01\/Second-Hand-Basar-57-e1643105218743-900x238.jpg 900w, https:\/\/djk-dom-minden.de\/second-hand\/wp-content\/uploads\/2022\/01\/Second-Hand-Basar-57-e1643105218743-800x212.jpg 800w, https:\/\/djk-dom-minden.de\/second-hand\/wp-content\/uploads\/2022\/01\/Second-Hand-Basar-57-e1643105218743-700x185.jpg 700w, https:\/\/djk-dom-minden.de\/second-hand\/wp-content\/uploads\/2022\/01\/Second-Hand-Basar-57-e1643105218743-600x159.jpg 600w, https:\/\/djk-dom-minden.de\/second-hand\/wp-content\/uploads\/2022\/01\/Second-Hand-Basar-57-e1643105218743-500x132.jpg 500w, https:\/\/djk-dom-minden.de\/second-hand\/wp-content\/uploads\/2022\/01\/Second-Hand-Basar-57-e1643105218743-400x106.jpg 400w, https:\/\/djk-dom-minden.de\/second-hand\/wp-content\/uploads\/2022\/01\/Second-Hand-Basar-57-e1643105218743-300x79.jpg 300w, https:\/\/djk-dom-minden.de\/second-hand\/wp-content\/uploads\/2022\/01\/Second-Hand-Basar-57-e1643105218743-200x53.jpg 200w, https:\/\/djk-dom-minden.de\/second-hand\/wp-content\/uploads\/2022\/01\/Second-Hand-Basar-57-e1643105218743-100x26.jpg 100w\" data-sizes=\"auto\"\/><a href=\"https:\/\/djk-dom-minden.de\/second-hand\/news\/57-second-hand-basar\" target=\"_self\"><figcaption><span class=\"title\"><p class=\"tag\">57. Second-Hand-Basar<\/p><\/span><span class=\"teaser_highlight\"><span class=\"teaser\"><p>Alles f\u00fcr das Kind<\/p><p>mit Cafeteria<\/p><\/span><\/span><\/figcaption><\/a><\/figure><\/div><\/div>\t\t<\/div>\n\t\t\t\t<\/div>\n\t\t\t\t\t<\/div>\n\t\t<\/div>\n\t\t\t\t\t<\/div>\n\t\t<\/section>\n\t\t\t\t<section class=\"elementor-section elementor-top-section elementor-element elementor-element-069a14d elementor-section-full_width elementor-section-height-default elementor-section-height-default\" data-id=\"069a14d\" data-element_type=\"section\">\n\t\t\t\t\t\t<div class=\"elementor-container elementor-column-gap-no\">\n\t\t\t\t\t<div class=\"elementor-column elementor-col-33 elementor-top-column elementor-element elementor-element-ab312cb\" data-id=\"ab312cb\" data-element_type=\"column\" data-settings=\"{&quot;background_background&quot;:&quot;gradient&quot;}\">\n\t\t\t<div class=\"elementor-widget-wrap elementor-element-populated\">\n\t\t\t\t\t<div class=\"elementor-background-overlay\"><\/div>\n\t\t\t\t\t\t<div class=\"elementor-element elementor-element-3916c7f elementor-widget elementor-widget-template\" data-id=\"3916c7f\" data-element_type=\"widget\" data-widget_type=\"template.default\">\n\t\t\t\t<div class=\"elementor-widget-container\">\n\t\t\t\t\t<div class=\"elementor-template\">\n\t\t\t\t\t<div data-elementor-type=\"section\" data-elementor-id=\"319\" class=\"elementor elementor-319\" data-elementor-post-type=\"elementor_library\">\n\t\t\t\t\t<section class=\"elementor-section elementor-inner-section elementor-element elementor-element-7ed62956 elementor-section-full_width elementor-section-content-middle elementor-section-height-default elementor-section-height-default\" data-id=\"7ed62956\" data-element_type=\"section\">\n\t\t\t\t\t\t<div class=\"elementor-container elementor-column-gap-no\">\n\t\t\t\t\t<div class=\"elementor-column elementor-col-50 elementor-inner-column elementor-element elementor-element-35d96fa9\" data-id=\"35d96fa9\" data-element_type=\"column\">\n\t\t\t<div class=\"elementor-widget-wrap elementor-element-populated\">\n\t\t\t\t\t\t<div class=\"elementor-element elementor-element-521eca34 elementor-widget elementor-widget-heading\" data-id=\"521eca34\" data-element_type=\"widget\" data-widget_type=\"heading.default\">\n\t\t\t\t<div class=\"elementor-widget-container\">\n\t\t\t<h2 class=\"elementor-heading-title elementor-size-default\">Blickpunkt<\/h2>\t\t<\/div>\n\t\t\t\t<\/div>\n\t\t\t\t<div class=\"elementor-element elementor-element-5061c435 elementor-widget elementor-widget-global-magazine-download\" data-id=\"5061c435\" data-element_type=\"widget\" data-widget_type=\"global-magazine-download.default\">\n\t\t\t\t<div class=\"elementor-widget-container\">\n\t\t\t<div class=\"magazine-download-button\"><a href=\"https:\/\/djk-dom-minden.de\/wp-content\/uploads\/2025\/01\/blickpunkt-dez-jan-2024-web.pdf\" target=\"_blank\">Jetzt downloaden<\/a><\/div>\t\t<\/div>\n\t\t\t\t<\/div>\n\t\t\t\t\t<\/div>\n\t\t<\/div>\n\t\t\t\t<div class=\"elementor-column elementor-col-50 elementor-inner-column elementor-element elementor-element-2723ce3b\" data-id=\"2723ce3b\" data-element_type=\"column\">\n\t\t\t<div class=\"elementor-widget-wrap elementor-element-populated\">\n\t\t\t\t\t\t<div class=\"elementor-element elementor-element-12af54e elementor-widget elementor-widget-djk_logo\" data-id=\"12af54e\" data-element_type=\"widget\" data-widget_type=\"djk_logo.default\">\n\t\t\t\t<div class=\"elementor-widget-container\">\n\t\t\t<div class=\"logo\"><img decoding=\"async\" src=\"https:\/\/djk-dom-minden.de\/second-hand\/wp-content\/uploads\/2021\/12\/40_jahre_djk_logo.svg\" alt=\"\" title=\"40_jahre_djk_logo\"><\/div>\t\t<\/div>\n\t\t\t\t<\/div>\n\t\t\t\t\t<\/div>\n\t\t<\/div>\n\t\t\t\t\t<\/div>\n\t\t<\/section>\n\t\t\t\t<\/div>\n\t\t\t\t<\/div>\n\t\t\t\t<\/div>\n\t\t\t\t<\/div>\n\t\t\t\t\t<\/div>\n\t\t<\/div>\n\t\t\t\t<div class=\"elementor-column elementor-col-33 elementor-top-column elementor-element elementor-element-b84c23d\" data-id=\"b84c23d\" data-element_type=\"column\" data-settings=\"{&quot;background_background&quot;:&quot;classic&quot;}\">\n\t\t\t<div class=\"elementor-widget-wrap elementor-element-populated\">\n\t\t\t\t\t\t<div class=\"elementor-element elementor-element-825fba6 elementor-widget elementor-widget-template\" data-id=\"825fba6\" data-element_type=\"widget\" data-widget_type=\"template.default\">\n\t\t\t\t<div class=\"elementor-widget-container\">\n\t\t\t\t\t<div class=\"elementor-template\">\n\t\t\t\t\t<div data-elementor-type=\"section\" data-elementor-id=\"322\" class=\"elementor elementor-322\" data-elementor-post-type=\"elementor_library\">\n\t\t\t\t\t<section class=\"elementor-section elementor-inner-section elementor-element elementor-element-22675ee3 elementor-section-full_width elementor-section-content-middle elementor-section-height-default elementor-section-height-default\" data-id=\"22675ee3\" data-element_type=\"section\">\n\t\t\t\t\t\t<div class=\"elementor-container elementor-column-gap-no\">\n\t\t\t\t\t<div class=\"elementor-column elementor-col-50 elementor-inner-column elementor-element elementor-element-c981026\" data-id=\"c981026\" data-element_type=\"column\" data-settings=\"{&quot;background_background&quot;:&quot;classic&quot;}\">\n\t\t\t<div class=\"elementor-widget-wrap elementor-element-populated\">\n\t\t\t\t\t\t<div class=\"elementor-element elementor-element-67601920 elementor-widget elementor-widget-heading\" data-id=\"67601920\" data-element_type=\"widget\" data-widget_type=\"heading.default\">\n\t\t\t\t<div class=\"elementor-widget-container\">\n\t\t\t<h2 class=\"elementor-heading-title elementor-size-default\">Zeltlager<\/h2>\t\t<\/div>\n\t\t\t\t<\/div>\n\t\t\t\t<div class=\"elementor-element elementor-element-563ec427 elementor-align-left elementor-tablet-align-center elementor-widget elementor-widget-button\" data-id=\"563ec427\" data-element_type=\"widget\" data-widget_type=\"button.default\">\n\t\t\t\t<div class=\"elementor-widget-container\">\n\t\t\t\t\t\t\t<div class=\"elementor-button-wrapper\">\n\t\t\t\t\t<a class=\"elementor-button elementor-button-link elementor-size-sm\" href=\"https:\/\/djk-dom-minden.de\/zeltlager\/veranstaltungen\/\" target=\"_blank\">\n\t\t\t\t\t\t<span class=\"elementor-button-content-wrapper\">\n\t\t\t\t\t\t\t\t\t<span class=\"elementor-button-text\">Jetzt anmelden<\/span>\n\t\t\t\t\t<\/span>\n\t\t\t\t\t<\/a>\n\t\t\t\t<\/div>\n\t\t\t\t\t\t<\/div>\n\t\t\t\t<\/div>\n\t\t\t\t\t<\/div>\n\t\t<\/div>\n\t\t\t\t<div class=\"elementor-column elementor-col-50 elementor-inner-column elementor-element elementor-element-2a523742\" data-id=\"2a523742\" data-element_type=\"column\">\n\t\t\t<div class=\"elementor-widget-wrap\">\n\t\t\t\t\t\t\t<\/div>\n\t\t<\/div>\n\t\t\t\t\t<\/div>\n\t\t<\/section>\n\t\t\t\t<\/div>\n\t\t\t\t<\/div>\n\t\t\t\t<\/div>\n\t\t\t\t<\/div>\n\t\t\t\t\t<\/div>\n\t\t<\/div>\n\t\t\t\t<div class=\"elementor-column elementor-col-33 elementor-top-column elementor-element elementor-element-671a229\" data-id=\"671a229\" data-element_type=\"column\" data-settings=\"{&quot;background_background&quot;:&quot;classic&quot;}\">\n\t\t\t<div class=\"elementor-widget-wrap elementor-element-populated\">\n\t\t\t\t\t\t<div class=\"elementor-element elementor-element-7ab760e elementor-widget elementor-widget-template\" data-id=\"7ab760e\" data-element_type=\"widget\" data-widget_type=\"template.default\">\n\t\t\t\t<div class=\"elementor-widget-container\">\n\t\t\t\t\t<div class=\"elementor-template\">\n\t\t\t\t\t<div data-elementor-type=\"section\" data-elementor-id=\"325\" class=\"elementor elementor-325\" data-elementor-post-type=\"elementor_library\">\n\t\t\t\t\t<section class=\"elementor-section elementor-inner-section elementor-element elementor-element-46b98739 elementor-section-full_width elementor-section-content-middle elementor-section-height-default elementor-section-height-default\" data-id=\"46b98739\" data-element_type=\"section\" data-settings=\"{&quot;background_background&quot;:&quot;classic&quot;}\">\n\t\t\t\t\t\t<div class=\"elementor-container elementor-column-gap-no\">\n\t\t\t\t\t<div class=\"elementor-column elementor-col-50 elementor-inner-column elementor-element elementor-element-3f94e919\" data-id=\"3f94e919\" data-element_type=\"column\">\n\t\t\t<div class=\"elementor-widget-wrap elementor-element-populated\">\n\t\t\t\t\t\t<div class=\"elementor-element elementor-element-5cfc1b0 elementor-widget elementor-widget-global-members\" data-id=\"5cfc1b0\" data-element_type=\"widget\" data-widget_type=\"global-members.default\">\n\t\t\t\t<div class=\"elementor-widget-container\">\n\t\t\t<div class=\"members-container\"><div class=\"members_headline\"><h2>1939<\/h2><\/div><\/div>\t\t<\/div>\n\t\t\t\t<\/div>\n\t\t\t\t<div class=\"elementor-element elementor-element-533580b7 elementor-widget elementor-widget-heading\" data-id=\"533580b7\" data-element_type=\"widget\" data-widget_type=\"heading.default\">\n\t\t\t\t<div class=\"elementor-widget-container\">\n\t\t\t<h2 class=\"elementor-heading-title elementor-size-default\">Mitglieder<\/h2>\t\t<\/div>\n\t\t\t\t<\/div>\n\t\t\t\t\t<\/div>\n\t\t<\/div>\n\t\t\t\t<div class=\"elementor-column elementor-col-50 elementor-inner-column elementor-element elementor-element-2b9f932d\" data-id=\"2b9f932d\" data-element_type=\"column\" data-settings=\"{&quot;background_background&quot;:&quot;classic&quot;}\">\n\t\t\t<div class=\"elementor-widget-wrap elementor-element-populated\">\n\t\t\t\t\t\t<div class=\"elementor-element elementor-element-16e1188 elementor-align-left elementor-tablet-align-center elementor-mobile-align-center elementor-widget elementor-widget-button\" data-id=\"16e1188\" data-element_type=\"widget\" data-widget_type=\"button.default\">\n\t\t\t\t<div class=\"elementor-widget-container\">\n\t\t\t\t\t\t\t<div class=\"elementor-button-wrapper\">\n\t\t\t\t\t<a class=\"elementor-button elementor-button-link elementor-size-sm\" href=\"https:\/\/djk-dom-minden.de\/aufnahmeantrag\/\">\n\t\t\t\t\t\t<span class=\"elementor-button-content-wrapper\">\n\t\t\t\t\t\t\t\t\t<span class=\"elementor-button-text\">Jetzt Mitglied werden<\/span>\n\t\t\t\t\t<\/span>\n\t\t\t\t\t<\/a>\n\t\t\t\t<\/div>\n\t\t\t\t\t\t<\/div>\n\t\t\t\t<\/div>\n\t\t\t\t\t<\/div>\n\t\t<\/div>\n\t\t\t\t\t<\/div>\n\t\t<\/section>\n\t\t\t\t<\/div>\n\t\t\t\t<\/div>\n\t\t\t\t<\/div>\n\t\t\t\t<\/div>\n\t\t\t\t\t<\/div>\n\t\t<\/div>\n\t\t\t\t\t<\/div>\n\t\t<\/section>\n\t\t\t\t<section class=\"elementor-section elementor-top-section elementor-element elementor-element-5dafd0a8 elementor-section-full_width elementor-section-height-default elementor-section-height-default\" data-id=\"5dafd0a8\" data-element_type=\"section\">\n\t\t\t\t\t\t<div class=\"elementor-container elementor-column-gap-no\">\n\t\t\t\t\t<div class=\"elementor-column elementor-col-100 elementor-top-column elementor-element elementor-element-3679eb37\" data-id=\"3679eb37\" data-element_type=\"column\">\n\t\t\t<div class=\"elementor-widget-wrap elementor-element-populated\">\n\t\t\t\t\t\t<div class=\"elementor-element elementor-element-22fb6aaf elementor-widget elementor-widget-heading\" data-id=\"22fb6aaf\" data-element_type=\"widget\" data-widget_type=\"heading.default\">\n\t\t\t\t<div class=\"elementor-widget-container\">\n\t\t\t<h1 class=\"elementor-heading-title elementor-size-default\">Aktuelle News<\/h1>\t\t<\/div>\n\t\t\t\t<\/div>\n\t\t\t\t<div class=\"elementor-element elementor-element-728c9645 elementor-widget elementor-widget-global-news-overview\" data-id=\"728c9645\" data-element_type=\"widget\" data-widget_type=\"global-news-overview.default\">\n\t\t\t\t<div class=\"elementor-widget-container\">\n\t\t\t<div class=\"grid\"><figure class=\"effect-jazz\"><img data-src=\"https:\/\/djk-dom-minden.de\/second-hand\/wp-content\/uploads\/2014\/01\/secondhandbasar_teaser-100x33.jpg\" class=\"lazyload\" data-srcset=\"https:\/\/djk-dom-minden.de\/second-hand\/wp-content\/uploads\/2014\/01\/secondhandbasar_teaser-300x98.jpg 300w, https:\/\/djk-dom-minden.de\/second-hand\/wp-content\/uploads\/2014\/01\/secondhandbasar_teaser-1024x333.jpg 1024w, https:\/\/djk-dom-minden.de\/second-hand\/wp-content\/uploads\/2014\/01\/secondhandbasar_teaser-150x150.jpg 150w, https:\/\/djk-dom-minden.de\/second-hand\/wp-content\/uploads\/2014\/01\/secondhandbasar_teaser-768x250.jpg 768w, https:\/\/djk-dom-minden.de\/second-hand\/wp-content\/uploads\/2014\/01\/secondhandbasar_teaser-1536x499.jpg 1536w, https:\/\/djk-dom-minden.de\/second-hand\/wp-content\/uploads\/2014\/01\/secondhandbasar_teaser-1200x390.jpg 1200w, https:\/\/djk-dom-minden.de\/second-hand\/wp-content\/uploads\/2014\/01\/secondhandbasar_teaser-1100x358.jpg 1100w, https:\/\/djk-dom-minden.de\/second-hand\/wp-content\/uploads\/2014\/01\/secondhandbasar_teaser-1000x325.jpg 1000w, https:\/\/djk-dom-minden.de\/second-hand\/wp-content\/uploads\/2014\/01\/secondhandbasar_teaser-900x293.jpg 900w, https:\/\/djk-dom-minden.de\/second-hand\/wp-content\/uploads\/2014\/01\/secondhandbasar_teaser-800x260.jpg 800w, https:\/\/djk-dom-minden.de\/second-hand\/wp-content\/uploads\/2014\/01\/secondhandbasar_teaser-700x228.jpg 700w, https:\/\/djk-dom-minden.de\/second-hand\/wp-content\/uploads\/2014\/01\/secondhandbasar_teaser-600x195.jpg 600w, https:\/\/djk-dom-minden.de\/second-hand\/wp-content\/uploads\/2014\/01\/secondhandbasar_teaser-500x163.jpg 500w, https:\/\/djk-dom-minden.de\/second-hand\/wp-content\/uploads\/2014\/01\/secondhandbasar_teaser-400x130.jpg 400w, https:\/\/djk-dom-minden.de\/second-hand\/wp-content\/uploads\/2014\/01\/secondhandbasar_teaser-300x98.jpg 300w, https:\/\/djk-dom-minden.de\/second-hand\/wp-content\/uploads\/2014\/01\/secondhandbasar_teaser-200x65.jpg 200w, https:\/\/djk-dom-minden.de\/second-hand\/wp-content\/uploads\/2014\/01\/secondhandbasar_teaser-100x33.jpg 100w\" data-sizes=\"auto\"\/><a href=\"https:\/\/djk-dom-minden.de\/second-hand\/news\/43-second-hand-basar-informationen\" target=\"_self\"><figcaption><div class=\"fig-item\"><span class=\"title\"><h3>43. Second Hand Basar Informationen...<\/h3><\/span><span class=\"date\"><h5>30.01.2014<\/h5><\/span><\/div><\/figcaption><\/a><\/figure><figure class=\"effect-jazz\"><img data-src=\"https:\/\/djk-dom-minden.de\/second-hand\/wp-content\/uploads\/2014\/01\/secondhandbasar_teaser-100x33.jpg\" class=\"lazyload\" data-srcset=\"https:\/\/djk-dom-minden.de\/second-hand\/wp-content\/uploads\/2014\/01\/secondhandbasar_teaser-300x98.jpg 300w, https:\/\/djk-dom-minden.de\/second-hand\/wp-content\/uploads\/2014\/01\/secondhandbasar_teaser-1024x333.jpg 1024w, https:\/\/djk-dom-minden.de\/second-hand\/wp-content\/uploads\/2014\/01\/secondhandbasar_teaser-150x150.jpg 150w, https:\/\/djk-dom-minden.de\/second-hand\/wp-content\/uploads\/2014\/01\/secondhandbasar_teaser-768x250.jpg 768w, https:\/\/djk-dom-minden.de\/second-hand\/wp-content\/uploads\/2014\/01\/secondhandbasar_teaser-1536x499.jpg 1536w, https:\/\/djk-dom-minden.de\/second-hand\/wp-content\/uploads\/2014\/01\/secondhandbasar_teaser-1200x390.jpg 1200w, https:\/\/djk-dom-minden.de\/second-hand\/wp-content\/uploads\/2014\/01\/secondhandbasar_teaser-1100x358.jpg 1100w, https:\/\/djk-dom-minden.de\/second-hand\/wp-content\/uploads\/2014\/01\/secondhandbasar_teaser-1000x325.jpg 1000w, https:\/\/djk-dom-minden.de\/second-hand\/wp-content\/uploads\/2014\/01\/secondhandbasar_teaser-900x293.jpg 900w, https:\/\/djk-dom-minden.de\/second-hand\/wp-content\/uploads\/2014\/01\/secondhandbasar_teaser-800x260.jpg 800w, https:\/\/djk-dom-minden.de\/second-hand\/wp-content\/uploads\/2014\/01\/secondhandbasar_teaser-700x228.jpg 700w, https:\/\/djk-dom-minden.de\/second-hand\/wp-content\/uploads\/2014\/01\/secondhandbasar_teaser-600x195.jpg 600w, https:\/\/djk-dom-minden.de\/second-hand\/wp-content\/uploads\/2014\/01\/secondhandbasar_teaser-500x163.jpg 500w, https:\/\/djk-dom-minden.de\/second-hand\/wp-content\/uploads\/2014\/01\/secondhandbasar_teaser-400x130.jpg 400w, https:\/\/djk-dom-minden.de\/second-hand\/wp-content\/uploads\/2014\/01\/secondhandbasar_teaser-300x98.jpg 300w, https:\/\/djk-dom-minden.de\/second-hand\/wp-content\/uploads\/2014\/01\/secondhandbasar_teaser-200x65.jpg 200w, https:\/\/djk-dom-minden.de\/second-hand\/wp-content\/uploads\/2014\/01\/secondhandbasar_teaser-100x33.jpg 100w\" data-sizes=\"auto\"\/><a href=\"https:\/\/djk-dom-minden.de\/second-hand\/news\/45-second-hand-basar-informationen\" target=\"_self\"><figcaption><div class=\"fig-item\"><span class=\"title\"><h3>45. Second Hand Basar Informationen...<\/h3><\/span><span class=\"date\"><h5>10.01.2015<\/h5><\/span><\/div><\/figcaption><\/a><\/figure><figure class=\"effect-jazz\"><img data-src=\"https:\/\/djk-dom-minden.de\/second-hand\/wp-content\/uploads\/2014\/01\/secondhandbasar_teaser-100x33.jpg\" class=\"lazyload\" data-srcset=\"https:\/\/djk-dom-minden.de\/second-hand\/wp-content\/uploads\/2014\/01\/secondhandbasar_teaser-300x98.jpg 300w, https:\/\/djk-dom-minden.de\/second-hand\/wp-content\/uploads\/2014\/01\/secondhandbasar_teaser-1024x333.jpg 1024w, https:\/\/djk-dom-minden.de\/second-hand\/wp-content\/uploads\/2014\/01\/secondhandbasar_teaser-150x150.jpg 150w, https:\/\/djk-dom-minden.de\/second-hand\/wp-content\/uploads\/2014\/01\/secondhandbasar_teaser-768x250.jpg 768w, https:\/\/djk-dom-minden.de\/second-hand\/wp-content\/uploads\/2014\/01\/secondhandbasar_teaser-1536x499.jpg 1536w, https:\/\/djk-dom-minden.de\/second-hand\/wp-content\/uploads\/2014\/01\/secondhandbasar_teaser-1200x390.jpg 1200w, https:\/\/djk-dom-minden.de\/second-hand\/wp-content\/uploads\/2014\/01\/secondhandbasar_teaser-1100x358.jpg 1100w, https:\/\/djk-dom-minden.de\/second-hand\/wp-content\/uploads\/2014\/01\/secondhandbasar_teaser-1000x325.jpg 1000w, https:\/\/djk-dom-minden.de\/second-hand\/wp-content\/uploads\/2014\/01\/secondhandbasar_teaser-900x293.jpg 900w, https:\/\/djk-dom-minden.de\/second-hand\/wp-content\/uploads\/2014\/01\/secondhandbasar_teaser-800x260.jpg 800w, https:\/\/djk-dom-minden.de\/second-hand\/wp-content\/uploads\/2014\/01\/secondhandbasar_teaser-700x228.jpg 700w, https:\/\/djk-dom-minden.de\/second-hand\/wp-content\/uploads\/2014\/01\/secondhandbasar_teaser-600x195.jpg 600w, https:\/\/djk-dom-minden.de\/second-hand\/wp-content\/uploads\/2014\/01\/secondhandbasar_teaser-500x163.jpg 500w, https:\/\/djk-dom-minden.de\/second-hand\/wp-content\/uploads\/2014\/01\/secondhandbasar_teaser-400x130.jpg 400w, https:\/\/djk-dom-minden.de\/second-hand\/wp-content\/uploads\/2014\/01\/secondhandbasar_teaser-300x98.jpg 300w, https:\/\/djk-dom-minden.de\/second-hand\/wp-content\/uploads\/2014\/01\/secondhandbasar_teaser-200x65.jpg 200w, https:\/\/djk-dom-minden.de\/second-hand\/wp-content\/uploads\/2014\/01\/secondhandbasar_teaser-100x33.jpg 100w\" data-sizes=\"auto\"\/><a href=\"https:\/\/djk-dom-minden.de\/second-hand\/news\/46-second-hand-basar-informationen\" target=\"_self\"><figcaption><div class=\"fig-item\"><span class=\"title\"><h3>46. Second Hand Basar Informationen...<\/h3><\/span><span class=\"date\"><h5>29.06.2015<\/h5><\/span><\/div><\/figcaption><\/a><\/figure><figure class=\"effect-jazz\"><img data-src=\"https:\/\/djk-dom-minden.de\/second-hand\/wp-content\/uploads\/2014\/01\/secondhandbasar_teaser-100x33.jpg\" class=\"lazyload\" data-srcset=\"https:\/\/djk-dom-minden.de\/second-hand\/wp-content\/uploads\/2014\/01\/secondhandbasar_teaser-300x98.jpg 300w, https:\/\/djk-dom-minden.de\/second-hand\/wp-content\/uploads\/2014\/01\/secondhandbasar_teaser-1024x333.jpg 1024w, https:\/\/djk-dom-minden.de\/second-hand\/wp-content\/uploads\/2014\/01\/secondhandbasar_teaser-150x150.jpg 150w, https:\/\/djk-dom-minden.de\/second-hand\/wp-content\/uploads\/2014\/01\/secondhandbasar_teaser-768x250.jpg 768w, https:\/\/djk-dom-minden.de\/second-hand\/wp-content\/uploads\/2014\/01\/secondhandbasar_teaser-1536x499.jpg 1536w, https:\/\/djk-dom-minden.de\/second-hand\/wp-content\/uploads\/2014\/01\/secondhandbasar_teaser-1200x390.jpg 1200w, https:\/\/djk-dom-minden.de\/second-hand\/wp-content\/uploads\/2014\/01\/secondhandbasar_teaser-1100x358.jpg 1100w, https:\/\/djk-dom-minden.de\/second-hand\/wp-content\/uploads\/2014\/01\/secondhandbasar_teaser-1000x325.jpg 1000w, https:\/\/djk-dom-minden.de\/second-hand\/wp-content\/uploads\/2014\/01\/secondhandbasar_teaser-900x293.jpg 900w, https:\/\/djk-dom-minden.de\/second-hand\/wp-content\/uploads\/2014\/01\/secondhandbasar_teaser-800x260.jpg 800w, https:\/\/djk-dom-minden.de\/second-hand\/wp-content\/uploads\/2014\/01\/secondhandbasar_teaser-700x228.jpg 700w, https:\/\/djk-dom-minden.de\/second-hand\/wp-content\/uploads\/2014\/01\/secondhandbasar_teaser-600x195.jpg 600w, https:\/\/djk-dom-minden.de\/second-hand\/wp-content\/uploads\/2014\/01\/secondhandbasar_teaser-500x163.jpg 500w, https:\/\/djk-dom-minden.de\/second-hand\/wp-content\/uploads\/2014\/01\/secondhandbasar_teaser-400x130.jpg 400w, https:\/\/djk-dom-minden.de\/second-hand\/wp-content\/uploads\/2014\/01\/secondhandbasar_teaser-300x98.jpg 300w, https:\/\/djk-dom-minden.de\/second-hand\/wp-content\/uploads\/2014\/01\/secondhandbasar_teaser-200x65.jpg 200w, https:\/\/djk-dom-minden.de\/second-hand\/wp-content\/uploads\/2014\/01\/secondhandbasar_teaser-100x33.jpg 100w\" data-sizes=\"auto\"\/><a href=\"https:\/\/djk-dom-minden.de\/second-hand\/news\/basar56\" target=\"_self\"><figcaption><div class=\"fig-item\"><span class=\"title\"><h3>56. Second-Hand Basar<\/h3><\/span><span class=\"date\"><h5>10.08.2021<\/h5><\/span><\/div><\/figcaption><\/a><\/figure><figure class=\"effect-jazz\"><img data-src=\"https:\/\/djk-dom-minden.de\/second-hand\/wp-content\/uploads\/2016\/02\/47Secondhandbasar-2016-45-100x67.jpeg\" class=\"lazyload\" data-srcset=\"https:\/\/djk-dom-minden.de\/second-hand\/wp-content\/uploads\/2016\/02\/47Secondhandbasar-2016-45-300x200.jpeg 300w, https:\/\/djk-dom-minden.de\/second-hand\/wp-content\/uploads\/2016\/02\/47Secondhandbasar-2016-45-150x150.jpeg 150w, https:\/\/djk-dom-minden.de\/second-hand\/wp-content\/uploads\/2016\/02\/47Secondhandbasar-2016-45-600x399.jpeg 600w, https:\/\/djk-dom-minden.de\/second-hand\/wp-content\/uploads\/2016\/02\/47Secondhandbasar-2016-45-500x333.jpeg 500w, https:\/\/djk-dom-minden.de\/second-hand\/wp-content\/uploads\/2016\/02\/47Secondhandbasar-2016-45-400x266.jpeg 400w, https:\/\/djk-dom-minden.de\/second-hand\/wp-content\/uploads\/2016\/02\/47Secondhandbasar-2016-45-300x200.jpeg 300w, https:\/\/djk-dom-minden.de\/second-hand\/wp-content\/uploads\/2016\/02\/47Secondhandbasar-2016-45-200x133.jpeg 200w, https:\/\/djk-dom-minden.de\/second-hand\/wp-content\/uploads\/2016\/02\/47Secondhandbasar-2016-45-100x67.jpeg 100w\" data-sizes=\"auto\"\/><a href=\"https:\/\/djk-dom-minden.de\/second-hand\/news\/47-second-hand-basar-2016\" target=\"_self\"><figcaption><div class=\"fig-item\"><span class=\"title\"><h3>47. Second Hand Basar 2016<\/h3><\/span><span class=\"date\"><h5>21.02.2016<\/h5><\/span><\/div><\/figcaption><\/a><\/figure><figure class=\"effect-jazz\"><img data-src=\"https:\/\/djk-dom-minden.de\/second-hand\/wp-content\/uploads\/2015\/09\/46Secondhandbasar-2015-501-100x67.jpeg\" class=\"lazyload\" data-srcset=\"https:\/\/djk-dom-minden.de\/second-hand\/wp-content\/uploads\/2015\/09\/46Secondhandbasar-2015-501-300x200.jpeg 300w, https:\/\/djk-dom-minden.de\/second-hand\/wp-content\/uploads\/2015\/09\/46Secondhandbasar-2015-501-150x150.jpeg 150w, https:\/\/djk-dom-minden.de\/second-hand\/wp-content\/uploads\/2015\/09\/46Secondhandbasar-2015-501-600x399.jpeg 600w, https:\/\/djk-dom-minden.de\/second-hand\/wp-content\/uploads\/2015\/09\/46Secondhandbasar-2015-501-500x333.jpeg 500w, https:\/\/djk-dom-minden.de\/second-hand\/wp-content\/uploads\/2015\/09\/46Secondhandbasar-2015-501-400x266.jpeg 400w, https:\/\/djk-dom-minden.de\/second-hand\/wp-content\/uploads\/2015\/09\/46Secondhandbasar-2015-501-300x200.jpeg 300w, https:\/\/djk-dom-minden.de\/second-hand\/wp-content\/uploads\/2015\/09\/46Secondhandbasar-2015-501-200x133.jpeg 200w, https:\/\/djk-dom-minden.de\/second-hand\/wp-content\/uploads\/2015\/09\/46Secondhandbasar-2015-501-100x67.jpeg 100w\" data-sizes=\"auto\"\/><a href=\"https:\/\/djk-dom-minden.de\/second-hand\/news\/46-second-hand-basar-2015\" target=\"_self\"><figcaption><div class=\"fig-item\"><span class=\"title\"><h3>46. Second Hand Basar 2015<\/h3><\/span><span class=\"date\"><h5>13.09.2015<\/h5><\/span><\/div><\/figcaption><\/a><\/figure><figure class=\"effect-jazz\"><img data-src=\"https:\/\/djk-dom-minden.de\/second-hand\/wp-content\/uploads\/2015\/09\/46Secondhandbasar-2015-111-100x67.jpeg\" class=\"lazyload\" data-srcset=\"https:\/\/djk-dom-minden.de\/second-hand\/wp-content\/uploads\/2015\/09\/46Secondhandbasar-2015-111-300x200.jpeg 300w, https:\/\/djk-dom-minden.de\/second-hand\/wp-content\/uploads\/2015\/09\/46Secondhandbasar-2015-111-150x150.jpeg 150w, https:\/\/djk-dom-minden.de\/second-hand\/wp-content\/uploads\/2015\/09\/46Secondhandbasar-2015-111-600x399.jpeg 600w, https:\/\/djk-dom-minden.de\/second-hand\/wp-content\/uploads\/2015\/09\/46Secondhandbasar-2015-111-500x333.jpeg 500w, https:\/\/djk-dom-minden.de\/second-hand\/wp-content\/uploads\/2015\/09\/46Secondhandbasar-2015-111-400x266.jpeg 400w, https:\/\/djk-dom-minden.de\/second-hand\/wp-content\/uploads\/2015\/09\/46Secondhandbasar-2015-111-300x200.jpeg 300w, https:\/\/djk-dom-minden.de\/second-hand\/wp-content\/uploads\/2015\/09\/46Secondhandbasar-2015-111-200x133.jpeg 200w, https:\/\/djk-dom-minden.de\/second-hand\/wp-content\/uploads\/2015\/09\/46Secondhandbasar-2015-111-100x67.jpeg 100w\" data-sizes=\"auto\"\/><a href=\"https:\/\/djk-dom-minden.de\/second-hand\/news\/59-second-hand-basar\" target=\"_self\"><figcaption><div class=\"fig-item\"><span class=\"title\"><h3>59. Second Hand Basar<\/h3><\/span><span class=\"date\"><h5>18.01.2023<\/h5><\/span><\/div><\/figcaption><\/a><\/figure><figure class=\"effect-jazz\"><img data-src=\"https:\/\/djk-dom-minden.de\/second-hand\/wp-content\/uploads\/2014\/01\/secondhandbasar_teaser-100x33.jpg\" class=\"lazyload\" data-srcset=\"https:\/\/djk-dom-minden.de\/second-hand\/wp-content\/uploads\/2014\/01\/secondhandbasar_teaser-300x98.jpg 300w, https:\/\/djk-dom-minden.de\/second-hand\/wp-content\/uploads\/2014\/01\/secondhandbasar_teaser-1024x333.jpg 1024w, https:\/\/djk-dom-minden.de\/second-hand\/wp-content\/uploads\/2014\/01\/secondhandbasar_teaser-150x150.jpg 150w, https:\/\/djk-dom-minden.de\/second-hand\/wp-content\/uploads\/2014\/01\/secondhandbasar_teaser-768x250.jpg 768w, https:\/\/djk-dom-minden.de\/second-hand\/wp-content\/uploads\/2014\/01\/secondhandbasar_teaser-1536x499.jpg 1536w, https:\/\/djk-dom-minden.de\/second-hand\/wp-content\/uploads\/2014\/01\/secondhandbasar_teaser-1200x390.jpg 1200w, https:\/\/djk-dom-minden.de\/second-hand\/wp-content\/uploads\/2014\/01\/secondhandbasar_teaser-1100x358.jpg 1100w, https:\/\/djk-dom-minden.de\/second-hand\/wp-content\/uploads\/2014\/01\/secondhandbasar_teaser-1000x325.jpg 1000w, https:\/\/djk-dom-minden.de\/second-hand\/wp-content\/uploads\/2014\/01\/secondhandbasar_teaser-900x293.jpg 900w, https:\/\/djk-dom-minden.de\/second-hand\/wp-content\/uploads\/2014\/01\/secondhandbasar_teaser-800x260.jpg 800w, https:\/\/djk-dom-minden.de\/second-hand\/wp-content\/uploads\/2014\/01\/secondhandbasar_teaser-700x228.jpg 700w, https:\/\/djk-dom-minden.de\/second-hand\/wp-content\/uploads\/2014\/01\/secondhandbasar_teaser-600x195.jpg 600w, https:\/\/djk-dom-minden.de\/second-hand\/wp-content\/uploads\/2014\/01\/secondhandbasar_teaser-500x163.jpg 500w, https:\/\/djk-dom-minden.de\/second-hand\/wp-content\/uploads\/2014\/01\/secondhandbasar_teaser-400x130.jpg 400w, https:\/\/djk-dom-minden.de\/second-hand\/wp-content\/uploads\/2014\/01\/secondhandbasar_teaser-300x98.jpg 300w, https:\/\/djk-dom-minden.de\/second-hand\/wp-content\/uploads\/2014\/01\/secondhandbasar_teaser-200x65.jpg 200w, https:\/\/djk-dom-minden.de\/second-hand\/wp-content\/uploads\/2014\/01\/secondhandbasar_teaser-100x33.jpg 100w\" data-sizes=\"auto\"\/><a href=\"https:\/\/djk-dom-minden.de\/second-hand\/news\/48-second-hand-basar-informationen\" target=\"_self\"><figcaption><div class=\"fig-item\"><span class=\"title\"><h3>48. Second Hand Basar Informationen...<\/h3><\/span><span class=\"date\"><h5>31.08.2016<\/h5><\/span><\/div><\/figcaption><\/a><\/figure><figure class=\"effect-jazz\"><img data-src=\"https:\/\/djk-dom-minden.de\/second-hand\/wp-content\/uploads\/2016\/05\/sommerfest_teaser-100x33.jpg\" class=\"lazyload\" data-srcset=\"https:\/\/djk-dom-minden.de\/second-hand\/wp-content\/uploads\/2016\/05\/sommerfest_teaser-300x98.jpg 300w, https:\/\/djk-dom-minden.de\/second-hand\/wp-content\/uploads\/2016\/05\/sommerfest_teaser-1024x333.jpg 1024w, https:\/\/djk-dom-minden.de\/second-hand\/wp-content\/uploads\/2016\/05\/sommerfest_teaser-150x150.jpg 150w, https:\/\/djk-dom-minden.de\/second-hand\/wp-content\/uploads\/2016\/05\/sommerfest_teaser-768x250.jpg 768w, https:\/\/djk-dom-minden.de\/second-hand\/wp-content\/uploads\/2016\/05\/sommerfest_teaser-1536x499.jpg 1536w, https:\/\/djk-dom-minden.de\/second-hand\/wp-content\/uploads\/2016\/05\/sommerfest_teaser-1200x390.jpg 1200w, https:\/\/djk-dom-minden.de\/second-hand\/wp-content\/uploads\/2016\/05\/sommerfest_teaser-1100x358.jpg 1100w, https:\/\/djk-dom-minden.de\/second-hand\/wp-content\/uploads\/2016\/05\/sommerfest_teaser-1000x325.jpg 1000w, https:\/\/djk-dom-minden.de\/second-hand\/wp-content\/uploads\/2016\/05\/sommerfest_teaser-900x293.jpg 900w, https:\/\/djk-dom-minden.de\/second-hand\/wp-content\/uploads\/2016\/05\/sommerfest_teaser-800x260.jpg 800w, https:\/\/djk-dom-minden.de\/second-hand\/wp-content\/uploads\/2016\/05\/sommerfest_teaser-700x228.jpg 700w, https:\/\/djk-dom-minden.de\/second-hand\/wp-content\/uploads\/2016\/05\/sommerfest_teaser-600x195.jpg 600w, https:\/\/djk-dom-minden.de\/second-hand\/wp-content\/uploads\/2016\/05\/sommerfest_teaser-500x163.jpg 500w, https:\/\/djk-dom-minden.de\/second-hand\/wp-content\/uploads\/2016\/05\/sommerfest_teaser-400x130.jpg 400w, https:\/\/djk-dom-minden.de\/second-hand\/wp-content\/uploads\/2016\/05\/sommerfest_teaser-300x98.jpg 300w, https:\/\/djk-dom-minden.de\/second-hand\/wp-content\/uploads\/2016\/05\/sommerfest_teaser-200x65.jpg 200w, https:\/\/djk-dom-minden.de\/second-hand\/wp-content\/uploads\/2016\/05\/sommerfest_teaser-100x33.jpg 100w\" data-sizes=\"auto\"\/><a href=\"https:\/\/djk-dom-minden.de\/second-hand\/news\/second-hand-basar-auf-dem-sommerfest-2015-informationen\" target=\"_self\"><figcaption><div class=\"fig-item\"><span class=\"title\"><h3>Second Hand Basar auf dem Sommerfest...<\/h3><\/span><span class=\"date\"><h5>17.05.2015<\/h5><\/span><\/div><\/figcaption><\/a><\/figure><figure class=\"effect-jazz\"><img data-src=\"https:\/\/djk-dom-minden.de\/second-hand\/wp-content\/uploads\/2016\/05\/sommerfest_teaser-100x33.jpg\" class=\"lazyload\" data-srcset=\"https:\/\/djk-dom-minden.de\/second-hand\/wp-content\/uploads\/2016\/05\/sommerfest_teaser-300x98.jpg 300w, https:\/\/djk-dom-minden.de\/second-hand\/wp-content\/uploads\/2016\/05\/sommerfest_teaser-1024x333.jpg 1024w, https:\/\/djk-dom-minden.de\/second-hand\/wp-content\/uploads\/2016\/05\/sommerfest_teaser-150x150.jpg 150w, https:\/\/djk-dom-minden.de\/second-hand\/wp-content\/uploads\/2016\/05\/sommerfest_teaser-768x250.jpg 768w, https:\/\/djk-dom-minden.de\/second-hand\/wp-content\/uploads\/2016\/05\/sommerfest_teaser-1536x499.jpg 1536w, https:\/\/djk-dom-minden.de\/second-hand\/wp-content\/uploads\/2016\/05\/sommerfest_teaser-1200x390.jpg 1200w, https:\/\/djk-dom-minden.de\/second-hand\/wp-content\/uploads\/2016\/05\/sommerfest_teaser-1100x358.jpg 1100w, https:\/\/djk-dom-minden.de\/second-hand\/wp-content\/uploads\/2016\/05\/sommerfest_teaser-1000x325.jpg 1000w, https:\/\/djk-dom-minden.de\/second-hand\/wp-content\/uploads\/2016\/05\/sommerfest_teaser-900x293.jpg 900w, https:\/\/djk-dom-minden.de\/second-hand\/wp-content\/uploads\/2016\/05\/sommerfest_teaser-800x260.jpg 800w, https:\/\/djk-dom-minden.de\/second-hand\/wp-content\/uploads\/2016\/05\/sommerfest_teaser-700x228.jpg 700w, https:\/\/djk-dom-minden.de\/second-hand\/wp-content\/uploads\/2016\/05\/sommerfest_teaser-600x195.jpg 600w, https:\/\/djk-dom-minden.de\/second-hand\/wp-content\/uploads\/2016\/05\/sommerfest_teaser-500x163.jpg 500w, https:\/\/djk-dom-minden.de\/second-hand\/wp-content\/uploads\/2016\/05\/sommerfest_teaser-400x130.jpg 400w, https:\/\/djk-dom-minden.de\/second-hand\/wp-content\/uploads\/2016\/05\/sommerfest_teaser-300x98.jpg 300w, https:\/\/djk-dom-minden.de\/second-hand\/wp-content\/uploads\/2016\/05\/sommerfest_teaser-200x65.jpg 200w, https:\/\/djk-dom-minden.de\/second-hand\/wp-content\/uploads\/2016\/05\/sommerfest_teaser-100x33.jpg 100w\" data-sizes=\"auto\"\/><a href=\"https:\/\/djk-dom-minden.de\/second-hand\/news\/second-hand-basar-auf-dem-sommerfest-2016-informationen\" target=\"_self\"><figcaption><div class=\"fig-item\"><span class=\"title\"><h3>Second Hand Basar auf dem Sommerfest...<\/h3><\/span><span class=\"date\"><h5>03.05.2016<\/h5><\/span><\/div><\/figcaption><\/a><\/figure><figure class=\"effect-jazz\"><img data-src=\"https:\/\/djk-dom-minden.de\/second-hand\/wp-content\/uploads\/2017\/02\/49Secondhandbasar_2017-100x56.jpg\" class=\"lazyload\" data-srcset=\"https:\/\/djk-dom-minden.de\/second-hand\/wp-content\/uploads\/2017\/02\/49Secondhandbasar_2017-300x169.jpg 300w, https:\/\/djk-dom-minden.de\/second-hand\/wp-content\/uploads\/2017\/02\/49Secondhandbasar_2017-1024x576.jpg 1024w, https:\/\/djk-dom-minden.de\/second-hand\/wp-content\/uploads\/2017\/02\/49Secondhandbasar_2017-150x150.jpg 150w, https:\/\/djk-dom-minden.de\/second-hand\/wp-content\/uploads\/2017\/02\/49Secondhandbasar_2017-768x432.jpg 768w, https:\/\/djk-dom-minden.de\/second-hand\/wp-content\/uploads\/2017\/02\/49Secondhandbasar_2017-1536x864.jpg 1536w, https:\/\/djk-dom-minden.de\/second-hand\/wp-content\/uploads\/2017\/02\/49Secondhandbasar_2017-2048x1152.jpg 2048w, https:\/\/djk-dom-minden.de\/second-hand\/wp-content\/uploads\/2017\/02\/49Secondhandbasar_2017-1200x675.jpg 1200w, https:\/\/djk-dom-minden.de\/second-hand\/wp-content\/uploads\/2017\/02\/49Secondhandbasar_2017-1100x619.jpg 1100w, https:\/\/djk-dom-minden.de\/second-hand\/wp-content\/uploads\/2017\/02\/49Secondhandbasar_2017-1000x563.jpg 1000w, https:\/\/djk-dom-minden.de\/second-hand\/wp-content\/uploads\/2017\/02\/49Secondhandbasar_2017-900x506.jpg 900w, https:\/\/djk-dom-minden.de\/second-hand\/wp-content\/uploads\/2017\/02\/49Secondhandbasar_2017-800x450.jpg 800w, https:\/\/djk-dom-minden.de\/second-hand\/wp-content\/uploads\/2017\/02\/49Secondhandbasar_2017-700x394.jpg 700w, https:\/\/djk-dom-minden.de\/second-hand\/wp-content\/uploads\/2017\/02\/49Secondhandbasar_2017-600x338.jpg 600w, https:\/\/djk-dom-minden.de\/second-hand\/wp-content\/uploads\/2017\/02\/49Secondhandbasar_2017-500x281.jpg 500w, https:\/\/djk-dom-minden.de\/second-hand\/wp-content\/uploads\/2017\/02\/49Secondhandbasar_2017-400x225.jpg 400w, https:\/\/djk-dom-minden.de\/second-hand\/wp-content\/uploads\/2017\/02\/49Secondhandbasar_2017-300x169.jpg 300w, https:\/\/djk-dom-minden.de\/second-hand\/wp-content\/uploads\/2017\/02\/49Secondhandbasar_2017-200x113.jpg 200w, https:\/\/djk-dom-minden.de\/second-hand\/wp-content\/uploads\/2017\/02\/49Secondhandbasar_2017-100x56.jpg 100w\" data-sizes=\"auto\"\/><a href=\"https:\/\/djk-dom-minden.de\/second-hand\/news\/49-second-hand-basar\" target=\"_self\"><figcaption><div class=\"fig-item\"><span class=\"title\"><h3>49. Second Hand Basar<\/h3><\/span><span class=\"date\"><h5>27.02.2017<\/h5><\/span><\/div><\/figcaption><\/a><\/figure><figure class=\"effect-jazz\"><img data-src=\"https:\/\/djk-dom-minden.de\/second-hand\/wp-content\/uploads\/2015\/02\/45Secondhandbasar-2015-41-100x67.jpeg\" class=\"lazyload\" data-srcset=\"https:\/\/djk-dom-minden.de\/second-hand\/wp-content\/uploads\/2015\/02\/45Secondhandbasar-2015-41-300x200.jpeg 300w, https:\/\/djk-dom-minden.de\/second-hand\/wp-content\/uploads\/2015\/02\/45Secondhandbasar-2015-41-150x150.jpeg 150w, https:\/\/djk-dom-minden.de\/second-hand\/wp-content\/uploads\/2015\/02\/45Secondhandbasar-2015-41-600x399.jpeg 600w, https:\/\/djk-dom-minden.de\/second-hand\/wp-content\/uploads\/2015\/02\/45Secondhandbasar-2015-41-500x333.jpeg 500w, https:\/\/djk-dom-minden.de\/second-hand\/wp-content\/uploads\/2015\/02\/45Secondhandbasar-2015-41-400x266.jpeg 400w, https:\/\/djk-dom-minden.de\/second-hand\/wp-content\/uploads\/2015\/02\/45Secondhandbasar-2015-41-300x200.jpeg 300w, https:\/\/djk-dom-minden.de\/second-hand\/wp-content\/uploads\/2015\/02\/45Secondhandbasar-2015-41-200x133.jpeg 200w, https:\/\/djk-dom-minden.de\/second-hand\/wp-content\/uploads\/2015\/02\/45Secondhandbasar-2015-41-100x67.jpeg 100w\" data-sizes=\"auto\"\/><a href=\"https:\/\/djk-dom-minden.de\/second-hand\/news\/45-second-hand-basar-2015\" target=\"_self\"><figcaption><div class=\"fig-item\"><span class=\"title\"><h3>45. Second Hand Basar 2015<\/h3><\/span><span class=\"date\"><h5>26.02.2015<\/h5><\/span><\/div><\/figcaption><\/a><\/figure><figure class=\"effect-jazz\"><img data-src=\"https:\/\/djk-dom-minden.de\/second-hand\/wp-content\/uploads\/2014\/01\/secondhandbasar_teaser-100x33.jpg\" class=\"lazyload\" data-srcset=\"https:\/\/djk-dom-minden.de\/second-hand\/wp-content\/uploads\/2014\/01\/secondhandbasar_teaser-300x98.jpg 300w, https:\/\/djk-dom-minden.de\/second-hand\/wp-content\/uploads\/2014\/01\/secondhandbasar_teaser-1024x333.jpg 1024w, https:\/\/djk-dom-minden.de\/second-hand\/wp-content\/uploads\/2014\/01\/secondhandbasar_teaser-150x150.jpg 150w, https:\/\/djk-dom-minden.de\/second-hand\/wp-content\/uploads\/2014\/01\/secondhandbasar_teaser-768x250.jpg 768w, https:\/\/djk-dom-minden.de\/second-hand\/wp-content\/uploads\/2014\/01\/secondhandbasar_teaser-1536x499.jpg 1536w, https:\/\/djk-dom-minden.de\/second-hand\/wp-content\/uploads\/2014\/01\/secondhandbasar_teaser-1200x390.jpg 1200w, https:\/\/djk-dom-minden.de\/second-hand\/wp-content\/uploads\/2014\/01\/secondhandbasar_teaser-1100x358.jpg 1100w, https:\/\/djk-dom-minden.de\/second-hand\/wp-content\/uploads\/2014\/01\/secondhandbasar_teaser-1000x325.jpg 1000w, https:\/\/djk-dom-minden.de\/second-hand\/wp-content\/uploads\/2014\/01\/secondhandbasar_teaser-900x293.jpg 900w, https:\/\/djk-dom-minden.de\/second-hand\/wp-content\/uploads\/2014\/01\/secondhandbasar_teaser-800x260.jpg 800w, https:\/\/djk-dom-minden.de\/second-hand\/wp-content\/uploads\/2014\/01\/secondhandbasar_teaser-700x228.jpg 700w, https:\/\/djk-dom-minden.de\/second-hand\/wp-content\/uploads\/2014\/01\/secondhandbasar_teaser-600x195.jpg 600w, https:\/\/djk-dom-minden.de\/second-hand\/wp-content\/uploads\/2014\/01\/secondhandbasar_teaser-500x163.jpg 500w, https:\/\/djk-dom-minden.de\/second-hand\/wp-content\/uploads\/2014\/01\/secondhandbasar_teaser-400x130.jpg 400w, https:\/\/djk-dom-minden.de\/second-hand\/wp-content\/uploads\/2014\/01\/secondhandbasar_teaser-300x98.jpg 300w, https:\/\/djk-dom-minden.de\/second-hand\/wp-content\/uploads\/2014\/01\/secondhandbasar_teaser-200x65.jpg 200w, https:\/\/djk-dom-minden.de\/second-hand\/wp-content\/uploads\/2014\/01\/secondhandbasar_teaser-100x33.jpg 100w\" data-sizes=\"auto\"\/><a href=\"https:\/\/djk-dom-minden.de\/second-hand\/news\/44-second-hand-basar-informationen\" target=\"_self\"><figcaption><div class=\"fig-item\"><span class=\"title\"><h3>44. Second Hand Basar Informationen...<\/h3><\/span><span class=\"date\"><h5>24.07.2014<\/h5><\/span><\/div><\/figcaption><\/a><\/figure><figure class=\"effect-jazz\"><img data-src=\"https:\/\/djk-dom-minden.de\/second-hand\/wp-content\/uploads\/2014\/02\/43Second-hand-Basar-77-100x71.jpeg\" class=\"lazyload\" data-srcset=\"https:\/\/djk-dom-minden.de\/second-hand\/wp-content\/uploads\/2014\/02\/43Second-hand-Basar-77-300x212.jpeg 300w, https:\/\/djk-dom-minden.de\/second-hand\/wp-content\/uploads\/2014\/02\/43Second-hand-Basar-77-150x150.jpeg 150w, https:\/\/djk-dom-minden.de\/second-hand\/wp-content\/uploads\/2014\/02\/43Second-hand-Basar-77-600x424.jpeg 600w, https:\/\/djk-dom-minden.de\/second-hand\/wp-content\/uploads\/2014\/02\/43Second-hand-Basar-77-500x353.jpeg 500w, https:\/\/djk-dom-minden.de\/second-hand\/wp-content\/uploads\/2014\/02\/43Second-hand-Basar-77-400x283.jpeg 400w, https:\/\/djk-dom-minden.de\/second-hand\/wp-content\/uploads\/2014\/02\/43Second-hand-Basar-77-300x212.jpeg 300w, https:\/\/djk-dom-minden.de\/second-hand\/wp-content\/uploads\/2014\/02\/43Second-hand-Basar-77-200x141.jpeg 200w, https:\/\/djk-dom-minden.de\/second-hand\/wp-content\/uploads\/2014\/02\/43Second-hand-Basar-77-100x71.jpeg 100w\" data-sizes=\"auto\"\/><a href=\"https:\/\/djk-dom-minden.de\/second-hand\/news\/second-hand-basar-2014\" target=\"_self\"><figcaption><div class=\"fig-item\"><span class=\"title\"><h3>43. Second Hand Basar 2014<\/h3><\/span><span class=\"date\"><h5>26.02.2014<\/h5><\/span><\/div><\/figcaption><\/a><\/figure><figure class=\"effect-jazz\"><img data-src=\"https:\/\/djk-dom-minden.de\/second-hand\/wp-content\/uploads\/2022\/01\/Second-Hand-Basar-57-e1643105218743-100x26.jpg\" class=\"lazyload\" data-srcset=\"https:\/\/djk-dom-minden.de\/second-hand\/wp-content\/uploads\/2022\/01\/Second-Hand-Basar-57-e1643105218743-300x79.jpg 300w, https:\/\/djk-dom-minden.de\/second-hand\/wp-content\/uploads\/2022\/01\/Second-Hand-Basar-57-e1643105218743-1024x271.jpg 1024w, https:\/\/djk-dom-minden.de\/second-hand\/wp-content\/uploads\/2022\/01\/Second-Hand-Basar-57-e1643105218743-150x150.jpg 150w, https:\/\/djk-dom-minden.de\/second-hand\/wp-content\/uploads\/2022\/01\/Second-Hand-Basar-57-e1643105218743-768x203.jpg 768w, https:\/\/djk-dom-minden.de\/second-hand\/wp-content\/uploads\/2022\/01\/Second-Hand-Basar-57-1086x1536.jpg 1086w, https:\/\/djk-dom-minden.de\/second-hand\/wp-content\/uploads\/2022\/01\/Second-Hand-Basar-57-e1643105218743-1100x291.jpg 1100w, https:\/\/djk-dom-minden.de\/second-hand\/wp-content\/uploads\/2022\/01\/Second-Hand-Basar-57-e1643105218743-1000x265.jpg 1000w, https:\/\/djk-dom-minden.de\/second-hand\/wp-content\/uploads\/2022\/01\/Second-Hand-Basar-57-e1643105218743-900x238.jpg 900w, https:\/\/djk-dom-minden.de\/second-hand\/wp-content\/uploads\/2022\/01\/Second-Hand-Basar-57-e1643105218743-800x212.jpg 800w, https:\/\/djk-dom-minden.de\/second-hand\/wp-content\/uploads\/2022\/01\/Second-Hand-Basar-57-e1643105218743-700x185.jpg 700w, https:\/\/djk-dom-minden.de\/second-hand\/wp-content\/uploads\/2022\/01\/Second-Hand-Basar-57-e1643105218743-600x159.jpg 600w, https:\/\/djk-dom-minden.de\/second-hand\/wp-content\/uploads\/2022\/01\/Second-Hand-Basar-57-e1643105218743-500x132.jpg 500w, https:\/\/djk-dom-minden.de\/second-hand\/wp-content\/uploads\/2022\/01\/Second-Hand-Basar-57-e1643105218743-400x106.jpg 400w, https:\/\/djk-dom-minden.de\/second-hand\/wp-content\/uploads\/2022\/01\/Second-Hand-Basar-57-e1643105218743-300x79.jpg 300w, https:\/\/djk-dom-minden.de\/second-hand\/wp-content\/uploads\/2022\/01\/Second-Hand-Basar-57-e1643105218743-200x53.jpg 200w, https:\/\/djk-dom-minden.de\/second-hand\/wp-content\/uploads\/2022\/01\/Second-Hand-Basar-57-e1643105218743-100x26.jpg 100w\" data-sizes=\"auto\"\/><a href=\"https:\/\/djk-dom-minden.de\/second-hand\/news\/57-second-hand-basar\" target=\"_self\"><figcaption><div class=\"fig-item\"><span class=\"title\"><h3>57. Second-Hand-Basar<\/h3><\/span><span class=\"date\"><h5>25.01.2022<\/h5><\/span><\/div><\/figcaption><\/a><\/figure><figure class=\"effect-jazz\"><img data-src=\"https:\/\/djk-dom-minden.de\/second-hand\/wp-content\/uploads\/2015\/09\/46Secondhandbasar-2015-111-100x67.jpeg\" class=\"lazyload\" data-srcset=\"https:\/\/djk-dom-minden.de\/second-hand\/wp-content\/uploads\/2015\/09\/46Secondhandbasar-2015-111-300x200.jpeg 300w, https:\/\/djk-dom-minden.de\/second-hand\/wp-content\/uploads\/2015\/09\/46Secondhandbasar-2015-111-150x150.jpeg 150w, https:\/\/djk-dom-minden.de\/second-hand\/wp-content\/uploads\/2015\/09\/46Secondhandbasar-2015-111-600x399.jpeg 600w, https:\/\/djk-dom-minden.de\/second-hand\/wp-content\/uploads\/2015\/09\/46Secondhandbasar-2015-111-500x333.jpeg 500w, https:\/\/djk-dom-minden.de\/second-hand\/wp-content\/uploads\/2015\/09\/46Secondhandbasar-2015-111-400x266.jpeg 400w, https:\/\/djk-dom-minden.de\/second-hand\/wp-content\/uploads\/2015\/09\/46Secondhandbasar-2015-111-300x200.jpeg 300w, https:\/\/djk-dom-minden.de\/second-hand\/wp-content\/uploads\/2015\/09\/46Secondhandbasar-2015-111-200x133.jpeg 200w, https:\/\/djk-dom-minden.de\/second-hand\/wp-content\/uploads\/2015\/09\/46Secondhandbasar-2015-111-100x67.jpeg 100w\" data-sizes=\"auto\"\/><a href=\"https:\/\/djk-dom-minden.de\/second-hand\/news\/61-second-hand-basar\" target=\"_self\"><figcaption><div class=\"fig-item\"><span class=\"title\"><h3>61. Second Hand Basar<\/h3><\/span><span class=\"date\"><h5>15.01.2024<\/h5><\/span><\/div><\/figcaption><\/a><\/figure><figure class=\"effect-jazz\"><img data-src=\"https:\/\/djk-dom-minden.de\/second-hand\/wp-content\/uploads\/2014\/01\/secondhandbasar_teaser-100x33.jpg\" class=\"lazyload\" data-srcset=\"https:\/\/djk-dom-minden.de\/second-hand\/wp-content\/uploads\/2014\/01\/secondhandbasar_teaser-300x98.jpg 300w, https:\/\/djk-dom-minden.de\/second-hand\/wp-content\/uploads\/2014\/01\/secondhandbasar_teaser-1024x333.jpg 1024w, https:\/\/djk-dom-minden.de\/second-hand\/wp-content\/uploads\/2014\/01\/secondhandbasar_teaser-150x150.jpg 150w, https:\/\/djk-dom-minden.de\/second-hand\/wp-content\/uploads\/2014\/01\/secondhandbasar_teaser-768x250.jpg 768w, https:\/\/djk-dom-minden.de\/second-hand\/wp-content\/uploads\/2014\/01\/secondhandbasar_teaser-1536x499.jpg 1536w, https:\/\/djk-dom-minden.de\/second-hand\/wp-content\/uploads\/2014\/01\/secondhandbasar_teaser-1200x390.jpg 1200w, https:\/\/djk-dom-minden.de\/second-hand\/wp-content\/uploads\/2014\/01\/secondhandbasar_teaser-1100x358.jpg 1100w, https:\/\/djk-dom-minden.de\/second-hand\/wp-content\/uploads\/2014\/01\/secondhandbasar_teaser-1000x325.jpg 1000w, https:\/\/djk-dom-minden.de\/second-hand\/wp-content\/uploads\/2014\/01\/secondhandbasar_teaser-900x293.jpg 900w, https:\/\/djk-dom-minden.de\/second-hand\/wp-content\/uploads\/2014\/01\/secondhandbasar_teaser-800x260.jpg 800w, https:\/\/djk-dom-minden.de\/second-hand\/wp-content\/uploads\/2014\/01\/secondhandbasar_teaser-700x228.jpg 700w, https:\/\/djk-dom-minden.de\/second-hand\/wp-content\/uploads\/2014\/01\/secondhandbasar_teaser-600x195.jpg 600w, https:\/\/djk-dom-minden.de\/second-hand\/wp-content\/uploads\/2014\/01\/secondhandbasar_teaser-500x163.jpg 500w, https:\/\/djk-dom-minden.de\/second-hand\/wp-content\/uploads\/2014\/01\/secondhandbasar_teaser-400x130.jpg 400w, https:\/\/djk-dom-minden.de\/second-hand\/wp-content\/uploads\/2014\/01\/secondhandbasar_teaser-300x98.jpg 300w, https:\/\/djk-dom-minden.de\/second-hand\/wp-content\/uploads\/2014\/01\/secondhandbasar_teaser-200x65.jpg 200w, https:\/\/djk-dom-minden.de\/second-hand\/wp-content\/uploads\/2014\/01\/secondhandbasar_teaser-100x33.jpg 100w\" data-sizes=\"auto\"\/><a href=\"https:\/\/djk-dom-minden.de\/second-hand\/news\/50-second-hand-basar-informationen\" target=\"_self\"><figcaption><div class=\"fig-item\"><span class=\"title\"><h3>50. Second Hand Basar Informationen...<\/h3><\/span><span class=\"date\"><h5>11.08.2018<\/h5><\/span><\/div><\/figcaption><\/a><\/figure><figure class=\"effect-jazz\"><img data-src=\"https:\/\/djk-dom-minden.de\/second-hand\/wp-content\/uploads\/2015\/09\/46Secondhandbasar-2015-51-100x67.jpeg\" class=\"lazyload\" data-srcset=\"https:\/\/djk-dom-minden.de\/second-hand\/wp-content\/uploads\/2015\/09\/46Secondhandbasar-2015-51-300x200.jpeg 300w, https:\/\/djk-dom-minden.de\/second-hand\/wp-content\/uploads\/2015\/09\/46Secondhandbasar-2015-51-150x150.jpeg 150w, https:\/\/djk-dom-minden.de\/second-hand\/wp-content\/uploads\/2015\/09\/46Secondhandbasar-2015-51-600x399.jpeg 600w, https:\/\/djk-dom-minden.de\/second-hand\/wp-content\/uploads\/2015\/09\/46Secondhandbasar-2015-51-500x333.jpeg 500w, https:\/\/djk-dom-minden.de\/second-hand\/wp-content\/uploads\/2015\/09\/46Secondhandbasar-2015-51-400x266.jpeg 400w, https:\/\/djk-dom-minden.de\/second-hand\/wp-content\/uploads\/2015\/09\/46Secondhandbasar-2015-51-300x200.jpeg 300w, https:\/\/djk-dom-minden.de\/second-hand\/wp-content\/uploads\/2015\/09\/46Secondhandbasar-2015-51-200x133.jpeg 200w, https:\/\/djk-dom-minden.de\/second-hand\/wp-content\/uploads\/2015\/09\/46Secondhandbasar-2015-51-100x67.jpeg 100w\" data-sizes=\"auto\"\/><a href=\"https:\/\/djk-dom-minden.de\/second-hand\/news\/58-second-hand-basar\" target=\"_self\"><figcaption><div class=\"fig-item\"><span class=\"title\"><h3>58. Second Hand Basar<\/h3><\/span><span class=\"date\"><h5>21.07.2022<\/h5><\/span><\/div><\/figcaption><\/a><\/figure><figure class=\"effect-jazz\"><img data-src=\"https:\/\/djk-dom-minden.de\/second-hand\/wp-content\/uploads\/2014\/09\/44SecondHandBasar-2014-31-100x67.jpeg\" class=\"lazyload\" data-srcset=\"https:\/\/djk-dom-minden.de\/second-hand\/wp-content\/uploads\/2014\/09\/44SecondHandBasar-2014-31-300x200.jpeg 300w, https:\/\/djk-dom-minden.de\/second-hand\/wp-content\/uploads\/2014\/09\/44SecondHandBasar-2014-31-150x150.jpeg 150w, https:\/\/djk-dom-minden.de\/second-hand\/wp-content\/uploads\/2014\/09\/44SecondHandBasar-2014-31-600x399.jpeg 600w, https:\/\/djk-dom-minden.de\/second-hand\/wp-content\/uploads\/2014\/09\/44SecondHandBasar-2014-31-500x333.jpeg 500w, https:\/\/djk-dom-minden.de\/second-hand\/wp-content\/uploads\/2014\/09\/44SecondHandBasar-2014-31-400x266.jpeg 400w, https:\/\/djk-dom-minden.de\/second-hand\/wp-content\/uploads\/2014\/09\/44SecondHandBasar-2014-31-300x200.jpeg 300w, https:\/\/djk-dom-minden.de\/second-hand\/wp-content\/uploads\/2014\/09\/44SecondHandBasar-2014-31-200x133.jpeg 200w, https:\/\/djk-dom-minden.de\/second-hand\/wp-content\/uploads\/2014\/09\/44SecondHandBasar-2014-31-100x67.jpeg 100w\" data-sizes=\"auto\"\/><a href=\"https:\/\/djk-dom-minden.de\/second-hand\/news\/44-second-hand-basar-2014\" target=\"_self\"><figcaption><div class=\"fig-item\"><span class=\"title\"><h3>44. Second Hand Basar 2014<\/h3><\/span><span class=\"date\"><h5>17.09.2014<\/h5><\/span><\/div><\/figcaption><\/a><\/figure><figure class=\"effect-jazz\"><img data-src=\"https:\/\/djk-dom-minden.de\/second-hand\/wp-content\/uploads\/2018\/09\/50Secondhandbasar-2018-005-100x75.jpg\" class=\"lazyload\" data-srcset=\"https:\/\/djk-dom-minden.de\/second-hand\/wp-content\/uploads\/2018\/09\/50Secondhandbasar-2018-005-300x225.jpg 300w, https:\/\/djk-dom-minden.de\/second-hand\/wp-content\/uploads\/2018\/09\/50Secondhandbasar-2018-005-150x150.jpg 150w, https:\/\/djk-dom-minden.de\/second-hand\/wp-content\/uploads\/2018\/09\/50Secondhandbasar-2018-005-400x300.jpg 400w, https:\/\/djk-dom-minden.de\/second-hand\/wp-content\/uploads\/2018\/09\/50Secondhandbasar-2018-005-300x225.jpg 300w, https:\/\/djk-dom-minden.de\/second-hand\/wp-content\/uploads\/2018\/09\/50Secondhandbasar-2018-005-200x150.jpg 200w, https:\/\/djk-dom-minden.de\/second-hand\/wp-content\/uploads\/2018\/09\/50Secondhandbasar-2018-005-100x75.jpg 100w\" data-sizes=\"auto\"\/><a href=\"https:\/\/djk-dom-minden.de\/second-hand\/news\/50-second-hand-basar\" target=\"_self\"><figcaption><div class=\"fig-item\"><span class=\"title\"><h3>50. Second Hand Basar<\/h3><\/span><span class=\"date\"><h5>11.09.2018<\/h5><\/span><\/div><\/figcaption><\/a><\/figure><\/div>\t\t<\/div>\n\t\t\t\t<\/div>\n\t\t\t\t\t<\/div>\n\t\t<\/div>\n\t\t\t\t\t<\/div>\n\t\t<\/section>\n\t\t\t\t<section class=\"elementor-section elementor-top-section elementor-element elementor-element-d72576f elementor-section-full_width elementor-section-height-default elementor-section-height-default\" data-id=\"d72576f\" data-element_type=\"section\">\n\t\t\t\t\t\t<div class=\"elementor-container elementor-column-gap-default\">\n\t\t\t\t\t<div class=\"elementor-column elementor-col-33 elementor-top-column elementor-element elementor-element-081d032\" data-id=\"081d032\" data-element_type=\"column\">\n\t\t\t<div class=\"elementor-widget-wrap elementor-element-populated\">\n\t\t\t\t\t\t<div class=\"elementor-element elementor-element-c643303 elementor-widget elementor-widget-image\" data-id=\"c643303\" data-element_type=\"widget\" data-widget_type=\"image.default\">\n\t\t\t\t<div class=\"elementor-widget-container\">\n\t\t\t\t\t\t\t\t\t\t\t\t\t<img fetchpriority=\"high\" decoding=\"async\" width=\"1024\" height=\"683\" src=\"https:\/\/djk-dom-minden.de\/second-hand\/wp-content\/uploads\/2020\/10\/DJK_Hands-1024x683.jpg\" class=\"attachment-large size-large wp-image-333\" alt=\"\" srcset=\"https:\/\/djk-dom-minden.de\/second-hand\/wp-content\/uploads\/2020\/10\/DJK_Hands-1024x683.jpg 1024w, https:\/\/djk-dom-minden.de\/second-hand\/wp-content\/uploads\/2020\/10\/DJK_Hands-300x200.jpg 300w, https:\/\/djk-dom-minden.de\/second-hand\/wp-content\/uploads\/2020\/10\/DJK_Hands-768x512.jpg 768w, https:\/\/djk-dom-minden.de\/second-hand\/wp-content\/uploads\/2020\/10\/DJK_Hands-1536x1024.jpg 1536w, https:\/\/djk-dom-minden.de\/second-hand\/wp-content\/uploads\/2020\/10\/DJK_Hands-1200x800.jpg 1200w, https:\/\/djk-dom-minden.de\/second-hand\/wp-content\/uploads\/2020\/10\/DJK_Hands-1100x733.jpg 1100w, https:\/\/djk-dom-minden.de\/second-hand\/wp-content\/uploads\/2020\/10\/DJK_Hands-1000x667.jpg 1000w, https:\/\/djk-dom-minden.de\/second-hand\/wp-content\/uploads\/2020\/10\/DJK_Hands-900x600.jpg 900w, https:\/\/djk-dom-minden.de\/second-hand\/wp-content\/uploads\/2020\/10\/DJK_Hands-800x533.jpg 800w, https:\/\/djk-dom-minden.de\/second-hand\/wp-content\/uploads\/2020\/10\/DJK_Hands-700x467.jpg 700w, https:\/\/djk-dom-minden.de\/second-hand\/wp-content\/uploads\/2020\/10\/DJK_Hands-600x400.jpg 600w, https:\/\/djk-dom-minden.de\/second-hand\/wp-content\/uploads\/2020\/10\/DJK_Hands-500x333.jpg 500w, https:\/\/djk-dom-minden.de\/second-hand\/wp-content\/uploads\/2020\/10\/DJK_Hands-400x267.jpg 400w, https:\/\/djk-dom-minden.de\/second-hand\/wp-content\/uploads\/2020\/10\/DJK_Hands-200x133.jpg 200w, https:\/\/djk-dom-minden.de\/second-hand\/wp-content\/uploads\/2020\/10\/DJK_Hands-100x67.jpg 100w, https:\/\/djk-dom-minden.de\/second-hand\/wp-content\/uploads\/2020\/10\/DJK_Hands.jpg 1920w\" sizes=\"(max-width: 1024px) 100vw, 1024px\" \/>\t\t\t\t\t\t\t\t\t\t\t\t\t<\/div>\n\t\t\t\t<\/div>\n\t\t\t\t<div class=\"elementor-element elementor-element-5a8d51f elementor-widget elementor-widget-heading\" data-id=\"5a8d51f\" data-element_type=\"widget\" data-widget_type=\"heading.default\">\n\t\t\t\t<div class=\"elementor-widget-container\">\n\t\t\t<h2 class=\"elementor-heading-title elementor-size-default\">Wir bieten mehr als das<\/h2>\t\t<\/div>\n\t\t\t\t<\/div>\n\t\t\t\t<div class=\"elementor-element elementor-element-2feff5b elementor-widget elementor-widget-text-editor\" data-id=\"2feff5b\" data-element_type=\"widget\" data-widget_type=\"text-editor.default\">\n\t\t\t\t<div class=\"elementor-widget-container\">\n\t\t\t\t\t\t\t<p>Die DJK Dom Minden bietet ein vielseitiges Kursangebot f\u00fcr alle Altersgruppen, z.B. R\u00fcckenschule, Badminton, Fu\u00dfball, American Football, Tanzen, Kinderturnen, Nordic-Walking und vieles mehr. Wir stelle verschiedene R\u00e4umlichkeiten, wie Turnhallen der Stadt, Kegelbahnen und das Haus am Dom zur Verf\u00fcgung. Sie erm\u00f6glicht Gruppenleitern und -leiterinnen die Weiterbildung auf Pfarr-, Dekanats- und Di\u00f6zesanebene sowie in katholischen Sportschulen und Weiterbildungsst\u00e4tten. Sie stellt Sportger\u00e4te, Literatur und Werkmaterial zur Verf\u00fcgung.<\/p>\t\t\t\t\t\t<\/div>\n\t\t\t\t<\/div>\n\t\t\t\t\t<\/div>\n\t\t<\/div>\n\t\t\t\t<div class=\"elementor-column elementor-col-33 elementor-top-column elementor-element elementor-element-d4437a0\" data-id=\"d4437a0\" data-element_type=\"column\">\n\t\t\t<div class=\"elementor-widget-wrap elementor-element-populated\">\n\t\t\t\t\t\t<div class=\"elementor-element elementor-element-2b4a04f elementor-widget elementor-widget-image\" data-id=\"2b4a04f\" data-element_type=\"widget\" data-widget_type=\"image.default\">\n\t\t\t\t<div class=\"elementor-widget-container\">\n\t\t\t\t\t\t\t\t\t\t\t\t\t<img decoding=\"async\" width=\"1024\" height=\"683\" src=\"https:\/\/djk-dom-minden.de\/second-hand\/wp-content\/uploads\/2020\/10\/DJK_Kinder_springen-1024x683.jpg\" class=\"attachment-large size-large wp-image-334\" alt=\"\" srcset=\"https:\/\/djk-dom-minden.de\/second-hand\/wp-content\/uploads\/2020\/10\/DJK_Kinder_springen-1024x683.jpg 1024w, https:\/\/djk-dom-minden.de\/second-hand\/wp-content\/uploads\/2020\/10\/DJK_Kinder_springen-300x200.jpg 300w, https:\/\/djk-dom-minden.de\/second-hand\/wp-content\/uploads\/2020\/10\/DJK_Kinder_springen-768x512.jpg 768w, https:\/\/djk-dom-minden.de\/second-hand\/wp-content\/uploads\/2020\/10\/DJK_Kinder_springen-1200x800.jpg 1200w, https:\/\/djk-dom-minden.de\/second-hand\/wp-content\/uploads\/2020\/10\/DJK_Kinder_springen-1100x733.jpg 1100w, https:\/\/djk-dom-minden.de\/second-hand\/wp-content\/uploads\/2020\/10\/DJK_Kinder_springen-1000x667.jpg 1000w, https:\/\/djk-dom-minden.de\/second-hand\/wp-content\/uploads\/2020\/10\/DJK_Kinder_springen-900x600.jpg 900w, https:\/\/djk-dom-minden.de\/second-hand\/wp-content\/uploads\/2020\/10\/DJK_Kinder_springen-800x533.jpg 800w, https:\/\/djk-dom-minden.de\/second-hand\/wp-content\/uploads\/2020\/10\/DJK_Kinder_springen-700x467.jpg 700w, https:\/\/djk-dom-minden.de\/second-hand\/wp-content\/uploads\/2020\/10\/DJK_Kinder_springen-600x400.jpg 600w, https:\/\/djk-dom-minden.de\/second-hand\/wp-content\/uploads\/2020\/10\/DJK_Kinder_springen-500x333.jpg 500w, https:\/\/djk-dom-minden.de\/second-hand\/wp-content\/uploads\/2020\/10\/DJK_Kinder_springen-400x267.jpg 400w, https:\/\/djk-dom-minden.de\/second-hand\/wp-content\/uploads\/2020\/10\/DJK_Kinder_springen-200x133.jpg 200w, https:\/\/djk-dom-minden.de\/second-hand\/wp-content\/uploads\/2020\/10\/DJK_Kinder_springen-100x67.jpg 100w, https:\/\/djk-dom-minden.de\/second-hand\/wp-content\/uploads\/2020\/10\/DJK_Kinder_springen.jpg 1440w\" sizes=\"(max-width: 1024px) 100vw, 1024px\" \/>\t\t\t\t\t\t\t\t\t\t\t\t\t<\/div>\n\t\t\t\t<\/div>\n\t\t\t\t<div class=\"elementor-element elementor-element-580741b elementor-widget elementor-widget-heading\" data-id=\"580741b\" data-element_type=\"widget\" data-widget_type=\"heading.default\">\n\t\t\t\t<div class=\"elementor-widget-container\">\n\t\t\t<h2 class=\"elementor-heading-title elementor-size-default\">Jugendarbeit ist uns wichtig<\/h2>\t\t<\/div>\n\t\t\t\t<\/div>\n\t\t\t\t<div class=\"elementor-element elementor-element-191ae23 elementor-widget elementor-widget-text-editor\" data-id=\"191ae23\" data-element_type=\"widget\" data-widget_type=\"text-editor.default\">\n\t\t\t\t<div class=\"elementor-widget-container\">\n\t\t\t\t\t\t\t<p>In der Kinder- und Jugendarbeit wird viel Wert auf drei Gruppen gelegt: die Kids, die Youngsters und die Jugendgruppe. Mit diesen drei Gruppen werden alle Altersklassen abgedeckt. F\u00fcr jeden ist etwas dabei. Einmal im Monat treffen sich die Kinder und Jugendlichen und haben zusammen viel Spa\u00df bei verschiedenen Aktionen. Da die Sch\u00fcler wegen des Ganztags keine Zeit mehr haben, an w\u00f6chentlichen Gruppenstunden teilzunehmen, wurden diese Treffen eingef\u00fchrt.\u00a0<\/p>\t\t\t\t\t\t<\/div>\n\t\t\t\t<\/div>\n\t\t\t\t\t<\/div>\n\t\t<\/div>\n\t\t\t\t<div class=\"elementor-column elementor-col-33 elementor-top-column elementor-element elementor-element-27612a8\" data-id=\"27612a8\" data-element_type=\"column\">\n\t\t\t<div class=\"elementor-widget-wrap elementor-element-populated\">\n\t\t\t\t\t\t<div class=\"elementor-element elementor-element-2d92d77 elementor-widget elementor-widget-image\" data-id=\"2d92d77\" data-element_type=\"widget\" data-widget_type=\"image.default\">\n\t\t\t\t<div class=\"elementor-widget-container\">\n\t\t\t\t\t\t\t\t\t\t\t\t\t<img decoding=\"async\" width=\"1024\" height=\"1024\" src=\"https:\/\/djk-dom-minden.de\/second-hand\/wp-content\/uploads\/2020\/09\/DJK_Logo.svg\" class=\"attachment-large size-large wp-image-93\" alt=\"\" \/>\t\t\t\t\t\t\t\t\t\t\t\t\t<\/div>\n\t\t\t\t<\/div>\n\t\t\t\t<div class=\"elementor-element elementor-element-afa2b6f elementor-widget elementor-widget-heading\" data-id=\"afa2b6f\" data-element_type=\"widget\" data-widget_type=\"heading.default\">\n\t\t\t\t<div class=\"elementor-widget-container\">\n\t\t\t<h2 class=\"elementor-heading-title elementor-size-default\">Wer sind wir<\/h2>\t\t<\/div>\n\t\t\t\t<\/div>\n\t\t\t\t<div class=\"elementor-element elementor-element-85a204a elementor-widget elementor-widget-text-editor\" data-id=\"85a204a\" data-element_type=\"widget\" data-widget_type=\"text-editor.default\">\n\t\t\t\t<div class=\"elementor-widget-container\">\n\t\t\t\t\t\t\t<p>Dank der Unterst\u00fctzung durch unsere zahlreichen Sponsoren k\u00f6nnen wir jedem Vereinsmitglied Leistungen anbieten: Kostenlose Nutzung aller DJK-Gruppen durch geschulte \u00dcbungsleiter. Faire Mitgliedsbeitr\u00e4ge, gegebenenfalls Nachl\u00e4sse bei Notlagen. Verg\u00fcnstigungen bei Veranstaltungen der DJK Dom Minden. Verg\u00fcnstigungen bei Veranstaltungen der Kooperationspartner.<br \/>Aus- und Weiterbildungsm\u00f6glichkeiten. Au\u00dferdem Angebote der Aus\u00fcbung eines freiwilligen sozialen Jahr (FSJ) und Praktika im Verein.<\/p>\t\t\t\t\t\t<\/div>\n\t\t\t\t<\/div>\n\t\t\t\t\t<\/div>\n\t\t<\/div>\n\t\t\t\t\t<\/div>\n\t\t<\/section>\n\t\t\t\t<\/div>\n\t\t","protected":false},"excerpt":{"rendered":"<p>50. Second Hand Basar Informationen 50. Second Hand Basar\u00a0 &#8222;Rund ums Kind&#8220; 49. Second Hand Basar 48. Second Hand Basar Informationen 48. Second Hand Basar\u00a0 &#8222;Rund ums Kind&#8220; Second Hand Basar auf dem Sommerfest 2016 Informationen Sommerfest\u00a0Second Hand Basar\u00a0 &#8222;Rund ums Kind&#8220; 50. Second Hand Basar Aktuelle News Second Hand Basar auf dem Sommerfest&#8230; 03.05.2016 [&hellip;]<\/p>\n","protected":false},"author":3,"featured_media":0,"parent":0,"menu_order":0,"comment_status":"closed","ping_status":"closed","template":"","meta":{"inline_featured_image":false,"footnotes":""},"class_list":["post-34","page","type-page","status-publish","hentry"],"_links":{"self":[{"href":"https:\/\/djk-dom-minden.de\/second-hand\/wp-json\/wp\/v2\/pages\/34","targetHints":{"allow":["GET"]}}],"collection":[{"href":"https:\/\/djk-dom-minden.de\/second-hand\/wp-json\/wp\/v2\/pages"}],"about":[{"href":"https:\/\/djk-dom-minden.de\/second-hand\/wp-json\/wp\/v2\/types\/page"}],"author":[{"embeddable":true,"href":"https:\/\/djk-dom-minden.de\/second-hand\/wp-json\/wp\/v2\/users\/3"}],"replies":[{"embeddable":true,"href":"https:\/\/djk-dom-minden.de\/second-hand\/wp-json\/wp\/v2\/comments?post=34"}],"version-history":[{"count":16,"href":"https:\/\/djk-dom-minden.de\/second-hand\/wp-json\/wp\/v2\/pages\/34\/revisions"}],"predecessor-version":[{"id":419,"href":"https:\/\/djk-dom-minden.de\/second-hand\/wp-json\/wp\/v2\/pages\/34\/revisions\/419"}],"wp:attachment":[{"href":"https:\/\/djk-dom-minden.de\/second-hand\/wp-json\/wp\/v2\/media?parent=34"}],"curies":[{"name":"wp","href":"https:\/\/api.w.org\/{rel}","templated":true}]}}