{"id":13,"date":"2020-09-09T09:43:56","date_gmt":"2020-09-09T07:43:56","guid":{"rendered":"https:\/\/djk-dom-minden.de\/tagespflege\/?page_id=13"},"modified":"2024-01-30T10:42:04","modified_gmt":"2024-01-30T09:42:04","slug":"tagespflege","status":"publish","type":"page","link":"https:\/\/djk-dom-minden.de\/tagespflege\/","title":{"rendered":"Tagespflege"},"content":{"rendered":"\t\t<div data-elementor-type=\"wp-page\" data-elementor-id=\"13\" class=\"elementor elementor-13\" data-elementor-post-type=\"page\">\n\t\t\t\t\t\t<section class=\"elementor-section elementor-top-section elementor-element elementor-element-56cbb06 elementor-section-full_width elementor-section-height-default elementor-section-height-default\" data-id=\"56cbb06\" data-element_type=\"section\">\n\t\t\t\t\t\t<div class=\"elementor-container elementor-column-gap-no\">\n\t\t\t\t\t<div class=\"elementor-column elementor-col-100 elementor-top-column elementor-element elementor-element-4efd9e2\" data-id=\"4efd9e2\" data-element_type=\"column\">\n\t\t\t<div class=\"elementor-widget-wrap elementor-element-populated\">\n\t\t\t\t\t\t<div class=\"elementor-element elementor-element-316ca05 elementor-widget elementor-widget-global-news-slider\" data-id=\"316ca05\" data-element_type=\"widget\" data-widget_type=\"global-news-slider.default\">\n\t\t\t\t<div class=\"elementor-widget-container\">\n\t\t\t<div class=\"global-news-slider-container\" data-setup={\"slider_name\":\"fullslider69f70d732a74b\",\"autoplay\":false,\"autoplay_speed\":null,\"nav\":true,\"effect_in\":\"\",\"effect_out\":\"\",\"effect_text\":\"bounceInLeft\",\"effect_text_speed\":\"fast\",\"effect_text_delay\":\"delay-1s\",\"effect_text_repeat\":\"repeat-1\",\"dots\":true,\"iconPrev\":{\"value\":\"fas_fa-chevron-left\",\"library\":\"fa-solid\"},\"iconNext\":{\"value\":\"fas_fa-chevron-right\",\"library\":\"fa-solid\"}}><div class=\"global-news-slider owl-carousel fullslider69f70d732a74b\"><figure class=\"effect-jazz\"><img data-src=\"https:\/\/djk-dom-minden.de\/tagespflege\/wp-content\/uploads\/2020\/04\/tagespflege_teaser-100x33.jpg\" class=\"lazyload\" data-srcset=\"https:\/\/djk-dom-minden.de\/tagespflege\/wp-content\/uploads\/2020\/04\/tagespflege_teaser-300x98.jpg 300w, https:\/\/djk-dom-minden.de\/tagespflege\/wp-content\/uploads\/2020\/04\/tagespflege_teaser-1024x333.jpg 1024w, https:\/\/djk-dom-minden.de\/tagespflege\/wp-content\/uploads\/2020\/04\/tagespflege_teaser-150x150.jpg 150w, https:\/\/djk-dom-minden.de\/tagespflege\/wp-content\/uploads\/2020\/04\/tagespflege_teaser-768x250.jpg 768w, https:\/\/djk-dom-minden.de\/tagespflege\/wp-content\/uploads\/2020\/04\/tagespflege_teaser-1536x499.jpg 1536w, https:\/\/djk-dom-minden.de\/tagespflege\/wp-content\/uploads\/2020\/04\/tagespflege_teaser-1200x390.jpg 1200w, https:\/\/djk-dom-minden.de\/tagespflege\/wp-content\/uploads\/2020\/04\/tagespflege_teaser-1100x358.jpg 1100w, https:\/\/djk-dom-minden.de\/tagespflege\/wp-content\/uploads\/2020\/04\/tagespflege_teaser-1000x325.jpg 1000w, https:\/\/djk-dom-minden.de\/tagespflege\/wp-content\/uploads\/2020\/04\/tagespflege_teaser-900x293.jpg 900w, https:\/\/djk-dom-minden.de\/tagespflege\/wp-content\/uploads\/2020\/04\/tagespflege_teaser-800x260.jpg 800w, https:\/\/djk-dom-minden.de\/tagespflege\/wp-content\/uploads\/2020\/04\/tagespflege_teaser-700x228.jpg 700w, https:\/\/djk-dom-minden.de\/tagespflege\/wp-content\/uploads\/2020\/04\/tagespflege_teaser-600x195.jpg 600w, https:\/\/djk-dom-minden.de\/tagespflege\/wp-content\/uploads\/2020\/04\/tagespflege_teaser-500x163.jpg 500w, https:\/\/djk-dom-minden.de\/tagespflege\/wp-content\/uploads\/2020\/04\/tagespflege_teaser-400x130.jpg 400w, https:\/\/djk-dom-minden.de\/tagespflege\/wp-content\/uploads\/2020\/04\/tagespflege_teaser-300x98.jpg 300w, https:\/\/djk-dom-minden.de\/tagespflege\/wp-content\/uploads\/2020\/04\/tagespflege_teaser-200x65.jpg 200w, https:\/\/djk-dom-minden.de\/tagespflege\/wp-content\/uploads\/2020\/04\/tagespflege_teaser-100x33.jpg 100w\" data-sizes=\"auto\"\/><a href=\"https:\/\/djk-dom-minden.de\/tagespflege\/news\/zusaetzliches-tagespflegeangebot-in-rodenbeck\" target=\"_self\"><figcaption><span class=\"title\"><p class=\"tag\">Zus\u00e4tzliches Tagespflegeangebot in Rodenbeck<\/p><\/span><span class=\"teaser_highlight\"><span class=\"teaser\"><p>Neue Gruppe<\/p><p>\"die Spatzen\"<\/p><\/span><\/span><\/figcaption><\/a><\/figure><figure class=\"effect-jazz\"><img data-src=\"https:\/\/djk-dom-minden.de\/tagespflege\/wp-content\/uploads\/2020\/04\/tagespflege_teaser-100x33.jpg\" class=\"lazyload\" data-srcset=\"https:\/\/djk-dom-minden.de\/tagespflege\/wp-content\/uploads\/2020\/04\/tagespflege_teaser-300x98.jpg 300w, https:\/\/djk-dom-minden.de\/tagespflege\/wp-content\/uploads\/2020\/04\/tagespflege_teaser-1024x333.jpg 1024w, https:\/\/djk-dom-minden.de\/tagespflege\/wp-content\/uploads\/2020\/04\/tagespflege_teaser-150x150.jpg 150w, https:\/\/djk-dom-minden.de\/tagespflege\/wp-content\/uploads\/2020\/04\/tagespflege_teaser-768x250.jpg 768w, https:\/\/djk-dom-minden.de\/tagespflege\/wp-content\/uploads\/2020\/04\/tagespflege_teaser-1536x499.jpg 1536w, https:\/\/djk-dom-minden.de\/tagespflege\/wp-content\/uploads\/2020\/04\/tagespflege_teaser-1200x390.jpg 1200w, https:\/\/djk-dom-minden.de\/tagespflege\/wp-content\/uploads\/2020\/04\/tagespflege_teaser-1100x358.jpg 1100w, https:\/\/djk-dom-minden.de\/tagespflege\/wp-content\/uploads\/2020\/04\/tagespflege_teaser-1000x325.jpg 1000w, https:\/\/djk-dom-minden.de\/tagespflege\/wp-content\/uploads\/2020\/04\/tagespflege_teaser-900x293.jpg 900w, https:\/\/djk-dom-minden.de\/tagespflege\/wp-content\/uploads\/2020\/04\/tagespflege_teaser-800x260.jpg 800w, https:\/\/djk-dom-minden.de\/tagespflege\/wp-content\/uploads\/2020\/04\/tagespflege_teaser-700x228.jpg 700w, https:\/\/djk-dom-minden.de\/tagespflege\/wp-content\/uploads\/2020\/04\/tagespflege_teaser-600x195.jpg 600w, https:\/\/djk-dom-minden.de\/tagespflege\/wp-content\/uploads\/2020\/04\/tagespflege_teaser-500x163.jpg 500w, https:\/\/djk-dom-minden.de\/tagespflege\/wp-content\/uploads\/2020\/04\/tagespflege_teaser-400x130.jpg 400w, https:\/\/djk-dom-minden.de\/tagespflege\/wp-content\/uploads\/2020\/04\/tagespflege_teaser-300x98.jpg 300w, https:\/\/djk-dom-minden.de\/tagespflege\/wp-content\/uploads\/2020\/04\/tagespflege_teaser-200x65.jpg 200w, https:\/\/djk-dom-minden.de\/tagespflege\/wp-content\/uploads\/2020\/04\/tagespflege_teaser-100x33.jpg 100w\" data-sizes=\"auto\"\/><a href=\"https:\/\/djk-dom-minden.de\/tagespflege\/news\/neue-stellvertretende-leitung-der-tagespflege\" target=\"_self\"><figcaption><span class=\"title\"><p class=\"tag\">Neue stellvertretende Leitung der Tagespflege<\/p><\/span><span class=\"teaser_highlight\"><span class=\"teaser\"><p>NEU! in der Tagespflege<\/p><p>unsere stellvertretende Leitung <\/p><\/span><\/span><\/figcaption><\/a><\/figure><figure class=\"effect-jazz\"><img data-src=\"https:\/\/djk-dom-minden.de\/tagespflege\/spatzen\/wp-content\/uploads\/sites\/6\/2024\/01\/tagespflege_teaser-100x33.jpg\" class=\"lazyload\" data-srcset=\"https:\/\/djk-dom-minden.de\/tagespflege\/spatzen\/wp-content\/uploads\/sites\/6\/2024\/01\/tagespflege_teaser-300x98.jpg 300w, https:\/\/djk-dom-minden.de\/tagespflege\/spatzen\/wp-content\/uploads\/sites\/6\/2024\/01\/tagespflege_teaser-1024x333.jpg 1024w, https:\/\/djk-dom-minden.de\/tagespflege\/spatzen\/wp-content\/uploads\/sites\/6\/2024\/01\/tagespflege_teaser-150x150.jpg 150w, https:\/\/djk-dom-minden.de\/tagespflege\/spatzen\/wp-content\/uploads\/sites\/6\/2024\/01\/tagespflege_teaser-768x250.jpg 768w, https:\/\/djk-dom-minden.de\/tagespflege\/spatzen\/wp-content\/uploads\/sites\/6\/2024\/01\/tagespflege_teaser-1536x499.jpg 1536w, https:\/\/djk-dom-minden.de\/tagespflege\/spatzen\/wp-content\/uploads\/sites\/6\/2024\/01\/tagespflege_teaser-1200x390.jpg 1200w, https:\/\/djk-dom-minden.de\/tagespflege\/spatzen\/wp-content\/uploads\/sites\/6\/2024\/01\/tagespflege_teaser-1100x358.jpg 1100w, https:\/\/djk-dom-minden.de\/tagespflege\/spatzen\/wp-content\/uploads\/sites\/6\/2024\/01\/tagespflege_teaser-1000x325.jpg 1000w, https:\/\/djk-dom-minden.de\/tagespflege\/spatzen\/wp-content\/uploads\/sites\/6\/2024\/01\/tagespflege_teaser-900x293.jpg 900w, https:\/\/djk-dom-minden.de\/tagespflege\/spatzen\/wp-content\/uploads\/sites\/6\/2024\/01\/tagespflege_teaser-800x260.jpg 800w, https:\/\/djk-dom-minden.de\/tagespflege\/spatzen\/wp-content\/uploads\/sites\/6\/2024\/01\/tagespflege_teaser-700x228.jpg 700w, https:\/\/djk-dom-minden.de\/tagespflege\/spatzen\/wp-content\/uploads\/sites\/6\/2024\/01\/tagespflege_teaser-600x195.jpg 600w, https:\/\/djk-dom-minden.de\/tagespflege\/spatzen\/wp-content\/uploads\/sites\/6\/2024\/01\/tagespflege_teaser-500x163.jpg 500w, https:\/\/djk-dom-minden.de\/tagespflege\/spatzen\/wp-content\/uploads\/sites\/6\/2024\/01\/tagespflege_teaser-400x130.jpg 400w, https:\/\/djk-dom-minden.de\/tagespflege\/spatzen\/wp-content\/uploads\/sites\/6\/2024\/01\/tagespflege_teaser-300x98.jpg 300w, https:\/\/djk-dom-minden.de\/tagespflege\/spatzen\/wp-content\/uploads\/sites\/6\/2024\/01\/tagespflege_teaser-200x65.jpg 200w, https:\/\/djk-dom-minden.de\/tagespflege\/spatzen\/wp-content\/uploads\/sites\/6\/2024\/01\/tagespflege_teaser-100x33.jpg 100w\" data-sizes=\"auto\"\/><a href=\"https:\/\/djk-dom-minden.de\/tagespflege\/spatzen\/news\/die-spatzen-gruppe\" target=\"_self\"><figcaption><span class=\"title\"><p class=\"tag\">Die Spatzen-Gruppe<\/p><\/span><span class=\"teaser_highlight\"><span class=\"teaser\"><p>Neue Gruppe<\/p><p>\"die Spatzen\"<\/p><\/span><\/span><\/figcaption><\/a><\/figure><figure class=\"effect-jazz\"><img data-src=\"https:\/\/djk-dom-minden.de\/tagespflege\/pinguine\/wp-content\/uploads\/sites\/2\/2023\/01\/Pinguine_teaser-100x33.jpg\" class=\"lazyload\" data-srcset=\"https:\/\/djk-dom-minden.de\/tagespflege\/pinguine\/wp-content\/uploads\/sites\/2\/2023\/01\/Pinguine_teaser-300x98.jpg 300w, https:\/\/djk-dom-minden.de\/tagespflege\/pinguine\/wp-content\/uploads\/sites\/2\/2023\/01\/Pinguine_teaser-1024x333.jpg 1024w, https:\/\/djk-dom-minden.de\/tagespflege\/pinguine\/wp-content\/uploads\/sites\/2\/2023\/01\/Pinguine_teaser-150x150.jpg 150w, https:\/\/djk-dom-minden.de\/tagespflege\/pinguine\/wp-content\/uploads\/sites\/2\/2023\/01\/Pinguine_teaser-768x250.jpg 768w, https:\/\/djk-dom-minden.de\/tagespflege\/pinguine\/wp-content\/uploads\/sites\/2\/2023\/01\/Pinguine_teaser-1536x499.jpg 1536w, https:\/\/djk-dom-minden.de\/tagespflege\/pinguine\/wp-content\/uploads\/sites\/2\/2023\/01\/Pinguine_teaser-1200x390.jpg 1200w, https:\/\/djk-dom-minden.de\/tagespflege\/pinguine\/wp-content\/uploads\/sites\/2\/2023\/01\/Pinguine_teaser-1100x358.jpg 1100w, https:\/\/djk-dom-minden.de\/tagespflege\/pinguine\/wp-content\/uploads\/sites\/2\/2023\/01\/Pinguine_teaser-1000x325.jpg 1000w, https:\/\/djk-dom-minden.de\/tagespflege\/pinguine\/wp-content\/uploads\/sites\/2\/2023\/01\/Pinguine_teaser-900x293.jpg 900w, https:\/\/djk-dom-minden.de\/tagespflege\/pinguine\/wp-content\/uploads\/sites\/2\/2023\/01\/Pinguine_teaser-800x260.jpg 800w, https:\/\/djk-dom-minden.de\/tagespflege\/pinguine\/wp-content\/uploads\/sites\/2\/2023\/01\/Pinguine_teaser-700x228.jpg 700w, https:\/\/djk-dom-minden.de\/tagespflege\/pinguine\/wp-content\/uploads\/sites\/2\/2023\/01\/Pinguine_teaser-600x195.jpg 600w, https:\/\/djk-dom-minden.de\/tagespflege\/pinguine\/wp-content\/uploads\/sites\/2\/2023\/01\/Pinguine_teaser-500x163.jpg 500w, https:\/\/djk-dom-minden.de\/tagespflege\/pinguine\/wp-content\/uploads\/sites\/2\/2023\/01\/Pinguine_teaser-400x130.jpg 400w, https:\/\/djk-dom-minden.de\/tagespflege\/pinguine\/wp-content\/uploads\/sites\/2\/2023\/01\/Pinguine_teaser-300x98.jpg 300w, https:\/\/djk-dom-minden.de\/tagespflege\/pinguine\/wp-content\/uploads\/sites\/2\/2023\/01\/Pinguine_teaser-200x65.jpg 200w, https:\/\/djk-dom-minden.de\/tagespflege\/pinguine\/wp-content\/uploads\/sites\/2\/2023\/01\/Pinguine_teaser-100x33.jpg 100w\" data-sizes=\"auto\"\/><a href=\"https:\/\/djk-dom-minden.de\/tagespflege\/pinguine\/news\/wohlfuehl-atmosphaere-bei-den-pinguinen\" target=\"_self\"><figcaption><span class=\"title\"><p class=\"tag\">Wohlf\u00fchl-Atmosph\u00e4re bei den Pinguinen<\/p><\/span><span class=\"teaser_highlight\"><span class=\"teaser\"><p>Wohlf\u00fchl-Atmosph\u00e4re \u2013<\/p><p>bei den Pinguinen<\/p><\/span><\/span><\/figcaption><\/a><\/figure><figure class=\"effect-jazz\"><img data-src=\"https:\/\/djk-dom-minden.de\/tagespflege\/baeren\/wp-content\/uploads\/sites\/4\/2019\/10\/baeren_teaser-100x33.jpg\" class=\"lazyload\" data-srcset=\"https:\/\/djk-dom-minden.de\/tagespflege\/baeren\/wp-content\/uploads\/sites\/4\/2019\/10\/baeren_teaser-300x98.jpg 300w, https:\/\/djk-dom-minden.de\/tagespflege\/baeren\/wp-content\/uploads\/sites\/4\/2019\/10\/baeren_teaser-1024x333.jpg 1024w, https:\/\/djk-dom-minden.de\/tagespflege\/baeren\/wp-content\/uploads\/sites\/4\/2019\/10\/baeren_teaser-150x150.jpg 150w, https:\/\/djk-dom-minden.de\/tagespflege\/baeren\/wp-content\/uploads\/sites\/4\/2019\/10\/baeren_teaser-768x250.jpg 768w, https:\/\/djk-dom-minden.de\/tagespflege\/baeren\/wp-content\/uploads\/sites\/4\/2019\/10\/baeren_teaser-1536x499.jpg 1536w, https:\/\/djk-dom-minden.de\/tagespflege\/baeren\/wp-content\/uploads\/sites\/4\/2019\/10\/baeren_teaser-1200x390.jpg 1200w, https:\/\/djk-dom-minden.de\/tagespflege\/baeren\/wp-content\/uploads\/sites\/4\/2019\/10\/baeren_teaser-1100x358.jpg 1100w, https:\/\/djk-dom-minden.de\/tagespflege\/baeren\/wp-content\/uploads\/sites\/4\/2019\/10\/baeren_teaser-1000x325.jpg 1000w, https:\/\/djk-dom-minden.de\/tagespflege\/baeren\/wp-content\/uploads\/sites\/4\/2019\/10\/baeren_teaser-900x293.jpg 900w, https:\/\/djk-dom-minden.de\/tagespflege\/baeren\/wp-content\/uploads\/sites\/4\/2019\/10\/baeren_teaser-800x260.jpg 800w, https:\/\/djk-dom-minden.de\/tagespflege\/baeren\/wp-content\/uploads\/sites\/4\/2019\/10\/baeren_teaser-700x228.jpg 700w, https:\/\/djk-dom-minden.de\/tagespflege\/baeren\/wp-content\/uploads\/sites\/4\/2019\/10\/baeren_teaser-600x195.jpg 600w, https:\/\/djk-dom-minden.de\/tagespflege\/baeren\/wp-content\/uploads\/sites\/4\/2019\/10\/baeren_teaser-500x163.jpg 500w, https:\/\/djk-dom-minden.de\/tagespflege\/baeren\/wp-content\/uploads\/sites\/4\/2019\/10\/baeren_teaser-400x130.jpg 400w, https:\/\/djk-dom-minden.de\/tagespflege\/baeren\/wp-content\/uploads\/sites\/4\/2019\/10\/baeren_teaser-300x98.jpg 300w, https:\/\/djk-dom-minden.de\/tagespflege\/baeren\/wp-content\/uploads\/sites\/4\/2019\/10\/baeren_teaser-200x65.jpg 200w, https:\/\/djk-dom-minden.de\/tagespflege\/baeren\/wp-content\/uploads\/sites\/4\/2019\/10\/baeren_teaser-100x33.jpg 100w\" data-sizes=\"auto\"\/><a href=\"https:\/\/djk-dom-minden.de\/tagespflege\/baeren\/news\/baeren-kinderbetreuung-fuer-die-kleinsten\" target=\"_self\"><figcaption><span class=\"title\"><p class=\"tag\">B\u00e4ren - Kinderbetreuung f\u00fcr die Kleinsten<\/p><\/span><span class=\"teaser_highlight\"><span class=\"teaser\"><p>Tagespflege \"B\u00e4ren\"<\/p><p>Betreuungspl\u00e4tze<\/p><\/span><\/span><\/figcaption><\/a><\/figure><figure class=\"effect-jazz\"><img data-src=\"https:\/\/djk-dom-minden.de\/tagespflege\/raupen\/wp-content\/uploads\/sites\/5\/2019\/10\/raupen_teaser-100x33.jpg\" class=\"lazyload\" data-srcset=\"https:\/\/djk-dom-minden.de\/tagespflege\/raupen\/wp-content\/uploads\/sites\/5\/2019\/10\/raupen_teaser-300x98.jpg 300w, https:\/\/djk-dom-minden.de\/tagespflege\/raupen\/wp-content\/uploads\/sites\/5\/2019\/10\/raupen_teaser-1024x333.jpg 1024w, https:\/\/djk-dom-minden.de\/tagespflege\/raupen\/wp-content\/uploads\/sites\/5\/2019\/10\/raupen_teaser-150x150.jpg 150w, https:\/\/djk-dom-minden.de\/tagespflege\/raupen\/wp-content\/uploads\/sites\/5\/2019\/10\/raupen_teaser-768x250.jpg 768w, https:\/\/djk-dom-minden.de\/tagespflege\/raupen\/wp-content\/uploads\/sites\/5\/2019\/10\/raupen_teaser-1536x499.jpg 1536w, https:\/\/djk-dom-minden.de\/tagespflege\/raupen\/wp-content\/uploads\/sites\/5\/2019\/10\/raupen_teaser-1200x390.jpg 1200w, https:\/\/djk-dom-minden.de\/tagespflege\/raupen\/wp-content\/uploads\/sites\/5\/2019\/10\/raupen_teaser-1100x358.jpg 1100w, https:\/\/djk-dom-minden.de\/tagespflege\/raupen\/wp-content\/uploads\/sites\/5\/2019\/10\/raupen_teaser-1000x325.jpg 1000w, https:\/\/djk-dom-minden.de\/tagespflege\/raupen\/wp-content\/uploads\/sites\/5\/2019\/10\/raupen_teaser-900x293.jpg 900w, https:\/\/djk-dom-minden.de\/tagespflege\/raupen\/wp-content\/uploads\/sites\/5\/2019\/10\/raupen_teaser-800x260.jpg 800w, https:\/\/djk-dom-minden.de\/tagespflege\/raupen\/wp-content\/uploads\/sites\/5\/2019\/10\/raupen_teaser-700x228.jpg 700w, https:\/\/djk-dom-minden.de\/tagespflege\/raupen\/wp-content\/uploads\/sites\/5\/2019\/10\/raupen_teaser-600x195.jpg 600w, https:\/\/djk-dom-minden.de\/tagespflege\/raupen\/wp-content\/uploads\/sites\/5\/2019\/10\/raupen_teaser-500x163.jpg 500w, https:\/\/djk-dom-minden.de\/tagespflege\/raupen\/wp-content\/uploads\/sites\/5\/2019\/10\/raupen_teaser-400x130.jpg 400w, https:\/\/djk-dom-minden.de\/tagespflege\/raupen\/wp-content\/uploads\/sites\/5\/2019\/10\/raupen_teaser-300x98.jpg 300w, https:\/\/djk-dom-minden.de\/tagespflege\/raupen\/wp-content\/uploads\/sites\/5\/2019\/10\/raupen_teaser-200x65.jpg 200w, https:\/\/djk-dom-minden.de\/tagespflege\/raupen\/wp-content\/uploads\/sites\/5\/2019\/10\/raupen_teaser-100x33.jpg 100w\" data-sizes=\"auto\"\/><a href=\"https:\/\/djk-dom-minden.de\/tagespflege\/raupen\/news\/raupen-kinderbetreuung-fuer-die-kleinsten\" target=\"_self\"><figcaption><span class=\"title\"><p class=\"tag\">Raupen - Kinderbetreuung f\u00fcr die Kleinsten<\/p><\/span><span class=\"teaser_highlight\"><span class=\"teaser\"><p>Tagespflege \"Raupen\"<\/p><p>Betreuungspl\u00e4tze<\/p><\/span><\/span><\/figcaption><\/a><\/figure><figure class=\"effect-jazz\"><img data-src=\"https:\/\/djk-dom-minden.de\/tagespflege\/wp-content\/uploads\/2019\/05\/Tagespflege_Eroeffnung_2019_0019-100x75.jpg\" class=\"lazyload\" data-srcset=\"https:\/\/djk-dom-minden.de\/tagespflege\/wp-content\/uploads\/2019\/05\/Tagespflege_Eroeffnung_2019_0019-300x225.jpg 300w, https:\/\/djk-dom-minden.de\/tagespflege\/wp-content\/uploads\/2019\/05\/Tagespflege_Eroeffnung_2019_0019-150x150.jpg 150w, https:\/\/djk-dom-minden.de\/tagespflege\/wp-content\/uploads\/2019\/05\/Tagespflege_Eroeffnung_2019_0019-700x525.jpg 700w, https:\/\/djk-dom-minden.de\/tagespflege\/wp-content\/uploads\/2019\/05\/Tagespflege_Eroeffnung_2019_0019-600x450.jpg 600w, https:\/\/djk-dom-minden.de\/tagespflege\/wp-content\/uploads\/2019\/05\/Tagespflege_Eroeffnung_2019_0019-500x375.jpg 500w, https:\/\/djk-dom-minden.de\/tagespflege\/wp-content\/uploads\/2019\/05\/Tagespflege_Eroeffnung_2019_0019-400x300.jpg 400w, https:\/\/djk-dom-minden.de\/tagespflege\/wp-content\/uploads\/2019\/05\/Tagespflege_Eroeffnung_2019_0019-300x225.jpg 300w, https:\/\/djk-dom-minden.de\/tagespflege\/wp-content\/uploads\/2019\/05\/Tagespflege_Eroeffnung_2019_0019-200x150.jpg 200w, https:\/\/djk-dom-minden.de\/tagespflege\/wp-content\/uploads\/2019\/05\/Tagespflege_Eroeffnung_2019_0019-100x75.jpg 100w\" data-sizes=\"auto\"\/><a href=\"https:\/\/djk-dom-minden.de\/tagespflege\/news\/neueroeffnung-grosstagespflege\" target=\"_self\"><figcaption><span class=\"title\"><p class=\"tag\">Neuer\u00f6ffnung Gro\u00dftagespflege<\/p><\/span><\/figcaption><\/a><\/figure><figure class=\"effect-jazz\"><img data-src=\"https:\/\/djk-dom-minden.de\/tagespflege\/pinguine\/wp-content\/uploads\/sites\/2\/2022\/08\/tagespflege_pinguine-100x33.jpg\" class=\"lazyload\" data-srcset=\"https:\/\/djk-dom-minden.de\/tagespflege\/pinguine\/wp-content\/uploads\/sites\/2\/2022\/08\/tagespflege_pinguine-300x98.jpg 300w, https:\/\/djk-dom-minden.de\/tagespflege\/pinguine\/wp-content\/uploads\/sites\/2\/2022\/08\/tagespflege_pinguine-1024x333.jpg 1024w, https:\/\/djk-dom-minden.de\/tagespflege\/pinguine\/wp-content\/uploads\/sites\/2\/2022\/08\/tagespflege_pinguine-150x150.jpg 150w, https:\/\/djk-dom-minden.de\/tagespflege\/pinguine\/wp-content\/uploads\/sites\/2\/2022\/08\/tagespflege_pinguine-768x250.jpg 768w, https:\/\/djk-dom-minden.de\/tagespflege\/pinguine\/wp-content\/uploads\/sites\/2\/2022\/08\/tagespflege_pinguine-1536x499.jpg 1536w, https:\/\/djk-dom-minden.de\/tagespflege\/pinguine\/wp-content\/uploads\/sites\/2\/2022\/08\/tagespflege_pinguine-1200x390.jpg 1200w, https:\/\/djk-dom-minden.de\/tagespflege\/pinguine\/wp-content\/uploads\/sites\/2\/2022\/08\/tagespflege_pinguine-1100x358.jpg 1100w, https:\/\/djk-dom-minden.de\/tagespflege\/pinguine\/wp-content\/uploads\/sites\/2\/2022\/08\/tagespflege_pinguine-1000x325.jpg 1000w, https:\/\/djk-dom-minden.de\/tagespflege\/pinguine\/wp-content\/uploads\/sites\/2\/2022\/08\/tagespflege_pinguine-900x293.jpg 900w, https:\/\/djk-dom-minden.de\/tagespflege\/pinguine\/wp-content\/uploads\/sites\/2\/2022\/08\/tagespflege_pinguine-800x260.jpg 800w, https:\/\/djk-dom-minden.de\/tagespflege\/pinguine\/wp-content\/uploads\/sites\/2\/2022\/08\/tagespflege_pinguine-700x228.jpg 700w, https:\/\/djk-dom-minden.de\/tagespflege\/pinguine\/wp-content\/uploads\/sites\/2\/2022\/08\/tagespflege_pinguine-600x195.jpg 600w, https:\/\/djk-dom-minden.de\/tagespflege\/pinguine\/wp-content\/uploads\/sites\/2\/2022\/08\/tagespflege_pinguine-500x163.jpg 500w, https:\/\/djk-dom-minden.de\/tagespflege\/pinguine\/wp-content\/uploads\/sites\/2\/2022\/08\/tagespflege_pinguine-400x130.jpg 400w, https:\/\/djk-dom-minden.de\/tagespflege\/pinguine\/wp-content\/uploads\/sites\/2\/2022\/08\/tagespflege_pinguine-300x98.jpg 300w, https:\/\/djk-dom-minden.de\/tagespflege\/pinguine\/wp-content\/uploads\/sites\/2\/2022\/08\/tagespflege_pinguine-200x65.jpg 200w, https:\/\/djk-dom-minden.de\/tagespflege\/pinguine\/wp-content\/uploads\/sites\/2\/2022\/08\/tagespflege_pinguine-100x33.jpg 100w\" data-sizes=\"auto\"\/><a href=\"https:\/\/djk-dom-minden.de\/tagespflege\/pinguine\/news\/pinguine-kinderbetreuung-fuer-die-kleinsten\" target=\"_self\"><figcaption><span class=\"title\"><p class=\"tag\">Pinguine \u2013 Kinderbetreuung f\u00fcr die Kleinsten<\/p><\/span><span class=\"teaser_highlight\"><span class=\"teaser\"><p>Tagespflege <\/p><p>\"Pinguine\"<\/p><\/span><\/span><\/figcaption><\/a><\/figure><figure class=\"effect-jazz\"><img data-src=\"https:\/\/djk-dom-minden.de\/tagespflege\/wp-content\/uploads\/2019\/11\/Tagespflege-Einweihung_2019-100x56.jpg\" class=\"lazyload\" data-srcset=\"https:\/\/djk-dom-minden.de\/tagespflege\/wp-content\/uploads\/2019\/11\/Tagespflege-Einweihung_2019-300x169.jpg 300w, https:\/\/djk-dom-minden.de\/tagespflege\/wp-content\/uploads\/2019\/11\/Tagespflege-Einweihung_2019-1024x577.jpg 1024w, https:\/\/djk-dom-minden.de\/tagespflege\/wp-content\/uploads\/2019\/11\/Tagespflege-Einweihung_2019-150x150.jpg 150w, https:\/\/djk-dom-minden.de\/tagespflege\/wp-content\/uploads\/2019\/11\/Tagespflege-Einweihung_2019-768x433.jpg 768w, https:\/\/djk-dom-minden.de\/tagespflege\/wp-content\/uploads\/2019\/11\/Tagespflege-Einweihung_2019-1200x677.jpg 1200w, https:\/\/djk-dom-minden.de\/tagespflege\/wp-content\/uploads\/2019\/11\/Tagespflege-Einweihung_2019-1100x620.jpg 1100w, https:\/\/djk-dom-minden.de\/tagespflege\/wp-content\/uploads\/2019\/11\/Tagespflege-Einweihung_2019-1000x564.jpg 1000w, https:\/\/djk-dom-minden.de\/tagespflege\/wp-content\/uploads\/2019\/11\/Tagespflege-Einweihung_2019-900x508.jpg 900w, https:\/\/djk-dom-minden.de\/tagespflege\/wp-content\/uploads\/2019\/11\/Tagespflege-Einweihung_2019-800x451.jpg 800w, https:\/\/djk-dom-minden.de\/tagespflege\/wp-content\/uploads\/2019\/11\/Tagespflege-Einweihung_2019-700x395.jpg 700w, https:\/\/djk-dom-minden.de\/tagespflege\/wp-content\/uploads\/2019\/11\/Tagespflege-Einweihung_2019-600x338.jpg 600w, https:\/\/djk-dom-minden.de\/tagespflege\/wp-content\/uploads\/2019\/11\/Tagespflege-Einweihung_2019-500x282.jpg 500w, https:\/\/djk-dom-minden.de\/tagespflege\/wp-content\/uploads\/2019\/11\/Tagespflege-Einweihung_2019-400x226.jpg 400w, https:\/\/djk-dom-minden.de\/tagespflege\/wp-content\/uploads\/2019\/11\/Tagespflege-Einweihung_2019-300x169.jpg 300w, https:\/\/djk-dom-minden.de\/tagespflege\/wp-content\/uploads\/2019\/11\/Tagespflege-Einweihung_2019-200x113.jpg 200w, https:\/\/djk-dom-minden.de\/tagespflege\/wp-content\/uploads\/2019\/11\/Tagespflege-Einweihung_2019-100x56.jpg 100w\" data-sizes=\"auto\"\/><a href=\"https:\/\/djk-dom-minden.de\/tagespflege\/news\/einweihung-der-neuen-tagespflege\" target=\"_self\"><figcaption><span class=\"title\"><p class=\"tag\">Einweihung der neuen Tagespflege<\/p><\/span><\/figcaption><\/a><\/figure><\/div><\/div>\t\t<\/div>\n\t\t\t\t<\/div>\n\t\t\t\t\t<\/div>\n\t\t<\/div>\n\t\t\t\t\t<\/div>\n\t\t<\/section>\n\t\t\t\t<section class=\"elementor-section elementor-top-section elementor-element elementor-element-4613bcca elementor-section-full_width elementor-section-height-default elementor-section-height-default\" data-id=\"4613bcca\" data-element_type=\"section\">\n\t\t\t\t\t\t<div class=\"elementor-container elementor-column-gap-no\">\n\t\t\t\t\t<div class=\"elementor-column elementor-col-50 elementor-top-column elementor-element elementor-element-5235b127\" data-id=\"5235b127\" data-element_type=\"column\">\n\t\t\t<div class=\"elementor-widget-wrap elementor-element-populated\">\n\t\t\t\t\t\t<div class=\"elementor-element elementor-element-33c608a9 elementor-widget elementor-widget-heading\" data-id=\"33c608a9\" data-element_type=\"widget\" data-widget_type=\"heading.default\">\n\t\t\t\t<div class=\"elementor-widget-container\">\n\t\t\t<h1 class=\"elementor-heading-title elementor-size-default\">Tagespflege<\/h1>\t\t<\/div>\n\t\t\t\t<\/div>\n\t\t\t\t<div class=\"elementor-element elementor-element-226db446 elementor-widget elementor-widget-text-editor\" data-id=\"226db446\" data-element_type=\"widget\" data-widget_type=\"text-editor.default\">\n\t\t\t\t<div class=\"elementor-widget-container\">\n\t\t\t\t\t\t\t<div><h4>Ziele der p\u00e4dagogische Arbeit in der DJK-Kindertagespflege<\/h4><\/div>\t\t\t\t\t\t<\/div>\n\t\t\t\t<\/div>\n\t\t\t\t<div class=\"elementor-element elementor-element-48416c elementor-widget elementor-widget-text-editor\" data-id=\"48416c\" data-element_type=\"widget\" data-widget_type=\"text-editor.default\">\n\t\t\t\t<div class=\"elementor-widget-container\">\n\t\t\t\t\t\t\t<p>Unser Ziel ist es, ein harmonisches Umfeld zu schaffen, in dem sich die Kinder und auch die Eltern wohl f\u00fchlen. Die Kinder sollen in allen Lern- und Bildungsbereichen sowie in ihrer Gesamtpers\u00f6nlichkeit bestm\u00f6glich gef\u00f6rdert werden.\u00a0Lernen im fr\u00fchesten Kindesalter vollzieht sich durch die Wahrnehmung der Sinne und vor allem durch Bewegung mit dem eigenen K\u00f6rper. Wiederholung wie Reime, immer wiederkehrende Lieder und Spiele geben dem Kind Sicherheit. <br \/><br \/>Das Kleinkind lernt mit allen Sinnen und nimmt somit seine Umwelt wahr. Eine verl\u00e4ssliche Bezugsperson, die Raumgestaltung und ein strukturierter Tagesablauf sind hierbei sehr wichtig, um dem Kind ein sicheres Umfeld zu geben, in dem es eigenst\u00e4ndig seine Welt erobert. Besonders wichtig ist die Sprachentwicklung. Wir unterst\u00fctzen den Aufbau des Sprachschatzes vor allem durch Singspiele, altersgerechte Bilderb\u00fccher, Fingerspiele, H\u00f6ren und Nachsprechen. Zus\u00e4tzlich zu unserer Kindertagespflege erhalten Sie als Familie eine optimale Anbindung an das weitere Rahmenprogramm der DJK.<\/p>\t\t\t\t\t\t<\/div>\n\t\t\t\t<\/div>\n\t\t\t\t<div class=\"elementor-element elementor-element-9c3c935 elementor-widget elementor-widget-text-editor\" data-id=\"9c3c935\" data-element_type=\"widget\" data-widget_type=\"text-editor.default\">\n\t\t\t\t<div class=\"elementor-widget-container\">\n\t\t\t\t\t\t\t<h4><strong>Einzugsgebiet:<\/strong><\/h4>\t\t\t\t\t\t<\/div>\n\t\t\t\t<\/div>\n\t\t\t\t<div class=\"elementor-element elementor-element-b41fbac elementor-widget elementor-widget-text-editor\" data-id=\"b41fbac\" data-element_type=\"widget\" data-widget_type=\"text-editor.default\">\n\t\t\t\t<div class=\"elementor-widget-container\">\n\t\t\t\t\t\t\t<ul><li>Stadt Minden<\/li><\/ul>\t\t\t\t\t\t<\/div>\n\t\t\t\t<\/div>\n\t\t\t\t<div class=\"elementor-element elementor-element-ff1ae64 elementor-widget elementor-widget-text-editor\" data-id=\"ff1ae64\" data-element_type=\"widget\" data-widget_type=\"text-editor.default\">\n\t\t\t\t<div class=\"elementor-widget-container\">\n\t\t\t\t\t\t\t<p><strong>Unsere Tagespflegen auf einen Blick:<\/strong><\/p>\t\t\t\t\t\t<\/div>\n\t\t\t\t<\/div>\n\t\t\t\t<section class=\"elementor-section elementor-inner-section elementor-element elementor-element-09fa139 elementor-section-boxed elementor-section-height-default elementor-section-height-default\" data-id=\"09fa139\" data-element_type=\"section\" data-settings=\"{&quot;background_background&quot;:&quot;classic&quot;}\">\n\t\t\t\t\t\t<div class=\"elementor-container elementor-column-gap-narrow\">\n\t\t\t\t\t<div class=\"elementor-column elementor-col-33 elementor-inner-column elementor-element elementor-element-99a04d1\" data-id=\"99a04d1\" data-element_type=\"column\">\n\t\t\t<div class=\"elementor-widget-wrap elementor-element-populated\">\n\t\t\t\t\t\t<div class=\"elementor-element elementor-element-acf96af elementor-widget elementor-widget-image\" data-id=\"acf96af\" data-element_type=\"widget\" data-widget_type=\"image.default\">\n\t\t\t\t<div class=\"elementor-widget-container\">\n\t\t\t\t\t\t\t\t\t\t\t\t\t\t<a href=\"https:\/\/djk-dom-minden.de\/tagespflege\/baeren\/\">\n\t\t\t\t\t\t\t<img decoding=\"async\" width=\"1\" height=\"1\" src=\"https:\/\/djk-dom-minden.de\/tagespflege\/wp-content\/uploads\/2020\/11\/Tagespflege_Baeren.svg\" class=\"elementor-animation-grow attachment-full size-full wp-image-160\" alt=\"\" \/>\t\t\t\t\t\t\t\t<\/a>\n\t\t\t\t\t\t\t\t\t\t\t\t\t<\/div>\n\t\t\t\t<\/div>\n\t\t\t\t\t<\/div>\n\t\t<\/div>\n\t\t\t\t<div class=\"elementor-column elementor-col-33 elementor-inner-column elementor-element elementor-element-57da164\" data-id=\"57da164\" data-element_type=\"column\">\n\t\t\t<div class=\"elementor-widget-wrap elementor-element-populated\">\n\t\t\t\t\t\t<div class=\"elementor-element elementor-element-38e5ee9 elementor-widget elementor-widget-image\" data-id=\"38e5ee9\" data-element_type=\"widget\" data-widget_type=\"image.default\">\n\t\t\t\t<div class=\"elementor-widget-container\">\n\t\t\t\t\t\t\t\t\t\t\t\t\t\t<a href=\"https:\/\/djk-dom-minden.de\/tagespflege\/froesche\/\">\n\t\t\t\t\t\t\t<img decoding=\"async\" width=\"1\" height=\"1\" src=\"https:\/\/djk-dom-minden.de\/tagespflege\/wp-content\/uploads\/2020\/11\/Tagespflege_Froesche.svg\" class=\"elementor-animation-grow attachment-full size-full wp-image-158\" alt=\"\" \/>\t\t\t\t\t\t\t\t<\/a>\n\t\t\t\t\t\t\t\t\t\t\t\t\t<\/div>\n\t\t\t\t<\/div>\n\t\t\t\t\t<\/div>\n\t\t<\/div>\n\t\t\t\t<div class=\"elementor-column elementor-col-33 elementor-inner-column elementor-element elementor-element-9fc8224\" data-id=\"9fc8224\" data-element_type=\"column\">\n\t\t\t<div class=\"elementor-widget-wrap elementor-element-populated\">\n\t\t\t\t\t\t<div class=\"elementor-element elementor-element-df20145 elementor-widget elementor-widget-image\" data-id=\"df20145\" data-element_type=\"widget\" data-widget_type=\"image.default\">\n\t\t\t\t<div class=\"elementor-widget-container\">\n\t\t\t\t\t\t\t\t\t\t\t\t\t\t<a href=\"https:\/\/djk-dom-minden.de\/tagespflege\/pinguine\/\">\n\t\t\t\t\t\t\t<img fetchpriority=\"high\" decoding=\"async\" width=\"841\" height=\"595\" src=\"https:\/\/djk-dom-minden.de\/tagespflege\/wp-content\/uploads\/2021\/10\/Tagespflege_Pinguine.svg\" class=\"elementor-animation-grow attachment-full size-full wp-image-337\" alt=\"Tagespflege_Pinguine\" \/>\t\t\t\t\t\t\t\t<\/a>\n\t\t\t\t\t\t\t\t\t\t\t\t\t<\/div>\n\t\t\t\t<\/div>\n\t\t\t\t\t<\/div>\n\t\t<\/div>\n\t\t\t\t\t<\/div>\n\t\t<\/section>\n\t\t\t\t<section class=\"elementor-section elementor-inner-section elementor-element elementor-element-98e8e34 elementor-section-boxed elementor-section-height-default elementor-section-height-default\" data-id=\"98e8e34\" data-element_type=\"section\" data-settings=\"{&quot;background_background&quot;:&quot;classic&quot;}\">\n\t\t\t\t\t\t<div class=\"elementor-container elementor-column-gap-narrow\">\n\t\t\t\t\t<div class=\"elementor-column elementor-col-33 elementor-inner-column elementor-element elementor-element-78cba70\" data-id=\"78cba70\" data-element_type=\"column\">\n\t\t\t<div class=\"elementor-widget-wrap elementor-element-populated\">\n\t\t\t\t\t\t<div class=\"elementor-element elementor-element-d48569e elementor-widget elementor-widget-image\" data-id=\"d48569e\" data-element_type=\"widget\" data-widget_type=\"image.default\">\n\t\t\t\t<div class=\"elementor-widget-container\">\n\t\t\t\t\t\t\t\t\t\t\t\t\t\t<a href=\"https:\/\/djk-dom-minden.de\/tagespflege\/raupen\/\">\n\t\t\t\t\t\t\t<img loading=\"lazy\" decoding=\"async\" width=\"1\" height=\"1\" src=\"https:\/\/djk-dom-minden.de\/tagespflege\/wp-content\/uploads\/2020\/11\/Tagespflege_Raupen.svg\" class=\"elementor-animation-grow attachment-full size-full wp-image-159\" alt=\"\" \/>\t\t\t\t\t\t\t\t<\/a>\n\t\t\t\t\t\t\t\t\t\t\t\t\t<\/div>\n\t\t\t\t<\/div>\n\t\t\t\t\t<\/div>\n\t\t<\/div>\n\t\t\t\t<div class=\"elementor-column elementor-col-33 elementor-inner-column elementor-element elementor-element-2235bd1\" data-id=\"2235bd1\" data-element_type=\"column\">\n\t\t\t<div class=\"elementor-widget-wrap elementor-element-populated\">\n\t\t\t\t\t\t<div class=\"elementor-element elementor-element-ea0216d elementor-widget elementor-widget-image\" data-id=\"ea0216d\" data-element_type=\"widget\" data-widget_type=\"image.default\">\n\t\t\t\t<div class=\"elementor-widget-container\">\n\t\t\t\t\t\t\t\t\t\t\t\t\t\t<a href=\"https:\/\/djk-dom-minden.de\/tagespflege\/spatzen\">\n\t\t\t\t\t\t\t<img loading=\"lazy\" decoding=\"async\" width=\"841\" height=\"595\" src=\"https:\/\/djk-dom-minden.de\/tagespflege\/wp-content\/uploads\/2021\/10\/Tagespflege_Spatzen.svg\" class=\"elementor-animation-grow attachment-full size-full wp-image-373\" alt=\"Tagespflege_Spatzen\" \/>\t\t\t\t\t\t\t\t<\/a>\n\t\t\t\t\t\t\t\t\t\t\t\t\t<\/div>\n\t\t\t\t<\/div>\n\t\t\t\t\t<\/div>\n\t\t<\/div>\n\t\t\t\t<div class=\"elementor-column elementor-col-33 elementor-inner-column elementor-element elementor-element-4beb236\" data-id=\"4beb236\" data-element_type=\"column\">\n\t\t\t<div class=\"elementor-widget-wrap\">\n\t\t\t\t\t\t\t<\/div>\n\t\t<\/div>\n\t\t\t\t\t<\/div>\n\t\t<\/section>\n\t\t\t\t<div class=\"elementor-element elementor-element-529539d1 elementor-widget elementor-widget-text-editor\" data-id=\"529539d1\" data-element_type=\"widget\" data-widget_type=\"text-editor.default\">\n\t\t\t\t<div class=\"elementor-widget-container\">\n\t\t\t\t\t\t\t<h4>Gruppen\/Pl\u00e4tze:<\/h4>\t\t\t\t\t\t<\/div>\n\t\t\t\t<\/div>\n\t\t\t\t<div class=\"elementor-element elementor-element-336c499c elementor-widget elementor-widget-text-editor\" data-id=\"336c499c\" data-element_type=\"widget\" data-widget_type=\"text-editor.default\">\n\t\t\t\t<div class=\"elementor-widget-container\">\n\t\t\t\t\t\t\t<ul><li>B\u00e4rchen: max. 9 Pl\u00e4tze<\/li><li>Fr\u00f6sche: max. 9 Pl\u00e4tze<\/li><li>Raupen: max. 9 Pl\u00e4tze<\/li><li>Bienen: max. 5 Pl\u00e4tze<\/li><li>Spatzen: max. 9 Pl\u00e4tze<\/li><\/ul>\t\t\t\t\t\t<\/div>\n\t\t\t\t<\/div>\n\t\t\t\t<div class=\"elementor-element elementor-element-7256ccc3 elementor-widget elementor-widget-heading\" data-id=\"7256ccc3\" data-element_type=\"widget\" data-widget_type=\"heading.default\">\n\t\t\t\t<div class=\"elementor-widget-container\">\n\t\t\t<h1 class=\"elementor-heading-title elementor-size-default\">Aktuelle News<\/h1>\t\t<\/div>\n\t\t\t\t<\/div>\n\t\t\t\t<div class=\"elementor-element elementor-element-3598a38d elementor-widget elementor-widget-global-news-overview\" data-id=\"3598a38d\" data-element_type=\"widget\" data-widget_type=\"global-news-overview.default\">\n\t\t\t\t<div class=\"elementor-widget-container\">\n\t\t\t<div class=\"grid\"><figure class=\"effect-jazz\"><img data-src=\"https:\/\/djk-dom-minden.de\/tagespflege\/raupen\/wp-content\/uploads\/sites\/5\/2019\/10\/raupen_teaser-100x33.jpg\" class=\"lazyload\" data-srcset=\"https:\/\/djk-dom-minden.de\/tagespflege\/raupen\/wp-content\/uploads\/sites\/5\/2019\/10\/raupen_teaser-300x98.jpg 300w, https:\/\/djk-dom-minden.de\/tagespflege\/raupen\/wp-content\/uploads\/sites\/5\/2019\/10\/raupen_teaser-1024x333.jpg 1024w, https:\/\/djk-dom-minden.de\/tagespflege\/raupen\/wp-content\/uploads\/sites\/5\/2019\/10\/raupen_teaser-150x150.jpg 150w, https:\/\/djk-dom-minden.de\/tagespflege\/raupen\/wp-content\/uploads\/sites\/5\/2019\/10\/raupen_teaser-768x250.jpg 768w, https:\/\/djk-dom-minden.de\/tagespflege\/raupen\/wp-content\/uploads\/sites\/5\/2019\/10\/raupen_teaser-1536x499.jpg 1536w, https:\/\/djk-dom-minden.de\/tagespflege\/raupen\/wp-content\/uploads\/sites\/5\/2019\/10\/raupen_teaser-1200x390.jpg 1200w, https:\/\/djk-dom-minden.de\/tagespflege\/raupen\/wp-content\/uploads\/sites\/5\/2019\/10\/raupen_teaser-1100x358.jpg 1100w, https:\/\/djk-dom-minden.de\/tagespflege\/raupen\/wp-content\/uploads\/sites\/5\/2019\/10\/raupen_teaser-1000x325.jpg 1000w, https:\/\/djk-dom-minden.de\/tagespflege\/raupen\/wp-content\/uploads\/sites\/5\/2019\/10\/raupen_teaser-900x293.jpg 900w, https:\/\/djk-dom-minden.de\/tagespflege\/raupen\/wp-content\/uploads\/sites\/5\/2019\/10\/raupen_teaser-800x260.jpg 800w, https:\/\/djk-dom-minden.de\/tagespflege\/raupen\/wp-content\/uploads\/sites\/5\/2019\/10\/raupen_teaser-700x228.jpg 700w, https:\/\/djk-dom-minden.de\/tagespflege\/raupen\/wp-content\/uploads\/sites\/5\/2019\/10\/raupen_teaser-600x195.jpg 600w, https:\/\/djk-dom-minden.de\/tagespflege\/raupen\/wp-content\/uploads\/sites\/5\/2019\/10\/raupen_teaser-500x163.jpg 500w, https:\/\/djk-dom-minden.de\/tagespflege\/raupen\/wp-content\/uploads\/sites\/5\/2019\/10\/raupen_teaser-400x130.jpg 400w, https:\/\/djk-dom-minden.de\/tagespflege\/raupen\/wp-content\/uploads\/sites\/5\/2019\/10\/raupen_teaser-300x98.jpg 300w, https:\/\/djk-dom-minden.de\/tagespflege\/raupen\/wp-content\/uploads\/sites\/5\/2019\/10\/raupen_teaser-200x65.jpg 200w, https:\/\/djk-dom-minden.de\/tagespflege\/raupen\/wp-content\/uploads\/sites\/5\/2019\/10\/raupen_teaser-100x33.jpg 100w\" data-sizes=\"auto\"\/><a href=\"https:\/\/djk-dom-minden.de\/tagespflege\/raupen\/news\/raupen-kinderbetreuung-fuer-die-kleinsten\" target=\"_self\"><figcaption><div class=\"fig-item\"><span class=\"title\"><h3>Raupen - Kinderbetreuung f\u00fcr die...<\/h3><\/span><span class=\"date\"><h5>12.10.2019<\/h5><\/span><\/div><\/figcaption><\/a><\/figure><figure class=\"effect-jazz\"><img data-src=\"https:\/\/djk-dom-minden.de\/tagespflege\/wp-content\/uploads\/2019\/11\/Tagespflege-Einweihung_2019-100x56.jpg\" class=\"lazyload\" data-srcset=\"https:\/\/djk-dom-minden.de\/tagespflege\/wp-content\/uploads\/2019\/11\/Tagespflege-Einweihung_2019-300x169.jpg 300w, https:\/\/djk-dom-minden.de\/tagespflege\/wp-content\/uploads\/2019\/11\/Tagespflege-Einweihung_2019-1024x577.jpg 1024w, https:\/\/djk-dom-minden.de\/tagespflege\/wp-content\/uploads\/2019\/11\/Tagespflege-Einweihung_2019-150x150.jpg 150w, https:\/\/djk-dom-minden.de\/tagespflege\/wp-content\/uploads\/2019\/11\/Tagespflege-Einweihung_2019-768x433.jpg 768w, https:\/\/djk-dom-minden.de\/tagespflege\/wp-content\/uploads\/2019\/11\/Tagespflege-Einweihung_2019-1200x677.jpg 1200w, https:\/\/djk-dom-minden.de\/tagespflege\/wp-content\/uploads\/2019\/11\/Tagespflege-Einweihung_2019-1100x620.jpg 1100w, https:\/\/djk-dom-minden.de\/tagespflege\/wp-content\/uploads\/2019\/11\/Tagespflege-Einweihung_2019-1000x564.jpg 1000w, https:\/\/djk-dom-minden.de\/tagespflege\/wp-content\/uploads\/2019\/11\/Tagespflege-Einweihung_2019-900x508.jpg 900w, https:\/\/djk-dom-minden.de\/tagespflege\/wp-content\/uploads\/2019\/11\/Tagespflege-Einweihung_2019-800x451.jpg 800w, https:\/\/djk-dom-minden.de\/tagespflege\/wp-content\/uploads\/2019\/11\/Tagespflege-Einweihung_2019-700x395.jpg 700w, https:\/\/djk-dom-minden.de\/tagespflege\/wp-content\/uploads\/2019\/11\/Tagespflege-Einweihung_2019-600x338.jpg 600w, https:\/\/djk-dom-minden.de\/tagespflege\/wp-content\/uploads\/2019\/11\/Tagespflege-Einweihung_2019-500x282.jpg 500w, https:\/\/djk-dom-minden.de\/tagespflege\/wp-content\/uploads\/2019\/11\/Tagespflege-Einweihung_2019-400x226.jpg 400w, https:\/\/djk-dom-minden.de\/tagespflege\/wp-content\/uploads\/2019\/11\/Tagespflege-Einweihung_2019-300x169.jpg 300w, https:\/\/djk-dom-minden.de\/tagespflege\/wp-content\/uploads\/2019\/11\/Tagespflege-Einweihung_2019-200x113.jpg 200w, https:\/\/djk-dom-minden.de\/tagespflege\/wp-content\/uploads\/2019\/11\/Tagespflege-Einweihung_2019-100x56.jpg 100w\" data-sizes=\"auto\"\/><a href=\"https:\/\/djk-dom-minden.de\/tagespflege\/news\/einweihung-der-neuen-tagespflege\" target=\"_self\"><figcaption><div class=\"fig-item\"><span class=\"title\"><h3>Einweihung der neuen Tagespflege...<\/h3><\/span><span class=\"date\"><h5>16.11.2019<\/h5><\/span><\/div><\/figcaption><\/a><\/figure><figure class=\"effect-jazz\"><img data-src=\"https:\/\/djk-dom-minden.de\/tagespflege\/baeren\/wp-content\/uploads\/sites\/4\/2019\/10\/baeren_teaser-100x33.jpg\" class=\"lazyload\" data-srcset=\"https:\/\/djk-dom-minden.de\/tagespflege\/baeren\/wp-content\/uploads\/sites\/4\/2019\/10\/baeren_teaser-300x98.jpg 300w, https:\/\/djk-dom-minden.de\/tagespflege\/baeren\/wp-content\/uploads\/sites\/4\/2019\/10\/baeren_teaser-1024x333.jpg 1024w, https:\/\/djk-dom-minden.de\/tagespflege\/baeren\/wp-content\/uploads\/sites\/4\/2019\/10\/baeren_teaser-150x150.jpg 150w, https:\/\/djk-dom-minden.de\/tagespflege\/baeren\/wp-content\/uploads\/sites\/4\/2019\/10\/baeren_teaser-768x250.jpg 768w, https:\/\/djk-dom-minden.de\/tagespflege\/baeren\/wp-content\/uploads\/sites\/4\/2019\/10\/baeren_teaser-1536x499.jpg 1536w, https:\/\/djk-dom-minden.de\/tagespflege\/baeren\/wp-content\/uploads\/sites\/4\/2019\/10\/baeren_teaser-1200x390.jpg 1200w, https:\/\/djk-dom-minden.de\/tagespflege\/baeren\/wp-content\/uploads\/sites\/4\/2019\/10\/baeren_teaser-1100x358.jpg 1100w, https:\/\/djk-dom-minden.de\/tagespflege\/baeren\/wp-content\/uploads\/sites\/4\/2019\/10\/baeren_teaser-1000x325.jpg 1000w, https:\/\/djk-dom-minden.de\/tagespflege\/baeren\/wp-content\/uploads\/sites\/4\/2019\/10\/baeren_teaser-900x293.jpg 900w, https:\/\/djk-dom-minden.de\/tagespflege\/baeren\/wp-content\/uploads\/sites\/4\/2019\/10\/baeren_teaser-800x260.jpg 800w, https:\/\/djk-dom-minden.de\/tagespflege\/baeren\/wp-content\/uploads\/sites\/4\/2019\/10\/baeren_teaser-700x228.jpg 700w, https:\/\/djk-dom-minden.de\/tagespflege\/baeren\/wp-content\/uploads\/sites\/4\/2019\/10\/baeren_teaser-600x195.jpg 600w, https:\/\/djk-dom-minden.de\/tagespflege\/baeren\/wp-content\/uploads\/sites\/4\/2019\/10\/baeren_teaser-500x163.jpg 500w, https:\/\/djk-dom-minden.de\/tagespflege\/baeren\/wp-content\/uploads\/sites\/4\/2019\/10\/baeren_teaser-400x130.jpg 400w, https:\/\/djk-dom-minden.de\/tagespflege\/baeren\/wp-content\/uploads\/sites\/4\/2019\/10\/baeren_teaser-300x98.jpg 300w, https:\/\/djk-dom-minden.de\/tagespflege\/baeren\/wp-content\/uploads\/sites\/4\/2019\/10\/baeren_teaser-200x65.jpg 200w, https:\/\/djk-dom-minden.de\/tagespflege\/baeren\/wp-content\/uploads\/sites\/4\/2019\/10\/baeren_teaser-100x33.jpg 100w\" data-sizes=\"auto\"\/><a href=\"https:\/\/djk-dom-minden.de\/tagespflege\/baeren\/news\/baeren-kinderbetreuung-fuer-die-kleinsten\" target=\"_self\"><figcaption><div class=\"fig-item\"><span class=\"title\"><h3>B\u00e4ren - Kinderbetreuung f\u00fcr die...<\/h3><\/span><span class=\"date\"><h5>12.10.2019<\/h5><\/span><\/div><\/figcaption><\/a><\/figure><figure class=\"effect-jazz\"><img data-src=\"https:\/\/djk-dom-minden.de\/tagespflege\/wp-content\/uploads\/2020\/04\/tagespflege_teaser-100x33.jpg\" class=\"lazyload\" data-srcset=\"https:\/\/djk-dom-minden.de\/tagespflege\/wp-content\/uploads\/2020\/04\/tagespflege_teaser-300x98.jpg 300w, https:\/\/djk-dom-minden.de\/tagespflege\/wp-content\/uploads\/2020\/04\/tagespflege_teaser-1024x333.jpg 1024w, https:\/\/djk-dom-minden.de\/tagespflege\/wp-content\/uploads\/2020\/04\/tagespflege_teaser-150x150.jpg 150w, https:\/\/djk-dom-minden.de\/tagespflege\/wp-content\/uploads\/2020\/04\/tagespflege_teaser-768x250.jpg 768w, https:\/\/djk-dom-minden.de\/tagespflege\/wp-content\/uploads\/2020\/04\/tagespflege_teaser-1536x499.jpg 1536w, https:\/\/djk-dom-minden.de\/tagespflege\/wp-content\/uploads\/2020\/04\/tagespflege_teaser-1200x390.jpg 1200w, https:\/\/djk-dom-minden.de\/tagespflege\/wp-content\/uploads\/2020\/04\/tagespflege_teaser-1100x358.jpg 1100w, https:\/\/djk-dom-minden.de\/tagespflege\/wp-content\/uploads\/2020\/04\/tagespflege_teaser-1000x325.jpg 1000w, https:\/\/djk-dom-minden.de\/tagespflege\/wp-content\/uploads\/2020\/04\/tagespflege_teaser-900x293.jpg 900w, https:\/\/djk-dom-minden.de\/tagespflege\/wp-content\/uploads\/2020\/04\/tagespflege_teaser-800x260.jpg 800w, https:\/\/djk-dom-minden.de\/tagespflege\/wp-content\/uploads\/2020\/04\/tagespflege_teaser-700x228.jpg 700w, https:\/\/djk-dom-minden.de\/tagespflege\/wp-content\/uploads\/2020\/04\/tagespflege_teaser-600x195.jpg 600w, https:\/\/djk-dom-minden.de\/tagespflege\/wp-content\/uploads\/2020\/04\/tagespflege_teaser-500x163.jpg 500w, https:\/\/djk-dom-minden.de\/tagespflege\/wp-content\/uploads\/2020\/04\/tagespflege_teaser-400x130.jpg 400w, https:\/\/djk-dom-minden.de\/tagespflege\/wp-content\/uploads\/2020\/04\/tagespflege_teaser-300x98.jpg 300w, https:\/\/djk-dom-minden.de\/tagespflege\/wp-content\/uploads\/2020\/04\/tagespflege_teaser-200x65.jpg 200w, https:\/\/djk-dom-minden.de\/tagespflege\/wp-content\/uploads\/2020\/04\/tagespflege_teaser-100x33.jpg 100w\" data-sizes=\"auto\"\/><a href=\"https:\/\/djk-dom-minden.de\/tagespflege\/news\/zusaetzliches-tagespflegeangebot-in-rodenbeck\" target=\"_self\"><figcaption><div class=\"fig-item\"><span class=\"title\"><h3>Zus\u00e4tzliches Tagespflegeangebot...<\/h3><\/span><span class=\"date\"><h5>08.02.2021<\/h5><\/span><\/div><\/figcaption><\/a><\/figure><figure class=\"effect-jazz\"><img data-src=\"https:\/\/djk-dom-minden.de\/tagespflege\/pinguine\/wp-content\/uploads\/sites\/2\/2022\/08\/tagespflege_pinguine-100x33.jpg\" class=\"lazyload\" data-srcset=\"https:\/\/djk-dom-minden.de\/tagespflege\/pinguine\/wp-content\/uploads\/sites\/2\/2022\/08\/tagespflege_pinguine-300x98.jpg 300w, https:\/\/djk-dom-minden.de\/tagespflege\/pinguine\/wp-content\/uploads\/sites\/2\/2022\/08\/tagespflege_pinguine-1024x333.jpg 1024w, https:\/\/djk-dom-minden.de\/tagespflege\/pinguine\/wp-content\/uploads\/sites\/2\/2022\/08\/tagespflege_pinguine-150x150.jpg 150w, https:\/\/djk-dom-minden.de\/tagespflege\/pinguine\/wp-content\/uploads\/sites\/2\/2022\/08\/tagespflege_pinguine-768x250.jpg 768w, https:\/\/djk-dom-minden.de\/tagespflege\/pinguine\/wp-content\/uploads\/sites\/2\/2022\/08\/tagespflege_pinguine-1536x499.jpg 1536w, https:\/\/djk-dom-minden.de\/tagespflege\/pinguine\/wp-content\/uploads\/sites\/2\/2022\/08\/tagespflege_pinguine-1200x390.jpg 1200w, https:\/\/djk-dom-minden.de\/tagespflege\/pinguine\/wp-content\/uploads\/sites\/2\/2022\/08\/tagespflege_pinguine-1100x358.jpg 1100w, https:\/\/djk-dom-minden.de\/tagespflege\/pinguine\/wp-content\/uploads\/sites\/2\/2022\/08\/tagespflege_pinguine-1000x325.jpg 1000w, https:\/\/djk-dom-minden.de\/tagespflege\/pinguine\/wp-content\/uploads\/sites\/2\/2022\/08\/tagespflege_pinguine-900x293.jpg 900w, https:\/\/djk-dom-minden.de\/tagespflege\/pinguine\/wp-content\/uploads\/sites\/2\/2022\/08\/tagespflege_pinguine-800x260.jpg 800w, https:\/\/djk-dom-minden.de\/tagespflege\/pinguine\/wp-content\/uploads\/sites\/2\/2022\/08\/tagespflege_pinguine-700x228.jpg 700w, https:\/\/djk-dom-minden.de\/tagespflege\/pinguine\/wp-content\/uploads\/sites\/2\/2022\/08\/tagespflege_pinguine-600x195.jpg 600w, https:\/\/djk-dom-minden.de\/tagespflege\/pinguine\/wp-content\/uploads\/sites\/2\/2022\/08\/tagespflege_pinguine-500x163.jpg 500w, https:\/\/djk-dom-minden.de\/tagespflege\/pinguine\/wp-content\/uploads\/sites\/2\/2022\/08\/tagespflege_pinguine-400x130.jpg 400w, https:\/\/djk-dom-minden.de\/tagespflege\/pinguine\/wp-content\/uploads\/sites\/2\/2022\/08\/tagespflege_pinguine-300x98.jpg 300w, https:\/\/djk-dom-minden.de\/tagespflege\/pinguine\/wp-content\/uploads\/sites\/2\/2022\/08\/tagespflege_pinguine-200x65.jpg 200w, https:\/\/djk-dom-minden.de\/tagespflege\/pinguine\/wp-content\/uploads\/sites\/2\/2022\/08\/tagespflege_pinguine-100x33.jpg 100w\" data-sizes=\"auto\"\/><a href=\"https:\/\/djk-dom-minden.de\/tagespflege\/pinguine\/news\/pinguine-kinderbetreuung-fuer-die-kleinsten\" target=\"_self\"><figcaption><div class=\"fig-item\"><span class=\"title\"><h3>Pinguine \u2013 Kinderbetreuung f\u00fcr...<\/h3><\/span><span class=\"date\"><h5>17.08.2022<\/h5><\/span><\/div><\/figcaption><\/a><\/figure><figure class=\"effect-jazz\"><img data-src=\"https:\/\/djk-dom-minden.de\/tagespflege\/spatzen\/wp-content\/uploads\/sites\/6\/2024\/01\/tagespflege_teaser-100x33.jpg\" class=\"lazyload\" data-srcset=\"https:\/\/djk-dom-minden.de\/tagespflege\/spatzen\/wp-content\/uploads\/sites\/6\/2024\/01\/tagespflege_teaser-300x98.jpg 300w, https:\/\/djk-dom-minden.de\/tagespflege\/spatzen\/wp-content\/uploads\/sites\/6\/2024\/01\/tagespflege_teaser-1024x333.jpg 1024w, https:\/\/djk-dom-minden.de\/tagespflege\/spatzen\/wp-content\/uploads\/sites\/6\/2024\/01\/tagespflege_teaser-150x150.jpg 150w, https:\/\/djk-dom-minden.de\/tagespflege\/spatzen\/wp-content\/uploads\/sites\/6\/2024\/01\/tagespflege_teaser-768x250.jpg 768w, https:\/\/djk-dom-minden.de\/tagespflege\/spatzen\/wp-content\/uploads\/sites\/6\/2024\/01\/tagespflege_teaser-1536x499.jpg 1536w, https:\/\/djk-dom-minden.de\/tagespflege\/spatzen\/wp-content\/uploads\/sites\/6\/2024\/01\/tagespflege_teaser-1200x390.jpg 1200w, https:\/\/djk-dom-minden.de\/tagespflege\/spatzen\/wp-content\/uploads\/sites\/6\/2024\/01\/tagespflege_teaser-1100x358.jpg 1100w, https:\/\/djk-dom-minden.de\/tagespflege\/spatzen\/wp-content\/uploads\/sites\/6\/2024\/01\/tagespflege_teaser-1000x325.jpg 1000w, https:\/\/djk-dom-minden.de\/tagespflege\/spatzen\/wp-content\/uploads\/sites\/6\/2024\/01\/tagespflege_teaser-900x293.jpg 900w, https:\/\/djk-dom-minden.de\/tagespflege\/spatzen\/wp-content\/uploads\/sites\/6\/2024\/01\/tagespflege_teaser-800x260.jpg 800w, https:\/\/djk-dom-minden.de\/tagespflege\/spatzen\/wp-content\/uploads\/sites\/6\/2024\/01\/tagespflege_teaser-700x228.jpg 700w, https:\/\/djk-dom-minden.de\/tagespflege\/spatzen\/wp-content\/uploads\/sites\/6\/2024\/01\/tagespflege_teaser-600x195.jpg 600w, https:\/\/djk-dom-minden.de\/tagespflege\/spatzen\/wp-content\/uploads\/sites\/6\/2024\/01\/tagespflege_teaser-500x163.jpg 500w, https:\/\/djk-dom-minden.de\/tagespflege\/spatzen\/wp-content\/uploads\/sites\/6\/2024\/01\/tagespflege_teaser-400x130.jpg 400w, https:\/\/djk-dom-minden.de\/tagespflege\/spatzen\/wp-content\/uploads\/sites\/6\/2024\/01\/tagespflege_teaser-300x98.jpg 300w, https:\/\/djk-dom-minden.de\/tagespflege\/spatzen\/wp-content\/uploads\/sites\/6\/2024\/01\/tagespflege_teaser-200x65.jpg 200w, https:\/\/djk-dom-minden.de\/tagespflege\/spatzen\/wp-content\/uploads\/sites\/6\/2024\/01\/tagespflege_teaser-100x33.jpg 100w\" data-sizes=\"auto\"\/><a href=\"https:\/\/djk-dom-minden.de\/tagespflege\/spatzen\/news\/die-spatzen-gruppe\" target=\"_self\"><figcaption><div class=\"fig-item\"><span class=\"title\"><h3>Die Spatzen-Gruppe<\/h3><\/span><span class=\"date\"><h5>08.02.2021<\/h5><\/span><\/div><\/figcaption><\/a><\/figure><figure class=\"effect-jazz\"><img data-src=\"https:\/\/djk-dom-minden.de\/tagespflege\/pinguine\/wp-content\/uploads\/sites\/2\/2023\/01\/Pinguine_teaser-100x33.jpg\" class=\"lazyload\" data-srcset=\"https:\/\/djk-dom-minden.de\/tagespflege\/pinguine\/wp-content\/uploads\/sites\/2\/2023\/01\/Pinguine_teaser-300x98.jpg 300w, https:\/\/djk-dom-minden.de\/tagespflege\/pinguine\/wp-content\/uploads\/sites\/2\/2023\/01\/Pinguine_teaser-1024x333.jpg 1024w, https:\/\/djk-dom-minden.de\/tagespflege\/pinguine\/wp-content\/uploads\/sites\/2\/2023\/01\/Pinguine_teaser-150x150.jpg 150w, https:\/\/djk-dom-minden.de\/tagespflege\/pinguine\/wp-content\/uploads\/sites\/2\/2023\/01\/Pinguine_teaser-768x250.jpg 768w, https:\/\/djk-dom-minden.de\/tagespflege\/pinguine\/wp-content\/uploads\/sites\/2\/2023\/01\/Pinguine_teaser-1536x499.jpg 1536w, https:\/\/djk-dom-minden.de\/tagespflege\/pinguine\/wp-content\/uploads\/sites\/2\/2023\/01\/Pinguine_teaser-1200x390.jpg 1200w, https:\/\/djk-dom-minden.de\/tagespflege\/pinguine\/wp-content\/uploads\/sites\/2\/2023\/01\/Pinguine_teaser-1100x358.jpg 1100w, https:\/\/djk-dom-minden.de\/tagespflege\/pinguine\/wp-content\/uploads\/sites\/2\/2023\/01\/Pinguine_teaser-1000x325.jpg 1000w, https:\/\/djk-dom-minden.de\/tagespflege\/pinguine\/wp-content\/uploads\/sites\/2\/2023\/01\/Pinguine_teaser-900x293.jpg 900w, https:\/\/djk-dom-minden.de\/tagespflege\/pinguine\/wp-content\/uploads\/sites\/2\/2023\/01\/Pinguine_teaser-800x260.jpg 800w, https:\/\/djk-dom-minden.de\/tagespflege\/pinguine\/wp-content\/uploads\/sites\/2\/2023\/01\/Pinguine_teaser-700x228.jpg 700w, https:\/\/djk-dom-minden.de\/tagespflege\/pinguine\/wp-content\/uploads\/sites\/2\/2023\/01\/Pinguine_teaser-600x195.jpg 600w, https:\/\/djk-dom-minden.de\/tagespflege\/pinguine\/wp-content\/uploads\/sites\/2\/2023\/01\/Pinguine_teaser-500x163.jpg 500w, https:\/\/djk-dom-minden.de\/tagespflege\/pinguine\/wp-content\/uploads\/sites\/2\/2023\/01\/Pinguine_teaser-400x130.jpg 400w, https:\/\/djk-dom-minden.de\/tagespflege\/pinguine\/wp-content\/uploads\/sites\/2\/2023\/01\/Pinguine_teaser-300x98.jpg 300w, https:\/\/djk-dom-minden.de\/tagespflege\/pinguine\/wp-content\/uploads\/sites\/2\/2023\/01\/Pinguine_teaser-200x65.jpg 200w, https:\/\/djk-dom-minden.de\/tagespflege\/pinguine\/wp-content\/uploads\/sites\/2\/2023\/01\/Pinguine_teaser-100x33.jpg 100w\" data-sizes=\"auto\"\/><a href=\"https:\/\/djk-dom-minden.de\/tagespflege\/pinguine\/news\/wohlfuehl-atmosphaere-bei-den-pinguinen\" target=\"_self\"><figcaption><div class=\"fig-item\"><span class=\"title\"><h3>Wohlf\u00fchl-Atmosph\u00e4re bei den Pinguinen...<\/h3><\/span><span class=\"date\"><h5>26.01.2023<\/h5><\/span><\/div><\/figcaption><\/a><\/figure><\/div>\t\t<\/div>\n\t\t\t\t<\/div>\n\t\t\t\t<div class=\"elementor-element elementor-element-e53c388 elementor-widget elementor-widget-heading\" data-id=\"e53c388\" data-element_type=\"widget\" data-widget_type=\"heading.default\">\n\t\t\t\t<div class=\"elementor-widget-container\">\n\t\t\t<h1 class=\"elementor-heading-title elementor-size-default\">Aktuelle Veranstaltungen<\/h1>\t\t<\/div>\n\t\t\t\t<\/div>\n\t\t\t\t<div class=\"elementor-element elementor-element-1600cc2 elementor-widget elementor-widget-global-events-overview\" data-id=\"1600cc2\" data-element_type=\"widget\" data-widget_type=\"global-events-overview.default\">\n\t\t\t\t<div class=\"elementor-widget-container\">\n\t\t\t<div class=\"grid\"><figure class=\"effect-jazz\"><img decoding=\"async\" src=\"https:\/\/djk-dom-minden.de\/tagespflege\/wp-content\/uploads\/2020\/12\/Strohhalme_HG_01.jpg\"\/><figcaption><div class=\"fig-item\"><span class=\"title\"><h3>Aktuell keine Veranstaltungen geplant...<\/h3><\/span><\/div><\/figcaption><\/figure><\/div>\t\t<\/div>\n\t\t\t\t<\/div>\n\t\t\t\t\t<\/div>\n\t\t<\/div>\n\t\t\t\t<div class=\"elementor-column elementor-col-50 elementor-top-column elementor-element elementor-element-b6e4ecd\" data-id=\"b6e4ecd\" data-element_type=\"column\" data-settings=\"{&quot;background_background&quot;:&quot;classic&quot;}\">\n\t\t\t<div class=\"elementor-widget-wrap elementor-element-populated\">\n\t\t\t\t\t\t<section class=\"elementor-section elementor-inner-section elementor-element elementor-element-cd3451b elementor-section-full_width elementor-section-height-default elementor-section-height-default\" data-id=\"cd3451b\" data-element_type=\"section\">\n\t\t\t\t\t\t<div class=\"elementor-container elementor-column-gap-no\">\n\t\t\t\t\t<div class=\"elementor-column elementor-col-100 elementor-inner-column elementor-element elementor-element-6c3526b\" data-id=\"6c3526b\" data-element_type=\"column\" data-settings=\"{&quot;background_background&quot;:&quot;classic&quot;}\">\n\t\t\t<div class=\"elementor-widget-wrap elementor-element-populated\">\n\t\t\t\t\t\t<div class=\"elementor-element elementor-element-216ea17 elementor-widget elementor-widget-image\" data-id=\"216ea17\" data-element_type=\"widget\" data-widget_type=\"image.default\">\n\t\t\t\t<div class=\"elementor-widget-container\">\n\t\t\t\t\t\t\t\t\t\t\t\t\t<img loading=\"lazy\" decoding=\"async\" width=\"1\" height=\"1\" src=\"https:\/\/djk-dom-minden.de\/tagespflege\/wp-content\/uploads\/2020\/11\/DJK-Tagespflege.svg\" class=\"attachment-full size-full wp-image-195\" alt=\"\" \/>\t\t\t\t\t\t\t\t\t\t\t\t\t<\/div>\n\t\t\t\t<\/div>\n\t\t\t\t\t<\/div>\n\t\t<\/div>\n\t\t\t\t\t<\/div>\n\t\t<\/section>\n\t\t\t\t<section class=\"elementor-section elementor-inner-section elementor-element elementor-element-54d4083 elementor-section-full_width elementor-section-height-default elementor-section-height-default\" data-id=\"54d4083\" data-element_type=\"section\">\n\t\t\t\t\t\t<div class=\"elementor-container elementor-column-gap-no\">\n\t\t\t\t\t<div class=\"elementor-column elementor-col-100 elementor-inner-column elementor-element elementor-element-8a9a6e1\" data-id=\"8a9a6e1\" data-element_type=\"column\" data-settings=\"{&quot;background_background&quot;:&quot;classic&quot;}\">\n\t\t\t<div class=\"elementor-widget-wrap elementor-element-populated\">\n\t\t\t\t\t\t<div class=\"elementor-element elementor-element-5e89b8e elementor-widget elementor-widget-heading\" data-id=\"5e89b8e\" data-element_type=\"widget\" data-widget_type=\"heading.default\">\n\t\t\t\t<div class=\"elementor-widget-container\">\n\t\t\t<h2 class=\"elementor-heading-title elementor-size-default\">Adresse<\/h2>\t\t<\/div>\n\t\t\t\t<\/div>\n\t\t\t\t<div class=\"elementor-element elementor-element-b2ec8b9 elementor-widget elementor-widget-text-editor\" data-id=\"b2ec8b9\" data-element_type=\"widget\" data-widget_type=\"text-editor.default\">\n\t\t\t\t<div class=\"elementor-widget-container\">\n\t\t\t\t\t\t\t<p>Kleiner Domhof 30<br \/>32423 Minden<\/p>\t\t\t\t\t\t<\/div>\n\t\t\t\t<\/div>\n\t\t\t\t<div class=\"elementor-element elementor-element-8100eb4 elementor-widget elementor-widget-heading\" data-id=\"8100eb4\" data-element_type=\"widget\" data-widget_type=\"heading.default\">\n\t\t\t\t<div class=\"elementor-widget-container\">\n\t\t\t<h2 class=\"elementor-heading-title elementor-size-default\">Betreuungszeiten<\/h2>\t\t<\/div>\n\t\t\t\t<\/div>\n\t\t\t\t<div class=\"elementor-element elementor-element-169c49f elementor-widget elementor-widget-text-editor\" data-id=\"169c49f\" data-element_type=\"widget\" data-widget_type=\"text-editor.default\">\n\t\t\t\t<div class=\"elementor-widget-container\">\n\t\t\t\t\t\t\t<p>Mo- Fr. 7.30 bis 15.00 Uhr<\/p>\t\t\t\t\t\t<\/div>\n\t\t\t\t<\/div>\n\t\t\t\t<div class=\"elementor-element elementor-element-086b4ff elementor-widget elementor-widget-heading\" data-id=\"086b4ff\" data-element_type=\"widget\" data-widget_type=\"heading.default\">\n\t\t\t\t<div class=\"elementor-widget-container\">\n\t\t\t<h2 class=\"elementor-heading-title elementor-size-default\">Gruppenformen<\/h2>\t\t<\/div>\n\t\t\t\t<\/div>\n\t\t\t\t<div class=\"elementor-element elementor-element-4c318b6 elementor-widget elementor-widget-text-editor\" data-id=\"4c318b6\" data-element_type=\"widget\" data-widget_type=\"text-editor.default\">\n\t\t\t\t<div class=\"elementor-widget-container\">\n\t\t\t\t\t\t\t<p><strong>5 Gruppen<\/strong><\/p>\t\t\t\t\t\t<\/div>\n\t\t\t\t<\/div>\n\t\t\t\t<div class=\"elementor-element elementor-element-71efa31 elementor-widget elementor-widget-text-editor\" data-id=\"71efa31\" data-element_type=\"widget\" data-widget_type=\"text-editor.default\">\n\t\t\t\t<div class=\"elementor-widget-container\">\n\t\t\t\t\t\t\t<p>maximal 9 Tageskinder und 2 Tagespflegepersonen<\/p>\t\t\t\t\t\t<\/div>\n\t\t\t\t<\/div>\n\t\t\t\t\t<\/div>\n\t\t<\/div>\n\t\t\t\t\t<\/div>\n\t\t<\/section>\n\t\t\t\t<div class=\"elementor-element elementor-element-44fcd43 elementor-widget elementor-widget-global-contacts\" data-id=\"44fcd43\" data-element_type=\"widget\" data-widget_type=\"global-contacts.default\">\n\t\t\t\t<div class=\"elementor-widget-container\">\n\t\t\t<div class=\"contact-container\"><div class=\"contacts_headline\"><h2>Tagespflegeleitung<\/h2><\/div><div class=\"contacts_item\"><div class=\"contacts_name\">Teresa Suwalski<\/div><div class=\"contacts_phone\">Telefon: 0571\/83764590<\/div><div class=\"contacts_mail\">E-Mail: tagespflege@djk-dom-minden.de<\/div><\/div><\/div>\t\t<\/div>\n\t\t\t\t<\/div>\n\t\t\t\t<div class=\"elementor-element elementor-element-0ae4f97 elementor-widget elementor-widget-global-contacts\" data-id=\"0ae4f97\" data-element_type=\"widget\" data-widget_type=\"global-contacts.default\">\n\t\t\t\t<div class=\"elementor-widget-container\">\n\t\t\t<div class=\"contact-container\"><div class=\"contacts_headline\"><h2>Stellvertretung <\/h2><\/div><div class=\"contacts_item\"><div class=\"contacts_name\">Agnes Suwalski-Szot<\/div><div class=\"contacts_mobile\">Mobil: 0157\/32316848<\/div><div class=\"contacts_mail\">E-Mail: tagespflege@djk-dom-minden.de<\/div><\/div><\/div>\t\t<\/div>\n\t\t\t\t<\/div>\n\t\t\t\t<div class=\"elementor-element elementor-element-2332a46 elementor-widget elementor-widget-global-meeting-overview\" data-id=\"2332a46\" data-element_type=\"widget\" data-widget_type=\"global-meeting-overview.default\">\n\t\t\t\t<div class=\"elementor-widget-container\">\n\t\t\t<div class=\"meeting-grid\"><div class=\"meeting-grid-tabs\"><div class=\"meeting-grid-tab\"><input type=\"checkbox\" checked=\"checked\" id=\"chck1-69f70d735715c\" \/><label class=\"meeting-grid-tab-label\" for=\"chck1-69f70d735715c\"><span class=\"meeting-header\"><p>03.05.2026<\/p><p>Gro\u00dftagespflege B\u00e4ren<\/p><\/span><\/label><div class=\"meeting-grid-tab-content\"><div class=\"meeting-grid-tab-content-output\"><div class=\"time\"><div class=\"meeting_date\"><p>Datum:<\/p><p>03.05.2026<\/p><\/div><div class=\"start_time\"><p>Start:<\/p><p>07:30 Uhr<\/p><\/div><div class=\"end_time\"><p>Ende:<\/p><p>15:00 Uhr<\/p><\/div><div class=\"age_range\"><p>Geeignet f\u00fcr:<\/p><p>1 - 3 Jahre<\/p><\/div><div class=\"meeting_point\"><p>Ort:<\/p><p>Begegnungszentrum B\u00e4renk\u00e4mpen, Sieben Bauern 20a, Minden<\/p><\/div><\/div><div class=\"contact\"><\/div><\/div><\/div><\/div><\/div><\/div>\t\t<\/div>\n\t\t\t\t<\/div>\n\t\t\t\t<div class=\"elementor-element elementor-element-fab96a2 elementor-widget elementor-widget-global-meeting-overview\" data-id=\"fab96a2\" data-element_type=\"widget\" data-widget_type=\"global-meeting-overview.default\">\n\t\t\t\t<div class=\"elementor-widget-container\">\n\t\t\t<div class=\"meeting-grid\"><div class=\"meeting-grid-tabs\"><div class=\"meeting-grid-tab\"><input type=\"checkbox\" checked=\"checked\" id=\"chck1-69f70d7357e03\" \/><label class=\"meeting-grid-tab-label\" for=\"chck1-69f70d7357e03\"><span class=\"meeting-header\"><p>03.05.2026<\/p><p>Gro\u00dftagespflege Pinguine<\/p><\/span><\/label><div class=\"meeting-grid-tab-content\"><div class=\"meeting-grid-tab-content-output\"><div class=\"time\"><div class=\"meeting_date\"><p>Datum:<\/p><p>03.05.2026<\/p><\/div><div class=\"start_time\"><p>Start:<\/p><p>07:30 Uhr<\/p><\/div><div class=\"end_time\"><p>Ende:<\/p><p>15:00 Uhr<\/p><\/div><div class=\"age_range\"><p>Geeignet f\u00fcr:<\/p><p>1 - 3 Jahre<\/p><\/div><div class=\"meeting_point\"><p>Ort:<\/p><p>Sankt-Ansgar-Str.8, 32425 Minden<\/p><\/div><\/div><div class=\"contact\"><\/div><\/div><\/div><\/div><\/div><\/div>\t\t<\/div>\n\t\t\t\t<\/div>\n\t\t\t\t<div class=\"elementor-element elementor-element-518d384 elementor-widget elementor-widget-global-meeting-overview\" data-id=\"518d384\" data-element_type=\"widget\" data-widget_type=\"global-meeting-overview.default\">\n\t\t\t\t<div class=\"elementor-widget-container\">\n\t\t\t<div class=\"meeting-grid\"><div class=\"meeting-grid-tabs\"><div class=\"meeting-grid-tab\"><input type=\"checkbox\" checked=\"checked\" id=\"chck1-69f70d7358d01\" \/><label class=\"meeting-grid-tab-label\" for=\"chck1-69f70d7358d01\"><span class=\"meeting-header\"><p>03.05.2026<\/p><p>Gro\u00dftagespflege Fr\u00f6sche<\/p><\/span><\/label><div class=\"meeting-grid-tab-content\"><div class=\"meeting-grid-tab-content-output\"><div class=\"time\"><div class=\"meeting_date\"><p>Datum:<\/p><p>03.05.2026<\/p><\/div><div class=\"start_time\"><p>Start:<\/p><p>07:30 Uhr<\/p><\/div><div class=\"end_time\"><p>Ende:<\/p><p>15:00 Uhr<\/p><\/div><div class=\"age_range\"><p>Geeignet f\u00fcr:<\/p><p>1 - 3 Jahre<\/p><\/div><div class=\"meeting_point\"><p>Ort:<\/p><p>Kleiner Domhof 30, Minden<\/p><\/div><\/div><div class=\"contact\"><\/div><\/div><\/div><\/div><\/div><\/div>\t\t<\/div>\n\t\t\t\t<\/div>\n\t\t\t\t<div class=\"elementor-element elementor-element-56f0edf elementor-widget elementor-widget-global-meeting-overview\" data-id=\"56f0edf\" data-element_type=\"widget\" data-widget_type=\"global-meeting-overview.default\">\n\t\t\t\t<div class=\"elementor-widget-container\">\n\t\t\t<div class=\"meeting-grid\"><div class=\"meeting-grid-tabs\"><div class=\"meeting-grid-tab\"><input type=\"checkbox\" checked=\"checked\" id=\"chck1-69f70d7359895\" \/><label class=\"meeting-grid-tab-label\" for=\"chck1-69f70d7359895\"><span class=\"meeting-header\"><p>03.05.2026<\/p><p>Gro\u00dftagespflege Raupen<\/p><\/span><\/label><div class=\"meeting-grid-tab-content\"><div class=\"meeting-grid-tab-content-output\"><div class=\"time\"><div class=\"meeting_date\"><p>Datum:<\/p><p>03.05.2026<\/p><\/div><div class=\"start_time\"><p>Start:<\/p><p>07:30 Uhr<\/p><\/div><div class=\"end_time\"><p>Ende:<\/p><p>15:00 Uhr<\/p><\/div><div class=\"age_range\"><p>Geeignet f\u00fcr:<\/p><p>1 - 3 Jahre<\/p><\/div><div class=\"meeting_point\"><p>Ort:<\/p><p>Kleiner Domhof 16, Minden<\/p><\/div><\/div><div class=\"contact\"><\/div><\/div><\/div><\/div><\/div><\/div>\t\t<\/div>\n\t\t\t\t<\/div>\n\t\t\t\t<div class=\"elementor-element elementor-element-1703e87 elementor-widget elementor-widget-global-meeting-overview\" data-id=\"1703e87\" data-element_type=\"widget\" data-widget_type=\"global-meeting-overview.default\">\n\t\t\t\t<div class=\"elementor-widget-container\">\n\t\t\t<div class=\"meeting-grid\"><div class=\"meeting-grid-tabs\"><div class=\"meeting-grid-tab\"><input type=\"checkbox\" checked=\"checked\" id=\"chck1-69f70d735a405\" \/><label class=\"meeting-grid-tab-label\" for=\"chck1-69f70d735a405\"><span class=\"meeting-header\"><p>03.05.2026<\/p><p>Gro\u00dftagespflege Spatzen<\/p><\/span><\/label><div class=\"meeting-grid-tab-content\"><div class=\"meeting-grid-tab-content-output\"><div class=\"time\"><div class=\"meeting_date\"><p>Datum:<\/p><p>03.05.2026<\/p><\/div><div class=\"start_time\"><p>Start:<\/p><p>07:30 Uhr<\/p><\/div><div class=\"end_time\"><p>Ende:<\/p><p>15:00 Uhr<\/p><\/div><div class=\"age_range\"><p>Geeignet f\u00fcr:<\/p><p>1 - 3 Jahre<\/p><\/div><div class=\"meeting_point\"><p>Ort:<\/p><p>Wettinerallee 31a, Minden<\/p><\/div><\/div><div class=\"contact\"><\/div><\/div><\/div><\/div><\/div><\/div>\t\t<\/div>\n\t\t\t\t<\/div>\n\t\t\t\t<section class=\"elementor-section elementor-inner-section elementor-element elementor-element-a04217a elementor-section-full_width elementor-section-height-default elementor-section-height-default\" data-id=\"a04217a\" data-element_type=\"section\">\n\t\t\t\t\t\t<div class=\"elementor-container elementor-column-gap-no\">\n\t\t\t\t\t<div class=\"elementor-column elementor-col-100 elementor-inner-column elementor-element elementor-element-85573ce\" data-id=\"85573ce\" data-element_type=\"column\" data-settings=\"{&quot;background_background&quot;:&quot;classic&quot;}\">\n\t\t\t<div class=\"elementor-widget-wrap elementor-element-populated\">\n\t\t\t\t\t\t<div class=\"elementor-element elementor-element-393a0ec elementor-widget elementor-widget-heading\" data-id=\"393a0ec\" data-element_type=\"widget\" data-widget_type=\"heading.default\">\n\t\t\t\t<div class=\"elementor-widget-container\">\n\t\t\t<h2 class=\"elementor-heading-title elementor-size-default\">Social Media<\/h2>\t\t<\/div>\n\t\t\t\t<\/div>\n\t\t\t\t<div class=\"elementor-element elementor-element-3f5938f elementor-widget elementor-widget-text-editor\" data-id=\"3f5938f\" data-element_type=\"widget\" data-widget_type=\"text-editor.default\">\n\t\t\t\t<div class=\"elementor-widget-container\">\n\t\t\t\t\t\t\t<p>Teile diesen Newsbeitrag mit Deinen Freunden.<\/p>\t\t\t\t\t\t<\/div>\n\t\t\t\t<\/div>\n\t\t\t\t<div class=\"elementor-element elementor-element-9dd3436 elementor-widget elementor-widget-shortcode\" data-id=\"9dd3436\" data-element_type=\"widget\" data-widget_type=\"shortcode.default\">\n\t\t\t\t<div class=\"elementor-widget-container\">\n\t\t\t\t\t<div class=\"elementor-shortcode\"><div class=\"shariff shariff-align-left shariff-widget-align-left\"><ul class=\"shariff-buttons theme-round orientation-horizontal buttonsize-medium\"><li class=\"shariff-button twitter shariff-nocustomcolor\" style=\"background-color:#595959;border-radius:50%\"><a href=\"https:\/\/twitter.com\/share?url=https%3A%2F%2Fdjk-dom-minden.de%2Ftagespflege%2F&text=Tagespflege\" title=\"Bei X teilen\" aria-label=\"Bei X teilen\" role=\"button\" rel=\"noopener nofollow\" class=\"shariff-link\" style=\";border-radius:50%; background-color:#000; color:#fff\" target=\"_blank\"><span class=\"shariff-icon\" style=\"\"><svg width=\"32px\" height=\"20px\" xmlns=\"http:\/\/www.w3.org\/2000\/svg\" viewBox=\"0 0 24 24\"><path fill=\"#000\" d=\"M14.258 10.152L23.176 0h-2.113l-7.747 8.813L7.133 0H0l9.352 13.328L0 23.973h2.113l8.176-9.309 6.531 9.309h7.133zm-2.895 3.293l-.949-1.328L2.875 1.56h3.246l6.086 8.523.945 1.328 7.91 11.078h-3.246zm0 0\"\/><\/svg><\/span><\/a><\/li><li class=\"shariff-button facebook shariff-nocustomcolor\" style=\"background-color:#4273c8;border-radius:50%\"><a href=\"https:\/\/www.facebook.com\/sharer\/sharer.php?u=https%3A%2F%2Fdjk-dom-minden.de%2Ftagespflege%2F\" title=\"Bei Facebook teilen\" aria-label=\"Bei Facebook teilen\" role=\"button\" rel=\"nofollow\" class=\"shariff-link\" style=\";border-radius:50%; background-color:#3b5998; color:#fff\" target=\"_blank\"><span class=\"shariff-icon\" style=\"\"><svg width=\"32px\" height=\"20px\" xmlns=\"http:\/\/www.w3.org\/2000\/svg\" viewBox=\"0 0 18 32\"><path fill=\"#3b5998\" d=\"M17.1 0.2v4.7h-2.8q-1.5 0-2.1 0.6t-0.5 1.9v3.4h5.2l-0.7 5.3h-4.5v13.6h-5.5v-13.6h-4.5v-5.3h4.5v-3.9q0-3.3 1.9-5.2t5-1.8q2.6 0 4.1 0.2z\"\/><\/svg><\/span><\/a><\/li><li class=\"shariff-button whatsapp shariff-nocustomcolor\" style=\"background-color:#5cbe4a;border-radius:50%\"><a href=\"https:\/\/api.whatsapp.com\/send?text=https%3A%2F%2Fdjk-dom-minden.de%2Ftagespflege%2F%20Tagespflege\" title=\"Bei Whatsapp teilen\" aria-label=\"Bei Whatsapp teilen\" role=\"button\" rel=\"noopener nofollow\" class=\"shariff-link\" style=\";border-radius:50%; background-color:#34af23; color:#fff\" target=\"_blank\"><span class=\"shariff-icon\" style=\"\"><svg width=\"32px\" height=\"20px\" xmlns=\"http:\/\/www.w3.org\/2000\/svg\" viewBox=\"0 0 32 32\"><path fill=\"#34af23\" d=\"M17.6 17.4q0.2 0 1.7 0.8t1.6 0.9q0 0.1 0 0.3 0 0.6-0.3 1.4-0.3 0.7-1.3 1.2t-1.8 0.5q-1 0-3.4-1.1-1.7-0.8-3-2.1t-2.6-3.3q-1.3-1.9-1.3-3.5v-0.1q0.1-1.6 1.3-2.8 0.4-0.4 0.9-0.4 0.1 0 0.3 0t0.3 0q0.3 0 0.5 0.1t0.3 0.5q0.1 0.4 0.6 1.6t0.4 1.3q0 0.4-0.6 1t-0.6 0.8q0 0.1 0.1 0.3 0.6 1.3 1.8 2.4 1 0.9 2.7 1.8 0.2 0.1 0.4 0.1 0.3 0 1-0.9t0.9-0.9zM14 26.9q2.3 0 4.3-0.9t3.6-2.4 2.4-3.6 0.9-4.3-0.9-4.3-2.4-3.6-3.6-2.4-4.3-0.9-4.3 0.9-3.6 2.4-2.4 3.6-0.9 4.3q0 3.6 2.1 6.6l-1.4 4.2 4.3-1.4q2.8 1.9 6.2 1.9zM14 2.2q2.7 0 5.2 1.1t4.3 2.9 2.9 4.3 1.1 5.2-1.1 5.2-2.9 4.3-4.3 2.9-5.2 1.1q-3.5 0-6.5-1.7l-7.4 2.4 2.4-7.2q-1.9-3.2-1.9-6.9 0-2.7 1.1-5.2t2.9-4.3 4.3-2.9 5.2-1.1z\"\/><\/svg><\/span><\/a><\/li><\/ul><\/div><\/div>\n\t\t\t\t<\/div>\n\t\t\t\t<\/div>\n\t\t\t\t\t<\/div>\n\t\t<\/div>\n\t\t\t\t\t<\/div>\n\t\t<\/section>\n\t\t\t\t<section class=\"elementor-section elementor-inner-section elementor-element elementor-element-b5a7417 elementor-section-full_width elementor-section-height-default elementor-section-height-default\" data-id=\"b5a7417\" data-element_type=\"section\">\n\t\t\t\t\t\t<div class=\"elementor-container elementor-column-gap-no\">\n\t\t\t\t\t<div class=\"elementor-column elementor-col-100 elementor-inner-column elementor-element elementor-element-0f5396a\" data-id=\"0f5396a\" data-element_type=\"column\" data-settings=\"{&quot;background_background&quot;:&quot;classic&quot;}\">\n\t\t\t<div class=\"elementor-widget-wrap elementor-element-populated\">\n\t\t\t\t\t\t<div class=\"elementor-element elementor-element-1c5a025 elementor-widget elementor-widget-image\" data-id=\"1c5a025\" data-element_type=\"widget\" data-settings=\"{&quot;_animation&quot;:&quot;none&quot;}\" data-widget_type=\"image.default\">\n\t\t\t\t<div class=\"elementor-widget-container\">\n\t\t\t\t\t\t\t\t\t\t\t\t\t\t<a href=\"https:\/\/www.familienzentrum.nrw.de\" target=\"_blank\" rel=\"noopener\">\n\t\t\t\t\t\t\t<img loading=\"lazy\" decoding=\"async\" width=\"1024\" height=\"1024\" src=\"https:\/\/djk-dom-minden.de\/tagespflege\/wp-content\/uploads\/2020\/11\/Familienzentrum_NRW.svg\" class=\"attachment-large size-large wp-image-200\" alt=\"\" \/>\t\t\t\t\t\t\t\t<\/a>\n\t\t\t\t\t\t\t\t\t\t\t\t\t<\/div>\n\t\t\t\t<\/div>\n\t\t\t\t\t<\/div>\n\t\t<\/div>\n\t\t\t\t\t<\/div>\n\t\t<\/section>\n\t\t\t\t\t<\/div>\n\t\t<\/div>\n\t\t\t\t\t<\/div>\n\t\t<\/section>\n\t\t\t\t<section class=\"elementor-section elementor-top-section elementor-element elementor-element-ccd435e elementor-section-full_width elementor-section-height-default elementor-section-height-default\" data-id=\"ccd435e\" data-element_type=\"section\">\n\t\t\t\t\t\t<div class=\"elementor-container elementor-column-gap-default\">\n\t\t\t\t\t<div class=\"elementor-column elementor-col-33 elementor-top-column elementor-element elementor-element-d0e6040\" data-id=\"d0e6040\" data-element_type=\"column\">\n\t\t\t<div class=\"elementor-widget-wrap elementor-element-populated\">\n\t\t\t\t\t\t<div class=\"elementor-element elementor-element-19e893d elementor-widget elementor-widget-image\" data-id=\"19e893d\" data-element_type=\"widget\" data-widget_type=\"image.default\">\n\t\t\t\t<div class=\"elementor-widget-container\">\n\t\t\t\t\t\t\t\t\t\t\t\t\t<img loading=\"lazy\" decoding=\"async\" width=\"1024\" height=\"683\" src=\"https:\/\/djk-dom-minden.de\/tagespflege\/wp-content\/uploads\/2020\/10\/DJK_Hands-1024x683.jpg\" class=\"attachment-large size-large wp-image-121\" alt=\"\" srcset=\"https:\/\/djk-dom-minden.de\/tagespflege\/wp-content\/uploads\/2020\/10\/DJK_Hands-1024x683.jpg 1024w, https:\/\/djk-dom-minden.de\/tagespflege\/wp-content\/uploads\/2020\/10\/DJK_Hands-300x200.jpg 300w, https:\/\/djk-dom-minden.de\/tagespflege\/wp-content\/uploads\/2020\/10\/DJK_Hands-768x512.jpg 768w, https:\/\/djk-dom-minden.de\/tagespflege\/wp-content\/uploads\/2020\/10\/DJK_Hands-1536x1024.jpg 1536w, https:\/\/djk-dom-minden.de\/tagespflege\/wp-content\/uploads\/2020\/10\/DJK_Hands-1200x800.jpg 1200w, https:\/\/djk-dom-minden.de\/tagespflege\/wp-content\/uploads\/2020\/10\/DJK_Hands-1100x733.jpg 1100w, https:\/\/djk-dom-minden.de\/tagespflege\/wp-content\/uploads\/2020\/10\/DJK_Hands-1000x667.jpg 1000w, https:\/\/djk-dom-minden.de\/tagespflege\/wp-content\/uploads\/2020\/10\/DJK_Hands-900x600.jpg 900w, https:\/\/djk-dom-minden.de\/tagespflege\/wp-content\/uploads\/2020\/10\/DJK_Hands-800x533.jpg 800w, https:\/\/djk-dom-minden.de\/tagespflege\/wp-content\/uploads\/2020\/10\/DJK_Hands-700x467.jpg 700w, https:\/\/djk-dom-minden.de\/tagespflege\/wp-content\/uploads\/2020\/10\/DJK_Hands-600x400.jpg 600w, https:\/\/djk-dom-minden.de\/tagespflege\/wp-content\/uploads\/2020\/10\/DJK_Hands-500x333.jpg 500w, https:\/\/djk-dom-minden.de\/tagespflege\/wp-content\/uploads\/2020\/10\/DJK_Hands-400x267.jpg 400w, https:\/\/djk-dom-minden.de\/tagespflege\/wp-content\/uploads\/2020\/10\/DJK_Hands-200x133.jpg 200w, https:\/\/djk-dom-minden.de\/tagespflege\/wp-content\/uploads\/2020\/10\/DJK_Hands-100x67.jpg 100w, https:\/\/djk-dom-minden.de\/tagespflege\/wp-content\/uploads\/2020\/10\/DJK_Hands.jpg 1920w\" sizes=\"(max-width: 1024px) 100vw, 1024px\" \/>\t\t\t\t\t\t\t\t\t\t\t\t\t<\/div>\n\t\t\t\t<\/div>\n\t\t\t\t<div class=\"elementor-element elementor-element-4cf0b28 elementor-widget elementor-widget-heading\" data-id=\"4cf0b28\" data-element_type=\"widget\" data-widget_type=\"heading.default\">\n\t\t\t\t<div class=\"elementor-widget-container\">\n\t\t\t<h2 class=\"elementor-heading-title elementor-size-default\">Wir bieten mehr als das<\/h2>\t\t<\/div>\n\t\t\t\t<\/div>\n\t\t\t\t<div class=\"elementor-element elementor-element-2cba584 elementor-widget elementor-widget-text-editor\" data-id=\"2cba584\" data-element_type=\"widget\" data-widget_type=\"text-editor.default\">\n\t\t\t\t<div class=\"elementor-widget-container\">\n\t\t\t\t\t\t\t<p>Die DJK Dom Minden bietet ein vielseitiges Kursangebot f\u00fcr alle Altersgruppen, z.B. R\u00fcckenschule, Badminton, Fu\u00dfball, American Football, Tanzen, Kinderturnen, Nordic-Walking und vieles mehr. Wir stelle verschiedene R\u00e4umlichkeiten, wie Turnhallen der Stadt, Kegelbahnen und das Haus am Dom zur Verf\u00fcgung. Sie erm\u00f6glicht Gruppenleitern und -leiterinnen die Weiterbildung auf Pfarr-, Dekanats- und Di\u00f6zesanebene sowie in katholischen Sportschulen und Weiterbildungsst\u00e4tten. Sie stellt Sportger\u00e4te, Literatur und Werkmaterial zur Verf\u00fcgung.<\/p>\t\t\t\t\t\t<\/div>\n\t\t\t\t<\/div>\n\t\t\t\t\t<\/div>\n\t\t<\/div>\n\t\t\t\t<div class=\"elementor-column elementor-col-33 elementor-top-column elementor-element elementor-element-7ba2749\" data-id=\"7ba2749\" data-element_type=\"column\">\n\t\t\t<div class=\"elementor-widget-wrap elementor-element-populated\">\n\t\t\t\t\t\t<div class=\"elementor-element elementor-element-2eea243 elementor-widget elementor-widget-image\" data-id=\"2eea243\" data-element_type=\"widget\" data-widget_type=\"image.default\">\n\t\t\t\t<div class=\"elementor-widget-container\">\n\t\t\t\t\t\t\t\t\t\t\t\t\t<img loading=\"lazy\" decoding=\"async\" width=\"1024\" height=\"683\" src=\"https:\/\/djk-dom-minden.de\/tagespflege\/wp-content\/uploads\/2020\/10\/DJK_Kinder_springen-1024x683.jpg\" class=\"attachment-large size-large wp-image-122\" alt=\"\" srcset=\"https:\/\/djk-dom-minden.de\/tagespflege\/wp-content\/uploads\/2020\/10\/DJK_Kinder_springen-1024x683.jpg 1024w, https:\/\/djk-dom-minden.de\/tagespflege\/wp-content\/uploads\/2020\/10\/DJK_Kinder_springen-300x200.jpg 300w, https:\/\/djk-dom-minden.de\/tagespflege\/wp-content\/uploads\/2020\/10\/DJK_Kinder_springen-768x512.jpg 768w, https:\/\/djk-dom-minden.de\/tagespflege\/wp-content\/uploads\/2020\/10\/DJK_Kinder_springen-1200x800.jpg 1200w, https:\/\/djk-dom-minden.de\/tagespflege\/wp-content\/uploads\/2020\/10\/DJK_Kinder_springen-1100x733.jpg 1100w, https:\/\/djk-dom-minden.de\/tagespflege\/wp-content\/uploads\/2020\/10\/DJK_Kinder_springen-1000x667.jpg 1000w, https:\/\/djk-dom-minden.de\/tagespflege\/wp-content\/uploads\/2020\/10\/DJK_Kinder_springen-900x600.jpg 900w, https:\/\/djk-dom-minden.de\/tagespflege\/wp-content\/uploads\/2020\/10\/DJK_Kinder_springen-800x533.jpg 800w, https:\/\/djk-dom-minden.de\/tagespflege\/wp-content\/uploads\/2020\/10\/DJK_Kinder_springen-700x467.jpg 700w, https:\/\/djk-dom-minden.de\/tagespflege\/wp-content\/uploads\/2020\/10\/DJK_Kinder_springen-600x400.jpg 600w, https:\/\/djk-dom-minden.de\/tagespflege\/wp-content\/uploads\/2020\/10\/DJK_Kinder_springen-500x333.jpg 500w, https:\/\/djk-dom-minden.de\/tagespflege\/wp-content\/uploads\/2020\/10\/DJK_Kinder_springen-400x267.jpg 400w, https:\/\/djk-dom-minden.de\/tagespflege\/wp-content\/uploads\/2020\/10\/DJK_Kinder_springen-200x133.jpg 200w, https:\/\/djk-dom-minden.de\/tagespflege\/wp-content\/uploads\/2020\/10\/DJK_Kinder_springen-100x67.jpg 100w, https:\/\/djk-dom-minden.de\/tagespflege\/wp-content\/uploads\/2020\/10\/DJK_Kinder_springen.jpg 1440w\" sizes=\"(max-width: 1024px) 100vw, 1024px\" \/>\t\t\t\t\t\t\t\t\t\t\t\t\t<\/div>\n\t\t\t\t<\/div>\n\t\t\t\t<div class=\"elementor-element elementor-element-bdd28ee elementor-widget elementor-widget-heading\" data-id=\"bdd28ee\" data-element_type=\"widget\" data-widget_type=\"heading.default\">\n\t\t\t\t<div class=\"elementor-widget-container\">\n\t\t\t<h2 class=\"elementor-heading-title elementor-size-default\">Jugendarbeit ist uns wichtig<\/h2>\t\t<\/div>\n\t\t\t\t<\/div>\n\t\t\t\t<div class=\"elementor-element elementor-element-a4ed6e9 elementor-widget elementor-widget-text-editor\" data-id=\"a4ed6e9\" data-element_type=\"widget\" data-widget_type=\"text-editor.default\">\n\t\t\t\t<div class=\"elementor-widget-container\">\n\t\t\t\t\t\t\t<p>In der Kinder- und Jugendarbeit wird viel Wert auf drei Gruppen gelegt: die Kids, die Youngsters und die Jugendgruppe. Mit diesen drei Gruppen werden alle Altersklassen abgedeckt. F\u00fcr jeden ist etwas dabei. Einmal im Monat treffen sich die Kinder und Jugendlichen und haben zusammen viel Spa\u00df bei verschiedenen Aktionen. Da die Sch\u00fcler wegen des Ganztags keine Zeit mehr haben, an w\u00f6chentlichen Gruppenstunden teilzunehmen, wurden diese Treffen eingef\u00fchrt.\u00a0<\/p>\t\t\t\t\t\t<\/div>\n\t\t\t\t<\/div>\n\t\t\t\t\t<\/div>\n\t\t<\/div>\n\t\t\t\t<div class=\"elementor-column elementor-col-33 elementor-top-column elementor-element elementor-element-fe26fcf\" data-id=\"fe26fcf\" data-element_type=\"column\">\n\t\t\t<div class=\"elementor-widget-wrap elementor-element-populated\">\n\t\t\t\t\t\t<div class=\"elementor-element elementor-element-967114f elementor-widget elementor-widget-image\" data-id=\"967114f\" data-element_type=\"widget\" data-widget_type=\"image.default\">\n\t\t\t\t<div class=\"elementor-widget-container\">\n\t\t\t\t\t\t\t\t\t\t\t\t\t<img loading=\"lazy\" decoding=\"async\" width=\"1024\" height=\"1024\" src=\"https:\/\/djk-dom-minden.de\/tagespflege\/wp-content\/uploads\/2020\/09\/DJK_Logo.svg\" class=\"attachment-large size-large wp-image-28\" alt=\"\" \/>\t\t\t\t\t\t\t\t\t\t\t\t\t<\/div>\n\t\t\t\t<\/div>\n\t\t\t\t<div class=\"elementor-element elementor-element-20bb83c elementor-widget elementor-widget-heading\" data-id=\"20bb83c\" data-element_type=\"widget\" data-widget_type=\"heading.default\">\n\t\t\t\t<div class=\"elementor-widget-container\">\n\t\t\t<h2 class=\"elementor-heading-title elementor-size-default\">Wer sind wir<\/h2>\t\t<\/div>\n\t\t\t\t<\/div>\n\t\t\t\t<div class=\"elementor-element elementor-element-b903caa elementor-widget elementor-widget-text-editor\" data-id=\"b903caa\" data-element_type=\"widget\" data-widget_type=\"text-editor.default\">\n\t\t\t\t<div class=\"elementor-widget-container\">\n\t\t\t\t\t\t\t<p>Dank der Unterst\u00fctzung durch unsere zahlreichen Sponsoren k\u00f6nnen wir jedem Vereinsmitglied Leistungen anbieten: Kostenlose Nutzung aller DJK-Gruppen durch geschulte \u00dcbungsleiter. Faire Mitgliedsbeitr\u00e4ge, gegebenenfalls Nachl\u00e4sse bei Notlagen. Verg\u00fcnstigungen bei Veranstaltungen der DJK Dom Minden. Verg\u00fcnstigungen bei Veranstaltungen der Kooperationspartner.<br \/>Aus- und Weiterbildungsm\u00f6glichkeiten. Au\u00dferdem Angebote der Aus\u00fcbung eines freiwilligen sozialen Jahr (FSJ) und Praktika im Verein.<\/p>\t\t\t\t\t\t<\/div>\n\t\t\t\t<\/div>\n\t\t\t\t\t<\/div>\n\t\t<\/div>\n\t\t\t\t\t<\/div>\n\t\t<\/section>\n\t\t\t\t<\/div>\n\t\t","protected":false},"excerpt":{"rendered":"<p>Einweihung der neuen Tagespflege Pinguine \u2013 Kinderbetreuung f\u00fcr die Kleinsten Tagespflege &#8222;Pinguine&#8220; B\u00e4ren &#8211; Kinderbetreuung f\u00fcr die Kleinsten Tagespflege &#8222;B\u00e4ren&#8220; Betreuungspl\u00e4tze Die Spatzen-Gruppe Neue Gruppe &#8222;die Spatzen&#8220; Zus\u00e4tzliches Tagespflegeangebot in Rodenbeck Neue Gruppe &#8222;die Spatzen&#8220; Neuer\u00f6ffnung Gro\u00dftagespflege Raupen &#8211; Kinderbetreuung f\u00fcr die Kleinsten Tagespflege &#8222;Raupen&#8220; Betreuungspl\u00e4tze Wohlf\u00fchl-Atmosph\u00e4re bei den Pinguinen Wohlf\u00fchl-Atmosph\u00e4re \u2013 bei den Pinguinen [&hellip;]<\/p>\n","protected":false},"author":2,"featured_media":0,"parent":0,"menu_order":0,"comment_status":"closed","ping_status":"closed","template":"","meta":{"inline_featured_image":false,"footnotes":""},"class_list":["post-13","page","type-page","status-publish","hentry"],"_links":{"self":[{"href":"https:\/\/djk-dom-minden.de\/tagespflege\/wp-json\/wp\/v2\/pages\/13","targetHints":{"allow":["GET"]}}],"collection":[{"href":"https:\/\/djk-dom-minden.de\/tagespflege\/wp-json\/wp\/v2\/pages"}],"about":[{"href":"https:\/\/djk-dom-minden.de\/tagespflege\/wp-json\/wp\/v2\/types\/page"}],"author":[{"embeddable":true,"href":"https:\/\/djk-dom-minden.de\/tagespflege\/wp-json\/wp\/v2\/users\/2"}],"replies":[{"embeddable":true,"href":"https:\/\/djk-dom-minden.de\/tagespflege\/wp-json\/wp\/v2\/comments?post=13"}],"version-history":[{"count":190,"href":"https:\/\/djk-dom-minden.de\/tagespflege\/wp-json\/wp\/v2\/pages\/13\/revisions"}],"predecessor-version":[{"id":447,"href":"https:\/\/djk-dom-minden.de\/tagespflege\/wp-json\/wp\/v2\/pages\/13\/revisions\/447"}],"wp:attachment":[{"href":"https:\/\/djk-dom-minden.de\/tagespflege\/wp-json\/wp\/v2\/media?parent=13"}],"curies":[{"name":"wp","href":"https:\/\/api.w.org\/{rel}","templated":true}]}}