{"id":17,"date":"2020-09-09T09:44:22","date_gmt":"2020-09-09T07:44:22","guid":{"rendered":"https:\/\/djk-dom-minden.de\/tagespflege\/?page_id=17"},"modified":"2020-11-30T19:25:34","modified_gmt":"2020-11-30T18:25:34","slug":"news","status":"publish","type":"page","link":"https:\/\/djk-dom-minden.de\/tagespflege\/news\/","title":{"rendered":"News"},"content":{"rendered":"\t\t<div data-elementor-type=\"wp-page\" data-elementor-id=\"17\" class=\"elementor elementor-17\" data-elementor-post-type=\"page\">\n\t\t\t\t\t\t<section class=\"elementor-section elementor-top-section elementor-element elementor-element-e48b949 elementor-section-full_width elementor-section-height-default elementor-section-height-default\" data-id=\"e48b949\" data-element_type=\"section\">\n\t\t\t\t\t\t<div class=\"elementor-container elementor-column-gap-no\">\n\t\t\t\t\t<div class=\"elementor-column elementor-col-100 elementor-top-column elementor-element elementor-element-888fe2d\" data-id=\"888fe2d\" data-element_type=\"column\">\n\t\t\t<div class=\"elementor-widget-wrap elementor-element-populated\">\n\t\t\t\t\t\t<div class=\"elementor-element elementor-element-0cdab4c elementor-widget elementor-widget-global-news-slider\" data-id=\"0cdab4c\" data-element_type=\"widget\" data-widget_type=\"global-news-slider.default\">\n\t\t\t\t<div class=\"elementor-widget-container\">\n\t\t\t<div class=\"global-news-slider-container\" data-setup={\"slider_name\":\"fullslider69ed98cd0e703\",\"autoplay\":false,\"autoplay_speed\":null,\"nav\":true,\"effect_in\":\"\",\"effect_out\":\"\",\"effect_text\":\"bounceInLeft\",\"effect_text_speed\":\"fast\",\"effect_text_delay\":\"delay-1s\",\"effect_text_repeat\":\"repeat-1\",\"dots\":true,\"iconPrev\":{\"value\":\"fas_fa-chevron-left\",\"library\":\"fa-solid\"},\"iconNext\":{\"value\":\"fas_fa-chevron-right\",\"library\":\"fa-solid\"}}><div class=\"global-news-slider owl-carousel fullslider69ed98cd0e703\"><figure class=\"effect-jazz\"><img data-src=\"https:\/\/djk-dom-minden.de\/tagespflege\/wp-content\/uploads\/2019\/11\/Tagespflege-Einweihung_2019-100x56.jpg\" class=\"lazyload\" data-srcset=\"https:\/\/djk-dom-minden.de\/tagespflege\/wp-content\/uploads\/2019\/11\/Tagespflege-Einweihung_2019-300x169.jpg 300w, https:\/\/djk-dom-minden.de\/tagespflege\/wp-content\/uploads\/2019\/11\/Tagespflege-Einweihung_2019-1024x577.jpg 1024w, https:\/\/djk-dom-minden.de\/tagespflege\/wp-content\/uploads\/2019\/11\/Tagespflege-Einweihung_2019-150x150.jpg 150w, https:\/\/djk-dom-minden.de\/tagespflege\/wp-content\/uploads\/2019\/11\/Tagespflege-Einweihung_2019-768x433.jpg 768w, https:\/\/djk-dom-minden.de\/tagespflege\/wp-content\/uploads\/2019\/11\/Tagespflege-Einweihung_2019-1200x677.jpg 1200w, https:\/\/djk-dom-minden.de\/tagespflege\/wp-content\/uploads\/2019\/11\/Tagespflege-Einweihung_2019-1100x620.jpg 1100w, https:\/\/djk-dom-minden.de\/tagespflege\/wp-content\/uploads\/2019\/11\/Tagespflege-Einweihung_2019-1000x564.jpg 1000w, https:\/\/djk-dom-minden.de\/tagespflege\/wp-content\/uploads\/2019\/11\/Tagespflege-Einweihung_2019-900x508.jpg 900w, https:\/\/djk-dom-minden.de\/tagespflege\/wp-content\/uploads\/2019\/11\/Tagespflege-Einweihung_2019-800x451.jpg 800w, https:\/\/djk-dom-minden.de\/tagespflege\/wp-content\/uploads\/2019\/11\/Tagespflege-Einweihung_2019-700x395.jpg 700w, https:\/\/djk-dom-minden.de\/tagespflege\/wp-content\/uploads\/2019\/11\/Tagespflege-Einweihung_2019-600x338.jpg 600w, https:\/\/djk-dom-minden.de\/tagespflege\/wp-content\/uploads\/2019\/11\/Tagespflege-Einweihung_2019-500x282.jpg 500w, https:\/\/djk-dom-minden.de\/tagespflege\/wp-content\/uploads\/2019\/11\/Tagespflege-Einweihung_2019-400x226.jpg 400w, https:\/\/djk-dom-minden.de\/tagespflege\/wp-content\/uploads\/2019\/11\/Tagespflege-Einweihung_2019-300x169.jpg 300w, https:\/\/djk-dom-minden.de\/tagespflege\/wp-content\/uploads\/2019\/11\/Tagespflege-Einweihung_2019-200x113.jpg 200w, https:\/\/djk-dom-minden.de\/tagespflege\/wp-content\/uploads\/2019\/11\/Tagespflege-Einweihung_2019-100x56.jpg 100w\" data-sizes=\"auto\"\/><a href=\"https:\/\/djk-dom-minden.de\/tagespflege\/news\/einweihung-der-neuen-tagespflege\" target=\"_self\"><figcaption><span class=\"title\"><p class=\"tag\">Einweihung der neuen Tagespflege<\/p><\/span><\/figcaption><\/a><\/figure><figure class=\"effect-jazz\"><img data-src=\"https:\/\/djk-dom-minden.de\/tagespflege\/wp-content\/uploads\/2020\/04\/tagespflege_teaser-100x33.jpg\" class=\"lazyload\" data-srcset=\"https:\/\/djk-dom-minden.de\/tagespflege\/wp-content\/uploads\/2020\/04\/tagespflege_teaser-300x98.jpg 300w, https:\/\/djk-dom-minden.de\/tagespflege\/wp-content\/uploads\/2020\/04\/tagespflege_teaser-1024x333.jpg 1024w, https:\/\/djk-dom-minden.de\/tagespflege\/wp-content\/uploads\/2020\/04\/tagespflege_teaser-150x150.jpg 150w, https:\/\/djk-dom-minden.de\/tagespflege\/wp-content\/uploads\/2020\/04\/tagespflege_teaser-768x250.jpg 768w, https:\/\/djk-dom-minden.de\/tagespflege\/wp-content\/uploads\/2020\/04\/tagespflege_teaser-1536x499.jpg 1536w, https:\/\/djk-dom-minden.de\/tagespflege\/wp-content\/uploads\/2020\/04\/tagespflege_teaser-1200x390.jpg 1200w, https:\/\/djk-dom-minden.de\/tagespflege\/wp-content\/uploads\/2020\/04\/tagespflege_teaser-1100x358.jpg 1100w, https:\/\/djk-dom-minden.de\/tagespflege\/wp-content\/uploads\/2020\/04\/tagespflege_teaser-1000x325.jpg 1000w, https:\/\/djk-dom-minden.de\/tagespflege\/wp-content\/uploads\/2020\/04\/tagespflege_teaser-900x293.jpg 900w, https:\/\/djk-dom-minden.de\/tagespflege\/wp-content\/uploads\/2020\/04\/tagespflege_teaser-800x260.jpg 800w, https:\/\/djk-dom-minden.de\/tagespflege\/wp-content\/uploads\/2020\/04\/tagespflege_teaser-700x228.jpg 700w, https:\/\/djk-dom-minden.de\/tagespflege\/wp-content\/uploads\/2020\/04\/tagespflege_teaser-600x195.jpg 600w, https:\/\/djk-dom-minden.de\/tagespflege\/wp-content\/uploads\/2020\/04\/tagespflege_teaser-500x163.jpg 500w, https:\/\/djk-dom-minden.de\/tagespflege\/wp-content\/uploads\/2020\/04\/tagespflege_teaser-400x130.jpg 400w, https:\/\/djk-dom-minden.de\/tagespflege\/wp-content\/uploads\/2020\/04\/tagespflege_teaser-300x98.jpg 300w, https:\/\/djk-dom-minden.de\/tagespflege\/wp-content\/uploads\/2020\/04\/tagespflege_teaser-200x65.jpg 200w, https:\/\/djk-dom-minden.de\/tagespflege\/wp-content\/uploads\/2020\/04\/tagespflege_teaser-100x33.jpg 100w\" data-sizes=\"auto\"\/><a href=\"https:\/\/djk-dom-minden.de\/tagespflege\/news\/neue-stellvertretende-leitung-der-tagespflege\" target=\"_self\"><figcaption><span class=\"title\"><p class=\"tag\">Neue stellvertretende Leitung der Tagespflege<\/p><\/span><span class=\"teaser_highlight\"><span class=\"teaser\"><p>NEU! in der Tagespflege<\/p><p>unsere stellvertretende Leitung <\/p><\/span><\/span><\/figcaption><\/a><\/figure><figure class=\"effect-jazz\"><img data-src=\"https:\/\/djk-dom-minden.de\/tagespflege\/wp-content\/uploads\/2019\/05\/Tagespflege_Eroeffnung_2019_0019-100x75.jpg\" class=\"lazyload\" data-srcset=\"https:\/\/djk-dom-minden.de\/tagespflege\/wp-content\/uploads\/2019\/05\/Tagespflege_Eroeffnung_2019_0019-300x225.jpg 300w, https:\/\/djk-dom-minden.de\/tagespflege\/wp-content\/uploads\/2019\/05\/Tagespflege_Eroeffnung_2019_0019-150x150.jpg 150w, https:\/\/djk-dom-minden.de\/tagespflege\/wp-content\/uploads\/2019\/05\/Tagespflege_Eroeffnung_2019_0019-700x525.jpg 700w, https:\/\/djk-dom-minden.de\/tagespflege\/wp-content\/uploads\/2019\/05\/Tagespflege_Eroeffnung_2019_0019-600x450.jpg 600w, https:\/\/djk-dom-minden.de\/tagespflege\/wp-content\/uploads\/2019\/05\/Tagespflege_Eroeffnung_2019_0019-500x375.jpg 500w, https:\/\/djk-dom-minden.de\/tagespflege\/wp-content\/uploads\/2019\/05\/Tagespflege_Eroeffnung_2019_0019-400x300.jpg 400w, https:\/\/djk-dom-minden.de\/tagespflege\/wp-content\/uploads\/2019\/05\/Tagespflege_Eroeffnung_2019_0019-300x225.jpg 300w, https:\/\/djk-dom-minden.de\/tagespflege\/wp-content\/uploads\/2019\/05\/Tagespflege_Eroeffnung_2019_0019-200x150.jpg 200w, https:\/\/djk-dom-minden.de\/tagespflege\/wp-content\/uploads\/2019\/05\/Tagespflege_Eroeffnung_2019_0019-100x75.jpg 100w\" data-sizes=\"auto\"\/><a href=\"https:\/\/djk-dom-minden.de\/tagespflege\/news\/neueroeffnung-grosstagespflege\" target=\"_self\"><figcaption><span class=\"title\"><p class=\"tag\">Neuer\u00f6ffnung Gro\u00dftagespflege<\/p><\/span><\/figcaption><\/a><\/figure><figure class=\"effect-jazz\"><img data-src=\"https:\/\/djk-dom-minden.de\/tagespflege\/wp-content\/uploads\/2020\/04\/tagespflege_teaser-100x33.jpg\" class=\"lazyload\" data-srcset=\"https:\/\/djk-dom-minden.de\/tagespflege\/wp-content\/uploads\/2020\/04\/tagespflege_teaser-300x98.jpg 300w, https:\/\/djk-dom-minden.de\/tagespflege\/wp-content\/uploads\/2020\/04\/tagespflege_teaser-1024x333.jpg 1024w, https:\/\/djk-dom-minden.de\/tagespflege\/wp-content\/uploads\/2020\/04\/tagespflege_teaser-150x150.jpg 150w, https:\/\/djk-dom-minden.de\/tagespflege\/wp-content\/uploads\/2020\/04\/tagespflege_teaser-768x250.jpg 768w, https:\/\/djk-dom-minden.de\/tagespflege\/wp-content\/uploads\/2020\/04\/tagespflege_teaser-1536x499.jpg 1536w, https:\/\/djk-dom-minden.de\/tagespflege\/wp-content\/uploads\/2020\/04\/tagespflege_teaser-1200x390.jpg 1200w, https:\/\/djk-dom-minden.de\/tagespflege\/wp-content\/uploads\/2020\/04\/tagespflege_teaser-1100x358.jpg 1100w, https:\/\/djk-dom-minden.de\/tagespflege\/wp-content\/uploads\/2020\/04\/tagespflege_teaser-1000x325.jpg 1000w, https:\/\/djk-dom-minden.de\/tagespflege\/wp-content\/uploads\/2020\/04\/tagespflege_teaser-900x293.jpg 900w, https:\/\/djk-dom-minden.de\/tagespflege\/wp-content\/uploads\/2020\/04\/tagespflege_teaser-800x260.jpg 800w, https:\/\/djk-dom-minden.de\/tagespflege\/wp-content\/uploads\/2020\/04\/tagespflege_teaser-700x228.jpg 700w, https:\/\/djk-dom-minden.de\/tagespflege\/wp-content\/uploads\/2020\/04\/tagespflege_teaser-600x195.jpg 600w, https:\/\/djk-dom-minden.de\/tagespflege\/wp-content\/uploads\/2020\/04\/tagespflege_teaser-500x163.jpg 500w, https:\/\/djk-dom-minden.de\/tagespflege\/wp-content\/uploads\/2020\/04\/tagespflege_teaser-400x130.jpg 400w, https:\/\/djk-dom-minden.de\/tagespflege\/wp-content\/uploads\/2020\/04\/tagespflege_teaser-300x98.jpg 300w, https:\/\/djk-dom-minden.de\/tagespflege\/wp-content\/uploads\/2020\/04\/tagespflege_teaser-200x65.jpg 200w, https:\/\/djk-dom-minden.de\/tagespflege\/wp-content\/uploads\/2020\/04\/tagespflege_teaser-100x33.jpg 100w\" data-sizes=\"auto\"\/><a href=\"https:\/\/djk-dom-minden.de\/tagespflege\/news\/zusaetzliches-tagespflegeangebot-in-rodenbeck\" target=\"_self\"><figcaption><span class=\"title\"><p class=\"tag\">Zus\u00e4tzliches Tagespflegeangebot in Rodenbeck<\/p><\/span><span class=\"teaser_highlight\"><span class=\"teaser\"><p>Neue Gruppe<\/p><p>\"die Spatzen\"<\/p><\/span><\/span><\/figcaption><\/a><\/figure><\/div><\/div>\t\t<\/div>\n\t\t\t\t<\/div>\n\t\t\t\t\t<\/div>\n\t\t<\/div>\n\t\t\t\t\t<\/div>\n\t\t<\/section>\n\t\t\t\t<section class=\"elementor-section elementor-top-section elementor-element elementor-element-f39225b elementor-section-full_width elementor-section-height-default elementor-section-height-default\" data-id=\"f39225b\" data-element_type=\"section\">\n\t\t\t\t\t\t<div class=\"elementor-container elementor-column-gap-no\">\n\t\t\t\t\t<div class=\"elementor-column elementor-col-33 elementor-top-column elementor-element elementor-element-d72f312\" data-id=\"d72f312\" data-element_type=\"column\" data-settings=\"{&quot;background_background&quot;:&quot;gradient&quot;}\">\n\t\t\t<div class=\"elementor-widget-wrap elementor-element-populated\">\n\t\t\t\t\t<div class=\"elementor-background-overlay\"><\/div>\n\t\t\t\t\t\t<div class=\"elementor-element elementor-element-503591b elementor-widget elementor-widget-template\" data-id=\"503591b\" data-element_type=\"widget\" data-widget_type=\"template.default\">\n\t\t\t\t<div class=\"elementor-widget-container\">\n\t\t\t\t\t<div class=\"elementor-template\">\n\t\t\t\t\t<div data-elementor-type=\"section\" data-elementor-id=\"126\" class=\"elementor elementor-126\" data-elementor-post-type=\"elementor_library\">\n\t\t\t\t\t<section class=\"elementor-section elementor-inner-section elementor-element elementor-element-79a1ce6c elementor-section-full_width elementor-section-content-middle elementor-section-height-default elementor-section-height-default\" data-id=\"79a1ce6c\" data-element_type=\"section\">\n\t\t\t\t\t\t<div class=\"elementor-container elementor-column-gap-no\">\n\t\t\t\t\t<div class=\"elementor-column elementor-col-50 elementor-inner-column elementor-element elementor-element-219b2b8c\" data-id=\"219b2b8c\" data-element_type=\"column\">\n\t\t\t<div class=\"elementor-widget-wrap elementor-element-populated\">\n\t\t\t\t\t\t<div class=\"elementor-element elementor-element-651527e7 elementor-widget elementor-widget-heading\" data-id=\"651527e7\" data-element_type=\"widget\" data-widget_type=\"heading.default\">\n\t\t\t\t<div class=\"elementor-widget-container\">\n\t\t\t<h2 class=\"elementor-heading-title elementor-size-default\">Blickpunkt<\/h2>\t\t<\/div>\n\t\t\t\t<\/div>\n\t\t\t\t<div class=\"elementor-element elementor-element-388d5805 elementor-widget elementor-widget-global-magazine-download\" data-id=\"388d5805\" data-element_type=\"widget\" data-widget_type=\"global-magazine-download.default\">\n\t\t\t\t<div class=\"elementor-widget-container\">\n\t\t\t<div class=\"magazine-download-button\"><a href=\"https:\/\/djk-dom-minden.de\/wp-content\/uploads\/2025\/01\/blickpunkt-dez-jan-2024-web.pdf\" target=\"_blank\">Jetzt downloaden<\/a><\/div>\t\t<\/div>\n\t\t\t\t<\/div>\n\t\t\t\t\t<\/div>\n\t\t<\/div>\n\t\t\t\t<div class=\"elementor-column elementor-col-50 elementor-inner-column elementor-element elementor-element-3468ebbc\" data-id=\"3468ebbc\" data-element_type=\"column\">\n\t\t\t<div class=\"elementor-widget-wrap elementor-element-populated\">\n\t\t\t\t\t\t<div class=\"elementor-element elementor-element-3dd58a50 elementor-widget elementor-widget-djk_logo\" data-id=\"3dd58a50\" data-element_type=\"widget\" data-widget_type=\"djk_logo.default\">\n\t\t\t\t<div class=\"elementor-widget-container\">\n\t\t\t<div class=\"logo\"><img decoding=\"async\" src=\"https:\/\/djk-dom-minden.de\/tagespflege\/wp-content\/uploads\/2021\/12\/40_jahre_djk_logo.svg\" alt=\"\" title=\"40_jahre_djk_logo\"><\/div>\t\t<\/div>\n\t\t\t\t<\/div>\n\t\t\t\t\t<\/div>\n\t\t<\/div>\n\t\t\t\t\t<\/div>\n\t\t<\/section>\n\t\t\t\t<\/div>\n\t\t\t\t<\/div>\n\t\t\t\t<\/div>\n\t\t\t\t<\/div>\n\t\t\t\t\t<\/div>\n\t\t<\/div>\n\t\t\t\t<div class=\"elementor-column elementor-col-33 elementor-top-column elementor-element elementor-element-473c445\" data-id=\"473c445\" data-element_type=\"column\" data-settings=\"{&quot;background_background&quot;:&quot;classic&quot;}\">\n\t\t\t<div class=\"elementor-widget-wrap elementor-element-populated\">\n\t\t\t\t\t\t<div class=\"elementor-element elementor-element-4ec4829 elementor-widget elementor-widget-template\" data-id=\"4ec4829\" data-element_type=\"widget\" data-widget_type=\"template.default\">\n\t\t\t\t<div class=\"elementor-widget-container\">\n\t\t\t\t\t<div class=\"elementor-template\">\n\t\t\t\t\t<div data-elementor-type=\"section\" data-elementor-id=\"129\" class=\"elementor elementor-129\" data-elementor-post-type=\"elementor_library\">\n\t\t\t\t\t<section class=\"elementor-section elementor-inner-section elementor-element elementor-element-36f8de13 elementor-section-full_width elementor-section-content-middle elementor-section-height-default elementor-section-height-default\" data-id=\"36f8de13\" data-element_type=\"section\">\n\t\t\t\t\t\t<div class=\"elementor-container elementor-column-gap-no\">\n\t\t\t\t\t<div class=\"elementor-column elementor-col-50 elementor-inner-column elementor-element elementor-element-5f2cda2a\" data-id=\"5f2cda2a\" data-element_type=\"column\" data-settings=\"{&quot;background_background&quot;:&quot;classic&quot;}\">\n\t\t\t<div class=\"elementor-widget-wrap elementor-element-populated\">\n\t\t\t\t\t\t<div class=\"elementor-element elementor-element-368cef1 elementor-widget elementor-widget-heading\" data-id=\"368cef1\" data-element_type=\"widget\" data-widget_type=\"heading.default\">\n\t\t\t\t<div class=\"elementor-widget-container\">\n\t\t\t<h2 class=\"elementor-heading-title elementor-size-default\">Zeltlager<\/h2>\t\t<\/div>\n\t\t\t\t<\/div>\n\t\t\t\t<div class=\"elementor-element elementor-element-5751452d elementor-align-left elementor-tablet-align-center elementor-widget elementor-widget-button\" data-id=\"5751452d\" data-element_type=\"widget\" data-widget_type=\"button.default\">\n\t\t\t\t<div class=\"elementor-widget-container\">\n\t\t\t\t\t\t\t<div class=\"elementor-button-wrapper\">\n\t\t\t\t\t<a class=\"elementor-button elementor-button-link elementor-size-sm\" href=\"https:\/\/djk-dom-minden.de\/zeltlager\/veranstaltungen\/\" target=\"_blank\">\n\t\t\t\t\t\t<span class=\"elementor-button-content-wrapper\">\n\t\t\t\t\t\t\t\t\t<span class=\"elementor-button-text\">Jetzt anmelden<\/span>\n\t\t\t\t\t<\/span>\n\t\t\t\t\t<\/a>\n\t\t\t\t<\/div>\n\t\t\t\t\t\t<\/div>\n\t\t\t\t<\/div>\n\t\t\t\t\t<\/div>\n\t\t<\/div>\n\t\t\t\t<div class=\"elementor-column elementor-col-50 elementor-inner-column elementor-element elementor-element-696eb51\" data-id=\"696eb51\" data-element_type=\"column\">\n\t\t\t<div class=\"elementor-widget-wrap\">\n\t\t\t\t\t\t\t<\/div>\n\t\t<\/div>\n\t\t\t\t\t<\/div>\n\t\t<\/section>\n\t\t\t\t<\/div>\n\t\t\t\t<\/div>\n\t\t\t\t<\/div>\n\t\t\t\t<\/div>\n\t\t\t\t\t<\/div>\n\t\t<\/div>\n\t\t\t\t<div class=\"elementor-column elementor-col-33 elementor-top-column elementor-element elementor-element-a6d55db\" data-id=\"a6d55db\" data-element_type=\"column\" data-settings=\"{&quot;background_background&quot;:&quot;classic&quot;}\">\n\t\t\t<div class=\"elementor-widget-wrap elementor-element-populated\">\n\t\t\t\t\t\t<div class=\"elementor-element elementor-element-d4518bd elementor-widget elementor-widget-template\" data-id=\"d4518bd\" data-element_type=\"widget\" data-widget_type=\"template.default\">\n\t\t\t\t<div class=\"elementor-widget-container\">\n\t\t\t\t\t<div class=\"elementor-template\">\n\t\t\t\t\t<div data-elementor-type=\"section\" data-elementor-id=\"132\" class=\"elementor elementor-132\" data-elementor-post-type=\"elementor_library\">\n\t\t\t\t\t<section class=\"elementor-section elementor-inner-section elementor-element elementor-element-77deab0d elementor-section-full_width elementor-section-content-middle elementor-section-height-default elementor-section-height-default\" data-id=\"77deab0d\" data-element_type=\"section\" data-settings=\"{&quot;background_background&quot;:&quot;classic&quot;}\">\n\t\t\t\t\t\t<div class=\"elementor-container elementor-column-gap-no\">\n\t\t\t\t\t<div class=\"elementor-column elementor-col-50 elementor-inner-column elementor-element elementor-element-1513c712\" data-id=\"1513c712\" data-element_type=\"column\">\n\t\t\t<div class=\"elementor-widget-wrap elementor-element-populated\">\n\t\t\t\t\t\t<div class=\"elementor-element elementor-element-80623a2 elementor-widget elementor-widget-global-members\" data-id=\"80623a2\" data-element_type=\"widget\" data-widget_type=\"global-members.default\">\n\t\t\t\t<div class=\"elementor-widget-container\">\n\t\t\t<div class=\"members-container\"><div class=\"members_headline\"><h2>1939<\/h2><\/div><\/div>\t\t<\/div>\n\t\t\t\t<\/div>\n\t\t\t\t<div class=\"elementor-element elementor-element-55bf3aeb elementor-widget elementor-widget-heading\" data-id=\"55bf3aeb\" data-element_type=\"widget\" data-widget_type=\"heading.default\">\n\t\t\t\t<div class=\"elementor-widget-container\">\n\t\t\t<h2 class=\"elementor-heading-title elementor-size-default\">Mitglieder<\/h2>\t\t<\/div>\n\t\t\t\t<\/div>\n\t\t\t\t\t<\/div>\n\t\t<\/div>\n\t\t\t\t<div class=\"elementor-column elementor-col-50 elementor-inner-column elementor-element elementor-element-4327d4fc\" data-id=\"4327d4fc\" data-element_type=\"column\" data-settings=\"{&quot;background_background&quot;:&quot;classic&quot;}\">\n\t\t\t<div class=\"elementor-widget-wrap elementor-element-populated\">\n\t\t\t\t\t\t<div class=\"elementor-element elementor-element-5410b732 elementor-align-left elementor-tablet-align-center elementor-mobile-align-center elementor-widget elementor-widget-button\" data-id=\"5410b732\" data-element_type=\"widget\" data-widget_type=\"button.default\">\n\t\t\t\t<div class=\"elementor-widget-container\">\n\t\t\t\t\t\t\t<div class=\"elementor-button-wrapper\">\n\t\t\t\t\t<a class=\"elementor-button elementor-button-link elementor-size-sm\" href=\"https:\/\/djk-dom-minden.de\/aufnahmeantrag\/\">\n\t\t\t\t\t\t<span class=\"elementor-button-content-wrapper\">\n\t\t\t\t\t\t\t\t\t<span class=\"elementor-button-text\">Jetzt Mitglied werden<\/span>\n\t\t\t\t\t<\/span>\n\t\t\t\t\t<\/a>\n\t\t\t\t<\/div>\n\t\t\t\t\t\t<\/div>\n\t\t\t\t<\/div>\n\t\t\t\t\t<\/div>\n\t\t<\/div>\n\t\t\t\t\t<\/div>\n\t\t<\/section>\n\t\t\t\t<\/div>\n\t\t\t\t<\/div>\n\t\t\t\t<\/div>\n\t\t\t\t<\/div>\n\t\t\t\t\t<\/div>\n\t\t<\/div>\n\t\t\t\t\t<\/div>\n\t\t<\/section>\n\t\t\t\t<section class=\"elementor-section elementor-top-section elementor-element elementor-element-6f8e55e2 elementor-section-full_width elementor-section-height-default elementor-section-height-default\" data-id=\"6f8e55e2\" data-element_type=\"section\">\n\t\t\t\t\t\t<div class=\"elementor-container elementor-column-gap-no\">\n\t\t\t\t\t<div class=\"elementor-column elementor-col-100 elementor-top-column elementor-element elementor-element-14c8d7ce\" data-id=\"14c8d7ce\" data-element_type=\"column\">\n\t\t\t<div class=\"elementor-widget-wrap elementor-element-populated\">\n\t\t\t\t\t\t<div class=\"elementor-element elementor-element-188a1b01 elementor-widget elementor-widget-heading\" data-id=\"188a1b01\" data-element_type=\"widget\" data-widget_type=\"heading.default\">\n\t\t\t\t<div class=\"elementor-widget-container\">\n\t\t\t<h1 class=\"elementor-heading-title elementor-size-default\">Aktuelle News<\/h1>\t\t<\/div>\n\t\t\t\t<\/div>\n\t\t\t\t<div class=\"elementor-element elementor-element-69caec9a elementor-widget elementor-widget-global-news-overview\" data-id=\"69caec9a\" data-element_type=\"widget\" data-widget_type=\"global-news-overview.default\">\n\t\t\t\t<div class=\"elementor-widget-container\">\n\t\t\t<div class=\"grid\"><figure class=\"effect-jazz\"><img data-src=\"https:\/\/djk-dom-minden.de\/tagespflege\/wp-content\/uploads\/2020\/04\/tagespflege_teaser-100x33.jpg\" class=\"lazyload\" data-srcset=\"https:\/\/djk-dom-minden.de\/tagespflege\/wp-content\/uploads\/2020\/04\/tagespflege_teaser-300x98.jpg 300w, https:\/\/djk-dom-minden.de\/tagespflege\/wp-content\/uploads\/2020\/04\/tagespflege_teaser-1024x333.jpg 1024w, https:\/\/djk-dom-minden.de\/tagespflege\/wp-content\/uploads\/2020\/04\/tagespflege_teaser-150x150.jpg 150w, https:\/\/djk-dom-minden.de\/tagespflege\/wp-content\/uploads\/2020\/04\/tagespflege_teaser-768x250.jpg 768w, https:\/\/djk-dom-minden.de\/tagespflege\/wp-content\/uploads\/2020\/04\/tagespflege_teaser-1536x499.jpg 1536w, https:\/\/djk-dom-minden.de\/tagespflege\/wp-content\/uploads\/2020\/04\/tagespflege_teaser-1200x390.jpg 1200w, https:\/\/djk-dom-minden.de\/tagespflege\/wp-content\/uploads\/2020\/04\/tagespflege_teaser-1100x358.jpg 1100w, https:\/\/djk-dom-minden.de\/tagespflege\/wp-content\/uploads\/2020\/04\/tagespflege_teaser-1000x325.jpg 1000w, https:\/\/djk-dom-minden.de\/tagespflege\/wp-content\/uploads\/2020\/04\/tagespflege_teaser-900x293.jpg 900w, https:\/\/djk-dom-minden.de\/tagespflege\/wp-content\/uploads\/2020\/04\/tagespflege_teaser-800x260.jpg 800w, https:\/\/djk-dom-minden.de\/tagespflege\/wp-content\/uploads\/2020\/04\/tagespflege_teaser-700x228.jpg 700w, https:\/\/djk-dom-minden.de\/tagespflege\/wp-content\/uploads\/2020\/04\/tagespflege_teaser-600x195.jpg 600w, https:\/\/djk-dom-minden.de\/tagespflege\/wp-content\/uploads\/2020\/04\/tagespflege_teaser-500x163.jpg 500w, https:\/\/djk-dom-minden.de\/tagespflege\/wp-content\/uploads\/2020\/04\/tagespflege_teaser-400x130.jpg 400w, https:\/\/djk-dom-minden.de\/tagespflege\/wp-content\/uploads\/2020\/04\/tagespflege_teaser-300x98.jpg 300w, https:\/\/djk-dom-minden.de\/tagespflege\/wp-content\/uploads\/2020\/04\/tagespflege_teaser-200x65.jpg 200w, https:\/\/djk-dom-minden.de\/tagespflege\/wp-content\/uploads\/2020\/04\/tagespflege_teaser-100x33.jpg 100w\" data-sizes=\"auto\"\/><a href=\"https:\/\/djk-dom-minden.de\/tagespflege\/news\/neue-stellvertretende-leitung-der-tagespflege\" target=\"_self\"><figcaption><div class=\"fig-item\"><span class=\"title\"><h3>Neue stellvertretende Leitung der...<\/h3><\/span><span class=\"date\"><h5>05.10.2019<\/h5><\/span><\/div><\/figcaption><\/a><\/figure><figure class=\"effect-jazz\"><img data-src=\"https:\/\/djk-dom-minden.de\/tagespflege\/wp-content\/uploads\/2020\/04\/tagespflege_teaser-100x33.jpg\" class=\"lazyload\" data-srcset=\"https:\/\/djk-dom-minden.de\/tagespflege\/wp-content\/uploads\/2020\/04\/tagespflege_teaser-300x98.jpg 300w, https:\/\/djk-dom-minden.de\/tagespflege\/wp-content\/uploads\/2020\/04\/tagespflege_teaser-1024x333.jpg 1024w, https:\/\/djk-dom-minden.de\/tagespflege\/wp-content\/uploads\/2020\/04\/tagespflege_teaser-150x150.jpg 150w, https:\/\/djk-dom-minden.de\/tagespflege\/wp-content\/uploads\/2020\/04\/tagespflege_teaser-768x250.jpg 768w, https:\/\/djk-dom-minden.de\/tagespflege\/wp-content\/uploads\/2020\/04\/tagespflege_teaser-1536x499.jpg 1536w, https:\/\/djk-dom-minden.de\/tagespflege\/wp-content\/uploads\/2020\/04\/tagespflege_teaser-1200x390.jpg 1200w, https:\/\/djk-dom-minden.de\/tagespflege\/wp-content\/uploads\/2020\/04\/tagespflege_teaser-1100x358.jpg 1100w, https:\/\/djk-dom-minden.de\/tagespflege\/wp-content\/uploads\/2020\/04\/tagespflege_teaser-1000x325.jpg 1000w, https:\/\/djk-dom-minden.de\/tagespflege\/wp-content\/uploads\/2020\/04\/tagespflege_teaser-900x293.jpg 900w, https:\/\/djk-dom-minden.de\/tagespflege\/wp-content\/uploads\/2020\/04\/tagespflege_teaser-800x260.jpg 800w, https:\/\/djk-dom-minden.de\/tagespflege\/wp-content\/uploads\/2020\/04\/tagespflege_teaser-700x228.jpg 700w, https:\/\/djk-dom-minden.de\/tagespflege\/wp-content\/uploads\/2020\/04\/tagespflege_teaser-600x195.jpg 600w, https:\/\/djk-dom-minden.de\/tagespflege\/wp-content\/uploads\/2020\/04\/tagespflege_teaser-500x163.jpg 500w, https:\/\/djk-dom-minden.de\/tagespflege\/wp-content\/uploads\/2020\/04\/tagespflege_teaser-400x130.jpg 400w, https:\/\/djk-dom-minden.de\/tagespflege\/wp-content\/uploads\/2020\/04\/tagespflege_teaser-300x98.jpg 300w, https:\/\/djk-dom-minden.de\/tagespflege\/wp-content\/uploads\/2020\/04\/tagespflege_teaser-200x65.jpg 200w, https:\/\/djk-dom-minden.de\/tagespflege\/wp-content\/uploads\/2020\/04\/tagespflege_teaser-100x33.jpg 100w\" data-sizes=\"auto\"\/><a href=\"https:\/\/djk-dom-minden.de\/tagespflege\/news\/zusaetzliches-tagespflegeangebot-in-rodenbeck\" target=\"_self\"><figcaption><div class=\"fig-item\"><span class=\"title\"><h3>Zus\u00e4tzliches Tagespflegeangebot...<\/h3><\/span><span class=\"date\"><h5>08.02.2021<\/h5><\/span><\/div><\/figcaption><\/a><\/figure><figure class=\"effect-jazz\"><img data-src=\"https:\/\/djk-dom-minden.de\/tagespflege\/wp-content\/uploads\/2019\/11\/Tagespflege-Einweihung_2019-100x56.jpg\" class=\"lazyload\" data-srcset=\"https:\/\/djk-dom-minden.de\/tagespflege\/wp-content\/uploads\/2019\/11\/Tagespflege-Einweihung_2019-300x169.jpg 300w, https:\/\/djk-dom-minden.de\/tagespflege\/wp-content\/uploads\/2019\/11\/Tagespflege-Einweihung_2019-1024x577.jpg 1024w, https:\/\/djk-dom-minden.de\/tagespflege\/wp-content\/uploads\/2019\/11\/Tagespflege-Einweihung_2019-150x150.jpg 150w, https:\/\/djk-dom-minden.de\/tagespflege\/wp-content\/uploads\/2019\/11\/Tagespflege-Einweihung_2019-768x433.jpg 768w, https:\/\/djk-dom-minden.de\/tagespflege\/wp-content\/uploads\/2019\/11\/Tagespflege-Einweihung_2019-1200x677.jpg 1200w, https:\/\/djk-dom-minden.de\/tagespflege\/wp-content\/uploads\/2019\/11\/Tagespflege-Einweihung_2019-1100x620.jpg 1100w, https:\/\/djk-dom-minden.de\/tagespflege\/wp-content\/uploads\/2019\/11\/Tagespflege-Einweihung_2019-1000x564.jpg 1000w, https:\/\/djk-dom-minden.de\/tagespflege\/wp-content\/uploads\/2019\/11\/Tagespflege-Einweihung_2019-900x508.jpg 900w, https:\/\/djk-dom-minden.de\/tagespflege\/wp-content\/uploads\/2019\/11\/Tagespflege-Einweihung_2019-800x451.jpg 800w, https:\/\/djk-dom-minden.de\/tagespflege\/wp-content\/uploads\/2019\/11\/Tagespflege-Einweihung_2019-700x395.jpg 700w, https:\/\/djk-dom-minden.de\/tagespflege\/wp-content\/uploads\/2019\/11\/Tagespflege-Einweihung_2019-600x338.jpg 600w, https:\/\/djk-dom-minden.de\/tagespflege\/wp-content\/uploads\/2019\/11\/Tagespflege-Einweihung_2019-500x282.jpg 500w, https:\/\/djk-dom-minden.de\/tagespflege\/wp-content\/uploads\/2019\/11\/Tagespflege-Einweihung_2019-400x226.jpg 400w, https:\/\/djk-dom-minden.de\/tagespflege\/wp-content\/uploads\/2019\/11\/Tagespflege-Einweihung_2019-300x169.jpg 300w, https:\/\/djk-dom-minden.de\/tagespflege\/wp-content\/uploads\/2019\/11\/Tagespflege-Einweihung_2019-200x113.jpg 200w, https:\/\/djk-dom-minden.de\/tagespflege\/wp-content\/uploads\/2019\/11\/Tagespflege-Einweihung_2019-100x56.jpg 100w\" data-sizes=\"auto\"\/><a href=\"https:\/\/djk-dom-minden.de\/tagespflege\/news\/einweihung-der-neuen-tagespflege\" target=\"_self\"><figcaption><div class=\"fig-item\"><span class=\"title\"><h3>Einweihung der neuen Tagespflege...<\/h3><\/span><span class=\"date\"><h5>16.11.2019<\/h5><\/span><\/div><\/figcaption><\/a><\/figure><figure class=\"effect-jazz\"><img data-src=\"https:\/\/djk-dom-minden.de\/tagespflege\/wp-content\/uploads\/2019\/05\/Tagespflege_Eroeffnung_2019_0019-100x75.jpg\" class=\"lazyload\" data-srcset=\"https:\/\/djk-dom-minden.de\/tagespflege\/wp-content\/uploads\/2019\/05\/Tagespflege_Eroeffnung_2019_0019-300x225.jpg 300w, https:\/\/djk-dom-minden.de\/tagespflege\/wp-content\/uploads\/2019\/05\/Tagespflege_Eroeffnung_2019_0019-150x150.jpg 150w, https:\/\/djk-dom-minden.de\/tagespflege\/wp-content\/uploads\/2019\/05\/Tagespflege_Eroeffnung_2019_0019-700x525.jpg 700w, https:\/\/djk-dom-minden.de\/tagespflege\/wp-content\/uploads\/2019\/05\/Tagespflege_Eroeffnung_2019_0019-600x450.jpg 600w, https:\/\/djk-dom-minden.de\/tagespflege\/wp-content\/uploads\/2019\/05\/Tagespflege_Eroeffnung_2019_0019-500x375.jpg 500w, https:\/\/djk-dom-minden.de\/tagespflege\/wp-content\/uploads\/2019\/05\/Tagespflege_Eroeffnung_2019_0019-400x300.jpg 400w, https:\/\/djk-dom-minden.de\/tagespflege\/wp-content\/uploads\/2019\/05\/Tagespflege_Eroeffnung_2019_0019-300x225.jpg 300w, https:\/\/djk-dom-minden.de\/tagespflege\/wp-content\/uploads\/2019\/05\/Tagespflege_Eroeffnung_2019_0019-200x150.jpg 200w, https:\/\/djk-dom-minden.de\/tagespflege\/wp-content\/uploads\/2019\/05\/Tagespflege_Eroeffnung_2019_0019-100x75.jpg 100w\" data-sizes=\"auto\"\/><a href=\"https:\/\/djk-dom-minden.de\/tagespflege\/news\/neueroeffnung-grosstagespflege\" target=\"_self\"><figcaption><div class=\"fig-item\"><span class=\"title\"><h3>Neuer\u00f6ffnung Gro\u00dftagespflege<\/h3><\/span><span class=\"date\"><h5>19.05.2019<\/h5><\/span><\/div><\/figcaption><\/a><\/figure><\/div>\t\t<\/div>\n\t\t\t\t<\/div>\n\t\t\t\t\t<\/div>\n\t\t<\/div>\n\t\t\t\t\t<\/div>\n\t\t<\/section>\n\t\t\t\t<section class=\"elementor-section elementor-top-section elementor-element elementor-element-1323159 elementor-section-full_width elementor-section-height-default elementor-section-height-default\" data-id=\"1323159\" data-element_type=\"section\">\n\t\t\t\t\t\t<div class=\"elementor-container elementor-column-gap-default\">\n\t\t\t\t\t<div class=\"elementor-column elementor-col-33 elementor-top-column elementor-element elementor-element-fcca6f6\" data-id=\"fcca6f6\" data-element_type=\"column\">\n\t\t\t<div class=\"elementor-widget-wrap elementor-element-populated\">\n\t\t\t\t\t\t<div class=\"elementor-element elementor-element-3d3f634 elementor-widget elementor-widget-image\" data-id=\"3d3f634\" data-element_type=\"widget\" data-widget_type=\"image.default\">\n\t\t\t\t<div class=\"elementor-widget-container\">\n\t\t\t\t\t\t\t\t\t\t\t\t\t<img fetchpriority=\"high\" decoding=\"async\" width=\"1024\" height=\"683\" src=\"https:\/\/djk-dom-minden.de\/tagespflege\/wp-content\/uploads\/2020\/10\/DJK_Hands-1024x683.jpg\" class=\"attachment-large size-large wp-image-121\" alt=\"\" srcset=\"https:\/\/djk-dom-minden.de\/tagespflege\/wp-content\/uploads\/2020\/10\/DJK_Hands-1024x683.jpg 1024w, https:\/\/djk-dom-minden.de\/tagespflege\/wp-content\/uploads\/2020\/10\/DJK_Hands-300x200.jpg 300w, https:\/\/djk-dom-minden.de\/tagespflege\/wp-content\/uploads\/2020\/10\/DJK_Hands-768x512.jpg 768w, https:\/\/djk-dom-minden.de\/tagespflege\/wp-content\/uploads\/2020\/10\/DJK_Hands-1536x1024.jpg 1536w, https:\/\/djk-dom-minden.de\/tagespflege\/wp-content\/uploads\/2020\/10\/DJK_Hands-1200x800.jpg 1200w, https:\/\/djk-dom-minden.de\/tagespflege\/wp-content\/uploads\/2020\/10\/DJK_Hands-1100x733.jpg 1100w, https:\/\/djk-dom-minden.de\/tagespflege\/wp-content\/uploads\/2020\/10\/DJK_Hands-1000x667.jpg 1000w, https:\/\/djk-dom-minden.de\/tagespflege\/wp-content\/uploads\/2020\/10\/DJK_Hands-900x600.jpg 900w, https:\/\/djk-dom-minden.de\/tagespflege\/wp-content\/uploads\/2020\/10\/DJK_Hands-800x533.jpg 800w, https:\/\/djk-dom-minden.de\/tagespflege\/wp-content\/uploads\/2020\/10\/DJK_Hands-700x467.jpg 700w, https:\/\/djk-dom-minden.de\/tagespflege\/wp-content\/uploads\/2020\/10\/DJK_Hands-600x400.jpg 600w, https:\/\/djk-dom-minden.de\/tagespflege\/wp-content\/uploads\/2020\/10\/DJK_Hands-500x333.jpg 500w, https:\/\/djk-dom-minden.de\/tagespflege\/wp-content\/uploads\/2020\/10\/DJK_Hands-400x267.jpg 400w, https:\/\/djk-dom-minden.de\/tagespflege\/wp-content\/uploads\/2020\/10\/DJK_Hands-200x133.jpg 200w, https:\/\/djk-dom-minden.de\/tagespflege\/wp-content\/uploads\/2020\/10\/DJK_Hands-100x67.jpg 100w, https:\/\/djk-dom-minden.de\/tagespflege\/wp-content\/uploads\/2020\/10\/DJK_Hands.jpg 1920w\" sizes=\"(max-width: 1024px) 100vw, 1024px\" \/>\t\t\t\t\t\t\t\t\t\t\t\t\t<\/div>\n\t\t\t\t<\/div>\n\t\t\t\t<div class=\"elementor-element elementor-element-6969e29 elementor-widget elementor-widget-heading\" data-id=\"6969e29\" data-element_type=\"widget\" data-widget_type=\"heading.default\">\n\t\t\t\t<div class=\"elementor-widget-container\">\n\t\t\t<h2 class=\"elementor-heading-title elementor-size-default\">Wir bieten mehr als das<\/h2>\t\t<\/div>\n\t\t\t\t<\/div>\n\t\t\t\t<div class=\"elementor-element elementor-element-f6e2a12 elementor-widget elementor-widget-text-editor\" data-id=\"f6e2a12\" data-element_type=\"widget\" data-widget_type=\"text-editor.default\">\n\t\t\t\t<div class=\"elementor-widget-container\">\n\t\t\t\t\t\t\t<p>Die DJK Dom Minden bietet ein vielseitiges Kursangebot f\u00fcr alle Altersgruppen, z.B. R\u00fcckenschule, Badminton, Fu\u00dfball, American Football, Tanzen, Kinderturnen, Nordic-Walking und vieles mehr. Wir stelle verschiedene R\u00e4umlichkeiten, wie Turnhallen der Stadt, Kegelbahnen und das Haus am Dom zur Verf\u00fcgung. Sie erm\u00f6glicht Gruppenleitern und -leiterinnen die Weiterbildung auf Pfarr-, Dekanats- und Di\u00f6zesanebene sowie in katholischen Sportschulen und Weiterbildungsst\u00e4tten. Sie stellt Sportger\u00e4te, Literatur und Werkmaterial zur Verf\u00fcgung.<\/p>\t\t\t\t\t\t<\/div>\n\t\t\t\t<\/div>\n\t\t\t\t\t<\/div>\n\t\t<\/div>\n\t\t\t\t<div class=\"elementor-column elementor-col-33 elementor-top-column elementor-element elementor-element-ebd8594\" data-id=\"ebd8594\" data-element_type=\"column\">\n\t\t\t<div class=\"elementor-widget-wrap elementor-element-populated\">\n\t\t\t\t\t\t<div class=\"elementor-element elementor-element-ce3b3b7 elementor-widget elementor-widget-image\" data-id=\"ce3b3b7\" data-element_type=\"widget\" data-widget_type=\"image.default\">\n\t\t\t\t<div class=\"elementor-widget-container\">\n\t\t\t\t\t\t\t\t\t\t\t\t\t<img decoding=\"async\" width=\"1024\" height=\"683\" src=\"https:\/\/djk-dom-minden.de\/tagespflege\/wp-content\/uploads\/2020\/10\/DJK_Kinder_springen-1024x683.jpg\" class=\"attachment-large size-large wp-image-122\" alt=\"\" srcset=\"https:\/\/djk-dom-minden.de\/tagespflege\/wp-content\/uploads\/2020\/10\/DJK_Kinder_springen-1024x683.jpg 1024w, https:\/\/djk-dom-minden.de\/tagespflege\/wp-content\/uploads\/2020\/10\/DJK_Kinder_springen-300x200.jpg 300w, https:\/\/djk-dom-minden.de\/tagespflege\/wp-content\/uploads\/2020\/10\/DJK_Kinder_springen-768x512.jpg 768w, https:\/\/djk-dom-minden.de\/tagespflege\/wp-content\/uploads\/2020\/10\/DJK_Kinder_springen-1200x800.jpg 1200w, https:\/\/djk-dom-minden.de\/tagespflege\/wp-content\/uploads\/2020\/10\/DJK_Kinder_springen-1100x733.jpg 1100w, https:\/\/djk-dom-minden.de\/tagespflege\/wp-content\/uploads\/2020\/10\/DJK_Kinder_springen-1000x667.jpg 1000w, https:\/\/djk-dom-minden.de\/tagespflege\/wp-content\/uploads\/2020\/10\/DJK_Kinder_springen-900x600.jpg 900w, https:\/\/djk-dom-minden.de\/tagespflege\/wp-content\/uploads\/2020\/10\/DJK_Kinder_springen-800x533.jpg 800w, https:\/\/djk-dom-minden.de\/tagespflege\/wp-content\/uploads\/2020\/10\/DJK_Kinder_springen-700x467.jpg 700w, https:\/\/djk-dom-minden.de\/tagespflege\/wp-content\/uploads\/2020\/10\/DJK_Kinder_springen-600x400.jpg 600w, https:\/\/djk-dom-minden.de\/tagespflege\/wp-content\/uploads\/2020\/10\/DJK_Kinder_springen-500x333.jpg 500w, https:\/\/djk-dom-minden.de\/tagespflege\/wp-content\/uploads\/2020\/10\/DJK_Kinder_springen-400x267.jpg 400w, https:\/\/djk-dom-minden.de\/tagespflege\/wp-content\/uploads\/2020\/10\/DJK_Kinder_springen-200x133.jpg 200w, https:\/\/djk-dom-minden.de\/tagespflege\/wp-content\/uploads\/2020\/10\/DJK_Kinder_springen-100x67.jpg 100w, https:\/\/djk-dom-minden.de\/tagespflege\/wp-content\/uploads\/2020\/10\/DJK_Kinder_springen.jpg 1440w\" sizes=\"(max-width: 1024px) 100vw, 1024px\" \/>\t\t\t\t\t\t\t\t\t\t\t\t\t<\/div>\n\t\t\t\t<\/div>\n\t\t\t\t<div class=\"elementor-element elementor-element-285791a elementor-widget elementor-widget-heading\" data-id=\"285791a\" data-element_type=\"widget\" data-widget_type=\"heading.default\">\n\t\t\t\t<div class=\"elementor-widget-container\">\n\t\t\t<h2 class=\"elementor-heading-title elementor-size-default\">Jugendarbeit ist uns wichtig<\/h2>\t\t<\/div>\n\t\t\t\t<\/div>\n\t\t\t\t<div class=\"elementor-element elementor-element-133dba7 elementor-widget elementor-widget-text-editor\" data-id=\"133dba7\" data-element_type=\"widget\" data-widget_type=\"text-editor.default\">\n\t\t\t\t<div class=\"elementor-widget-container\">\n\t\t\t\t\t\t\t<p>In der Kinder- und Jugendarbeit wird viel Wert auf drei Gruppen gelegt: die Kids, die Youngsters und die Jugendgruppe. Mit diesen drei Gruppen werden alle Altersklassen abgedeckt. F\u00fcr jeden ist etwas dabei. Einmal im Monat treffen sich die Kinder und Jugendlichen und haben zusammen viel Spa\u00df bei verschiedenen Aktionen. Da die Sch\u00fcler wegen des Ganztags keine Zeit mehr haben, an w\u00f6chentlichen Gruppenstunden teilzunehmen, wurden diese Treffen eingef\u00fchrt.\u00a0<\/p>\t\t\t\t\t\t<\/div>\n\t\t\t\t<\/div>\n\t\t\t\t\t<\/div>\n\t\t<\/div>\n\t\t\t\t<div class=\"elementor-column elementor-col-33 elementor-top-column elementor-element elementor-element-b1a1003\" data-id=\"b1a1003\" data-element_type=\"column\">\n\t\t\t<div class=\"elementor-widget-wrap elementor-element-populated\">\n\t\t\t\t\t\t<div class=\"elementor-element elementor-element-41b1f82 elementor-widget elementor-widget-image\" data-id=\"41b1f82\" data-element_type=\"widget\" data-widget_type=\"image.default\">\n\t\t\t\t<div class=\"elementor-widget-container\">\n\t\t\t\t\t\t\t\t\t\t\t\t\t<img decoding=\"async\" width=\"1024\" height=\"1024\" src=\"https:\/\/djk-dom-minden.de\/tagespflege\/wp-content\/uploads\/2020\/09\/DJK_Logo.svg\" class=\"attachment-large size-large wp-image-28\" alt=\"\" \/>\t\t\t\t\t\t\t\t\t\t\t\t\t<\/div>\n\t\t\t\t<\/div>\n\t\t\t\t<div class=\"elementor-element elementor-element-fab2047 elementor-widget elementor-widget-heading\" data-id=\"fab2047\" data-element_type=\"widget\" data-widget_type=\"heading.default\">\n\t\t\t\t<div class=\"elementor-widget-container\">\n\t\t\t<h2 class=\"elementor-heading-title elementor-size-default\">Wer sind wir<\/h2>\t\t<\/div>\n\t\t\t\t<\/div>\n\t\t\t\t<div class=\"elementor-element elementor-element-4cc2223 elementor-widget elementor-widget-text-editor\" data-id=\"4cc2223\" data-element_type=\"widget\" data-widget_type=\"text-editor.default\">\n\t\t\t\t<div class=\"elementor-widget-container\">\n\t\t\t\t\t\t\t<p>Dank der Unterst\u00fctzung durch unsere zahlreichen Sponsoren k\u00f6nnen wir jedem Vereinsmitglied Leistungen anbieten: Kostenlose Nutzung aller DJK-Gruppen durch geschulte \u00dcbungsleiter. Faire Mitgliedsbeitr\u00e4ge, gegebenenfalls Nachl\u00e4sse bei Notlagen. Verg\u00fcnstigungen bei Veranstaltungen der DJK Dom Minden. Verg\u00fcnstigungen bei Veranstaltungen der Kooperationspartner.<br \/>Aus- und Weiterbildungsm\u00f6glichkeiten. Au\u00dferdem Angebote der Aus\u00fcbung eines freiwilligen sozialen Jahr (FSJ) und Praktika im Verein.<\/p>\t\t\t\t\t\t<\/div>\n\t\t\t\t<\/div>\n\t\t\t\t\t<\/div>\n\t\t<\/div>\n\t\t\t\t\t<\/div>\n\t\t<\/section>\n\t\t\t\t<\/div>\n\t\t","protected":false},"excerpt":{"rendered":"<p>Neuer\u00f6ffnung Gro\u00dftagespflege Einweihung der neuen Tagespflege Elterninformation &#8211; Tagespflege Tagespflege Elterninformationen Neue stellvertretende Leitung der Tagespflege NEU! in der Tagespflege unsere stellvertretende Leitung Zwergenstube &#8211; Nachwuchs gesucht Zwergenstube Nachwuchs gesucht Aktuelle News Elterninformation &#8211; Tagespflege&#8230; 01.04.2020 Einweihung der neuen Tagespflege&#8230; 16.11.2019 Neue stellvertretende Leitung der&#8230; 05.10.2019 Zwergenstube &#8211; Nachwuchs gesucht&#8230; 08.03.2016 Neue Betreuungsgruppe \u2013 Die [&hellip;]<\/p>\n","protected":false},"author":2,"featured_media":0,"parent":0,"menu_order":0,"comment_status":"closed","ping_status":"closed","template":"","meta":{"inline_featured_image":false,"footnotes":""},"class_list":["post-17","page","type-page","status-publish","hentry"],"_links":{"self":[{"href":"https:\/\/djk-dom-minden.de\/tagespflege\/wp-json\/wp\/v2\/pages\/17","targetHints":{"allow":["GET"]}}],"collection":[{"href":"https:\/\/djk-dom-minden.de\/tagespflege\/wp-json\/wp\/v2\/pages"}],"about":[{"href":"https:\/\/djk-dom-minden.de\/tagespflege\/wp-json\/wp\/v2\/types\/page"}],"author":[{"embeddable":true,"href":"https:\/\/djk-dom-minden.de\/tagespflege\/wp-json\/wp\/v2\/users\/2"}],"replies":[{"embeddable":true,"href":"https:\/\/djk-dom-minden.de\/tagespflege\/wp-json\/wp\/v2\/comments?post=17"}],"version-history":[{"count":16,"href":"https:\/\/djk-dom-minden.de\/tagespflege\/wp-json\/wp\/v2\/pages\/17\/revisions"}],"predecessor-version":[{"id":285,"href":"https:\/\/djk-dom-minden.de\/tagespflege\/wp-json\/wp\/v2\/pages\/17\/revisions\/285"}],"wp:attachment":[{"href":"https:\/\/djk-dom-minden.de\/tagespflege\/wp-json\/wp\/v2\/media?parent=17"}],"curies":[{"name":"wp","href":"https:\/\/api.w.org\/{rel}","templated":true}]}}