{"id":3,"date":"2020-09-08T15:41:39","date_gmt":"2020-09-08T13:41:39","guid":{"rendered":"https:\/\/djk-dom-minden.de\/tanzen\/kids\/?page_id=3"},"modified":"2024-12-03T13:21:51","modified_gmt":"2024-12-03T12:21:51","slug":"startseite","status":"publish","type":"page","link":"https:\/\/djk-dom-minden.de\/tanzen\/kids\/","title":{"rendered":"Startseite"},"content":{"rendered":"\t\t<div data-elementor-type=\"wp-page\" data-elementor-id=\"3\" class=\"elementor elementor-3\" data-elementor-post-type=\"page\">\n\t\t\t\t\t\t<section class=\"elementor-section elementor-top-section elementor-element elementor-element-5bfdc70 elementor-section-full_width elementor-section-height-default elementor-section-height-default\" data-id=\"5bfdc70\" data-element_type=\"section\">\n\t\t\t\t\t\t<div class=\"elementor-container elementor-column-gap-no\">\n\t\t\t\t\t<div class=\"elementor-column elementor-col-100 elementor-top-column elementor-element elementor-element-ec89863\" data-id=\"ec89863\" data-element_type=\"column\">\n\t\t\t<div class=\"elementor-widget-wrap elementor-element-populated\">\n\t\t\t\t\t\t<div class=\"elementor-element elementor-element-6d9d39b elementor-widget elementor-widget-global-news-slider\" data-id=\"6d9d39b\" data-element_type=\"widget\" data-widget_type=\"global-news-slider.default\">\n\t\t\t\t<div class=\"elementor-widget-container\">\n\t\t\t<div class=\"global-news-slider-container\" data-setup={\"slider_name\":\"fullslider69f4db79d51a4\",\"autoplay\":false,\"autoplay_speed\":null,\"nav\":true,\"effect_in\":\"\",\"effect_out\":\"\",\"effect_text\":\"bounceInLeft\",\"effect_text_speed\":\"fast\",\"effect_text_delay\":\"delay-1s\",\"effect_text_repeat\":\"repeat-1\",\"dots\":true,\"iconPrev\":{\"value\":\"fas_fa-chevron-left\",\"library\":\"fa-solid\"},\"iconNext\":{\"value\":\"fas_fa-chevron-right\",\"library\":\"fa-solid\"}}><div class=\"global-news-slider owl-carousel fullslider69f4db79d51a4\"><figure class=\"effect-jazz\"><img data-src=\"https:\/\/djk-dom-minden.de\/tanzen\/kids\/wp-content\/uploads\/sites\/5\/2020\/10\/tanzen_teaser-100x33.jpg\" class=\"lazyload\" data-srcset=\"https:\/\/djk-dom-minden.de\/tanzen\/kids\/wp-content\/uploads\/sites\/5\/2020\/10\/tanzen_teaser-300x98.jpg 300w, https:\/\/djk-dom-minden.de\/tanzen\/kids\/wp-content\/uploads\/sites\/5\/2020\/10\/tanzen_teaser-1024x333.jpg 1024w, https:\/\/djk-dom-minden.de\/tanzen\/kids\/wp-content\/uploads\/sites\/5\/2020\/10\/tanzen_teaser-150x150.jpg 150w, https:\/\/djk-dom-minden.de\/tanzen\/kids\/wp-content\/uploads\/sites\/5\/2020\/10\/tanzen_teaser-768x250.jpg 768w, https:\/\/djk-dom-minden.de\/tanzen\/kids\/wp-content\/uploads\/sites\/5\/2020\/10\/tanzen_teaser-1536x499.jpg 1536w, https:\/\/djk-dom-minden.de\/tanzen\/kids\/wp-content\/uploads\/sites\/5\/2020\/10\/tanzen_teaser-1200x390.jpg 1200w, https:\/\/djk-dom-minden.de\/tanzen\/kids\/wp-content\/uploads\/sites\/5\/2020\/10\/tanzen_teaser-1100x358.jpg 1100w, https:\/\/djk-dom-minden.de\/tanzen\/kids\/wp-content\/uploads\/sites\/5\/2020\/10\/tanzen_teaser-1000x325.jpg 1000w, https:\/\/djk-dom-minden.de\/tanzen\/kids\/wp-content\/uploads\/sites\/5\/2020\/10\/tanzen_teaser-900x293.jpg 900w, https:\/\/djk-dom-minden.de\/tanzen\/kids\/wp-content\/uploads\/sites\/5\/2020\/10\/tanzen_teaser-800x260.jpg 800w, https:\/\/djk-dom-minden.de\/tanzen\/kids\/wp-content\/uploads\/sites\/5\/2020\/10\/tanzen_teaser-700x228.jpg 700w, https:\/\/djk-dom-minden.de\/tanzen\/kids\/wp-content\/uploads\/sites\/5\/2020\/10\/tanzen_teaser-600x195.jpg 600w, https:\/\/djk-dom-minden.de\/tanzen\/kids\/wp-content\/uploads\/sites\/5\/2020\/10\/tanzen_teaser-500x163.jpg 500w, https:\/\/djk-dom-minden.de\/tanzen\/kids\/wp-content\/uploads\/sites\/5\/2020\/10\/tanzen_teaser-400x130.jpg 400w, https:\/\/djk-dom-minden.de\/tanzen\/kids\/wp-content\/uploads\/sites\/5\/2020\/10\/tanzen_teaser-300x98.jpg 300w, https:\/\/djk-dom-minden.de\/tanzen\/kids\/wp-content\/uploads\/sites\/5\/2020\/10\/tanzen_teaser-200x65.jpg 200w, https:\/\/djk-dom-minden.de\/tanzen\/kids\/wp-content\/uploads\/sites\/5\/2020\/10\/tanzen_teaser-100x33.jpg 100w\" data-sizes=\"auto\"\/><a href=\"https:\/\/djk-dom-minden.de\/tanzen\/kids\/news\/tanzen-fuer-grundschueler\" target=\"_self\"><figcaption><span class=\"title\"><p class=\"tag\">Tanzen f\u00fcr Grundsch\u00fcler<\/p><\/span><span class=\"teaser_highlight\"><span class=\"teaser\"><p>Tanzen<\/p><p>f\u00fcr Grundsch\u00fcler<\/p><\/span><\/span><\/figcaption><\/a><\/figure><\/div><\/div>\t\t<\/div>\n\t\t\t\t<\/div>\n\t\t\t\t\t<\/div>\n\t\t<\/div>\n\t\t\t\t\t<\/div>\n\t\t<\/section>\n\t\t\t\t<section class=\"elementor-section elementor-top-section elementor-element elementor-element-c51a524 elementor-section-full_width elementor-section-height-default elementor-section-height-default\" data-id=\"c51a524\" data-element_type=\"section\">\n\t\t\t\t\t\t<div class=\"elementor-container elementor-column-gap-no\">\n\t\t\t\t\t<div class=\"elementor-column elementor-col-50 elementor-top-column elementor-element elementor-element-6ae1574\" data-id=\"6ae1574\" data-element_type=\"column\">\n\t\t\t<div class=\"elementor-widget-wrap elementor-element-populated\">\n\t\t\t\t\t\t<div class=\"elementor-element elementor-element-ec72ea1 elementor-widget elementor-widget-heading\" data-id=\"ec72ea1\" data-element_type=\"widget\" data-widget_type=\"heading.default\">\n\t\t\t\t<div class=\"elementor-widget-container\">\n\t\t\t<h1 class=\"elementor-heading-title elementor-size-default\">Kindertanzen Kids<\/h1>\t\t<\/div>\n\t\t\t\t<\/div>\n\t\t\t\t<div class=\"elementor-element elementor-element-3bae638 elementor-widget elementor-widget-text-editor\" data-id=\"3bae638\" data-element_type=\"widget\" data-widget_type=\"text-editor.default\">\n\t\t\t\t<div class=\"elementor-widget-container\">\n\t\t\t\t\t\t\t<p>Geist, K\u00f6rper und Seele leben bei Musik und Bewegung regelrecht auf. Tanzen macht Spa\u00df und das steht hier absolut im Vordergrund. Verschiedene Choreographien f\u00f6rdern die Koordination der Kids von 8 bis 12 Jahren und verbessern die Kondition und Ausdauer.<\/p>\t\t\t\t\t\t<\/div>\n\t\t\t\t<\/div>\n\t\t\t\t<div class=\"elementor-element elementor-element-baefa31 elementor-widget elementor-widget-heading\" data-id=\"baefa31\" data-element_type=\"widget\" data-widget_type=\"heading.default\">\n\t\t\t\t<div class=\"elementor-widget-container\">\n\t\t\t<h1 class=\"elementor-heading-title elementor-size-default\">Aktuelle News<\/h1>\t\t<\/div>\n\t\t\t\t<\/div>\n\t\t\t\t<div class=\"elementor-element elementor-element-325ba2f elementor-widget elementor-widget-global-news-overview\" data-id=\"325ba2f\" data-element_type=\"widget\" data-widget_type=\"global-news-overview.default\">\n\t\t\t\t<div class=\"elementor-widget-container\">\n\t\t\t<div class=\"grid\"><figure class=\"effect-jazz\"><img data-src=\"https:\/\/djk-dom-minden.de\/tanzen\/kids\/wp-content\/uploads\/sites\/5\/2020\/10\/tanzen_teaser-100x33.jpg\" class=\"lazyload\" data-srcset=\"https:\/\/djk-dom-minden.de\/tanzen\/kids\/wp-content\/uploads\/sites\/5\/2020\/10\/tanzen_teaser-300x98.jpg 300w, https:\/\/djk-dom-minden.de\/tanzen\/kids\/wp-content\/uploads\/sites\/5\/2020\/10\/tanzen_teaser-1024x333.jpg 1024w, https:\/\/djk-dom-minden.de\/tanzen\/kids\/wp-content\/uploads\/sites\/5\/2020\/10\/tanzen_teaser-150x150.jpg 150w, https:\/\/djk-dom-minden.de\/tanzen\/kids\/wp-content\/uploads\/sites\/5\/2020\/10\/tanzen_teaser-768x250.jpg 768w, https:\/\/djk-dom-minden.de\/tanzen\/kids\/wp-content\/uploads\/sites\/5\/2020\/10\/tanzen_teaser-1536x499.jpg 1536w, https:\/\/djk-dom-minden.de\/tanzen\/kids\/wp-content\/uploads\/sites\/5\/2020\/10\/tanzen_teaser-1200x390.jpg 1200w, https:\/\/djk-dom-minden.de\/tanzen\/kids\/wp-content\/uploads\/sites\/5\/2020\/10\/tanzen_teaser-1100x358.jpg 1100w, https:\/\/djk-dom-minden.de\/tanzen\/kids\/wp-content\/uploads\/sites\/5\/2020\/10\/tanzen_teaser-1000x325.jpg 1000w, https:\/\/djk-dom-minden.de\/tanzen\/kids\/wp-content\/uploads\/sites\/5\/2020\/10\/tanzen_teaser-900x293.jpg 900w, https:\/\/djk-dom-minden.de\/tanzen\/kids\/wp-content\/uploads\/sites\/5\/2020\/10\/tanzen_teaser-800x260.jpg 800w, https:\/\/djk-dom-minden.de\/tanzen\/kids\/wp-content\/uploads\/sites\/5\/2020\/10\/tanzen_teaser-700x228.jpg 700w, https:\/\/djk-dom-minden.de\/tanzen\/kids\/wp-content\/uploads\/sites\/5\/2020\/10\/tanzen_teaser-600x195.jpg 600w, https:\/\/djk-dom-minden.de\/tanzen\/kids\/wp-content\/uploads\/sites\/5\/2020\/10\/tanzen_teaser-500x163.jpg 500w, https:\/\/djk-dom-minden.de\/tanzen\/kids\/wp-content\/uploads\/sites\/5\/2020\/10\/tanzen_teaser-400x130.jpg 400w, https:\/\/djk-dom-minden.de\/tanzen\/kids\/wp-content\/uploads\/sites\/5\/2020\/10\/tanzen_teaser-300x98.jpg 300w, https:\/\/djk-dom-minden.de\/tanzen\/kids\/wp-content\/uploads\/sites\/5\/2020\/10\/tanzen_teaser-200x65.jpg 200w, https:\/\/djk-dom-minden.de\/tanzen\/kids\/wp-content\/uploads\/sites\/5\/2020\/10\/tanzen_teaser-100x33.jpg 100w\" data-sizes=\"auto\"\/><a href=\"https:\/\/djk-dom-minden.de\/tanzen\/kids\/news\/tanzen-fuer-grundschueler\" target=\"_self\"><figcaption><div class=\"fig-item\"><span class=\"title\"><h3>Tanzen f\u00fcr Grundsch\u00fcler<\/h3><\/span><span class=\"date\"><h5>18.09.2014<\/h5><\/span><\/div><\/figcaption><\/a><\/figure><\/div>\t\t<\/div>\n\t\t\t\t<\/div>\n\t\t\t\t<div class=\"elementor-element elementor-element-e4fee86 elementor-widget elementor-widget-heading\" data-id=\"e4fee86\" data-element_type=\"widget\" data-widget_type=\"heading.default\">\n\t\t\t\t<div class=\"elementor-widget-container\">\n\t\t\t<h1 class=\"elementor-heading-title elementor-size-default\">Aktuelle Veranstaltungen<\/h1>\t\t<\/div>\n\t\t\t\t<\/div>\n\t\t\t\t<div class=\"elementor-element elementor-element-2d62039 elementor-widget elementor-widget-global-events-overview\" data-id=\"2d62039\" data-element_type=\"widget\" data-widget_type=\"global-events-overview.default\">\n\t\t\t\t<div class=\"elementor-widget-container\">\n\t\t\t<div class=\"grid\"><figure class=\"effect-jazz\"><img decoding=\"async\" src=\"https:\/\/djk-dom-minden.de\/tanzen\/kids\/wp-content\/uploads\/sites\/5\/2020\/12\/Strohhalme_HG_01.jpg\"\/><figcaption><div class=\"fig-item\"><span class=\"title\"><h3>Aktuell keine Veranstaltungen geplant...<\/h3><\/span><\/div><\/figcaption><\/figure><\/div>\t\t<\/div>\n\t\t\t\t<\/div>\n\t\t\t\t\t<\/div>\n\t\t<\/div>\n\t\t\t\t<div class=\"elementor-column elementor-col-50 elementor-top-column elementor-element elementor-element-6b66923\" data-id=\"6b66923\" data-element_type=\"column\" data-settings=\"{&quot;background_background&quot;:&quot;classic&quot;}\">\n\t\t\t<div class=\"elementor-widget-wrap elementor-element-populated\">\n\t\t\t\t\t\t<div class=\"elementor-element elementor-element-4bbcdf9 elementor-widget elementor-widget-global-contacts\" data-id=\"4bbcdf9\" data-element_type=\"widget\" data-widget_type=\"global-contacts.default\">\n\t\t\t\t<div class=\"elementor-widget-container\">\n\t\t\t<div class=\"contact-container\"><div class=\"contacts_headline\"><h2>Ansprechpartner<\/h2><\/div><div class=\"contacts_item\"><div class=\"contacts_name\">Renate Sturzenhecker<\/div><div class=\"contacts_mobile\">Mobil: 0160\/7845206<\/div><\/div><\/div>\t\t<\/div>\n\t\t\t\t<\/div>\n\t\t\t\t<div class=\"elementor-element elementor-element-e370ac5 elementor-widget elementor-widget-global-meeting-overview\" data-id=\"e370ac5\" data-element_type=\"widget\" data-widget_type=\"global-meeting-overview.default\">\n\t\t\t\t<div class=\"elementor-widget-container\">\n\t\t\t<div class=\"meeting-grid\"><div class=\"meeting-grid-tabs\"><div class=\"meeting-grid-tab\"><input type=\"checkbox\" checked=\"checked\" id=\"chck1-69f4db7a19325\" \/><label class=\"meeting-grid-tab-label\" for=\"chck1-69f4db7a19325\"><span class=\"meeting-header\"><p>01.05.2026<\/p><p>Kindertanzen &#34;Kids&#34;<\/p><\/span><\/label><div class=\"meeting-grid-tab-content\"><div class=\"meeting-grid-tab-content-output\"><div class=\"time\"><div class=\"meeting_date\"><p>Datum:<\/p><p>01.05.2026<\/p><\/div><div class=\"start_time\"><p>Start:<\/p><p>17:30 Uhr<\/p><\/div><div class=\"end_time\"><p>Ende:<\/p><p>19:00 Uhr<\/p><\/div><div class=\"age_range\"><p>Geeignet f\u00fcr:<\/p><p>8 - 12 Jahre<\/p><\/div><div class=\"meeting_point\"><p>Ort:<\/p><p>Pfarrheim St. Ansgar<\/p><\/div><\/div><div class=\"contact\"><div class=\"contact_name\"><p>Leiter:<\/p><p>Lara-Joy Koerlings<\/p><\/div><div class=\"contact_phone\"><p>Telefon:<\/p><p>0571\/83764502<\/p><\/div><\/div><\/div><\/div><\/div><\/div><\/div>\t\t<\/div>\n\t\t\t\t<\/div>\n\t\t\t\t<section class=\"elementor-section elementor-inner-section elementor-element elementor-element-0633a53 elementor-section-full_width elementor-hidden-tablet elementor-hidden-phone elementor-section-height-default elementor-section-height-default\" data-id=\"0633a53\" data-element_type=\"section\">\n\t\t\t\t\t\t<div class=\"elementor-container elementor-column-gap-no\">\n\t\t\t\t\t<div class=\"elementor-column elementor-col-100 elementor-inner-column elementor-element elementor-element-7795622\" data-id=\"7795622\" data-element_type=\"column\" data-settings=\"{&quot;background_background&quot;:&quot;classic&quot;}\">\n\t\t\t<div class=\"elementor-widget-wrap elementor-element-populated\">\n\t\t\t\t\t\t<div class=\"elementor-element elementor-element-cf6e597 elementor-widget elementor-widget-heading\" data-id=\"cf6e597\" data-element_type=\"widget\" data-widget_type=\"heading.default\">\n\t\t\t\t<div class=\"elementor-widget-container\">\n\t\t\t<h2 class=\"elementor-heading-title elementor-size-default\">Social Media<\/h2>\t\t<\/div>\n\t\t\t\t<\/div>\n\t\t\t\t<div class=\"elementor-element elementor-element-65fda5b elementor-widget elementor-widget-text-editor\" data-id=\"65fda5b\" data-element_type=\"widget\" data-widget_type=\"text-editor.default\">\n\t\t\t\t<div class=\"elementor-widget-container\">\n\t\t\t\t\t\t\t<p>Teile diesen Newsbeitrag mit Deinen Freunden.<\/p>\t\t\t\t\t\t<\/div>\n\t\t\t\t<\/div>\n\t\t\t\t<div class=\"elementor-element elementor-element-d2cca50 elementor-widget elementor-widget-shortcode\" data-id=\"d2cca50\" data-element_type=\"widget\" data-widget_type=\"shortcode.default\">\n\t\t\t\t<div class=\"elementor-widget-container\">\n\t\t\t\t\t<div class=\"elementor-shortcode\"><div class=\"shariff shariff-align-left shariff-widget-align-left\"><ul class=\"shariff-buttons theme-round orientation-horizontal buttonsize-medium\"><li class=\"shariff-button twitter shariff-nocustomcolor\" style=\"background-color:#595959;border-radius:50%\"><a href=\"https:\/\/twitter.com\/share?url=https%3A%2F%2Fdjk-dom-minden.de%2Ftanzen%2Fkids%2F&text=Startseite\" title=\"Bei X teilen\" aria-label=\"Bei X teilen\" role=\"button\" rel=\"noopener nofollow\" class=\"shariff-link\" style=\";border-radius:50%; background-color:#000; color:#fff\" target=\"_blank\"><span class=\"shariff-icon\" style=\"\"><svg width=\"32px\" height=\"20px\" xmlns=\"http:\/\/www.w3.org\/2000\/svg\" viewBox=\"0 0 24 24\"><path fill=\"#000\" d=\"M14.258 10.152L23.176 0h-2.113l-7.747 8.813L7.133 0H0l9.352 13.328L0 23.973h2.113l8.176-9.309 6.531 9.309h7.133zm-2.895 3.293l-.949-1.328L2.875 1.56h3.246l6.086 8.523.945 1.328 7.91 11.078h-3.246zm0 0\"\/><\/svg><\/span><\/a><\/li><li class=\"shariff-button facebook shariff-nocustomcolor\" style=\"background-color:#4273c8;border-radius:50%\"><a href=\"https:\/\/www.facebook.com\/sharer\/sharer.php?u=https%3A%2F%2Fdjk-dom-minden.de%2Ftanzen%2Fkids%2F\" title=\"Bei Facebook teilen\" aria-label=\"Bei Facebook teilen\" role=\"button\" rel=\"nofollow\" class=\"shariff-link\" style=\";border-radius:50%; background-color:#3b5998; color:#fff\" target=\"_blank\"><span class=\"shariff-icon\" style=\"\"><svg width=\"32px\" height=\"20px\" xmlns=\"http:\/\/www.w3.org\/2000\/svg\" viewBox=\"0 0 18 32\"><path fill=\"#3b5998\" d=\"M17.1 0.2v4.7h-2.8q-1.5 0-2.1 0.6t-0.5 1.9v3.4h5.2l-0.7 5.3h-4.5v13.6h-5.5v-13.6h-4.5v-5.3h4.5v-3.9q0-3.3 1.9-5.2t5-1.8q2.6 0 4.1 0.2z\"\/><\/svg><\/span><\/a><\/li><li class=\"shariff-button whatsapp shariff-nocustomcolor\" style=\"background-color:#5cbe4a;border-radius:50%\"><a href=\"https:\/\/api.whatsapp.com\/send?text=https%3A%2F%2Fdjk-dom-minden.de%2Ftanzen%2Fkids%2F%20Startseite\" title=\"Bei Whatsapp teilen\" aria-label=\"Bei Whatsapp teilen\" role=\"button\" rel=\"noopener nofollow\" class=\"shariff-link\" style=\";border-radius:50%; background-color:#34af23; color:#fff\" target=\"_blank\"><span class=\"shariff-icon\" style=\"\"><svg width=\"32px\" height=\"20px\" xmlns=\"http:\/\/www.w3.org\/2000\/svg\" viewBox=\"0 0 32 32\"><path fill=\"#34af23\" d=\"M17.6 17.4q0.2 0 1.7 0.8t1.6 0.9q0 0.1 0 0.3 0 0.6-0.3 1.4-0.3 0.7-1.3 1.2t-1.8 0.5q-1 0-3.4-1.1-1.7-0.8-3-2.1t-2.6-3.3q-1.3-1.9-1.3-3.5v-0.1q0.1-1.6 1.3-2.8 0.4-0.4 0.9-0.4 0.1 0 0.3 0t0.3 0q0.3 0 0.5 0.1t0.3 0.5q0.1 0.4 0.6 1.6t0.4 1.3q0 0.4-0.6 1t-0.6 0.8q0 0.1 0.1 0.3 0.6 1.3 1.8 2.4 1 0.9 2.7 1.8 0.2 0.1 0.4 0.1 0.3 0 1-0.9t0.9-0.9zM14 26.9q2.3 0 4.3-0.9t3.6-2.4 2.4-3.6 0.9-4.3-0.9-4.3-2.4-3.6-3.6-2.4-4.3-0.9-4.3 0.9-3.6 2.4-2.4 3.6-0.9 4.3q0 3.6 2.1 6.6l-1.4 4.2 4.3-1.4q2.8 1.9 6.2 1.9zM14 2.2q2.7 0 5.2 1.1t4.3 2.9 2.9 4.3 1.1 5.2-1.1 5.2-2.9 4.3-4.3 2.9-5.2 1.1q-3.5 0-6.5-1.7l-7.4 2.4 2.4-7.2q-1.9-3.2-1.9-6.9 0-2.7 1.1-5.2t2.9-4.3 4.3-2.9 5.2-1.1z\"\/><\/svg><\/span><\/a><\/li><\/ul><\/div><\/div>\n\t\t\t\t<\/div>\n\t\t\t\t<\/div>\n\t\t\t\t\t<\/div>\n\t\t<\/div>\n\t\t\t\t\t<\/div>\n\t\t<\/section>\n\t\t\t\t<section class=\"elementor-section elementor-inner-section elementor-element elementor-element-00f626b elementor-section-full_width elementor-hidden-desktop elementor-section-height-default elementor-section-height-default\" data-id=\"00f626b\" data-element_type=\"section\">\n\t\t\t\t\t\t<div class=\"elementor-container elementor-column-gap-no\">\n\t\t\t\t\t<div class=\"elementor-column elementor-col-100 elementor-inner-column elementor-element elementor-element-abf85d3 elementor-hidden-desktop\" data-id=\"abf85d3\" data-element_type=\"column\" data-settings=\"{&quot;background_background&quot;:&quot;classic&quot;}\">\n\t\t\t<div class=\"elementor-widget-wrap elementor-element-populated\">\n\t\t\t\t\t\t<div class=\"elementor-element elementor-element-025bd69 elementor-widget elementor-widget-heading\" data-id=\"025bd69\" data-element_type=\"widget\" data-widget_type=\"heading.default\">\n\t\t\t\t<div class=\"elementor-widget-container\">\n\t\t\t<h2 class=\"elementor-heading-title elementor-size-default\">Social Media<\/h2>\t\t<\/div>\n\t\t\t\t<\/div>\n\t\t\t\t<div class=\"elementor-element elementor-element-c3cbb13 elementor-widget elementor-widget-text-editor\" data-id=\"c3cbb13\" data-element_type=\"widget\" data-widget_type=\"text-editor.default\">\n\t\t\t\t<div class=\"elementor-widget-container\">\n\t\t\t\t\t\t\t<p>Teile diesen Newsbeitrag mit Deinen Freunden.<\/p>\t\t\t\t\t\t<\/div>\n\t\t\t\t<\/div>\n\t\t\t\t<div class=\"elementor-element elementor-element-f227e51 elementor-widget elementor-widget-shortcode\" data-id=\"f227e51\" data-element_type=\"widget\" data-widget_type=\"shortcode.default\">\n\t\t\t\t<div class=\"elementor-widget-container\">\n\t\t\t\t\t<div class=\"elementor-shortcode\"><div class=\"shariff shariff-align-left shariff-widget-align-left\"><ul class=\"shariff-buttons theme-round orientation-horizontal buttonsize-medium\"><li class=\"shariff-button twitter shariff-nocustomcolor\" style=\"background-color:#595959;border-radius:50%\"><a href=\"https:\/\/twitter.com\/share?url=https%3A%2F%2Fdjk-dom-minden.de%2Ftanzen%2Fkids%2F&text=Startseite\" title=\"Bei X teilen\" aria-label=\"Bei X teilen\" role=\"button\" rel=\"noopener nofollow\" class=\"shariff-link\" style=\";border-radius:50%; background-color:#000; color:#fff\" target=\"_blank\"><span class=\"shariff-icon\" style=\"\"><svg width=\"32px\" height=\"20px\" xmlns=\"http:\/\/www.w3.org\/2000\/svg\" viewBox=\"0 0 24 24\"><path fill=\"#000\" d=\"M14.258 10.152L23.176 0h-2.113l-7.747 8.813L7.133 0H0l9.352 13.328L0 23.973h2.113l8.176-9.309 6.531 9.309h7.133zm-2.895 3.293l-.949-1.328L2.875 1.56h3.246l6.086 8.523.945 1.328 7.91 11.078h-3.246zm0 0\"\/><\/svg><\/span><\/a><\/li><li class=\"shariff-button facebook shariff-nocustomcolor\" style=\"background-color:#4273c8;border-radius:50%\"><a href=\"https:\/\/www.facebook.com\/sharer\/sharer.php?u=https%3A%2F%2Fdjk-dom-minden.de%2Ftanzen%2Fkids%2F\" title=\"Bei Facebook teilen\" aria-label=\"Bei Facebook teilen\" role=\"button\" rel=\"nofollow\" class=\"shariff-link\" style=\";border-radius:50%; background-color:#3b5998; color:#fff\" target=\"_blank\"><span class=\"shariff-icon\" style=\"\"><svg width=\"32px\" height=\"20px\" xmlns=\"http:\/\/www.w3.org\/2000\/svg\" viewBox=\"0 0 18 32\"><path fill=\"#3b5998\" d=\"M17.1 0.2v4.7h-2.8q-1.5 0-2.1 0.6t-0.5 1.9v3.4h5.2l-0.7 5.3h-4.5v13.6h-5.5v-13.6h-4.5v-5.3h4.5v-3.9q0-3.3 1.9-5.2t5-1.8q2.6 0 4.1 0.2z\"\/><\/svg><\/span><\/a><\/li><li class=\"shariff-button whatsapp shariff-nocustomcolor\" style=\"background-color:#5cbe4a;border-radius:50%\"><a href=\"https:\/\/api.whatsapp.com\/send?text=https%3A%2F%2Fdjk-dom-minden.de%2Ftanzen%2Fkids%2F%20Startseite\" title=\"Bei Whatsapp teilen\" aria-label=\"Bei Whatsapp teilen\" role=\"button\" rel=\"noopener nofollow\" class=\"shariff-link\" style=\";border-radius:50%; background-color:#34af23; color:#fff\" target=\"_blank\"><span class=\"shariff-icon\" style=\"\"><svg width=\"32px\" height=\"20px\" xmlns=\"http:\/\/www.w3.org\/2000\/svg\" viewBox=\"0 0 32 32\"><path fill=\"#34af23\" d=\"M17.6 17.4q0.2 0 1.7 0.8t1.6 0.9q0 0.1 0 0.3 0 0.6-0.3 1.4-0.3 0.7-1.3 1.2t-1.8 0.5q-1 0-3.4-1.1-1.7-0.8-3-2.1t-2.6-3.3q-1.3-1.9-1.3-3.5v-0.1q0.1-1.6 1.3-2.8 0.4-0.4 0.9-0.4 0.1 0 0.3 0t0.3 0q0.3 0 0.5 0.1t0.3 0.5q0.1 0.4 0.6 1.6t0.4 1.3q0 0.4-0.6 1t-0.6 0.8q0 0.1 0.1 0.3 0.6 1.3 1.8 2.4 1 0.9 2.7 1.8 0.2 0.1 0.4 0.1 0.3 0 1-0.9t0.9-0.9zM14 26.9q2.3 0 4.3-0.9t3.6-2.4 2.4-3.6 0.9-4.3-0.9-4.3-2.4-3.6-3.6-2.4-4.3-0.9-4.3 0.9-3.6 2.4-2.4 3.6-0.9 4.3q0 3.6 2.1 6.6l-1.4 4.2 4.3-1.4q2.8 1.9 6.2 1.9zM14 2.2q2.7 0 5.2 1.1t4.3 2.9 2.9 4.3 1.1 5.2-1.1 5.2-2.9 4.3-4.3 2.9-5.2 1.1q-3.5 0-6.5-1.7l-7.4 2.4 2.4-7.2q-1.9-3.2-1.9-6.9 0-2.7 1.1-5.2t2.9-4.3 4.3-2.9 5.2-1.1z\"\/><\/svg><\/span><\/a><\/li><\/ul><\/div><\/div>\n\t\t\t\t<\/div>\n\t\t\t\t<\/div>\n\t\t\t\t\t<\/div>\n\t\t<\/div>\n\t\t\t\t\t<\/div>\n\t\t<\/section>\n\t\t\t\t\t<\/div>\n\t\t<\/div>\n\t\t\t\t\t<\/div>\n\t\t<\/section>\n\t\t\t\t<section class=\"elementor-section elementor-top-section elementor-element elementor-element-417add1 elementor-section-full_width elementor-section-height-default elementor-section-height-default\" data-id=\"417add1\" data-element_type=\"section\">\n\t\t\t\t\t\t<div class=\"elementor-container elementor-column-gap-default\">\n\t\t\t\t\t<div class=\"elementor-column elementor-col-33 elementor-top-column elementor-element elementor-element-8a52182\" data-id=\"8a52182\" data-element_type=\"column\">\n\t\t\t<div class=\"elementor-widget-wrap elementor-element-populated\">\n\t\t\t\t\t\t<div class=\"elementor-element elementor-element-b6c3ec9 elementor-widget elementor-widget-image\" data-id=\"b6c3ec9\" data-element_type=\"widget\" data-widget_type=\"image.default\">\n\t\t\t\t<div class=\"elementor-widget-container\">\n\t\t\t\t\t\t\t\t\t\t\t\t\t<img fetchpriority=\"high\" decoding=\"async\" width=\"1024\" height=\"683\" src=\"https:\/\/djk-dom-minden.de\/tanzen\/kids\/wp-content\/uploads\/sites\/5\/2020\/11\/DJK_Hands-1024x683.jpg\" class=\"attachment-large size-large wp-image-82\" alt=\"\" srcset=\"https:\/\/djk-dom-minden.de\/tanzen\/kids\/wp-content\/uploads\/sites\/5\/2020\/11\/DJK_Hands-1024x683.jpg 1024w, https:\/\/djk-dom-minden.de\/tanzen\/kids\/wp-content\/uploads\/sites\/5\/2020\/11\/DJK_Hands-300x200.jpg 300w, https:\/\/djk-dom-minden.de\/tanzen\/kids\/wp-content\/uploads\/sites\/5\/2020\/11\/DJK_Hands-768x512.jpg 768w, https:\/\/djk-dom-minden.de\/tanzen\/kids\/wp-content\/uploads\/sites\/5\/2020\/11\/DJK_Hands-1536x1024.jpg 1536w, https:\/\/djk-dom-minden.de\/tanzen\/kids\/wp-content\/uploads\/sites\/5\/2020\/11\/DJK_Hands-1200x800.jpg 1200w, https:\/\/djk-dom-minden.de\/tanzen\/kids\/wp-content\/uploads\/sites\/5\/2020\/11\/DJK_Hands-1100x733.jpg 1100w, https:\/\/djk-dom-minden.de\/tanzen\/kids\/wp-content\/uploads\/sites\/5\/2020\/11\/DJK_Hands-1000x667.jpg 1000w, https:\/\/djk-dom-minden.de\/tanzen\/kids\/wp-content\/uploads\/sites\/5\/2020\/11\/DJK_Hands-900x600.jpg 900w, https:\/\/djk-dom-minden.de\/tanzen\/kids\/wp-content\/uploads\/sites\/5\/2020\/11\/DJK_Hands-800x533.jpg 800w, https:\/\/djk-dom-minden.de\/tanzen\/kids\/wp-content\/uploads\/sites\/5\/2020\/11\/DJK_Hands-700x467.jpg 700w, https:\/\/djk-dom-minden.de\/tanzen\/kids\/wp-content\/uploads\/sites\/5\/2020\/11\/DJK_Hands-600x400.jpg 600w, https:\/\/djk-dom-minden.de\/tanzen\/kids\/wp-content\/uploads\/sites\/5\/2020\/11\/DJK_Hands-500x333.jpg 500w, https:\/\/djk-dom-minden.de\/tanzen\/kids\/wp-content\/uploads\/sites\/5\/2020\/11\/DJK_Hands-400x267.jpg 400w, https:\/\/djk-dom-minden.de\/tanzen\/kids\/wp-content\/uploads\/sites\/5\/2020\/11\/DJK_Hands-200x133.jpg 200w, https:\/\/djk-dom-minden.de\/tanzen\/kids\/wp-content\/uploads\/sites\/5\/2020\/11\/DJK_Hands-100x67.jpg 100w, https:\/\/djk-dom-minden.de\/tanzen\/kids\/wp-content\/uploads\/sites\/5\/2020\/11\/DJK_Hands.jpg 1920w\" sizes=\"(max-width: 1024px) 100vw, 1024px\" \/>\t\t\t\t\t\t\t\t\t\t\t\t\t<\/div>\n\t\t\t\t<\/div>\n\t\t\t\t<div class=\"elementor-element elementor-element-47e7eea elementor-widget elementor-widget-heading\" data-id=\"47e7eea\" data-element_type=\"widget\" data-widget_type=\"heading.default\">\n\t\t\t\t<div class=\"elementor-widget-container\">\n\t\t\t<h2 class=\"elementor-heading-title elementor-size-default\">Wir bieten mehr als das<\/h2>\t\t<\/div>\n\t\t\t\t<\/div>\n\t\t\t\t<div class=\"elementor-element elementor-element-d90788a elementor-widget elementor-widget-text-editor\" data-id=\"d90788a\" data-element_type=\"widget\" data-widget_type=\"text-editor.default\">\n\t\t\t\t<div class=\"elementor-widget-container\">\n\t\t\t\t\t\t\t<p>Die DJK Dom Minden bietet ein vielseitiges Kursangebot f\u00fcr alle Altersgruppen, z.B. R\u00fcckenschule, Badminton, Fu\u00dfball, American Football, Tanzen, Kinderturnen, Nordic-Walking und vieles mehr. Wir stelle verschiedene R\u00e4umlichkeiten, wie Turnhallen der Stadt, Kegelbahnen und das Haus am Dom zur Verf\u00fcgung. Sie erm\u00f6glicht Gruppenleitern und -leiterinnen die Weiterbildung auf Pfarr-, Dekanats- und Di\u00f6zesanebene sowie in katholischen Sportschulen und Weiterbildungsst\u00e4tten. Sie stellt Sportger\u00e4te, Literatur und Werkmaterial zur Verf\u00fcgung.<\/p>\t\t\t\t\t\t<\/div>\n\t\t\t\t<\/div>\n\t\t\t\t\t<\/div>\n\t\t<\/div>\n\t\t\t\t<div class=\"elementor-column elementor-col-33 elementor-top-column elementor-element elementor-element-e0cbea2\" data-id=\"e0cbea2\" data-element_type=\"column\">\n\t\t\t<div class=\"elementor-widget-wrap elementor-element-populated\">\n\t\t\t\t\t\t<div class=\"elementor-element elementor-element-71689a2 elementor-widget elementor-widget-image\" data-id=\"71689a2\" data-element_type=\"widget\" data-widget_type=\"image.default\">\n\t\t\t\t<div class=\"elementor-widget-container\">\n\t\t\t\t\t\t\t\t\t\t\t\t\t<img decoding=\"async\" width=\"1024\" height=\"683\" src=\"https:\/\/djk-dom-minden.de\/tanzen\/kids\/wp-content\/uploads\/sites\/5\/2020\/11\/DJK_Kinder_springen-1024x683.jpg\" class=\"attachment-large size-large wp-image-83\" alt=\"\" srcset=\"https:\/\/djk-dom-minden.de\/tanzen\/kids\/wp-content\/uploads\/sites\/5\/2020\/11\/DJK_Kinder_springen-1024x683.jpg 1024w, https:\/\/djk-dom-minden.de\/tanzen\/kids\/wp-content\/uploads\/sites\/5\/2020\/11\/DJK_Kinder_springen-300x200.jpg 300w, https:\/\/djk-dom-minden.de\/tanzen\/kids\/wp-content\/uploads\/sites\/5\/2020\/11\/DJK_Kinder_springen-768x512.jpg 768w, https:\/\/djk-dom-minden.de\/tanzen\/kids\/wp-content\/uploads\/sites\/5\/2020\/11\/DJK_Kinder_springen-1200x800.jpg 1200w, https:\/\/djk-dom-minden.de\/tanzen\/kids\/wp-content\/uploads\/sites\/5\/2020\/11\/DJK_Kinder_springen-1100x733.jpg 1100w, https:\/\/djk-dom-minden.de\/tanzen\/kids\/wp-content\/uploads\/sites\/5\/2020\/11\/DJK_Kinder_springen-1000x667.jpg 1000w, https:\/\/djk-dom-minden.de\/tanzen\/kids\/wp-content\/uploads\/sites\/5\/2020\/11\/DJK_Kinder_springen-900x600.jpg 900w, https:\/\/djk-dom-minden.de\/tanzen\/kids\/wp-content\/uploads\/sites\/5\/2020\/11\/DJK_Kinder_springen-800x533.jpg 800w, https:\/\/djk-dom-minden.de\/tanzen\/kids\/wp-content\/uploads\/sites\/5\/2020\/11\/DJK_Kinder_springen-700x467.jpg 700w, https:\/\/djk-dom-minden.de\/tanzen\/kids\/wp-content\/uploads\/sites\/5\/2020\/11\/DJK_Kinder_springen-600x400.jpg 600w, https:\/\/djk-dom-minden.de\/tanzen\/kids\/wp-content\/uploads\/sites\/5\/2020\/11\/DJK_Kinder_springen-500x333.jpg 500w, https:\/\/djk-dom-minden.de\/tanzen\/kids\/wp-content\/uploads\/sites\/5\/2020\/11\/DJK_Kinder_springen-400x267.jpg 400w, https:\/\/djk-dom-minden.de\/tanzen\/kids\/wp-content\/uploads\/sites\/5\/2020\/11\/DJK_Kinder_springen-200x133.jpg 200w, https:\/\/djk-dom-minden.de\/tanzen\/kids\/wp-content\/uploads\/sites\/5\/2020\/11\/DJK_Kinder_springen-100x67.jpg 100w, https:\/\/djk-dom-minden.de\/tanzen\/kids\/wp-content\/uploads\/sites\/5\/2020\/11\/DJK_Kinder_springen.jpg 1440w\" sizes=\"(max-width: 1024px) 100vw, 1024px\" \/>\t\t\t\t\t\t\t\t\t\t\t\t\t<\/div>\n\t\t\t\t<\/div>\n\t\t\t\t<div class=\"elementor-element elementor-element-b8e0130 elementor-widget elementor-widget-heading\" data-id=\"b8e0130\" data-element_type=\"widget\" data-widget_type=\"heading.default\">\n\t\t\t\t<div class=\"elementor-widget-container\">\n\t\t\t<h2 class=\"elementor-heading-title elementor-size-default\">Jugendarbeit ist uns wichtig<\/h2>\t\t<\/div>\n\t\t\t\t<\/div>\n\t\t\t\t<div class=\"elementor-element elementor-element-554ae8e elementor-widget elementor-widget-text-editor\" data-id=\"554ae8e\" data-element_type=\"widget\" data-widget_type=\"text-editor.default\">\n\t\t\t\t<div class=\"elementor-widget-container\">\n\t\t\t\t\t\t\t<p>In der Kinder- und Jugendarbeit wird viel Wert auf drei Gruppen gelegt: die Kids, die Youngsters und die Jugendgruppe. Mit diesen drei Gruppen werden alle Altersklassen abgedeckt. F\u00fcr jeden ist etwas dabei. Einmal im Monat treffen sich die Kinder und Jugendlichen und haben zusammen viel Spa\u00df bei verschiedenen Aktionen. Da die Sch\u00fcler wegen des Ganztags keine Zeit mehr haben, an w\u00f6chentlichen Gruppenstunden teilzunehmen, wurden diese Treffen eingef\u00fchrt.\u00a0<\/p>\t\t\t\t\t\t<\/div>\n\t\t\t\t<\/div>\n\t\t\t\t\t<\/div>\n\t\t<\/div>\n\t\t\t\t<div class=\"elementor-column elementor-col-33 elementor-top-column elementor-element elementor-element-24bd89a\" data-id=\"24bd89a\" data-element_type=\"column\">\n\t\t\t<div class=\"elementor-widget-wrap elementor-element-populated\">\n\t\t\t\t\t\t<div class=\"elementor-element elementor-element-6a04c1a elementor-widget elementor-widget-image\" data-id=\"6a04c1a\" data-element_type=\"widget\" data-widget_type=\"image.default\">\n\t\t\t\t<div class=\"elementor-widget-container\">\n\t\t\t\t\t\t\t\t\t\t\t\t\t<img decoding=\"async\" width=\"1024\" height=\"1024\" src=\"https:\/\/djk-dom-minden.de\/tanzen\/kids\/wp-content\/uploads\/sites\/5\/2020\/09\/DJKLogo.svg\" class=\"attachment-large size-large wp-image-18\" alt=\"\" \/>\t\t\t\t\t\t\t\t\t\t\t\t\t<\/div>\n\t\t\t\t<\/div>\n\t\t\t\t<div class=\"elementor-element elementor-element-3c4829d elementor-widget elementor-widget-heading\" data-id=\"3c4829d\" data-element_type=\"widget\" data-widget_type=\"heading.default\">\n\t\t\t\t<div class=\"elementor-widget-container\">\n\t\t\t<h2 class=\"elementor-heading-title elementor-size-default\">Wer sind wir<\/h2>\t\t<\/div>\n\t\t\t\t<\/div>\n\t\t\t\t<div class=\"elementor-element elementor-element-a1eb535 elementor-widget elementor-widget-text-editor\" data-id=\"a1eb535\" data-element_type=\"widget\" data-widget_type=\"text-editor.default\">\n\t\t\t\t<div class=\"elementor-widget-container\">\n\t\t\t\t\t\t\t<p>Dank der Unterst\u00fctzung durch unsere zahlreichen Sponsoren k\u00f6nnen wir jedem Vereinsmitglied Leistungen anbieten: Kostenlose Nutzung aller DJK-Gruppen durch geschulte \u00dcbungsleiter. Faire Mitgliedsbeitr\u00e4ge, gegebenenfalls Nachl\u00e4sse bei Notlagen. Verg\u00fcnstigungen bei Veranstaltungen der DJK Dom Minden. Verg\u00fcnstigungen bei Veranstaltungen der Kooperationspartner.<br \/>Aus- und Weiterbildungsm\u00f6glichkeiten. Au\u00dferdem Angebote der Aus\u00fcbung eines freiwilligen sozialen Jahr (FSJ) und Praktika im Verein.<\/p>\t\t\t\t\t\t<\/div>\n\t\t\t\t<\/div>\n\t\t\t\t\t<\/div>\n\t\t<\/div>\n\t\t\t\t\t<\/div>\n\t\t<\/section>\n\t\t\t\t<\/div>\n\t\t","protected":false},"excerpt":{"rendered":"<p>Tanzen f\u00fcr Grundsch\u00fcler Tanzen f\u00fcr Grundsch\u00fcler Kindertanzen Kids Geist, K\u00f6rper und Seele leben bei Musik und Bewegung regelrecht auf. Tanzen macht Spa\u00df und das steht hier absolut im Vordergrund. Verschiedene Choreographien f\u00f6rdern die Koordination der Kids von 8 bis 12 Jahren und verbessern die Kondition und Ausdauer. Aktuelle News Tanzen f\u00fcr Grundsch\u00fcler 18.09.2014 Aktuelle Veranstaltungen [&hellip;]<\/p>\n","protected":false},"author":2,"featured_media":0,"parent":0,"menu_order":0,"comment_status":"closed","ping_status":"closed","template":"","meta":{"inline_featured_image":false,"footnotes":""},"class_list":["post-3","page","type-page","status-publish","hentry"],"_links":{"self":[{"href":"https:\/\/djk-dom-minden.de\/tanzen\/kids\/wp-json\/wp\/v2\/pages\/3","targetHints":{"allow":["GET"]}}],"collection":[{"href":"https:\/\/djk-dom-minden.de\/tanzen\/kids\/wp-json\/wp\/v2\/pages"}],"about":[{"href":"https:\/\/djk-dom-minden.de\/tanzen\/kids\/wp-json\/wp\/v2\/types\/page"}],"author":[{"embeddable":true,"href":"https:\/\/djk-dom-minden.de\/tanzen\/kids\/wp-json\/wp\/v2\/users\/2"}],"replies":[{"embeddable":true,"href":"https:\/\/djk-dom-minden.de\/tanzen\/kids\/wp-json\/wp\/v2\/comments?post=3"}],"version-history":[{"count":45,"href":"https:\/\/djk-dom-minden.de\/tanzen\/kids\/wp-json\/wp\/v2\/pages\/3\/revisions"}],"predecessor-version":[{"id":227,"href":"https:\/\/djk-dom-minden.de\/tanzen\/kids\/wp-json\/wp\/v2\/pages\/3\/revisions\/227"}],"wp:attachment":[{"href":"https:\/\/djk-dom-minden.de\/tanzen\/kids\/wp-json\/wp\/v2\/media?parent=3"}],"curies":[{"name":"wp","href":"https:\/\/api.w.org\/{rel}","templated":true}]}}