{"id":7,"date":"2020-09-08T15:40:54","date_gmt":"2020-09-08T13:40:54","guid":{"rendered":"https:\/\/djk-dom-minden.de\/tanzen\/minis\/?page_id=7"},"modified":"2020-12-03T10:55:57","modified_gmt":"2020-12-03T09:55:57","slug":"news","status":"publish","type":"page","link":"https:\/\/djk-dom-minden.de\/tanzen\/minis\/news\/","title":{"rendered":"News"},"content":{"rendered":"\t\t<div data-elementor-type=\"wp-page\" data-elementor-id=\"7\" class=\"elementor elementor-7\" data-elementor-post-type=\"page\">\n\t\t\t\t\t\t<section class=\"elementor-section elementor-top-section elementor-element elementor-element-e24ed5f elementor-section-full_width elementor-section-height-default elementor-section-height-default\" data-id=\"e24ed5f\" data-element_type=\"section\">\n\t\t\t\t\t\t<div class=\"elementor-container elementor-column-gap-no\">\n\t\t\t\t\t<div class=\"elementor-column elementor-col-100 elementor-top-column elementor-element elementor-element-cf04a81\" data-id=\"cf04a81\" data-element_type=\"column\">\n\t\t\t<div class=\"elementor-widget-wrap elementor-element-populated\">\n\t\t\t\t\t\t<div class=\"elementor-element elementor-element-26d70c1 elementor-widget elementor-widget-global-news-slider\" data-id=\"26d70c1\" data-element_type=\"widget\" data-widget_type=\"global-news-slider.default\">\n\t\t\t\t<div class=\"elementor-widget-container\">\n\t\t\t<div class=\"global-news-slider-container\" data-setup={\"slider_name\":\"fullslider69f4a1fb684b9\",\"autoplay\":false,\"autoplay_speed\":null,\"nav\":true,\"effect_in\":\"\",\"effect_out\":\"\",\"effect_text\":\"bounceInLeft\",\"effect_text_speed\":\"fast\",\"effect_text_delay\":\"delay-1s\",\"effect_text_repeat\":\"repeat-1\",\"dots\":true,\"iconPrev\":{\"value\":\"fas_fa-chevron-left\",\"library\":\"fa-solid\"},\"iconNext\":{\"value\":\"fas_fa-chevron-right\",\"library\":\"fa-solid\"}}><div class=\"global-news-slider owl-carousel fullslider69f4a1fb684b9\"><figure class=\"effect-jazz\"><img data-src=\"https:\/\/djk-dom-minden.de\/tanzen\/minis\/wp-content\/uploads\/sites\/4\/2020\/10\/kids-tanzen_teaser-100x33.jpg\" class=\"lazyload\" data-srcset=\"https:\/\/djk-dom-minden.de\/tanzen\/minis\/wp-content\/uploads\/sites\/4\/2020\/10\/kids-tanzen_teaser-300x98.jpg 300w, https:\/\/djk-dom-minden.de\/tanzen\/minis\/wp-content\/uploads\/sites\/4\/2020\/10\/kids-tanzen_teaser-1024x333.jpg 1024w, https:\/\/djk-dom-minden.de\/tanzen\/minis\/wp-content\/uploads\/sites\/4\/2020\/10\/kids-tanzen_teaser-150x150.jpg 150w, https:\/\/djk-dom-minden.de\/tanzen\/minis\/wp-content\/uploads\/sites\/4\/2020\/10\/kids-tanzen_teaser-768x250.jpg 768w, https:\/\/djk-dom-minden.de\/tanzen\/minis\/wp-content\/uploads\/sites\/4\/2020\/10\/kids-tanzen_teaser-1536x499.jpg 1536w, https:\/\/djk-dom-minden.de\/tanzen\/minis\/wp-content\/uploads\/sites\/4\/2020\/10\/kids-tanzen_teaser-1200x390.jpg 1200w, https:\/\/djk-dom-minden.de\/tanzen\/minis\/wp-content\/uploads\/sites\/4\/2020\/10\/kids-tanzen_teaser-1100x358.jpg 1100w, https:\/\/djk-dom-minden.de\/tanzen\/minis\/wp-content\/uploads\/sites\/4\/2020\/10\/kids-tanzen_teaser-1000x325.jpg 1000w, https:\/\/djk-dom-minden.de\/tanzen\/minis\/wp-content\/uploads\/sites\/4\/2020\/10\/kids-tanzen_teaser-900x293.jpg 900w, https:\/\/djk-dom-minden.de\/tanzen\/minis\/wp-content\/uploads\/sites\/4\/2020\/10\/kids-tanzen_teaser-800x260.jpg 800w, https:\/\/djk-dom-minden.de\/tanzen\/minis\/wp-content\/uploads\/sites\/4\/2020\/10\/kids-tanzen_teaser-700x228.jpg 700w, https:\/\/djk-dom-minden.de\/tanzen\/minis\/wp-content\/uploads\/sites\/4\/2020\/10\/kids-tanzen_teaser-600x195.jpg 600w, https:\/\/djk-dom-minden.de\/tanzen\/minis\/wp-content\/uploads\/sites\/4\/2020\/10\/kids-tanzen_teaser-500x163.jpg 500w, https:\/\/djk-dom-minden.de\/tanzen\/minis\/wp-content\/uploads\/sites\/4\/2020\/10\/kids-tanzen_teaser-400x130.jpg 400w, https:\/\/djk-dom-minden.de\/tanzen\/minis\/wp-content\/uploads\/sites\/4\/2020\/10\/kids-tanzen_teaser-300x98.jpg 300w, https:\/\/djk-dom-minden.de\/tanzen\/minis\/wp-content\/uploads\/sites\/4\/2020\/10\/kids-tanzen_teaser-200x65.jpg 200w, https:\/\/djk-dom-minden.de\/tanzen\/minis\/wp-content\/uploads\/sites\/4\/2020\/10\/kids-tanzen_teaser-100x33.jpg 100w\" data-sizes=\"auto\"\/><a href=\"https:\/\/djk-dom-minden.de\/tanzen\/minis\/news\/kindertanz-gruppe-minis\" target=\"_self\"><figcaption><span class=\"title\"><p class=\"tag\">Kindertanz-Gruppe \"Minis\"<\/p><\/span><span class=\"teaser_highlight\"><span class=\"teaser\"><p>Kindertanz-Gruppe<\/p><p>Minis<\/p><\/span><\/span><\/figcaption><\/a><\/figure><\/div><\/div>\t\t<\/div>\n\t\t\t\t<\/div>\n\t\t\t\t\t<\/div>\n\t\t<\/div>\n\t\t\t\t\t<\/div>\n\t\t<\/section>\n\t\t\t\t<section class=\"elementor-section elementor-top-section elementor-element elementor-element-c3a3ba3 elementor-section-full_width elementor-section-height-default elementor-section-height-default\" data-id=\"c3a3ba3\" data-element_type=\"section\">\n\t\t\t\t\t\t<div class=\"elementor-container elementor-column-gap-no\">\n\t\t\t\t\t<div class=\"elementor-column elementor-col-33 elementor-top-column elementor-element elementor-element-cf694b2\" data-id=\"cf694b2\" data-element_type=\"column\" data-settings=\"{&quot;background_background&quot;:&quot;gradient&quot;}\">\n\t\t\t<div class=\"elementor-widget-wrap elementor-element-populated\">\n\t\t\t\t\t<div class=\"elementor-background-overlay\"><\/div>\n\t\t\t\t\t\t<div class=\"elementor-element elementor-element-706788e elementor-widget elementor-widget-template\" data-id=\"706788e\" data-element_type=\"widget\" data-widget_type=\"template.default\">\n\t\t\t\t<div class=\"elementor-widget-container\">\n\t\t\t\t\t<div class=\"elementor-template\">\n\t\t\t\t\t<div data-elementor-type=\"section\" data-elementor-id=\"89\" class=\"elementor elementor-89\" data-elementor-post-type=\"elementor_library\">\n\t\t\t\t\t<section class=\"elementor-section elementor-inner-section elementor-element elementor-element-1b19e829 elementor-section-full_width elementor-section-content-middle elementor-section-height-default elementor-section-height-default\" data-id=\"1b19e829\" data-element_type=\"section\">\n\t\t\t\t\t\t<div class=\"elementor-container elementor-column-gap-no\">\n\t\t\t\t\t<div class=\"elementor-column elementor-col-50 elementor-inner-column elementor-element elementor-element-91576a2\" data-id=\"91576a2\" data-element_type=\"column\">\n\t\t\t<div class=\"elementor-widget-wrap elementor-element-populated\">\n\t\t\t\t\t\t<div class=\"elementor-element elementor-element-7d19474f elementor-widget elementor-widget-heading\" data-id=\"7d19474f\" data-element_type=\"widget\" data-widget_type=\"heading.default\">\n\t\t\t\t<div class=\"elementor-widget-container\">\n\t\t\t<h2 class=\"elementor-heading-title elementor-size-default\">Blickpunkt<\/h2>\t\t<\/div>\n\t\t\t\t<\/div>\n\t\t\t\t<div class=\"elementor-element elementor-element-5d338de elementor-widget elementor-widget-global-magazine-download\" data-id=\"5d338de\" data-element_type=\"widget\" data-widget_type=\"global-magazine-download.default\">\n\t\t\t\t<div class=\"elementor-widget-container\">\n\t\t\t<div class=\"magazine-download-button\"><a href=\"https:\/\/djk-dom-minden.de\/wp-content\/uploads\/2025\/01\/blickpunkt-dez-jan-2024-web.pdf\" target=\"_blank\">Jetzt downloaden<\/a><\/div>\t\t<\/div>\n\t\t\t\t<\/div>\n\t\t\t\t\t<\/div>\n\t\t<\/div>\n\t\t\t\t<div class=\"elementor-column elementor-col-50 elementor-inner-column elementor-element elementor-element-42d685cc\" data-id=\"42d685cc\" data-element_type=\"column\">\n\t\t\t<div class=\"elementor-widget-wrap elementor-element-populated\">\n\t\t\t\t\t\t<div class=\"elementor-element elementor-element-72dfed7a elementor-widget elementor-widget-djk_logo\" data-id=\"72dfed7a\" data-element_type=\"widget\" data-widget_type=\"djk_logo.default\">\n\t\t\t\t<div class=\"elementor-widget-container\">\n\t\t\t<div class=\"logo\"><img decoding=\"async\" src=\"https:\/\/djk-dom-minden.de\/tanzen\/minis\/wp-content\/uploads\/sites\/4\/2021\/12\/40_jahre_djk_logo.svg\" alt=\"\" title=\"40_jahre_djk_logo\"><\/div>\t\t<\/div>\n\t\t\t\t<\/div>\n\t\t\t\t\t<\/div>\n\t\t<\/div>\n\t\t\t\t\t<\/div>\n\t\t<\/section>\n\t\t\t\t<\/div>\n\t\t\t\t<\/div>\n\t\t\t\t<\/div>\n\t\t\t\t<\/div>\n\t\t\t\t\t<\/div>\n\t\t<\/div>\n\t\t\t\t<div class=\"elementor-column elementor-col-33 elementor-top-column elementor-element elementor-element-2c5bb8b\" data-id=\"2c5bb8b\" data-element_type=\"column\" data-settings=\"{&quot;background_background&quot;:&quot;classic&quot;}\">\n\t\t\t<div class=\"elementor-widget-wrap elementor-element-populated\">\n\t\t\t\t\t\t<div class=\"elementor-element elementor-element-b1239b8 elementor-widget elementor-widget-template\" data-id=\"b1239b8\" data-element_type=\"widget\" data-widget_type=\"template.default\">\n\t\t\t\t<div class=\"elementor-widget-container\">\n\t\t\t\t\t<div class=\"elementor-template\">\n\t\t\t\t\t<div data-elementor-type=\"section\" data-elementor-id=\"92\" class=\"elementor elementor-92\" data-elementor-post-type=\"elementor_library\">\n\t\t\t\t\t<section class=\"elementor-section elementor-inner-section elementor-element elementor-element-1989aec3 elementor-section-full_width elementor-section-content-middle elementor-section-height-default elementor-section-height-default\" data-id=\"1989aec3\" data-element_type=\"section\">\n\t\t\t\t\t\t<div class=\"elementor-container elementor-column-gap-no\">\n\t\t\t\t\t<div class=\"elementor-column elementor-col-50 elementor-inner-column elementor-element elementor-element-1b5fa42a\" data-id=\"1b5fa42a\" data-element_type=\"column\" data-settings=\"{&quot;background_background&quot;:&quot;classic&quot;}\">\n\t\t\t<div class=\"elementor-widget-wrap elementor-element-populated\">\n\t\t\t\t\t\t<div class=\"elementor-element elementor-element-10112cdd elementor-widget elementor-widget-heading\" data-id=\"10112cdd\" data-element_type=\"widget\" data-widget_type=\"heading.default\">\n\t\t\t\t<div class=\"elementor-widget-container\">\n\t\t\t<h2 class=\"elementor-heading-title elementor-size-default\">Zeltlager<\/h2>\t\t<\/div>\n\t\t\t\t<\/div>\n\t\t\t\t<div class=\"elementor-element elementor-element-57fb1aa3 elementor-align-left elementor-tablet-align-center elementor-widget elementor-widget-button\" data-id=\"57fb1aa3\" data-element_type=\"widget\" data-widget_type=\"button.default\">\n\t\t\t\t<div class=\"elementor-widget-container\">\n\t\t\t\t\t\t\t<div class=\"elementor-button-wrapper\">\n\t\t\t\t\t<a class=\"elementor-button elementor-button-link elementor-size-sm\" href=\"https:\/\/djk-dom-minden.de\/zeltlager\/veranstaltungen\/\" target=\"_blank\">\n\t\t\t\t\t\t<span class=\"elementor-button-content-wrapper\">\n\t\t\t\t\t\t\t\t\t<span class=\"elementor-button-text\">Jetzt anmelden<\/span>\n\t\t\t\t\t<\/span>\n\t\t\t\t\t<\/a>\n\t\t\t\t<\/div>\n\t\t\t\t\t\t<\/div>\n\t\t\t\t<\/div>\n\t\t\t\t\t<\/div>\n\t\t<\/div>\n\t\t\t\t<div class=\"elementor-column elementor-col-50 elementor-inner-column elementor-element elementor-element-1112fa5\" data-id=\"1112fa5\" data-element_type=\"column\">\n\t\t\t<div class=\"elementor-widget-wrap\">\n\t\t\t\t\t\t\t<\/div>\n\t\t<\/div>\n\t\t\t\t\t<\/div>\n\t\t<\/section>\n\t\t\t\t<\/div>\n\t\t\t\t<\/div>\n\t\t\t\t<\/div>\n\t\t\t\t<\/div>\n\t\t\t\t\t<\/div>\n\t\t<\/div>\n\t\t\t\t<div class=\"elementor-column elementor-col-33 elementor-top-column elementor-element elementor-element-6bf181a\" data-id=\"6bf181a\" data-element_type=\"column\" data-settings=\"{&quot;background_background&quot;:&quot;classic&quot;}\">\n\t\t\t<div class=\"elementor-widget-wrap elementor-element-populated\">\n\t\t\t\t\t\t<div class=\"elementor-element elementor-element-9ecc72f elementor-widget elementor-widget-template\" data-id=\"9ecc72f\" data-element_type=\"widget\" data-widget_type=\"template.default\">\n\t\t\t\t<div class=\"elementor-widget-container\">\n\t\t\t\t\t<div class=\"elementor-template\">\n\t\t\t\t\t<div data-elementor-type=\"section\" data-elementor-id=\"95\" class=\"elementor elementor-95\" data-elementor-post-type=\"elementor_library\">\n\t\t\t\t\t<section class=\"elementor-section elementor-inner-section elementor-element elementor-element-31f265fc elementor-section-full_width elementor-section-content-middle elementor-section-height-default elementor-section-height-default\" data-id=\"31f265fc\" data-element_type=\"section\" data-settings=\"{&quot;background_background&quot;:&quot;classic&quot;}\">\n\t\t\t\t\t\t<div class=\"elementor-container elementor-column-gap-no\">\n\t\t\t\t\t<div class=\"elementor-column elementor-col-50 elementor-inner-column elementor-element elementor-element-68ecc083\" data-id=\"68ecc083\" data-element_type=\"column\">\n\t\t\t<div class=\"elementor-widget-wrap elementor-element-populated\">\n\t\t\t\t\t\t<div class=\"elementor-element elementor-element-4ddc8b0 elementor-widget elementor-widget-global-members\" data-id=\"4ddc8b0\" data-element_type=\"widget\" data-widget_type=\"global-members.default\">\n\t\t\t\t<div class=\"elementor-widget-container\">\n\t\t\t<div class=\"members-container\"><div class=\"members_headline\"><h2>1939<\/h2><\/div><\/div>\t\t<\/div>\n\t\t\t\t<\/div>\n\t\t\t\t<div class=\"elementor-element elementor-element-97f8b4c elementor-widget elementor-widget-heading\" data-id=\"97f8b4c\" data-element_type=\"widget\" data-widget_type=\"heading.default\">\n\t\t\t\t<div class=\"elementor-widget-container\">\n\t\t\t<h2 class=\"elementor-heading-title elementor-size-default\">Mitglieder<\/h2>\t\t<\/div>\n\t\t\t\t<\/div>\n\t\t\t\t\t<\/div>\n\t\t<\/div>\n\t\t\t\t<div class=\"elementor-column elementor-col-50 elementor-inner-column elementor-element elementor-element-28bd9fd1\" data-id=\"28bd9fd1\" data-element_type=\"column\" data-settings=\"{&quot;background_background&quot;:&quot;classic&quot;}\">\n\t\t\t<div class=\"elementor-widget-wrap elementor-element-populated\">\n\t\t\t\t\t\t<div class=\"elementor-element elementor-element-215c0c13 elementor-align-left elementor-tablet-align-center elementor-mobile-align-center elementor-widget elementor-widget-button\" data-id=\"215c0c13\" data-element_type=\"widget\" data-widget_type=\"button.default\">\n\t\t\t\t<div class=\"elementor-widget-container\">\n\t\t\t\t\t\t\t<div class=\"elementor-button-wrapper\">\n\t\t\t\t\t<a class=\"elementor-button elementor-button-link elementor-size-sm\" href=\"https:\/\/djk-dom-minden.de\/aufnahmeantrag\/\">\n\t\t\t\t\t\t<span class=\"elementor-button-content-wrapper\">\n\t\t\t\t\t\t\t\t\t<span class=\"elementor-button-text\">Jetzt Mitglied werden<\/span>\n\t\t\t\t\t<\/span>\n\t\t\t\t\t<\/a>\n\t\t\t\t<\/div>\n\t\t\t\t\t\t<\/div>\n\t\t\t\t<\/div>\n\t\t\t\t\t<\/div>\n\t\t<\/div>\n\t\t\t\t\t<\/div>\n\t\t<\/section>\n\t\t\t\t<\/div>\n\t\t\t\t<\/div>\n\t\t\t\t<\/div>\n\t\t\t\t<\/div>\n\t\t\t\t\t<\/div>\n\t\t<\/div>\n\t\t\t\t\t<\/div>\n\t\t<\/section>\n\t\t\t\t<section class=\"elementor-section elementor-top-section elementor-element elementor-element-841d883 elementor-section-full_width elementor-section-height-default elementor-section-height-default\" data-id=\"841d883\" data-element_type=\"section\">\n\t\t\t\t\t\t<div class=\"elementor-container elementor-column-gap-no\">\n\t\t\t\t\t<div class=\"elementor-column elementor-col-100 elementor-top-column elementor-element elementor-element-06a53f8\" data-id=\"06a53f8\" data-element_type=\"column\">\n\t\t\t<div class=\"elementor-widget-wrap elementor-element-populated\">\n\t\t\t\t\t\t<div class=\"elementor-element elementor-element-5e2925b elementor-widget elementor-widget-heading\" data-id=\"5e2925b\" data-element_type=\"widget\" data-widget_type=\"heading.default\">\n\t\t\t\t<div class=\"elementor-widget-container\">\n\t\t\t<h1 class=\"elementor-heading-title elementor-size-default\">Aktuelle News<\/h1>\t\t<\/div>\n\t\t\t\t<\/div>\n\t\t\t\t<div class=\"elementor-element elementor-element-0e65b89 elementor-widget elementor-widget-global-news-overview\" data-id=\"0e65b89\" data-element_type=\"widget\" data-widget_type=\"global-news-overview.default\">\n\t\t\t\t<div class=\"elementor-widget-container\">\n\t\t\t<div class=\"grid\"><figure class=\"effect-jazz\"><img data-src=\"https:\/\/djk-dom-minden.de\/tanzen\/minis\/wp-content\/uploads\/sites\/4\/2020\/10\/kids-tanzen_teaser-100x33.jpg\" class=\"lazyload\" data-srcset=\"https:\/\/djk-dom-minden.de\/tanzen\/minis\/wp-content\/uploads\/sites\/4\/2020\/10\/kids-tanzen_teaser-300x98.jpg 300w, https:\/\/djk-dom-minden.de\/tanzen\/minis\/wp-content\/uploads\/sites\/4\/2020\/10\/kids-tanzen_teaser-1024x333.jpg 1024w, https:\/\/djk-dom-minden.de\/tanzen\/minis\/wp-content\/uploads\/sites\/4\/2020\/10\/kids-tanzen_teaser-150x150.jpg 150w, https:\/\/djk-dom-minden.de\/tanzen\/minis\/wp-content\/uploads\/sites\/4\/2020\/10\/kids-tanzen_teaser-768x250.jpg 768w, https:\/\/djk-dom-minden.de\/tanzen\/minis\/wp-content\/uploads\/sites\/4\/2020\/10\/kids-tanzen_teaser-1536x499.jpg 1536w, https:\/\/djk-dom-minden.de\/tanzen\/minis\/wp-content\/uploads\/sites\/4\/2020\/10\/kids-tanzen_teaser-1200x390.jpg 1200w, https:\/\/djk-dom-minden.de\/tanzen\/minis\/wp-content\/uploads\/sites\/4\/2020\/10\/kids-tanzen_teaser-1100x358.jpg 1100w, https:\/\/djk-dom-minden.de\/tanzen\/minis\/wp-content\/uploads\/sites\/4\/2020\/10\/kids-tanzen_teaser-1000x325.jpg 1000w, https:\/\/djk-dom-minden.de\/tanzen\/minis\/wp-content\/uploads\/sites\/4\/2020\/10\/kids-tanzen_teaser-900x293.jpg 900w, https:\/\/djk-dom-minden.de\/tanzen\/minis\/wp-content\/uploads\/sites\/4\/2020\/10\/kids-tanzen_teaser-800x260.jpg 800w, https:\/\/djk-dom-minden.de\/tanzen\/minis\/wp-content\/uploads\/sites\/4\/2020\/10\/kids-tanzen_teaser-700x228.jpg 700w, https:\/\/djk-dom-minden.de\/tanzen\/minis\/wp-content\/uploads\/sites\/4\/2020\/10\/kids-tanzen_teaser-600x195.jpg 600w, https:\/\/djk-dom-minden.de\/tanzen\/minis\/wp-content\/uploads\/sites\/4\/2020\/10\/kids-tanzen_teaser-500x163.jpg 500w, https:\/\/djk-dom-minden.de\/tanzen\/minis\/wp-content\/uploads\/sites\/4\/2020\/10\/kids-tanzen_teaser-400x130.jpg 400w, https:\/\/djk-dom-minden.de\/tanzen\/minis\/wp-content\/uploads\/sites\/4\/2020\/10\/kids-tanzen_teaser-300x98.jpg 300w, https:\/\/djk-dom-minden.de\/tanzen\/minis\/wp-content\/uploads\/sites\/4\/2020\/10\/kids-tanzen_teaser-200x65.jpg 200w, https:\/\/djk-dom-minden.de\/tanzen\/minis\/wp-content\/uploads\/sites\/4\/2020\/10\/kids-tanzen_teaser-100x33.jpg 100w\" data-sizes=\"auto\"\/><a href=\"https:\/\/djk-dom-minden.de\/tanzen\/minis\/news\/kindertanz-gruppe-minis\" target=\"_self\"><figcaption><div class=\"fig-item\"><span class=\"title\"><h3>Kindertanz-Gruppe \"Minis\"<\/h3><\/span><span class=\"date\"><h5>04.07.2018<\/h5><\/span><\/div><\/figcaption><\/a><\/figure><\/div>\t\t<\/div>\n\t\t\t\t<\/div>\n\t\t\t\t\t<\/div>\n\t\t<\/div>\n\t\t\t\t\t<\/div>\n\t\t<\/section>\n\t\t\t\t<section class=\"elementor-section elementor-top-section elementor-element elementor-element-8b1e041 elementor-section-full_width elementor-section-height-default elementor-section-height-default\" data-id=\"8b1e041\" data-element_type=\"section\">\n\t\t\t\t\t\t<div class=\"elementor-container elementor-column-gap-default\">\n\t\t\t\t\t<div class=\"elementor-column elementor-col-33 elementor-top-column elementor-element elementor-element-f6637a8\" data-id=\"f6637a8\" data-element_type=\"column\">\n\t\t\t<div class=\"elementor-widget-wrap elementor-element-populated\">\n\t\t\t\t\t\t<div class=\"elementor-element elementor-element-72e3ae1 elementor-widget elementor-widget-image\" data-id=\"72e3ae1\" data-element_type=\"widget\" data-widget_type=\"image.default\">\n\t\t\t\t<div class=\"elementor-widget-container\">\n\t\t\t\t\t\t\t\t\t\t\t\t\t<img fetchpriority=\"high\" decoding=\"async\" width=\"1024\" height=\"683\" src=\"https:\/\/djk-dom-minden.de\/tanzen\/minis\/wp-content\/uploads\/sites\/4\/2020\/11\/DJK_Hands-1024x683.jpg\" class=\"attachment-large size-large wp-image-79\" alt=\"\" srcset=\"https:\/\/djk-dom-minden.de\/tanzen\/minis\/wp-content\/uploads\/sites\/4\/2020\/11\/DJK_Hands-1024x683.jpg 1024w, https:\/\/djk-dom-minden.de\/tanzen\/minis\/wp-content\/uploads\/sites\/4\/2020\/11\/DJK_Hands-300x200.jpg 300w, https:\/\/djk-dom-minden.de\/tanzen\/minis\/wp-content\/uploads\/sites\/4\/2020\/11\/DJK_Hands-768x512.jpg 768w, https:\/\/djk-dom-minden.de\/tanzen\/minis\/wp-content\/uploads\/sites\/4\/2020\/11\/DJK_Hands-1536x1024.jpg 1536w, https:\/\/djk-dom-minden.de\/tanzen\/minis\/wp-content\/uploads\/sites\/4\/2020\/11\/DJK_Hands-1200x800.jpg 1200w, https:\/\/djk-dom-minden.de\/tanzen\/minis\/wp-content\/uploads\/sites\/4\/2020\/11\/DJK_Hands-1100x733.jpg 1100w, https:\/\/djk-dom-minden.de\/tanzen\/minis\/wp-content\/uploads\/sites\/4\/2020\/11\/DJK_Hands-1000x667.jpg 1000w, https:\/\/djk-dom-minden.de\/tanzen\/minis\/wp-content\/uploads\/sites\/4\/2020\/11\/DJK_Hands-900x600.jpg 900w, https:\/\/djk-dom-minden.de\/tanzen\/minis\/wp-content\/uploads\/sites\/4\/2020\/11\/DJK_Hands-800x533.jpg 800w, https:\/\/djk-dom-minden.de\/tanzen\/minis\/wp-content\/uploads\/sites\/4\/2020\/11\/DJK_Hands-700x467.jpg 700w, https:\/\/djk-dom-minden.de\/tanzen\/minis\/wp-content\/uploads\/sites\/4\/2020\/11\/DJK_Hands-600x400.jpg 600w, https:\/\/djk-dom-minden.de\/tanzen\/minis\/wp-content\/uploads\/sites\/4\/2020\/11\/DJK_Hands-500x333.jpg 500w, https:\/\/djk-dom-minden.de\/tanzen\/minis\/wp-content\/uploads\/sites\/4\/2020\/11\/DJK_Hands-400x267.jpg 400w, https:\/\/djk-dom-minden.de\/tanzen\/minis\/wp-content\/uploads\/sites\/4\/2020\/11\/DJK_Hands-200x133.jpg 200w, https:\/\/djk-dom-minden.de\/tanzen\/minis\/wp-content\/uploads\/sites\/4\/2020\/11\/DJK_Hands-100x67.jpg 100w, https:\/\/djk-dom-minden.de\/tanzen\/minis\/wp-content\/uploads\/sites\/4\/2020\/11\/DJK_Hands.jpg 1920w\" sizes=\"(max-width: 1024px) 100vw, 1024px\" \/>\t\t\t\t\t\t\t\t\t\t\t\t\t<\/div>\n\t\t\t\t<\/div>\n\t\t\t\t<div class=\"elementor-element elementor-element-1a58b53 elementor-widget elementor-widget-heading\" data-id=\"1a58b53\" data-element_type=\"widget\" data-widget_type=\"heading.default\">\n\t\t\t\t<div class=\"elementor-widget-container\">\n\t\t\t<h2 class=\"elementor-heading-title elementor-size-default\">Wir bieten mehr als das<\/h2>\t\t<\/div>\n\t\t\t\t<\/div>\n\t\t\t\t<div class=\"elementor-element elementor-element-48926a4 elementor-widget elementor-widget-text-editor\" data-id=\"48926a4\" data-element_type=\"widget\" data-widget_type=\"text-editor.default\">\n\t\t\t\t<div class=\"elementor-widget-container\">\n\t\t\t\t\t\t\t<p>Die DJK Dom Minden bietet ein vielseitiges Kursangebot f\u00fcr alle Altersgruppen, z.B. R\u00fcckenschule, Badminton, Fu\u00dfball, American Football, Tanzen, Kinderturnen, Nordic-Walking und vieles mehr. Wir stelle verschiedene R\u00e4umlichkeiten, wie Turnhallen der Stadt, Kegelbahnen und das Haus am Dom zur Verf\u00fcgung. Sie erm\u00f6glicht Gruppenleitern und -leiterinnen die Weiterbildung auf Pfarr-, Dekanats- und Di\u00f6zesanebene sowie in katholischen Sportschulen und Weiterbildungsst\u00e4tten. Sie stellt Sportger\u00e4te, Literatur und Werkmaterial zur Verf\u00fcgung.<\/p>\t\t\t\t\t\t<\/div>\n\t\t\t\t<\/div>\n\t\t\t\t\t<\/div>\n\t\t<\/div>\n\t\t\t\t<div class=\"elementor-column elementor-col-33 elementor-top-column elementor-element elementor-element-c62a5f2\" data-id=\"c62a5f2\" data-element_type=\"column\">\n\t\t\t<div class=\"elementor-widget-wrap elementor-element-populated\">\n\t\t\t\t\t\t<div class=\"elementor-element elementor-element-f76c94f elementor-widget elementor-widget-image\" data-id=\"f76c94f\" data-element_type=\"widget\" data-widget_type=\"image.default\">\n\t\t\t\t<div class=\"elementor-widget-container\">\n\t\t\t\t\t\t\t\t\t\t\t\t\t<img decoding=\"async\" width=\"1024\" height=\"683\" src=\"https:\/\/djk-dom-minden.de\/tanzen\/minis\/wp-content\/uploads\/sites\/4\/2020\/11\/DJK_Kinder_springen-1024x683.jpg\" class=\"attachment-large size-large wp-image-80\" alt=\"\" srcset=\"https:\/\/djk-dom-minden.de\/tanzen\/minis\/wp-content\/uploads\/sites\/4\/2020\/11\/DJK_Kinder_springen-1024x683.jpg 1024w, https:\/\/djk-dom-minden.de\/tanzen\/minis\/wp-content\/uploads\/sites\/4\/2020\/11\/DJK_Kinder_springen-300x200.jpg 300w, https:\/\/djk-dom-minden.de\/tanzen\/minis\/wp-content\/uploads\/sites\/4\/2020\/11\/DJK_Kinder_springen-768x512.jpg 768w, https:\/\/djk-dom-minden.de\/tanzen\/minis\/wp-content\/uploads\/sites\/4\/2020\/11\/DJK_Kinder_springen-1200x800.jpg 1200w, https:\/\/djk-dom-minden.de\/tanzen\/minis\/wp-content\/uploads\/sites\/4\/2020\/11\/DJK_Kinder_springen-1100x733.jpg 1100w, https:\/\/djk-dom-minden.de\/tanzen\/minis\/wp-content\/uploads\/sites\/4\/2020\/11\/DJK_Kinder_springen-1000x667.jpg 1000w, https:\/\/djk-dom-minden.de\/tanzen\/minis\/wp-content\/uploads\/sites\/4\/2020\/11\/DJK_Kinder_springen-900x600.jpg 900w, https:\/\/djk-dom-minden.de\/tanzen\/minis\/wp-content\/uploads\/sites\/4\/2020\/11\/DJK_Kinder_springen-800x533.jpg 800w, https:\/\/djk-dom-minden.de\/tanzen\/minis\/wp-content\/uploads\/sites\/4\/2020\/11\/DJK_Kinder_springen-700x467.jpg 700w, https:\/\/djk-dom-minden.de\/tanzen\/minis\/wp-content\/uploads\/sites\/4\/2020\/11\/DJK_Kinder_springen-600x400.jpg 600w, https:\/\/djk-dom-minden.de\/tanzen\/minis\/wp-content\/uploads\/sites\/4\/2020\/11\/DJK_Kinder_springen-500x333.jpg 500w, https:\/\/djk-dom-minden.de\/tanzen\/minis\/wp-content\/uploads\/sites\/4\/2020\/11\/DJK_Kinder_springen-400x267.jpg 400w, https:\/\/djk-dom-minden.de\/tanzen\/minis\/wp-content\/uploads\/sites\/4\/2020\/11\/DJK_Kinder_springen-200x133.jpg 200w, https:\/\/djk-dom-minden.de\/tanzen\/minis\/wp-content\/uploads\/sites\/4\/2020\/11\/DJK_Kinder_springen-100x67.jpg 100w, https:\/\/djk-dom-minden.de\/tanzen\/minis\/wp-content\/uploads\/sites\/4\/2020\/11\/DJK_Kinder_springen.jpg 1440w\" sizes=\"(max-width: 1024px) 100vw, 1024px\" \/>\t\t\t\t\t\t\t\t\t\t\t\t\t<\/div>\n\t\t\t\t<\/div>\n\t\t\t\t<div class=\"elementor-element elementor-element-ad289f3 elementor-widget elementor-widget-heading\" data-id=\"ad289f3\" data-element_type=\"widget\" data-widget_type=\"heading.default\">\n\t\t\t\t<div class=\"elementor-widget-container\">\n\t\t\t<h2 class=\"elementor-heading-title elementor-size-default\">Jugendarbeit ist uns wichtig<\/h2>\t\t<\/div>\n\t\t\t\t<\/div>\n\t\t\t\t<div class=\"elementor-element elementor-element-c89a2f2 elementor-widget elementor-widget-text-editor\" data-id=\"c89a2f2\" data-element_type=\"widget\" data-widget_type=\"text-editor.default\">\n\t\t\t\t<div class=\"elementor-widget-container\">\n\t\t\t\t\t\t\t<p>In der Kinder- und Jugendarbeit wird viel Wert auf drei Gruppen gelegt: die Kids, die Youngsters und die Jugendgruppe. Mit diesen drei Gruppen werden alle Altersklassen abgedeckt. F\u00fcr jeden ist etwas dabei. Einmal im Monat treffen sich die Kinder und Jugendlichen und haben zusammen viel Spa\u00df bei verschiedenen Aktionen. Da die Sch\u00fcler wegen des Ganztags keine Zeit mehr haben, an w\u00f6chentlichen Gruppenstunden teilzunehmen, wurden diese Treffen eingef\u00fchrt.\u00a0<\/p>\t\t\t\t\t\t<\/div>\n\t\t\t\t<\/div>\n\t\t\t\t\t<\/div>\n\t\t<\/div>\n\t\t\t\t<div class=\"elementor-column elementor-col-33 elementor-top-column elementor-element elementor-element-e1ceff0\" data-id=\"e1ceff0\" data-element_type=\"column\">\n\t\t\t<div class=\"elementor-widget-wrap elementor-element-populated\">\n\t\t\t\t\t\t<div class=\"elementor-element elementor-element-6067009 elementor-widget elementor-widget-image\" data-id=\"6067009\" data-element_type=\"widget\" data-widget_type=\"image.default\">\n\t\t\t\t<div class=\"elementor-widget-container\">\n\t\t\t\t\t\t\t\t\t\t\t\t\t<img decoding=\"async\" width=\"1024\" height=\"1024\" src=\"https:\/\/djk-dom-minden.de\/tanzen\/minis\/wp-content\/uploads\/sites\/4\/2020\/09\/DJKLogo.svg\" class=\"attachment-large size-large wp-image-18\" alt=\"\" \/>\t\t\t\t\t\t\t\t\t\t\t\t\t<\/div>\n\t\t\t\t<\/div>\n\t\t\t\t<div class=\"elementor-element elementor-element-0166f30 elementor-widget elementor-widget-heading\" data-id=\"0166f30\" data-element_type=\"widget\" data-widget_type=\"heading.default\">\n\t\t\t\t<div class=\"elementor-widget-container\">\n\t\t\t<h2 class=\"elementor-heading-title elementor-size-default\">Wer sind wir<\/h2>\t\t<\/div>\n\t\t\t\t<\/div>\n\t\t\t\t<div class=\"elementor-element elementor-element-8de691d elementor-widget elementor-widget-text-editor\" data-id=\"8de691d\" data-element_type=\"widget\" data-widget_type=\"text-editor.default\">\n\t\t\t\t<div class=\"elementor-widget-container\">\n\t\t\t\t\t\t\t<p>Dank der Unterst\u00fctzung durch unsere zahlreichen Sponsoren k\u00f6nnen wir jedem Vereinsmitglied Leistungen anbieten: Kostenlose Nutzung aller DJK-Gruppen durch geschulte \u00dcbungsleiter. Faire Mitgliedsbeitr\u00e4ge, gegebenenfalls Nachl\u00e4sse bei Notlagen. Verg\u00fcnstigungen bei Veranstaltungen der DJK Dom Minden. Verg\u00fcnstigungen bei Veranstaltungen der Kooperationspartner.<br \/>Aus- und Weiterbildungsm\u00f6glichkeiten. Au\u00dferdem Angebote der Aus\u00fcbung eines freiwilligen sozialen Jahr (FSJ) und Praktika im Verein.<\/p>\t\t\t\t\t\t<\/div>\n\t\t\t\t<\/div>\n\t\t\t\t\t<\/div>\n\t\t<\/div>\n\t\t\t\t\t<\/div>\n\t\t<\/section>\n\t\t\t\t<\/div>\n\t\t","protected":false},"excerpt":{"rendered":"<p>Kindertanz-Gruppe &#8222;Minis&#8220; Kindertanz-Gruppe Minis Aktuelle News Kindertanz-Gruppe &#8222;Minis&#8220;&#8230; Wir bieten mehr als das Die DJK Dom Minden bietet ein vielseitiges Kursangebot f\u00fcr alle Altersgruppen, z.B. R\u00fcckenschule, Badminton, Fu\u00dfball, American Football, Tanzen, Kinderturnen, Nordic-Walking und vieles mehr. Wir stelle verschiedene R\u00e4umlichkeiten, wie Turnhallen der Stadt, Kegelbahnen und das Haus am Dom zur Verf\u00fcgung. Sie erm\u00f6glicht Gruppenleitern [&hellip;]<\/p>\n","protected":false},"author":2,"featured_media":0,"parent":0,"menu_order":0,"comment_status":"closed","ping_status":"closed","template":"","meta":{"inline_featured_image":false,"footnotes":""},"class_list":["post-7","page","type-page","status-publish","hentry"],"_links":{"self":[{"href":"https:\/\/djk-dom-minden.de\/tanzen\/minis\/wp-json\/wp\/v2\/pages\/7","targetHints":{"allow":["GET"]}}],"collection":[{"href":"https:\/\/djk-dom-minden.de\/tanzen\/minis\/wp-json\/wp\/v2\/pages"}],"about":[{"href":"https:\/\/djk-dom-minden.de\/tanzen\/minis\/wp-json\/wp\/v2\/types\/page"}],"author":[{"embeddable":true,"href":"https:\/\/djk-dom-minden.de\/tanzen\/minis\/wp-json\/wp\/v2\/users\/2"}],"replies":[{"embeddable":true,"href":"https:\/\/djk-dom-minden.de\/tanzen\/minis\/wp-json\/wp\/v2\/comments?post=7"}],"version-history":[{"count":14,"href":"https:\/\/djk-dom-minden.de\/tanzen\/minis\/wp-json\/wp\/v2\/pages\/7\/revisions"}],"predecessor-version":[{"id":171,"href":"https:\/\/djk-dom-minden.de\/tanzen\/minis\/wp-json\/wp\/v2\/pages\/7\/revisions\/171"}],"wp:attachment":[{"href":"https:\/\/djk-dom-minden.de\/tanzen\/minis\/wp-json\/wp\/v2\/media?parent=7"}],"curies":[{"name":"wp","href":"https:\/\/api.w.org\/{rel}","templated":true}]}}