{"id":15,"date":"2020-09-08T15:37:44","date_gmt":"2020-09-08T13:37:44","guid":{"rendered":"https:\/\/djk-dom-minden.de\/tanzen\/?page_id=15"},"modified":"2020-12-03T10:17:25","modified_gmt":"2020-12-03T09:17:25","slug":"news","status":"publish","type":"page","link":"https:\/\/djk-dom-minden.de\/tanzen\/news\/","title":{"rendered":"News"},"content":{"rendered":"\t\t<div data-elementor-type=\"wp-page\" data-elementor-id=\"15\" class=\"elementor elementor-15\" data-elementor-post-type=\"page\">\n\t\t\t\t\t\t<section class=\"elementor-section elementor-top-section elementor-element elementor-element-7b5c88c elementor-section-full_width elementor-section-height-default elementor-section-height-default\" data-id=\"7b5c88c\" data-element_type=\"section\">\n\t\t\t\t\t\t<div class=\"elementor-container elementor-column-gap-no\">\n\t\t\t\t\t<div class=\"elementor-column elementor-col-100 elementor-top-column elementor-element elementor-element-f3de6f8\" data-id=\"f3de6f8\" data-element_type=\"column\">\n\t\t\t<div class=\"elementor-widget-wrap elementor-element-populated\">\n\t\t\t\t\t\t<div class=\"elementor-element elementor-element-ffe38ee elementor-widget elementor-widget-global-news-slider\" data-id=\"ffe38ee\" data-element_type=\"widget\" data-widget_type=\"global-news-slider.default\">\n\t\t\t\t<div class=\"elementor-widget-container\">\n\t\t\t<div class=\"global-news-slider-container\" data-setup={\"slider_name\":\"fullslider69f48f6fcaee3\",\"autoplay\":false,\"autoplay_speed\":null,\"nav\":true,\"effect_in\":\"\",\"effect_out\":\"\",\"effect_text\":\"bounceInLeft\",\"effect_text_speed\":\"fast\",\"effect_text_delay\":\"delay-1s\",\"effect_text_repeat\":\"repeat-1\",\"dots\":true,\"iconPrev\":{\"value\":\"fas_fa-chevron-left\",\"library\":\"fa-solid\"},\"iconNext\":{\"value\":\"fas_fa-chevron-right\",\"library\":\"fa-solid\"}}><div class=\"global-news-slider owl-carousel fullslider69f48f6fcaee3\"><figure class=\"effect-jazz\"><img data-src=\"https:\/\/djk-dom-minden.de\/tanzen\/hiphop\/wp-content\/uploads\/sites\/6\/2017\/11\/hiphop_teaser-100x33.jpg\" class=\"lazyload\" data-srcset=\"https:\/\/djk-dom-minden.de\/tanzen\/hiphop\/wp-content\/uploads\/sites\/6\/2017\/11\/hiphop_teaser-300x98.jpg 300w, https:\/\/djk-dom-minden.de\/tanzen\/hiphop\/wp-content\/uploads\/sites\/6\/2017\/11\/hiphop_teaser-1024x333.jpg 1024w, https:\/\/djk-dom-minden.de\/tanzen\/hiphop\/wp-content\/uploads\/sites\/6\/2017\/11\/hiphop_teaser-150x150.jpg 150w, https:\/\/djk-dom-minden.de\/tanzen\/hiphop\/wp-content\/uploads\/sites\/6\/2017\/11\/hiphop_teaser-768x250.jpg 768w, https:\/\/djk-dom-minden.de\/tanzen\/hiphop\/wp-content\/uploads\/sites\/6\/2017\/11\/hiphop_teaser-1536x499.jpg 1536w, https:\/\/djk-dom-minden.de\/tanzen\/hiphop\/wp-content\/uploads\/sites\/6\/2017\/11\/hiphop_teaser-1200x390.jpg 1200w, https:\/\/djk-dom-minden.de\/tanzen\/hiphop\/wp-content\/uploads\/sites\/6\/2017\/11\/hiphop_teaser-1100x358.jpg 1100w, https:\/\/djk-dom-minden.de\/tanzen\/hiphop\/wp-content\/uploads\/sites\/6\/2017\/11\/hiphop_teaser-1000x325.jpg 1000w, https:\/\/djk-dom-minden.de\/tanzen\/hiphop\/wp-content\/uploads\/sites\/6\/2017\/11\/hiphop_teaser-900x293.jpg 900w, https:\/\/djk-dom-minden.de\/tanzen\/hiphop\/wp-content\/uploads\/sites\/6\/2017\/11\/hiphop_teaser-800x260.jpg 800w, https:\/\/djk-dom-minden.de\/tanzen\/hiphop\/wp-content\/uploads\/sites\/6\/2017\/11\/hiphop_teaser-700x228.jpg 700w, https:\/\/djk-dom-minden.de\/tanzen\/hiphop\/wp-content\/uploads\/sites\/6\/2017\/11\/hiphop_teaser-600x195.jpg 600w, https:\/\/djk-dom-minden.de\/tanzen\/hiphop\/wp-content\/uploads\/sites\/6\/2017\/11\/hiphop_teaser-500x163.jpg 500w, https:\/\/djk-dom-minden.de\/tanzen\/hiphop\/wp-content\/uploads\/sites\/6\/2017\/11\/hiphop_teaser-400x130.jpg 400w, https:\/\/djk-dom-minden.de\/tanzen\/hiphop\/wp-content\/uploads\/sites\/6\/2017\/11\/hiphop_teaser-300x98.jpg 300w, https:\/\/djk-dom-minden.de\/tanzen\/hiphop\/wp-content\/uploads\/sites\/6\/2017\/11\/hiphop_teaser-200x65.jpg 200w, https:\/\/djk-dom-minden.de\/tanzen\/hiphop\/wp-content\/uploads\/sites\/6\/2017\/11\/hiphop_teaser-100x33.jpg 100w\" data-sizes=\"auto\"\/><a href=\"https:\/\/djk-dom-minden.de\/tanzen\/hiphop\/news\/neue-hiphop-gruppe-bei-der-djk-informationen\" target=\"_self\"><figcaption><span class=\"title\"><p class=\"tag\">Neue HipHop-Gruppe bei der DJK Informationen<\/p><\/span><span class=\"teaser_highlight\"><span class=\"teaser\"><p>NEU!<\/p><p>HipHop Gruppe bei der DJK<\/p><\/span><\/span><\/figcaption><\/a><\/figure><figure class=\"effect-jazz\"><img data-src=\"https:\/\/djk-dom-minden.de\/tanzen\/enjoy-your-moves\/wp-content\/uploads\/sites\/3\/2020\/11\/enjoy-your-moves_teaser-100x33.jpg\" class=\"lazyload\" data-srcset=\"https:\/\/djk-dom-minden.de\/tanzen\/enjoy-your-moves\/wp-content\/uploads\/sites\/3\/2020\/11\/enjoy-your-moves_teaser-300x98.jpg 300w, https:\/\/djk-dom-minden.de\/tanzen\/enjoy-your-moves\/wp-content\/uploads\/sites\/3\/2020\/11\/enjoy-your-moves_teaser-1024x333.jpg 1024w, https:\/\/djk-dom-minden.de\/tanzen\/enjoy-your-moves\/wp-content\/uploads\/sites\/3\/2020\/11\/enjoy-your-moves_teaser-150x150.jpg 150w, https:\/\/djk-dom-minden.de\/tanzen\/enjoy-your-moves\/wp-content\/uploads\/sites\/3\/2020\/11\/enjoy-your-moves_teaser-768x250.jpg 768w, https:\/\/djk-dom-minden.de\/tanzen\/enjoy-your-moves\/wp-content\/uploads\/sites\/3\/2020\/11\/enjoy-your-moves_teaser-1536x499.jpg 1536w, https:\/\/djk-dom-minden.de\/tanzen\/enjoy-your-moves\/wp-content\/uploads\/sites\/3\/2020\/11\/enjoy-your-moves_teaser-1200x390.jpg 1200w, https:\/\/djk-dom-minden.de\/tanzen\/enjoy-your-moves\/wp-content\/uploads\/sites\/3\/2020\/11\/enjoy-your-moves_teaser-1100x358.jpg 1100w, https:\/\/djk-dom-minden.de\/tanzen\/enjoy-your-moves\/wp-content\/uploads\/sites\/3\/2020\/11\/enjoy-your-moves_teaser-1000x325.jpg 1000w, https:\/\/djk-dom-minden.de\/tanzen\/enjoy-your-moves\/wp-content\/uploads\/sites\/3\/2020\/11\/enjoy-your-moves_teaser-900x293.jpg 900w, https:\/\/djk-dom-minden.de\/tanzen\/enjoy-your-moves\/wp-content\/uploads\/sites\/3\/2020\/11\/enjoy-your-moves_teaser-800x260.jpg 800w, https:\/\/djk-dom-minden.de\/tanzen\/enjoy-your-moves\/wp-content\/uploads\/sites\/3\/2020\/11\/enjoy-your-moves_teaser-700x228.jpg 700w, https:\/\/djk-dom-minden.de\/tanzen\/enjoy-your-moves\/wp-content\/uploads\/sites\/3\/2020\/11\/enjoy-your-moves_teaser-600x195.jpg 600w, https:\/\/djk-dom-minden.de\/tanzen\/enjoy-your-moves\/wp-content\/uploads\/sites\/3\/2020\/11\/enjoy-your-moves_teaser-500x163.jpg 500w, https:\/\/djk-dom-minden.de\/tanzen\/enjoy-your-moves\/wp-content\/uploads\/sites\/3\/2020\/11\/enjoy-your-moves_teaser-400x130.jpg 400w, https:\/\/djk-dom-minden.de\/tanzen\/enjoy-your-moves\/wp-content\/uploads\/sites\/3\/2020\/11\/enjoy-your-moves_teaser-300x98.jpg 300w, https:\/\/djk-dom-minden.de\/tanzen\/enjoy-your-moves\/wp-content\/uploads\/sites\/3\/2020\/11\/enjoy-your-moves_teaser-200x65.jpg 200w, https:\/\/djk-dom-minden.de\/tanzen\/enjoy-your-moves\/wp-content\/uploads\/sites\/3\/2020\/11\/enjoy-your-moves_teaser-100x33.jpg 100w\" data-sizes=\"auto\"\/><a href=\"https:\/\/djk-dom-minden.de\/tanzen\/enjoy-your-moves\/news\/enjoy-your-moves-tanzt-auf-unserem-sommerfest-2019\" target=\"_self\"><figcaption><span class=\"title\"><p class=\"tag\">Enjoy your Moves tanzt auf unserem Sommerfest 2019<\/p><\/span><span class=\"teaser_highlight\"><span class=\"teaser\"><p>Enjoy your Moves<\/p><p>verschiedenen Tanzrichtungen mit Fitness\u00fcbungen<\/p><\/span><\/span><\/figcaption><\/a><\/figure><figure class=\"effect-jazz\"><img data-src=\"https:\/\/djk-dom-minden.de\/tanzen\/minis\/wp-content\/uploads\/sites\/4\/2020\/10\/kids-tanzen_teaser-100x33.jpg\" class=\"lazyload\" data-srcset=\"https:\/\/djk-dom-minden.de\/tanzen\/minis\/wp-content\/uploads\/sites\/4\/2020\/10\/kids-tanzen_teaser-300x98.jpg 300w, https:\/\/djk-dom-minden.de\/tanzen\/minis\/wp-content\/uploads\/sites\/4\/2020\/10\/kids-tanzen_teaser-1024x333.jpg 1024w, https:\/\/djk-dom-minden.de\/tanzen\/minis\/wp-content\/uploads\/sites\/4\/2020\/10\/kids-tanzen_teaser-150x150.jpg 150w, https:\/\/djk-dom-minden.de\/tanzen\/minis\/wp-content\/uploads\/sites\/4\/2020\/10\/kids-tanzen_teaser-768x250.jpg 768w, https:\/\/djk-dom-minden.de\/tanzen\/minis\/wp-content\/uploads\/sites\/4\/2020\/10\/kids-tanzen_teaser-1536x499.jpg 1536w, https:\/\/djk-dom-minden.de\/tanzen\/minis\/wp-content\/uploads\/sites\/4\/2020\/10\/kids-tanzen_teaser-1200x390.jpg 1200w, https:\/\/djk-dom-minden.de\/tanzen\/minis\/wp-content\/uploads\/sites\/4\/2020\/10\/kids-tanzen_teaser-1100x358.jpg 1100w, https:\/\/djk-dom-minden.de\/tanzen\/minis\/wp-content\/uploads\/sites\/4\/2020\/10\/kids-tanzen_teaser-1000x325.jpg 1000w, https:\/\/djk-dom-minden.de\/tanzen\/minis\/wp-content\/uploads\/sites\/4\/2020\/10\/kids-tanzen_teaser-900x293.jpg 900w, https:\/\/djk-dom-minden.de\/tanzen\/minis\/wp-content\/uploads\/sites\/4\/2020\/10\/kids-tanzen_teaser-800x260.jpg 800w, https:\/\/djk-dom-minden.de\/tanzen\/minis\/wp-content\/uploads\/sites\/4\/2020\/10\/kids-tanzen_teaser-700x228.jpg 700w, https:\/\/djk-dom-minden.de\/tanzen\/minis\/wp-content\/uploads\/sites\/4\/2020\/10\/kids-tanzen_teaser-600x195.jpg 600w, https:\/\/djk-dom-minden.de\/tanzen\/minis\/wp-content\/uploads\/sites\/4\/2020\/10\/kids-tanzen_teaser-500x163.jpg 500w, https:\/\/djk-dom-minden.de\/tanzen\/minis\/wp-content\/uploads\/sites\/4\/2020\/10\/kids-tanzen_teaser-400x130.jpg 400w, https:\/\/djk-dom-minden.de\/tanzen\/minis\/wp-content\/uploads\/sites\/4\/2020\/10\/kids-tanzen_teaser-300x98.jpg 300w, https:\/\/djk-dom-minden.de\/tanzen\/minis\/wp-content\/uploads\/sites\/4\/2020\/10\/kids-tanzen_teaser-200x65.jpg 200w, https:\/\/djk-dom-minden.de\/tanzen\/minis\/wp-content\/uploads\/sites\/4\/2020\/10\/kids-tanzen_teaser-100x33.jpg 100w\" data-sizes=\"auto\"\/><a href=\"https:\/\/djk-dom-minden.de\/tanzen\/minis\/news\/kindertanz-gruppe-minis\" target=\"_self\"><figcaption><span class=\"title\"><p class=\"tag\">Kindertanz-Gruppe \"Minis\"<\/p><\/span><span class=\"teaser_highlight\"><span class=\"teaser\"><p>Kindertanz-Gruppe<\/p><p>Minis<\/p><\/span><\/span><\/figcaption><\/a><\/figure><figure class=\"effect-jazz\"><img data-src=\"https:\/\/djk-dom-minden.de\/tanzen\/enjoy-your-moves\/wp-content\/uploads\/sites\/3\/2020\/11\/enjoy-your-moves_teaser-100x33.jpg\" class=\"lazyload\" data-srcset=\"https:\/\/djk-dom-minden.de\/tanzen\/enjoy-your-moves\/wp-content\/uploads\/sites\/3\/2020\/11\/enjoy-your-moves_teaser-300x98.jpg 300w, https:\/\/djk-dom-minden.de\/tanzen\/enjoy-your-moves\/wp-content\/uploads\/sites\/3\/2020\/11\/enjoy-your-moves_teaser-1024x333.jpg 1024w, https:\/\/djk-dom-minden.de\/tanzen\/enjoy-your-moves\/wp-content\/uploads\/sites\/3\/2020\/11\/enjoy-your-moves_teaser-150x150.jpg 150w, https:\/\/djk-dom-minden.de\/tanzen\/enjoy-your-moves\/wp-content\/uploads\/sites\/3\/2020\/11\/enjoy-your-moves_teaser-768x250.jpg 768w, https:\/\/djk-dom-minden.de\/tanzen\/enjoy-your-moves\/wp-content\/uploads\/sites\/3\/2020\/11\/enjoy-your-moves_teaser-1536x499.jpg 1536w, https:\/\/djk-dom-minden.de\/tanzen\/enjoy-your-moves\/wp-content\/uploads\/sites\/3\/2020\/11\/enjoy-your-moves_teaser-1200x390.jpg 1200w, https:\/\/djk-dom-minden.de\/tanzen\/enjoy-your-moves\/wp-content\/uploads\/sites\/3\/2020\/11\/enjoy-your-moves_teaser-1100x358.jpg 1100w, https:\/\/djk-dom-minden.de\/tanzen\/enjoy-your-moves\/wp-content\/uploads\/sites\/3\/2020\/11\/enjoy-your-moves_teaser-1000x325.jpg 1000w, https:\/\/djk-dom-minden.de\/tanzen\/enjoy-your-moves\/wp-content\/uploads\/sites\/3\/2020\/11\/enjoy-your-moves_teaser-900x293.jpg 900w, https:\/\/djk-dom-minden.de\/tanzen\/enjoy-your-moves\/wp-content\/uploads\/sites\/3\/2020\/11\/enjoy-your-moves_teaser-800x260.jpg 800w, https:\/\/djk-dom-minden.de\/tanzen\/enjoy-your-moves\/wp-content\/uploads\/sites\/3\/2020\/11\/enjoy-your-moves_teaser-700x228.jpg 700w, https:\/\/djk-dom-minden.de\/tanzen\/enjoy-your-moves\/wp-content\/uploads\/sites\/3\/2020\/11\/enjoy-your-moves_teaser-600x195.jpg 600w, https:\/\/djk-dom-minden.de\/tanzen\/enjoy-your-moves\/wp-content\/uploads\/sites\/3\/2020\/11\/enjoy-your-moves_teaser-500x163.jpg 500w, https:\/\/djk-dom-minden.de\/tanzen\/enjoy-your-moves\/wp-content\/uploads\/sites\/3\/2020\/11\/enjoy-your-moves_teaser-400x130.jpg 400w, https:\/\/djk-dom-minden.de\/tanzen\/enjoy-your-moves\/wp-content\/uploads\/sites\/3\/2020\/11\/enjoy-your-moves_teaser-300x98.jpg 300w, https:\/\/djk-dom-minden.de\/tanzen\/enjoy-your-moves\/wp-content\/uploads\/sites\/3\/2020\/11\/enjoy-your-moves_teaser-200x65.jpg 200w, https:\/\/djk-dom-minden.de\/tanzen\/enjoy-your-moves\/wp-content\/uploads\/sites\/3\/2020\/11\/enjoy-your-moves_teaser-100x33.jpg 100w\" data-sizes=\"auto\"\/><a href=\"https:\/\/djk-dom-minden.de\/tanzen\/enjoy-your-moves\/news\/enjoy-your-moves-startet-neu\" target=\"_self\"><figcaption><span class=\"title\"><p class=\"tag\">Enjoy your moves - startet NEU<\/p><\/span><span class=\"teaser_highlight\"><span class=\"teaser\"><p>Enjoy your moves \u2013<\/p><p>Startet ab Montag, den 16. Januar 2023<\/p><\/span><\/span><\/figcaption><\/a><\/figure><figure class=\"effect-jazz\"><img data-src=\"https:\/\/djk-dom-minden.de\/tanzen\/wp-content\/uploads\/2014\/10\/tanzen_teaser-1-100x33.jpg\" class=\"lazyload\" data-srcset=\"https:\/\/djk-dom-minden.de\/tanzen\/wp-content\/uploads\/2014\/10\/tanzen_teaser-1-300x98.jpg 300w, https:\/\/djk-dom-minden.de\/tanzen\/wp-content\/uploads\/2014\/10\/tanzen_teaser-1-1024x333.jpg 1024w, https:\/\/djk-dom-minden.de\/tanzen\/wp-content\/uploads\/2014\/10\/tanzen_teaser-1-150x150.jpg 150w, https:\/\/djk-dom-minden.de\/tanzen\/wp-content\/uploads\/2014\/10\/tanzen_teaser-1-768x250.jpg 768w, https:\/\/djk-dom-minden.de\/tanzen\/wp-content\/uploads\/2014\/10\/tanzen_teaser-1-1536x499.jpg 1536w, https:\/\/djk-dom-minden.de\/tanzen\/wp-content\/uploads\/2014\/10\/tanzen_teaser-1-1200x390.jpg 1200w, https:\/\/djk-dom-minden.de\/tanzen\/wp-content\/uploads\/2014\/10\/tanzen_teaser-1-1100x358.jpg 1100w, https:\/\/djk-dom-minden.de\/tanzen\/wp-content\/uploads\/2014\/10\/tanzen_teaser-1-1000x325.jpg 1000w, https:\/\/djk-dom-minden.de\/tanzen\/wp-content\/uploads\/2014\/10\/tanzen_teaser-1-900x293.jpg 900w, https:\/\/djk-dom-minden.de\/tanzen\/wp-content\/uploads\/2014\/10\/tanzen_teaser-1-800x260.jpg 800w, https:\/\/djk-dom-minden.de\/tanzen\/wp-content\/uploads\/2014\/10\/tanzen_teaser-1-700x228.jpg 700w, https:\/\/djk-dom-minden.de\/tanzen\/wp-content\/uploads\/2014\/10\/tanzen_teaser-1-600x195.jpg 600w, https:\/\/djk-dom-minden.de\/tanzen\/wp-content\/uploads\/2014\/10\/tanzen_teaser-1-500x163.jpg 500w, https:\/\/djk-dom-minden.de\/tanzen\/wp-content\/uploads\/2014\/10\/tanzen_teaser-1-400x130.jpg 400w, https:\/\/djk-dom-minden.de\/tanzen\/wp-content\/uploads\/2014\/10\/tanzen_teaser-1-300x98.jpg 300w, https:\/\/djk-dom-minden.de\/tanzen\/wp-content\/uploads\/2014\/10\/tanzen_teaser-1-200x65.jpg 200w, https:\/\/djk-dom-minden.de\/tanzen\/wp-content\/uploads\/2014\/10\/tanzen_teaser-1-100x33.jpg 100w\" data-sizes=\"auto\"\/><a href=\"https:\/\/djk-dom-minden.de\/tanzen\/news\/kindertanzen-informationen\" target=\"_self\"><figcaption><span class=\"title\"><p class=\"tag\">Kindertanzen Informationen<\/p><\/span><span class=\"teaser_highlight\"><span class=\"teaser\"><p>Tanzen<\/p><p>Kindertanzen<\/p><\/span><\/span><\/figcaption><\/a><\/figure><figure class=\"effect-jazz\"><img data-src=\"https:\/\/djk-dom-minden.de\/tanzen\/kids\/wp-content\/uploads\/sites\/5\/2020\/10\/tanzen_teaser-100x33.jpg\" class=\"lazyload\" data-srcset=\"https:\/\/djk-dom-minden.de\/tanzen\/kids\/wp-content\/uploads\/sites\/5\/2020\/10\/tanzen_teaser-300x98.jpg 300w, https:\/\/djk-dom-minden.de\/tanzen\/kids\/wp-content\/uploads\/sites\/5\/2020\/10\/tanzen_teaser-1024x333.jpg 1024w, https:\/\/djk-dom-minden.de\/tanzen\/kids\/wp-content\/uploads\/sites\/5\/2020\/10\/tanzen_teaser-150x150.jpg 150w, https:\/\/djk-dom-minden.de\/tanzen\/kids\/wp-content\/uploads\/sites\/5\/2020\/10\/tanzen_teaser-768x250.jpg 768w, https:\/\/djk-dom-minden.de\/tanzen\/kids\/wp-content\/uploads\/sites\/5\/2020\/10\/tanzen_teaser-1536x499.jpg 1536w, https:\/\/djk-dom-minden.de\/tanzen\/kids\/wp-content\/uploads\/sites\/5\/2020\/10\/tanzen_teaser-1200x390.jpg 1200w, https:\/\/djk-dom-minden.de\/tanzen\/kids\/wp-content\/uploads\/sites\/5\/2020\/10\/tanzen_teaser-1100x358.jpg 1100w, https:\/\/djk-dom-minden.de\/tanzen\/kids\/wp-content\/uploads\/sites\/5\/2020\/10\/tanzen_teaser-1000x325.jpg 1000w, https:\/\/djk-dom-minden.de\/tanzen\/kids\/wp-content\/uploads\/sites\/5\/2020\/10\/tanzen_teaser-900x293.jpg 900w, https:\/\/djk-dom-minden.de\/tanzen\/kids\/wp-content\/uploads\/sites\/5\/2020\/10\/tanzen_teaser-800x260.jpg 800w, https:\/\/djk-dom-minden.de\/tanzen\/kids\/wp-content\/uploads\/sites\/5\/2020\/10\/tanzen_teaser-700x228.jpg 700w, https:\/\/djk-dom-minden.de\/tanzen\/kids\/wp-content\/uploads\/sites\/5\/2020\/10\/tanzen_teaser-600x195.jpg 600w, https:\/\/djk-dom-minden.de\/tanzen\/kids\/wp-content\/uploads\/sites\/5\/2020\/10\/tanzen_teaser-500x163.jpg 500w, https:\/\/djk-dom-minden.de\/tanzen\/kids\/wp-content\/uploads\/sites\/5\/2020\/10\/tanzen_teaser-400x130.jpg 400w, https:\/\/djk-dom-minden.de\/tanzen\/kids\/wp-content\/uploads\/sites\/5\/2020\/10\/tanzen_teaser-300x98.jpg 300w, https:\/\/djk-dom-minden.de\/tanzen\/kids\/wp-content\/uploads\/sites\/5\/2020\/10\/tanzen_teaser-200x65.jpg 200w, https:\/\/djk-dom-minden.de\/tanzen\/kids\/wp-content\/uploads\/sites\/5\/2020\/10\/tanzen_teaser-100x33.jpg 100w\" data-sizes=\"auto\"\/><a href=\"https:\/\/djk-dom-minden.de\/tanzen\/kids\/news\/tanzen-fuer-grundschueler\" target=\"_self\"><figcaption><span class=\"title\"><p class=\"tag\">Tanzen f\u00fcr Grundsch\u00fcler<\/p><\/span><span class=\"teaser_highlight\"><span class=\"teaser\"><p>Tanzen<\/p><p>f\u00fcr Grundsch\u00fcler<\/p><\/span><\/span><\/figcaption><\/a><\/figure><figure class=\"effect-jazz\"><img data-src=\"https:\/\/djk-dom-minden.de\/tanzen\/orientalischer-tanz\/wp-content\/uploads\/sites\/2\/2020\/10\/orientalischer-tanz_teaser-100x33.jpg\" class=\"lazyload\" data-srcset=\"https:\/\/djk-dom-minden.de\/tanzen\/orientalischer-tanz\/wp-content\/uploads\/sites\/2\/2020\/10\/orientalischer-tanz_teaser-300x98.jpg 300w, https:\/\/djk-dom-minden.de\/tanzen\/orientalischer-tanz\/wp-content\/uploads\/sites\/2\/2020\/10\/orientalischer-tanz_teaser-1024x333.jpg 1024w, https:\/\/djk-dom-minden.de\/tanzen\/orientalischer-tanz\/wp-content\/uploads\/sites\/2\/2020\/10\/orientalischer-tanz_teaser-150x150.jpg 150w, https:\/\/djk-dom-minden.de\/tanzen\/orientalischer-tanz\/wp-content\/uploads\/sites\/2\/2020\/10\/orientalischer-tanz_teaser-768x250.jpg 768w, https:\/\/djk-dom-minden.de\/tanzen\/orientalischer-tanz\/wp-content\/uploads\/sites\/2\/2020\/10\/orientalischer-tanz_teaser-1536x499.jpg 1536w, https:\/\/djk-dom-minden.de\/tanzen\/orientalischer-tanz\/wp-content\/uploads\/sites\/2\/2020\/10\/orientalischer-tanz_teaser-1200x390.jpg 1200w, https:\/\/djk-dom-minden.de\/tanzen\/orientalischer-tanz\/wp-content\/uploads\/sites\/2\/2020\/10\/orientalischer-tanz_teaser-1100x358.jpg 1100w, https:\/\/djk-dom-minden.de\/tanzen\/orientalischer-tanz\/wp-content\/uploads\/sites\/2\/2020\/10\/orientalischer-tanz_teaser-1000x325.jpg 1000w, https:\/\/djk-dom-minden.de\/tanzen\/orientalischer-tanz\/wp-content\/uploads\/sites\/2\/2020\/10\/orientalischer-tanz_teaser-900x293.jpg 900w, https:\/\/djk-dom-minden.de\/tanzen\/orientalischer-tanz\/wp-content\/uploads\/sites\/2\/2020\/10\/orientalischer-tanz_teaser-800x260.jpg 800w, https:\/\/djk-dom-minden.de\/tanzen\/orientalischer-tanz\/wp-content\/uploads\/sites\/2\/2020\/10\/orientalischer-tanz_teaser-700x228.jpg 700w, https:\/\/djk-dom-minden.de\/tanzen\/orientalischer-tanz\/wp-content\/uploads\/sites\/2\/2020\/10\/orientalischer-tanz_teaser-600x195.jpg 600w, https:\/\/djk-dom-minden.de\/tanzen\/orientalischer-tanz\/wp-content\/uploads\/sites\/2\/2020\/10\/orientalischer-tanz_teaser-500x163.jpg 500w, https:\/\/djk-dom-minden.de\/tanzen\/orientalischer-tanz\/wp-content\/uploads\/sites\/2\/2020\/10\/orientalischer-tanz_teaser-400x130.jpg 400w, https:\/\/djk-dom-minden.de\/tanzen\/orientalischer-tanz\/wp-content\/uploads\/sites\/2\/2020\/10\/orientalischer-tanz_teaser-300x98.jpg 300w, https:\/\/djk-dom-minden.de\/tanzen\/orientalischer-tanz\/wp-content\/uploads\/sites\/2\/2020\/10\/orientalischer-tanz_teaser-200x65.jpg 200w, https:\/\/djk-dom-minden.de\/tanzen\/orientalischer-tanz\/wp-content\/uploads\/sites\/2\/2020\/10\/orientalischer-tanz_teaser-100x33.jpg 100w\" data-sizes=\"auto\"\/><a href=\"https:\/\/djk-dom-minden.de\/tanzen\/orientalischer-tanz\/news\/der-orient-tanzt-auf-unserem-sommerfest-2019\" target=\"_self\"><figcaption><span class=\"title\"><p class=\"tag\">Der Orient tanzt auf unserem Sommerfest 2019<\/p><\/span><span class=\"teaser_highlight\"><span class=\"teaser\"><p>Orientalischer Tanz<\/p><p>ganzheitlichen K\u00f6rpertraining und Rhythmusgef\u00fchl<\/p><\/span><\/span><\/figcaption><\/a><\/figure><\/div><\/div>\t\t<\/div>\n\t\t\t\t<\/div>\n\t\t\t\t\t<\/div>\n\t\t<\/div>\n\t\t\t\t\t<\/div>\n\t\t<\/section>\n\t\t\t\t<section class=\"elementor-section elementor-top-section elementor-element elementor-element-965044e elementor-section-full_width elementor-section-height-default elementor-section-height-default\" data-id=\"965044e\" data-element_type=\"section\">\n\t\t\t\t\t\t<div class=\"elementor-container elementor-column-gap-no\">\n\t\t\t\t\t<div class=\"elementor-column elementor-col-33 elementor-top-column elementor-element elementor-element-f59e2fe\" data-id=\"f59e2fe\" data-element_type=\"column\" data-settings=\"{&quot;background_background&quot;:&quot;gradient&quot;}\">\n\t\t\t<div class=\"elementor-widget-wrap elementor-element-populated\">\n\t\t\t\t\t<div class=\"elementor-background-overlay\"><\/div>\n\t\t\t\t\t\t<div class=\"elementor-element elementor-element-cb39ed2 elementor-widget elementor-widget-template\" data-id=\"cb39ed2\" data-element_type=\"widget\" data-widget_type=\"template.default\">\n\t\t\t\t<div class=\"elementor-widget-container\">\n\t\t\t\t\t<div class=\"elementor-template\">\n\t\t\t\t\t<div data-elementor-type=\"section\" data-elementor-id=\"100\" class=\"elementor elementor-100\" data-elementor-post-type=\"elementor_library\">\n\t\t\t\t\t<section class=\"elementor-section elementor-inner-section elementor-element elementor-element-52844727 elementor-section-full_width elementor-section-content-middle elementor-section-height-default elementor-section-height-default\" data-id=\"52844727\" data-element_type=\"section\">\n\t\t\t\t\t\t<div class=\"elementor-container elementor-column-gap-no\">\n\t\t\t\t\t<div class=\"elementor-column elementor-col-50 elementor-inner-column elementor-element elementor-element-4b538d2f\" data-id=\"4b538d2f\" data-element_type=\"column\">\n\t\t\t<div class=\"elementor-widget-wrap elementor-element-populated\">\n\t\t\t\t\t\t<div class=\"elementor-element elementor-element-56de1381 elementor-widget elementor-widget-heading\" data-id=\"56de1381\" data-element_type=\"widget\" data-widget_type=\"heading.default\">\n\t\t\t\t<div class=\"elementor-widget-container\">\n\t\t\t<h2 class=\"elementor-heading-title elementor-size-default\">Blickpunkt<\/h2>\t\t<\/div>\n\t\t\t\t<\/div>\n\t\t\t\t<div class=\"elementor-element elementor-element-33ed5e79 elementor-widget elementor-widget-global-magazine-download\" data-id=\"33ed5e79\" data-element_type=\"widget\" data-widget_type=\"global-magazine-download.default\">\n\t\t\t\t<div class=\"elementor-widget-container\">\n\t\t\t<div class=\"magazine-download-button\"><a href=\"https:\/\/djk-dom-minden.de\/wp-content\/uploads\/2025\/01\/blickpunkt-dez-jan-2024-web.pdf\" target=\"_blank\">Jetzt downloaden<\/a><\/div>\t\t<\/div>\n\t\t\t\t<\/div>\n\t\t\t\t\t<\/div>\n\t\t<\/div>\n\t\t\t\t<div class=\"elementor-column elementor-col-50 elementor-inner-column elementor-element elementor-element-572a8895\" data-id=\"572a8895\" data-element_type=\"column\">\n\t\t\t<div class=\"elementor-widget-wrap elementor-element-populated\">\n\t\t\t\t\t\t<div class=\"elementor-element elementor-element-5c8b681e elementor-widget elementor-widget-djk_logo\" data-id=\"5c8b681e\" data-element_type=\"widget\" data-widget_type=\"djk_logo.default\">\n\t\t\t\t<div class=\"elementor-widget-container\">\n\t\t\t<div class=\"logo\"><img decoding=\"async\" src=\"https:\/\/djk-dom-minden.de\/tanzen\/wp-content\/uploads\/2021\/12\/40_jahre_djk_logo.svg\" alt=\"\" title=\"40_jahre_djk_logo\"><\/div>\t\t<\/div>\n\t\t\t\t<\/div>\n\t\t\t\t\t<\/div>\n\t\t<\/div>\n\t\t\t\t\t<\/div>\n\t\t<\/section>\n\t\t\t\t<\/div>\n\t\t\t\t<\/div>\n\t\t\t\t<\/div>\n\t\t\t\t<\/div>\n\t\t\t\t\t<\/div>\n\t\t<\/div>\n\t\t\t\t<div class=\"elementor-column elementor-col-33 elementor-top-column elementor-element elementor-element-0ae1937\" data-id=\"0ae1937\" data-element_type=\"column\" data-settings=\"{&quot;background_background&quot;:&quot;classic&quot;}\">\n\t\t\t<div class=\"elementor-widget-wrap elementor-element-populated\">\n\t\t\t\t\t\t<div class=\"elementor-element elementor-element-ce3c9ba elementor-widget elementor-widget-template\" data-id=\"ce3c9ba\" data-element_type=\"widget\" data-widget_type=\"template.default\">\n\t\t\t\t<div class=\"elementor-widget-container\">\n\t\t\t\t\t<div class=\"elementor-template\">\n\t\t\t\t\t<div data-elementor-type=\"section\" data-elementor-id=\"103\" class=\"elementor elementor-103\" data-elementor-post-type=\"elementor_library\">\n\t\t\t\t\t<section class=\"elementor-section elementor-inner-section elementor-element elementor-element-5e1be526 elementor-section-full_width elementor-section-content-middle elementor-section-height-default elementor-section-height-default\" data-id=\"5e1be526\" data-element_type=\"section\">\n\t\t\t\t\t\t<div class=\"elementor-container elementor-column-gap-no\">\n\t\t\t\t\t<div class=\"elementor-column elementor-col-50 elementor-inner-column elementor-element elementor-element-5e5118fd\" data-id=\"5e5118fd\" data-element_type=\"column\" data-settings=\"{&quot;background_background&quot;:&quot;classic&quot;}\">\n\t\t\t<div class=\"elementor-widget-wrap elementor-element-populated\">\n\t\t\t\t\t\t<div class=\"elementor-element elementor-element-76d04e20 elementor-widget elementor-widget-heading\" data-id=\"76d04e20\" data-element_type=\"widget\" data-widget_type=\"heading.default\">\n\t\t\t\t<div class=\"elementor-widget-container\">\n\t\t\t<h2 class=\"elementor-heading-title elementor-size-default\">Zeltlager<\/h2>\t\t<\/div>\n\t\t\t\t<\/div>\n\t\t\t\t<div class=\"elementor-element elementor-element-6e7b956b elementor-align-left elementor-tablet-align-center elementor-widget elementor-widget-button\" data-id=\"6e7b956b\" data-element_type=\"widget\" data-widget_type=\"button.default\">\n\t\t\t\t<div class=\"elementor-widget-container\">\n\t\t\t\t\t\t\t<div class=\"elementor-button-wrapper\">\n\t\t\t\t\t<a class=\"elementor-button elementor-button-link elementor-size-sm\" href=\"https:\/\/djk-dom-minden.de\/zeltlager\/veranstaltungen\/\" target=\"_blank\">\n\t\t\t\t\t\t<span class=\"elementor-button-content-wrapper\">\n\t\t\t\t\t\t\t\t\t<span class=\"elementor-button-text\">Jetzt anmelden<\/span>\n\t\t\t\t\t<\/span>\n\t\t\t\t\t<\/a>\n\t\t\t\t<\/div>\n\t\t\t\t\t\t<\/div>\n\t\t\t\t<\/div>\n\t\t\t\t\t<\/div>\n\t\t<\/div>\n\t\t\t\t<div class=\"elementor-column elementor-col-50 elementor-inner-column elementor-element elementor-element-d9b7a35\" data-id=\"d9b7a35\" data-element_type=\"column\">\n\t\t\t<div class=\"elementor-widget-wrap\">\n\t\t\t\t\t\t\t<\/div>\n\t\t<\/div>\n\t\t\t\t\t<\/div>\n\t\t<\/section>\n\t\t\t\t<\/div>\n\t\t\t\t<\/div>\n\t\t\t\t<\/div>\n\t\t\t\t<\/div>\n\t\t\t\t\t<\/div>\n\t\t<\/div>\n\t\t\t\t<div class=\"elementor-column elementor-col-33 elementor-top-column elementor-element elementor-element-7b53a2d\" data-id=\"7b53a2d\" data-element_type=\"column\" data-settings=\"{&quot;background_background&quot;:&quot;classic&quot;}\">\n\t\t\t<div class=\"elementor-widget-wrap elementor-element-populated\">\n\t\t\t\t\t\t<div class=\"elementor-element elementor-element-e439040 elementor-widget elementor-widget-template\" data-id=\"e439040\" data-element_type=\"widget\" data-widget_type=\"template.default\">\n\t\t\t\t<div class=\"elementor-widget-container\">\n\t\t\t\t\t<div class=\"elementor-template\">\n\t\t\t\t\t<div data-elementor-type=\"section\" data-elementor-id=\"106\" class=\"elementor elementor-106\" data-elementor-post-type=\"elementor_library\">\n\t\t\t\t\t<section class=\"elementor-section elementor-inner-section elementor-element elementor-element-526f8729 elementor-section-full_width elementor-section-content-middle elementor-section-height-default elementor-section-height-default\" data-id=\"526f8729\" data-element_type=\"section\" data-settings=\"{&quot;background_background&quot;:&quot;classic&quot;}\">\n\t\t\t\t\t\t<div class=\"elementor-container elementor-column-gap-no\">\n\t\t\t\t\t<div class=\"elementor-column elementor-col-50 elementor-inner-column elementor-element elementor-element-61ae915a\" data-id=\"61ae915a\" data-element_type=\"column\">\n\t\t\t<div class=\"elementor-widget-wrap elementor-element-populated\">\n\t\t\t\t\t\t<div class=\"elementor-element elementor-element-e7026f7 elementor-widget elementor-widget-global-members\" data-id=\"e7026f7\" data-element_type=\"widget\" data-widget_type=\"global-members.default\">\n\t\t\t\t<div class=\"elementor-widget-container\">\n\t\t\t<div class=\"members-container\"><div class=\"members_headline\"><h2>1939<\/h2><\/div><\/div>\t\t<\/div>\n\t\t\t\t<\/div>\n\t\t\t\t<div class=\"elementor-element elementor-element-613bcc61 elementor-widget elementor-widget-heading\" data-id=\"613bcc61\" data-element_type=\"widget\" data-widget_type=\"heading.default\">\n\t\t\t\t<div class=\"elementor-widget-container\">\n\t\t\t<h2 class=\"elementor-heading-title elementor-size-default\">Mitglieder<\/h2>\t\t<\/div>\n\t\t\t\t<\/div>\n\t\t\t\t\t<\/div>\n\t\t<\/div>\n\t\t\t\t<div class=\"elementor-column elementor-col-50 elementor-inner-column elementor-element elementor-element-46c5a3de\" data-id=\"46c5a3de\" data-element_type=\"column\" data-settings=\"{&quot;background_background&quot;:&quot;classic&quot;}\">\n\t\t\t<div class=\"elementor-widget-wrap elementor-element-populated\">\n\t\t\t\t\t\t<div class=\"elementor-element elementor-element-61db7a95 elementor-align-left elementor-tablet-align-center elementor-mobile-align-center elementor-widget elementor-widget-button\" data-id=\"61db7a95\" data-element_type=\"widget\" data-widget_type=\"button.default\">\n\t\t\t\t<div class=\"elementor-widget-container\">\n\t\t\t\t\t\t\t<div class=\"elementor-button-wrapper\">\n\t\t\t\t\t<a class=\"elementor-button elementor-button-link elementor-size-sm\" href=\"https:\/\/djk-dom-minden.de\/aufnahmeantrag\/\">\n\t\t\t\t\t\t<span class=\"elementor-button-content-wrapper\">\n\t\t\t\t\t\t\t\t\t<span class=\"elementor-button-text\">Jetzt Mitglied werden<\/span>\n\t\t\t\t\t<\/span>\n\t\t\t\t\t<\/a>\n\t\t\t\t<\/div>\n\t\t\t\t\t\t<\/div>\n\t\t\t\t<\/div>\n\t\t\t\t\t<\/div>\n\t\t<\/div>\n\t\t\t\t\t<\/div>\n\t\t<\/section>\n\t\t\t\t<\/div>\n\t\t\t\t<\/div>\n\t\t\t\t<\/div>\n\t\t\t\t<\/div>\n\t\t\t\t\t<\/div>\n\t\t<\/div>\n\t\t\t\t\t<\/div>\n\t\t<\/section>\n\t\t\t\t<section class=\"elementor-section elementor-top-section elementor-element elementor-element-de9a386 elementor-section-full_width elementor-section-height-default elementor-section-height-default\" data-id=\"de9a386\" data-element_type=\"section\">\n\t\t\t\t\t\t<div class=\"elementor-container elementor-column-gap-no\">\n\t\t\t\t\t<div class=\"elementor-column elementor-col-100 elementor-top-column elementor-element elementor-element-115bcaa\" data-id=\"115bcaa\" data-element_type=\"column\">\n\t\t\t<div class=\"elementor-widget-wrap elementor-element-populated\">\n\t\t\t\t\t\t<div class=\"elementor-element elementor-element-e9690b1 elementor-widget elementor-widget-heading\" data-id=\"e9690b1\" data-element_type=\"widget\" data-widget_type=\"heading.default\">\n\t\t\t\t<div class=\"elementor-widget-container\">\n\t\t\t<h1 class=\"elementor-heading-title elementor-size-default\">Aktuelle News<\/h1>\t\t<\/div>\n\t\t\t\t<\/div>\n\t\t\t\t<div class=\"elementor-element elementor-element-3c5724a elementor-widget elementor-widget-global-news-overview\" data-id=\"3c5724a\" data-element_type=\"widget\" data-widget_type=\"global-news-overview.default\">\n\t\t\t\t<div class=\"elementor-widget-container\">\n\t\t\t<div class=\"grid\"><figure class=\"effect-jazz\"><img data-src=\"https:\/\/djk-dom-minden.de\/tanzen\/kids\/wp-content\/uploads\/sites\/5\/2020\/10\/tanzen_teaser-100x33.jpg\" class=\"lazyload\" data-srcset=\"https:\/\/djk-dom-minden.de\/tanzen\/kids\/wp-content\/uploads\/sites\/5\/2020\/10\/tanzen_teaser-300x98.jpg 300w, https:\/\/djk-dom-minden.de\/tanzen\/kids\/wp-content\/uploads\/sites\/5\/2020\/10\/tanzen_teaser-1024x333.jpg 1024w, https:\/\/djk-dom-minden.de\/tanzen\/kids\/wp-content\/uploads\/sites\/5\/2020\/10\/tanzen_teaser-150x150.jpg 150w, https:\/\/djk-dom-minden.de\/tanzen\/kids\/wp-content\/uploads\/sites\/5\/2020\/10\/tanzen_teaser-768x250.jpg 768w, https:\/\/djk-dom-minden.de\/tanzen\/kids\/wp-content\/uploads\/sites\/5\/2020\/10\/tanzen_teaser-1536x499.jpg 1536w, https:\/\/djk-dom-minden.de\/tanzen\/kids\/wp-content\/uploads\/sites\/5\/2020\/10\/tanzen_teaser-1200x390.jpg 1200w, https:\/\/djk-dom-minden.de\/tanzen\/kids\/wp-content\/uploads\/sites\/5\/2020\/10\/tanzen_teaser-1100x358.jpg 1100w, https:\/\/djk-dom-minden.de\/tanzen\/kids\/wp-content\/uploads\/sites\/5\/2020\/10\/tanzen_teaser-1000x325.jpg 1000w, https:\/\/djk-dom-minden.de\/tanzen\/kids\/wp-content\/uploads\/sites\/5\/2020\/10\/tanzen_teaser-900x293.jpg 900w, https:\/\/djk-dom-minden.de\/tanzen\/kids\/wp-content\/uploads\/sites\/5\/2020\/10\/tanzen_teaser-800x260.jpg 800w, https:\/\/djk-dom-minden.de\/tanzen\/kids\/wp-content\/uploads\/sites\/5\/2020\/10\/tanzen_teaser-700x228.jpg 700w, https:\/\/djk-dom-minden.de\/tanzen\/kids\/wp-content\/uploads\/sites\/5\/2020\/10\/tanzen_teaser-600x195.jpg 600w, https:\/\/djk-dom-minden.de\/tanzen\/kids\/wp-content\/uploads\/sites\/5\/2020\/10\/tanzen_teaser-500x163.jpg 500w, https:\/\/djk-dom-minden.de\/tanzen\/kids\/wp-content\/uploads\/sites\/5\/2020\/10\/tanzen_teaser-400x130.jpg 400w, https:\/\/djk-dom-minden.de\/tanzen\/kids\/wp-content\/uploads\/sites\/5\/2020\/10\/tanzen_teaser-300x98.jpg 300w, https:\/\/djk-dom-minden.de\/tanzen\/kids\/wp-content\/uploads\/sites\/5\/2020\/10\/tanzen_teaser-200x65.jpg 200w, https:\/\/djk-dom-minden.de\/tanzen\/kids\/wp-content\/uploads\/sites\/5\/2020\/10\/tanzen_teaser-100x33.jpg 100w\" data-sizes=\"auto\"\/><a href=\"https:\/\/djk-dom-minden.de\/tanzen\/kids\/news\/tanzen-fuer-grundschueler\" target=\"_self\"><figcaption><div class=\"fig-item\"><span class=\"title\"><h3>Tanzen f\u00fcr Grundsch\u00fcler<\/h3><\/span><span class=\"date\"><h5>18.09.2014<\/h5><\/span><\/div><\/figcaption><\/a><\/figure><figure class=\"effect-jazz\"><img data-src=\"https:\/\/djk-dom-minden.de\/tanzen\/enjoy-your-moves\/wp-content\/uploads\/sites\/3\/2020\/11\/enjoy-your-moves_teaser-100x33.jpg\" class=\"lazyload\" data-srcset=\"https:\/\/djk-dom-minden.de\/tanzen\/enjoy-your-moves\/wp-content\/uploads\/sites\/3\/2020\/11\/enjoy-your-moves_teaser-300x98.jpg 300w, https:\/\/djk-dom-minden.de\/tanzen\/enjoy-your-moves\/wp-content\/uploads\/sites\/3\/2020\/11\/enjoy-your-moves_teaser-1024x333.jpg 1024w, https:\/\/djk-dom-minden.de\/tanzen\/enjoy-your-moves\/wp-content\/uploads\/sites\/3\/2020\/11\/enjoy-your-moves_teaser-150x150.jpg 150w, https:\/\/djk-dom-minden.de\/tanzen\/enjoy-your-moves\/wp-content\/uploads\/sites\/3\/2020\/11\/enjoy-your-moves_teaser-768x250.jpg 768w, https:\/\/djk-dom-minden.de\/tanzen\/enjoy-your-moves\/wp-content\/uploads\/sites\/3\/2020\/11\/enjoy-your-moves_teaser-1536x499.jpg 1536w, https:\/\/djk-dom-minden.de\/tanzen\/enjoy-your-moves\/wp-content\/uploads\/sites\/3\/2020\/11\/enjoy-your-moves_teaser-1200x390.jpg 1200w, https:\/\/djk-dom-minden.de\/tanzen\/enjoy-your-moves\/wp-content\/uploads\/sites\/3\/2020\/11\/enjoy-your-moves_teaser-1100x358.jpg 1100w, https:\/\/djk-dom-minden.de\/tanzen\/enjoy-your-moves\/wp-content\/uploads\/sites\/3\/2020\/11\/enjoy-your-moves_teaser-1000x325.jpg 1000w, https:\/\/djk-dom-minden.de\/tanzen\/enjoy-your-moves\/wp-content\/uploads\/sites\/3\/2020\/11\/enjoy-your-moves_teaser-900x293.jpg 900w, https:\/\/djk-dom-minden.de\/tanzen\/enjoy-your-moves\/wp-content\/uploads\/sites\/3\/2020\/11\/enjoy-your-moves_teaser-800x260.jpg 800w, https:\/\/djk-dom-minden.de\/tanzen\/enjoy-your-moves\/wp-content\/uploads\/sites\/3\/2020\/11\/enjoy-your-moves_teaser-700x228.jpg 700w, https:\/\/djk-dom-minden.de\/tanzen\/enjoy-your-moves\/wp-content\/uploads\/sites\/3\/2020\/11\/enjoy-your-moves_teaser-600x195.jpg 600w, https:\/\/djk-dom-minden.de\/tanzen\/enjoy-your-moves\/wp-content\/uploads\/sites\/3\/2020\/11\/enjoy-your-moves_teaser-500x163.jpg 500w, https:\/\/djk-dom-minden.de\/tanzen\/enjoy-your-moves\/wp-content\/uploads\/sites\/3\/2020\/11\/enjoy-your-moves_teaser-400x130.jpg 400w, https:\/\/djk-dom-minden.de\/tanzen\/enjoy-your-moves\/wp-content\/uploads\/sites\/3\/2020\/11\/enjoy-your-moves_teaser-300x98.jpg 300w, https:\/\/djk-dom-minden.de\/tanzen\/enjoy-your-moves\/wp-content\/uploads\/sites\/3\/2020\/11\/enjoy-your-moves_teaser-200x65.jpg 200w, https:\/\/djk-dom-minden.de\/tanzen\/enjoy-your-moves\/wp-content\/uploads\/sites\/3\/2020\/11\/enjoy-your-moves_teaser-100x33.jpg 100w\" data-sizes=\"auto\"\/><a href=\"https:\/\/djk-dom-minden.de\/tanzen\/enjoy-your-moves\/news\/enjoy-your-moves-startet-neu\" target=\"_self\"><figcaption><div class=\"fig-item\"><span class=\"title\"><h3>Enjoy your moves - startet NEU<\/h3><\/span><span class=\"date\"><h5>22.12.2022<\/h5><\/span><\/div><\/figcaption><\/a><\/figure><figure class=\"effect-jazz\"><img data-src=\"https:\/\/djk-dom-minden.de\/tanzen\/minis\/wp-content\/uploads\/sites\/4\/2020\/10\/kids-tanzen_teaser-100x33.jpg\" class=\"lazyload\" data-srcset=\"https:\/\/djk-dom-minden.de\/tanzen\/minis\/wp-content\/uploads\/sites\/4\/2020\/10\/kids-tanzen_teaser-300x98.jpg 300w, https:\/\/djk-dom-minden.de\/tanzen\/minis\/wp-content\/uploads\/sites\/4\/2020\/10\/kids-tanzen_teaser-1024x333.jpg 1024w, https:\/\/djk-dom-minden.de\/tanzen\/minis\/wp-content\/uploads\/sites\/4\/2020\/10\/kids-tanzen_teaser-150x150.jpg 150w, https:\/\/djk-dom-minden.de\/tanzen\/minis\/wp-content\/uploads\/sites\/4\/2020\/10\/kids-tanzen_teaser-768x250.jpg 768w, https:\/\/djk-dom-minden.de\/tanzen\/minis\/wp-content\/uploads\/sites\/4\/2020\/10\/kids-tanzen_teaser-1536x499.jpg 1536w, https:\/\/djk-dom-minden.de\/tanzen\/minis\/wp-content\/uploads\/sites\/4\/2020\/10\/kids-tanzen_teaser-1200x390.jpg 1200w, https:\/\/djk-dom-minden.de\/tanzen\/minis\/wp-content\/uploads\/sites\/4\/2020\/10\/kids-tanzen_teaser-1100x358.jpg 1100w, https:\/\/djk-dom-minden.de\/tanzen\/minis\/wp-content\/uploads\/sites\/4\/2020\/10\/kids-tanzen_teaser-1000x325.jpg 1000w, https:\/\/djk-dom-minden.de\/tanzen\/minis\/wp-content\/uploads\/sites\/4\/2020\/10\/kids-tanzen_teaser-900x293.jpg 900w, https:\/\/djk-dom-minden.de\/tanzen\/minis\/wp-content\/uploads\/sites\/4\/2020\/10\/kids-tanzen_teaser-800x260.jpg 800w, https:\/\/djk-dom-minden.de\/tanzen\/minis\/wp-content\/uploads\/sites\/4\/2020\/10\/kids-tanzen_teaser-700x228.jpg 700w, https:\/\/djk-dom-minden.de\/tanzen\/minis\/wp-content\/uploads\/sites\/4\/2020\/10\/kids-tanzen_teaser-600x195.jpg 600w, https:\/\/djk-dom-minden.de\/tanzen\/minis\/wp-content\/uploads\/sites\/4\/2020\/10\/kids-tanzen_teaser-500x163.jpg 500w, https:\/\/djk-dom-minden.de\/tanzen\/minis\/wp-content\/uploads\/sites\/4\/2020\/10\/kids-tanzen_teaser-400x130.jpg 400w, https:\/\/djk-dom-minden.de\/tanzen\/minis\/wp-content\/uploads\/sites\/4\/2020\/10\/kids-tanzen_teaser-300x98.jpg 300w, https:\/\/djk-dom-minden.de\/tanzen\/minis\/wp-content\/uploads\/sites\/4\/2020\/10\/kids-tanzen_teaser-200x65.jpg 200w, https:\/\/djk-dom-minden.de\/tanzen\/minis\/wp-content\/uploads\/sites\/4\/2020\/10\/kids-tanzen_teaser-100x33.jpg 100w\" data-sizes=\"auto\"\/><a href=\"https:\/\/djk-dom-minden.de\/tanzen\/minis\/news\/kindertanz-gruppe-minis\" target=\"_self\"><figcaption><div class=\"fig-item\"><span class=\"title\"><h3>Kindertanz-Gruppe \"Minis\"<\/h3><\/span><span class=\"date\"><h5>04.07.2018<\/h5><\/span><\/div><\/figcaption><\/a><\/figure><figure class=\"effect-jazz\"><img data-src=\"https:\/\/djk-dom-minden.de\/tanzen\/hiphop\/wp-content\/uploads\/sites\/6\/2017\/11\/hiphop_teaser-100x33.jpg\" class=\"lazyload\" data-srcset=\"https:\/\/djk-dom-minden.de\/tanzen\/hiphop\/wp-content\/uploads\/sites\/6\/2017\/11\/hiphop_teaser-300x98.jpg 300w, https:\/\/djk-dom-minden.de\/tanzen\/hiphop\/wp-content\/uploads\/sites\/6\/2017\/11\/hiphop_teaser-1024x333.jpg 1024w, https:\/\/djk-dom-minden.de\/tanzen\/hiphop\/wp-content\/uploads\/sites\/6\/2017\/11\/hiphop_teaser-150x150.jpg 150w, https:\/\/djk-dom-minden.de\/tanzen\/hiphop\/wp-content\/uploads\/sites\/6\/2017\/11\/hiphop_teaser-768x250.jpg 768w, https:\/\/djk-dom-minden.de\/tanzen\/hiphop\/wp-content\/uploads\/sites\/6\/2017\/11\/hiphop_teaser-1536x499.jpg 1536w, https:\/\/djk-dom-minden.de\/tanzen\/hiphop\/wp-content\/uploads\/sites\/6\/2017\/11\/hiphop_teaser-1200x390.jpg 1200w, https:\/\/djk-dom-minden.de\/tanzen\/hiphop\/wp-content\/uploads\/sites\/6\/2017\/11\/hiphop_teaser-1100x358.jpg 1100w, https:\/\/djk-dom-minden.de\/tanzen\/hiphop\/wp-content\/uploads\/sites\/6\/2017\/11\/hiphop_teaser-1000x325.jpg 1000w, https:\/\/djk-dom-minden.de\/tanzen\/hiphop\/wp-content\/uploads\/sites\/6\/2017\/11\/hiphop_teaser-900x293.jpg 900w, https:\/\/djk-dom-minden.de\/tanzen\/hiphop\/wp-content\/uploads\/sites\/6\/2017\/11\/hiphop_teaser-800x260.jpg 800w, https:\/\/djk-dom-minden.de\/tanzen\/hiphop\/wp-content\/uploads\/sites\/6\/2017\/11\/hiphop_teaser-700x228.jpg 700w, https:\/\/djk-dom-minden.de\/tanzen\/hiphop\/wp-content\/uploads\/sites\/6\/2017\/11\/hiphop_teaser-600x195.jpg 600w, https:\/\/djk-dom-minden.de\/tanzen\/hiphop\/wp-content\/uploads\/sites\/6\/2017\/11\/hiphop_teaser-500x163.jpg 500w, https:\/\/djk-dom-minden.de\/tanzen\/hiphop\/wp-content\/uploads\/sites\/6\/2017\/11\/hiphop_teaser-400x130.jpg 400w, https:\/\/djk-dom-minden.de\/tanzen\/hiphop\/wp-content\/uploads\/sites\/6\/2017\/11\/hiphop_teaser-300x98.jpg 300w, https:\/\/djk-dom-minden.de\/tanzen\/hiphop\/wp-content\/uploads\/sites\/6\/2017\/11\/hiphop_teaser-200x65.jpg 200w, https:\/\/djk-dom-minden.de\/tanzen\/hiphop\/wp-content\/uploads\/sites\/6\/2017\/11\/hiphop_teaser-100x33.jpg 100w\" data-sizes=\"auto\"\/><a href=\"https:\/\/djk-dom-minden.de\/tanzen\/hiphop\/news\/neue-hiphop-gruppe-bei-der-djk-informationen\" target=\"_self\"><figcaption><div class=\"fig-item\"><span class=\"title\"><h3>Neue HipHop-Gruppe bei der DJK Informationen...<\/h3><\/span><span class=\"date\"><h5>26.11.2017<\/h5><\/span><\/div><\/figcaption><\/a><\/figure><figure class=\"effect-jazz\"><img data-src=\"https:\/\/djk-dom-minden.de\/tanzen\/enjoy-your-moves\/wp-content\/uploads\/sites\/3\/2020\/11\/enjoy-your-moves_teaser-100x33.jpg\" class=\"lazyload\" data-srcset=\"https:\/\/djk-dom-minden.de\/tanzen\/enjoy-your-moves\/wp-content\/uploads\/sites\/3\/2020\/11\/enjoy-your-moves_teaser-300x98.jpg 300w, https:\/\/djk-dom-minden.de\/tanzen\/enjoy-your-moves\/wp-content\/uploads\/sites\/3\/2020\/11\/enjoy-your-moves_teaser-1024x333.jpg 1024w, https:\/\/djk-dom-minden.de\/tanzen\/enjoy-your-moves\/wp-content\/uploads\/sites\/3\/2020\/11\/enjoy-your-moves_teaser-150x150.jpg 150w, https:\/\/djk-dom-minden.de\/tanzen\/enjoy-your-moves\/wp-content\/uploads\/sites\/3\/2020\/11\/enjoy-your-moves_teaser-768x250.jpg 768w, https:\/\/djk-dom-minden.de\/tanzen\/enjoy-your-moves\/wp-content\/uploads\/sites\/3\/2020\/11\/enjoy-your-moves_teaser-1536x499.jpg 1536w, https:\/\/djk-dom-minden.de\/tanzen\/enjoy-your-moves\/wp-content\/uploads\/sites\/3\/2020\/11\/enjoy-your-moves_teaser-1200x390.jpg 1200w, https:\/\/djk-dom-minden.de\/tanzen\/enjoy-your-moves\/wp-content\/uploads\/sites\/3\/2020\/11\/enjoy-your-moves_teaser-1100x358.jpg 1100w, https:\/\/djk-dom-minden.de\/tanzen\/enjoy-your-moves\/wp-content\/uploads\/sites\/3\/2020\/11\/enjoy-your-moves_teaser-1000x325.jpg 1000w, https:\/\/djk-dom-minden.de\/tanzen\/enjoy-your-moves\/wp-content\/uploads\/sites\/3\/2020\/11\/enjoy-your-moves_teaser-900x293.jpg 900w, https:\/\/djk-dom-minden.de\/tanzen\/enjoy-your-moves\/wp-content\/uploads\/sites\/3\/2020\/11\/enjoy-your-moves_teaser-800x260.jpg 800w, https:\/\/djk-dom-minden.de\/tanzen\/enjoy-your-moves\/wp-content\/uploads\/sites\/3\/2020\/11\/enjoy-your-moves_teaser-700x228.jpg 700w, https:\/\/djk-dom-minden.de\/tanzen\/enjoy-your-moves\/wp-content\/uploads\/sites\/3\/2020\/11\/enjoy-your-moves_teaser-600x195.jpg 600w, https:\/\/djk-dom-minden.de\/tanzen\/enjoy-your-moves\/wp-content\/uploads\/sites\/3\/2020\/11\/enjoy-your-moves_teaser-500x163.jpg 500w, https:\/\/djk-dom-minden.de\/tanzen\/enjoy-your-moves\/wp-content\/uploads\/sites\/3\/2020\/11\/enjoy-your-moves_teaser-400x130.jpg 400w, https:\/\/djk-dom-minden.de\/tanzen\/enjoy-your-moves\/wp-content\/uploads\/sites\/3\/2020\/11\/enjoy-your-moves_teaser-300x98.jpg 300w, https:\/\/djk-dom-minden.de\/tanzen\/enjoy-your-moves\/wp-content\/uploads\/sites\/3\/2020\/11\/enjoy-your-moves_teaser-200x65.jpg 200w, https:\/\/djk-dom-minden.de\/tanzen\/enjoy-your-moves\/wp-content\/uploads\/sites\/3\/2020\/11\/enjoy-your-moves_teaser-100x33.jpg 100w\" data-sizes=\"auto\"\/><a href=\"https:\/\/djk-dom-minden.de\/tanzen\/enjoy-your-moves\/news\/enjoy-your-moves-tanzt-auf-unserem-sommerfest-2019\" target=\"_self\"><figcaption><div class=\"fig-item\"><span class=\"title\"><h3>Enjoy your Moves tanzt auf unserem...<\/h3><\/span><span class=\"date\"><h5>18.06.2019<\/h5><\/span><\/div><\/figcaption><\/a><\/figure><figure class=\"effect-jazz\"><img data-src=\"https:\/\/djk-dom-minden.de\/tanzen\/wp-content\/uploads\/2014\/10\/tanzen_teaser-1-100x33.jpg\" class=\"lazyload\" data-srcset=\"https:\/\/djk-dom-minden.de\/tanzen\/wp-content\/uploads\/2014\/10\/tanzen_teaser-1-300x98.jpg 300w, https:\/\/djk-dom-minden.de\/tanzen\/wp-content\/uploads\/2014\/10\/tanzen_teaser-1-1024x333.jpg 1024w, https:\/\/djk-dom-minden.de\/tanzen\/wp-content\/uploads\/2014\/10\/tanzen_teaser-1-150x150.jpg 150w, https:\/\/djk-dom-minden.de\/tanzen\/wp-content\/uploads\/2014\/10\/tanzen_teaser-1-768x250.jpg 768w, https:\/\/djk-dom-minden.de\/tanzen\/wp-content\/uploads\/2014\/10\/tanzen_teaser-1-1536x499.jpg 1536w, https:\/\/djk-dom-minden.de\/tanzen\/wp-content\/uploads\/2014\/10\/tanzen_teaser-1-1200x390.jpg 1200w, https:\/\/djk-dom-minden.de\/tanzen\/wp-content\/uploads\/2014\/10\/tanzen_teaser-1-1100x358.jpg 1100w, https:\/\/djk-dom-minden.de\/tanzen\/wp-content\/uploads\/2014\/10\/tanzen_teaser-1-1000x325.jpg 1000w, https:\/\/djk-dom-minden.de\/tanzen\/wp-content\/uploads\/2014\/10\/tanzen_teaser-1-900x293.jpg 900w, https:\/\/djk-dom-minden.de\/tanzen\/wp-content\/uploads\/2014\/10\/tanzen_teaser-1-800x260.jpg 800w, https:\/\/djk-dom-minden.de\/tanzen\/wp-content\/uploads\/2014\/10\/tanzen_teaser-1-700x228.jpg 700w, https:\/\/djk-dom-minden.de\/tanzen\/wp-content\/uploads\/2014\/10\/tanzen_teaser-1-600x195.jpg 600w, https:\/\/djk-dom-minden.de\/tanzen\/wp-content\/uploads\/2014\/10\/tanzen_teaser-1-500x163.jpg 500w, https:\/\/djk-dom-minden.de\/tanzen\/wp-content\/uploads\/2014\/10\/tanzen_teaser-1-400x130.jpg 400w, https:\/\/djk-dom-minden.de\/tanzen\/wp-content\/uploads\/2014\/10\/tanzen_teaser-1-300x98.jpg 300w, https:\/\/djk-dom-minden.de\/tanzen\/wp-content\/uploads\/2014\/10\/tanzen_teaser-1-200x65.jpg 200w, https:\/\/djk-dom-minden.de\/tanzen\/wp-content\/uploads\/2014\/10\/tanzen_teaser-1-100x33.jpg 100w\" data-sizes=\"auto\"\/><a href=\"https:\/\/djk-dom-minden.de\/tanzen\/news\/kindertanzen-informationen\" target=\"_self\"><figcaption><div class=\"fig-item\"><span class=\"title\"><h3>Kindertanzen Informationen<\/h3><\/span><span class=\"date\"><h5>12.10.2014<\/h5><\/span><\/div><\/figcaption><\/a><\/figure><figure class=\"effect-jazz\"><img data-src=\"https:\/\/djk-dom-minden.de\/tanzen\/orientalischer-tanz\/wp-content\/uploads\/sites\/2\/2020\/10\/orientalischer-tanz_teaser-100x33.jpg\" class=\"lazyload\" data-srcset=\"https:\/\/djk-dom-minden.de\/tanzen\/orientalischer-tanz\/wp-content\/uploads\/sites\/2\/2020\/10\/orientalischer-tanz_teaser-300x98.jpg 300w, https:\/\/djk-dom-minden.de\/tanzen\/orientalischer-tanz\/wp-content\/uploads\/sites\/2\/2020\/10\/orientalischer-tanz_teaser-1024x333.jpg 1024w, https:\/\/djk-dom-minden.de\/tanzen\/orientalischer-tanz\/wp-content\/uploads\/sites\/2\/2020\/10\/orientalischer-tanz_teaser-150x150.jpg 150w, https:\/\/djk-dom-minden.de\/tanzen\/orientalischer-tanz\/wp-content\/uploads\/sites\/2\/2020\/10\/orientalischer-tanz_teaser-768x250.jpg 768w, https:\/\/djk-dom-minden.de\/tanzen\/orientalischer-tanz\/wp-content\/uploads\/sites\/2\/2020\/10\/orientalischer-tanz_teaser-1536x499.jpg 1536w, https:\/\/djk-dom-minden.de\/tanzen\/orientalischer-tanz\/wp-content\/uploads\/sites\/2\/2020\/10\/orientalischer-tanz_teaser-1200x390.jpg 1200w, https:\/\/djk-dom-minden.de\/tanzen\/orientalischer-tanz\/wp-content\/uploads\/sites\/2\/2020\/10\/orientalischer-tanz_teaser-1100x358.jpg 1100w, https:\/\/djk-dom-minden.de\/tanzen\/orientalischer-tanz\/wp-content\/uploads\/sites\/2\/2020\/10\/orientalischer-tanz_teaser-1000x325.jpg 1000w, https:\/\/djk-dom-minden.de\/tanzen\/orientalischer-tanz\/wp-content\/uploads\/sites\/2\/2020\/10\/orientalischer-tanz_teaser-900x293.jpg 900w, https:\/\/djk-dom-minden.de\/tanzen\/orientalischer-tanz\/wp-content\/uploads\/sites\/2\/2020\/10\/orientalischer-tanz_teaser-800x260.jpg 800w, https:\/\/djk-dom-minden.de\/tanzen\/orientalischer-tanz\/wp-content\/uploads\/sites\/2\/2020\/10\/orientalischer-tanz_teaser-700x228.jpg 700w, https:\/\/djk-dom-minden.de\/tanzen\/orientalischer-tanz\/wp-content\/uploads\/sites\/2\/2020\/10\/orientalischer-tanz_teaser-600x195.jpg 600w, https:\/\/djk-dom-minden.de\/tanzen\/orientalischer-tanz\/wp-content\/uploads\/sites\/2\/2020\/10\/orientalischer-tanz_teaser-500x163.jpg 500w, https:\/\/djk-dom-minden.de\/tanzen\/orientalischer-tanz\/wp-content\/uploads\/sites\/2\/2020\/10\/orientalischer-tanz_teaser-400x130.jpg 400w, https:\/\/djk-dom-minden.de\/tanzen\/orientalischer-tanz\/wp-content\/uploads\/sites\/2\/2020\/10\/orientalischer-tanz_teaser-300x98.jpg 300w, https:\/\/djk-dom-minden.de\/tanzen\/orientalischer-tanz\/wp-content\/uploads\/sites\/2\/2020\/10\/orientalischer-tanz_teaser-200x65.jpg 200w, https:\/\/djk-dom-minden.de\/tanzen\/orientalischer-tanz\/wp-content\/uploads\/sites\/2\/2020\/10\/orientalischer-tanz_teaser-100x33.jpg 100w\" data-sizes=\"auto\"\/><a href=\"https:\/\/djk-dom-minden.de\/tanzen\/orientalischer-tanz\/news\/der-orient-tanzt-auf-unserem-sommerfest-2019\" target=\"_self\"><figcaption><div class=\"fig-item\"><span class=\"title\"><h3>Der Orient tanzt auf unserem Sommerfest...<\/h3><\/span><span class=\"date\"><h5>20.06.2019<\/h5><\/span><\/div><\/figcaption><\/a><\/figure><\/div>\t\t<\/div>\n\t\t\t\t<\/div>\n\t\t\t\t\t<\/div>\n\t\t<\/div>\n\t\t\t\t\t<\/div>\n\t\t<\/section>\n\t\t\t\t<section class=\"elementor-section elementor-top-section elementor-element elementor-element-03e82c8 elementor-section-full_width elementor-section-height-default elementor-section-height-default\" data-id=\"03e82c8\" data-element_type=\"section\">\n\t\t\t\t\t\t<div class=\"elementor-container elementor-column-gap-default\">\n\t\t\t\t\t<div class=\"elementor-column elementor-col-33 elementor-top-column elementor-element elementor-element-aae5049\" data-id=\"aae5049\" data-element_type=\"column\">\n\t\t\t<div class=\"elementor-widget-wrap elementor-element-populated\">\n\t\t\t\t\t\t<div class=\"elementor-element elementor-element-3138bb3 elementor-widget elementor-widget-image\" data-id=\"3138bb3\" data-element_type=\"widget\" data-widget_type=\"image.default\">\n\t\t\t\t<div class=\"elementor-widget-container\">\n\t\t\t\t\t\t\t\t\t\t\t\t\t<img fetchpriority=\"high\" decoding=\"async\" width=\"1024\" height=\"683\" src=\"https:\/\/djk-dom-minden.de\/tanzen\/wp-content\/uploads\/2020\/11\/DJK_Hands-1024x683.jpg\" class=\"attachment-large size-large wp-image-90\" alt=\"\" srcset=\"https:\/\/djk-dom-minden.de\/tanzen\/wp-content\/uploads\/2020\/11\/DJK_Hands-1024x683.jpg 1024w, https:\/\/djk-dom-minden.de\/tanzen\/wp-content\/uploads\/2020\/11\/DJK_Hands-300x200.jpg 300w, https:\/\/djk-dom-minden.de\/tanzen\/wp-content\/uploads\/2020\/11\/DJK_Hands-768x512.jpg 768w, https:\/\/djk-dom-minden.de\/tanzen\/wp-content\/uploads\/2020\/11\/DJK_Hands-1536x1024.jpg 1536w, https:\/\/djk-dom-minden.de\/tanzen\/wp-content\/uploads\/2020\/11\/DJK_Hands-1200x800.jpg 1200w, https:\/\/djk-dom-minden.de\/tanzen\/wp-content\/uploads\/2020\/11\/DJK_Hands-1100x733.jpg 1100w, https:\/\/djk-dom-minden.de\/tanzen\/wp-content\/uploads\/2020\/11\/DJK_Hands-1000x667.jpg 1000w, https:\/\/djk-dom-minden.de\/tanzen\/wp-content\/uploads\/2020\/11\/DJK_Hands-900x600.jpg 900w, https:\/\/djk-dom-minden.de\/tanzen\/wp-content\/uploads\/2020\/11\/DJK_Hands-800x533.jpg 800w, https:\/\/djk-dom-minden.de\/tanzen\/wp-content\/uploads\/2020\/11\/DJK_Hands-700x467.jpg 700w, https:\/\/djk-dom-minden.de\/tanzen\/wp-content\/uploads\/2020\/11\/DJK_Hands-600x400.jpg 600w, https:\/\/djk-dom-minden.de\/tanzen\/wp-content\/uploads\/2020\/11\/DJK_Hands-500x333.jpg 500w, https:\/\/djk-dom-minden.de\/tanzen\/wp-content\/uploads\/2020\/11\/DJK_Hands-400x267.jpg 400w, https:\/\/djk-dom-minden.de\/tanzen\/wp-content\/uploads\/2020\/11\/DJK_Hands-200x133.jpg 200w, https:\/\/djk-dom-minden.de\/tanzen\/wp-content\/uploads\/2020\/11\/DJK_Hands-100x67.jpg 100w, https:\/\/djk-dom-minden.de\/tanzen\/wp-content\/uploads\/2020\/11\/DJK_Hands.jpg 1920w\" sizes=\"(max-width: 1024px) 100vw, 1024px\" \/>\t\t\t\t\t\t\t\t\t\t\t\t\t<\/div>\n\t\t\t\t<\/div>\n\t\t\t\t<div class=\"elementor-element elementor-element-a42d727 elementor-widget elementor-widget-heading\" data-id=\"a42d727\" data-element_type=\"widget\" data-widget_type=\"heading.default\">\n\t\t\t\t<div class=\"elementor-widget-container\">\n\t\t\t<h2 class=\"elementor-heading-title elementor-size-default\">Wir bieten mehr als das<\/h2>\t\t<\/div>\n\t\t\t\t<\/div>\n\t\t\t\t<div class=\"elementor-element elementor-element-13af110 elementor-widget elementor-widget-text-editor\" data-id=\"13af110\" data-element_type=\"widget\" data-widget_type=\"text-editor.default\">\n\t\t\t\t<div class=\"elementor-widget-container\">\n\t\t\t\t\t\t\t<p>Die DJK Dom Minden bietet ein vielseitiges Kursangebot f\u00fcr alle Altersgruppen, z.B. R\u00fcckenschule, Badminton, Fu\u00dfball, American Football, Tanzen, Kinderturnen, Nordic-Walking und vieles mehr. Wir stelle verschiedene R\u00e4umlichkeiten, wie Turnhallen der Stadt, Kegelbahnen und das Haus am Dom zur Verf\u00fcgung. Sie erm\u00f6glicht Gruppenleitern und -leiterinnen die Weiterbildung auf Pfarr-, Dekanats- und Di\u00f6zesanebene sowie in katholischen Sportschulen und Weiterbildungsst\u00e4tten. Sie stellt Sportger\u00e4te, Literatur und Werkmaterial zur Verf\u00fcgung.<\/p>\t\t\t\t\t\t<\/div>\n\t\t\t\t<\/div>\n\t\t\t\t\t<\/div>\n\t\t<\/div>\n\t\t\t\t<div class=\"elementor-column elementor-col-33 elementor-top-column elementor-element elementor-element-7f77259\" data-id=\"7f77259\" data-element_type=\"column\">\n\t\t\t<div class=\"elementor-widget-wrap elementor-element-populated\">\n\t\t\t\t\t\t<div class=\"elementor-element elementor-element-49cd124 elementor-widget elementor-widget-image\" data-id=\"49cd124\" data-element_type=\"widget\" data-widget_type=\"image.default\">\n\t\t\t\t<div class=\"elementor-widget-container\">\n\t\t\t\t\t\t\t\t\t\t\t\t\t<img decoding=\"async\" width=\"1024\" height=\"683\" src=\"https:\/\/djk-dom-minden.de\/tanzen\/wp-content\/uploads\/2020\/11\/DJK_Kinder_springen-1024x683.jpg\" class=\"attachment-large size-large wp-image-91\" alt=\"\" srcset=\"https:\/\/djk-dom-minden.de\/tanzen\/wp-content\/uploads\/2020\/11\/DJK_Kinder_springen-1024x683.jpg 1024w, https:\/\/djk-dom-minden.de\/tanzen\/wp-content\/uploads\/2020\/11\/DJK_Kinder_springen-300x200.jpg 300w, https:\/\/djk-dom-minden.de\/tanzen\/wp-content\/uploads\/2020\/11\/DJK_Kinder_springen-768x512.jpg 768w, https:\/\/djk-dom-minden.de\/tanzen\/wp-content\/uploads\/2020\/11\/DJK_Kinder_springen-1200x800.jpg 1200w, https:\/\/djk-dom-minden.de\/tanzen\/wp-content\/uploads\/2020\/11\/DJK_Kinder_springen-1100x733.jpg 1100w, https:\/\/djk-dom-minden.de\/tanzen\/wp-content\/uploads\/2020\/11\/DJK_Kinder_springen-1000x667.jpg 1000w, https:\/\/djk-dom-minden.de\/tanzen\/wp-content\/uploads\/2020\/11\/DJK_Kinder_springen-900x600.jpg 900w, https:\/\/djk-dom-minden.de\/tanzen\/wp-content\/uploads\/2020\/11\/DJK_Kinder_springen-800x533.jpg 800w, https:\/\/djk-dom-minden.de\/tanzen\/wp-content\/uploads\/2020\/11\/DJK_Kinder_springen-700x467.jpg 700w, https:\/\/djk-dom-minden.de\/tanzen\/wp-content\/uploads\/2020\/11\/DJK_Kinder_springen-600x400.jpg 600w, https:\/\/djk-dom-minden.de\/tanzen\/wp-content\/uploads\/2020\/11\/DJK_Kinder_springen-500x333.jpg 500w, https:\/\/djk-dom-minden.de\/tanzen\/wp-content\/uploads\/2020\/11\/DJK_Kinder_springen-400x267.jpg 400w, https:\/\/djk-dom-minden.de\/tanzen\/wp-content\/uploads\/2020\/11\/DJK_Kinder_springen-200x133.jpg 200w, https:\/\/djk-dom-minden.de\/tanzen\/wp-content\/uploads\/2020\/11\/DJK_Kinder_springen-100x67.jpg 100w, https:\/\/djk-dom-minden.de\/tanzen\/wp-content\/uploads\/2020\/11\/DJK_Kinder_springen.jpg 1440w\" sizes=\"(max-width: 1024px) 100vw, 1024px\" \/>\t\t\t\t\t\t\t\t\t\t\t\t\t<\/div>\n\t\t\t\t<\/div>\n\t\t\t\t<div class=\"elementor-element elementor-element-0d18a67 elementor-widget elementor-widget-heading\" data-id=\"0d18a67\" data-element_type=\"widget\" data-widget_type=\"heading.default\">\n\t\t\t\t<div class=\"elementor-widget-container\">\n\t\t\t<h2 class=\"elementor-heading-title elementor-size-default\">Jugendarbeit ist uns wichtig<\/h2>\t\t<\/div>\n\t\t\t\t<\/div>\n\t\t\t\t<div class=\"elementor-element elementor-element-b6d2cde elementor-widget elementor-widget-text-editor\" data-id=\"b6d2cde\" data-element_type=\"widget\" data-widget_type=\"text-editor.default\">\n\t\t\t\t<div class=\"elementor-widget-container\">\n\t\t\t\t\t\t\t<p>In der Kinder- und Jugendarbeit wird viel Wert auf drei Gruppen gelegt: die Kids, die Youngsters und die Jugendgruppe. Mit diesen drei Gruppen werden alle Altersklassen abgedeckt. F\u00fcr jeden ist etwas dabei. Einmal im Monat treffen sich die Kinder und Jugendlichen und haben zusammen viel Spa\u00df bei verschiedenen Aktionen. Da die Sch\u00fcler wegen des Ganztags keine Zeit mehr haben, an w\u00f6chentlichen Gruppenstunden teilzunehmen, wurden diese Treffen eingef\u00fchrt.\u00a0<\/p>\t\t\t\t\t\t<\/div>\n\t\t\t\t<\/div>\n\t\t\t\t\t<\/div>\n\t\t<\/div>\n\t\t\t\t<div class=\"elementor-column elementor-col-33 elementor-top-column elementor-element elementor-element-9d79284\" data-id=\"9d79284\" data-element_type=\"column\">\n\t\t\t<div class=\"elementor-widget-wrap elementor-element-populated\">\n\t\t\t\t\t\t<div class=\"elementor-element elementor-element-2870060 elementor-widget elementor-widget-image\" data-id=\"2870060\" data-element_type=\"widget\" data-widget_type=\"image.default\">\n\t\t\t\t<div class=\"elementor-widget-container\">\n\t\t\t\t\t\t\t\t\t\t\t\t\t<img decoding=\"async\" width=\"1024\" height=\"1024\" src=\"https:\/\/djk-dom-minden.de\/tanzen\/wp-content\/uploads\/2020\/09\/DJKLogo.svg\" class=\"attachment-large size-large wp-image-27\" alt=\"\" \/>\t\t\t\t\t\t\t\t\t\t\t\t\t<\/div>\n\t\t\t\t<\/div>\n\t\t\t\t<div class=\"elementor-element elementor-element-1cc22d5 elementor-widget elementor-widget-heading\" data-id=\"1cc22d5\" data-element_type=\"widget\" data-widget_type=\"heading.default\">\n\t\t\t\t<div class=\"elementor-widget-container\">\n\t\t\t<h2 class=\"elementor-heading-title elementor-size-default\">Wer sind wir<\/h2>\t\t<\/div>\n\t\t\t\t<\/div>\n\t\t\t\t<div class=\"elementor-element elementor-element-c069d9e elementor-widget elementor-widget-text-editor\" data-id=\"c069d9e\" data-element_type=\"widget\" data-widget_type=\"text-editor.default\">\n\t\t\t\t<div class=\"elementor-widget-container\">\n\t\t\t\t\t\t\t<p>Dank der Unterst\u00fctzung durch unsere zahlreichen Sponsoren k\u00f6nnen wir jedem Vereinsmitglied Leistungen anbieten: Kostenlose Nutzung aller DJK-Gruppen durch geschulte \u00dcbungsleiter. Faire Mitgliedsbeitr\u00e4ge, gegebenenfalls Nachl\u00e4sse bei Notlagen. Verg\u00fcnstigungen bei Veranstaltungen der DJK Dom Minden. Verg\u00fcnstigungen bei Veranstaltungen der Kooperationspartner.<br \/>Aus- und Weiterbildungsm\u00f6glichkeiten. Au\u00dferdem Angebote der Aus\u00fcbung eines freiwilligen sozialen Jahr (FSJ) und Praktika im Verein.<\/p>\t\t\t\t\t\t<\/div>\n\t\t\t\t<\/div>\n\t\t\t\t\t<\/div>\n\t\t<\/div>\n\t\t\t\t\t<\/div>\n\t\t<\/section>\n\t\t\t\t<\/div>\n\t\t","protected":false},"excerpt":{"rendered":"<p>Tanzen f\u00fcr Grundsch\u00fcler Tanzen f\u00fcr Grundsch\u00fcler Der Orient tanzt auf unserem Sommerfest 2019 Orientalischer Tanz ganzheitlichen K\u00f6rpertraining und Rhythmusgef\u00fchl Neue HipHop-Gruppe bei der DJK Informationen NEU! HipHop Gruppe bei der DJK Enjoy your Moves tanzt auf unserem Sommerfest 2019 Enjoy your Moves verschiedenen Tanzrichtungen mit Fitness\u00fcbungen Kindertanzen Informationen Tanzen Kindertanzen Kindertanz-Gruppe &#8222;Minis&#8220; Kindertanz-Gruppe Minis Aktuelle [&hellip;]<\/p>\n","protected":false},"author":2,"featured_media":0,"parent":0,"menu_order":0,"comment_status":"closed","ping_status":"closed","template":"","meta":{"inline_featured_image":false,"footnotes":""},"class_list":["post-15","page","type-page","status-publish","hentry"],"_links":{"self":[{"href":"https:\/\/djk-dom-minden.de\/tanzen\/wp-json\/wp\/v2\/pages\/15","targetHints":{"allow":["GET"]}}],"collection":[{"href":"https:\/\/djk-dom-minden.de\/tanzen\/wp-json\/wp\/v2\/pages"}],"about":[{"href":"https:\/\/djk-dom-minden.de\/tanzen\/wp-json\/wp\/v2\/types\/page"}],"author":[{"embeddable":true,"href":"https:\/\/djk-dom-minden.de\/tanzen\/wp-json\/wp\/v2\/users\/2"}],"replies":[{"embeddable":true,"href":"https:\/\/djk-dom-minden.de\/tanzen\/wp-json\/wp\/v2\/comments?post=15"}],"version-history":[{"count":14,"href":"https:\/\/djk-dom-minden.de\/tanzen\/wp-json\/wp\/v2\/pages\/15\/revisions"}],"predecessor-version":[{"id":252,"href":"https:\/\/djk-dom-minden.de\/tanzen\/wp-json\/wp\/v2\/pages\/15\/revisions\/252"}],"wp:attachment":[{"href":"https:\/\/djk-dom-minden.de\/tanzen\/wp-json\/wp\/v2\/media?parent=15"}],"curies":[{"name":"wp","href":"https:\/\/api.w.org\/{rel}","templated":true}]}}