{"id":250,"date":"2020-09-09T09:52:50","date_gmt":"2020-09-09T07:52:50","guid":{"rendered":"https:\/\/djk-dom-minden.de\/teens\/?page_id=250"},"modified":"2020-12-01T11:16:10","modified_gmt":"2020-12-01T10:16:10","slug":"news","status":"publish","type":"page","link":"https:\/\/djk-dom-minden.de\/teens\/news\/","title":{"rendered":"News"},"content":{"rendered":"\t\t<div data-elementor-type=\"wp-page\" data-elementor-id=\"250\" class=\"elementor elementor-250\" data-elementor-post-type=\"page\">\n\t\t\t\t\t\t<section class=\"elementor-section elementor-top-section elementor-element elementor-element-02406f3 elementor-section-full_width elementor-section-height-default elementor-section-height-default\" data-id=\"02406f3\" data-element_type=\"section\">\n\t\t\t\t\t\t<div class=\"elementor-container elementor-column-gap-no\">\n\t\t\t\t\t<div class=\"elementor-column elementor-col-100 elementor-top-column elementor-element elementor-element-7d13a8c\" data-id=\"7d13a8c\" data-element_type=\"column\">\n\t\t\t<div class=\"elementor-widget-wrap elementor-element-populated\">\n\t\t\t\t\t\t<div class=\"elementor-element elementor-element-130d5cd elementor-widget elementor-widget-global-news-slider\" data-id=\"130d5cd\" data-element_type=\"widget\" data-widget_type=\"global-news-slider.default\">\n\t\t\t\t<div class=\"elementor-widget-container\">\n\t\t\t<div class=\"global-news-slider-container\" data-setup={\"slider_name\":\"fullslider69f2460b08e52\",\"autoplay\":false,\"autoplay_speed\":null,\"nav\":true,\"effect_in\":\"\",\"effect_out\":\"\",\"effect_text\":\"bounceInLeft\",\"effect_text_speed\":\"fast\",\"effect_text_delay\":\"delay-1s\",\"effect_text_repeat\":\"repeat-1\",\"dots\":true,\"iconPrev\":{\"value\":\"fas_fa-chevron-left\",\"library\":\"fa-solid\"},\"iconNext\":{\"value\":\"fas_fa-chevron-right\",\"library\":\"fa-solid\"}}><div class=\"global-news-slider owl-carousel fullslider69f2460b08e52\"><figure class=\"effect-jazz\"><img data-src=\"https:\/\/djk-dom-minden.de\/teens\/wp-content\/uploads\/2019\/08\/Teensferien-2019_0006-100x49.jpg\" class=\"lazyload\" data-srcset=\"https:\/\/djk-dom-minden.de\/teens\/wp-content\/uploads\/2019\/08\/Teensferien-2019_0006-300x146.jpg 300w, https:\/\/djk-dom-minden.de\/teens\/wp-content\/uploads\/2019\/08\/Teensferien-2019_0006-150x150.jpg 150w, https:\/\/djk-dom-minden.de\/teens\/wp-content\/uploads\/2019\/08\/Teensferien-2019_0006-700x340.jpg 700w, https:\/\/djk-dom-minden.de\/teens\/wp-content\/uploads\/2019\/08\/Teensferien-2019_0006-600x291.jpg 600w, https:\/\/djk-dom-minden.de\/teens\/wp-content\/uploads\/2019\/08\/Teensferien-2019_0006-500x243.jpg 500w, https:\/\/djk-dom-minden.de\/teens\/wp-content\/uploads\/2019\/08\/Teensferien-2019_0006-400x194.jpg 400w, https:\/\/djk-dom-minden.de\/teens\/wp-content\/uploads\/2019\/08\/Teensferien-2019_0006-300x146.jpg 300w, https:\/\/djk-dom-minden.de\/teens\/wp-content\/uploads\/2019\/08\/Teensferien-2019_0006-200x97.jpg 200w, https:\/\/djk-dom-minden.de\/teens\/wp-content\/uploads\/2019\/08\/Teensferien-2019_0006-100x49.jpg 100w\" data-sizes=\"auto\"\/><a href=\"https:\/\/djk-dom-minden.de\/teens\/news\/teensferien-2019\" target=\"_self\"><figcaption><span class=\"title\"><p class=\"tag\">Teensferien 2019<\/p><\/span><\/figcaption><\/a><\/figure><figure class=\"effect-jazz\"><img data-src=\"https:\/\/djk-dom-minden.de\/teens\/wp-content\/uploads\/2016\/02\/teens_teaser-100x33.jpg\" class=\"lazyload\" data-srcset=\"https:\/\/djk-dom-minden.de\/teens\/wp-content\/uploads\/2016\/02\/teens_teaser-300x98.jpg 300w, https:\/\/djk-dom-minden.de\/teens\/wp-content\/uploads\/2016\/02\/teens_teaser-1024x333.jpg 1024w, https:\/\/djk-dom-minden.de\/teens\/wp-content\/uploads\/2016\/02\/teens_teaser-150x150.jpg 150w, https:\/\/djk-dom-minden.de\/teens\/wp-content\/uploads\/2016\/02\/teens_teaser-768x250.jpg 768w, https:\/\/djk-dom-minden.de\/teens\/wp-content\/uploads\/2016\/02\/teens_teaser-1536x499.jpg 1536w, https:\/\/djk-dom-minden.de\/teens\/wp-content\/uploads\/2016\/02\/teens_teaser-1200x390.jpg 1200w, https:\/\/djk-dom-minden.de\/teens\/wp-content\/uploads\/2016\/02\/teens_teaser-1100x358.jpg 1100w, https:\/\/djk-dom-minden.de\/teens\/wp-content\/uploads\/2016\/02\/teens_teaser-1000x325.jpg 1000w, https:\/\/djk-dom-minden.de\/teens\/wp-content\/uploads\/2016\/02\/teens_teaser-900x293.jpg 900w, https:\/\/djk-dom-minden.de\/teens\/wp-content\/uploads\/2016\/02\/teens_teaser-800x260.jpg 800w, https:\/\/djk-dom-minden.de\/teens\/wp-content\/uploads\/2016\/02\/teens_teaser-700x228.jpg 700w, https:\/\/djk-dom-minden.de\/teens\/wp-content\/uploads\/2016\/02\/teens_teaser-600x195.jpg 600w, https:\/\/djk-dom-minden.de\/teens\/wp-content\/uploads\/2016\/02\/teens_teaser-500x163.jpg 500w, https:\/\/djk-dom-minden.de\/teens\/wp-content\/uploads\/2016\/02\/teens_teaser-400x130.jpg 400w, https:\/\/djk-dom-minden.de\/teens\/wp-content\/uploads\/2016\/02\/teens_teaser-300x98.jpg 300w, https:\/\/djk-dom-minden.de\/teens\/wp-content\/uploads\/2016\/02\/teens_teaser-200x65.jpg 200w, https:\/\/djk-dom-minden.de\/teens\/wp-content\/uploads\/2016\/02\/teens_teaser-100x33.jpg 100w\" data-sizes=\"auto\"\/><a href=\"https:\/\/djk-dom-minden.de\/teens\/news\/teens-aktion-escape-2019-informationen\" target=\"_self\"><figcaption><span class=\"title\"><p class=\"tag\">Teens \u2013 Aktion \u201cEscape\u201d 2019 Informationen<\/p><\/span><span class=\"teaser_highlight\"><span class=\"teaser\"><p>Teens-Aktion<\/p><p>\"Escape\"<\/p><\/span><\/span><\/figcaption><\/a><\/figure><figure class=\"effect-jazz\"><img data-src=\"https:\/\/djk-dom-minden.de\/teens\/wp-content\/uploads\/2019\/08\/Teensferien-2019_0007-100x49.jpg\" class=\"lazyload\" data-srcset=\"https:\/\/djk-dom-minden.de\/teens\/wp-content\/uploads\/2019\/08\/Teensferien-2019_0007-300x146.jpg 300w, https:\/\/djk-dom-minden.de\/teens\/wp-content\/uploads\/2019\/08\/Teensferien-2019_0007-150x150.jpg 150w, https:\/\/djk-dom-minden.de\/teens\/wp-content\/uploads\/2019\/08\/Teensferien-2019_0007-700x340.jpg 700w, https:\/\/djk-dom-minden.de\/teens\/wp-content\/uploads\/2019\/08\/Teensferien-2019_0007-600x291.jpg 600w, https:\/\/djk-dom-minden.de\/teens\/wp-content\/uploads\/2019\/08\/Teensferien-2019_0007-500x243.jpg 500w, https:\/\/djk-dom-minden.de\/teens\/wp-content\/uploads\/2019\/08\/Teensferien-2019_0007-400x194.jpg 400w, https:\/\/djk-dom-minden.de\/teens\/wp-content\/uploads\/2019\/08\/Teensferien-2019_0007-300x146.jpg 300w, https:\/\/djk-dom-minden.de\/teens\/wp-content\/uploads\/2019\/08\/Teensferien-2019_0007-200x97.jpg 200w, https:\/\/djk-dom-minden.de\/teens\/wp-content\/uploads\/2019\/08\/Teensferien-2019_0007-100x49.jpg 100w\" data-sizes=\"auto\"\/><a href=\"https:\/\/djk-dom-minden.de\/teens\/news\/kurzfristig-zum-austausch-nach-frankreich\" target=\"_self\"><figcaption><span class=\"title\"><p class=\"tag\">Kurzfristig zum Austausch nach Frankreich<\/p><\/span><span class=\"teaser_highlight\"><span class=\"teaser\"><p>Frankreichaustausch<\/p><p><\/p><\/span><\/span><\/figcaption><\/a><\/figure><figure class=\"effect-jazz\"><img data-src=\"https:\/\/djk-dom-minden.de\/teens\/wp-content\/uploads\/2021\/11\/Mittwoch-oeffnet-der-Weihnachtsmarkt-in-Hannovers-Altstadt_big_teaser_article-100x50.jpg\" class=\"lazyload\" data-srcset=\"https:\/\/djk-dom-minden.de\/teens\/wp-content\/uploads\/2021\/11\/Mittwoch-oeffnet-der-Weihnachtsmarkt-in-Hannovers-Altstadt_big_teaser_article-300x150.jpg 300w, https:\/\/djk-dom-minden.de\/teens\/wp-content\/uploads\/2021\/11\/Mittwoch-oeffnet-der-Weihnachtsmarkt-in-Hannovers-Altstadt_big_teaser_article-150x150.jpg 150w, https:\/\/djk-dom-minden.de\/teens\/wp-content\/uploads\/2021\/11\/Mittwoch-oeffnet-der-Weihnachtsmarkt-in-Hannovers-Altstadt_big_teaser_article-700x350.jpg 700w, https:\/\/djk-dom-minden.de\/teens\/wp-content\/uploads\/2021\/11\/Mittwoch-oeffnet-der-Weihnachtsmarkt-in-Hannovers-Altstadt_big_teaser_article-600x300.jpg 600w, https:\/\/djk-dom-minden.de\/teens\/wp-content\/uploads\/2021\/11\/Mittwoch-oeffnet-der-Weihnachtsmarkt-in-Hannovers-Altstadt_big_teaser_article-500x250.jpg 500w, https:\/\/djk-dom-minden.de\/teens\/wp-content\/uploads\/2021\/11\/Mittwoch-oeffnet-der-Weihnachtsmarkt-in-Hannovers-Altstadt_big_teaser_article-400x200.jpg 400w, https:\/\/djk-dom-minden.de\/teens\/wp-content\/uploads\/2021\/11\/Mittwoch-oeffnet-der-Weihnachtsmarkt-in-Hannovers-Altstadt_big_teaser_article-300x150.jpg 300w, https:\/\/djk-dom-minden.de\/teens\/wp-content\/uploads\/2021\/11\/Mittwoch-oeffnet-der-Weihnachtsmarkt-in-Hannovers-Altstadt_big_teaser_article-200x100.jpg 200w, https:\/\/djk-dom-minden.de\/teens\/wp-content\/uploads\/2021\/11\/Mittwoch-oeffnet-der-Weihnachtsmarkt-in-Hannovers-Altstadt_big_teaser_article-100x50.jpg 100w\" data-sizes=\"auto\"\/><a href=\"https:\/\/djk-dom-minden.de\/teens\/news\/teens-aktion-weihnachtsmarkt-hannover\" target=\"_self\"><figcaption><span class=\"title\"><p class=\"tag\">Teens-Aktion Weihnachtsmarkt Hannover<\/p><\/span><span class=\"teaser_highlight\"><span class=\"teaser\"><p>11. Dezember<\/p><p><\/p><\/span><\/span><\/figcaption><\/a><\/figure><figure class=\"effect-jazz\"><img data-src=\"https:\/\/djk-dom-minden.de\/teens\/wp-content\/uploads\/2016\/02\/teens_teaser-100x33.jpg\" class=\"lazyload\" data-srcset=\"https:\/\/djk-dom-minden.de\/teens\/wp-content\/uploads\/2016\/02\/teens_teaser-300x98.jpg 300w, https:\/\/djk-dom-minden.de\/teens\/wp-content\/uploads\/2016\/02\/teens_teaser-1024x333.jpg 1024w, https:\/\/djk-dom-minden.de\/teens\/wp-content\/uploads\/2016\/02\/teens_teaser-150x150.jpg 150w, https:\/\/djk-dom-minden.de\/teens\/wp-content\/uploads\/2016\/02\/teens_teaser-768x250.jpg 768w, https:\/\/djk-dom-minden.de\/teens\/wp-content\/uploads\/2016\/02\/teens_teaser-1536x499.jpg 1536w, https:\/\/djk-dom-minden.de\/teens\/wp-content\/uploads\/2016\/02\/teens_teaser-1200x390.jpg 1200w, https:\/\/djk-dom-minden.de\/teens\/wp-content\/uploads\/2016\/02\/teens_teaser-1100x358.jpg 1100w, https:\/\/djk-dom-minden.de\/teens\/wp-content\/uploads\/2016\/02\/teens_teaser-1000x325.jpg 1000w, https:\/\/djk-dom-minden.de\/teens\/wp-content\/uploads\/2016\/02\/teens_teaser-900x293.jpg 900w, https:\/\/djk-dom-minden.de\/teens\/wp-content\/uploads\/2016\/02\/teens_teaser-800x260.jpg 800w, https:\/\/djk-dom-minden.de\/teens\/wp-content\/uploads\/2016\/02\/teens_teaser-700x228.jpg 700w, https:\/\/djk-dom-minden.de\/teens\/wp-content\/uploads\/2016\/02\/teens_teaser-600x195.jpg 600w, https:\/\/djk-dom-minden.de\/teens\/wp-content\/uploads\/2016\/02\/teens_teaser-500x163.jpg 500w, https:\/\/djk-dom-minden.de\/teens\/wp-content\/uploads\/2016\/02\/teens_teaser-400x130.jpg 400w, https:\/\/djk-dom-minden.de\/teens\/wp-content\/uploads\/2016\/02\/teens_teaser-300x98.jpg 300w, https:\/\/djk-dom-minden.de\/teens\/wp-content\/uploads\/2016\/02\/teens_teaser-200x65.jpg 200w, https:\/\/djk-dom-minden.de\/teens\/wp-content\/uploads\/2016\/02\/teens_teaser-100x33.jpg 100w\" data-sizes=\"auto\"\/><a href=\"https:\/\/djk-dom-minden.de\/teens\/news\/teens-aktion-lasertag-2019-informationen\" target=\"_self\"><figcaption><span class=\"title\"><p class=\"tag\">Teens \u2013 Aktion  \u201cLasertag\u201d 2019 Informationen<\/p><\/span><span class=\"teaser_highlight\"><span class=\"teaser\"><p>Teens-Aktion<\/p><p>\"Lasertag\"<\/p><\/span><\/span><\/figcaption><\/a><\/figure><\/div><\/div>\t\t<\/div>\n\t\t\t\t<\/div>\n\t\t\t\t\t<\/div>\n\t\t<\/div>\n\t\t\t\t\t<\/div>\n\t\t<\/section>\n\t\t\t\t<section class=\"elementor-section elementor-top-section elementor-element elementor-element-64b63dc elementor-section-full_width elementor-section-height-default elementor-section-height-default\" data-id=\"64b63dc\" data-element_type=\"section\">\n\t\t\t\t\t\t<div class=\"elementor-container elementor-column-gap-no\">\n\t\t\t\t\t<div class=\"elementor-column elementor-col-33 elementor-top-column elementor-element elementor-element-785aef9\" data-id=\"785aef9\" data-element_type=\"column\" data-settings=\"{&quot;background_background&quot;:&quot;gradient&quot;}\">\n\t\t\t<div class=\"elementor-widget-wrap elementor-element-populated\">\n\t\t\t\t\t<div class=\"elementor-background-overlay\"><\/div>\n\t\t\t\t\t\t<div class=\"elementor-element elementor-element-7706a1e elementor-widget elementor-widget-template\" data-id=\"7706a1e\" data-element_type=\"widget\" data-widget_type=\"template.default\">\n\t\t\t\t<div class=\"elementor-widget-container\">\n\t\t\t\t\t<div class=\"elementor-template\">\n\t\t\t\t\t<div data-elementor-type=\"section\" data-elementor-id=\"407\" class=\"elementor elementor-407\" data-elementor-post-type=\"elementor_library\">\n\t\t\t\t\t<section class=\"elementor-section elementor-inner-section elementor-element elementor-element-4d4a9e33 elementor-section-full_width elementor-section-content-middle elementor-section-height-default elementor-section-height-default\" data-id=\"4d4a9e33\" data-element_type=\"section\">\n\t\t\t\t\t\t<div class=\"elementor-container elementor-column-gap-no\">\n\t\t\t\t\t<div class=\"elementor-column elementor-col-50 elementor-inner-column elementor-element elementor-element-5a1f2405\" data-id=\"5a1f2405\" data-element_type=\"column\">\n\t\t\t<div class=\"elementor-widget-wrap elementor-element-populated\">\n\t\t\t\t\t\t<div class=\"elementor-element elementor-element-11dafd10 elementor-widget elementor-widget-heading\" data-id=\"11dafd10\" data-element_type=\"widget\" data-widget_type=\"heading.default\">\n\t\t\t\t<div class=\"elementor-widget-container\">\n\t\t\t<h2 class=\"elementor-heading-title elementor-size-default\">Blickpunkt<\/h2>\t\t<\/div>\n\t\t\t\t<\/div>\n\t\t\t\t<div class=\"elementor-element elementor-element-64ebe290 elementor-widget elementor-widget-global-magazine-download\" data-id=\"64ebe290\" data-element_type=\"widget\" data-widget_type=\"global-magazine-download.default\">\n\t\t\t\t<div class=\"elementor-widget-container\">\n\t\t\t<div class=\"magazine-download-button\"><a href=\"https:\/\/djk-dom-minden.de\/wp-content\/uploads\/2025\/01\/blickpunkt-dez-jan-2024-web.pdf\" target=\"_blank\">Jetzt downloaden<\/a><\/div>\t\t<\/div>\n\t\t\t\t<\/div>\n\t\t\t\t\t<\/div>\n\t\t<\/div>\n\t\t\t\t<div class=\"elementor-column elementor-col-50 elementor-inner-column elementor-element elementor-element-af3dda3\" data-id=\"af3dda3\" data-element_type=\"column\">\n\t\t\t<div class=\"elementor-widget-wrap elementor-element-populated\">\n\t\t\t\t\t\t<div class=\"elementor-element elementor-element-2b797990 elementor-widget elementor-widget-djk_logo\" data-id=\"2b797990\" data-element_type=\"widget\" data-widget_type=\"djk_logo.default\">\n\t\t\t\t<div class=\"elementor-widget-container\">\n\t\t\t<div class=\"logo\"><img decoding=\"async\" src=\"https:\/\/djk-dom-minden.de\/teens\/wp-content\/uploads\/2021\/12\/40_jahre_djk_logo.svg\" alt=\"\" title=\"40_jahre_djk_logo\"><\/div>\t\t<\/div>\n\t\t\t\t<\/div>\n\t\t\t\t\t<\/div>\n\t\t<\/div>\n\t\t\t\t\t<\/div>\n\t\t<\/section>\n\t\t\t\t<\/div>\n\t\t\t\t<\/div>\n\t\t\t\t<\/div>\n\t\t\t\t<\/div>\n\t\t\t\t\t<\/div>\n\t\t<\/div>\n\t\t\t\t<div class=\"elementor-column elementor-col-33 elementor-top-column elementor-element elementor-element-cdfb0d7\" data-id=\"cdfb0d7\" data-element_type=\"column\" data-settings=\"{&quot;background_background&quot;:&quot;classic&quot;}\">\n\t\t\t<div class=\"elementor-widget-wrap elementor-element-populated\">\n\t\t\t\t\t\t<div class=\"elementor-element elementor-element-4e90b9d elementor-widget elementor-widget-template\" data-id=\"4e90b9d\" data-element_type=\"widget\" data-widget_type=\"template.default\">\n\t\t\t\t<div class=\"elementor-widget-container\">\n\t\t\t\t\t<div class=\"elementor-template\">\n\t\t\t\t\t<div data-elementor-type=\"section\" data-elementor-id=\"410\" class=\"elementor elementor-410\" data-elementor-post-type=\"elementor_library\">\n\t\t\t\t\t<section class=\"elementor-section elementor-inner-section elementor-element elementor-element-9cd54ea elementor-section-full_width elementor-section-content-middle elementor-section-height-default elementor-section-height-default\" data-id=\"9cd54ea\" data-element_type=\"section\">\n\t\t\t\t\t\t<div class=\"elementor-container elementor-column-gap-no\">\n\t\t\t\t\t<div class=\"elementor-column elementor-col-50 elementor-inner-column elementor-element elementor-element-1605501b\" data-id=\"1605501b\" data-element_type=\"column\" data-settings=\"{&quot;background_background&quot;:&quot;classic&quot;}\">\n\t\t\t<div class=\"elementor-widget-wrap elementor-element-populated\">\n\t\t\t\t\t\t<div class=\"elementor-element elementor-element-1dae19a elementor-widget elementor-widget-heading\" data-id=\"1dae19a\" data-element_type=\"widget\" data-widget_type=\"heading.default\">\n\t\t\t\t<div class=\"elementor-widget-container\">\n\t\t\t<h2 class=\"elementor-heading-title elementor-size-default\">Zeltlager<\/h2>\t\t<\/div>\n\t\t\t\t<\/div>\n\t\t\t\t<div class=\"elementor-element elementor-element-33f951b elementor-align-left elementor-tablet-align-center elementor-widget elementor-widget-button\" data-id=\"33f951b\" data-element_type=\"widget\" data-widget_type=\"button.default\">\n\t\t\t\t<div class=\"elementor-widget-container\">\n\t\t\t\t\t\t\t<div class=\"elementor-button-wrapper\">\n\t\t\t\t\t<a class=\"elementor-button elementor-button-link elementor-size-sm\" href=\"https:\/\/djk-dom-minden.de\/zeltlager\/veranstaltungen\/\" target=\"_blank\">\n\t\t\t\t\t\t<span class=\"elementor-button-content-wrapper\">\n\t\t\t\t\t\t\t\t\t<span class=\"elementor-button-text\">Jetzt anmelden<\/span>\n\t\t\t\t\t<\/span>\n\t\t\t\t\t<\/a>\n\t\t\t\t<\/div>\n\t\t\t\t\t\t<\/div>\n\t\t\t\t<\/div>\n\t\t\t\t\t<\/div>\n\t\t<\/div>\n\t\t\t\t<div class=\"elementor-column elementor-col-50 elementor-inner-column elementor-element elementor-element-22ada314\" data-id=\"22ada314\" data-element_type=\"column\">\n\t\t\t<div class=\"elementor-widget-wrap\">\n\t\t\t\t\t\t\t<\/div>\n\t\t<\/div>\n\t\t\t\t\t<\/div>\n\t\t<\/section>\n\t\t\t\t<\/div>\n\t\t\t\t<\/div>\n\t\t\t\t<\/div>\n\t\t\t\t<\/div>\n\t\t\t\t\t<\/div>\n\t\t<\/div>\n\t\t\t\t<div class=\"elementor-column elementor-col-33 elementor-top-column elementor-element elementor-element-bc810cd\" data-id=\"bc810cd\" data-element_type=\"column\" data-settings=\"{&quot;background_background&quot;:&quot;classic&quot;}\">\n\t\t\t<div class=\"elementor-widget-wrap elementor-element-populated\">\n\t\t\t\t\t\t<div class=\"elementor-element elementor-element-d44653e elementor-widget elementor-widget-template\" data-id=\"d44653e\" data-element_type=\"widget\" data-widget_type=\"template.default\">\n\t\t\t\t<div class=\"elementor-widget-container\">\n\t\t\t\t\t<div class=\"elementor-template\">\n\t\t\t\t\t<div data-elementor-type=\"section\" data-elementor-id=\"413\" class=\"elementor elementor-413\" data-elementor-post-type=\"elementor_library\">\n\t\t\t\t\t<section class=\"elementor-section elementor-inner-section elementor-element elementor-element-62e11b84 elementor-section-full_width elementor-section-content-middle elementor-section-height-default elementor-section-height-default\" data-id=\"62e11b84\" data-element_type=\"section\" data-settings=\"{&quot;background_background&quot;:&quot;classic&quot;}\">\n\t\t\t\t\t\t<div class=\"elementor-container elementor-column-gap-no\">\n\t\t\t\t\t<div class=\"elementor-column elementor-col-50 elementor-inner-column elementor-element elementor-element-b5d3c69\" data-id=\"b5d3c69\" data-element_type=\"column\">\n\t\t\t<div class=\"elementor-widget-wrap elementor-element-populated\">\n\t\t\t\t\t\t<div class=\"elementor-element elementor-element-5af0baf elementor-widget elementor-widget-global-members\" data-id=\"5af0baf\" data-element_type=\"widget\" data-widget_type=\"global-members.default\">\n\t\t\t\t<div class=\"elementor-widget-container\">\n\t\t\t<div class=\"members-container\"><div class=\"members_headline\"><h2>1939<\/h2><\/div><\/div>\t\t<\/div>\n\t\t\t\t<\/div>\n\t\t\t\t<div class=\"elementor-element elementor-element-6b9d2462 elementor-widget elementor-widget-heading\" data-id=\"6b9d2462\" data-element_type=\"widget\" data-widget_type=\"heading.default\">\n\t\t\t\t<div class=\"elementor-widget-container\">\n\t\t\t<h2 class=\"elementor-heading-title elementor-size-default\">Mitglieder<\/h2>\t\t<\/div>\n\t\t\t\t<\/div>\n\t\t\t\t\t<\/div>\n\t\t<\/div>\n\t\t\t\t<div class=\"elementor-column elementor-col-50 elementor-inner-column elementor-element elementor-element-31d19685\" data-id=\"31d19685\" data-element_type=\"column\" data-settings=\"{&quot;background_background&quot;:&quot;classic&quot;}\">\n\t\t\t<div class=\"elementor-widget-wrap elementor-element-populated\">\n\t\t\t\t\t\t<div class=\"elementor-element elementor-element-1fb72f62 elementor-align-left elementor-tablet-align-center elementor-mobile-align-center elementor-widget elementor-widget-button\" data-id=\"1fb72f62\" data-element_type=\"widget\" data-widget_type=\"button.default\">\n\t\t\t\t<div class=\"elementor-widget-container\">\n\t\t\t\t\t\t\t<div class=\"elementor-button-wrapper\">\n\t\t\t\t\t<a class=\"elementor-button elementor-button-link elementor-size-sm\" href=\"https:\/\/djk-dom-minden.de\/aufnahmeantrag\/\">\n\t\t\t\t\t\t<span class=\"elementor-button-content-wrapper\">\n\t\t\t\t\t\t\t\t\t<span class=\"elementor-button-text\">Jetzt Mitglied werden<\/span>\n\t\t\t\t\t<\/span>\n\t\t\t\t\t<\/a>\n\t\t\t\t<\/div>\n\t\t\t\t\t\t<\/div>\n\t\t\t\t<\/div>\n\t\t\t\t\t<\/div>\n\t\t<\/div>\n\t\t\t\t\t<\/div>\n\t\t<\/section>\n\t\t\t\t<\/div>\n\t\t\t\t<\/div>\n\t\t\t\t<\/div>\n\t\t\t\t<\/div>\n\t\t\t\t\t<\/div>\n\t\t<\/div>\n\t\t\t\t\t<\/div>\n\t\t<\/section>\n\t\t\t\t<section class=\"elementor-section elementor-top-section elementor-element elementor-element-75ca9cbd elementor-section-full_width elementor-section-height-default elementor-section-height-default\" data-id=\"75ca9cbd\" data-element_type=\"section\">\n\t\t\t\t\t\t<div class=\"elementor-container elementor-column-gap-no\">\n\t\t\t\t\t<div class=\"elementor-column elementor-col-100 elementor-top-column elementor-element elementor-element-28b14147\" data-id=\"28b14147\" data-element_type=\"column\">\n\t\t\t<div class=\"elementor-widget-wrap elementor-element-populated\">\n\t\t\t\t\t\t<div class=\"elementor-element elementor-element-38ffd732 elementor-widget elementor-widget-heading\" data-id=\"38ffd732\" data-element_type=\"widget\" data-widget_type=\"heading.default\">\n\t\t\t\t<div class=\"elementor-widget-container\">\n\t\t\t<h1 class=\"elementor-heading-title elementor-size-default\">Aktuelle News<\/h1>\t\t<\/div>\n\t\t\t\t<\/div>\n\t\t\t\t<div class=\"elementor-element elementor-element-76672644 elementor-widget elementor-widget-global-news-overview\" data-id=\"76672644\" data-element_type=\"widget\" data-widget_type=\"global-news-overview.default\">\n\t\t\t\t<div class=\"elementor-widget-container\">\n\t\t\t<div class=\"grid\"><figure class=\"effect-jazz\"><img data-src=\"https:\/\/djk-dom-minden.de\/teens\/wp-content\/uploads\/2018\/12\/teens_01_teaser-100x33.jpg\" class=\"lazyload\" data-srcset=\"https:\/\/djk-dom-minden.de\/teens\/wp-content\/uploads\/2018\/12\/teens_01_teaser-300x98.jpg 300w, https:\/\/djk-dom-minden.de\/teens\/wp-content\/uploads\/2018\/12\/teens_01_teaser-1024x333.jpg 1024w, https:\/\/djk-dom-minden.de\/teens\/wp-content\/uploads\/2018\/12\/teens_01_teaser-150x150.jpg 150w, https:\/\/djk-dom-minden.de\/teens\/wp-content\/uploads\/2018\/12\/teens_01_teaser-768x250.jpg 768w, https:\/\/djk-dom-minden.de\/teens\/wp-content\/uploads\/2018\/12\/teens_01_teaser-1536x499.jpg 1536w, https:\/\/djk-dom-minden.de\/teens\/wp-content\/uploads\/2018\/12\/teens_01_teaser-1200x390.jpg 1200w, https:\/\/djk-dom-minden.de\/teens\/wp-content\/uploads\/2018\/12\/teens_01_teaser-1100x358.jpg 1100w, https:\/\/djk-dom-minden.de\/teens\/wp-content\/uploads\/2018\/12\/teens_01_teaser-1000x325.jpg 1000w, https:\/\/djk-dom-minden.de\/teens\/wp-content\/uploads\/2018\/12\/teens_01_teaser-900x293.jpg 900w, https:\/\/djk-dom-minden.de\/teens\/wp-content\/uploads\/2018\/12\/teens_01_teaser-800x260.jpg 800w, https:\/\/djk-dom-minden.de\/teens\/wp-content\/uploads\/2018\/12\/teens_01_teaser-700x228.jpg 700w, https:\/\/djk-dom-minden.de\/teens\/wp-content\/uploads\/2018\/12\/teens_01_teaser-600x195.jpg 600w, https:\/\/djk-dom-minden.de\/teens\/wp-content\/uploads\/2018\/12\/teens_01_teaser-500x163.jpg 500w, https:\/\/djk-dom-minden.de\/teens\/wp-content\/uploads\/2018\/12\/teens_01_teaser-400x130.jpg 400w, https:\/\/djk-dom-minden.de\/teens\/wp-content\/uploads\/2018\/12\/teens_01_teaser-300x98.jpg 300w, https:\/\/djk-dom-minden.de\/teens\/wp-content\/uploads\/2018\/12\/teens_01_teaser-200x65.jpg 200w, https:\/\/djk-dom-minden.de\/teens\/wp-content\/uploads\/2018\/12\/teens_01_teaser-100x33.jpg 100w\" data-sizes=\"auto\"\/><a href=\"https:\/\/djk-dom-minden.de\/teens\/news\/teensferien-2016-informationen\" target=\"_self\"><figcaption><div class=\"fig-item\"><span class=\"title\"><h3>Teensferien 2016 Informationen<\/h3><\/span><span class=\"date\"><h5>04.02.2016<\/h5><\/span><\/div><\/figcaption><\/a><\/figure><figure class=\"effect-jazz\"><img data-src=\"https:\/\/djk-dom-minden.de\/teens\/wp-content\/uploads\/2016\/08\/Teensferien-2016_0051-100x56.jpeg\" class=\"lazyload\" data-srcset=\"https:\/\/djk-dom-minden.de\/teens\/wp-content\/uploads\/2016\/08\/Teensferien-2016_0051-300x169.jpeg 300w, https:\/\/djk-dom-minden.de\/teens\/wp-content\/uploads\/2016\/08\/Teensferien-2016_0051-1024x576.jpeg 1024w, https:\/\/djk-dom-minden.de\/teens\/wp-content\/uploads\/2016\/08\/Teensferien-2016_0051-150x150.jpeg 150w, https:\/\/djk-dom-minden.de\/teens\/wp-content\/uploads\/2016\/08\/Teensferien-2016_0051-768x432.jpeg 768w, https:\/\/djk-dom-minden.de\/teens\/wp-content\/uploads\/2016\/08\/Teensferien-2016_0051-1200x675.jpeg 1200w, https:\/\/djk-dom-minden.de\/teens\/wp-content\/uploads\/2016\/08\/Teensferien-2016_0051-1100x619.jpeg 1100w, https:\/\/djk-dom-minden.de\/teens\/wp-content\/uploads\/2016\/08\/Teensferien-2016_0051-1000x563.jpeg 1000w, https:\/\/djk-dom-minden.de\/teens\/wp-content\/uploads\/2016\/08\/Teensferien-2016_0051-900x506.jpeg 900w, https:\/\/djk-dom-minden.de\/teens\/wp-content\/uploads\/2016\/08\/Teensferien-2016_0051-800x450.jpeg 800w, https:\/\/djk-dom-minden.de\/teens\/wp-content\/uploads\/2016\/08\/Teensferien-2016_0051-700x394.jpeg 700w, https:\/\/djk-dom-minden.de\/teens\/wp-content\/uploads\/2016\/08\/Teensferien-2016_0051-600x338.jpeg 600w, https:\/\/djk-dom-minden.de\/teens\/wp-content\/uploads\/2016\/08\/Teensferien-2016_0051-500x281.jpeg 500w, https:\/\/djk-dom-minden.de\/teens\/wp-content\/uploads\/2016\/08\/Teensferien-2016_0051-400x225.jpeg 400w, https:\/\/djk-dom-minden.de\/teens\/wp-content\/uploads\/2016\/08\/Teensferien-2016_0051-300x169.jpeg 300w, https:\/\/djk-dom-minden.de\/teens\/wp-content\/uploads\/2016\/08\/Teensferien-2016_0051-200x113.jpeg 200w, https:\/\/djk-dom-minden.de\/teens\/wp-content\/uploads\/2016\/08\/Teensferien-2016_0051-100x56.jpeg 100w\" data-sizes=\"auto\"\/><a href=\"https:\/\/djk-dom-minden.de\/teens\/news\/teensferien-2016\" target=\"_self\"><figcaption><div class=\"fig-item\"><span class=\"title\"><h3>Teensferien 2016<\/h3><\/span><span class=\"date\"><h5>17.08.2016<\/h5><\/span><\/div><\/figcaption><\/a><\/figure><figure class=\"effect-jazz\"><img data-src=\"https:\/\/djk-dom-minden.de\/teens\/wp-content\/uploads\/2021\/11\/Mittwoch-oeffnet-der-Weihnachtsmarkt-in-Hannovers-Altstadt_big_teaser_article-100x50.jpg\" class=\"lazyload\" data-srcset=\"https:\/\/djk-dom-minden.de\/teens\/wp-content\/uploads\/2021\/11\/Mittwoch-oeffnet-der-Weihnachtsmarkt-in-Hannovers-Altstadt_big_teaser_article-300x150.jpg 300w, https:\/\/djk-dom-minden.de\/teens\/wp-content\/uploads\/2021\/11\/Mittwoch-oeffnet-der-Weihnachtsmarkt-in-Hannovers-Altstadt_big_teaser_article-150x150.jpg 150w, https:\/\/djk-dom-minden.de\/teens\/wp-content\/uploads\/2021\/11\/Mittwoch-oeffnet-der-Weihnachtsmarkt-in-Hannovers-Altstadt_big_teaser_article-700x350.jpg 700w, https:\/\/djk-dom-minden.de\/teens\/wp-content\/uploads\/2021\/11\/Mittwoch-oeffnet-der-Weihnachtsmarkt-in-Hannovers-Altstadt_big_teaser_article-600x300.jpg 600w, https:\/\/djk-dom-minden.de\/teens\/wp-content\/uploads\/2021\/11\/Mittwoch-oeffnet-der-Weihnachtsmarkt-in-Hannovers-Altstadt_big_teaser_article-500x250.jpg 500w, https:\/\/djk-dom-minden.de\/teens\/wp-content\/uploads\/2021\/11\/Mittwoch-oeffnet-der-Weihnachtsmarkt-in-Hannovers-Altstadt_big_teaser_article-400x200.jpg 400w, https:\/\/djk-dom-minden.de\/teens\/wp-content\/uploads\/2021\/11\/Mittwoch-oeffnet-der-Weihnachtsmarkt-in-Hannovers-Altstadt_big_teaser_article-300x150.jpg 300w, https:\/\/djk-dom-minden.de\/teens\/wp-content\/uploads\/2021\/11\/Mittwoch-oeffnet-der-Weihnachtsmarkt-in-Hannovers-Altstadt_big_teaser_article-200x100.jpg 200w, https:\/\/djk-dom-minden.de\/teens\/wp-content\/uploads\/2021\/11\/Mittwoch-oeffnet-der-Weihnachtsmarkt-in-Hannovers-Altstadt_big_teaser_article-100x50.jpg 100w\" data-sizes=\"auto\"\/><a href=\"https:\/\/djk-dom-minden.de\/teens\/news\/teens-aktion-weihnachtsmarkt-hannover\" target=\"_self\"><figcaption><div class=\"fig-item\"><span class=\"title\"><h3>Teens-Aktion Weihnachtsmarkt Hannover...<\/h3><\/span><span class=\"date\"><h5>30.11.2021<\/h5><\/span><\/div><\/figcaption><\/a><\/figure><figure class=\"effect-jazz\"><img data-src=\"https:\/\/djk-dom-minden.de\/teens\/wp-content\/uploads\/2017\/07\/teens-aktion-2017-wasserski_01-100x75.jpg\" class=\"lazyload\" data-srcset=\"https:\/\/djk-dom-minden.de\/teens\/wp-content\/uploads\/2017\/07\/teens-aktion-2017-wasserski_01-300x225.jpg 300w, https:\/\/djk-dom-minden.de\/teens\/wp-content\/uploads\/2017\/07\/teens-aktion-2017-wasserski_01-150x150.jpg 150w, https:\/\/djk-dom-minden.de\/teens\/wp-content\/uploads\/2017\/07\/teens-aktion-2017-wasserski_01-600x450.jpg 600w, https:\/\/djk-dom-minden.de\/teens\/wp-content\/uploads\/2017\/07\/teens-aktion-2017-wasserski_01-500x375.jpg 500w, https:\/\/djk-dom-minden.de\/teens\/wp-content\/uploads\/2017\/07\/teens-aktion-2017-wasserski_01-400x300.jpg 400w, https:\/\/djk-dom-minden.de\/teens\/wp-content\/uploads\/2017\/07\/teens-aktion-2017-wasserski_01-300x225.jpg 300w, https:\/\/djk-dom-minden.de\/teens\/wp-content\/uploads\/2017\/07\/teens-aktion-2017-wasserski_01-200x150.jpg 200w, https:\/\/djk-dom-minden.de\/teens\/wp-content\/uploads\/2017\/07\/teens-aktion-2017-wasserski_01-100x75.jpg 100w\" data-sizes=\"auto\"\/><a href=\"https:\/\/djk-dom-minden.de\/teens\/news\/teens-aktion-wasserski-2017\" target=\"_self\"><figcaption><div class=\"fig-item\"><span class=\"title\"><h3>Teens \u2013 Aktion \u201cWasserski\u201d...<\/h3><\/span><span class=\"date\"><h5>03.07.2017<\/h5><\/span><\/div><\/figcaption><\/a><\/figure><figure class=\"effect-jazz\"><img data-src=\"https:\/\/djk-dom-minden.de\/teens\/wp-content\/uploads\/2016\/02\/teens_teaser-100x33.jpg\" class=\"lazyload\" data-srcset=\"https:\/\/djk-dom-minden.de\/teens\/wp-content\/uploads\/2016\/02\/teens_teaser-300x98.jpg 300w, https:\/\/djk-dom-minden.de\/teens\/wp-content\/uploads\/2016\/02\/teens_teaser-1024x333.jpg 1024w, https:\/\/djk-dom-minden.de\/teens\/wp-content\/uploads\/2016\/02\/teens_teaser-150x150.jpg 150w, https:\/\/djk-dom-minden.de\/teens\/wp-content\/uploads\/2016\/02\/teens_teaser-768x250.jpg 768w, https:\/\/djk-dom-minden.de\/teens\/wp-content\/uploads\/2016\/02\/teens_teaser-1536x499.jpg 1536w, https:\/\/djk-dom-minden.de\/teens\/wp-content\/uploads\/2016\/02\/teens_teaser-1200x390.jpg 1200w, https:\/\/djk-dom-minden.de\/teens\/wp-content\/uploads\/2016\/02\/teens_teaser-1100x358.jpg 1100w, https:\/\/djk-dom-minden.de\/teens\/wp-content\/uploads\/2016\/02\/teens_teaser-1000x325.jpg 1000w, https:\/\/djk-dom-minden.de\/teens\/wp-content\/uploads\/2016\/02\/teens_teaser-900x293.jpg 900w, https:\/\/djk-dom-minden.de\/teens\/wp-content\/uploads\/2016\/02\/teens_teaser-800x260.jpg 800w, https:\/\/djk-dom-minden.de\/teens\/wp-content\/uploads\/2016\/02\/teens_teaser-700x228.jpg 700w, https:\/\/djk-dom-minden.de\/teens\/wp-content\/uploads\/2016\/02\/teens_teaser-600x195.jpg 600w, https:\/\/djk-dom-minden.de\/teens\/wp-content\/uploads\/2016\/02\/teens_teaser-500x163.jpg 500w, https:\/\/djk-dom-minden.de\/teens\/wp-content\/uploads\/2016\/02\/teens_teaser-400x130.jpg 400w, https:\/\/djk-dom-minden.de\/teens\/wp-content\/uploads\/2016\/02\/teens_teaser-300x98.jpg 300w, https:\/\/djk-dom-minden.de\/teens\/wp-content\/uploads\/2016\/02\/teens_teaser-200x65.jpg 200w, https:\/\/djk-dom-minden.de\/teens\/wp-content\/uploads\/2016\/02\/teens_teaser-100x33.jpg 100w\" data-sizes=\"auto\"\/><a href=\"https:\/\/djk-dom-minden.de\/teens\/news\/teens-aktion-wasserski-2017-informationen\" target=\"_self\"><figcaption><div class=\"fig-item\"><span class=\"title\"><h3>Teens \u2013 Aktion  \u201cWasserski\u201d...<\/h3><\/span><span class=\"date\"><h5>20.05.2017<\/h5><\/span><\/div><\/figcaption><\/a><\/figure><figure class=\"effect-jazz\"><img data-src=\"https:\/\/djk-dom-minden.de\/teens\/wp-content\/uploads\/2018\/12\/teens_01_teaser-100x33.jpg\" class=\"lazyload\" data-srcset=\"https:\/\/djk-dom-minden.de\/teens\/wp-content\/uploads\/2018\/12\/teens_01_teaser-300x98.jpg 300w, https:\/\/djk-dom-minden.de\/teens\/wp-content\/uploads\/2018\/12\/teens_01_teaser-1024x333.jpg 1024w, https:\/\/djk-dom-minden.de\/teens\/wp-content\/uploads\/2018\/12\/teens_01_teaser-150x150.jpg 150w, https:\/\/djk-dom-minden.de\/teens\/wp-content\/uploads\/2018\/12\/teens_01_teaser-768x250.jpg 768w, https:\/\/djk-dom-minden.de\/teens\/wp-content\/uploads\/2018\/12\/teens_01_teaser-1536x499.jpg 1536w, https:\/\/djk-dom-minden.de\/teens\/wp-content\/uploads\/2018\/12\/teens_01_teaser-1200x390.jpg 1200w, https:\/\/djk-dom-minden.de\/teens\/wp-content\/uploads\/2018\/12\/teens_01_teaser-1100x358.jpg 1100w, https:\/\/djk-dom-minden.de\/teens\/wp-content\/uploads\/2018\/12\/teens_01_teaser-1000x325.jpg 1000w, https:\/\/djk-dom-minden.de\/teens\/wp-content\/uploads\/2018\/12\/teens_01_teaser-900x293.jpg 900w, https:\/\/djk-dom-minden.de\/teens\/wp-content\/uploads\/2018\/12\/teens_01_teaser-800x260.jpg 800w, https:\/\/djk-dom-minden.de\/teens\/wp-content\/uploads\/2018\/12\/teens_01_teaser-700x228.jpg 700w, https:\/\/djk-dom-minden.de\/teens\/wp-content\/uploads\/2018\/12\/teens_01_teaser-600x195.jpg 600w, https:\/\/djk-dom-minden.de\/teens\/wp-content\/uploads\/2018\/12\/teens_01_teaser-500x163.jpg 500w, https:\/\/djk-dom-minden.de\/teens\/wp-content\/uploads\/2018\/12\/teens_01_teaser-400x130.jpg 400w, https:\/\/djk-dom-minden.de\/teens\/wp-content\/uploads\/2018\/12\/teens_01_teaser-300x98.jpg 300w, https:\/\/djk-dom-minden.de\/teens\/wp-content\/uploads\/2018\/12\/teens_01_teaser-200x65.jpg 200w, https:\/\/djk-dom-minden.de\/teens\/wp-content\/uploads\/2018\/12\/teens_01_teaser-100x33.jpg 100w\" data-sizes=\"auto\"\/><a href=\"https:\/\/djk-dom-minden.de\/teens\/news\/teensferien-2017-informationen\" target=\"_self\"><figcaption><div class=\"fig-item\"><span class=\"title\"><h3>Teensferien 2017 Informationen<\/h3><\/span><span class=\"date\"><h5>30.12.2016<\/h5><\/span><\/div><\/figcaption><\/a><\/figure><figure class=\"effect-jazz\"><img data-src=\"https:\/\/djk-dom-minden.de\/teens\/wp-content\/uploads\/2018\/12\/teens_01_teaser-100x33.jpg\" class=\"lazyload\" data-srcset=\"https:\/\/djk-dom-minden.de\/teens\/wp-content\/uploads\/2018\/12\/teens_01_teaser-300x98.jpg 300w, https:\/\/djk-dom-minden.de\/teens\/wp-content\/uploads\/2018\/12\/teens_01_teaser-1024x333.jpg 1024w, https:\/\/djk-dom-minden.de\/teens\/wp-content\/uploads\/2018\/12\/teens_01_teaser-150x150.jpg 150w, https:\/\/djk-dom-minden.de\/teens\/wp-content\/uploads\/2018\/12\/teens_01_teaser-768x250.jpg 768w, https:\/\/djk-dom-minden.de\/teens\/wp-content\/uploads\/2018\/12\/teens_01_teaser-1536x499.jpg 1536w, https:\/\/djk-dom-minden.de\/teens\/wp-content\/uploads\/2018\/12\/teens_01_teaser-1200x390.jpg 1200w, https:\/\/djk-dom-minden.de\/teens\/wp-content\/uploads\/2018\/12\/teens_01_teaser-1100x358.jpg 1100w, https:\/\/djk-dom-minden.de\/teens\/wp-content\/uploads\/2018\/12\/teens_01_teaser-1000x325.jpg 1000w, https:\/\/djk-dom-minden.de\/teens\/wp-content\/uploads\/2018\/12\/teens_01_teaser-900x293.jpg 900w, https:\/\/djk-dom-minden.de\/teens\/wp-content\/uploads\/2018\/12\/teens_01_teaser-800x260.jpg 800w, https:\/\/djk-dom-minden.de\/teens\/wp-content\/uploads\/2018\/12\/teens_01_teaser-700x228.jpg 700w, https:\/\/djk-dom-minden.de\/teens\/wp-content\/uploads\/2018\/12\/teens_01_teaser-600x195.jpg 600w, https:\/\/djk-dom-minden.de\/teens\/wp-content\/uploads\/2018\/12\/teens_01_teaser-500x163.jpg 500w, https:\/\/djk-dom-minden.de\/teens\/wp-content\/uploads\/2018\/12\/teens_01_teaser-400x130.jpg 400w, https:\/\/djk-dom-minden.de\/teens\/wp-content\/uploads\/2018\/12\/teens_01_teaser-300x98.jpg 300w, https:\/\/djk-dom-minden.de\/teens\/wp-content\/uploads\/2018\/12\/teens_01_teaser-200x65.jpg 200w, https:\/\/djk-dom-minden.de\/teens\/wp-content\/uploads\/2018\/12\/teens_01_teaser-100x33.jpg 100w\" data-sizes=\"auto\"\/><a href=\"https:\/\/djk-dom-minden.de\/teens\/news\/teensferien-2018-informationen\" target=\"_self\"><figcaption><div class=\"fig-item\"><span class=\"title\"><h3>Teensferien 2018 Informationen<\/h3><\/span><span class=\"date\"><h5>01.03.2018<\/h5><\/span><\/div><\/figcaption><\/a><\/figure><figure class=\"effect-jazz\"><img data-src=\"https:\/\/djk-dom-minden.de\/teens\/wp-content\/uploads\/2018\/12\/teens_01_teaser-100x33.jpg\" class=\"lazyload\" data-srcset=\"https:\/\/djk-dom-minden.de\/teens\/wp-content\/uploads\/2018\/12\/teens_01_teaser-300x98.jpg 300w, https:\/\/djk-dom-minden.de\/teens\/wp-content\/uploads\/2018\/12\/teens_01_teaser-1024x333.jpg 1024w, https:\/\/djk-dom-minden.de\/teens\/wp-content\/uploads\/2018\/12\/teens_01_teaser-150x150.jpg 150w, https:\/\/djk-dom-minden.de\/teens\/wp-content\/uploads\/2018\/12\/teens_01_teaser-768x250.jpg 768w, https:\/\/djk-dom-minden.de\/teens\/wp-content\/uploads\/2018\/12\/teens_01_teaser-1536x499.jpg 1536w, https:\/\/djk-dom-minden.de\/teens\/wp-content\/uploads\/2018\/12\/teens_01_teaser-1200x390.jpg 1200w, https:\/\/djk-dom-minden.de\/teens\/wp-content\/uploads\/2018\/12\/teens_01_teaser-1100x358.jpg 1100w, https:\/\/djk-dom-minden.de\/teens\/wp-content\/uploads\/2018\/12\/teens_01_teaser-1000x325.jpg 1000w, https:\/\/djk-dom-minden.de\/teens\/wp-content\/uploads\/2018\/12\/teens_01_teaser-900x293.jpg 900w, https:\/\/djk-dom-minden.de\/teens\/wp-content\/uploads\/2018\/12\/teens_01_teaser-800x260.jpg 800w, https:\/\/djk-dom-minden.de\/teens\/wp-content\/uploads\/2018\/12\/teens_01_teaser-700x228.jpg 700w, https:\/\/djk-dom-minden.de\/teens\/wp-content\/uploads\/2018\/12\/teens_01_teaser-600x195.jpg 600w, https:\/\/djk-dom-minden.de\/teens\/wp-content\/uploads\/2018\/12\/teens_01_teaser-500x163.jpg 500w, https:\/\/djk-dom-minden.de\/teens\/wp-content\/uploads\/2018\/12\/teens_01_teaser-400x130.jpg 400w, https:\/\/djk-dom-minden.de\/teens\/wp-content\/uploads\/2018\/12\/teens_01_teaser-300x98.jpg 300w, https:\/\/djk-dom-minden.de\/teens\/wp-content\/uploads\/2018\/12\/teens_01_teaser-200x65.jpg 200w, https:\/\/djk-dom-minden.de\/teens\/wp-content\/uploads\/2018\/12\/teens_01_teaser-100x33.jpg 100w\" data-sizes=\"auto\"\/><a href=\"https:\/\/djk-dom-minden.de\/teens\/news\/teensferien-2015-informationen\" target=\"_self\"><figcaption><div class=\"fig-item\"><span class=\"title\"><h3>Teensferien 2015 Informationen<\/h3><\/span><span class=\"date\"><h5>01.04.2015<\/h5><\/span><\/div><\/figcaption><\/a><\/figure><figure class=\"effect-jazz\"><img data-src=\"https:\/\/djk-dom-minden.de\/teens\/wp-content\/uploads\/2016\/02\/teens_teaser-100x33.jpg\" class=\"lazyload\" data-srcset=\"https:\/\/djk-dom-minden.de\/teens\/wp-content\/uploads\/2016\/02\/teens_teaser-300x98.jpg 300w, https:\/\/djk-dom-minden.de\/teens\/wp-content\/uploads\/2016\/02\/teens_teaser-1024x333.jpg 1024w, https:\/\/djk-dom-minden.de\/teens\/wp-content\/uploads\/2016\/02\/teens_teaser-150x150.jpg 150w, https:\/\/djk-dom-minden.de\/teens\/wp-content\/uploads\/2016\/02\/teens_teaser-768x250.jpg 768w, https:\/\/djk-dom-minden.de\/teens\/wp-content\/uploads\/2016\/02\/teens_teaser-1536x499.jpg 1536w, https:\/\/djk-dom-minden.de\/teens\/wp-content\/uploads\/2016\/02\/teens_teaser-1200x390.jpg 1200w, https:\/\/djk-dom-minden.de\/teens\/wp-content\/uploads\/2016\/02\/teens_teaser-1100x358.jpg 1100w, https:\/\/djk-dom-minden.de\/teens\/wp-content\/uploads\/2016\/02\/teens_teaser-1000x325.jpg 1000w, https:\/\/djk-dom-minden.de\/teens\/wp-content\/uploads\/2016\/02\/teens_teaser-900x293.jpg 900w, https:\/\/djk-dom-minden.de\/teens\/wp-content\/uploads\/2016\/02\/teens_teaser-800x260.jpg 800w, https:\/\/djk-dom-minden.de\/teens\/wp-content\/uploads\/2016\/02\/teens_teaser-700x228.jpg 700w, https:\/\/djk-dom-minden.de\/teens\/wp-content\/uploads\/2016\/02\/teens_teaser-600x195.jpg 600w, https:\/\/djk-dom-minden.de\/teens\/wp-content\/uploads\/2016\/02\/teens_teaser-500x163.jpg 500w, https:\/\/djk-dom-minden.de\/teens\/wp-content\/uploads\/2016\/02\/teens_teaser-400x130.jpg 400w, https:\/\/djk-dom-minden.de\/teens\/wp-content\/uploads\/2016\/02\/teens_teaser-300x98.jpg 300w, https:\/\/djk-dom-minden.de\/teens\/wp-content\/uploads\/2016\/02\/teens_teaser-200x65.jpg 200w, https:\/\/djk-dom-minden.de\/teens\/wp-content\/uploads\/2016\/02\/teens_teaser-100x33.jpg 100w\" data-sizes=\"auto\"\/><a href=\"https:\/\/djk-dom-minden.de\/teens\/news\/teens-aktion-superfly-2019-information\" target=\"_self\"><figcaption><div class=\"fig-item\"><span class=\"title\"><h3>Teens \u2013 Aktion  \u201cSuperfly\u201d...<\/h3><\/span><span class=\"date\"><h5>24.12.2018<\/h5><\/span><\/div><\/figcaption><\/a><\/figure><figure class=\"effect-jazz\"><img data-src=\"https:\/\/djk-dom-minden.de\/teens\/wp-content\/uploads\/2016\/02\/teens_teaser-100x33.jpg\" class=\"lazyload\" data-srcset=\"https:\/\/djk-dom-minden.de\/teens\/wp-content\/uploads\/2016\/02\/teens_teaser-300x98.jpg 300w, https:\/\/djk-dom-minden.de\/teens\/wp-content\/uploads\/2016\/02\/teens_teaser-1024x333.jpg 1024w, https:\/\/djk-dom-minden.de\/teens\/wp-content\/uploads\/2016\/02\/teens_teaser-150x150.jpg 150w, https:\/\/djk-dom-minden.de\/teens\/wp-content\/uploads\/2016\/02\/teens_teaser-768x250.jpg 768w, https:\/\/djk-dom-minden.de\/teens\/wp-content\/uploads\/2016\/02\/teens_teaser-1536x499.jpg 1536w, https:\/\/djk-dom-minden.de\/teens\/wp-content\/uploads\/2016\/02\/teens_teaser-1200x390.jpg 1200w, https:\/\/djk-dom-minden.de\/teens\/wp-content\/uploads\/2016\/02\/teens_teaser-1100x358.jpg 1100w, https:\/\/djk-dom-minden.de\/teens\/wp-content\/uploads\/2016\/02\/teens_teaser-1000x325.jpg 1000w, https:\/\/djk-dom-minden.de\/teens\/wp-content\/uploads\/2016\/02\/teens_teaser-900x293.jpg 900w, https:\/\/djk-dom-minden.de\/teens\/wp-content\/uploads\/2016\/02\/teens_teaser-800x260.jpg 800w, https:\/\/djk-dom-minden.de\/teens\/wp-content\/uploads\/2016\/02\/teens_teaser-700x228.jpg 700w, https:\/\/djk-dom-minden.de\/teens\/wp-content\/uploads\/2016\/02\/teens_teaser-600x195.jpg 600w, https:\/\/djk-dom-minden.de\/teens\/wp-content\/uploads\/2016\/02\/teens_teaser-500x163.jpg 500w, https:\/\/djk-dom-minden.de\/teens\/wp-content\/uploads\/2016\/02\/teens_teaser-400x130.jpg 400w, https:\/\/djk-dom-minden.de\/teens\/wp-content\/uploads\/2016\/02\/teens_teaser-300x98.jpg 300w, https:\/\/djk-dom-minden.de\/teens\/wp-content\/uploads\/2016\/02\/teens_teaser-200x65.jpg 200w, https:\/\/djk-dom-minden.de\/teens\/wp-content\/uploads\/2016\/02\/teens_teaser-100x33.jpg 100w\" data-sizes=\"auto\"\/><a href=\"https:\/\/djk-dom-minden.de\/teens\/news\/teens-aktion-escape-2019-informationen\" target=\"_self\"><figcaption><div class=\"fig-item\"><span class=\"title\"><h3>Teens \u2013 Aktion \u201cEscape\u201d 2019...<\/h3><\/span><span class=\"date\"><h5>15.10.2019<\/h5><\/span><\/div><\/figcaption><\/a><\/figure><figure class=\"effect-jazz\"><img data-src=\"https:\/\/djk-dom-minden.de\/teens\/wp-content\/uploads\/2018\/12\/teens_01_teaser-100x33.jpg\" class=\"lazyload\" data-srcset=\"https:\/\/djk-dom-minden.de\/teens\/wp-content\/uploads\/2018\/12\/teens_01_teaser-300x98.jpg 300w, https:\/\/djk-dom-minden.de\/teens\/wp-content\/uploads\/2018\/12\/teens_01_teaser-1024x333.jpg 1024w, https:\/\/djk-dom-minden.de\/teens\/wp-content\/uploads\/2018\/12\/teens_01_teaser-150x150.jpg 150w, https:\/\/djk-dom-minden.de\/teens\/wp-content\/uploads\/2018\/12\/teens_01_teaser-768x250.jpg 768w, https:\/\/djk-dom-minden.de\/teens\/wp-content\/uploads\/2018\/12\/teens_01_teaser-1536x499.jpg 1536w, https:\/\/djk-dom-minden.de\/teens\/wp-content\/uploads\/2018\/12\/teens_01_teaser-1200x390.jpg 1200w, https:\/\/djk-dom-minden.de\/teens\/wp-content\/uploads\/2018\/12\/teens_01_teaser-1100x358.jpg 1100w, https:\/\/djk-dom-minden.de\/teens\/wp-content\/uploads\/2018\/12\/teens_01_teaser-1000x325.jpg 1000w, https:\/\/djk-dom-minden.de\/teens\/wp-content\/uploads\/2018\/12\/teens_01_teaser-900x293.jpg 900w, https:\/\/djk-dom-minden.de\/teens\/wp-content\/uploads\/2018\/12\/teens_01_teaser-800x260.jpg 800w, https:\/\/djk-dom-minden.de\/teens\/wp-content\/uploads\/2018\/12\/teens_01_teaser-700x228.jpg 700w, https:\/\/djk-dom-minden.de\/teens\/wp-content\/uploads\/2018\/12\/teens_01_teaser-600x195.jpg 600w, https:\/\/djk-dom-minden.de\/teens\/wp-content\/uploads\/2018\/12\/teens_01_teaser-500x163.jpg 500w, https:\/\/djk-dom-minden.de\/teens\/wp-content\/uploads\/2018\/12\/teens_01_teaser-400x130.jpg 400w, https:\/\/djk-dom-minden.de\/teens\/wp-content\/uploads\/2018\/12\/teens_01_teaser-300x98.jpg 300w, https:\/\/djk-dom-minden.de\/teens\/wp-content\/uploads\/2018\/12\/teens_01_teaser-200x65.jpg 200w, https:\/\/djk-dom-minden.de\/teens\/wp-content\/uploads\/2018\/12\/teens_01_teaser-100x33.jpg 100w\" data-sizes=\"auto\"\/><a href=\"https:\/\/djk-dom-minden.de\/teens\/news\/teensferien-2019-informationen\" target=\"_self\"><figcaption><div class=\"fig-item\"><span class=\"title\"><h3>Teensferien 2019 Informationen<\/h3><\/span><span class=\"date\"><h5>24.12.2018<\/h5><\/span><\/div><\/figcaption><\/a><\/figure><figure class=\"effect-jazz\"><img data-src=\"https:\/\/djk-dom-minden.de\/teens\/wp-content\/uploads\/2016\/02\/teens_teaser-100x33.jpg\" class=\"lazyload\" data-srcset=\"https:\/\/djk-dom-minden.de\/teens\/wp-content\/uploads\/2016\/02\/teens_teaser-300x98.jpg 300w, https:\/\/djk-dom-minden.de\/teens\/wp-content\/uploads\/2016\/02\/teens_teaser-1024x333.jpg 1024w, https:\/\/djk-dom-minden.de\/teens\/wp-content\/uploads\/2016\/02\/teens_teaser-150x150.jpg 150w, https:\/\/djk-dom-minden.de\/teens\/wp-content\/uploads\/2016\/02\/teens_teaser-768x250.jpg 768w, https:\/\/djk-dom-minden.de\/teens\/wp-content\/uploads\/2016\/02\/teens_teaser-1536x499.jpg 1536w, https:\/\/djk-dom-minden.de\/teens\/wp-content\/uploads\/2016\/02\/teens_teaser-1200x390.jpg 1200w, https:\/\/djk-dom-minden.de\/teens\/wp-content\/uploads\/2016\/02\/teens_teaser-1100x358.jpg 1100w, https:\/\/djk-dom-minden.de\/teens\/wp-content\/uploads\/2016\/02\/teens_teaser-1000x325.jpg 1000w, https:\/\/djk-dom-minden.de\/teens\/wp-content\/uploads\/2016\/02\/teens_teaser-900x293.jpg 900w, https:\/\/djk-dom-minden.de\/teens\/wp-content\/uploads\/2016\/02\/teens_teaser-800x260.jpg 800w, https:\/\/djk-dom-minden.de\/teens\/wp-content\/uploads\/2016\/02\/teens_teaser-700x228.jpg 700w, https:\/\/djk-dom-minden.de\/teens\/wp-content\/uploads\/2016\/02\/teens_teaser-600x195.jpg 600w, https:\/\/djk-dom-minden.de\/teens\/wp-content\/uploads\/2016\/02\/teens_teaser-500x163.jpg 500w, https:\/\/djk-dom-minden.de\/teens\/wp-content\/uploads\/2016\/02\/teens_teaser-400x130.jpg 400w, https:\/\/djk-dom-minden.de\/teens\/wp-content\/uploads\/2016\/02\/teens_teaser-300x98.jpg 300w, https:\/\/djk-dom-minden.de\/teens\/wp-content\/uploads\/2016\/02\/teens_teaser-200x65.jpg 200w, https:\/\/djk-dom-minden.de\/teens\/wp-content\/uploads\/2016\/02\/teens_teaser-100x33.jpg 100w\" data-sizes=\"auto\"\/><a href=\"https:\/\/djk-dom-minden.de\/teens\/news\/teens-aktion-h2o-herford-2017-informationen\" target=\"_self\"><figcaption><div class=\"fig-item\"><span class=\"title\"><h3>Teens \u2013 Aktion \u201cH2O Herford\u201d...<\/h3><\/span><span class=\"date\"><h5>09.03.2017<\/h5><\/span><\/div><\/figcaption><\/a><\/figure><figure class=\"effect-jazz\"><img data-src=\"https:\/\/djk-dom-minden.de\/teens\/wp-content\/uploads\/2016\/02\/teens_teaser-100x33.jpg\" class=\"lazyload\" data-srcset=\"https:\/\/djk-dom-minden.de\/teens\/wp-content\/uploads\/2016\/02\/teens_teaser-300x98.jpg 300w, https:\/\/djk-dom-minden.de\/teens\/wp-content\/uploads\/2016\/02\/teens_teaser-1024x333.jpg 1024w, https:\/\/djk-dom-minden.de\/teens\/wp-content\/uploads\/2016\/02\/teens_teaser-150x150.jpg 150w, https:\/\/djk-dom-minden.de\/teens\/wp-content\/uploads\/2016\/02\/teens_teaser-768x250.jpg 768w, https:\/\/djk-dom-minden.de\/teens\/wp-content\/uploads\/2016\/02\/teens_teaser-1536x499.jpg 1536w, https:\/\/djk-dom-minden.de\/teens\/wp-content\/uploads\/2016\/02\/teens_teaser-1200x390.jpg 1200w, https:\/\/djk-dom-minden.de\/teens\/wp-content\/uploads\/2016\/02\/teens_teaser-1100x358.jpg 1100w, https:\/\/djk-dom-minden.de\/teens\/wp-content\/uploads\/2016\/02\/teens_teaser-1000x325.jpg 1000w, https:\/\/djk-dom-minden.de\/teens\/wp-content\/uploads\/2016\/02\/teens_teaser-900x293.jpg 900w, https:\/\/djk-dom-minden.de\/teens\/wp-content\/uploads\/2016\/02\/teens_teaser-800x260.jpg 800w, https:\/\/djk-dom-minden.de\/teens\/wp-content\/uploads\/2016\/02\/teens_teaser-700x228.jpg 700w, https:\/\/djk-dom-minden.de\/teens\/wp-content\/uploads\/2016\/02\/teens_teaser-600x195.jpg 600w, https:\/\/djk-dom-minden.de\/teens\/wp-content\/uploads\/2016\/02\/teens_teaser-500x163.jpg 500w, https:\/\/djk-dom-minden.de\/teens\/wp-content\/uploads\/2016\/02\/teens_teaser-400x130.jpg 400w, https:\/\/djk-dom-minden.de\/teens\/wp-content\/uploads\/2016\/02\/teens_teaser-300x98.jpg 300w, https:\/\/djk-dom-minden.de\/teens\/wp-content\/uploads\/2016\/02\/teens_teaser-200x65.jpg 200w, https:\/\/djk-dom-minden.de\/teens\/wp-content\/uploads\/2016\/02\/teens_teaser-100x33.jpg 100w\" data-sizes=\"auto\"\/><a href=\"https:\/\/djk-dom-minden.de\/teens\/news\/teens-aktion-weihnachtsmarkt-2018-informationen\" target=\"_self\"><figcaption><div class=\"fig-item\"><span class=\"title\"><h3>Teens \u2013 Aktion  \u201cWeihnachtsmarkt\u201d...<\/h3><\/span><span class=\"date\"><h5>30.09.2018<\/h5><\/span><\/div><\/figcaption><\/a><\/figure><figure class=\"effect-jazz\"><img data-src=\"https:\/\/djk-dom-minden.de\/teens\/wp-content\/uploads\/2020\/09\/Teensferien-2015-06-100x56.jpeg\" class=\"lazyload\" data-srcset=\"https:\/\/djk-dom-minden.de\/teens\/wp-content\/uploads\/2020\/09\/Teensferien-2015-06-300x169.jpeg 300w, https:\/\/djk-dom-minden.de\/teens\/wp-content\/uploads\/2020\/09\/Teensferien-2015-06-150x150.jpeg 150w, https:\/\/djk-dom-minden.de\/teens\/wp-content\/uploads\/2020\/09\/Teensferien-2015-06-600x338.jpeg 600w, https:\/\/djk-dom-minden.de\/teens\/wp-content\/uploads\/2020\/09\/Teensferien-2015-06-500x281.jpeg 500w, https:\/\/djk-dom-minden.de\/teens\/wp-content\/uploads\/2020\/09\/Teensferien-2015-06-400x225.jpeg 400w, https:\/\/djk-dom-minden.de\/teens\/wp-content\/uploads\/2020\/09\/Teensferien-2015-06-300x169.jpeg 300w, https:\/\/djk-dom-minden.de\/teens\/wp-content\/uploads\/2020\/09\/Teensferien-2015-06-200x113.jpeg 200w, https:\/\/djk-dom-minden.de\/teens\/wp-content\/uploads\/2020\/09\/Teensferien-2015-06-100x56.jpeg 100w\" data-sizes=\"auto\"\/><a href=\"https:\/\/djk-dom-minden.de\/teens\/news\/teensferien-2015\" target=\"_self\"><figcaption><div class=\"fig-item\"><span class=\"title\"><h3>Teensferien 2015<\/h3><\/span><span class=\"date\"><h5>25.08.2015<\/h5><\/span><\/div><\/figcaption><\/a><\/figure><figure class=\"effect-jazz\"><img data-src=\"https:\/\/djk-dom-minden.de\/teens\/wp-content\/uploads\/2016\/02\/teens_teaser-100x33.jpg\" class=\"lazyload\" data-srcset=\"https:\/\/djk-dom-minden.de\/teens\/wp-content\/uploads\/2016\/02\/teens_teaser-300x98.jpg 300w, https:\/\/djk-dom-minden.de\/teens\/wp-content\/uploads\/2016\/02\/teens_teaser-1024x333.jpg 1024w, https:\/\/djk-dom-minden.de\/teens\/wp-content\/uploads\/2016\/02\/teens_teaser-150x150.jpg 150w, https:\/\/djk-dom-minden.de\/teens\/wp-content\/uploads\/2016\/02\/teens_teaser-768x250.jpg 768w, https:\/\/djk-dom-minden.de\/teens\/wp-content\/uploads\/2016\/02\/teens_teaser-1536x499.jpg 1536w, https:\/\/djk-dom-minden.de\/teens\/wp-content\/uploads\/2016\/02\/teens_teaser-1200x390.jpg 1200w, https:\/\/djk-dom-minden.de\/teens\/wp-content\/uploads\/2016\/02\/teens_teaser-1100x358.jpg 1100w, https:\/\/djk-dom-minden.de\/teens\/wp-content\/uploads\/2016\/02\/teens_teaser-1000x325.jpg 1000w, https:\/\/djk-dom-minden.de\/teens\/wp-content\/uploads\/2016\/02\/teens_teaser-900x293.jpg 900w, https:\/\/djk-dom-minden.de\/teens\/wp-content\/uploads\/2016\/02\/teens_teaser-800x260.jpg 800w, https:\/\/djk-dom-minden.de\/teens\/wp-content\/uploads\/2016\/02\/teens_teaser-700x228.jpg 700w, https:\/\/djk-dom-minden.de\/teens\/wp-content\/uploads\/2016\/02\/teens_teaser-600x195.jpg 600w, https:\/\/djk-dom-minden.de\/teens\/wp-content\/uploads\/2016\/02\/teens_teaser-500x163.jpg 500w, https:\/\/djk-dom-minden.de\/teens\/wp-content\/uploads\/2016\/02\/teens_teaser-400x130.jpg 400w, https:\/\/djk-dom-minden.de\/teens\/wp-content\/uploads\/2016\/02\/teens_teaser-300x98.jpg 300w, https:\/\/djk-dom-minden.de\/teens\/wp-content\/uploads\/2016\/02\/teens_teaser-200x65.jpg 200w, https:\/\/djk-dom-minden.de\/teens\/wp-content\/uploads\/2016\/02\/teens_teaser-100x33.jpg 100w\" data-sizes=\"auto\"\/><a href=\"https:\/\/djk-dom-minden.de\/teens\/news\/teens-aktion-lasertag-2019-informationen\" target=\"_self\"><figcaption><div class=\"fig-item\"><span class=\"title\"><h3>Teens \u2013 Aktion  \u201cLasertag\u201d...<\/h3><\/span><span class=\"date\"><h5>30.04.2019<\/h5><\/span><\/div><\/figcaption><\/a><\/figure><figure class=\"effect-jazz\"><img data-src=\"https:\/\/djk-dom-minden.de\/teens\/wp-content\/uploads\/2016\/02\/teens_teaser-100x33.jpg\" class=\"lazyload\" data-srcset=\"https:\/\/djk-dom-minden.de\/teens\/wp-content\/uploads\/2016\/02\/teens_teaser-300x98.jpg 300w, https:\/\/djk-dom-minden.de\/teens\/wp-content\/uploads\/2016\/02\/teens_teaser-1024x333.jpg 1024w, https:\/\/djk-dom-minden.de\/teens\/wp-content\/uploads\/2016\/02\/teens_teaser-150x150.jpg 150w, https:\/\/djk-dom-minden.de\/teens\/wp-content\/uploads\/2016\/02\/teens_teaser-768x250.jpg 768w, https:\/\/djk-dom-minden.de\/teens\/wp-content\/uploads\/2016\/02\/teens_teaser-1536x499.jpg 1536w, https:\/\/djk-dom-minden.de\/teens\/wp-content\/uploads\/2016\/02\/teens_teaser-1200x390.jpg 1200w, https:\/\/djk-dom-minden.de\/teens\/wp-content\/uploads\/2016\/02\/teens_teaser-1100x358.jpg 1100w, https:\/\/djk-dom-minden.de\/teens\/wp-content\/uploads\/2016\/02\/teens_teaser-1000x325.jpg 1000w, https:\/\/djk-dom-minden.de\/teens\/wp-content\/uploads\/2016\/02\/teens_teaser-900x293.jpg 900w, https:\/\/djk-dom-minden.de\/teens\/wp-content\/uploads\/2016\/02\/teens_teaser-800x260.jpg 800w, https:\/\/djk-dom-minden.de\/teens\/wp-content\/uploads\/2016\/02\/teens_teaser-700x228.jpg 700w, https:\/\/djk-dom-minden.de\/teens\/wp-content\/uploads\/2016\/02\/teens_teaser-600x195.jpg 600w, https:\/\/djk-dom-minden.de\/teens\/wp-content\/uploads\/2016\/02\/teens_teaser-500x163.jpg 500w, https:\/\/djk-dom-minden.de\/teens\/wp-content\/uploads\/2016\/02\/teens_teaser-400x130.jpg 400w, https:\/\/djk-dom-minden.de\/teens\/wp-content\/uploads\/2016\/02\/teens_teaser-300x98.jpg 300w, https:\/\/djk-dom-minden.de\/teens\/wp-content\/uploads\/2016\/02\/teens_teaser-200x65.jpg 200w, https:\/\/djk-dom-minden.de\/teens\/wp-content\/uploads\/2016\/02\/teens_teaser-100x33.jpg 100w\" data-sizes=\"auto\"\/><a href=\"https:\/\/djk-dom-minden.de\/teens\/news\/teens-aktion-lasertag-2018-information\" target=\"_self\"><figcaption><div class=\"fig-item\"><span class=\"title\"><h3>Teens \u2013 Aktion  \u201cLasertag\u201d...<\/h3><\/span><span class=\"date\"><h5>22.03.2018<\/h5><\/span><\/div><\/figcaption><\/a><\/figure><figure class=\"effect-jazz\"><img data-src=\"https:\/\/djk-dom-minden.de\/teens\/wp-content\/uploads\/2018\/08\/Teensferien-2018_0106-100x49.jpg\" class=\"lazyload\" data-srcset=\"https:\/\/djk-dom-minden.de\/teens\/wp-content\/uploads\/2018\/08\/Teensferien-2018_0106-300x146.jpg 300w, https:\/\/djk-dom-minden.de\/teens\/wp-content\/uploads\/2018\/08\/Teensferien-2018_0106-150x150.jpg 150w, https:\/\/djk-dom-minden.de\/teens\/wp-content\/uploads\/2018\/08\/Teensferien-2018_0106-400x194.jpg 400w, https:\/\/djk-dom-minden.de\/teens\/wp-content\/uploads\/2018\/08\/Teensferien-2018_0106-300x146.jpg 300w, https:\/\/djk-dom-minden.de\/teens\/wp-content\/uploads\/2018\/08\/Teensferien-2018_0106-200x97.jpg 200w, https:\/\/djk-dom-minden.de\/teens\/wp-content\/uploads\/2018\/08\/Teensferien-2018_0106-100x49.jpg 100w\" data-sizes=\"auto\"\/><a href=\"https:\/\/djk-dom-minden.de\/teens\/news\/teensferien-2018\" target=\"_self\"><figcaption><div class=\"fig-item\"><span class=\"title\"><h3>Teensferien 2018<\/h3><\/span><span class=\"date\"><h5>23.08.2018<\/h5><\/span><\/div><\/figcaption><\/a><\/figure><figure class=\"effect-jazz\"><img data-src=\"https:\/\/djk-dom-minden.de\/teens\/wp-content\/uploads\/2017\/08\/Teensferien-2017_0023-100x56.jpg\" class=\"lazyload\" data-srcset=\"https:\/\/djk-dom-minden.de\/teens\/wp-content\/uploads\/2017\/08\/Teensferien-2017_0023-300x169.jpg 300w, https:\/\/djk-dom-minden.de\/teens\/wp-content\/uploads\/2017\/08\/Teensferien-2017_0023-150x150.jpg 150w, https:\/\/djk-dom-minden.de\/teens\/wp-content\/uploads\/2017\/08\/Teensferien-2017_0023-600x338.jpg 600w, https:\/\/djk-dom-minden.de\/teens\/wp-content\/uploads\/2017\/08\/Teensferien-2017_0023-500x281.jpg 500w, https:\/\/djk-dom-minden.de\/teens\/wp-content\/uploads\/2017\/08\/Teensferien-2017_0023-400x225.jpg 400w, https:\/\/djk-dom-minden.de\/teens\/wp-content\/uploads\/2017\/08\/Teensferien-2017_0023-300x169.jpg 300w, https:\/\/djk-dom-minden.de\/teens\/wp-content\/uploads\/2017\/08\/Teensferien-2017_0023-200x113.jpg 200w, https:\/\/djk-dom-minden.de\/teens\/wp-content\/uploads\/2017\/08\/Teensferien-2017_0023-100x56.jpg 100w\" data-sizes=\"auto\"\/><a href=\"https:\/\/djk-dom-minden.de\/teens\/news\/teensferien-2017\" target=\"_self\"><figcaption><div class=\"fig-item\"><span class=\"title\"><h3>Teensferien 2017<\/h3><\/span><span class=\"date\"><h5>21.08.2017<\/h5><\/span><\/div><\/figcaption><\/a><\/figure><figure class=\"effect-jazz\"><img data-src=\"https:\/\/djk-dom-minden.de\/teens\/wp-content\/uploads\/2019\/08\/Teensferien-2019_0006-100x49.jpg\" class=\"lazyload\" data-srcset=\"https:\/\/djk-dom-minden.de\/teens\/wp-content\/uploads\/2019\/08\/Teensferien-2019_0006-300x146.jpg 300w, https:\/\/djk-dom-minden.de\/teens\/wp-content\/uploads\/2019\/08\/Teensferien-2019_0006-150x150.jpg 150w, https:\/\/djk-dom-minden.de\/teens\/wp-content\/uploads\/2019\/08\/Teensferien-2019_0006-700x340.jpg 700w, https:\/\/djk-dom-minden.de\/teens\/wp-content\/uploads\/2019\/08\/Teensferien-2019_0006-600x291.jpg 600w, https:\/\/djk-dom-minden.de\/teens\/wp-content\/uploads\/2019\/08\/Teensferien-2019_0006-500x243.jpg 500w, https:\/\/djk-dom-minden.de\/teens\/wp-content\/uploads\/2019\/08\/Teensferien-2019_0006-400x194.jpg 400w, https:\/\/djk-dom-minden.de\/teens\/wp-content\/uploads\/2019\/08\/Teensferien-2019_0006-300x146.jpg 300w, https:\/\/djk-dom-minden.de\/teens\/wp-content\/uploads\/2019\/08\/Teensferien-2019_0006-200x97.jpg 200w, https:\/\/djk-dom-minden.de\/teens\/wp-content\/uploads\/2019\/08\/Teensferien-2019_0006-100x49.jpg 100w\" data-sizes=\"auto\"\/><a href=\"https:\/\/djk-dom-minden.de\/teens\/news\/teensferien-2019\" target=\"_self\"><figcaption><div class=\"fig-item\"><span class=\"title\"><h3>Teensferien 2019<\/h3><\/span><span class=\"date\"><h5>09.08.2019<\/h5><\/span><\/div><\/figcaption><\/a><\/figure><figure class=\"effect-jazz\"><img data-src=\"https:\/\/djk-dom-minden.de\/teens\/wp-content\/uploads\/2019\/08\/Teensferien-2019_0007-100x49.jpg\" class=\"lazyload\" data-srcset=\"https:\/\/djk-dom-minden.de\/teens\/wp-content\/uploads\/2019\/08\/Teensferien-2019_0007-300x146.jpg 300w, https:\/\/djk-dom-minden.de\/teens\/wp-content\/uploads\/2019\/08\/Teensferien-2019_0007-150x150.jpg 150w, https:\/\/djk-dom-minden.de\/teens\/wp-content\/uploads\/2019\/08\/Teensferien-2019_0007-700x340.jpg 700w, https:\/\/djk-dom-minden.de\/teens\/wp-content\/uploads\/2019\/08\/Teensferien-2019_0007-600x291.jpg 600w, https:\/\/djk-dom-minden.de\/teens\/wp-content\/uploads\/2019\/08\/Teensferien-2019_0007-500x243.jpg 500w, https:\/\/djk-dom-minden.de\/teens\/wp-content\/uploads\/2019\/08\/Teensferien-2019_0007-400x194.jpg 400w, https:\/\/djk-dom-minden.de\/teens\/wp-content\/uploads\/2019\/08\/Teensferien-2019_0007-300x146.jpg 300w, https:\/\/djk-dom-minden.de\/teens\/wp-content\/uploads\/2019\/08\/Teensferien-2019_0007-200x97.jpg 200w, https:\/\/djk-dom-minden.de\/teens\/wp-content\/uploads\/2019\/08\/Teensferien-2019_0007-100x49.jpg 100w\" data-sizes=\"auto\"\/><a href=\"https:\/\/djk-dom-minden.de\/teens\/news\/kurzfristig-zum-austausch-nach-frankreich\" target=\"_self\"><figcaption><div class=\"fig-item\"><span class=\"title\"><h3>Kurzfristig zum Austausch nach Frankreich...<\/h3><\/span><span class=\"date\"><h5>27.03.2023<\/h5><\/span><\/div><\/figcaption><\/a><\/figure><\/div>\t\t<\/div>\n\t\t\t\t<\/div>\n\t\t\t\t\t<\/div>\n\t\t<\/div>\n\t\t\t\t\t<\/div>\n\t\t<\/section>\n\t\t\t\t<section class=\"elementor-section elementor-top-section elementor-element elementor-element-fef8f01 elementor-section-full_width elementor-section-height-default elementor-section-height-default\" data-id=\"fef8f01\" data-element_type=\"section\">\n\t\t\t\t\t\t<div class=\"elementor-container elementor-column-gap-default\">\n\t\t\t\t\t<div class=\"elementor-column elementor-col-33 elementor-top-column elementor-element elementor-element-e60de61\" data-id=\"e60de61\" data-element_type=\"column\">\n\t\t\t<div class=\"elementor-widget-wrap elementor-element-populated\">\n\t\t\t\t\t\t<div class=\"elementor-element elementor-element-21f60d9 elementor-widget elementor-widget-image\" data-id=\"21f60d9\" data-element_type=\"widget\" data-widget_type=\"image.default\">\n\t\t\t\t<div class=\"elementor-widget-container\">\n\t\t\t\t\t\t\t\t\t\t\t\t\t<img fetchpriority=\"high\" decoding=\"async\" width=\"1024\" height=\"683\" src=\"https:\/\/djk-dom-minden.de\/teens\/wp-content\/uploads\/2020\/10\/DJK_Hands-1-1024x683.jpg\" class=\"attachment-large size-large wp-image-363\" alt=\"\" srcset=\"https:\/\/djk-dom-minden.de\/teens\/wp-content\/uploads\/2020\/10\/DJK_Hands-1-1024x683.jpg 1024w, https:\/\/djk-dom-minden.de\/teens\/wp-content\/uploads\/2020\/10\/DJK_Hands-1-300x200.jpg 300w, https:\/\/djk-dom-minden.de\/teens\/wp-content\/uploads\/2020\/10\/DJK_Hands-1-768x512.jpg 768w, https:\/\/djk-dom-minden.de\/teens\/wp-content\/uploads\/2020\/10\/DJK_Hands-1-1536x1024.jpg 1536w, https:\/\/djk-dom-minden.de\/teens\/wp-content\/uploads\/2020\/10\/DJK_Hands-1-1200x800.jpg 1200w, https:\/\/djk-dom-minden.de\/teens\/wp-content\/uploads\/2020\/10\/DJK_Hands-1-1100x733.jpg 1100w, https:\/\/djk-dom-minden.de\/teens\/wp-content\/uploads\/2020\/10\/DJK_Hands-1-1000x667.jpg 1000w, https:\/\/djk-dom-minden.de\/teens\/wp-content\/uploads\/2020\/10\/DJK_Hands-1-900x600.jpg 900w, https:\/\/djk-dom-minden.de\/teens\/wp-content\/uploads\/2020\/10\/DJK_Hands-1-800x533.jpg 800w, https:\/\/djk-dom-minden.de\/teens\/wp-content\/uploads\/2020\/10\/DJK_Hands-1-700x467.jpg 700w, https:\/\/djk-dom-minden.de\/teens\/wp-content\/uploads\/2020\/10\/DJK_Hands-1-600x400.jpg 600w, https:\/\/djk-dom-minden.de\/teens\/wp-content\/uploads\/2020\/10\/DJK_Hands-1-500x333.jpg 500w, https:\/\/djk-dom-minden.de\/teens\/wp-content\/uploads\/2020\/10\/DJK_Hands-1-400x267.jpg 400w, https:\/\/djk-dom-minden.de\/teens\/wp-content\/uploads\/2020\/10\/DJK_Hands-1-200x133.jpg 200w, https:\/\/djk-dom-minden.de\/teens\/wp-content\/uploads\/2020\/10\/DJK_Hands-1-100x67.jpg 100w, https:\/\/djk-dom-minden.de\/teens\/wp-content\/uploads\/2020\/10\/DJK_Hands-1.jpg 1920w\" sizes=\"(max-width: 1024px) 100vw, 1024px\" \/>\t\t\t\t\t\t\t\t\t\t\t\t\t<\/div>\n\t\t\t\t<\/div>\n\t\t\t\t<div class=\"elementor-element elementor-element-6d1fb1e elementor-widget elementor-widget-heading\" data-id=\"6d1fb1e\" data-element_type=\"widget\" data-widget_type=\"heading.default\">\n\t\t\t\t<div class=\"elementor-widget-container\">\n\t\t\t<h2 class=\"elementor-heading-title elementor-size-default\">Wir bieten mehr als das<\/h2>\t\t<\/div>\n\t\t\t\t<\/div>\n\t\t\t\t<div class=\"elementor-element elementor-element-19e728f elementor-widget elementor-widget-text-editor\" data-id=\"19e728f\" data-element_type=\"widget\" data-widget_type=\"text-editor.default\">\n\t\t\t\t<div class=\"elementor-widget-container\">\n\t\t\t\t\t\t\t<p>Die DJK Dom Minden bietet ein vielseitiges Kursangebot f\u00fcr alle Altersgruppen, z.B. R\u00fcckenschule, Badminton, Fu\u00dfball, American Football, Tanzen, Kinderturnen, Nordic-Walking und vieles mehr. Wir stelle verschiedene R\u00e4umlichkeiten, wie Turnhallen der Stadt, Kegelbahnen und das Haus am Dom zur Verf\u00fcgung. Sie erm\u00f6glicht Gruppenleitern und -leiterinnen die Weiterbildung auf Pfarr-, Dekanats- und Di\u00f6zesanebene sowie in katholischen Sportschulen und Weiterbildungsst\u00e4tten. Sie stellt Sportger\u00e4te, Literatur und Werkmaterial zur Verf\u00fcgung.<\/p>\t\t\t\t\t\t<\/div>\n\t\t\t\t<\/div>\n\t\t\t\t\t<\/div>\n\t\t<\/div>\n\t\t\t\t<div class=\"elementor-column elementor-col-33 elementor-top-column elementor-element elementor-element-14f1e98\" data-id=\"14f1e98\" data-element_type=\"column\">\n\t\t\t<div class=\"elementor-widget-wrap elementor-element-populated\">\n\t\t\t\t\t\t<div class=\"elementor-element elementor-element-7d38bde elementor-widget elementor-widget-image\" data-id=\"7d38bde\" data-element_type=\"widget\" data-widget_type=\"image.default\">\n\t\t\t\t<div class=\"elementor-widget-container\">\n\t\t\t\t\t\t\t\t\t\t\t\t\t<img decoding=\"async\" width=\"1024\" height=\"683\" src=\"https:\/\/djk-dom-minden.de\/teens\/wp-content\/uploads\/2020\/10\/DJK_Kinder_springen-1-1024x683.jpg\" class=\"attachment-large size-large wp-image-364\" alt=\"\" srcset=\"https:\/\/djk-dom-minden.de\/teens\/wp-content\/uploads\/2020\/10\/DJK_Kinder_springen-1-1024x683.jpg 1024w, https:\/\/djk-dom-minden.de\/teens\/wp-content\/uploads\/2020\/10\/DJK_Kinder_springen-1-300x200.jpg 300w, https:\/\/djk-dom-minden.de\/teens\/wp-content\/uploads\/2020\/10\/DJK_Kinder_springen-1-768x512.jpg 768w, https:\/\/djk-dom-minden.de\/teens\/wp-content\/uploads\/2020\/10\/DJK_Kinder_springen-1-1200x800.jpg 1200w, https:\/\/djk-dom-minden.de\/teens\/wp-content\/uploads\/2020\/10\/DJK_Kinder_springen-1-1100x733.jpg 1100w, https:\/\/djk-dom-minden.de\/teens\/wp-content\/uploads\/2020\/10\/DJK_Kinder_springen-1-1000x667.jpg 1000w, https:\/\/djk-dom-minden.de\/teens\/wp-content\/uploads\/2020\/10\/DJK_Kinder_springen-1-900x600.jpg 900w, https:\/\/djk-dom-minden.de\/teens\/wp-content\/uploads\/2020\/10\/DJK_Kinder_springen-1-800x533.jpg 800w, https:\/\/djk-dom-minden.de\/teens\/wp-content\/uploads\/2020\/10\/DJK_Kinder_springen-1-700x467.jpg 700w, https:\/\/djk-dom-minden.de\/teens\/wp-content\/uploads\/2020\/10\/DJK_Kinder_springen-1-600x400.jpg 600w, https:\/\/djk-dom-minden.de\/teens\/wp-content\/uploads\/2020\/10\/DJK_Kinder_springen-1-500x333.jpg 500w, https:\/\/djk-dom-minden.de\/teens\/wp-content\/uploads\/2020\/10\/DJK_Kinder_springen-1-400x267.jpg 400w, https:\/\/djk-dom-minden.de\/teens\/wp-content\/uploads\/2020\/10\/DJK_Kinder_springen-1-200x133.jpg 200w, https:\/\/djk-dom-minden.de\/teens\/wp-content\/uploads\/2020\/10\/DJK_Kinder_springen-1-100x67.jpg 100w, https:\/\/djk-dom-minden.de\/teens\/wp-content\/uploads\/2020\/10\/DJK_Kinder_springen-1.jpg 1440w\" sizes=\"(max-width: 1024px) 100vw, 1024px\" \/>\t\t\t\t\t\t\t\t\t\t\t\t\t<\/div>\n\t\t\t\t<\/div>\n\t\t\t\t<div class=\"elementor-element elementor-element-7e43de9 elementor-widget elementor-widget-heading\" data-id=\"7e43de9\" data-element_type=\"widget\" data-widget_type=\"heading.default\">\n\t\t\t\t<div class=\"elementor-widget-container\">\n\t\t\t<h2 class=\"elementor-heading-title elementor-size-default\">Jugendarbeit ist uns wichtig<\/h2>\t\t<\/div>\n\t\t\t\t<\/div>\n\t\t\t\t<div class=\"elementor-element elementor-element-1394d2a elementor-widget elementor-widget-text-editor\" data-id=\"1394d2a\" data-element_type=\"widget\" data-widget_type=\"text-editor.default\">\n\t\t\t\t<div class=\"elementor-widget-container\">\n\t\t\t\t\t\t\t<p>In der Kinder- und Jugendarbeit wird viel Wert auf drei Gruppen gelegt: die Kids, die Youngsters und die Jugendgruppe. Mit diesen drei Gruppen werden alle Altersklassen abgedeckt. F\u00fcr jeden ist etwas dabei. Einmal im Monat treffen sich die Kinder und Jugendlichen und haben zusammen viel Spa\u00df bei verschiedenen Aktionen. Da die Sch\u00fcler wegen des Ganztags keine Zeit mehr haben, an w\u00f6chentlichen Gruppenstunden teilzunehmen, wurden diese Treffen eingef\u00fchrt.\u00a0<\/p>\t\t\t\t\t\t<\/div>\n\t\t\t\t<\/div>\n\t\t\t\t\t<\/div>\n\t\t<\/div>\n\t\t\t\t<div class=\"elementor-column elementor-col-33 elementor-top-column elementor-element elementor-element-4b9b72a\" data-id=\"4b9b72a\" data-element_type=\"column\">\n\t\t\t<div class=\"elementor-widget-wrap elementor-element-populated\">\n\t\t\t\t\t\t<div class=\"elementor-element elementor-element-8caec89 elementor-widget elementor-widget-image\" data-id=\"8caec89\" data-element_type=\"widget\" data-widget_type=\"image.default\">\n\t\t\t\t<div class=\"elementor-widget-container\">\n\t\t\t\t\t\t\t\t\t\t\t\t\t<img decoding=\"async\" width=\"1024\" height=\"1024\" src=\"https:\/\/djk-dom-minden.de\/teens\/wp-content\/uploads\/2020\/10\/DJK_Logo.svg\" class=\"attachment-large size-large wp-image-365\" alt=\"\" \/>\t\t\t\t\t\t\t\t\t\t\t\t\t<\/div>\n\t\t\t\t<\/div>\n\t\t\t\t<div class=\"elementor-element elementor-element-1b0db08 elementor-widget elementor-widget-heading\" data-id=\"1b0db08\" data-element_type=\"widget\" data-widget_type=\"heading.default\">\n\t\t\t\t<div class=\"elementor-widget-container\">\n\t\t\t<h2 class=\"elementor-heading-title elementor-size-default\">Wer sind wir<\/h2>\t\t<\/div>\n\t\t\t\t<\/div>\n\t\t\t\t<div class=\"elementor-element elementor-element-40f4542 elementor-widget elementor-widget-text-editor\" data-id=\"40f4542\" data-element_type=\"widget\" data-widget_type=\"text-editor.default\">\n\t\t\t\t<div class=\"elementor-widget-container\">\n\t\t\t\t\t\t\t<p>Dank der Unterst\u00fctzung durch unsere zahlreichen Sponsoren k\u00f6nnen wir jedem Vereinsmitglied Leistungen anbieten: Kostenlose Nutzung aller DJK-Gruppen durch geschulte \u00dcbungsleiter. Faire Mitgliedsbeitr\u00e4ge, gegebenenfalls Nachl\u00e4sse bei Notlagen. Verg\u00fcnstigungen bei Veranstaltungen der DJK Dom Minden. Verg\u00fcnstigungen bei Veranstaltungen der Kooperationspartner.<br \/>Aus- und Weiterbildungsm\u00f6glichkeiten. Au\u00dferdem Angebote der Aus\u00fcbung eines freiwilligen sozialen Jahr (FSJ) und Praktika im Verein.<\/p>\t\t\t\t\t\t<\/div>\n\t\t\t\t<\/div>\n\t\t\t\t\t<\/div>\n\t\t<\/div>\n\t\t\t\t\t<\/div>\n\t\t<\/section>\n\t\t\t\t<\/div>\n\t\t","protected":false},"excerpt":{"rendered":"<p>Teensferien 2019 Teens \u2013 Aktion \u201cLasertag\u201d 2019 Informationen Teens-Aktion &#8222;Lasertag&#8220; Teensferien 2015 Teensferien 2015 Informationen Teensferien &#8222;Gestalte dir deinen eigene Ferienplan!&#8220; Teens \u2013 Aktion \u201cEscape\u201d 2019 Informationen Teens-Aktion &#8222;Escape&#8220; Aktuelle News Teensferien 2016&#8230; 17.08.2016 Teens \u2013 Aktion \u201cWasserski\u201d&#8230; 03.07.2017 Teens \u2013 Aktion \u201cWeihnachtsmarkt\u201d&#8230; 30.09.2018 Teensferien 2019&#8230; 09.08.2019 Teensferien 2019 Informationen&#8230; 24.12.2018 Teensferien 2015 Informationen&#8230; 01.04.2015 [&hellip;]<\/p>\n","protected":false},"author":3,"featured_media":0,"parent":0,"menu_order":0,"comment_status":"closed","ping_status":"closed","template":"","meta":{"inline_featured_image":false,"footnotes":""},"class_list":["post-250","page","type-page","status-publish","hentry"],"_links":{"self":[{"href":"https:\/\/djk-dom-minden.de\/teens\/wp-json\/wp\/v2\/pages\/250","targetHints":{"allow":["GET"]}}],"collection":[{"href":"https:\/\/djk-dom-minden.de\/teens\/wp-json\/wp\/v2\/pages"}],"about":[{"href":"https:\/\/djk-dom-minden.de\/teens\/wp-json\/wp\/v2\/types\/page"}],"author":[{"embeddable":true,"href":"https:\/\/djk-dom-minden.de\/teens\/wp-json\/wp\/v2\/users\/3"}],"replies":[{"embeddable":true,"href":"https:\/\/djk-dom-minden.de\/teens\/wp-json\/wp\/v2\/comments?post=250"}],"version-history":[{"count":0,"href":"https:\/\/djk-dom-minden.de\/teens\/wp-json\/wp\/v2\/pages\/250\/revisions"}],"wp:attachment":[{"href":"https:\/\/djk-dom-minden.de\/teens\/wp-json\/wp\/v2\/media?parent=250"}],"curies":[{"name":"wp","href":"https:\/\/api.w.org\/{rel}","templated":true}]}}